{"id":5590,"date":"2024-10-30T08:25:43","date_gmt":"2024-10-30T07:25:43","guid":{"rendered":"https:\/\/sdf.hr\/nada\/bolnica-otvorena-jednakima\/"},"modified":"2024-10-30T08:29:02","modified_gmt":"2024-10-30T07:29:02","slug":"bolnica-otvorena-jednakima","status":"publish","type":"nada","link":"https:\/\/sdf.hr\/hr\/nada\/bolnica-otvorena-jednakima\/","title":{"rendered":"Bolnica otvorena jednakima"},"content":{"rendered":"<p>Od pro\u0161le jeseni, u Klinici za psihijatriju Sveti Ivan u Zagrebu provodi se program za\u0161tite mentalnog zdravlja LGBTQIA+ osoba pod nazivom BOJE \u2013 Bolnica otvorena jednakima. Sastoji se od direktnog rada s korisnicima i edukacije zdravstvenih radnika jer, kako ka\u017ee specijalistica psihijatrije, adiktologinja i \u010dlanica tima BOJA <strong>Jadranka H\u00fcbler<\/strong>, jedno bez drugog ne ide ako se \u017eeli stvoriti inkluzivno i sigurno okru\u017eenje i pru\u017eiti kvalitetnu podr\u0161ku.<\/p>\n<p>Duga koja se posljednjih godinu dana nadvila iznad klinike u zagreba\u010dkom Jankomiru u neku je ruku pionirska. Rije\u010d je o prvom takvom strukturiranom programu podr\u0161ke mentalnom zdravlju LGBTQIA+ osoba u na\u0161em javnozdravstvenom sustavu. Zadnja dva desetlje\u0107a taj su teret uglavnom nosile udruge, a \u010dlanovi BOJA prepoznali su potrebu za podr\u0161kom.<\/p>\n<p>&#8211; Va\u017eno je da ovakva podr\u0161ka postoji upravo unutar javnog zdravstva, jer je privatna psihoterapija skupa stvar i va\u017eno je da postoji ne\u0161to \u0161to se ne pla\u0107a izravno iz vlastitog d\u017eepa i dostupno je svima &#8211; nagla\u0161ava H\u00fcbler.<\/p>\n<p>Osim od tog imperativa, BOJE kre\u0107u i od pretpostavke da mentalno zdravlje nije odvojeno od dru\u0161tva u kojem \u017eivimo.<\/p>\n<p>&#8211; Zdravlje nije samo skupina biolo\u0161kih odrednica. Na njega utje\u010du dru\u0161tvo, socioekonomski sustav i prilike u kojima \u017eivimo &#8211; napominje H\u00fcbler.<\/p>\n<p>Utjecaj dru\u0161tva na mentalno zdravlje pojedinca, u ovom slu\u010daju poja\u0161njava se modelom manjinskog stresa. Zbog no\u0161enja sa diskriminacijom, predrasudama i nasiljem, ka\u017ee H\u00fcbler, kod LGBTQIA+ osoba dolazi do iscrpljivanja prilagodbenih kapaciteta, \u0161to dovodi do pote\u0161ko\u0107a s mentalnim zdravljem: poja\u010dane anksioznosti, depresivnosti, kori\u0161tenja psihoaktivnih stvari, a u kona\u010dnici i suicidalnosti. Iako manjinski stres ne trpe sve LGBTQIA+ osobe jer ne dijele ni ista iskustva, taj model mo\u017ee objasniti kako se dru\u0161tvena stigma uvla\u010di pod ko\u017eu osobe.<\/p>\n<p>Va\u017eno im je da stvore siguran prostor u kojem se osobe mogu otvoriti zdravstvenim djelatnicima, poja\u0161njava \u010dlan tima, specijalizant psihijatrije i akademski slikar <strong>Ivan Barun<\/strong>.<\/p>\n<p>&#8211; Ispitanici iz istra\u017eivanja odgovorili su da gotovo 80 posto zdravstvenih djelatnika nije upoznato s njihovim LGBTQIA+ identitetom. Bez pravih informacija o tome tko si, te\u0161ko je pru\u017eiti adekvatnu pomo\u0107. Ako zna\u0161 da dolazi\u0161 kod LGBTQIA+ <em>friendly <\/em>psihijatra, bit \u0107e ti puno lak\u0161e pri\u010dati o onome \u0161to te stvarno mu\u010di \u2013 govori Barun.<\/p>\n<p>Kroz savjetovali\u0161te i ambulantu za manjinski stres, BOJE su cijele godine otvorene svima koji imaju potrebu za psihosocijalnom podr\u0161kom. Osim toga, vode strukturirane tromjese\u010dne cikluse u koje upisuju grupe od 15 ljudi, a koji se sastoje od psihoedukacije, grupne psihoterapije i grupne art terapije.<\/p>\n<p>&#8211; Kroz psihoedukaciju prolazimo teme poput rodnih i seksualnih identiteta, autanja, autohomofobije, autotransfobije, ali i asertivnosti, srama ili krivnje. Tijekom grupne terapije sudionici mogu podijeliti svoja iskustva s drugima i spoznati da nisu sami, povezati se i dobiti podr\u0161ku. Kona\u010dno, kroz art terapiju se na simboli\u010dki i ekspresivan na\u010din poku\u0161ava dati zna\u010denje tome \u0161to su osobe pro\u017eivjele i podijelile &#8211; obja\u0161njava Barun.<\/p>\n<p>U ovakvom radu grupa u kojoj su stvoreni povjerenje i kohezija predstavlja, ka\u017ee H\u00fcbler, mo\u0107an terapijski alat. Pritom im je va\u017ean koncept cirkularnosti i dijeljenja znanja. Iz iskustava korisnika u\u010di i sam terapijski tim. On okuplja stru\u010dnjake iz razli\u010ditih teorijskih pravaca \u2013 sistemske terapije, art terapije, psihoterapije, psihoanalize, ge\u0161talta i kognitivno-bihevioralne terapije.<\/p>\n<p>&#8211; Poku\u0161avamo biti egalitarni i graditi i njegovati nehijerarhijske odnose i duh unutar cijelog programa &#8211; govori H\u00fcbler.<\/p>\n<p>Njihovi korisnici imaju od 18 do 50-ak godina, a otprilike polovica njih su transrodne ili rodno raznolike osobe. Raznolika je i problematika s kojom dolaze \u2013 s pitanjem vlastitog rodnog identiteta, autohomofobije i autotransfobije, osje\u0107ajem srama ili krivnje, nesigurnosti na radnom mjestu, u \u0161koli ili na fakultetu. Jedan od \u010destih izazova je i autanje unutar obitelji.<\/p>\n<p>&#8211; Tijekom psihoterapijskog rada \u010desto se javlja tema autanja unutar obitelji. Ako su se osobe i autale, to se nerijetko stavlja pod tepih zbog \u010dega se osje\u0107aju nevi\u0111eno i neprihva\u0107eno. To govori o autanju kao dinami\u010dnom i dugoro\u010dnom procesu, ali i o tome da je potrebna kontinuirana podr\u0161ka \u2013 govori Barun.<\/p>\n<p>Iako se pokazalo da autanje ima dobrobit za mentalno zdravlje, bolju kvalitetu \u017eivota i osje\u0107aj samopo\u0161tovanja, napominje H\u00fcbler, poanta je njihovog programa da ih osna\u017ee da mogu odlu\u010diti kada \u0107e se, kako i u kojoj mjeri autati. Odnosno \u2013 da se osje\u0107aju bli\u017ee sebi.<\/p>\n<p>Ve\u0107u potrebu za podr\u0161kom, ka\u017eu, primje\u0107uju kod trans osoba. Osim jakih napada s desnice na njihova prava, i medijski je prostor prepun dezinformacija i sijanja straha. Kod brige za mentalno zdravlje trans osoba, isti\u010de H\u00fcbler, va\u017eno je to da psihoterapija sama po sebi ne mo\u017ee zamijeniti rodno-afirmativnu terapiju &#8211; afirmaciju roda koja se doga\u0111a u procesu tranzicije.<\/p>\n<p>&#8211; Ona je za osobe s rodnom disforijom klju\u010dna da bi mogle \u017eivjeti autenti\u010dno i kvalitetnim \u017eivotima. Psihoterapija je dodatak, podr\u0161ka u tom dugotrajnom i izazovnom procesu &#8211; poja\u0161njava H\u00fcbler.<\/p>\n<p>Sve prisutnija transfobna retorika antirodnih pokreta, isti\u010du na\u0161i sugovornici, osobito je opasna kada dolazi od strane onih koji bi se trebali brinuti za tu\u0111e mentalno zdravlje. U psihijatrijskoj zajednici, smatra H\u00fcbler, jo\u0161 uvijek nema dovoljno kriti\u010dkog odmaka u odnosu na taj narativ. Stoga bez edukacije i diskusije me\u0111u samim zdravstvenim radnicima ne mogu govoriti o sigurnom okru\u017eenju zdravstvenog sustava.<\/p>\n<p>&#8211; Va\u017eno je da zdravstveni radnici bolje razumiju da to nisu teme kojima se bave tamo neki drugi negdje drugdje, nego da su ve\u0107 prisutne pri\u010dali mi o tome ili ne. To \u0161to neki zdravstveni radnik nema uvid da se netko od njegovih pacijenata mu\u010di ovim pitanjima, ne zna\u010di da to nije tako, govori Barun.<\/p>\n<p>S ciljem pozitivnog utjecaja na javni zdravstveni sustav, organiziraju edukacije o trans zdravlju, sura\u0111uju s udrugama civilnog dru\u0161tva i povezuju se sa stru\u010dnjacima, ali i drugima u zdravstvenom sustavu. Ovog svibnja organizirali su Dane otvorenih vrata i obilje\u017eili Me\u0111unarodni dan borbe protiv homofobije, transfobije i bifobije IDAHOBIT. U svemu tome im je va\u017eno da imaju potporu svoje klinike, ali i osniva\u010da Grada Zagreba.<\/p>\n<p>Do sada su, ka\u017eu, od korisnika ve\u0107inom dobivali pozitivne povratne informacije. Dio njih dolazi iz drugih programa njihove klinike \u0161to, isti\u010de Barun, pokazuje da je va\u017eno da se jedan takav program de\u0161ava upravo u zdravstvenoj ustanovi. Dugine boje povezivanja i podr\u0161ke koje su po\u010deli iscrtavati prije godinu dana polako se, primje\u0107uju, prelijevaju i u druge dnevne bolnice.<\/p>\n<p>&#8211; Vidimo svojevrsno kapilarno \u0161irenje prostora slobode, ljudi dobivaju osje\u0107aj sigurnosti da budu otvoreni oko svog identiteta i u drugim grupama. To je va\u017eno, kao \u0161to nam je va\u017eno, u kona\u010dnici, da korisnici otkriju nove, dodatne resurse i snagu za borbu za svoja prava, uklju\u010duju\u0107i i kolektivnu akciju \u2013 podcrtava za kraj H\u00fcbler.<\/p>\n<p><em>pi\u0161e Dunja Ku\u010dinac<\/em><\/p>\n","protected":false},"excerpt":{"rendered":"<p>Duga koja se nadvila iznad Klinike za psihijatriju Sveti Ivan je pionirska. Psihoedukacija obuhva\u0107a teme rodnih i seksualnih identiteta, autanja, autohomofobije, autotransfobije, ali i asertivnosti, srama ili krivnje<\/p>\n","protected":false},"featured_media":5589,"template":"","tags":[130],"atribut":[],"class_list":["post-5590","nada","type-nada","status-publish","has-post-thumbnail","hentry","tag-tema"],"acf":[],"yoast_head":"<!-- This site is optimized with the Yoast SEO plugin v27.4 - https:\/\/yoast.com\/product\/yoast-seo-wordpress\/ -->\n<title>Bolnica otvorena jednakima - SDF - Srpski demokratski forum<\/title>\n<meta name=\"robots\" content=\"index, follow, max-snippet:-1, max-image-preview:large, max-video-preview:-1\" \/>\n<link rel=\"canonical\" href=\"https:\/\/sdf.hr\/hr\/nada\/bolnica-otvorena-jednakima\/\" \/>\n<meta property=\"og:locale\" content=\"hr_HR\" \/>\n<meta property=\"og:type\" content=\"article\" \/>\n<meta property=\"og:title\" content=\"Bolnica otvorena jednakima - SDF - Srpski demokratski forum\" \/>\n<meta property=\"og:description\" content=\"Duga koja se nadvila iznad Klinike za psihijatriju Sveti Ivan je pionirska. Psihoedukacija obuhva\u0107a teme rodnih i seksualnih identiteta, autanja, autohomofobije, autotransfobije, ali i asertivnosti, srama ili krivnje\" \/>\n<meta property=\"og:url\" content=\"https:\/\/sdf.hr\/hr\/nada\/bolnica-otvorena-jednakima\/\" \/>\n<meta property=\"og:site_name\" content=\"SDF - Srpski demokratski forum\" \/>\n<meta property=\"article:modified_time\" content=\"2024-10-30T07:29:02+00:00\" \/>\n<meta property=\"og:image\" content=\"https:\/\/sdf.hr\/wp-content\/uploads\/2024\/10\/Boje-foto-scaled.jpg\" \/>\n\t<meta property=\"og:image:width\" content=\"2560\" \/>\n\t<meta property=\"og:image:height\" content=\"1689\" \/>\n\t<meta property=\"og:image:type\" content=\"image\/jpeg\" \/>\n<meta name=\"twitter:card\" content=\"summary_large_image\" \/>\n<meta name=\"twitter:label1\" content=\"Procijenjeno vrijeme \u010ditanja\" \/>\n\t<meta name=\"twitter:data1\" content=\"6 minuta\" \/>\n<script type=\"application\/ld+json\" class=\"yoast-schema-graph\">{\"@context\":\"https:\\\/\\\/schema.org\",\"@graph\":[{\"@type\":\"WebPage\",\"@id\":\"https:\\\/\\\/sdf.hr\\\/hr\\\/nada\\\/bolnica-otvorena-jednakima\\\/\",\"url\":\"https:\\\/\\\/sdf.hr\\\/hr\\\/nada\\\/bolnica-otvorena-jednakima\\\/\",\"name\":\"Bolnica otvorena jednakima - SDF - Srpski demokratski forum\",\"isPartOf\":{\"@id\":\"https:\\\/\\\/sdf.hr\\\/#website\"},\"primaryImageOfPage\":{\"@id\":\"https:\\\/\\\/sdf.hr\\\/hr\\\/nada\\\/bolnica-otvorena-jednakima\\\/#primaryimage\"},\"image\":{\"@id\":\"https:\\\/\\\/sdf.hr\\\/hr\\\/nada\\\/bolnica-otvorena-jednakima\\\/#primaryimage\"},\"thumbnailUrl\":\"https:\\\/\\\/sdf.hr\\\/wp-content\\\/uploads\\\/2024\\\/10\\\/Boje-foto-scaled.jpg\",\"datePublished\":\"2024-10-30T07:25:43+00:00\",\"dateModified\":\"2024-10-30T07:29:02+00:00\",\"breadcrumb\":{\"@id\":\"https:\\\/\\\/sdf.hr\\\/hr\\\/nada\\\/bolnica-otvorena-jednakima\\\/#breadcrumb\"},\"inLanguage\":\"hr\",\"potentialAction\":[{\"@type\":\"ReadAction\",\"target\":[\"https:\\\/\\\/sdf.hr\\\/hr\\\/nada\\\/bolnica-otvorena-jednakima\\\/\"]}]},{\"@type\":\"ImageObject\",\"inLanguage\":\"hr\",\"@id\":\"https:\\\/\\\/sdf.hr\\\/hr\\\/nada\\\/bolnica-otvorena-jednakima\\\/#primaryimage\",\"url\":\"https:\\\/\\\/sdf.hr\\\/wp-content\\\/uploads\\\/2024\\\/10\\\/Boje-foto-scaled.jpg\",\"contentUrl\":\"https:\\\/\\\/sdf.hr\\\/wp-content\\\/uploads\\\/2024\\\/10\\\/Boje-foto-scaled.jpg\",\"width\":2560,\"height\":1689,\"caption\":\"BOJE \u2013 \u010dlanovi tima\"},{\"@type\":\"BreadcrumbList\",\"@id\":\"https:\\\/\\\/sdf.hr\\\/hr\\\/nada\\\/bolnica-otvorena-jednakima\\\/#breadcrumb\",\"itemListElement\":[{\"@type\":\"ListItem\",\"position\":1,\"name\":\"Po\u010detna stranica\",\"item\":\"https:\\\/\\\/sdf.hr\\\/hr\\\/\"},{\"@type\":\"ListItem\",\"position\":2,\"name\":\"Nada\",\"item\":\"https:\\\/\\\/sdf.hr\\\/nada\\\/\"},{\"@type\":\"ListItem\",\"position\":3,\"name\":\"Bolnica otvorena jednakima\"}]},{\"@type\":\"WebSite\",\"@id\":\"https:\\\/\\\/sdf.hr\\\/#website\",\"url\":\"https:\\\/\\\/sdf.hr\\\/\",\"name\":\"SDF - Srpski demokratski forum\",\"description\":\"Srpski demokratski forum\",\"publisher\":{\"@id\":\"https:\\\/\\\/sdf.hr\\\/#organization\"},\"potentialAction\":[{\"@type\":\"SearchAction\",\"target\":{\"@type\":\"EntryPoint\",\"urlTemplate\":\"https:\\\/\\\/sdf.hr\\\/?s={search_term_string}\"},\"query-input\":{\"@type\":\"PropertyValueSpecification\",\"valueRequired\":true,\"valueName\":\"search_term_string\"}}],\"inLanguage\":\"hr\"},{\"@type\":\"Organization\",\"@id\":\"https:\\\/\\\/sdf.hr\\\/#organization\",\"name\":\"SDF - Srpski demokratski forum\",\"url\":\"https:\\\/\\\/sdf.hr\\\/\",\"logo\":{\"@type\":\"ImageObject\",\"inLanguage\":\"hr\",\"@id\":\"https:\\\/\\\/sdf.hr\\\/#\\\/schema\\\/logo\\\/image\\\/\",\"url\":\"https:\\\/\\\/sdf.hr\\\/wp-content\\\/uploads\\\/2021\\\/07\\\/logo-hr.svg\",\"contentUrl\":\"https:\\\/\\\/sdf.hr\\\/wp-content\\\/uploads\\\/2021\\\/07\\\/logo-hr.svg\",\"width\":271,\"height\":100,\"caption\":\"SDF - Srpski demokratski forum\"},\"image\":{\"@id\":\"https:\\\/\\\/sdf.hr\\\/#\\\/schema\\\/logo\\\/image\\\/\"}}]}<\/script>\n<!-- \/ Yoast SEO plugin. -->","yoast_head_json":{"title":"Bolnica otvorena jednakima - SDF - Srpski demokratski forum","robots":{"index":"index","follow":"follow","max-snippet":"max-snippet:-1","max-image-preview":"max-image-preview:large","max-video-preview":"max-video-preview:-1"},"canonical":"https:\/\/sdf.hr\/hr\/nada\/bolnica-otvorena-jednakima\/","og_locale":"hr_HR","og_type":"article","og_title":"Bolnica otvorena jednakima - SDF - Srpski demokratski forum","og_description":"Duga koja se nadvila iznad Klinike za psihijatriju Sveti Ivan je pionirska. Psihoedukacija obuhva\u0107a teme rodnih i seksualnih identiteta, autanja, autohomofobije, autotransfobije, ali i asertivnosti, srama ili krivnje","og_url":"https:\/\/sdf.hr\/hr\/nada\/bolnica-otvorena-jednakima\/","og_site_name":"SDF - Srpski demokratski forum","article_modified_time":"2024-10-30T07:29:02+00:00","og_image":[{"width":2560,"height":1689,"url":"https:\/\/sdf.hr\/wp-content\/uploads\/2024\/10\/Boje-foto-scaled.jpg","type":"image\/jpeg"}],"twitter_card":"summary_large_image","twitter_misc":{"Procijenjeno vrijeme \u010ditanja":"6 minuta"},"schema":{"@context":"https:\/\/schema.org","@graph":[{"@type":"WebPage","@id":"https:\/\/sdf.hr\/hr\/nada\/bolnica-otvorena-jednakima\/","url":"https:\/\/sdf.hr\/hr\/nada\/bolnica-otvorena-jednakima\/","name":"Bolnica otvorena jednakima - SDF - Srpski demokratski forum","isPartOf":{"@id":"https:\/\/sdf.hr\/#website"},"primaryImageOfPage":{"@id":"https:\/\/sdf.hr\/hr\/nada\/bolnica-otvorena-jednakima\/#primaryimage"},"image":{"@id":"https:\/\/sdf.hr\/hr\/nada\/bolnica-otvorena-jednakima\/#primaryimage"},"thumbnailUrl":"https:\/\/sdf.hr\/wp-content\/uploads\/2024\/10\/Boje-foto-scaled.jpg","datePublished":"2024-10-30T07:25:43+00:00","dateModified":"2024-10-30T07:29:02+00:00","breadcrumb":{"@id":"https:\/\/sdf.hr\/hr\/nada\/bolnica-otvorena-jednakima\/#breadcrumb"},"inLanguage":"hr","potentialAction":[{"@type":"ReadAction","target":["https:\/\/sdf.hr\/hr\/nada\/bolnica-otvorena-jednakima\/"]}]},{"@type":"ImageObject","inLanguage":"hr","@id":"https:\/\/sdf.hr\/hr\/nada\/bolnica-otvorena-jednakima\/#primaryimage","url":"https:\/\/sdf.hr\/wp-content\/uploads\/2024\/10\/Boje-foto-scaled.jpg","contentUrl":"https:\/\/sdf.hr\/wp-content\/uploads\/2024\/10\/Boje-foto-scaled.jpg","width":2560,"height":1689,"caption":"BOJE \u2013 \u010dlanovi tima"},{"@type":"BreadcrumbList","@id":"https:\/\/sdf.hr\/hr\/nada\/bolnica-otvorena-jednakima\/#breadcrumb","itemListElement":[{"@type":"ListItem","position":1,"name":"Po\u010detna stranica","item":"https:\/\/sdf.hr\/hr\/"},{"@type":"ListItem","position":2,"name":"Nada","item":"https:\/\/sdf.hr\/nada\/"},{"@type":"ListItem","position":3,"name":"Bolnica otvorena jednakima"}]},{"@type":"WebSite","@id":"https:\/\/sdf.hr\/#website","url":"https:\/\/sdf.hr\/","name":"SDF - Srpski demokratski forum","description":"Srpski demokratski forum","publisher":{"@id":"https:\/\/sdf.hr\/#organization"},"potentialAction":[{"@type":"SearchAction","target":{"@type":"EntryPoint","urlTemplate":"https:\/\/sdf.hr\/?s={search_term_string}"},"query-input":{"@type":"PropertyValueSpecification","valueRequired":true,"valueName":"search_term_string"}}],"inLanguage":"hr"},{"@type":"Organization","@id":"https:\/\/sdf.hr\/#organization","name":"SDF - Srpski demokratski forum","url":"https:\/\/sdf.hr\/","logo":{"@type":"ImageObject","inLanguage":"hr","@id":"https:\/\/sdf.hr\/#\/schema\/logo\/image\/","url":"https:\/\/sdf.hr\/wp-content\/uploads\/2021\/07\/logo-hr.svg","contentUrl":"https:\/\/sdf.hr\/wp-content\/uploads\/2021\/07\/logo-hr.svg","width":271,"height":100,"caption":"SDF - Srpski demokratski forum"},"image":{"@id":"https:\/\/sdf.hr\/#\/schema\/logo\/image\/"}}]}},"_links":{"self":[{"href":"https:\/\/sdf.hr\/hr\/wp-json\/wp\/v2\/nada\/5590","targetHints":{"allow":["GET"]}}],"collection":[{"href":"https:\/\/sdf.hr\/hr\/wp-json\/wp\/v2\/nada"}],"about":[{"href":"https:\/\/sdf.hr\/hr\/wp-json\/wp\/v2\/types\/nada"}],"wp:featuredmedia":[{"embeddable":true,"href":"https:\/\/sdf.hr\/hr\/wp-json\/wp\/v2\/media\/5589"}],"wp:attachment":[{"href":"https:\/\/sdf.hr\/hr\/wp-json\/wp\/v2\/media?parent=5590"}],"wp:term":[{"taxonomy":"post_tag","embeddable":true,"href":"https:\/\/sdf.hr\/hr\/wp-json\/wp\/v2\/tags?post=5590"},{"taxonomy":"atribut","embeddable":true,"href":"https:\/\/sdf.hr\/hr\/wp-json\/wp\/v2\/atribut?post=5590"}],"curies":[{"name":"wp","href":"https:\/\/api.w.org\/{rel}","templated":true}]}}