{"id":5594,"date":"2024-11-01T08:00:33","date_gmt":"2024-11-01T07:00:33","guid":{"rendered":"https:\/\/sdf.hr\/nada\/moj-klub-me-zeli-ubiti\/"},"modified":"2024-11-01T08:04:40","modified_gmt":"2024-11-01T07:04:40","slug":"moj-klub-me-zeli-ubiti","status":"publish","type":"nada","link":"https:\/\/sdf.hr\/hr\/nada\/moj-klub-me-zeli-ubiti\/","title":{"rendered":"Moj klub me \u017eeli ubiti"},"content":{"rendered":"<p>Mog prijatelja <strong>Hasana<\/strong> i mene razdvajala je samo jedna ulica, ali se nismo mogli vidjeti. Prije rata bi njegovim autom projurili gradom za pet minuta. Provodili bi vrijeme u njegovoj ku\u0107i. Sada se toga poku\u0161avam sjetiti. Izrael je uni\u0161tio ulice. Izrael je ga\u0111ao ku\u0107u mog prijatelja. Izrael ga je ubio. Lijepe su na\u0161e du\u0161e, lijepi su i Deir Al Balah i Gaza. Deir Al Balah, dom jedinog preostalog stadiona i sveu\u010dili\u0161ta u Gazi. Deir Al Balah i ja pre\u017eivljavamo genocid, pi\u0161e palestinski sportski novinar <strong>Abubaker Abed<\/strong>.<\/p>\n<p>Na dru\u0161tvenim mre\u017eama i u \u010dlancima, 22-godi\u0161nji Abed \u010desto dijeli crtice iz svakodnevice. Po\u017eelio je nedavno da pojede malo kokica, uhvati par sekundi mira i na\u0111e se s prijateljem koji navija za Liverpool. Da skupa pogledaju utakmicu kod njega doma ili u kafi\u0107u. &#8220;Ali Izrael blokira distribuciju hrane, bombardira nas neprestano, a moj prijatelj je ubijen, i njegova ku\u0107a i kafi\u0107 uni\u0161teni&#8221;, pi\u0161e.<\/p>\n<p>Od deset stadiona koji su postojali u Gazi, uni\u0161ten nije jo\u0161 samo jedan, onaj u njegovom rodnom gradu Deir Al Balahu. I prije 7. oktobra kroz Abedovo su izvje\u0161tavanje brojne sportske pri\u010de iz Gaze iza\u0161le u \u0161iroki svijet. Od oktobra pi\u0161e jo\u0161 vi\u0161e, kad god uhvati struje, interneta i force pod bombama. Nedavno je intervjuirao <strong>Isama Al Hasanata<\/strong>, najdugovje\u010dnijeg navija\u010da Liverpoola u Pojasu Gaze, koji crvene vjerno prati od 80-ih. Ispred kamera je stao i me\u0111u ru\u0161evine skloni\u0161ta u Deir Al Balahu, pokazuju\u0107i dres mladog navija\u010da koji je ubijen. \u017duti dres, Borussia Dortmund, <strong>Marco Reus<\/strong>. Prozvao je njema\u010dki klub, pozvao ih da pogledaju kako ginu njihovi navija\u010di dok uprava kluba podr\u017eava izraelski re\u017eim.<\/p>\n<p>Krajem lanjske godine Abed je napisao pismo i svom omiljenom klubu Chelseau, naslovljeno &#8220;Moj dje\u010da\u010dki klub me \u017eeli ubiti&#8221;. &#8220;Podr\u017eavamo ubojstvo Abubakera i svakog palestinskog navija\u010da Chelseaja u Gazi. Tako sam protuma\u010dio izjavu svog kluba na Twitteru nakon izbijanja izraelskog rata u Gazi 7. oktobra. Nakon 12 godina ljubavi i odanosti, nikada nisam o\u010dekivao da \u0107e me moj klub htjeti ubiti. Kad je Chelsea objavio ono \u0161to ja i mnogi drugi smatramo licemjernom izjavom tjedan dana nakon izbijanja rata, dvaput sam ponovno u\u010ditao stranicu na Twitteru kako bih se uvjerio da je istinita. Izjava nije sadr\u017eavala ni eksplicitnu ni implicitnu osudu izraelskog ubijanja Palestinaca i prenijela je jasnu poruku podr\u0161ke obrani Izraela&#8221;, pi\u0161e u tom pismu.<\/p>\n<p>Opisuje kako je ogor\u010den, povrije\u0111en vi\u0161e nego ikada. &#8220;Chelsea nije bio samo moj klub, doslovno je bio moj \u017eivot. Boja moje spava\u0107e sobe je plava. Moj krevet je plave boje i na njemu je Chelseajev logo. Nije stalo na tome, kad sam kupovao odje\u0107u tra\u017eio sam sve u plavoj boji. I kad je Chelsea prolazio kroz lo\u0161e sezone, ostajao sam budan u mra\u010dnim, hladnim no\u0107ima na slaboj bateriji laptopa i nestabilnoj internetskoj vezi gledao kako igraju&#8221;, nastavlja dalje u pismu.<\/p>\n<p>U njemu nema i ne\u0107e biti apologije za klubove koji su apologete re\u017eima koji je u Gazi (me\u0111u ostalim) ubio najmanje 454 sporta\u0161a i uni\u0161tio vi\u0161e od 50 sportskih objekata. Razumijevanje i snagu Abed \u010duva za one koji su mu pru\u017eili ruku, organizirali se, riskirali. Vesele ga, pi\u0161e, navija\u010di poput <strong>Bena<\/strong> iz Liverpoola, koji se ujedinio s navija\u010dem <strong>Sad\u017eadom<\/strong>, pa uokvirenu sliku Abedovog najmla\u0111eg brata <strong>Alija<\/strong> (navija\u010da Liverpoola) odnio pred stadion, s palestinskom zastavom i \u0161alom Liverpoola. &#8220;Dar Bena i Sad\u017eada pomogao nam je da zaboravimo na rat i zgrabimo moment radosti. Na Alijevo je lice izmamio nevi\u0111en i nezaboravan osmijeh&#8221;, pi\u0161e Abed, novinar lakoga pera i naizgled jo\u0161 lak\u0161eg osmijeha.<\/p>\n<p><em>pi\u0161e Ivana Peri\u0107<\/em><\/p>\n","protected":false},"excerpt":{"rendered":"<p>Palestinski novinar, 22-godi\u0161nji Abubaker Abed, \u010desto dijeli crtice iz svakodnevice. Po\u017eelio je nedavno da pojede malo kokica, uhvati par sekundi mira i na\u0111e se s prijateljem. &#8220;Ali Izrael blokira distribuciju hrane, bombardira nas neprestano, a moj prijatelj je ubijen&#8221;, pi\u0161e<\/p>\n","protected":false},"featured_media":5593,"template":"","tags":[40],"atribut":[],"class_list":["post-5594","nada","type-nada","status-publish","has-post-thumbnail","hentry","tag-dvokorak-naprijed"],"acf":[],"yoast_head":"<!-- This site is optimized with the Yoast SEO plugin v27.4 - https:\/\/yoast.com\/product\/yoast-seo-wordpress\/ -->\n<title>Moj klub me \u017eeli ubiti - SDF - Srpski demokratski forum<\/title>\n<meta name=\"robots\" content=\"index, follow, max-snippet:-1, max-image-preview:large, max-video-preview:-1\" \/>\n<link rel=\"canonical\" href=\"https:\/\/sdf.hr\/hr\/nada\/moj-klub-me-zeli-ubiti\/\" \/>\n<meta property=\"og:locale\" content=\"hr_HR\" \/>\n<meta property=\"og:type\" content=\"article\" \/>\n<meta property=\"og:title\" content=\"Moj klub me \u017eeli ubiti - SDF - Srpski demokratski forum\" \/>\n<meta property=\"og:description\" content=\"Palestinski novinar, 22-godi\u0161nji Abubaker Abed, \u010desto dijeli crtice iz svakodnevice. Po\u017eelio je nedavno da pojede malo kokica, uhvati par sekundi mira i na\u0111e se s prijateljem. &quot;Ali Izrael blokira distribuciju hrane, bombardira nas neprestano, a moj prijatelj je ubijen&quot;, pi\u0161e\" \/>\n<meta property=\"og:url\" content=\"https:\/\/sdf.hr\/hr\/nada\/moj-klub-me-zeli-ubiti\/\" \/>\n<meta property=\"og:site_name\" content=\"SDF - Srpski demokratski forum\" \/>\n<meta property=\"article:modified_time\" content=\"2024-11-01T07:04:40+00:00\" \/>\n<meta property=\"og:image\" content=\"https:\/\/sdf.hr\/wp-content\/uploads\/2024\/10\/Abed_X.jpeg\" \/>\n\t<meta property=\"og:image:width\" content=\"960\" \/>\n\t<meta property=\"og:image:height\" content=\"970\" \/>\n\t<meta property=\"og:image:type\" content=\"image\/jpeg\" \/>\n<meta name=\"twitter:card\" content=\"summary_large_image\" \/>\n<meta name=\"twitter:label1\" content=\"Procijenjeno vrijeme \u010ditanja\" \/>\n\t<meta name=\"twitter:data1\" content=\"3 minute\" \/>\n<script type=\"application\/ld+json\" class=\"yoast-schema-graph\">{\"@context\":\"https:\\\/\\\/schema.org\",\"@graph\":[{\"@type\":\"WebPage\",\"@id\":\"https:\\\/\\\/sdf.hr\\\/hr\\\/nada\\\/moj-klub-me-zeli-ubiti\\\/\",\"url\":\"https:\\\/\\\/sdf.hr\\\/hr\\\/nada\\\/moj-klub-me-zeli-ubiti\\\/\",\"name\":\"Moj klub me \u017eeli ubiti - SDF - Srpski demokratski forum\",\"isPartOf\":{\"@id\":\"https:\\\/\\\/sdf.hr\\\/#website\"},\"primaryImageOfPage\":{\"@id\":\"https:\\\/\\\/sdf.hr\\\/hr\\\/nada\\\/moj-klub-me-zeli-ubiti\\\/#primaryimage\"},\"image\":{\"@id\":\"https:\\\/\\\/sdf.hr\\\/hr\\\/nada\\\/moj-klub-me-zeli-ubiti\\\/#primaryimage\"},\"thumbnailUrl\":\"https:\\\/\\\/sdf.hr\\\/wp-content\\\/uploads\\\/2024\\\/10\\\/Abed_X.jpeg\",\"datePublished\":\"2024-11-01T07:00:33+00:00\",\"dateModified\":\"2024-11-01T07:04:40+00:00\",\"breadcrumb\":{\"@id\":\"https:\\\/\\\/sdf.hr\\\/hr\\\/nada\\\/moj-klub-me-zeli-ubiti\\\/#breadcrumb\"},\"inLanguage\":\"hr\",\"potentialAction\":[{\"@type\":\"ReadAction\",\"target\":[\"https:\\\/\\\/sdf.hr\\\/hr\\\/nada\\\/moj-klub-me-zeli-ubiti\\\/\"]}]},{\"@type\":\"ImageObject\",\"inLanguage\":\"hr\",\"@id\":\"https:\\\/\\\/sdf.hr\\\/hr\\\/nada\\\/moj-klub-me-zeli-ubiti\\\/#primaryimage\",\"url\":\"https:\\\/\\\/sdf.hr\\\/wp-content\\\/uploads\\\/2024\\\/10\\\/Abed_X.jpeg\",\"contentUrl\":\"https:\\\/\\\/sdf.hr\\\/wp-content\\\/uploads\\\/2024\\\/10\\\/Abed_X.jpeg\",\"width\":960,\"height\":970,\"caption\":\"Abubaker Abed (Foto: X)\"},{\"@type\":\"BreadcrumbList\",\"@id\":\"https:\\\/\\\/sdf.hr\\\/hr\\\/nada\\\/moj-klub-me-zeli-ubiti\\\/#breadcrumb\",\"itemListElement\":[{\"@type\":\"ListItem\",\"position\":1,\"name\":\"Po\u010detna stranica\",\"item\":\"https:\\\/\\\/sdf.hr\\\/hr\\\/\"},{\"@type\":\"ListItem\",\"position\":2,\"name\":\"Nada\",\"item\":\"https:\\\/\\\/sdf.hr\\\/nada\\\/\"},{\"@type\":\"ListItem\",\"position\":3,\"name\":\"Moj klub me \u017eeli ubiti\"}]},{\"@type\":\"WebSite\",\"@id\":\"https:\\\/\\\/sdf.hr\\\/#website\",\"url\":\"https:\\\/\\\/sdf.hr\\\/\",\"name\":\"SDF - Srpski demokratski forum\",\"description\":\"Srpski demokratski forum\",\"publisher\":{\"@id\":\"https:\\\/\\\/sdf.hr\\\/#organization\"},\"potentialAction\":[{\"@type\":\"SearchAction\",\"target\":{\"@type\":\"EntryPoint\",\"urlTemplate\":\"https:\\\/\\\/sdf.hr\\\/?s={search_term_string}\"},\"query-input\":{\"@type\":\"PropertyValueSpecification\",\"valueRequired\":true,\"valueName\":\"search_term_string\"}}],\"inLanguage\":\"hr\"},{\"@type\":\"Organization\",\"@id\":\"https:\\\/\\\/sdf.hr\\\/#organization\",\"name\":\"SDF - Srpski demokratski forum\",\"url\":\"https:\\\/\\\/sdf.hr\\\/\",\"logo\":{\"@type\":\"ImageObject\",\"inLanguage\":\"hr\",\"@id\":\"https:\\\/\\\/sdf.hr\\\/#\\\/schema\\\/logo\\\/image\\\/\",\"url\":\"https:\\\/\\\/sdf.hr\\\/wp-content\\\/uploads\\\/2021\\\/07\\\/logo-hr.svg\",\"contentUrl\":\"https:\\\/\\\/sdf.hr\\\/wp-content\\\/uploads\\\/2021\\\/07\\\/logo-hr.svg\",\"width\":271,\"height\":100,\"caption\":\"SDF - Srpski demokratski forum\"},\"image\":{\"@id\":\"https:\\\/\\\/sdf.hr\\\/#\\\/schema\\\/logo\\\/image\\\/\"}}]}<\/script>\n<!-- \/ Yoast SEO plugin. -->","yoast_head_json":{"title":"Moj klub me \u017eeli ubiti - SDF - Srpski demokratski forum","robots":{"index":"index","follow":"follow","max-snippet":"max-snippet:-1","max-image-preview":"max-image-preview:large","max-video-preview":"max-video-preview:-1"},"canonical":"https:\/\/sdf.hr\/hr\/nada\/moj-klub-me-zeli-ubiti\/","og_locale":"hr_HR","og_type":"article","og_title":"Moj klub me \u017eeli ubiti - SDF - Srpski demokratski forum","og_description":"Palestinski novinar, 22-godi\u0161nji Abubaker Abed, \u010desto dijeli crtice iz svakodnevice. Po\u017eelio je nedavno da pojede malo kokica, uhvati par sekundi mira i na\u0111e se s prijateljem. \"Ali Izrael blokira distribuciju hrane, bombardira nas neprestano, a moj prijatelj je ubijen\", pi\u0161e","og_url":"https:\/\/sdf.hr\/hr\/nada\/moj-klub-me-zeli-ubiti\/","og_site_name":"SDF - Srpski demokratski forum","article_modified_time":"2024-11-01T07:04:40+00:00","og_image":[{"width":960,"height":970,"url":"https:\/\/sdf.hr\/wp-content\/uploads\/2024\/10\/Abed_X.jpeg","type":"image\/jpeg"}],"twitter_card":"summary_large_image","twitter_misc":{"Procijenjeno vrijeme \u010ditanja":"3 minute"},"schema":{"@context":"https:\/\/schema.org","@graph":[{"@type":"WebPage","@id":"https:\/\/sdf.hr\/hr\/nada\/moj-klub-me-zeli-ubiti\/","url":"https:\/\/sdf.hr\/hr\/nada\/moj-klub-me-zeli-ubiti\/","name":"Moj klub me \u017eeli ubiti - SDF - Srpski demokratski forum","isPartOf":{"@id":"https:\/\/sdf.hr\/#website"},"primaryImageOfPage":{"@id":"https:\/\/sdf.hr\/hr\/nada\/moj-klub-me-zeli-ubiti\/#primaryimage"},"image":{"@id":"https:\/\/sdf.hr\/hr\/nada\/moj-klub-me-zeli-ubiti\/#primaryimage"},"thumbnailUrl":"https:\/\/sdf.hr\/wp-content\/uploads\/2024\/10\/Abed_X.jpeg","datePublished":"2024-11-01T07:00:33+00:00","dateModified":"2024-11-01T07:04:40+00:00","breadcrumb":{"@id":"https:\/\/sdf.hr\/hr\/nada\/moj-klub-me-zeli-ubiti\/#breadcrumb"},"inLanguage":"hr","potentialAction":[{"@type":"ReadAction","target":["https:\/\/sdf.hr\/hr\/nada\/moj-klub-me-zeli-ubiti\/"]}]},{"@type":"ImageObject","inLanguage":"hr","@id":"https:\/\/sdf.hr\/hr\/nada\/moj-klub-me-zeli-ubiti\/#primaryimage","url":"https:\/\/sdf.hr\/wp-content\/uploads\/2024\/10\/Abed_X.jpeg","contentUrl":"https:\/\/sdf.hr\/wp-content\/uploads\/2024\/10\/Abed_X.jpeg","width":960,"height":970,"caption":"Abubaker Abed (Foto: X)"},{"@type":"BreadcrumbList","@id":"https:\/\/sdf.hr\/hr\/nada\/moj-klub-me-zeli-ubiti\/#breadcrumb","itemListElement":[{"@type":"ListItem","position":1,"name":"Po\u010detna stranica","item":"https:\/\/sdf.hr\/hr\/"},{"@type":"ListItem","position":2,"name":"Nada","item":"https:\/\/sdf.hr\/nada\/"},{"@type":"ListItem","position":3,"name":"Moj klub me \u017eeli ubiti"}]},{"@type":"WebSite","@id":"https:\/\/sdf.hr\/#website","url":"https:\/\/sdf.hr\/","name":"SDF - Srpski demokratski forum","description":"Srpski demokratski forum","publisher":{"@id":"https:\/\/sdf.hr\/#organization"},"potentialAction":[{"@type":"SearchAction","target":{"@type":"EntryPoint","urlTemplate":"https:\/\/sdf.hr\/?s={search_term_string}"},"query-input":{"@type":"PropertyValueSpecification","valueRequired":true,"valueName":"search_term_string"}}],"inLanguage":"hr"},{"@type":"Organization","@id":"https:\/\/sdf.hr\/#organization","name":"SDF - Srpski demokratski forum","url":"https:\/\/sdf.hr\/","logo":{"@type":"ImageObject","inLanguage":"hr","@id":"https:\/\/sdf.hr\/#\/schema\/logo\/image\/","url":"https:\/\/sdf.hr\/wp-content\/uploads\/2021\/07\/logo-hr.svg","contentUrl":"https:\/\/sdf.hr\/wp-content\/uploads\/2021\/07\/logo-hr.svg","width":271,"height":100,"caption":"SDF - Srpski demokratski forum"},"image":{"@id":"https:\/\/sdf.hr\/#\/schema\/logo\/image\/"}}]}},"_links":{"self":[{"href":"https:\/\/sdf.hr\/hr\/wp-json\/wp\/v2\/nada\/5594","targetHints":{"allow":["GET"]}}],"collection":[{"href":"https:\/\/sdf.hr\/hr\/wp-json\/wp\/v2\/nada"}],"about":[{"href":"https:\/\/sdf.hr\/hr\/wp-json\/wp\/v2\/types\/nada"}],"wp:featuredmedia":[{"embeddable":true,"href":"https:\/\/sdf.hr\/hr\/wp-json\/wp\/v2\/media\/5593"}],"wp:attachment":[{"href":"https:\/\/sdf.hr\/hr\/wp-json\/wp\/v2\/media?parent=5594"}],"wp:term":[{"taxonomy":"post_tag","embeddable":true,"href":"https:\/\/sdf.hr\/hr\/wp-json\/wp\/v2\/tags?post=5594"},{"taxonomy":"atribut","embeddable":true,"href":"https:\/\/sdf.hr\/hr\/wp-json\/wp\/v2\/atribut?post=5594"}],"curies":[{"name":"wp","href":"https:\/\/api.w.org\/{rel}","templated":true}]}}