{"id":5622,"date":"2024-11-12T15:38:50","date_gmt":"2024-11-12T14:38:50","guid":{"rendered":"https:\/\/sdf.hr\/nada\/tri-ratna-bejruta\/"},"modified":"2024-11-12T15:39:02","modified_gmt":"2024-11-12T14:39:02","slug":"tri-ratna-bejruta","status":"publish","type":"nada","link":"https:\/\/sdf.hr\/hr\/nada\/tri-ratna-bejruta\/","title":{"rendered":"Tri ratna Bejruta"},"content":{"rendered":"<p>Improvizirana igrali\u0161ta pod bombama, divlje lige i nogometne ozljede pridodane fri\u0161kim ratnim o\u017eiljcima opisao je u knjizi &#8220;Poluvrijeme&#8221; libanonski nogometa\u0161, novinar i pjesnik <strong>Favzi Jamin<\/strong>. Knjiga je svojevrsni dnevnik nogometnog Bejruta tijekom libanonskoga gra\u0111anskog rata koji je trajao do 1975. do 1990. godine.<\/p>\n<p>Veznjak Jamin nogomet je po\u010deo igrati 1970-ih u manjim libanonskim klubovima, a karijeru zavr\u0161io 1990-ih upisav\u0161i par nastupa za libanonsku nogometnu reprezentaciju tijekom kvalifikacija za Svjetsko nogometno prvenstvo. U knjizi &#8220;Poluvrijeme&#8221; britko i intenzivno pripovijeda o pro\u017eimanju nogometa i politike, o sekta\u0161kim bitkama za koje su uniforme nosili nogometa\u0161i, o ekonomiji ispod ko\u017ee rata, o nogometu vladaju\u0107e klase naspram onoga koji se igrao me\u0111u ru\u0161evinama i na ulicama geta. Za jedne je nogomet bio samo jedan od alata za sijanje smrti, za druge udah u mogu\u0107nost (druga\u010dijeg) \u017eivota. Kao \u0161to su izvla\u010dili tijela iz ru\u0161evina, tako su izvla\u010dili i poderane lopte, pa ih krpali, dijelili, s njima se igrali du\u017e zabranjenih linija.<\/p>\n<p>U ve\u0107ini domova podijeljenog Bejruta, na zidovima i na no\u0107nim ormari\u0107ima, najistaknutije su bile slike nogometa\u0161a. Ne politi\u010dara, ne religijskih vo\u0111a, ne svetaca. Nogometa\u0161i su bili zadnje upori\u0161te zajedni\u010dkog divljenja, a Jamin \u010ditatelje oporo vra\u0107a na \u010dinjenicu da se radilo o obi\u010dnim smrtnicima. Bilje\u017ei tako smrti nogometa\u0161a tijekom 15 godina rata, me\u0111u kojima i brojna samoubojstva, uklju\u010duju\u0107i jednog lokalnog igra\u010da koji se objesio vezicama svojih tenisica.<\/p>\n<p>***<\/p>\n<p>Liga kampova pokrenuta je u Bejrutu prije skoro 20 godina, malo prije izraelskog napada na Libanon 2006. Liga je otpo\u010dela sa \u0161est timova iz razli\u010ditih palestinskih izbjegli\u010dkih kampova: Sabre, \u0160atile, Burj Al Barajneha. Godinama se \u0161irila, pa sam 2016. na sklepanom igrali\u0161tu na krovu zgrade u \u0160atili imala sre\u0107u gledati natjecanje 16 klubova za koje su igrali uglavnom tinejd\u017eeri. Liga vi\u0161e nije bila samo za Palestince, u nju su se uklju\u010dile i mnoge sirijske izbjeglice iz bejrutskih kampova i predgra\u0111a. U \u0160atili se nogomet igra otkad je \u0160atile, a kako je od 1948. mali izbjegli\u010dki kamp prerastao u geto u kojem \u017eivi vi\u0161e od 30.000 ljudi, uske i na\u010dr\u010dkane ulice za nogomet su postale posve neprakti\u010dne pa su igrali\u0161ta osvanula po krovovima zgrada. Za\u0161titnih mre\u017ea nema pa je najgore kad lopta odleti s krova petokatnice. A onda ipak ispadne da i nije najgore, jer \u010desto \u0107e je neko hitro dobaciti s ulice prema najbli\u017eem balkonu, pa s tog balkona dalje uvis i na kraju natrag na krov. A kako mi re\u010de jedan od trenera, &#8220;najgorem slu\u010daju, lopta je poklon, pa najgoreg slu\u010daja ni nema&#8221;.<\/p>\n<p>***<\/p>\n<p>Kalendarski je slu\u017ebeno otpo\u010dela nova 2024. godina. Isprsio se zalazak sunca na Ramlet Al Baidi, jedinoj preostaloj javnoj pla\u017ei u Bejrutu. Svjetlost se prelamala po stativama golova ofarbanih u \u017euto. Ve\u010dernji trening odra\u0111ivao je dio \u010dlanova libanonske reprezentacije nogometa na pijesku. Od zujanja izraelskih dronova sa \u0161etnice iznad pla\u017ee nisam \u010dula zvuk trenerove zvi\u017edaljke. Najve\u0107i uspjeh libanonske reprezentacije nogometa na pijesku tre\u0107e je mjesto na Azijskim igrama u sportovima na pla\u017ei odr\u017eanima 2016. U borbi za bron\u010danu medalju pobijedili su tada reprezentativce Afganistana i ku\u0107i donijeli prvu medalju u povijesti Libanonskog nogometnog saveza za bilo koju mu\u0161ku reprezentaciju (nogomet, futsal, nogomet na pijesku). Na pla\u017ei na kojoj su trenirali zimu i novu godinu sada u \u0161atorima do\u010dekuju izbjeglice.<\/p>\n<p><em>pi\u0161e Ivana Peri\u0107<\/em><\/p>\n","protected":false},"excerpt":{"rendered":"<p>Isprsio se zalazak sunca na Ramlet Al Baidi, jedinoj preostaloj javnoj pla\u017ei u Bejrutu. Ve\u010dernji trening odra\u0111ivao je dio \u010dlanova libanonske reprezentacije nogometa na pijesku, a od zujanja izraelskih dronova nisam \u010dula zvuk trenerove zvi\u017edaljke<\/p>\n","protected":false},"featured_media":5621,"template":"","tags":[40],"atribut":[],"class_list":["post-5622","nada","type-nada","status-publish","has-post-thumbnail","hentry","tag-dvokorak-naprijed"],"acf":[],"yoast_head":"<!-- This site is optimized with the Yoast SEO plugin v27.4 - https:\/\/yoast.com\/product\/yoast-seo-wordpress\/ -->\n<title>Tri ratna Bejruta - SDF - Srpski demokratski forum<\/title>\n<meta name=\"robots\" content=\"index, follow, max-snippet:-1, max-image-preview:large, max-video-preview:-1\" \/>\n<link rel=\"canonical\" href=\"https:\/\/sdf.hr\/hr\/nada\/tri-ratna-bejruta\/\" \/>\n<meta property=\"og:locale\" content=\"hr_HR\" \/>\n<meta property=\"og:type\" content=\"article\" \/>\n<meta property=\"og:title\" content=\"Tri ratna Bejruta - SDF - Srpski demokratski forum\" \/>\n<meta property=\"og:description\" content=\"Isprsio se zalazak sunca na Ramlet Al Baidi, jedinoj preostaloj javnoj pla\u017ei u Bejrutu. Ve\u010dernji trening odra\u0111ivao je dio \u010dlanova libanonske reprezentacije nogometa na pijesku, a od zujanja izraelskih dronova nisam \u010dula zvuk trenerove zvi\u017edaljke\" \/>\n<meta property=\"og:url\" content=\"https:\/\/sdf.hr\/hr\/nada\/tri-ratna-bejruta\/\" \/>\n<meta property=\"og:site_name\" content=\"SDF - Srpski demokratski forum\" \/>\n<meta property=\"article:modified_time\" content=\"2024-11-12T14:39:02+00:00\" \/>\n<meta property=\"og:image\" content=\"https:\/\/sdf.hr\/wp-content\/uploads\/2024\/11\/Ramlet-Al-Bejda-scaled.jpg\" \/>\n\t<meta property=\"og:image:width\" content=\"2560\" \/>\n\t<meta property=\"og:image:height\" content=\"1920\" \/>\n\t<meta property=\"og:image:type\" content=\"image\/jpeg\" \/>\n<meta name=\"twitter:card\" content=\"summary_large_image\" \/>\n<meta name=\"twitter:label1\" content=\"Procijenjeno vrijeme \u010ditanja\" \/>\n\t<meta name=\"twitter:data1\" content=\"3 minute\" \/>\n<script type=\"application\/ld+json\" class=\"yoast-schema-graph\">{\"@context\":\"https:\\\/\\\/schema.org\",\"@graph\":[{\"@type\":\"WebPage\",\"@id\":\"https:\\\/\\\/sdf.hr\\\/hr\\\/nada\\\/tri-ratna-bejruta\\\/\",\"url\":\"https:\\\/\\\/sdf.hr\\\/hr\\\/nada\\\/tri-ratna-bejruta\\\/\",\"name\":\"Tri ratna Bejruta - SDF - Srpski demokratski forum\",\"isPartOf\":{\"@id\":\"https:\\\/\\\/sdf.hr\\\/#website\"},\"primaryImageOfPage\":{\"@id\":\"https:\\\/\\\/sdf.hr\\\/hr\\\/nada\\\/tri-ratna-bejruta\\\/#primaryimage\"},\"image\":{\"@id\":\"https:\\\/\\\/sdf.hr\\\/hr\\\/nada\\\/tri-ratna-bejruta\\\/#primaryimage\"},\"thumbnailUrl\":\"https:\\\/\\\/sdf.hr\\\/wp-content\\\/uploads\\\/2024\\\/11\\\/Ramlet-Al-Bejda-scaled.jpg\",\"datePublished\":\"2024-11-12T14:38:50+00:00\",\"dateModified\":\"2024-11-12T14:39:02+00:00\",\"breadcrumb\":{\"@id\":\"https:\\\/\\\/sdf.hr\\\/hr\\\/nada\\\/tri-ratna-bejruta\\\/#breadcrumb\"},\"inLanguage\":\"hr\",\"potentialAction\":[{\"@type\":\"ReadAction\",\"target\":[\"https:\\\/\\\/sdf.hr\\\/hr\\\/nada\\\/tri-ratna-bejruta\\\/\"]}]},{\"@type\":\"ImageObject\",\"inLanguage\":\"hr\",\"@id\":\"https:\\\/\\\/sdf.hr\\\/hr\\\/nada\\\/tri-ratna-bejruta\\\/#primaryimage\",\"url\":\"https:\\\/\\\/sdf.hr\\\/wp-content\\\/uploads\\\/2024\\\/11\\\/Ramlet-Al-Bejda-scaled.jpg\",\"contentUrl\":\"https:\\\/\\\/sdf.hr\\\/wp-content\\\/uploads\\\/2024\\\/11\\\/Ramlet-Al-Bejda-scaled.jpg\",\"width\":2560,\"height\":1920,\"caption\":\"Igrali\u0161te na pla\u017ei Ramlet Al Bejda (Foto: Ivana Peri\u0107)\"},{\"@type\":\"BreadcrumbList\",\"@id\":\"https:\\\/\\\/sdf.hr\\\/hr\\\/nada\\\/tri-ratna-bejruta\\\/#breadcrumb\",\"itemListElement\":[{\"@type\":\"ListItem\",\"position\":1,\"name\":\"Po\u010detna stranica\",\"item\":\"https:\\\/\\\/sdf.hr\\\/hr\\\/\"},{\"@type\":\"ListItem\",\"position\":2,\"name\":\"Nada\",\"item\":\"https:\\\/\\\/sdf.hr\\\/nada\\\/\"},{\"@type\":\"ListItem\",\"position\":3,\"name\":\"Tri ratna Bejruta\"}]},{\"@type\":\"WebSite\",\"@id\":\"https:\\\/\\\/sdf.hr\\\/#website\",\"url\":\"https:\\\/\\\/sdf.hr\\\/\",\"name\":\"SDF - Srpski demokratski forum\",\"description\":\"Srpski demokratski forum\",\"publisher\":{\"@id\":\"https:\\\/\\\/sdf.hr\\\/#organization\"},\"potentialAction\":[{\"@type\":\"SearchAction\",\"target\":{\"@type\":\"EntryPoint\",\"urlTemplate\":\"https:\\\/\\\/sdf.hr\\\/?s={search_term_string}\"},\"query-input\":{\"@type\":\"PropertyValueSpecification\",\"valueRequired\":true,\"valueName\":\"search_term_string\"}}],\"inLanguage\":\"hr\"},{\"@type\":\"Organization\",\"@id\":\"https:\\\/\\\/sdf.hr\\\/#organization\",\"name\":\"SDF - Srpski demokratski forum\",\"url\":\"https:\\\/\\\/sdf.hr\\\/\",\"logo\":{\"@type\":\"ImageObject\",\"inLanguage\":\"hr\",\"@id\":\"https:\\\/\\\/sdf.hr\\\/#\\\/schema\\\/logo\\\/image\\\/\",\"url\":\"https:\\\/\\\/sdf.hr\\\/wp-content\\\/uploads\\\/2021\\\/07\\\/logo-hr.svg\",\"contentUrl\":\"https:\\\/\\\/sdf.hr\\\/wp-content\\\/uploads\\\/2021\\\/07\\\/logo-hr.svg\",\"width\":271,\"height\":100,\"caption\":\"SDF - Srpski demokratski forum\"},\"image\":{\"@id\":\"https:\\\/\\\/sdf.hr\\\/#\\\/schema\\\/logo\\\/image\\\/\"}}]}<\/script>\n<!-- \/ Yoast SEO plugin. -->","yoast_head_json":{"title":"Tri ratna Bejruta - SDF - Srpski demokratski forum","robots":{"index":"index","follow":"follow","max-snippet":"max-snippet:-1","max-image-preview":"max-image-preview:large","max-video-preview":"max-video-preview:-1"},"canonical":"https:\/\/sdf.hr\/hr\/nada\/tri-ratna-bejruta\/","og_locale":"hr_HR","og_type":"article","og_title":"Tri ratna Bejruta - SDF - Srpski demokratski forum","og_description":"Isprsio se zalazak sunca na Ramlet Al Baidi, jedinoj preostaloj javnoj pla\u017ei u Bejrutu. Ve\u010dernji trening odra\u0111ivao je dio \u010dlanova libanonske reprezentacije nogometa na pijesku, a od zujanja izraelskih dronova nisam \u010dula zvuk trenerove zvi\u017edaljke","og_url":"https:\/\/sdf.hr\/hr\/nada\/tri-ratna-bejruta\/","og_site_name":"SDF - Srpski demokratski forum","article_modified_time":"2024-11-12T14:39:02+00:00","og_image":[{"width":2560,"height":1920,"url":"https:\/\/sdf.hr\/wp-content\/uploads\/2024\/11\/Ramlet-Al-Bejda-scaled.jpg","type":"image\/jpeg"}],"twitter_card":"summary_large_image","twitter_misc":{"Procijenjeno vrijeme \u010ditanja":"3 minute"},"schema":{"@context":"https:\/\/schema.org","@graph":[{"@type":"WebPage","@id":"https:\/\/sdf.hr\/hr\/nada\/tri-ratna-bejruta\/","url":"https:\/\/sdf.hr\/hr\/nada\/tri-ratna-bejruta\/","name":"Tri ratna Bejruta - SDF - Srpski demokratski forum","isPartOf":{"@id":"https:\/\/sdf.hr\/#website"},"primaryImageOfPage":{"@id":"https:\/\/sdf.hr\/hr\/nada\/tri-ratna-bejruta\/#primaryimage"},"image":{"@id":"https:\/\/sdf.hr\/hr\/nada\/tri-ratna-bejruta\/#primaryimage"},"thumbnailUrl":"https:\/\/sdf.hr\/wp-content\/uploads\/2024\/11\/Ramlet-Al-Bejda-scaled.jpg","datePublished":"2024-11-12T14:38:50+00:00","dateModified":"2024-11-12T14:39:02+00:00","breadcrumb":{"@id":"https:\/\/sdf.hr\/hr\/nada\/tri-ratna-bejruta\/#breadcrumb"},"inLanguage":"hr","potentialAction":[{"@type":"ReadAction","target":["https:\/\/sdf.hr\/hr\/nada\/tri-ratna-bejruta\/"]}]},{"@type":"ImageObject","inLanguage":"hr","@id":"https:\/\/sdf.hr\/hr\/nada\/tri-ratna-bejruta\/#primaryimage","url":"https:\/\/sdf.hr\/wp-content\/uploads\/2024\/11\/Ramlet-Al-Bejda-scaled.jpg","contentUrl":"https:\/\/sdf.hr\/wp-content\/uploads\/2024\/11\/Ramlet-Al-Bejda-scaled.jpg","width":2560,"height":1920,"caption":"Igrali\u0161te na pla\u017ei Ramlet Al Bejda (Foto: Ivana Peri\u0107)"},{"@type":"BreadcrumbList","@id":"https:\/\/sdf.hr\/hr\/nada\/tri-ratna-bejruta\/#breadcrumb","itemListElement":[{"@type":"ListItem","position":1,"name":"Po\u010detna stranica","item":"https:\/\/sdf.hr\/hr\/"},{"@type":"ListItem","position":2,"name":"Nada","item":"https:\/\/sdf.hr\/nada\/"},{"@type":"ListItem","position":3,"name":"Tri ratna Bejruta"}]},{"@type":"WebSite","@id":"https:\/\/sdf.hr\/#website","url":"https:\/\/sdf.hr\/","name":"SDF - Srpski demokratski forum","description":"Srpski demokratski forum","publisher":{"@id":"https:\/\/sdf.hr\/#organization"},"potentialAction":[{"@type":"SearchAction","target":{"@type":"EntryPoint","urlTemplate":"https:\/\/sdf.hr\/?s={search_term_string}"},"query-input":{"@type":"PropertyValueSpecification","valueRequired":true,"valueName":"search_term_string"}}],"inLanguage":"hr"},{"@type":"Organization","@id":"https:\/\/sdf.hr\/#organization","name":"SDF - Srpski demokratski forum","url":"https:\/\/sdf.hr\/","logo":{"@type":"ImageObject","inLanguage":"hr","@id":"https:\/\/sdf.hr\/#\/schema\/logo\/image\/","url":"https:\/\/sdf.hr\/wp-content\/uploads\/2021\/07\/logo-hr.svg","contentUrl":"https:\/\/sdf.hr\/wp-content\/uploads\/2021\/07\/logo-hr.svg","width":271,"height":100,"caption":"SDF - Srpski demokratski forum"},"image":{"@id":"https:\/\/sdf.hr\/#\/schema\/logo\/image\/"}}]}},"_links":{"self":[{"href":"https:\/\/sdf.hr\/hr\/wp-json\/wp\/v2\/nada\/5622","targetHints":{"allow":["GET"]}}],"collection":[{"href":"https:\/\/sdf.hr\/hr\/wp-json\/wp\/v2\/nada"}],"about":[{"href":"https:\/\/sdf.hr\/hr\/wp-json\/wp\/v2\/types\/nada"}],"wp:featuredmedia":[{"embeddable":true,"href":"https:\/\/sdf.hr\/hr\/wp-json\/wp\/v2\/media\/5621"}],"wp:attachment":[{"href":"https:\/\/sdf.hr\/hr\/wp-json\/wp\/v2\/media?parent=5622"}],"wp:term":[{"taxonomy":"post_tag","embeddable":true,"href":"https:\/\/sdf.hr\/hr\/wp-json\/wp\/v2\/tags?post=5622"},{"taxonomy":"atribut","embeddable":true,"href":"https:\/\/sdf.hr\/hr\/wp-json\/wp\/v2\/atribut?post=5622"}],"curies":[{"name":"wp","href":"https:\/\/api.w.org\/{rel}","templated":true}]}}