{"id":5634,"date":"2024-11-13T12:28:10","date_gmt":"2024-11-13T11:28:10","guid":{"rendered":"https:\/\/sdf.hr\/nada\/milenino-zivotinjsko-carstvo\/"},"modified":"2024-11-13T12:28:24","modified_gmt":"2024-11-13T11:28:24","slug":"milenino-zivotinjsko-carstvo","status":"publish","type":"nada","link":"https:\/\/sdf.hr\/hr\/nada\/milenino-zivotinjsko-carstvo\/","title":{"rendered":"Milenino \u017eivotinjsko carstvo"},"content":{"rendered":"<p>Petak nekima do\u0111e kao uvod u vikend odmor, a drugima pak kao regularan dan za ispa\u0161u stoke, kosidbu ili ure\u0111enje vrta. Kada se na to sve doda 130 krava, 15 konja, 20-ak koza, svinje, perad, pse, \u0161talu, ku\u0107u i oku\u0107nicu, velike su \u0161anse da se zapravo radi o ogromnom gospodarskom imanju. Neobi\u010dno je da se o svemu navedenom brine \u010detrdesetogodi\u0161nja samohrana majka \u010detiri \u0107erke <strong>Milena Sovilj Ple\u0107a\u0161<\/strong>, koju smo odlu\u010dile posjetiti i tako joj malo poremetiti dobro uhodane obaveze.<\/p>\n<p>Op\u0161tina Gra\u010dac, selo Bruvno, upisujemo u navigaciju i skre\u0107emo sa puta. Cesta duga\u010dka oko pet kilometara, ali ne i u potpunosti funkcionalna. Put sa puno rupa, vodi nas makadamom do zaseoka Ple\u0107a\u0161i. Pribli\u017eavaju\u0107i se \u017eeljenoj lokaciji, okru\u017euje nas netaknuta priroda, a pravu li\u010dku idilu upotpunio je nezaustavljivo dug suhozid.<\/p>\n<p>&#8211; Hajde cure, \u010dekam vas \u010ditav dan, dok iza\u0111ete iz auta ja ve\u0107 krave napojila \u2013 na ulazu u doma\u0107instvo do\u010dekuje nas nasmijana Milena.<\/p>\n<p>Osim \u010detiri uredna i miri\u0161ljava \u0107o\u0161ka ku\u0107e, tu je i zavidno ogroman OPG uz pomo\u0107 kojeg na\u0161a sagovornica prehranjuje i \u0161koluje svoje \u0107erke. Dok Bruvno pamtimo po poznatom jugoslovenskom ko\u0161arka\u0161u <strong>Nikoli Ple\u0107a\u0161u<\/strong>, ova \u017eenska petorka pravi mu ozbiljnu konkurenciju.<\/p>\n<p>&#8211; Budim se u \u0161est sati, pijem kavu, pa budim najmla\u0111u \u0107erku, spremam nam doru\u010dak, a onda u 7 i 15 dolazi kombi koji je vozi u Gra\u010dac do \u0161kole \u2013 opisuje nam Milena Sovilj Ple\u0107a\u0161 tipi\u010dni po\u010detak svog dana.<\/p>\n<p>Dodaje da su joj druge dvije \u0107erke u Zagrebu, gdje poha\u0111aju Srpsku pravoslavnu op\u0161tu gimnazija &#8220;Kantakuzina Katarina Brankovi\u0107&#8221;, te da je \u010detvrta upisala fakultet u Gospi\u0107u.<\/p>\n<p>&#8211; Kad najmla\u0111a <strong>Nikolina<\/strong> ode u \u0161kolu, ja idem me\u0111&#8217; moje ljepotice, moje krave. Pu\u0161tam ih, dojim telad, hranim koze, ostale \u017eivotinje i vra\u0107am se u ku\u0107u da polako pripremam ru\u010dak. Kruh pe\u010dem svaki drugi dan i onda u zavisnosti od godi\u0161njeg doba rade se dalje poslovi. Zimi se zna, krave su pod nadstre\u0161nicom, tada se rade zimnice, pravi se pekmez i rakija. U prolje\u0107e se priprema vrt, \u0161u\u0161anj, dok je ljeti prioritet kosidba i priprema sjena. Jesen je period kada se spremaju drva, kupe se \u0161ljive. I onda uve\u010der opet imam obaveza oko blaga, obilazak \u017eice, posla uvijek ima. I tako u krug. Cure mi dosta poma\u017eu, iako za te\u0161ke fizi\u010dke poslove obi\u010dno zamolim neke od radnika \u2013 govori ona i dodaje da njen dan obi\u010dno zavr\u0161ava oko pono\u0107i.<\/p>\n<figure id=\"attachment_5628\" aria-describedby=\"caption-attachment-5628\" style=\"width: 1620px\" class=\"wp-caption alignnone\"><img loading=\"lazy\" decoding=\"async\" class=\"wp-image-5628 size-full\" src=\"https:\/\/sdf.hr\/wp-content\/uploads\/2024\/11\/Milena2-1.jpeg\" alt=\"\" width=\"1620\" height=\"1080\" srcset=\"https:\/\/sdf.hr\/wp-content\/uploads\/2024\/11\/Milena2-1.jpeg 1620w, https:\/\/sdf.hr\/wp-content\/uploads\/2024\/11\/Milena2-1-300x200.jpeg 300w, https:\/\/sdf.hr\/wp-content\/uploads\/2024\/11\/Milena2-1-1024x683.jpeg 1024w, https:\/\/sdf.hr\/wp-content\/uploads\/2024\/11\/Milena2-1-768x512.jpeg 768w, https:\/\/sdf.hr\/wp-content\/uploads\/2024\/11\/Milena2-1-1536x1024.jpeg 1536w\" sizes=\"auto, (max-width: 1620px) 100vw, 1620px\" \/><figcaption id=\"caption-attachment-5628\" class=\"wp-caption-text\">Posla oko blaga uvijek ima (Foto: Jelena Miri\u0107)<\/figcaption><\/figure>\n<p>Milena je odrasla na selu i, kako ka\u017ee, neizmerno u\u017eiva u prirodi, iako je u mla\u0111im danima, spletom okolnosti, sa pokojnim suprugom skoro \u0161est godina \u017eivela u Atini. Po\u010dev\u0161i sa nekoliko desetaka goveda, kroz deset godina sama\u010dkog \u017eivota, dodaje, izgradila je \u010ditavo \u017eivotinjsko carstvo. Uza sve brine i za li\u010dki okoli\u0161, \u0161to i ne \u010dudi ako znamo da su upravo \u017eene u ruralnim krajevima naj\u010de\u0161\u0107e \u010duvarice prirode. Pritom se one ubrajaju i me\u0111u najranjivije skupine kada su u pitanju posledice klimatskih promena \u2013 su\u0161e, poplave ili degradacija tla. Prema statistikama Ujedinjenih nacija, \u017eene, ve\u0107inom srednje starosne dobi, \u010dine oko 43 posto radne snage u poljoprivredi u zemljama u razvoju. Istodobno je njihovo u\u010destvovanje u dono\u0161enju odluka, pristupu zdravstvenim uslugama, kao i odgojno-obrazovnim institucijama i vlasni\u0161tvu nad zemlji\u0161tem i dalje ograni\u010deno.<\/p>\n<p>S druge strane je sve ve\u0107i broj \u017eena koje su nositeljice lokalnih gazdinstva, a zbog razvoja seoskog turizma se \u010desto okre\u0107u ruralnom preduzetni\u0161tvu, kao \u0161to je to slu\u010daj sa Milenom Sovilj Ple\u0107a\u0161. Samim tim obezbe\u0111uju vlastiti opstanak na selu. Pored brige za doma\u0107instvo i odgoja dece, uloga \u017eene sa sela se polagano menja kroz generacije. Me\u0111utim, neminovno je da je u ruralnim krajevima i dalje prisutan izostanak intenzivnije brige o \u017eenskom reproduktivnom zdravlju, i to prvenstveno zbog nedostatka ginekologa i zdravstvenih ustanova kao takvih, kao i svesti o prisutnosti rodno uvjetovanog nasilja, \u010desto obavijenog velom \u0107utanja.<\/p>\n<p>Mnoge \u017eene koje \u017eive na selu nisu registrovane na tr\u017ei\u0161tu rada, pa se ne vode kao zaposlene niti ulaze u zvani\u010dne statistike o nezaposlenosti. Veliki broj njih radi na imanjima svojih o\u010deva, bra\u0107e ili supru\u017enika, koji su u pravilu jedini vlasnici tih imanja, a i dalje je jako puno slu\u010dajevima u kojima se \u017eene iz ruralnih krajeva odri\u010du nasledstva u korist mu\u0161kih srodnika. Zbog tako marginalizovanog polo\u017eaja, neke od njih \u010desto tra\u017ee na\u010dine da napuste ruralna podru\u010dja, bez namere da se vrate, pa sela, kakvo je i li\u010dko selo Bruvno, polako i\u0161\u010dezavaju. Utoliko je i zanimljivija pri\u010da Milene Sovilj Ple\u0107a\u0161 koja svojim primerom prkosi tradicionalnom poimanju \u017eivota u ruralnim krajevima.<\/p>\n<p>Milenin suprug iznenadno je preminuo 2015., kada je na\u0161a sagovornica imala svega 31 godinu i najednom morala pred sebe postaviti jasne prioritete \u2013 da njenoj deci u budu\u0107nosti ne fali ni\u010dega, da OPG raste, da sru\u0161i sve predrasude kao mlada \u017eena u poljoprivredi i da nema prostora za odustajanje.<\/p>\n<figure id=\"attachment_5630\" aria-describedby=\"caption-attachment-5630\" style=\"width: 1620px\" class=\"wp-caption alignnone\"><img loading=\"lazy\" decoding=\"async\" class=\"wp-image-5630 size-full\" src=\"https:\/\/sdf.hr\/wp-content\/uploads\/2024\/11\/Nikolina.jpeg\" alt=\"\" width=\"1620\" height=\"1080\" srcset=\"https:\/\/sdf.hr\/wp-content\/uploads\/2024\/11\/Nikolina.jpeg 1620w, https:\/\/sdf.hr\/wp-content\/uploads\/2024\/11\/Nikolina-300x200.jpeg 300w, https:\/\/sdf.hr\/wp-content\/uploads\/2024\/11\/Nikolina-1024x683.jpeg 1024w, https:\/\/sdf.hr\/wp-content\/uploads\/2024\/11\/Nikolina-768x512.jpeg 768w, https:\/\/sdf.hr\/wp-content\/uploads\/2024\/11\/Nikolina-1536x1024.jpeg 1536w\" sizes=\"auto, (max-width: 1620px) 100vw, 1620px\" \/><figcaption id=\"caption-attachment-5630\" class=\"wp-caption-text\">Najmla\u0111a k\u0107i Nikolina (Foto: Jelena Miri\u0107)<\/figcaption><\/figure>\n<p>&#8211; Sama vozim traktor, sama kupim sijeno, sama ga nosim. Tu sam i \u017eensko i mu\u0161ko, \u0161to bi se reklo \u2013 obja\u0161njava nam Milena Sovilj Ple\u0107a\u0161.<\/p>\n<p>&#8211; Naravno, kada se pojave poslovi koji se ti\u010du krovova, varenja i sli\u010dnih stvari, onda potra\u017eim pomo\u0107, ali ove ostale fizi\u010dke pripreme su na meni. Moj godi\u0161nji prosjek rolo bala je oko 800. Pre nekoliko godina sam imala saobra\u0107ajnu nesre\u0107u sa traktorom, sam Bog zna kako sam pre\u017eivela. Da mi tada nije bilo majke i mojih cura, ne znam kako bih pro\u0161la te nepokretne dane. Onda tek shvati\u0161 da ne mo\u017ee\u0161 sam \u2013 uvjerava nas Milena.<\/p>\n<p>Najte\u017ee joj pada, dodaje, \u0161to u Bruvnu nemaju vodovod.<\/p>\n<p>&#8211; To mi ljeti nekada oduzme po \u0161est sati dnevno. Znam u vi\u0161e navrata cisternom odlaziti u drugo mjesto kako bih nabavila vodu i nahranila svu stoku \u2013 ka\u017ee Milena, nutkaju\u0107i nas sve\u017ee ispe\u010denim \u0161trudlama sa orasima.<\/p>\n<p>Razli\u010ditih sposobnosti, potreba i \u017eelja, neke \u017eene spletom \u017eivotnih okolnosti nemaju izbora. Pritom njihov doprinos ku\u0107anstvu, porodici i lokalnoj ekonomiji \u010desto ostaje nedovoljno prepoznat. Na sve to \u017eene iznose i najzna\u010dajniji teret nepla\u0107enog, ku\u0107anskog rada, a \u010desto su izlo\u017eene riziku vi\u0161estruke diskriminacije. Prema podacima Dr\u017eavnog zavoda za statistiku, u avgustu 2024. je broj ukupno zaposlenih u Republici Hrvatskoj iznosio 1.738.838, od \u010dega 806.451 \u010dine \u017eene. Po istim podacima ispada da svega 29 posto poljoprivrednih gazdinstava vode \u017eene. Njih vi\u0161e od polovine su starije od 65 godina.<\/p>\n<p>Me\u0111utim, ohrabruju\u0107i je podatak da se mlade \u017eene u sve ve\u0107em broju uklju\u010duju kao nositeljke gazdinstava, pri \u010demu su sve obrazovanije i uspe\u0161nije u prijavama na programe ruralnog razvoja. Zanimljivo je i da trenutno \u017eene prednja\u010de u upisima na poljoprivredne fakultete, kako u Hrvatskoj, tako i u regionu, iako u mnogim ruralnim podru\u010djima i dalje imaju ni\u017eu stopu obrazovanja zbog socijalnih normi, ekonomske ovisnosti i nedostatka prate\u0107e infrastrukture.<\/p>\n<p>No primeri poput \u017eenske petorke iz li\u010dkog zaseoka Ple\u0107a\u0161i daju nadu da su i na tom polju mogu\u0107i pomaci nabolje. Zbog svog truda Milena se ove godine, naime, na\u0161la i me\u0111u nominiranima na 24. izboru najuzornije hrvatske seoske \u017eene, koji je 15. oktobra, na Me\u0111unarodni dan \u017eena u ruralnim krajevima, odr\u017ean u Benkovcu. Iako na kraju nije osvojila nagradu, na\u0161a sagovornica ne krije zadovoljstvo.<\/p>\n<p>&#8211; Hteli su da me prijave i pro\u0161le i pretpro\u0161le godine, ali stvarno imam puno posla, nisam bila u mogu\u0107nosti da se posvetim tome. Potrebne su ozbiljne pripreme, nije dovoljno samo do\u0107i na manifestaciju. Od skupljanja no\u0161nje, pripreme hrane\u2026 Meni kao samohranoj majci sve to oduzima puno vremena pored svih drugih svakodnevnih aktivnosti. Blago mi ne smije biti gladno \u2013 veli Milena Sovilj Ple\u0107a\u0161.<\/p>\n<p>Ove godine na izbor ju je prijavila sestra koja \u017eivi u Australiji.<\/p>\n<figure id=\"attachment_5632\" aria-describedby=\"caption-attachment-5632\" style=\"width: 1600px\" class=\"wp-caption alignnone\"><img loading=\"lazy\" decoding=\"async\" class=\"wp-image-5632 size-full\" src=\"https:\/\/sdf.hr\/wp-content\/uploads\/2024\/11\/Milena-i-kceri-s-izbora-za-naj-zenu.jpg\" alt=\"\" width=\"1600\" height=\"1204\" srcset=\"https:\/\/sdf.hr\/wp-content\/uploads\/2024\/11\/Milena-i-kceri-s-izbora-za-naj-zenu.jpg 1600w, https:\/\/sdf.hr\/wp-content\/uploads\/2024\/11\/Milena-i-kceri-s-izbora-za-naj-zenu-300x226.jpg 300w, https:\/\/sdf.hr\/wp-content\/uploads\/2024\/11\/Milena-i-kceri-s-izbora-za-naj-zenu-1024x771.jpg 1024w, https:\/\/sdf.hr\/wp-content\/uploads\/2024\/11\/Milena-i-kceri-s-izbora-za-naj-zenu-768x578.jpg 768w, https:\/\/sdf.hr\/wp-content\/uploads\/2024\/11\/Milena-i-kceri-s-izbora-za-naj-zenu-1536x1156.jpg 1536w\" sizes=\"auto, (max-width: 1600px) 100vw, 1600px\" \/><figcaption id=\"caption-attachment-5632\" class=\"wp-caption-text\">Milena i \u0107erke na izboru najuzornije seoske \u017eene (Foto: Privatna arhiva)<\/figcaption><\/figure>\n<p>&#8211; U po\u010detku sam negodovala, da ne ka\u017eem da sam bila na rubu nervnog sloma kada sam \u010dula, ali sam na kraju ipak pristala. Bilo je to zaista vredno i bogato iskustvo. Upoznala sam nove ljude iz razli\u010ditih \u017eupanija i gardova, stekla neke nove perspektive tu\u0111ih sudbina. Mo\u017eda mi je od svega najdra\u017ee \u0161to sam taj dan bila sa svojim curama, koje su ponosno, zajedno sa mnom bile obu\u010dene u narodnu no\u0161nju i bile mi podr\u0161ka u \u010ditavom procesu pripreme \u0161tanda \u2013 ka\u017ee Milena i dodaje da je neizmerno zahvalna Srpskom kulturnom dru\u0161tvu Prosvjeta, njegovom pododboru Udbina i \u017eenama iz Gra\u010daca na pomo\u0107i oko ru\u010dnih vezova i dozvole kori\u0161tenja narodnih no\u0161nji.<\/p>\n<p>Bez adekvatnog asfalta, vode, blizine trgovine, vrti\u0107a, \u0161kole, bolnice i ugostiteljskih objekata u okru\u017eenju, najfascinantnije je \u0161to Milena i dalje pronalazi mehanizme da svoje dane ispuni vedrinom.<\/p>\n<p>&#8211; Sve se stigne kad se ho\u0107e. To nije fraza, nego zaista tako mislim. Mi smo sredina koja nema previ\u0161e mogu\u0107nosti, od svega smo udaljeni i ve\u0107inom zapostavljeni. Do Gra\u010daca nam treba 16 kilometara po najboljim vremenskim uvjetima. Ne daj Bo\u017ee bolnice, ali to nije razlog da ne ispunim dane i onim aktivnostima meni za du\u0161u. Nekad je to disko, nekad koncert, ponekad odem na kavu sa prijateljicama i kumom, svuda po malo \u2013 veli ona.<\/p>\n<p>Uostalom, ka\u017ee, i cure su joj dobre. Slu\u0161aju je, poma\u017eu i dobro u\u010de.<\/p>\n<p>&#8211; Zbog toga nemam razloga da budem demotivisana. Uostalom, volim selo, a \u0107erkama \u010desto ka\u017eem: &#8220;To \u0161to u\u010dite, sebi pravite bolju budu\u0107nost. A lopata i sijeno vas uvijek \u010dekaju ako ne\u0107ete u\u010diti.&#8221; Kada bi dana\u0161nja mlade\u017e samo jedan dan i\u0161la za mnom i promatrala moje svakodnevne obaveze, vjerujem da bi se umorila gledaju\u0107i \u2013 dodaje Milena.<\/p>\n<p>Na rastanku je pitamo \u0161to bi zatra\u017eila da se kojim slu\u010dajem domogne \u010darobnog \u0161tapi\u0107a.<\/p>\n<p>&#8211; Vodu i asfalt, \u0161ta \u0107e mi vi\u0161e \u2013 odgovara skromno kroz \u0161alu.<\/p>\n<p>&#8211; Nekada nismo ni sami svesni svojih mogu\u0107nosti i granica, dokle god nas, \u0161to bi se reklo, muka ne natera \u2013 zaklju\u010duje ona.<\/p>\n<p>Da Milena ima &#8220;zlatne ruke&#8221;, kako bi rekli na\u0161i stari, ne svedo\u010de samo veliki OPG i doma\u0107a \u0161trudla, ve\u0107 i liker od drenjina koji je, ako svratite u Ple\u0107a\u0161e, neizostavna radnja.<\/p>\n<p><em>pi\u0161e Jelena Miri\u0107<\/em><\/p>\n","protected":false},"excerpt":{"rendered":"<p>Sama vozim traktor, sama kupim sijeno, sama ga nosim. Tu sam i \u017eensko i mu\u0161ko, \u0161to bi se reklo, obja\u0161njava nam Milena Sovilj Ple\u0107a\u0161, samohrana majka \u010detiri \u0107erke koja u Bruvnu kod Gra\u010daca sama vodi veliki OPG sa 130 krava, 15 konja, 20-ak koza, svinjama i peradi<\/p>\n","protected":false},"featured_media":5625,"template":"","tags":[131],"atribut":[],"class_list":["post-5634","nada","type-nada","status-publish","has-post-thumbnail","hentry","tag-reportaza"],"acf":[],"yoast_head":"<!-- This site is optimized with the Yoast SEO plugin v27.4 - https:\/\/yoast.com\/product\/yoast-seo-wordpress\/ -->\n<title>Milenino \u017eivotinjsko carstvo - SDF - Srpski demokratski forum<\/title>\n<meta name=\"robots\" content=\"index, follow, max-snippet:-1, max-image-preview:large, max-video-preview:-1\" \/>\n<link rel=\"canonical\" href=\"https:\/\/sdf.hr\/hr\/nada\/milenino-zivotinjsko-carstvo\/\" \/>\n<meta property=\"og:locale\" content=\"hr_HR\" \/>\n<meta property=\"og:type\" content=\"article\" \/>\n<meta property=\"og:title\" content=\"Milenino \u017eivotinjsko carstvo - SDF - Srpski demokratski forum\" \/>\n<meta property=\"og:description\" content=\"Sama vozim traktor, sama kupim sijeno, sama ga nosim. Tu sam i \u017eensko i mu\u0161ko, \u0161to bi se reklo, obja\u0161njava nam Milena Sovilj Ple\u0107a\u0161, samohrana majka \u010detiri \u0107erke koja u Bruvnu kod Gra\u010daca sama vodi veliki OPG sa 130 krava, 15 konja, 20-ak koza, svinjama i peradi\" \/>\n<meta property=\"og:url\" content=\"https:\/\/sdf.hr\/hr\/nada\/milenino-zivotinjsko-carstvo\/\" \/>\n<meta property=\"og:site_name\" content=\"SDF - Srpski demokratski forum\" \/>\n<meta property=\"article:modified_time\" content=\"2024-11-13T11:28:24+00:00\" \/>\n<meta property=\"og:image\" content=\"https:\/\/sdf.hr\/wp-content\/uploads\/2024\/11\/Milena1.jpeg\" \/>\n\t<meta property=\"og:image:width\" content=\"1620\" \/>\n\t<meta property=\"og:image:height\" content=\"1080\" \/>\n\t<meta property=\"og:image:type\" content=\"image\/jpeg\" \/>\n<meta name=\"twitter:card\" content=\"summary_large_image\" \/>\n<meta name=\"twitter:label1\" content=\"Procijenjeno vrijeme \u010ditanja\" \/>\n\t<meta name=\"twitter:data1\" content=\"9 minuta\" \/>\n<script type=\"application\/ld+json\" class=\"yoast-schema-graph\">{\"@context\":\"https:\\\/\\\/schema.org\",\"@graph\":[{\"@type\":\"WebPage\",\"@id\":\"https:\\\/\\\/sdf.hr\\\/hr\\\/nada\\\/milenino-zivotinjsko-carstvo\\\/\",\"url\":\"https:\\\/\\\/sdf.hr\\\/hr\\\/nada\\\/milenino-zivotinjsko-carstvo\\\/\",\"name\":\"Milenino \u017eivotinjsko carstvo - SDF - Srpski demokratski forum\",\"isPartOf\":{\"@id\":\"https:\\\/\\\/sdf.hr\\\/#website\"},\"primaryImageOfPage\":{\"@id\":\"https:\\\/\\\/sdf.hr\\\/hr\\\/nada\\\/milenino-zivotinjsko-carstvo\\\/#primaryimage\"},\"image\":{\"@id\":\"https:\\\/\\\/sdf.hr\\\/hr\\\/nada\\\/milenino-zivotinjsko-carstvo\\\/#primaryimage\"},\"thumbnailUrl\":\"https:\\\/\\\/sdf.hr\\\/wp-content\\\/uploads\\\/2024\\\/11\\\/Milena1.jpeg\",\"datePublished\":\"2024-11-13T11:28:10+00:00\",\"dateModified\":\"2024-11-13T11:28:24+00:00\",\"breadcrumb\":{\"@id\":\"https:\\\/\\\/sdf.hr\\\/hr\\\/nada\\\/milenino-zivotinjsko-carstvo\\\/#breadcrumb\"},\"inLanguage\":\"hr\",\"potentialAction\":[{\"@type\":\"ReadAction\",\"target\":[\"https:\\\/\\\/sdf.hr\\\/hr\\\/nada\\\/milenino-zivotinjsko-carstvo\\\/\"]}]},{\"@type\":\"ImageObject\",\"inLanguage\":\"hr\",\"@id\":\"https:\\\/\\\/sdf.hr\\\/hr\\\/nada\\\/milenino-zivotinjsko-carstvo\\\/#primaryimage\",\"url\":\"https:\\\/\\\/sdf.hr\\\/wp-content\\\/uploads\\\/2024\\\/11\\\/Milena1.jpeg\",\"contentUrl\":\"https:\\\/\\\/sdf.hr\\\/wp-content\\\/uploads\\\/2024\\\/11\\\/Milena1.jpeg\",\"width\":1620,\"height\":1080,\"caption\":\"Milena Sovilj Ple\u0107a\u0161 (Foto: Jelena Miri\u0107)\"},{\"@type\":\"BreadcrumbList\",\"@id\":\"https:\\\/\\\/sdf.hr\\\/hr\\\/nada\\\/milenino-zivotinjsko-carstvo\\\/#breadcrumb\",\"itemListElement\":[{\"@type\":\"ListItem\",\"position\":1,\"name\":\"Po\u010detna stranica\",\"item\":\"https:\\\/\\\/sdf.hr\\\/hr\\\/\"},{\"@type\":\"ListItem\",\"position\":2,\"name\":\"Nada\",\"item\":\"https:\\\/\\\/sdf.hr\\\/nada\\\/\"},{\"@type\":\"ListItem\",\"position\":3,\"name\":\"Milenino \u017eivotinjsko carstvo\"}]},{\"@type\":\"WebSite\",\"@id\":\"https:\\\/\\\/sdf.hr\\\/#website\",\"url\":\"https:\\\/\\\/sdf.hr\\\/\",\"name\":\"SDF - Srpski demokratski forum\",\"description\":\"Srpski demokratski forum\",\"publisher\":{\"@id\":\"https:\\\/\\\/sdf.hr\\\/#organization\"},\"potentialAction\":[{\"@type\":\"SearchAction\",\"target\":{\"@type\":\"EntryPoint\",\"urlTemplate\":\"https:\\\/\\\/sdf.hr\\\/?s={search_term_string}\"},\"query-input\":{\"@type\":\"PropertyValueSpecification\",\"valueRequired\":true,\"valueName\":\"search_term_string\"}}],\"inLanguage\":\"hr\"},{\"@type\":\"Organization\",\"@id\":\"https:\\\/\\\/sdf.hr\\\/#organization\",\"name\":\"SDF - Srpski demokratski forum\",\"url\":\"https:\\\/\\\/sdf.hr\\\/\",\"logo\":{\"@type\":\"ImageObject\",\"inLanguage\":\"hr\",\"@id\":\"https:\\\/\\\/sdf.hr\\\/#\\\/schema\\\/logo\\\/image\\\/\",\"url\":\"https:\\\/\\\/sdf.hr\\\/wp-content\\\/uploads\\\/2021\\\/07\\\/logo-hr.svg\",\"contentUrl\":\"https:\\\/\\\/sdf.hr\\\/wp-content\\\/uploads\\\/2021\\\/07\\\/logo-hr.svg\",\"width\":271,\"height\":100,\"caption\":\"SDF - Srpski demokratski forum\"},\"image\":{\"@id\":\"https:\\\/\\\/sdf.hr\\\/#\\\/schema\\\/logo\\\/image\\\/\"}}]}<\/script>\n<!-- \/ Yoast SEO plugin. -->","yoast_head_json":{"title":"Milenino \u017eivotinjsko carstvo - SDF - Srpski demokratski forum","robots":{"index":"index","follow":"follow","max-snippet":"max-snippet:-1","max-image-preview":"max-image-preview:large","max-video-preview":"max-video-preview:-1"},"canonical":"https:\/\/sdf.hr\/hr\/nada\/milenino-zivotinjsko-carstvo\/","og_locale":"hr_HR","og_type":"article","og_title":"Milenino \u017eivotinjsko carstvo - SDF - Srpski demokratski forum","og_description":"Sama vozim traktor, sama kupim sijeno, sama ga nosim. Tu sam i \u017eensko i mu\u0161ko, \u0161to bi se reklo, obja\u0161njava nam Milena Sovilj Ple\u0107a\u0161, samohrana majka \u010detiri \u0107erke koja u Bruvnu kod Gra\u010daca sama vodi veliki OPG sa 130 krava, 15 konja, 20-ak koza, svinjama i peradi","og_url":"https:\/\/sdf.hr\/hr\/nada\/milenino-zivotinjsko-carstvo\/","og_site_name":"SDF - Srpski demokratski forum","article_modified_time":"2024-11-13T11:28:24+00:00","og_image":[{"width":1620,"height":1080,"url":"https:\/\/sdf.hr\/wp-content\/uploads\/2024\/11\/Milena1.jpeg","type":"image\/jpeg"}],"twitter_card":"summary_large_image","twitter_misc":{"Procijenjeno vrijeme \u010ditanja":"9 minuta"},"schema":{"@context":"https:\/\/schema.org","@graph":[{"@type":"WebPage","@id":"https:\/\/sdf.hr\/hr\/nada\/milenino-zivotinjsko-carstvo\/","url":"https:\/\/sdf.hr\/hr\/nada\/milenino-zivotinjsko-carstvo\/","name":"Milenino \u017eivotinjsko carstvo - SDF - Srpski demokratski forum","isPartOf":{"@id":"https:\/\/sdf.hr\/#website"},"primaryImageOfPage":{"@id":"https:\/\/sdf.hr\/hr\/nada\/milenino-zivotinjsko-carstvo\/#primaryimage"},"image":{"@id":"https:\/\/sdf.hr\/hr\/nada\/milenino-zivotinjsko-carstvo\/#primaryimage"},"thumbnailUrl":"https:\/\/sdf.hr\/wp-content\/uploads\/2024\/11\/Milena1.jpeg","datePublished":"2024-11-13T11:28:10+00:00","dateModified":"2024-11-13T11:28:24+00:00","breadcrumb":{"@id":"https:\/\/sdf.hr\/hr\/nada\/milenino-zivotinjsko-carstvo\/#breadcrumb"},"inLanguage":"hr","potentialAction":[{"@type":"ReadAction","target":["https:\/\/sdf.hr\/hr\/nada\/milenino-zivotinjsko-carstvo\/"]}]},{"@type":"ImageObject","inLanguage":"hr","@id":"https:\/\/sdf.hr\/hr\/nada\/milenino-zivotinjsko-carstvo\/#primaryimage","url":"https:\/\/sdf.hr\/wp-content\/uploads\/2024\/11\/Milena1.jpeg","contentUrl":"https:\/\/sdf.hr\/wp-content\/uploads\/2024\/11\/Milena1.jpeg","width":1620,"height":1080,"caption":"Milena Sovilj Ple\u0107a\u0161 (Foto: Jelena Miri\u0107)"},{"@type":"BreadcrumbList","@id":"https:\/\/sdf.hr\/hr\/nada\/milenino-zivotinjsko-carstvo\/#breadcrumb","itemListElement":[{"@type":"ListItem","position":1,"name":"Po\u010detna stranica","item":"https:\/\/sdf.hr\/hr\/"},{"@type":"ListItem","position":2,"name":"Nada","item":"https:\/\/sdf.hr\/nada\/"},{"@type":"ListItem","position":3,"name":"Milenino \u017eivotinjsko carstvo"}]},{"@type":"WebSite","@id":"https:\/\/sdf.hr\/#website","url":"https:\/\/sdf.hr\/","name":"SDF - Srpski demokratski forum","description":"Srpski demokratski forum","publisher":{"@id":"https:\/\/sdf.hr\/#organization"},"potentialAction":[{"@type":"SearchAction","target":{"@type":"EntryPoint","urlTemplate":"https:\/\/sdf.hr\/?s={search_term_string}"},"query-input":{"@type":"PropertyValueSpecification","valueRequired":true,"valueName":"search_term_string"}}],"inLanguage":"hr"},{"@type":"Organization","@id":"https:\/\/sdf.hr\/#organization","name":"SDF - Srpski demokratski forum","url":"https:\/\/sdf.hr\/","logo":{"@type":"ImageObject","inLanguage":"hr","@id":"https:\/\/sdf.hr\/#\/schema\/logo\/image\/","url":"https:\/\/sdf.hr\/wp-content\/uploads\/2021\/07\/logo-hr.svg","contentUrl":"https:\/\/sdf.hr\/wp-content\/uploads\/2021\/07\/logo-hr.svg","width":271,"height":100,"caption":"SDF - Srpski demokratski forum"},"image":{"@id":"https:\/\/sdf.hr\/#\/schema\/logo\/image\/"}}]}},"_links":{"self":[{"href":"https:\/\/sdf.hr\/hr\/wp-json\/wp\/v2\/nada\/5634","targetHints":{"allow":["GET"]}}],"collection":[{"href":"https:\/\/sdf.hr\/hr\/wp-json\/wp\/v2\/nada"}],"about":[{"href":"https:\/\/sdf.hr\/hr\/wp-json\/wp\/v2\/types\/nada"}],"wp:featuredmedia":[{"embeddable":true,"href":"https:\/\/sdf.hr\/hr\/wp-json\/wp\/v2\/media\/5625"}],"wp:attachment":[{"href":"https:\/\/sdf.hr\/hr\/wp-json\/wp\/v2\/media?parent=5634"}],"wp:term":[{"taxonomy":"post_tag","embeddable":true,"href":"https:\/\/sdf.hr\/hr\/wp-json\/wp\/v2\/tags?post=5634"},{"taxonomy":"atribut","embeddable":true,"href":"https:\/\/sdf.hr\/hr\/wp-json\/wp\/v2\/atribut?post=5634"}],"curies":[{"name":"wp","href":"https:\/\/api.w.org\/{rel}","templated":true}]}}