{"id":5642,"date":"2024-11-15T12:09:40","date_gmt":"2024-11-15T11:09:40","guid":{"rendered":"https:\/\/sdf.hr\/nada\/skec-majstorice\/"},"modified":"2024-11-15T12:09:40","modified_gmt":"2024-11-15T11:09:40","slug":"skec-majstorice","status":"publish","type":"nada","link":"https:\/\/sdf.hr\/hr\/nada\/skec-majstorice\/","title":{"rendered":"Ske\u010d majstorice"},"content":{"rendered":"<p>Ako se opu\u0161tate skrolaju\u0107i dru\u0161tvenim mre\u017eama (ako ne, ostavite podatke redakciji, tko ste vi?) sigurno ste na Instagramu ili TikToku nai\u0161li na ske\u010deve <strong>Glorije Dubelj<\/strong> i <strong>Ive \u0160imi\u0107 \u0160akoranje<\/strong>.<\/p>\n<p>Bilo da je rije\u010d o duhovitom podbadanju mladih dubrova\u010dkih gospo\u0111a koje su u ljetnoj sezoni &#8220;zarodile&#8221; samo 400.000 eura, bilo o razgovoru zagreba\u010dkih majki koje svojoj djeci daju isklju\u010divo bio hranu, ove dvije akademske glumice na mobilne ekrane donose nam dobru staru satiru upakiranu u moderni format: minutu do dvije britke kritike nas samih, na\u0161ih susjeda i prijatelja, pasivnoagresivnih odnosa, potrebe da budemo najbolje, najljep\u0161e, imamo najpametniju djecu i najromanti\u010dnije partnere. I obavezno poja\u010dajte zvuk, nemojte propustiti tapkanje gel noktiju po stolovima na kojima njihovi likovi ispijaju kavu.<\/p>\n<p>Dru\u0161tvene mre\u017ee ne trpe ulickane kadrove pa su za uspjeh Ivinih i Glorijinih videa zasigurno zaslu\u017eni improvizacija i drugarstvo koji pr\u0161te iz svake re\u010denice. Pri\u010daju nam kako te\u010de njihov kreativni proces: &#8220;Vrlo je jednostavno. Smislimo temu, pripremimo rekvizite, namjestimo kadar i upalimo kameru. Ve\u0107 se toliko dobro poznajemo da nemamo potrebu za velikim pripremama. Likovi su nastali spontano i odlu\u010dile smo ih nastaviti razvijati kroz razne situacije. Tako danas imamo seriju videa o mamama iz Zagreba, Dubrovnika i Splita, seriju indijskih i meksi\u010dkih sapunica, a tu i tamo volimo ubaciti i nove likove kao u videu o generaciji Z. Na\u0161 jedini problem je \u0161to bi mogle improvizirati unedogled.&#8221;<\/p>\n<p>Spomenuti ske\u010d prijateljica koje sjede na Stradunu i broje eure od sezone jedan je od njihovih gledanijih videa. Gloria i Iva misle da je to znak da su Dube i Cvijeta &#8220;&#8221;najto\u010dniji&#8221; likovi. &#8220;Volimo se zezati da kada objavimo Dubu i Cvijetu, u Dubrovniku zapu\u0161e bura od silnih reakcija. Velik broj ljudi se na\u0161ao uvrije\u0111enim, a ima i onih Dubrov\u010dana koji shva\u0107aju satiru i podr\u017eavaju nas. Ne vrije\u0111aju nas negativni komentari, neki nas i dobro nasmiju i inspiracija su za nove videe o Dubrovniku&#8221;.<\/p>\n<p>&#8220;Nanervirala sam se i smijala u isto vrijeme&#8221;, jedan je od komentara na video &#8220;\u0160to va\u0161a djeca jedu&#8221;, koji nas je upoznao sa zagreba\u010dkim supermamama i njihovom djecom uvijek originalnih imena: Kri\u0161nom, Marcipanom, Eustahijem i Amandom Luis. O reakcijama na serijal Gloria i Iva ka\u017eu: &#8220;Javlja nam se jako puno \u017eena. Jednom smo dobile poruku od \u017eene koja je u bolnici \u010duvala trudno\u0107u. Rekla je da joj na\u0161 humor i na\u0161i videi poma\u017eu da prebrodi te\u0161ke dane i na\u0161alila se da se nada da joj ne\u0107e prijevremeno puknuti vodenjak od smijeha. Takve nas poruke jako ispune i daju nam inspiraciju da i dalje stvaramo sadr\u017eaj. Na\u0161i ske\u010devi govore mamama \u2013 niste same u ovome, nekad je te\u0161ko, neke su situacije jako naporne, ali glavu gore, pro\u0107i \u0107e&#8221;.<\/p>\n<p>Mu\u017eevi mladih Zagrep\u010danki su u videima nevidljivi, ali itekako prisutni: &#8220;Likovi Bo\u017ee i Ive su sredstvo kojim se slu\u017eimo kako bi \u0161to vi\u0161e istaknule problem ljubomore i nadmetanja koji obi\u010dno ima svako la\u017eno prijateljstvo, a koji je evidentan kod likova koje igramo. Bo\u017eo i Ivo su odsutni i pasivni unutar veze i nezainteresirani za odgoj djece. Humor se posti\u017ee time \u0161to junakinje vjeruju kako su oni savr\u0161eni i to je ono \u0161to ih \u010dini tragikomi\u010dnima&#8221;, poja\u0161njavaju Gloria i Iva.<\/p>\n<p>Podcast &#8220;Vajb&#8221; odmakao se od mahom milenijalskih tema i predstavio nam Patri$u, zumericu i trep kraljicu. Svakako bi bilo krind\u017e da jedna starija milenijalka prepri\u010dava video pa se skoncentirajmo na brokulu koju su Gloria i Iva koristile umjesto mikrofona: &#8220;Mo\u017eda smije\u0161no zvu\u010di, ali brokula to\u010dno opisuje kako vidimo generaciju Z! Zeleni, sa stavovima tvrdim kao stabljika, gorko-slatka poput njihovih dilema. Osim toga, primje\u0107ujemo da kod njih sve mora biti ludo i druga\u010dije pa smo samim time do\u0161le na ideju brokule, ali i kostima&#8221;.<\/p>\n<p>Vra\u0107amo se na tren na po\u010detke na\u0161eg dua \u2013 prvi video prijateljice su snimile prije deset godina. O tome kako je nastao ka\u017eu: &#8220;Jednu pauzu na fakultetu odlu\u010dile smo provesti na Zrinjevcu. Le\u017eale smo na travi, odmarale i odjednom nam je sinula ideja da upalimo kameru i snimamo. Odlu\u010dile smo da jedna bude voditeljica, a druga poznata osoba i da odglumimo intervju. Kako smo obje obo\u017eavateljice splitskog govora i mentaliteta, odlu\u010dile smo da i na\u0161i likovi budu iz Splita. Zrinjevac je glumio rivu. Video, koji je izgubljen u bespu\u0107ima interneta, trajao je desetak minuta i takva vrsta sadr\u017eaja, koliko god zabavna bila, ne bi dobro pro\u0161la kod dana\u0161nje publike jer na\u017ealost nitko vi\u0161e nema niti koncentracije, a ni vremena za du\u017ee formate.&#8221;<\/p>\n<p>U bespu\u0107ima interneta tako smo iskopali i videa u kojima Iva i Gloria ironiziraju srpske talk showove. Likovi Lady Jace i Milice odli\u010dno bi se uklopili i u kra\u0107e formate koje trpe dru\u0161tvene mre\u017ee i nestrpljiva publika, pa sugovornice ka\u017eu da vjeruju da \u0107e ih nekada vratiti i dati im novo ruho.<\/p>\n<p>Kako se nismo stigle dotaknuti videa u kojima su Iva i Gloria uronile u svijet sapunica, za sve nas koje smo odrasle na telenovelama (pa nam se, unato\u010d roditeljskom strahu, nije ni\u0161ta dogodilo), podsjetila bih na jedan od duhovitijih likova koji se zadnjih desetlje\u0107a pojavio na na\u0161im TV ekranima: rije\u010d je o Seki Odak u seriji &#8220;Ru\u017ea vjetrova&#8221; koju je odglumila <strong>Nives Ivakovi\u0107<\/strong>. A o uzorima na doma\u0107oj sceni Gloria i Iva ka\u017eu: &#8220;Oko nas je puno preduhovitih kolega i kolegica za koje \u0161ira javnost ne zna jer ne ide u kazali\u0161te, kao \u0161to ni za nas nitko nije znao dok nismo po\u010dele objavljivati na mre\u017eama. Sli\u010dan slu\u010daj se dogodio puno prije nas, a rije\u010d je o sada velikoj balkanskoj zvijezdi, glumici <strong>Sandri Sila\u0111ev<\/strong>. Ona je napravila eksploziju na dru\u0161tvenim mre\u017eama i postigla ogroman uspjeh. Mislimo da je fenomenalno iskoristila blagodati mre\u017ea i preusmjerila publiku u kazali\u0161te, a znamo koliko je danas te\u0161ko ljude odmaknuti od telefona. Volimo re\u0107i da su nam uzor svi ljudi koji nam izmame osmijeh na lice i od kojih nas zabole trbu\u0161ni mi\u0161i\u0107i, bili oni kolege glumci ili ne&#8221;.<\/p>\n<p>\u0160to se inozemnih preferenci i utjecaja ti\u010de, Gloria prati <strong>Rickyija Gervaisea<\/strong> i velika je obo\u017eavateljica serije &#8220;Prijatelji&#8221;, dok Iva puno gluma\u010dke inspiracije crpi iz serije &#8220;The Office&#8221;.<\/p>\n<p>O preusmjeravanju publike u kazali\u0161te razmi\u0161ljaju i na\u0161e sugovornice pa tako uza svoje gluma\u010dke anga\u017emane raspisuju dramski tekst naslonjen na njihove ske\u010deve. &#8220;Premijeru mo\u017eete o\u010dekivati po\u010detkom tre\u0107eg mjeseca 2025. godine. Mislile smo da \u0107e biti te\u0161ko raspisati tako kratke videe, ali \u010dim smo krenule pisati sve je i\u0161lo glatko, toliko glatko da mislimo da \u0107emo morati kratiti tekst. Jako se veselimo napraviti predstavu jer nam je to i bio cilj od samog po\u010detka i jako smo sretne da imamo priliku ostvariti ga&#8221;, govore nam Gloria i Iva.<\/p>\n<p>A vi, <em>like<\/em>, <em>share<\/em>, <em>subscribe<\/em>, pa u martu trk u teatar!<\/p>\n<p><em>pi\u0161e Vedrana Bibi\u0107<\/em><\/p>\n","protected":false},"excerpt":{"rendered":"<p>Jednom smo dobile poruku od \u017eene koja je u bolnici \u010duvala trudno\u0107u. Rekla je da se nada da joj od na\u0161ih videa ne\u0107e prijevremeno puknuti vodenjak od smijeha, pri\u010daju za Nadu Gloria Dubelj i Iva \u0160imi\u0107 \u0160akoranja, autorice ske\u010deva na Instagramu i TikToku<\/p>\n","protected":false},"featured_media":5641,"template":"","tags":[136],"atribut":[],"class_list":["post-5642","nada","type-nada","status-publish","has-post-thumbnail","hentry","tag-portret"],"acf":[],"yoast_head":"<!-- This site is optimized with the Yoast SEO plugin v27.4 - https:\/\/yoast.com\/product\/yoast-seo-wordpress\/ -->\n<title>Ske\u010d majstorice - SDF - Srpski demokratski forum<\/title>\n<meta name=\"robots\" content=\"index, follow, max-snippet:-1, max-image-preview:large, max-video-preview:-1\" \/>\n<link rel=\"canonical\" href=\"https:\/\/sdf.hr\/hr\/nada\/skec-majstorice\/\" \/>\n<meta property=\"og:locale\" content=\"hr_HR\" \/>\n<meta property=\"og:type\" content=\"article\" \/>\n<meta property=\"og:title\" content=\"Ske\u010d majstorice - SDF - Srpski demokratski forum\" \/>\n<meta property=\"og:description\" content=\"Jednom smo dobile poruku od \u017eene koja je u bolnici \u010duvala trudno\u0107u. Rekla je da se nada da joj od na\u0161ih videa ne\u0107e prijevremeno puknuti vodenjak od smijeha, pri\u010daju za Nadu Gloria Dubelj i Iva \u0160imi\u0107 \u0160akoranja, autorice ske\u010deva na Instagramu i TikToku\" \/>\n<meta property=\"og:url\" content=\"https:\/\/sdf.hr\/hr\/nada\/skec-majstorice\/\" \/>\n<meta property=\"og:site_name\" content=\"SDF - Srpski demokratski forum\" \/>\n<meta name=\"twitter:card\" content=\"summary_large_image\" \/>\n<meta name=\"twitter:label1\" content=\"Procijenjeno vrijeme \u010ditanja\" \/>\n\t<meta name=\"twitter:data1\" content=\"6 minuta\" \/>\n<script type=\"application\/ld+json\" class=\"yoast-schema-graph\">{\"@context\":\"https:\\\/\\\/schema.org\",\"@graph\":[{\"@type\":\"WebPage\",\"@id\":\"https:\\\/\\\/sdf.hr\\\/hr\\\/nada\\\/skec-majstorice\\\/\",\"url\":\"https:\\\/\\\/sdf.hr\\\/hr\\\/nada\\\/skec-majstorice\\\/\",\"name\":\"Ske\u010d majstorice - SDF - Srpski demokratski forum\",\"isPartOf\":{\"@id\":\"https:\\\/\\\/sdf.hr\\\/#website\"},\"primaryImageOfPage\":{\"@id\":\"https:\\\/\\\/sdf.hr\\\/hr\\\/nada\\\/skec-majstorice\\\/#primaryimage\"},\"image\":{\"@id\":\"https:\\\/\\\/sdf.hr\\\/hr\\\/nada\\\/skec-majstorice\\\/#primaryimage\"},\"thumbnailUrl\":\"https:\\\/\\\/sdf.hr\\\/wp-content\\\/uploads\\\/2024\\\/11\\\/Gloria-i-Iva_privatna-arhiva.jpg\",\"datePublished\":\"2024-11-15T11:09:40+00:00\",\"breadcrumb\":{\"@id\":\"https:\\\/\\\/sdf.hr\\\/hr\\\/nada\\\/skec-majstorice\\\/#breadcrumb\"},\"inLanguage\":\"hr\",\"potentialAction\":[{\"@type\":\"ReadAction\",\"target\":[\"https:\\\/\\\/sdf.hr\\\/hr\\\/nada\\\/skec-majstorice\\\/\"]}]},{\"@type\":\"ImageObject\",\"inLanguage\":\"hr\",\"@id\":\"https:\\\/\\\/sdf.hr\\\/hr\\\/nada\\\/skec-majstorice\\\/#primaryimage\",\"url\":\"https:\\\/\\\/sdf.hr\\\/wp-content\\\/uploads\\\/2024\\\/11\\\/Gloria-i-Iva_privatna-arhiva.jpg\",\"contentUrl\":\"https:\\\/\\\/sdf.hr\\\/wp-content\\\/uploads\\\/2024\\\/11\\\/Gloria-i-Iva_privatna-arhiva.jpg\",\"width\":2316,\"height\":2126,\"caption\":\"Gloria i Iva (Foto: Privatna arhiva)\"},{\"@type\":\"BreadcrumbList\",\"@id\":\"https:\\\/\\\/sdf.hr\\\/hr\\\/nada\\\/skec-majstorice\\\/#breadcrumb\",\"itemListElement\":[{\"@type\":\"ListItem\",\"position\":1,\"name\":\"Po\u010detna stranica\",\"item\":\"https:\\\/\\\/sdf.hr\\\/hr\\\/\"},{\"@type\":\"ListItem\",\"position\":2,\"name\":\"Nada\",\"item\":\"https:\\\/\\\/sdf.hr\\\/nada\\\/\"},{\"@type\":\"ListItem\",\"position\":3,\"name\":\"Ske\u010d majstorice\"}]},{\"@type\":\"WebSite\",\"@id\":\"https:\\\/\\\/sdf.hr\\\/#website\",\"url\":\"https:\\\/\\\/sdf.hr\\\/\",\"name\":\"SDF - Srpski demokratski forum\",\"description\":\"Srpski demokratski forum\",\"publisher\":{\"@id\":\"https:\\\/\\\/sdf.hr\\\/#organization\"},\"potentialAction\":[{\"@type\":\"SearchAction\",\"target\":{\"@type\":\"EntryPoint\",\"urlTemplate\":\"https:\\\/\\\/sdf.hr\\\/?s={search_term_string}\"},\"query-input\":{\"@type\":\"PropertyValueSpecification\",\"valueRequired\":true,\"valueName\":\"search_term_string\"}}],\"inLanguage\":\"hr\"},{\"@type\":\"Organization\",\"@id\":\"https:\\\/\\\/sdf.hr\\\/#organization\",\"name\":\"SDF - Srpski demokratski forum\",\"url\":\"https:\\\/\\\/sdf.hr\\\/\",\"logo\":{\"@type\":\"ImageObject\",\"inLanguage\":\"hr\",\"@id\":\"https:\\\/\\\/sdf.hr\\\/#\\\/schema\\\/logo\\\/image\\\/\",\"url\":\"https:\\\/\\\/sdf.hr\\\/wp-content\\\/uploads\\\/2021\\\/07\\\/logo-hr.svg\",\"contentUrl\":\"https:\\\/\\\/sdf.hr\\\/wp-content\\\/uploads\\\/2021\\\/07\\\/logo-hr.svg\",\"width\":271,\"height\":100,\"caption\":\"SDF - Srpski demokratski forum\"},\"image\":{\"@id\":\"https:\\\/\\\/sdf.hr\\\/#\\\/schema\\\/logo\\\/image\\\/\"}}]}<\/script>\n<!-- \/ Yoast SEO plugin. -->","yoast_head_json":{"title":"Ske\u010d majstorice - SDF - Srpski demokratski forum","robots":{"index":"index","follow":"follow","max-snippet":"max-snippet:-1","max-image-preview":"max-image-preview:large","max-video-preview":"max-video-preview:-1"},"canonical":"https:\/\/sdf.hr\/hr\/nada\/skec-majstorice\/","og_locale":"hr_HR","og_type":"article","og_title":"Ske\u010d majstorice - SDF - Srpski demokratski forum","og_description":"Jednom smo dobile poruku od \u017eene koja je u bolnici \u010duvala trudno\u0107u. Rekla je da se nada da joj od na\u0161ih videa ne\u0107e prijevremeno puknuti vodenjak od smijeha, pri\u010daju za Nadu Gloria Dubelj i Iva \u0160imi\u0107 \u0160akoranja, autorice ske\u010deva na Instagramu i TikToku","og_url":"https:\/\/sdf.hr\/hr\/nada\/skec-majstorice\/","og_site_name":"SDF - Srpski demokratski forum","twitter_card":"summary_large_image","twitter_misc":{"Procijenjeno vrijeme \u010ditanja":"6 minuta"},"schema":{"@context":"https:\/\/schema.org","@graph":[{"@type":"WebPage","@id":"https:\/\/sdf.hr\/hr\/nada\/skec-majstorice\/","url":"https:\/\/sdf.hr\/hr\/nada\/skec-majstorice\/","name":"Ske\u010d majstorice - SDF - Srpski demokratski forum","isPartOf":{"@id":"https:\/\/sdf.hr\/#website"},"primaryImageOfPage":{"@id":"https:\/\/sdf.hr\/hr\/nada\/skec-majstorice\/#primaryimage"},"image":{"@id":"https:\/\/sdf.hr\/hr\/nada\/skec-majstorice\/#primaryimage"},"thumbnailUrl":"https:\/\/sdf.hr\/wp-content\/uploads\/2024\/11\/Gloria-i-Iva_privatna-arhiva.jpg","datePublished":"2024-11-15T11:09:40+00:00","breadcrumb":{"@id":"https:\/\/sdf.hr\/hr\/nada\/skec-majstorice\/#breadcrumb"},"inLanguage":"hr","potentialAction":[{"@type":"ReadAction","target":["https:\/\/sdf.hr\/hr\/nada\/skec-majstorice\/"]}]},{"@type":"ImageObject","inLanguage":"hr","@id":"https:\/\/sdf.hr\/hr\/nada\/skec-majstorice\/#primaryimage","url":"https:\/\/sdf.hr\/wp-content\/uploads\/2024\/11\/Gloria-i-Iva_privatna-arhiva.jpg","contentUrl":"https:\/\/sdf.hr\/wp-content\/uploads\/2024\/11\/Gloria-i-Iva_privatna-arhiva.jpg","width":2316,"height":2126,"caption":"Gloria i Iva (Foto: Privatna arhiva)"},{"@type":"BreadcrumbList","@id":"https:\/\/sdf.hr\/hr\/nada\/skec-majstorice\/#breadcrumb","itemListElement":[{"@type":"ListItem","position":1,"name":"Po\u010detna stranica","item":"https:\/\/sdf.hr\/hr\/"},{"@type":"ListItem","position":2,"name":"Nada","item":"https:\/\/sdf.hr\/nada\/"},{"@type":"ListItem","position":3,"name":"Ske\u010d majstorice"}]},{"@type":"WebSite","@id":"https:\/\/sdf.hr\/#website","url":"https:\/\/sdf.hr\/","name":"SDF - Srpski demokratski forum","description":"Srpski demokratski forum","publisher":{"@id":"https:\/\/sdf.hr\/#organization"},"potentialAction":[{"@type":"SearchAction","target":{"@type":"EntryPoint","urlTemplate":"https:\/\/sdf.hr\/?s={search_term_string}"},"query-input":{"@type":"PropertyValueSpecification","valueRequired":true,"valueName":"search_term_string"}}],"inLanguage":"hr"},{"@type":"Organization","@id":"https:\/\/sdf.hr\/#organization","name":"SDF - Srpski demokratski forum","url":"https:\/\/sdf.hr\/","logo":{"@type":"ImageObject","inLanguage":"hr","@id":"https:\/\/sdf.hr\/#\/schema\/logo\/image\/","url":"https:\/\/sdf.hr\/wp-content\/uploads\/2021\/07\/logo-hr.svg","contentUrl":"https:\/\/sdf.hr\/wp-content\/uploads\/2021\/07\/logo-hr.svg","width":271,"height":100,"caption":"SDF - Srpski demokratski forum"},"image":{"@id":"https:\/\/sdf.hr\/#\/schema\/logo\/image\/"}}]}},"_links":{"self":[{"href":"https:\/\/sdf.hr\/hr\/wp-json\/wp\/v2\/nada\/5642","targetHints":{"allow":["GET"]}}],"collection":[{"href":"https:\/\/sdf.hr\/hr\/wp-json\/wp\/v2\/nada"}],"about":[{"href":"https:\/\/sdf.hr\/hr\/wp-json\/wp\/v2\/types\/nada"}],"wp:featuredmedia":[{"embeddable":true,"href":"https:\/\/sdf.hr\/hr\/wp-json\/wp\/v2\/media\/5641"}],"wp:attachment":[{"href":"https:\/\/sdf.hr\/hr\/wp-json\/wp\/v2\/media?parent=5642"}],"wp:term":[{"taxonomy":"post_tag","embeddable":true,"href":"https:\/\/sdf.hr\/hr\/wp-json\/wp\/v2\/tags?post=5642"},{"taxonomy":"atribut","embeddable":true,"href":"https:\/\/sdf.hr\/hr\/wp-json\/wp\/v2\/atribut?post=5642"}],"curies":[{"name":"wp","href":"https:\/\/api.w.org\/{rel}","templated":true}]}}