{"id":5646,"date":"2024-11-17T08:00:40","date_gmt":"2024-11-17T07:00:40","guid":{"rendered":"https:\/\/sdf.hr\/nada\/bundevasta-karubnjaca\/"},"modified":"2024-11-17T08:01:17","modified_gmt":"2024-11-17T07:01:17","slug":"bundevasta-karubnjaca","status":"publish","type":"nada","link":"https:\/\/sdf.hr\/hr\/nada\/bundevasta-karubnjaca\/","title":{"rendered":"Bundevasta karubnja\u010da"},"content":{"rendered":"<p>Na nedavno odr\u017eanoj dvadesetoj Bundevijadi sam imala gastro kutak gdje se moglo ku\u0161ati nekoliko jela, kruha, namaza i kola\u010da s bundevom. Jedna od posebno aromati\u010dnih slastica je bila i ova bundevasta karubnja\u010da s doma\u0107im kvascem odnosno starterom. Iza naziva se krije dizano slatko tijesto (poput onoga za makovnja\u010du ili orehnja\u010du) uz dodatak pirea od pe\u010dene bundeve, a u nadjevu je karub ili roga\u010d, tako\u0111er s dodatkom pirea pe\u010dene bundeve i naran\u010de. Ono \u0161to me odu\u0161evilo su prekrasna \u017euta boja, so\u010dnost tijesta i nadjeva, \u010demu je doprinijela bundeva te miris starinske slastice koji miluje na\u0161a sje\u0107anja i nepca.<\/p>\n<p>Recept koji i ina\u010de koristim za dizana tijesta ovog tipa je starinski, samo sam ga prilagodila svom doma\u0107em kvascu i dio teku\u0107ine sam zamijenila pireom pe\u010dene bundeve. Koristila sam vrstu poznatu pod imenom prin\u010deva kruna (zeleno sivkaste kore i \u017eutog mesa), a dobre su i mu\u0161katna te hokaido.<\/p>\n<p>Tijesta s doma\u0107im kvascem zahtijevaju strpljenje jer im treba dugo dok narastu, no zato nude bogatstvo arome, bolju probavljivost i taj neki starinski \u0161tih koji daje duga fermentacija. Ovu karubnja\u010du mo\u017eete umijesiti ujutro i bit \u0107e spremna za pe\u010denje u ve\u010dernjim satima, ali mo\u017eete tijesto staviti na hladnu fermentaciju pa nadjenuti i pe\u0107i idu\u0107eg dana. Naravno, mo\u017eete koristiti i obi\u010dan kvasac (svje\u017ei ili suhi) pa samo prilagodite vrijeme dizanja.<\/p>\n<p>&nbsp;<\/p>\n<p><strong><em>Sastojci za tijesto:<\/em><\/strong><\/p>\n<p>600 g glatkog p\u0161eni\u010dnog bra\u0161na<\/p>\n<p>50 g o\u0161trog p\u0161eni\u010dnog bra\u0161na<\/p>\n<p>150 ml mlakog mlijeka<\/p>\n<p>300 g pirea pe\u010dene bundeve<\/p>\n<p>100 g \u0161e\u0107era17<\/p>\n<p>80 g maslaca<\/p>\n<p>2 \u017eumanjka<\/p>\n<p>pola \u017eli\u010dice soli<\/p>\n<p>120 g \u010dvrstog, bijelog startera ili doma\u0107eg kvasca (mo\u017eete koristiti 25 g svje\u017eeg ili vre\u0107icu i pol suhog)<\/p>\n<p>naribana naran\u010dina ili limunova korica<\/p>\n<p>&nbsp;<\/p>\n<p><strong><em>Za nadjev od roga\u010da:<\/em><\/strong><\/p>\n<p>400 g mljevenog roga\u010da<\/p>\n<p>150 ml kipu\u0107eg mlijeka<\/p>\n<p>3 do 4 \u017elice pirea pe\u010dene bundeve (ovisno koliko \u0107e roga\u010d upiti)<\/p>\n<p>100 g \u0161e\u0107era<\/p>\n<p>sok i korica naran\u010de<\/p>\n<p>snijeg od 2 bjelanjka<\/p>\n<p>\u017eli\u010dica ruma<\/p>\n<p>&nbsp;<\/p>\n<p><strong><em>Priprema:<\/em><\/strong><\/p>\n<p>Maslac i jaja izvadite nekoliko sati ranije, maslac treba omek\u0161ati, a jaja neka budu sobne temperature. Za tijesto ugrijte mlijeko u lon\u010di\u0107u da bude mlako, dodajte bra\u0161no, \u017eumanjke (bjelanjke spremite za kasnije), pire bundeve, aktivan doma\u0107i kvasac, \u0161e\u0107er, sol, koricu naran\u010de i umijesite sve skupa u glatko tijesto. To radim u kuhinjskom robotu s kukom za tijesto. Nakon \u0161to je tijesto postalo glatko i gipko (pet do 10 min mije\u0161enja) pokrijte posudu i ostavite tijesto da se odmori nekih desetak minuta. Tek nakon \u0161to se tijesto opustilo dodajte maslac dio po dio. Mijesite jo\u0161 10 min dok tijesto ne bude glatko, sjajno i dok se ne po\u010dnu stvarati niti (to je znak da se razvio gluten). Prekrijte posudu i ostavite da se di\u017ee. Nakon dva do tri sata mo\u017eete tijesto spremiti na hladnu fermentaciju u hladnjak do idu\u0107eg dana. Ukoliko \u0107ete pe\u0107i istog dana, pri\u010dekajte da se tijesto skoro udvostru\u010di. To \u0107e ovisiti o temperaturi prostorije (kod mene je bilo 24 stupnja i nakon \u0161est sati dizanja sam krenula na nadijevanje kola\u010da, a ukupno dizanje do pe\u010denja je trajalo osam sati).<\/p>\n<p>Dok se tijesto di\u017ee, pripremite nadjev. Za nadjev pomije\u0161ajte roga\u010d sa \u0161e\u0107erom i prelijte kipu\u0107im mlijekom. Dodajte naran\u010dinu koricu i sok, pire bundeve i rum te ostavite da se ohladi. U hladnu smjesu umije\u0161ajte snijeg od bjelanjaka. Isto tako mo\u017eete pripremiti nadjev od maka.<\/p>\n<p>Tijesto istresite na pobra\u0161njenu podlogu i podijelite na dva dijela. Od svakog dijela oblikujte pravokutnik tijesta koji nje\u017eno rastanjite valjkom i rukama. Na svaki rasporedite nadjev. Zarolajte i stavite \u0161truce na papir za pe\u010denje u protvan ili na lim za pe\u010denje. Pokrijte i ostavite da se di\u017ee jo\u0161 nekoliko sati ako je iz hladnjaka odnosno sat ili dva ako je tijesto sobne temperature. Prema\u017eite razmu\u0107enim jajetom, izbodite drvenim \u0161tapi\u0107em na par mjesta i pecite u zagrijanoj pe\u0107nici na 160 stupnjeva oko do 45 do 55 minuta. Kad porumeni, gotovo je. Re\u017eite i poslu\u017eite tek kada se potpuno ohladi.<\/p>\n<p>Dobar tek!<\/p>\n<p><em>pi\u0161e Valentina Vukadinovi\u0107<\/em><\/p>\n","protected":false},"excerpt":{"rendered":"<p>Ovu karubnja\u010du mo\u017eete umijesiti ujutro i bit \u0107e spremna za pe\u010denje u ve\u010dernjim satima, a tijesto mo\u017eete staviti i na hladnu fermentaciju pa nadjenuti i pe\u0107i idu\u0107eg dana<\/p>\n","protected":false},"featured_media":5645,"template":"","tags":[42],"atribut":[],"class_list":["post-5646","nada","type-nada","status-publish","has-post-thumbnail","hentry","tag-gorski-kotao"],"acf":[],"yoast_head":"<!-- This site is optimized with the Yoast SEO plugin v27.4 - https:\/\/yoast.com\/product\/yoast-seo-wordpress\/ -->\n<title>Bundevasta karubnja\u010da - SDF - Srpski demokratski forum<\/title>\n<meta name=\"robots\" content=\"index, follow, max-snippet:-1, max-image-preview:large, max-video-preview:-1\" \/>\n<link rel=\"canonical\" href=\"https:\/\/sdf.hr\/hr\/nada\/bundevasta-karubnjaca\/\" \/>\n<meta property=\"og:locale\" content=\"hr_HR\" \/>\n<meta property=\"og:type\" content=\"article\" \/>\n<meta property=\"og:title\" content=\"Bundevasta karubnja\u010da - SDF - Srpski demokratski forum\" \/>\n<meta property=\"og:description\" content=\"Ovu karubnja\u010du mo\u017eete umijesiti ujutro i bit \u0107e spremna za pe\u010denje u ve\u010dernjim satima, a tijesto mo\u017eete staviti i na hladnu fermentaciju pa nadjenuti i pe\u0107i idu\u0107eg dana\" \/>\n<meta property=\"og:url\" content=\"https:\/\/sdf.hr\/hr\/nada\/bundevasta-karubnjaca\/\" \/>\n<meta property=\"og:site_name\" content=\"SDF - Srpski demokratski forum\" \/>\n<meta property=\"article:modified_time\" content=\"2024-11-17T07:01:17+00:00\" \/>\n<meta property=\"og:image\" content=\"https:\/\/sdf.hr\/wp-content\/uploads\/2024\/11\/Karubnjaca-scaled.jpg\" \/>\n\t<meta property=\"og:image:width\" content=\"2560\" \/>\n\t<meta property=\"og:image:height\" content=\"1920\" \/>\n\t<meta property=\"og:image:type\" content=\"image\/jpeg\" \/>\n<meta name=\"twitter:card\" content=\"summary_large_image\" \/>\n<meta name=\"twitter:label1\" content=\"Procijenjeno vrijeme \u010ditanja\" \/>\n\t<meta name=\"twitter:data1\" content=\"4 minute\" \/>\n<script type=\"application\/ld+json\" class=\"yoast-schema-graph\">{\"@context\":\"https:\\\/\\\/schema.org\",\"@graph\":[{\"@type\":\"WebPage\",\"@id\":\"https:\\\/\\\/sdf.hr\\\/hr\\\/nada\\\/bundevasta-karubnjaca\\\/\",\"url\":\"https:\\\/\\\/sdf.hr\\\/hr\\\/nada\\\/bundevasta-karubnjaca\\\/\",\"name\":\"Bundevasta karubnja\u010da - SDF - Srpski demokratski forum\",\"isPartOf\":{\"@id\":\"https:\\\/\\\/sdf.hr\\\/#website\"},\"primaryImageOfPage\":{\"@id\":\"https:\\\/\\\/sdf.hr\\\/hr\\\/nada\\\/bundevasta-karubnjaca\\\/#primaryimage\"},\"image\":{\"@id\":\"https:\\\/\\\/sdf.hr\\\/hr\\\/nada\\\/bundevasta-karubnjaca\\\/#primaryimage\"},\"thumbnailUrl\":\"https:\\\/\\\/sdf.hr\\\/wp-content\\\/uploads\\\/2024\\\/11\\\/Karubnjaca-scaled.jpg\",\"datePublished\":\"2024-11-17T07:00:40+00:00\",\"dateModified\":\"2024-11-17T07:01:17+00:00\",\"breadcrumb\":{\"@id\":\"https:\\\/\\\/sdf.hr\\\/hr\\\/nada\\\/bundevasta-karubnjaca\\\/#breadcrumb\"},\"inLanguage\":\"hr\",\"potentialAction\":[{\"@type\":\"ReadAction\",\"target\":[\"https:\\\/\\\/sdf.hr\\\/hr\\\/nada\\\/bundevasta-karubnjaca\\\/\"]}]},{\"@type\":\"ImageObject\",\"inLanguage\":\"hr\",\"@id\":\"https:\\\/\\\/sdf.hr\\\/hr\\\/nada\\\/bundevasta-karubnjaca\\\/#primaryimage\",\"url\":\"https:\\\/\\\/sdf.hr\\\/wp-content\\\/uploads\\\/2024\\\/11\\\/Karubnjaca-scaled.jpg\",\"contentUrl\":\"https:\\\/\\\/sdf.hr\\\/wp-content\\\/uploads\\\/2024\\\/11\\\/Karubnjaca-scaled.jpg\",\"width\":2560,\"height\":1920},{\"@type\":\"BreadcrumbList\",\"@id\":\"https:\\\/\\\/sdf.hr\\\/hr\\\/nada\\\/bundevasta-karubnjaca\\\/#breadcrumb\",\"itemListElement\":[{\"@type\":\"ListItem\",\"position\":1,\"name\":\"Po\u010detna stranica\",\"item\":\"https:\\\/\\\/sdf.hr\\\/hr\\\/\"},{\"@type\":\"ListItem\",\"position\":2,\"name\":\"Nada\",\"item\":\"https:\\\/\\\/sdf.hr\\\/nada\\\/\"},{\"@type\":\"ListItem\",\"position\":3,\"name\":\"Bundevasta karubnja\u010da\"}]},{\"@type\":\"WebSite\",\"@id\":\"https:\\\/\\\/sdf.hr\\\/#website\",\"url\":\"https:\\\/\\\/sdf.hr\\\/\",\"name\":\"SDF - Srpski demokratski forum\",\"description\":\"Srpski demokratski forum\",\"publisher\":{\"@id\":\"https:\\\/\\\/sdf.hr\\\/#organization\"},\"potentialAction\":[{\"@type\":\"SearchAction\",\"target\":{\"@type\":\"EntryPoint\",\"urlTemplate\":\"https:\\\/\\\/sdf.hr\\\/?s={search_term_string}\"},\"query-input\":{\"@type\":\"PropertyValueSpecification\",\"valueRequired\":true,\"valueName\":\"search_term_string\"}}],\"inLanguage\":\"hr\"},{\"@type\":\"Organization\",\"@id\":\"https:\\\/\\\/sdf.hr\\\/#organization\",\"name\":\"SDF - Srpski demokratski forum\",\"url\":\"https:\\\/\\\/sdf.hr\\\/\",\"logo\":{\"@type\":\"ImageObject\",\"inLanguage\":\"hr\",\"@id\":\"https:\\\/\\\/sdf.hr\\\/#\\\/schema\\\/logo\\\/image\\\/\",\"url\":\"https:\\\/\\\/sdf.hr\\\/wp-content\\\/uploads\\\/2021\\\/07\\\/logo-hr.svg\",\"contentUrl\":\"https:\\\/\\\/sdf.hr\\\/wp-content\\\/uploads\\\/2021\\\/07\\\/logo-hr.svg\",\"width\":271,\"height\":100,\"caption\":\"SDF - Srpski demokratski forum\"},\"image\":{\"@id\":\"https:\\\/\\\/sdf.hr\\\/#\\\/schema\\\/logo\\\/image\\\/\"}}]}<\/script>\n<!-- \/ Yoast SEO plugin. -->","yoast_head_json":{"title":"Bundevasta karubnja\u010da - SDF - Srpski demokratski forum","robots":{"index":"index","follow":"follow","max-snippet":"max-snippet:-1","max-image-preview":"max-image-preview:large","max-video-preview":"max-video-preview:-1"},"canonical":"https:\/\/sdf.hr\/hr\/nada\/bundevasta-karubnjaca\/","og_locale":"hr_HR","og_type":"article","og_title":"Bundevasta karubnja\u010da - SDF - Srpski demokratski forum","og_description":"Ovu karubnja\u010du mo\u017eete umijesiti ujutro i bit \u0107e spremna za pe\u010denje u ve\u010dernjim satima, a tijesto mo\u017eete staviti i na hladnu fermentaciju pa nadjenuti i pe\u0107i idu\u0107eg dana","og_url":"https:\/\/sdf.hr\/hr\/nada\/bundevasta-karubnjaca\/","og_site_name":"SDF - Srpski demokratski forum","article_modified_time":"2024-11-17T07:01:17+00:00","og_image":[{"width":2560,"height":1920,"url":"https:\/\/sdf.hr\/wp-content\/uploads\/2024\/11\/Karubnjaca-scaled.jpg","type":"image\/jpeg"}],"twitter_card":"summary_large_image","twitter_misc":{"Procijenjeno vrijeme \u010ditanja":"4 minute"},"schema":{"@context":"https:\/\/schema.org","@graph":[{"@type":"WebPage","@id":"https:\/\/sdf.hr\/hr\/nada\/bundevasta-karubnjaca\/","url":"https:\/\/sdf.hr\/hr\/nada\/bundevasta-karubnjaca\/","name":"Bundevasta karubnja\u010da - SDF - Srpski demokratski forum","isPartOf":{"@id":"https:\/\/sdf.hr\/#website"},"primaryImageOfPage":{"@id":"https:\/\/sdf.hr\/hr\/nada\/bundevasta-karubnjaca\/#primaryimage"},"image":{"@id":"https:\/\/sdf.hr\/hr\/nada\/bundevasta-karubnjaca\/#primaryimage"},"thumbnailUrl":"https:\/\/sdf.hr\/wp-content\/uploads\/2024\/11\/Karubnjaca-scaled.jpg","datePublished":"2024-11-17T07:00:40+00:00","dateModified":"2024-11-17T07:01:17+00:00","breadcrumb":{"@id":"https:\/\/sdf.hr\/hr\/nada\/bundevasta-karubnjaca\/#breadcrumb"},"inLanguage":"hr","potentialAction":[{"@type":"ReadAction","target":["https:\/\/sdf.hr\/hr\/nada\/bundevasta-karubnjaca\/"]}]},{"@type":"ImageObject","inLanguage":"hr","@id":"https:\/\/sdf.hr\/hr\/nada\/bundevasta-karubnjaca\/#primaryimage","url":"https:\/\/sdf.hr\/wp-content\/uploads\/2024\/11\/Karubnjaca-scaled.jpg","contentUrl":"https:\/\/sdf.hr\/wp-content\/uploads\/2024\/11\/Karubnjaca-scaled.jpg","width":2560,"height":1920},{"@type":"BreadcrumbList","@id":"https:\/\/sdf.hr\/hr\/nada\/bundevasta-karubnjaca\/#breadcrumb","itemListElement":[{"@type":"ListItem","position":1,"name":"Po\u010detna stranica","item":"https:\/\/sdf.hr\/hr\/"},{"@type":"ListItem","position":2,"name":"Nada","item":"https:\/\/sdf.hr\/nada\/"},{"@type":"ListItem","position":3,"name":"Bundevasta karubnja\u010da"}]},{"@type":"WebSite","@id":"https:\/\/sdf.hr\/#website","url":"https:\/\/sdf.hr\/","name":"SDF - Srpski demokratski forum","description":"Srpski demokratski forum","publisher":{"@id":"https:\/\/sdf.hr\/#organization"},"potentialAction":[{"@type":"SearchAction","target":{"@type":"EntryPoint","urlTemplate":"https:\/\/sdf.hr\/?s={search_term_string}"},"query-input":{"@type":"PropertyValueSpecification","valueRequired":true,"valueName":"search_term_string"}}],"inLanguage":"hr"},{"@type":"Organization","@id":"https:\/\/sdf.hr\/#organization","name":"SDF - Srpski demokratski forum","url":"https:\/\/sdf.hr\/","logo":{"@type":"ImageObject","inLanguage":"hr","@id":"https:\/\/sdf.hr\/#\/schema\/logo\/image\/","url":"https:\/\/sdf.hr\/wp-content\/uploads\/2021\/07\/logo-hr.svg","contentUrl":"https:\/\/sdf.hr\/wp-content\/uploads\/2021\/07\/logo-hr.svg","width":271,"height":100,"caption":"SDF - Srpski demokratski forum"},"image":{"@id":"https:\/\/sdf.hr\/#\/schema\/logo\/image\/"}}]}},"_links":{"self":[{"href":"https:\/\/sdf.hr\/hr\/wp-json\/wp\/v2\/nada\/5646","targetHints":{"allow":["GET"]}}],"collection":[{"href":"https:\/\/sdf.hr\/hr\/wp-json\/wp\/v2\/nada"}],"about":[{"href":"https:\/\/sdf.hr\/hr\/wp-json\/wp\/v2\/types\/nada"}],"wp:featuredmedia":[{"embeddable":true,"href":"https:\/\/sdf.hr\/hr\/wp-json\/wp\/v2\/media\/5645"}],"wp:attachment":[{"href":"https:\/\/sdf.hr\/hr\/wp-json\/wp\/v2\/media?parent=5646"}],"wp:term":[{"taxonomy":"post_tag","embeddable":true,"href":"https:\/\/sdf.hr\/hr\/wp-json\/wp\/v2\/tags?post=5646"},{"taxonomy":"atribut","embeddable":true,"href":"https:\/\/sdf.hr\/hr\/wp-json\/wp\/v2\/atribut?post=5646"}],"curies":[{"name":"wp","href":"https:\/\/api.w.org\/{rel}","templated":true}]}}