{"id":5660,"date":"2024-11-24T11:09:45","date_gmt":"2024-11-24T10:09:45","guid":{"rendered":"https:\/\/sdf.hr\/nada\/marija-maruska-mileta-za-mene-je-aktivizam-identitet\/"},"modified":"2024-11-24T11:11:36","modified_gmt":"2024-11-24T10:11:36","slug":"marija-maruska-mileta-za-mene-je-aktivizam-identitet","status":"publish","type":"nada","link":"https:\/\/sdf.hr\/hr\/nada\/marija-maruska-mileta-za-mene-je-aktivizam-identitet\/","title":{"rendered":"Marija Maru\u0161ka Mileta: Za mene je aktivizam identitet"},"content":{"rendered":"<p>Ako ste u zadnjih petnaestak godina bili na zagreba\u010dkim protestima za za\u0161titu javnih dobara, na feministi\u010dkim mar\u0161evima ili okupljanjima za Palestinu, na akcijama za Var\u0161avsku ulicu ili bilo kojem bolje organiziranom dru\u0161tveno anga\u017eiranom doga\u0111aju, susreli ste <strong>Maru\u0161ku<\/strong>, a da mo\u017eda niste ni znali. <strong>Marija Maru\u0161ka Mileta<\/strong> aktivistkinja je u punokrvnom smislu te rije\u010di \u2013 ona je i feministkinja, voditeljica komunikacija i kampanje za napu\u0161tanje plina u Zelenoj akciji. Ro\u0111ena je 1990. u Sokolovu u \u010ce\u0161koj, a u Zagrebu ostaje \u017eivjeti, raditi i boriti se nakon studija novinarstva. S Maru\u0161kom smo razgovarale na kraju radnog dana u kojem za nju zapo\u010dinje druga i tre\u0107a smjena, volonterski rad u brojnim inicijativama, zadnjih godinu dana prvenstveno Inicijativi za slobodnu Palestinu.<\/p>\n<p><strong>Kao na svakoj dobroj psihoterapiji, krenimo od djetinjstva. Ro\u0111eni ste u \u010ce\u0161koj, a djetinjstvo i mladost proveli ste na otoku Hvaru. Kako je bilo odrastati na otoku kasnih devedesetih i ranih nultih?<\/strong><\/p>\n<p>Odrasla sam u Pitvama, mjestu koje je u vrijeme mog djetinjstva brojalo stotinjak ljudi. Mami mi je \u010cehinja pa smo bili tretirani kao <em>drugi<\/em> i <em>druga\u010diji<\/em>. U mojoj se obitelji \u010de\u0161ki i hrvatski jezik koristi ravnopravno \u2013 s mamom pri\u010dam \u010de\u0161ki, s tatom hrvatski. Osnovnu i srednju \u0161kolu zavr\u0161ila sam u Jelsi na Hvaru. Tada nije bilo puno mogu\u0107nosti za \u0161irenje horizonata u tako malom mjestu, de\u010dki su igrali nogomet, cure su mogle biti ma\u017eoretkinje, ali hit nam je bilo natjecanje iz prve pomo\u0107i, u jednom smo trenu bili osmi u dr\u017eavi! Plan je bio da odem studirati u \u010ce\u0161ku, ali, igrom slu\u010daja, zavr\u0161ila sam u Zagrebu na Fakultetu politi\u010dkih znanosti.<\/p>\n<p><strong>U Zagreb sti\u017eete na jesen 2009., za vrijeme druge blokade fakulteta na kojoj su se studenti borili za javno financirano obrazovanje. Jeste li se priklju\u010dili studentskom pokretu?<\/strong><\/p>\n<p>Blokada je bilo moje prvo i formativno aktivisti\u010dko iskustvo \u2013 kada odrasta\u0161 u malom mjestu, nema\u0161 nikakvo gra\u0111ansko obrazovanje, a i ne dolazim iz obitelji u kojoj se pri\u010dalo o politici. Kako sam po prirodi bila jako introvertirana, rad u kolektivu, ideja da si dio ne\u010deg \u0161to je ve\u0107e od tebe mi je bila bitna pa sam se aktivno priklju\u010dila organizaciji. Sudjelovanje na plenumima je bilo sjajno.<\/p>\n<p><strong>Kako se nastavio va\u0161 aktivisti\u010dki put nakon studentskih blokada?<\/strong><\/p>\n<p>Ostala sam aktivna na Fakultetu politi\u010dkih znanosti, radili smo na otvaranju kluba studenata, razmi\u0161ljali kako se uklju\u010diti u Studentski zbor i sveu\u010dili\u0161ne strukture i mijenjati ih, a na poziv kolegica <strong>Lovorke \u0160o\u0161i\u0107<\/strong> i <strong>Svjetlane Kne\u017eevi\u0107<\/strong> postala sam i jedna od urednica emisije &#8220;\u0160irenje podru\u010dja borbe&#8221; na Radio Studentu. Paralelno, priklju\u010dila sam se kampanji &#8220;Ne damo Var\u0161avsku&#8221;, u kojoj smo se borili protiv devastacije pje\u0161a\u010dke zone. Tamo sam se odmah po\u010dela baviti gra\u0111anskim neposluhom (smijeh), pro\u0161la sam treninge direktnih akcija jer smo imali dojave da \u0107e krenuti radovi pa je nas nekolicina bilo spremno za blokiranje. Sje\u0107am se no\u0107i kada smo po snijegu bili spojeni cijevima i prvog privo\u0111enja: ostala sam bez stvari pa mi je jedan kolega nakon pu\u0161tanja iz pritvora dao sto kuna i nakon \u0161to sam ne\u0161to pojela, \u010dekala sam cimericu iz doma na Savi da do\u0111e i otklju\u010da na\u0161u studentsku sobu. Uvijek me u svemu \u0161to radim dr\u017ei dobrota ljudi s kojima sura\u0111ujem i koje putem upoznajem. Nije dovoljan cilj za koji se bori\u0161 ako nisi okru\u017eena ljudima koji dijele taj osje\u0107aj.<\/p>\n<p><strong>&#8220;Svi bismo mi bili aktivisti da nam padne bomba na ku\u0107u. Po meni je to pitanje distance: \u0161to se pove\u0107ava distanca to smo manje aktivisti, odnosno imamo manje empatije i interesovanja&#8221;, izjavila je nedavno knji\u017eevnica Lana Basta\u0161i\u0107 za Kulturne Novosti. \u0160to je vama aktivizam, smatrate li se aktivistkinjom ili propitkujete taj termin?<\/strong><\/p>\n<p>Za mene je aktivizam identitet \u2013 ve\u0107inu \u017eivota posvetila sam razli\u010ditim vidovima aktivizama i stojim iza te rije\u010di. Kada pri\u010damo o predrasudama, \u010dinjenica je da u Hrvatskoj nema puno organizacija civilnog dru\u0161tva koje su aktivisti\u010dke, uglavnom su to zagovara\u010dke ili projektne organizacije koje nemaju otvorene aktivisti\u010dke grupe iz razli\u010ditih, uglavnom financijskih, ali i politi\u010dkih razloga. Paralelno, desni politi\u010dari i dio medija sustavno rade na tome da se aktivistima i NGO-ovima nalijepe etikete pla\u0107enika i neradnika \u0161to je daleko od istine. S druge strane, mnogi ljudi nam pi\u0161u, primjerice konkretno Zelenoj akciji, i upozoravaju nas na okoli\u0161ne devastacije i o\u010dekuju da \u0107e sve probleme ovog dru\u0161tva rije\u0161iti jedna organizacija i \u0161a\u010dica ljudi. Mislim da je najbolji put educirati ljude, pomo\u0107i im znanjem, kontaktima, medijskim pra\u0107enjem, osna\u017eiti ljude u lokalnim zajednicama da shvate da i oni mogu napraviti jako puno, da se njih ti\u010de i da su ja\u010di nego \u0161to misle. Odli\u010dan je primjer uspje\u0161na borba na vrelu Une. Samo se tako mo\u017ee ostvariti promjena, ne mogu je ostvariti sami NGO-ovi.<\/p>\n<figure id=\"attachment_5656\" aria-describedby=\"caption-attachment-5656\" style=\"width: 2560px\" class=\"wp-caption alignnone\"><img loading=\"lazy\" decoding=\"async\" class=\"wp-image-5656 size-full\" src=\"https:\/\/sdf.hr\/wp-content\/uploads\/2024\/11\/Mileta2_Sandro-Lendler-scaled.jpg\" alt=\"\" width=\"2560\" height=\"1706\" srcset=\"https:\/\/sdf.hr\/wp-content\/uploads\/2024\/11\/Mileta2_Sandro-Lendler-scaled.jpg 2560w, https:\/\/sdf.hr\/wp-content\/uploads\/2024\/11\/Mileta2_Sandro-Lendler-300x200.jpg 300w, https:\/\/sdf.hr\/wp-content\/uploads\/2024\/11\/Mileta2_Sandro-Lendler-1024x683.jpg 1024w, https:\/\/sdf.hr\/wp-content\/uploads\/2024\/11\/Mileta2_Sandro-Lendler-768x512.jpg 768w, https:\/\/sdf.hr\/wp-content\/uploads\/2024\/11\/Mileta2_Sandro-Lendler-1536x1024.jpg 1536w, https:\/\/sdf.hr\/wp-content\/uploads\/2024\/11\/Mileta2_Sandro-Lendler-2048x1365.jpg 2048w\" sizes=\"auto, (max-width: 2560px) 100vw, 2560px\" \/><figcaption id=\"caption-attachment-5656\" class=\"wp-caption-text\">Marija Maru\u0161ka Mileta (Foto: Sandro Lendler)<\/figcaption><\/figure>\n<p><strong>O problemu NGO-izacije aktivizma na civilnoj sceni puno se pri\u010da. Zelena akcija jedna je od nekolicine organizacija koja je uvijek imala otvorena vrata za sve, od Biciklopopravljaone, preko besplatnog ustupanja prostora mnogim inicijativama i kolektivima i dva je desetlje\u0107a otvorena za one kojima treba bilo kakva pomo\u0107. Kako ste se othrvali svijetu u kojem projektna logika pojede ve\u0107inu progresivnih ideja?<\/strong><\/p>\n<p>Ve\u0107ina nas u Zelenoj dijeli aktivisti\u010dki identitet i va\u017eno nam je zadr\u017eati o\u0161tricu. Mnoge kampanje koje radimo ne upadaju u projektnu logiku i nisu direktno financirane, iz poslovne perspektive nisu &#8220;odr\u017eive&#8221;, ali one su svrha na\u0161e organizacije. Istina, tema okoli\u0161a je u\u0161la u mejnstrim pa vi\u0161e stvari uspijemo progurati financijerima, \u0161to nam je pomoglo da se konstantno ne samoeksploatiramo. Aktivisti\u010dka grupa, kroz koju je pro\u0161la hrpa mladih, zasigurno je srce i du\u0161a na\u0161e organizacije, iako mladi imaju sve manje vremena zbog bolonjskog sustava visokog obrazovanja i rada uz studij. Tako\u0111er, budimo iskreni, do\u0161lo je do laganog zasi\u0107enja jer su metode koje smo koristili prije petnaest godina bile inovativne, a danas mo\u017eda vi\u0161e nisu pa puno razgovaramo na koji na\u010din postati jo\u0161 inovativniji, a i radikalniji.<\/p>\n<p><strong>Koja je najve\u0107a kampanja koju trenutno provodite?<\/strong><\/p>\n<p>Zajedno s inicijativom Stop Phaten Plastic Recycling radimo kampanju u Vrginmostu jer se pogon za preradu plastike tamo ve\u0107 trebao zatvoriti i uni\u0161tio je kvalitetu \u017eivota i zdravlje stanovnika.<\/p>\n<p><strong>Zelena akcija nikada nije bila usko shva\u0107ena kao okoli\u0161na organizacija, nego se uklju\u010divala i u mnoge druge borbe. Nai\u0161la sam na snimku tribine iz 2014. na kojoj poja\u0161njavate \u0161to je klimatska pravda, termin koji se sada gotovo podrazumijeva u okoli\u0161nim pokretima, a prije deset godina on je mnogima zvu\u010dao kao nepotrebno &#8220;\u0161irenje pite&#8221;.<\/strong><\/p>\n<p>Kada smo prije petnaest godina tupili da okoli\u0161ne teme ne mogu biti odvojene od socioekonomske i feministi\u010dke agende, gledali su nas kao lu\u0111ake. Zato se nikada nismo nazivali organizacijom za za\u0161titu prirode, nego okoli\u0161nom organizacijom jer okoli\u0161 uklju\u010duje i \u010dovjeka. Na\u0161e su teme vrlo \u0161iroke: od javnih dobara do bioraznolikosti, a solidarnost nam je izuzetno bitna i sve &#8220;druge&#8221; borbe, radni\u010dke, feministi\u010dke, LGBTIQ, smatramo svojima.<\/p>\n<p>Prije ste u globalnom i klimatskom pokretu imali struje koje su smatrale da se klimatske promjene moraju zaustaviti pod svaku cijenu, ne razmi\u0161ljaju\u0107i o neravnopravnosti, odnosno o razli\u010ditim utjecajima siroma\u0161nih i bogatih dijelova svijeta na emisije. Rasprava izme\u0111u takvih struja i nas koji smo pri\u010dali o klimatskoj pravdi kao centralnom terminu na\u0161eg rada dugo je trajala, ali danas je klimatska pravda ne\u0161to \u0161to je prihva\u0107eno.<\/p>\n<p><strong>Godinama ste bili aktivni u mre\u017ei Young Friends of the Earth Europe. Ljudi koji rade u organizacijama civilnog dru\u0161tva naj\u010de\u0161\u0107e izaberu ili rad na terenu ili zagovara\u010dki rad, a vi ste ih uvijek obavljali paralelno. Recite nam ne\u0161to o iskustvima evropskog umre\u017eavanja.<\/strong><\/p>\n<p>Uz blokadu i Var\u0161avsku, rad u Young Friends of the Earth Europe me oblikovao \u2013 bila sam u upravnom odboru i vodila grupe za klimu i komunikaciju pa sam dosta putovala i upoznala velik broj mladih iz Evrope i svijeta. Prvi smo u cijeloj mre\u017ei Prijatelja zemlje zagovarali intersekcionalnost, inzistirali smo da klimatske promjene moramo gledati kroz klasni, rasni i rodni rakurs. Organizirali smo treninge, radili s feministi\u010dkom pokretom i evropskim Black Lives Matter pokretom, organizirali kampove za mlade diljem kontinenta, prvi je bio kod nas na \u0160olti i me\u0111usobno smo se politi\u010dki educirali.<\/p>\n<p>Nikada ne\u0107u zaboraviti govor jednog kolege s Filipina, koji je na UN-ovoj klimatskoj konferenciji (COP 19) u Poljskoj 2013. odr\u017eao govor nakon stravi\u010dne katastrofe uzrokovane super tajfunom koji je ubio preko 6000 ljudi samo na Filipinima, \u010dak je tokom COP-a pokrenuo i \u0161trajk gla\u0111u. Takve stvari vas promijene, shvatite da je rije\u010d o na\u0161im \u017eivotima.<\/p>\n<p><strong>Sudjelovali ste na nekoliko COP-ova, kako komentirate recentni u Azerbajd\u017eanu?<\/strong><\/p>\n<p>Danas konferencijama prakti\u010dki predsjeda naftna industrija, prisutan je <em>greenwashing<\/em>, a u Azerbajd\u017eanu se de\u0161ava etni\u010dko \u010di\u0161\u0107enje Armenaca jer zahvaljuju\u0107i energetskoj ovisnosti Evrope o azerbajd\u017eanskom plinu i nafti, Azerbajd\u017ean uspijeva prikriti kr\u0161enja ljudskih prava.<\/p>\n<p><strong>Spomenule smo da su klimatske promjene postale mejnstrim tema. \u0160to nam to dobroga, a \u0161to lo\u0161ega donosi?<\/strong><\/p>\n<p>Okoli\u0161ne organizacije upozoravale su da \u0107e mejnstrimizacijom teme kapital nanju\u0161iti priliku \u2013 industrija je prisvojila termin odr\u017eivosti i danas je sve odr\u017eivo, upumpavaju se pare u brojne projekte i svjedo\u010dimo za\u010decima zelenog kapitalizma jer paralelno uz tehnolo\u0161ke promjene velike kompanije i dalje eksploatiraju radnike i zemlju. Va\u017eno je re\u0107i da mi vi\u0161e ne mo\u017eemo zaustaviti klimatske promjene na na\u010din na koji smo ih mogli zaustaviti prije 30 godina. Ovo \u0161to danas osje\u0107amo su posljedice emisija od prije 30-ak godina, ljudi moraju razumjeti da o svemu \u0161to danas radimo ovisi budu\u0107nost. Me\u0111uvladin panel za klimatske promjene (IPCC) objavljuje svakih \u0161est-sedam godina izvje\u0161\u0107e i u njemu ve\u0107 neko vrijeme istupaju neo\u010dekivano jasno i glasno, govore\u0107i da moramo transformirati cijeli sustav.<\/p>\n<p><strong>\u017delite re\u0107i da je klimatski konsenzus zapravo antikapitalisti\u010dki?<\/strong><\/p>\n<p>Tako je, nema zelene tranzicije unutar ovakvog sustava, ona nije mogu\u0107a. Istina je da su se napravili neki potezi, imamo Pari\u0161ki sporazum iz 2015. godine, ali sve je to nedovoljno, pogotovo jer Evropa ima povijesnu odgovornost za uzrokovanje klimatskih promjena.<\/p>\n<p>\u0160to se ti\u010de pokreta, ve\u0107 danas vidimo naznake radikalnijih akcija, koje uglavnom rade jako mladi ljudi jer se radi o njihovim \u017eivotima. Odgovor sistema na radikalne akcije je kriminalizacija aktivizma, primjerice u Velikoj Britaniji aktivisti do\u017eivljavaju brutalne penalizacije. Pitanje je koliko je ljudi spremno \u017ertvovati svoju ugodu za budu\u0107e generacije, koliko je ljudi spremno na otvorenu borbu. I ho\u0107e li taj broj biti dovoljan da ne\u0161to promijenimo. Ljudi na globalnom Jugu ve\u0107 dugo gube \u017eivote zbog ove teme, pitanje je ho\u0107e li se gra\u0111ani Europe probuditi makar nakon doga\u0111aja u Valenciji.<\/p>\n<figure id=\"attachment_5658\" aria-describedby=\"caption-attachment-5658\" style=\"width: 1706px\" class=\"wp-caption alignnone\"><img loading=\"lazy\" decoding=\"async\" class=\"wp-image-5658 size-full\" src=\"https:\/\/sdf.hr\/wp-content\/uploads\/2024\/11\/Mileta3_Sando-Lendler-scaled.jpg\" alt=\"\" width=\"1706\" height=\"2560\" srcset=\"https:\/\/sdf.hr\/wp-content\/uploads\/2024\/11\/Mileta3_Sando-Lendler-scaled.jpg 1706w, https:\/\/sdf.hr\/wp-content\/uploads\/2024\/11\/Mileta3_Sando-Lendler-200x300.jpg 200w, https:\/\/sdf.hr\/wp-content\/uploads\/2024\/11\/Mileta3_Sando-Lendler-683x1024.jpg 683w, https:\/\/sdf.hr\/wp-content\/uploads\/2024\/11\/Mileta3_Sando-Lendler-768x1152.jpg 768w, https:\/\/sdf.hr\/wp-content\/uploads\/2024\/11\/Mileta3_Sando-Lendler-1024x1536.jpg 1024w, https:\/\/sdf.hr\/wp-content\/uploads\/2024\/11\/Mileta3_Sando-Lendler-1365x2048.jpg 1365w\" sizes=\"auto, (max-width: 1706px) 100vw, 1706px\" \/><figcaption id=\"caption-attachment-5658\" class=\"wp-caption-text\">Marija Maru\u0161ka Mileta (Foto: Sandro Lendler)<\/figcaption><\/figure>\n<p><strong>A kakva je situacija u Hrvatskoj?<\/strong><\/p>\n<p>Nedavno je istra\u017eivanje Klimatskog portala potvrdilo ono \u0161to smo znali: ljudi su i kod nas svjesni klimatskih promjena, ali ne i urgentnosti djelovanja. A na\u0161a Vlada nema nikakve klimatske politike, ni\u0161ta sistemski, postave par solara i to je to. Ponavljam, bez mijenjanja ekonomskog modela ne\u0107emo mo\u0107i ni\u0161ta zna\u010dajno napraviti za budu\u0107e generacije.<\/p>\n<p><strong>Dio ljudi s civilne scene se razvojem platforme Mo\u017eemo! po\u010deo baviti visokom politikom. Tako je i biv\u0161i predsjednik Zelene akcije danas gradona\u010delnik Zagreba. Nedavno ste prosvjedovali pred zgradom gradskog poglavarstva zbog najavljene gradnje spalionice otpada. Kakvo je to bilo iskustvo i sura\u0111uje li Zelena akcija s Gradom Zagrebom?<\/strong><\/p>\n<p>Spalioni\u010darski lobi kod nas je jak pa se na\u017ealost uspjela progurati inicijativa da se dio otpada spaljuje, \u010demu se protivimo, kao \u0161to su se prije protivili i neki ljudi koji danas sjede u poglavarstvu. Paralelno, imamo dobru komunikaciju s Gradom i jedan na\u0161 \u010dlan dio je radne grupe za otpad, mnoge dobre prakse koje Grad provodi prijedlozi su Zelene akcije. Postoje neke \u0161ire teme kojima se po nama nedovoljno bave, na primjer utjecaj klimatskih promjena na Zagreb, ali oni imaju svoje prioritete. Mi smo uvijek bili nestrana\u010dka organizacija i tu smo da od svake vlasti tra\u017eimo vi\u0161e.<\/p>\n<p><strong>Odmarate li se ikada od aktivizma?<\/strong><\/p>\n<p>Ponekad se isklju\u010dim, gledam serije ili odem na jogu, trenutno sam neaktivna u zboru Doma\u0107igosti, ali dugo sam i pjevala.<\/p>\n<p><strong>Koji bi po vama feministi\u010dki principi trebali biti integralni dio svakog okoli\u0161nog pokreta?<\/strong><\/p>\n<p>Prvo, ja sebe ne definiram kao eko feministkinju jer ne odvajam tako feminizme, intersekcionalnost mi je klju\u010dna. U okoli\u0161nom pokretu va\u017eno je postaviti pitanje kako klimatske promjene utje\u010du na \u017eivote \u017eena, na njihovo (reproduktivno) zdravlje, kako utje\u010du na sve ugro\u017eene skupine, za\u0161to se u romskih naseljima samo romske udruge bore protiv gradnje termoelektrana. Tako\u0111er, iz mog iskustva, gotovo sve volonterske i potpla\u0107ene akcije uvijek su vodile \u017eene i u pokretu ima velik broj \u017eena od kojih svi mo\u017eemo u\u010diti. Va\u017eno je \u010duti i glasove migrantkinja, glasove crnih \u017eena, glasove \u017eena s periferije.<\/p>\n<p><strong>Inicijativa za slobodnu Palestinu okuplja raznorodne pojedince koji se nu\u017eno ideolo\u0161ki ne sla\u017eu oko bitnih pitanja, a ipak uspijevaju godinu dana zajedno organizirati brojne uspje\u0161ne akcije. Kako je djelovati unutar inicijative?<\/strong><\/p>\n<p>U koordinaciji aktivno i svakodnevno sudjeluje petnaestak ljudi, ali imamo mre\u017eu od par stotina osoba koje se uklju\u010duju u akcije i rije\u010d je o izrazito \u0161irokom spektru ljudi, mnogi od njih do po\u010detka rada u Inicijativi ne bi zajedno nikada sjeli na kavu. To naravno zahtijeva dosta emocionalnog rada, primarno \u017eenskog, ali ono \u0161to je jedino va\u017eno je da nas dr\u017ei isti cilj. Nau\u010dila sam da mogu raditi s ljudima s kojima se ideolo\u0161ki ne sla\u017eem, da \u017eelim s njima razgovarati, organiziramo zajedni\u010dka dru\u017eenja, poku\u0161avamo se razumjeti, a cilj je puno ja\u010di od na\u0161ih razlika. Nastojimo prodrijeti u sve pore dru\u0161tva pa organiziramo proteste, mini akcije, bdijenja, projekcije filmova, izlo\u017ebe, \u010ditanje poezije, razgovore o dekolonizaciji&#8230;<\/p>\n<p><strong>Te\u0161ko je na temi Palestine pri\u010dati o klasi\u010dnom <em>burnoutu<\/em> pa da pojednostavimo \u2013 kako izbacujete tugu?<\/strong><\/p>\n<p>Radom, sje\u0107anjem na ubijene ljude koje ne smijemo zaboraviti, va\u017ean je taj zajedni\u010dki moment \u017ealovanja. Ne radi se tu o meni i mojim osje\u0107ajima. Kad mi netko ka\u017ee da ne mo\u017ee vi\u0161e gledati snimke ubijene djece, odgovorim \u2013 ne mora\u0161 gledati, djeluj, prestani skrolati i napravi ne\u0161to. Mislim da je genocid u Gazi i test na\u0161eg civilnog dru\u0161tva: koja je na\u0161a granica solidarnosti? Kada krene \u0161utnja? Jer mnoge su organizacije dugo \u0161utjele ili jo\u0161 \u0161ute.<\/p>\n<p><strong>\u0160to vam u ovakvom svijetu pru\u017ea nadu?<\/strong><\/p>\n<p>Ljudi u Palestini znaju re\u0107i: znamo da ste umorni, a zamislite kako je tek nama? I ipak se i dalje borimo. Nadu mi daju ljudi, ustrajni ljudi s kojima dijelim borbe. Nadu mi daju mladi ljudi koji u\u010de od nas, koji nakon prvog doticaja s aktivizmom stvaraju ne\u0161to novo, svoje.<\/p>\n<p><em>razgovor vodila Vedrana Bibi\u0107<\/em><\/p>\n","protected":false},"excerpt":{"rendered":"<p>Ve\u0107inu \u017eivota posvetila sam razli\u010ditim vidovima aktivizama i stojim iza te rije\u010di. Uvijek me u svemu \u0161to radim dr\u017ei dobrota ljudi s kojima sura\u0111ujem i koje putem upoznajem. Nije dovoljan cilj za koji se bori\u0161 ako nisi okru\u017eena ljudima koji dijele taj osje\u0107aj<\/p>\n","protected":false},"featured_media":5655,"template":"","tags":[29,173],"atribut":[],"class_list":["post-5660","nada","type-nada","status-publish","has-post-thumbnail","hentry","tag-intervju","tag-intervju-2-hr"],"acf":[],"yoast_head":"<!-- This site is optimized with the Yoast SEO plugin v27.4 - https:\/\/yoast.com\/product\/yoast-seo-wordpress\/ -->\n<title>Marija Maru\u0161ka Mileta: Za mene je aktivizam identitet - SDF - Srpski demokratski forum<\/title>\n<meta name=\"robots\" content=\"index, follow, max-snippet:-1, max-image-preview:large, max-video-preview:-1\" \/>\n<link rel=\"canonical\" href=\"https:\/\/sdf.hr\/hr\/nada\/marija-maruska-mileta-za-mene-je-aktivizam-identitet\/\" \/>\n<meta property=\"og:locale\" content=\"hr_HR\" \/>\n<meta property=\"og:type\" content=\"article\" \/>\n<meta property=\"og:title\" content=\"Marija Maru\u0161ka Mileta: Za mene je aktivizam identitet - SDF - Srpski demokratski forum\" \/>\n<meta property=\"og:description\" content=\"Ve\u0107inu \u017eivota posvetila sam razli\u010ditim vidovima aktivizama i stojim iza te rije\u010di. Uvijek me u svemu \u0161to radim dr\u017ei dobrota ljudi s kojima sura\u0111ujem i koje putem upoznajem. Nije dovoljan cilj za koji se bori\u0161 ako nisi okru\u017eena ljudima koji dijele taj osje\u0107aj\" \/>\n<meta property=\"og:url\" content=\"https:\/\/sdf.hr\/hr\/nada\/marija-maruska-mileta-za-mene-je-aktivizam-identitet\/\" \/>\n<meta property=\"og:site_name\" content=\"SDF - Srpski demokratski forum\" \/>\n<meta property=\"article:modified_time\" content=\"2024-11-24T10:11:36+00:00\" \/>\n<meta property=\"og:image\" content=\"https:\/\/sdf.hr\/wp-content\/uploads\/2024\/11\/Mileta1_Sandro-Lendler-scaled.jpg\" \/>\n\t<meta property=\"og:image:width\" content=\"2560\" \/>\n\t<meta property=\"og:image:height\" content=\"1706\" \/>\n\t<meta property=\"og:image:type\" content=\"image\/jpeg\" \/>\n<meta name=\"twitter:card\" content=\"summary_large_image\" \/>\n<meta name=\"twitter:label1\" content=\"Procijenjeno vrijeme \u010ditanja\" \/>\n\t<meta name=\"twitter:data1\" content=\"13 minuta\" \/>\n<script type=\"application\/ld+json\" class=\"yoast-schema-graph\">{\"@context\":\"https:\\\/\\\/schema.org\",\"@graph\":[{\"@type\":\"WebPage\",\"@id\":\"https:\\\/\\\/sdf.hr\\\/hr\\\/nada\\\/marija-maruska-mileta-za-mene-je-aktivizam-identitet\\\/\",\"url\":\"https:\\\/\\\/sdf.hr\\\/hr\\\/nada\\\/marija-maruska-mileta-za-mene-je-aktivizam-identitet\\\/\",\"name\":\"Marija Maru\u0161ka Mileta: Za mene je aktivizam identitet - SDF - Srpski demokratski forum\",\"isPartOf\":{\"@id\":\"https:\\\/\\\/sdf.hr\\\/#website\"},\"primaryImageOfPage\":{\"@id\":\"https:\\\/\\\/sdf.hr\\\/hr\\\/nada\\\/marija-maruska-mileta-za-mene-je-aktivizam-identitet\\\/#primaryimage\"},\"image\":{\"@id\":\"https:\\\/\\\/sdf.hr\\\/hr\\\/nada\\\/marija-maruska-mileta-za-mene-je-aktivizam-identitet\\\/#primaryimage\"},\"thumbnailUrl\":\"https:\\\/\\\/sdf.hr\\\/wp-content\\\/uploads\\\/2024\\\/11\\\/Mileta1_Sandro-Lendler-scaled.jpg\",\"datePublished\":\"2024-11-24T10:09:45+00:00\",\"dateModified\":\"2024-11-24T10:11:36+00:00\",\"breadcrumb\":{\"@id\":\"https:\\\/\\\/sdf.hr\\\/hr\\\/nada\\\/marija-maruska-mileta-za-mene-je-aktivizam-identitet\\\/#breadcrumb\"},\"inLanguage\":\"hr\",\"potentialAction\":[{\"@type\":\"ReadAction\",\"target\":[\"https:\\\/\\\/sdf.hr\\\/hr\\\/nada\\\/marija-maruska-mileta-za-mene-je-aktivizam-identitet\\\/\"]}]},{\"@type\":\"ImageObject\",\"inLanguage\":\"hr\",\"@id\":\"https:\\\/\\\/sdf.hr\\\/hr\\\/nada\\\/marija-maruska-mileta-za-mene-je-aktivizam-identitet\\\/#primaryimage\",\"url\":\"https:\\\/\\\/sdf.hr\\\/wp-content\\\/uploads\\\/2024\\\/11\\\/Mileta1_Sandro-Lendler-scaled.jpg\",\"contentUrl\":\"https:\\\/\\\/sdf.hr\\\/wp-content\\\/uploads\\\/2024\\\/11\\\/Mileta1_Sandro-Lendler-scaled.jpg\",\"width\":2560,\"height\":1706,\"caption\":\"Marija Maru\u0161ka Mileta (Foto: Sandro Lendler)\"},{\"@type\":\"BreadcrumbList\",\"@id\":\"https:\\\/\\\/sdf.hr\\\/hr\\\/nada\\\/marija-maruska-mileta-za-mene-je-aktivizam-identitet\\\/#breadcrumb\",\"itemListElement\":[{\"@type\":\"ListItem\",\"position\":1,\"name\":\"Po\u010detna stranica\",\"item\":\"https:\\\/\\\/sdf.hr\\\/hr\\\/\"},{\"@type\":\"ListItem\",\"position\":2,\"name\":\"Nada\",\"item\":\"https:\\\/\\\/sdf.hr\\\/nada\\\/\"},{\"@type\":\"ListItem\",\"position\":3,\"name\":\"Marija Maru\u0161ka Mileta: Za mene je aktivizam identitet\"}]},{\"@type\":\"WebSite\",\"@id\":\"https:\\\/\\\/sdf.hr\\\/#website\",\"url\":\"https:\\\/\\\/sdf.hr\\\/\",\"name\":\"SDF - Srpski demokratski forum\",\"description\":\"Srpski demokratski forum\",\"publisher\":{\"@id\":\"https:\\\/\\\/sdf.hr\\\/#organization\"},\"potentialAction\":[{\"@type\":\"SearchAction\",\"target\":{\"@type\":\"EntryPoint\",\"urlTemplate\":\"https:\\\/\\\/sdf.hr\\\/?s={search_term_string}\"},\"query-input\":{\"@type\":\"PropertyValueSpecification\",\"valueRequired\":true,\"valueName\":\"search_term_string\"}}],\"inLanguage\":\"hr\"},{\"@type\":\"Organization\",\"@id\":\"https:\\\/\\\/sdf.hr\\\/#organization\",\"name\":\"SDF - Srpski demokratski forum\",\"url\":\"https:\\\/\\\/sdf.hr\\\/\",\"logo\":{\"@type\":\"ImageObject\",\"inLanguage\":\"hr\",\"@id\":\"https:\\\/\\\/sdf.hr\\\/#\\\/schema\\\/logo\\\/image\\\/\",\"url\":\"https:\\\/\\\/sdf.hr\\\/wp-content\\\/uploads\\\/2021\\\/07\\\/logo-hr.svg\",\"contentUrl\":\"https:\\\/\\\/sdf.hr\\\/wp-content\\\/uploads\\\/2021\\\/07\\\/logo-hr.svg\",\"width\":271,\"height\":100,\"caption\":\"SDF - Srpski demokratski forum\"},\"image\":{\"@id\":\"https:\\\/\\\/sdf.hr\\\/#\\\/schema\\\/logo\\\/image\\\/\"}}]}<\/script>\n<!-- \/ Yoast SEO plugin. -->","yoast_head_json":{"title":"Marija Maru\u0161ka Mileta: Za mene je aktivizam identitet - SDF - Srpski demokratski forum","robots":{"index":"index","follow":"follow","max-snippet":"max-snippet:-1","max-image-preview":"max-image-preview:large","max-video-preview":"max-video-preview:-1"},"canonical":"https:\/\/sdf.hr\/hr\/nada\/marija-maruska-mileta-za-mene-je-aktivizam-identitet\/","og_locale":"hr_HR","og_type":"article","og_title":"Marija Maru\u0161ka Mileta: Za mene je aktivizam identitet - SDF - Srpski demokratski forum","og_description":"Ve\u0107inu \u017eivota posvetila sam razli\u010ditim vidovima aktivizama i stojim iza te rije\u010di. Uvijek me u svemu \u0161to radim dr\u017ei dobrota ljudi s kojima sura\u0111ujem i koje putem upoznajem. Nije dovoljan cilj za koji se bori\u0161 ako nisi okru\u017eena ljudima koji dijele taj osje\u0107aj","og_url":"https:\/\/sdf.hr\/hr\/nada\/marija-maruska-mileta-za-mene-je-aktivizam-identitet\/","og_site_name":"SDF - Srpski demokratski forum","article_modified_time":"2024-11-24T10:11:36+00:00","og_image":[{"width":2560,"height":1706,"url":"https:\/\/sdf.hr\/wp-content\/uploads\/2024\/11\/Mileta1_Sandro-Lendler-scaled.jpg","type":"image\/jpeg"}],"twitter_card":"summary_large_image","twitter_misc":{"Procijenjeno vrijeme \u010ditanja":"13 minuta"},"schema":{"@context":"https:\/\/schema.org","@graph":[{"@type":"WebPage","@id":"https:\/\/sdf.hr\/hr\/nada\/marija-maruska-mileta-za-mene-je-aktivizam-identitet\/","url":"https:\/\/sdf.hr\/hr\/nada\/marija-maruska-mileta-za-mene-je-aktivizam-identitet\/","name":"Marija Maru\u0161ka Mileta: Za mene je aktivizam identitet - SDF - Srpski demokratski forum","isPartOf":{"@id":"https:\/\/sdf.hr\/#website"},"primaryImageOfPage":{"@id":"https:\/\/sdf.hr\/hr\/nada\/marija-maruska-mileta-za-mene-je-aktivizam-identitet\/#primaryimage"},"image":{"@id":"https:\/\/sdf.hr\/hr\/nada\/marija-maruska-mileta-za-mene-je-aktivizam-identitet\/#primaryimage"},"thumbnailUrl":"https:\/\/sdf.hr\/wp-content\/uploads\/2024\/11\/Mileta1_Sandro-Lendler-scaled.jpg","datePublished":"2024-11-24T10:09:45+00:00","dateModified":"2024-11-24T10:11:36+00:00","breadcrumb":{"@id":"https:\/\/sdf.hr\/hr\/nada\/marija-maruska-mileta-za-mene-je-aktivizam-identitet\/#breadcrumb"},"inLanguage":"hr","potentialAction":[{"@type":"ReadAction","target":["https:\/\/sdf.hr\/hr\/nada\/marija-maruska-mileta-za-mene-je-aktivizam-identitet\/"]}]},{"@type":"ImageObject","inLanguage":"hr","@id":"https:\/\/sdf.hr\/hr\/nada\/marija-maruska-mileta-za-mene-je-aktivizam-identitet\/#primaryimage","url":"https:\/\/sdf.hr\/wp-content\/uploads\/2024\/11\/Mileta1_Sandro-Lendler-scaled.jpg","contentUrl":"https:\/\/sdf.hr\/wp-content\/uploads\/2024\/11\/Mileta1_Sandro-Lendler-scaled.jpg","width":2560,"height":1706,"caption":"Marija Maru\u0161ka Mileta (Foto: Sandro Lendler)"},{"@type":"BreadcrumbList","@id":"https:\/\/sdf.hr\/hr\/nada\/marija-maruska-mileta-za-mene-je-aktivizam-identitet\/#breadcrumb","itemListElement":[{"@type":"ListItem","position":1,"name":"Po\u010detna stranica","item":"https:\/\/sdf.hr\/hr\/"},{"@type":"ListItem","position":2,"name":"Nada","item":"https:\/\/sdf.hr\/nada\/"},{"@type":"ListItem","position":3,"name":"Marija Maru\u0161ka Mileta: Za mene je aktivizam identitet"}]},{"@type":"WebSite","@id":"https:\/\/sdf.hr\/#website","url":"https:\/\/sdf.hr\/","name":"SDF - Srpski demokratski forum","description":"Srpski demokratski forum","publisher":{"@id":"https:\/\/sdf.hr\/#organization"},"potentialAction":[{"@type":"SearchAction","target":{"@type":"EntryPoint","urlTemplate":"https:\/\/sdf.hr\/?s={search_term_string}"},"query-input":{"@type":"PropertyValueSpecification","valueRequired":true,"valueName":"search_term_string"}}],"inLanguage":"hr"},{"@type":"Organization","@id":"https:\/\/sdf.hr\/#organization","name":"SDF - Srpski demokratski forum","url":"https:\/\/sdf.hr\/","logo":{"@type":"ImageObject","inLanguage":"hr","@id":"https:\/\/sdf.hr\/#\/schema\/logo\/image\/","url":"https:\/\/sdf.hr\/wp-content\/uploads\/2021\/07\/logo-hr.svg","contentUrl":"https:\/\/sdf.hr\/wp-content\/uploads\/2021\/07\/logo-hr.svg","width":271,"height":100,"caption":"SDF - Srpski demokratski forum"},"image":{"@id":"https:\/\/sdf.hr\/#\/schema\/logo\/image\/"}}]}},"_links":{"self":[{"href":"https:\/\/sdf.hr\/hr\/wp-json\/wp\/v2\/nada\/5660","targetHints":{"allow":["GET"]}}],"collection":[{"href":"https:\/\/sdf.hr\/hr\/wp-json\/wp\/v2\/nada"}],"about":[{"href":"https:\/\/sdf.hr\/hr\/wp-json\/wp\/v2\/types\/nada"}],"wp:featuredmedia":[{"embeddable":true,"href":"https:\/\/sdf.hr\/hr\/wp-json\/wp\/v2\/media\/5655"}],"wp:attachment":[{"href":"https:\/\/sdf.hr\/hr\/wp-json\/wp\/v2\/media?parent=5660"}],"wp:term":[{"taxonomy":"post_tag","embeddable":true,"href":"https:\/\/sdf.hr\/hr\/wp-json\/wp\/v2\/tags?post=5660"},{"taxonomy":"atribut","embeddable":true,"href":"https:\/\/sdf.hr\/hr\/wp-json\/wp\/v2\/atribut?post=5660"}],"curies":[{"name":"wp","href":"https:\/\/api.w.org\/{rel}","templated":true}]}}