{"id":5678,"date":"2024-12-01T08:11:21","date_gmt":"2024-12-01T07:11:21","guid":{"rendered":"https:\/\/sdf.hr\/nada\/kipfle\/"},"modified":"2024-12-01T08:11:51","modified_gmt":"2024-12-01T07:11:51","slug":"kipfle","status":"publish","type":"nada","link":"https:\/\/sdf.hr\/hr\/nada\/kipfle\/","title":{"rendered":"Kipfle"},"content":{"rendered":"<p>Istra\u017eivanje i isprobavanje starinskih recepata prona\u0111enih u bilje\u017enicama i na iskrzanim papirima me vra\u0107a u neke nostalgi\u010dne dane, a kada u Gorskom kotaru zamiri\u0161i snijeg, vrijeme je za kiflice ili kako se po starinski pisalo kipfle. Ovaj recept me privukao jer ga je doma\u0107ica u svoju bilje\u017enicu zapisala pod nazivom &#8220;Kipfle od maka (gospo\u0111e Danice)&#8221;. Vjerujem da svi imamo zapisane recepte s napomenom onoga tko nam je recept dao i kod koga smo prvi put to jelo ku\u0161ali. Tako se i u ovim krasopisom pisanim receptima kraj naziva \u010desto na\u0111e bilje\u0161ka s prezimenima poput Ek\u0161tajn, Heski, Valpoti\u0107, Krneti\u0107, ili imenima poput Dragica, Lovrenca, Danica, Beba, Zlata&#8230; Recepti time postaju osobni, isprobani, ku\u0161ani na nekoj kavi ili u gostima. To mi ove stare recepte nekako \u010dini \u017eivima i bliskima, kao da nije pro\u0161lo sto i vi\u0161e godina od kada su zapisani.<\/p>\n<p>U receptu se navodi se da se mogu &#8220;filati&#8221; orasima, makom ili pekmezom. Odlu\u010dila sam isprobati recept, ali ne s punjenjem od maka (gle \u010duda!) nego s finim, doma\u0107im, mirisnim pekmezom od marelice koji sam pripremila ovog ljeta. Prhkost tijesta i aroma te kiselkastost marelice su se sljubili u divan kola\u010di\u0107 za popodnevnu kavu ili prazni\u010dni stol.<\/p>\n<p><em>\u00a0<\/em><\/p>\n<p><strong><em>Sastojci:<\/em><\/strong><\/p>\n<p>3 \u0161alice bra\u0161na (stavila sam pola p\u0161eni\u010dno glatko, pola p\u0161eni\u010dno o\u0161tro)<\/p>\n<p>prstohvat soli<\/p>\n<p>1 \u0161alica masti<\/p>\n<p>10 \u017elica mlijeka<\/p>\n<p>1 vre\u0107ica suhog kvasca (ili po starinski pola kockice svje\u017eeg)<\/p>\n<p>\u017eli\u010dica \u0161e\u0107era<\/p>\n<p>malo ribane limunove korice<\/p>\n<p>pekmez za punjenje (neka bude \u010dvr\u0161\u0107i da vam ne curi)<\/p>\n<p>&nbsp;<\/p>\n<p><strong><em>Priprema:<\/em><\/strong><\/p>\n<p>Mjera mi je bila \u0161alica od 250 ml. Zagrijte deset ju\u0161nih \u017elica mlijeka, dodajte kvasac i \u017eli\u010dicu \u0161e\u0107era. Ostavite da se kvasac aktivira. Pomije\u0161ajte bra\u0161no s prstohvatom soli te mu dodajte mast. Razmrvite smjesu rukama da bude poput pijeska. Dodajte aktivirani kvasac s mlijekom i zamijesite tijesto. Tijesto nemojte predugo mijesiti da se masno\u0107a ne otopi. Podijelite ga na \u010detiri loptice koje malo spljo\u0161tite i zamotajte prozirnom folijom. Ostavite tijesto nekih pola sata da se odmori.<\/p>\n<p>Podlogu za mije\u0161enje pobra\u0161nite pa svaku lopticu razvaljajte u tanki krug. Re\u017eite krug na trokute (osmine). Na svaki trokut stavite malo pekmeza i od \u0161ireg dijela prema \u0161picu trokuta pa\u017eljivo zamotajte kiflice. Posla\u017eite ih na lim oblo\u017een masnim papirom, malo ih razmaknite jer \u0107e pri pe\u010denju malo narasti. Pecite kiflice na 180 stupnjeva dok malo ne po\u017eute (nekih 15 do 20 minuta, ovisno o pe\u0107nici). Mlake kiflice pospite \u0161e\u0107erom u prahu.<\/p>\n<p>Dobar tek!<\/p>\n<p><em>pi\u0161e Valentina Vukadinovi\u0107<\/em><\/p>\n","protected":false},"excerpt":{"rendered":"<p>Istra\u017eivanje i isprobavanje starinskih recepata prona\u0111enih u bilje\u017enicama i na iskrzanim papirima me vra\u0107a u neke nostalgi\u010dne dane, a kada u Gorskom kotaru zamiri\u0161i na snijeg, vrijeme je za kiflice ili kako se po starinski pisalo kipfle<\/p>\n","protected":false},"featured_media":5677,"template":"","tags":[42],"atribut":[],"class_list":["post-5678","nada","type-nada","status-publish","has-post-thumbnail","hentry","tag-gorski-kotao"],"acf":[],"yoast_head":"<!-- This site is optimized with the Yoast SEO plugin v27.4 - https:\/\/yoast.com\/product\/yoast-seo-wordpress\/ -->\n<title>Kipfle - SDF - Srpski demokratski forum<\/title>\n<meta name=\"robots\" content=\"index, follow, max-snippet:-1, max-image-preview:large, max-video-preview:-1\" \/>\n<link rel=\"canonical\" href=\"https:\/\/sdf.hr\/hr\/nada\/kipfle\/\" \/>\n<meta property=\"og:locale\" content=\"hr_HR\" \/>\n<meta property=\"og:type\" content=\"article\" \/>\n<meta property=\"og:title\" content=\"Kipfle - SDF - Srpski demokratski forum\" \/>\n<meta property=\"og:description\" content=\"Istra\u017eivanje i isprobavanje starinskih recepata prona\u0111enih u bilje\u017enicama i na iskrzanim papirima me vra\u0107a u neke nostalgi\u010dne dane, a kada u Gorskom kotaru zamiri\u0161i na snijeg, vrijeme je za kiflice ili kako se po starinski pisalo kipfle\" \/>\n<meta property=\"og:url\" content=\"https:\/\/sdf.hr\/hr\/nada\/kipfle\/\" \/>\n<meta property=\"og:site_name\" content=\"SDF - Srpski demokratski forum\" \/>\n<meta property=\"article:modified_time\" content=\"2024-12-01T07:11:51+00:00\" \/>\n<meta property=\"og:image\" content=\"https:\/\/sdf.hr\/wp-content\/uploads\/2024\/11\/Kipfle-scaled.jpg\" \/>\n\t<meta property=\"og:image:width\" content=\"2560\" \/>\n\t<meta property=\"og:image:height\" content=\"1311\" \/>\n\t<meta property=\"og:image:type\" content=\"image\/jpeg\" \/>\n<meta name=\"twitter:card\" content=\"summary_large_image\" \/>\n<meta name=\"twitter:label1\" content=\"Procijenjeno vrijeme \u010ditanja\" \/>\n\t<meta name=\"twitter:data1\" content=\"2 minute\" \/>\n<script type=\"application\/ld+json\" class=\"yoast-schema-graph\">{\"@context\":\"https:\\\/\\\/schema.org\",\"@graph\":[{\"@type\":\"WebPage\",\"@id\":\"https:\\\/\\\/sdf.hr\\\/hr\\\/nada\\\/kipfle\\\/\",\"url\":\"https:\\\/\\\/sdf.hr\\\/hr\\\/nada\\\/kipfle\\\/\",\"name\":\"Kipfle - SDF - Srpski demokratski forum\",\"isPartOf\":{\"@id\":\"https:\\\/\\\/sdf.hr\\\/#website\"},\"primaryImageOfPage\":{\"@id\":\"https:\\\/\\\/sdf.hr\\\/hr\\\/nada\\\/kipfle\\\/#primaryimage\"},\"image\":{\"@id\":\"https:\\\/\\\/sdf.hr\\\/hr\\\/nada\\\/kipfle\\\/#primaryimage\"},\"thumbnailUrl\":\"https:\\\/\\\/sdf.hr\\\/wp-content\\\/uploads\\\/2024\\\/11\\\/Kipfle-scaled.jpg\",\"datePublished\":\"2024-12-01T07:11:21+00:00\",\"dateModified\":\"2024-12-01T07:11:51+00:00\",\"breadcrumb\":{\"@id\":\"https:\\\/\\\/sdf.hr\\\/hr\\\/nada\\\/kipfle\\\/#breadcrumb\"},\"inLanguage\":\"hr\",\"potentialAction\":[{\"@type\":\"ReadAction\",\"target\":[\"https:\\\/\\\/sdf.hr\\\/hr\\\/nada\\\/kipfle\\\/\"]}]},{\"@type\":\"ImageObject\",\"inLanguage\":\"hr\",\"@id\":\"https:\\\/\\\/sdf.hr\\\/hr\\\/nada\\\/kipfle\\\/#primaryimage\",\"url\":\"https:\\\/\\\/sdf.hr\\\/wp-content\\\/uploads\\\/2024\\\/11\\\/Kipfle-scaled.jpg\",\"contentUrl\":\"https:\\\/\\\/sdf.hr\\\/wp-content\\\/uploads\\\/2024\\\/11\\\/Kipfle-scaled.jpg\",\"width\":2560,\"height\":1311},{\"@type\":\"BreadcrumbList\",\"@id\":\"https:\\\/\\\/sdf.hr\\\/hr\\\/nada\\\/kipfle\\\/#breadcrumb\",\"itemListElement\":[{\"@type\":\"ListItem\",\"position\":1,\"name\":\"Po\u010detna stranica\",\"item\":\"https:\\\/\\\/sdf.hr\\\/hr\\\/\"},{\"@type\":\"ListItem\",\"position\":2,\"name\":\"Nada\",\"item\":\"https:\\\/\\\/sdf.hr\\\/nada\\\/\"},{\"@type\":\"ListItem\",\"position\":3,\"name\":\"Kipfle\"}]},{\"@type\":\"WebSite\",\"@id\":\"https:\\\/\\\/sdf.hr\\\/#website\",\"url\":\"https:\\\/\\\/sdf.hr\\\/\",\"name\":\"SDF - Srpski demokratski forum\",\"description\":\"Srpski demokratski forum\",\"publisher\":{\"@id\":\"https:\\\/\\\/sdf.hr\\\/#organization\"},\"potentialAction\":[{\"@type\":\"SearchAction\",\"target\":{\"@type\":\"EntryPoint\",\"urlTemplate\":\"https:\\\/\\\/sdf.hr\\\/?s={search_term_string}\"},\"query-input\":{\"@type\":\"PropertyValueSpecification\",\"valueRequired\":true,\"valueName\":\"search_term_string\"}}],\"inLanguage\":\"hr\"},{\"@type\":\"Organization\",\"@id\":\"https:\\\/\\\/sdf.hr\\\/#organization\",\"name\":\"SDF - Srpski demokratski forum\",\"url\":\"https:\\\/\\\/sdf.hr\\\/\",\"logo\":{\"@type\":\"ImageObject\",\"inLanguage\":\"hr\",\"@id\":\"https:\\\/\\\/sdf.hr\\\/#\\\/schema\\\/logo\\\/image\\\/\",\"url\":\"https:\\\/\\\/sdf.hr\\\/wp-content\\\/uploads\\\/2021\\\/07\\\/logo-hr.svg\",\"contentUrl\":\"https:\\\/\\\/sdf.hr\\\/wp-content\\\/uploads\\\/2021\\\/07\\\/logo-hr.svg\",\"width\":271,\"height\":100,\"caption\":\"SDF - Srpski demokratski forum\"},\"image\":{\"@id\":\"https:\\\/\\\/sdf.hr\\\/#\\\/schema\\\/logo\\\/image\\\/\"}}]}<\/script>\n<!-- \/ Yoast SEO plugin. -->","yoast_head_json":{"title":"Kipfle - SDF - Srpski demokratski forum","robots":{"index":"index","follow":"follow","max-snippet":"max-snippet:-1","max-image-preview":"max-image-preview:large","max-video-preview":"max-video-preview:-1"},"canonical":"https:\/\/sdf.hr\/hr\/nada\/kipfle\/","og_locale":"hr_HR","og_type":"article","og_title":"Kipfle - SDF - Srpski demokratski forum","og_description":"Istra\u017eivanje i isprobavanje starinskih recepata prona\u0111enih u bilje\u017enicama i na iskrzanim papirima me vra\u0107a u neke nostalgi\u010dne dane, a kada u Gorskom kotaru zamiri\u0161i na snijeg, vrijeme je za kiflice ili kako se po starinski pisalo kipfle","og_url":"https:\/\/sdf.hr\/hr\/nada\/kipfle\/","og_site_name":"SDF - Srpski demokratski forum","article_modified_time":"2024-12-01T07:11:51+00:00","og_image":[{"width":2560,"height":1311,"url":"https:\/\/sdf.hr\/wp-content\/uploads\/2024\/11\/Kipfle-scaled.jpg","type":"image\/jpeg"}],"twitter_card":"summary_large_image","twitter_misc":{"Procijenjeno vrijeme \u010ditanja":"2 minute"},"schema":{"@context":"https:\/\/schema.org","@graph":[{"@type":"WebPage","@id":"https:\/\/sdf.hr\/hr\/nada\/kipfle\/","url":"https:\/\/sdf.hr\/hr\/nada\/kipfle\/","name":"Kipfle - SDF - Srpski demokratski forum","isPartOf":{"@id":"https:\/\/sdf.hr\/#website"},"primaryImageOfPage":{"@id":"https:\/\/sdf.hr\/hr\/nada\/kipfle\/#primaryimage"},"image":{"@id":"https:\/\/sdf.hr\/hr\/nada\/kipfle\/#primaryimage"},"thumbnailUrl":"https:\/\/sdf.hr\/wp-content\/uploads\/2024\/11\/Kipfle-scaled.jpg","datePublished":"2024-12-01T07:11:21+00:00","dateModified":"2024-12-01T07:11:51+00:00","breadcrumb":{"@id":"https:\/\/sdf.hr\/hr\/nada\/kipfle\/#breadcrumb"},"inLanguage":"hr","potentialAction":[{"@type":"ReadAction","target":["https:\/\/sdf.hr\/hr\/nada\/kipfle\/"]}]},{"@type":"ImageObject","inLanguage":"hr","@id":"https:\/\/sdf.hr\/hr\/nada\/kipfle\/#primaryimage","url":"https:\/\/sdf.hr\/wp-content\/uploads\/2024\/11\/Kipfle-scaled.jpg","contentUrl":"https:\/\/sdf.hr\/wp-content\/uploads\/2024\/11\/Kipfle-scaled.jpg","width":2560,"height":1311},{"@type":"BreadcrumbList","@id":"https:\/\/sdf.hr\/hr\/nada\/kipfle\/#breadcrumb","itemListElement":[{"@type":"ListItem","position":1,"name":"Po\u010detna stranica","item":"https:\/\/sdf.hr\/hr\/"},{"@type":"ListItem","position":2,"name":"Nada","item":"https:\/\/sdf.hr\/nada\/"},{"@type":"ListItem","position":3,"name":"Kipfle"}]},{"@type":"WebSite","@id":"https:\/\/sdf.hr\/#website","url":"https:\/\/sdf.hr\/","name":"SDF - Srpski demokratski forum","description":"Srpski demokratski forum","publisher":{"@id":"https:\/\/sdf.hr\/#organization"},"potentialAction":[{"@type":"SearchAction","target":{"@type":"EntryPoint","urlTemplate":"https:\/\/sdf.hr\/?s={search_term_string}"},"query-input":{"@type":"PropertyValueSpecification","valueRequired":true,"valueName":"search_term_string"}}],"inLanguage":"hr"},{"@type":"Organization","@id":"https:\/\/sdf.hr\/#organization","name":"SDF - Srpski demokratski forum","url":"https:\/\/sdf.hr\/","logo":{"@type":"ImageObject","inLanguage":"hr","@id":"https:\/\/sdf.hr\/#\/schema\/logo\/image\/","url":"https:\/\/sdf.hr\/wp-content\/uploads\/2021\/07\/logo-hr.svg","contentUrl":"https:\/\/sdf.hr\/wp-content\/uploads\/2021\/07\/logo-hr.svg","width":271,"height":100,"caption":"SDF - Srpski demokratski forum"},"image":{"@id":"https:\/\/sdf.hr\/#\/schema\/logo\/image\/"}}]}},"_links":{"self":[{"href":"https:\/\/sdf.hr\/hr\/wp-json\/wp\/v2\/nada\/5678","targetHints":{"allow":["GET"]}}],"collection":[{"href":"https:\/\/sdf.hr\/hr\/wp-json\/wp\/v2\/nada"}],"about":[{"href":"https:\/\/sdf.hr\/hr\/wp-json\/wp\/v2\/types\/nada"}],"wp:featuredmedia":[{"embeddable":true,"href":"https:\/\/sdf.hr\/hr\/wp-json\/wp\/v2\/media\/5677"}],"wp:attachment":[{"href":"https:\/\/sdf.hr\/hr\/wp-json\/wp\/v2\/media?parent=5678"}],"wp:term":[{"taxonomy":"post_tag","embeddable":true,"href":"https:\/\/sdf.hr\/hr\/wp-json\/wp\/v2\/tags?post=5678"},{"taxonomy":"atribut","embeddable":true,"href":"https:\/\/sdf.hr\/hr\/wp-json\/wp\/v2\/atribut?post=5678"}],"curies":[{"name":"wp","href":"https:\/\/api.w.org\/{rel}","templated":true}]}}