{"id":5693,"date":"2024-12-15T10:52:44","date_gmt":"2024-12-15T09:52:44","guid":{"rendered":"https:\/\/sdf.hr\/nada\/sofija-todorovic-najvise-sam-naucila-od-zena\/"},"modified":"2024-12-15T10:53:20","modified_gmt":"2024-12-15T09:53:20","slug":"sofija-todorovic-najvise-sam-naucila-od-zena","status":"publish","type":"nada","link":"https:\/\/sdf.hr\/hr\/nada\/sofija-todorovic-najvise-sam-naucila-od-zena\/","title":{"rendered":"Sofija Todorovi\u0107: Najvi\u0161e sam nau\u010dila od \u017eena"},"content":{"rendered":"<p><strong>Sofija Todorovi\u0107<\/strong>, po struci pravnica, deset se godina bori za ljudska prava u Srbiji i regiji, a od 2022. je direktorka Inicijative mladih za ljudska prava Srbije. Razgovarale smo u njihovoj kancelariji, <em>end\u017eio habu <\/em>za koji je Sofija istaknula kako je nastao iz procjene da vjerojatno uskoro vi\u0161e ne\u0107e mo\u0107i iznajmljivati druge prostore za programe kojima se bave.<\/p>\n<p><strong>Aktivizmom ste se po\u010deli baviti 2014. godine tijekom studija na Pravnom fakultetu u Beogradu. Koliko vam je fakultet davao prostora za bavljenje aktivizmom, koje su vas teme tada najvi\u0161e interesirale?<\/strong><\/p>\n<p>Na fakultetu sam se krajem druge ili po\u010detkom tre\u0107e godine pridru\u017eila jednom udru\u017eenju i sa njima po prvi puta oti\u0161la u Republiku Srpsku. Se\u0107am se da smo imali sastanke sa <strong>\u017deljkom Cvijanovi\u0107<\/strong> i <strong>Miloradom Dodikom<\/strong> i obilazili razne institucije, a to je bio prvi put da sam se susrela sa time kako funkcioni\u0161e sistem Bosne i Hercegovine i shvatila da do tog trenutka, iako sam i\u0161la u Prvu beogradsku gimnaziju i istorija mi je dobro i\u0161la, nikada do kraja nisam razumela \u0161ta je nama Republika Srpska i \u0161ta je ona u okviru BiH. Tada sam na\u0161la prostor u kojem su moja interesovanja kona\u010dno mogla dobiti neki novi oblik. Godine 2014. otkrivam Inicijativu mladih za ljudska prava zahvaljuju\u0107i kampanji protiv nasilja &#8220;Jer im se mo\u017ee&#8221;, a koja je jednim delom bila fokusirana na nasilje nad \u017eenama. Ta mi je tema bila jako va\u017ena, a o njoj se na fakultetu nije puno pri\u010dalo i \u017eelela sam da na fakultetu organizujem tribinu na kojoj bi se razgovaralo o \u017eenama, koliko pravni okvir i zakoni pru\u017eaju za\u0161titu kada su u pitanju razli\u010diti oblici rodno zasnovanog nasilja. Me\u0111utim, za to nije bilo sluha i ideja je potpuno ignorisana kao da je marginalna, a \u010dinjenica da se fokusira na \u017eene tuma\u010dila se kao relativizacija nasilja. Shvatila sam da ne\u0161to ozbiljno nije u redu, iako sam bila svesna atmosfere na mom fakultetu, ali tada je to po\u010delo poprimati druge oblike. Tada kre\u0107e i moje aktivnije anga\u017eovanje sa Inicijativom.<\/p>\n<p><strong>Deset godina kasnije direktorka ste Inicijative. Pokazalo se da ta uloga dolazi s puno pritisaka javnosti, ali i represivnim i diskriminatornim praksama od strane vlasti. U posljednjih ste par mjeseci 12 puta zadr\u017eani na grani\u010dnim prijelazima i aerodromima, zbog \u010dega ste se obratili i Europskom sudu za ljudska prava. Koliko vas takve stvari ometaju u poslu, ali i svakodnevici? Kako se s njima nosite?<\/strong><\/p>\n<p>To na mene \u2013 uti\u010de. Koliko uti\u010de, to zaista zavisi od trenutka u kojem se \u017eivotno i profesionalno nalazim. Neke stvari koje bi ljudima predstavljale ogroman stres, meni to nisu, i obrnuto. Ova pozicija i na\u010din na koji je do\u017eivljavam i radim ne bi i\u0161la bez mog dugogodi\u0161njeg aktivisti\u010dkog i profesionalnog iskustva jer sam krenula kao aktivistkinja, pa asistentkinja, pa koordinatorka, pa istra\u017eiva\u010dica koja je otkrila \u0161ta je najvi\u0161e zanima, pa kroz rad &#8220;sa strane&#8221; i BIRN, rad sa novinarima\u2026 Zaista sam u tom smislu zahvalna svim svojim mentorima na svemu \u0161to danas jesam, a to \u0161to sam pro\u0161la kroz razli\u010dite faze unutar razli\u010ditih organizacija zaista mi je pomoglo da se ose\u0107am osna\u017eenijom i da sa manje straha radim svoj posao. To ne zna\u010di da ga uvek radim dobro i da ne gre\u0161im, ali ono \u0161to mi je najva\u017enije je to \u0161to ne prestajem da u\u010dim. U\u010denje, saznavanje i otkrivanje za mene su u\u017easno va\u017eni \u2013 ne mo\u017ee se zalagati za dru\u0161tvenu promenu, a da se ne bavimo i sopstvenom, unutra\u0161njom promenom. Verujem da li\u010dno jeste i politi\u010dko, da ti procesi trebaju biti povezani i da \u010dovek mora na\u0107i na\u010din da sebi objasni neke stvari, \u0161to podrazumeva i rad na sebi.<\/p>\n<figure id=\"attachment_5687\" aria-describedby=\"caption-attachment-5687\" style=\"width: 1707px\" class=\"wp-caption alignnone\"><img loading=\"lazy\" decoding=\"async\" class=\"wp-image-5687 size-full\" src=\"https:\/\/sdf.hr\/wp-content\/uploads\/2024\/12\/Todorovic2_Marko-Risovic-scaled.jpg\" alt=\"\" width=\"1707\" height=\"2560\" srcset=\"https:\/\/sdf.hr\/wp-content\/uploads\/2024\/12\/Todorovic2_Marko-Risovic-scaled.jpg 1707w, https:\/\/sdf.hr\/wp-content\/uploads\/2024\/12\/Todorovic2_Marko-Risovic-200x300.jpg 200w, https:\/\/sdf.hr\/wp-content\/uploads\/2024\/12\/Todorovic2_Marko-Risovic-683x1024.jpg 683w, https:\/\/sdf.hr\/wp-content\/uploads\/2024\/12\/Todorovic2_Marko-Risovic-768x1152.jpg 768w, https:\/\/sdf.hr\/wp-content\/uploads\/2024\/12\/Todorovic2_Marko-Risovic-1024x1536.jpg 1024w, https:\/\/sdf.hr\/wp-content\/uploads\/2024\/12\/Todorovic2_Marko-Risovic-1365x2048.jpg 1365w\" sizes=\"auto, (max-width: 1707px) 100vw, 1707px\" \/><figcaption id=\"caption-attachment-5687\" class=\"wp-caption-text\">Sofija Todorovi\u0107 (Foto: Marko Risovi\u0107)<\/figcaption><\/figure>\n<p><strong>U civilnom sektoru op\u0107enito prevladavaju \u017eene, a trenutno su i sve direktorice kao i ve\u0107ina zaposlenica Inicijative u regiji mlade \u017eene. Vjerujem da nije slu\u010dajno da su upravo one, koje su u patrijarhalnom sustavu toliko dugo marginalizirane, stale na prvu liniju obrane ljudskih prava\u2026<\/strong><\/p>\n<p>Da. To me uop\u0161te ne \u010dudi i to govorim iz li\u010dne pozicije jer najvi\u0161e stvari koje sam nau\u010dila u svom \u017eivotu, nau\u010dila sam od \u017eena. Najve\u0107e ohrabrenje, osna\u017eivanje, podr\u0161ku ili samo \u0107utanje i razumevanje u ti\u0161ini, ne\u0161to je \u0161to sam uvek najvi\u0161e ose\u0107ala sa \u017eenama, \u0161to ne zna\u010di da u najgore situacije kojima sam bila izlo\u017eena i koje sam te\u0161ko pro\u017eivljavala nisu bile uklju\u010dene i \u017eene. Ponosna sam \u0161to mlade \u017eene vide Inicijativu kao prostor u kojemu mogu graditi, negovati i oblikovati svoju snagu, gde vide svoj prostor slobode i prostor za razvoj. U Inicijativi mladih rade ljudi raznih identiteta, od nacionalnih, rodnih i seksualnih, a jako sam ponosna \u0161to za sve njih Inicijativa jeste mesto gde oni sami biraju da rade. Borbu koju mi nosimo, a koja je imala razli\u010dite oblike u poslednjih 20 godina, oni vide kao svoju borbu i sa njom se poistove\u0107uju.<\/p>\n<p><strong>Nedavno ste primili Ahensku mirovnu nagradu u ime Inicijative mladih za ljudska prava. \u0160ta vam zna\u010di to priznanje i koliko je bitna podr\u0161ka me\u0111unarodne zajednice u va\u0161em radu, s obzirom na to da u okru\u017eenju nemate podr\u0161ku od struktura?<\/strong><\/p>\n<p>Priznanja su jako va\u017ena. Mi ih \u010desto zaboravljamo, a rad ljudi ili organizacija koji su dugo na sceni se uzima zdravo za gotovo. Verujem u pohvale, priznanja, lepu re\u010d, u komplimente koji mogu do\u0107i i niotkuda, i mislim da to zaista ima jedan ohrabruju\u0107i element koji je iznimno bitan, a koji od brzine ovog \u017eivota i koli\u010dine stvari koje se doga\u0111aju, nekada i zaboravimo. Stalno se trudim da sebe podse\u0107am na to i nekada me zaista proganja misao, kada imam vremena da du\u017ee i \u0161ire mislim, kolikom broju ljudi ili kolektiva nismo odali priznanje, a oni to zaslu\u017euju. Nikada u pitanju nije neka lo\u0161a namera ili nemar, ve\u0107 brzina \u017eivota.<\/p>\n<p>S druge strane, spomenula si okru\u017eenje u kojem radimo, i tu bih izdvojila Srbiju u kojoj civilni sektor ve\u0107 godinama deluje u uslovima koji su vrlo izazovni. S jedne sam strane iznimno ponosna kada pri\u010dam o civilnom sektoru u Srbiji jer stvarno mislim da su proaktivnost, uticaj i koli\u010dina rada potpuno srazmerni okru\u017eenju u kojem taj sektor funkcioni\u0161e. Ali upravo to neprijateljsko okru\u017eenje, koje dugo traje i samo sebe nadogra\u0111uje, \u010desto mo\u017ee da dovede do nekih mra\u010dnih delova uma, pomuti perspektivu i sliku toga gde smo krenuli, \u0161ta radimo i za\u0161to. Jer kada takvo stanje toliko dugo traje, ne mo\u017ee\u0161 a da se ne zapita\u0161 \u2013 da li je mogu\u0107e da sve ovo nije u redu, a da sam ja u redu. To je ono tipi\u010dno \u0161to su nam roditelji govorili kada smo bili mali: &#8220;Jeste, svi su drugi ludi, a samo si ti pametna.&#8221; To me nervira, ali ba\u0161 je zato otpor jako va\u017ean. Bitno je da se nikada ne izgubi taj otpor koji s godinama i iskustvom postaje mnogo izbru\u0161eniji i egzaktniji. Trenutak kada se izgubi otpor je trenutak kada se treba maknuti iz dru\u0161tveno-anga\u017eovanog rada. Ali ni otpor ne treba biti sam sebi svrha.<\/p>\n<p>Mnogo zna\u010de saradnje, kolegijalnost, solidarnost i priznanja, a Ahenska mirovna nagrada do\u0161la je u specifi\u010dnom trenutku kada smo bili izlo\u017eeni stra\u0161no velikim napadima, po\u010dev\u0161i od napada zbog rezolucije o Srebrenici, festivala &#8220;Mirdita, dobar dan&#8221;\u2026 Tada su krenula i zadr\u017eavanja na granicama, nakupilo se toga i sve je predugo trajalo. Stvarno verujem da \u0107emo neke stvari raditi dokle god mo\u017eemo i umemo, ali ne pod bilo koju cenu.<\/p>\n<p><strong>Spomenuli ste festival &#8220;Mirdita, dobar dan&#8221; koji je prvo izazvao mno\u0161tvo negativnih reakcija premda se ranije odr\u017eao ve\u0107 deset puta, a zbog odluke Republike Srbije ove godine na kraju ipak nije odr\u017ean. To je festival koji obiluje kulturnim programom i promovira mir izme\u0111u Srbije i Kosova te njihovih gra\u0111anki i gra\u0111ana. Kako tuma\u010dite zabranu s obzirom na to da je dio plana Srbije vezanog uz ulazak u Europsku uniju upravo pregovara\u010dki proces sa Kosovom?<\/strong><\/p>\n<p>Deo obaveza Srbije ti\u010de se normalizacije odnosa sa Kosovom, a svakako pod normalizacijom ne bi trebala da se podrazumeva zabrana kulturno-umetni\u010dkih doga\u0111aja koji spajaju umetnike. Taj festival nikada nije negirao realnost, a ako uzmemo u obzir da se u Srbiji \u010desto negira realnost i da se razgovori o Kosovu svode na metafizi\u010dki nivo koji se nasilno preta\u010de u na\u0161u svakodnevicu, zabrana i ne \u010dudi. Uz zabranu festivala koji je trebao da se po jedanaesti put odr\u017ei u Beogradu, usledila je i hajka u kojoj je u\u010destovalo pet ministara i jedan gradona\u010delnik, a koji su festival nazvali promocijom terorizma. Mi smo se zaista izlagali i ulazili u razli\u010dite debate sa raznim ljudima na raznim televizijama sa \u017eeljom da objasnimo sve to, ali onda su na sam dan festivala oni koji imaju mo\u0107 kreirali situaciju koja je delovala nebezbednom. Na dan otvaranja festivala nisu se pojavili gra\u0111ani, ve\u0107 150 huligana, ljudi koji \u0161alju \u017eivotinjske glave na na\u0161e adrese, koji prete nasiljem i crtaju kukaste krstove. Dr\u017eava i sigurnosne strukture postoje u svakoj zemlji da bi od takvih \u0161titile gra\u0111ane, a ove godine je dr\u017eava postupila u skladu sa zahtevima ekstremista.<\/p>\n<figure id=\"attachment_5689\" aria-describedby=\"caption-attachment-5689\" style=\"width: 1707px\" class=\"wp-caption alignnone\"><img loading=\"lazy\" decoding=\"async\" class=\"wp-image-5689 size-full\" src=\"https:\/\/sdf.hr\/wp-content\/uploads\/2024\/12\/Todorovic3_Marko-Risovic-scaled.jpg\" alt=\"\" width=\"1707\" height=\"2560\" srcset=\"https:\/\/sdf.hr\/wp-content\/uploads\/2024\/12\/Todorovic3_Marko-Risovic-scaled.jpg 1707w, https:\/\/sdf.hr\/wp-content\/uploads\/2024\/12\/Todorovic3_Marko-Risovic-200x300.jpg 200w, https:\/\/sdf.hr\/wp-content\/uploads\/2024\/12\/Todorovic3_Marko-Risovic-683x1024.jpg 683w, https:\/\/sdf.hr\/wp-content\/uploads\/2024\/12\/Todorovic3_Marko-Risovic-768x1152.jpg 768w, https:\/\/sdf.hr\/wp-content\/uploads\/2024\/12\/Todorovic3_Marko-Risovic-1024x1536.jpg 1024w, https:\/\/sdf.hr\/wp-content\/uploads\/2024\/12\/Todorovic3_Marko-Risovic-1365x2048.jpg 1365w\" sizes=\"auto, (max-width: 1707px) 100vw, 1707px\" \/><figcaption id=\"caption-attachment-5689\" class=\"wp-caption-text\">Sofija Todorovi\u0107 (Foto: Marko Risovi\u0107)<\/figcaption><\/figure>\n<p><strong>Me\u0111u huliganima ima i mladih. Rezultati va\u0161eg istra\u017eivanja stavova pokazuju da mladi u Srbiji malo znaju o ratovima devedesetih i ratnim zlo\u010dinima, a imaju negativne stavove prema Ha\u0161kom tribunalu. Analiza ud\u017ebenika istorije u Srbiji pokazuje i zna\u010dajnu neravnote\u017eu u prikazivanju ratnih sukoba.<\/strong><\/p>\n<p>Ta dva istra\u017eivanja su komplementarna i u odre\u0111enoj meri jedno istra\u017eivanje obja\u0161njava drugo. Formalno obrazovanje ima stra\u0161no veliki uticaj na mlade i njihove stavove o pro\u0161losti i to je jedno od prvih mesta na kojemu se mladi susre\u0107u sa tim temama, a koje naj\u010de\u0161\u0107e malo ili nikako obra\u0111uju. U ud\u017ebenicima se pominje jedino Srebrenica, ali bez ula\u017eenja u samu kvalifikaciju zlo\u010dina, pominje se vrlo dekontekstualizovano i \u0161turo. Me\u0111utim, po\u0161to se koristi nekoliko ud\u017ebenika, postoje razlike, ali na kraju dana dosta toga zavisi i o nastavnicima koji imaju slobodu odabrati koji \u0107e ud\u017ebenik koristiti. Nastavnici bi trebali biti saveznici u procesu pomirenja, tako da nije sve do mladih, va\u017eno je da pri\u010damo i o obrazovnim politikama. Stavovi mladih su \u0161aroliki, a primetili smo jednu stra\u0161nu nelogi\u010dnost \u2013 kada ih pitate da li ratni zlo\u010dinci treba da budu u javnom prostoru, mladi ka\u017eu ne, ali onda vidimo da su oni koje smatraju herojima i koji im se tako predstavljaju zapravo ratni zlo\u010dinci.<\/p>\n<p><strong>Kada govorimo o suo\u010davanju sa pro\u0161lo\u0161\u0107u, koliko tu va\u017enu ulogu igraju mladi?<\/strong><\/p>\n<p>Vrlo va\u017enu. Sada postoje i razli\u010diti dokumenti EU-a i UN-a i doma\u0107e strategije koji odreda ukazuju na va\u017enost uklju\u010divanja mladih u dru\u0161tvene promene te va\u017enosti demokratske participacije mladih kao grupe. A onda, kada se razgovara o pro\u0161losti, niko ne \u017eeli mlade za stolom. &#8220;Vi niste bili ni ro\u0111eni kada se to desilo, \u0161ta vi znate o tome, ti si previ\u0161e mlad da bi o tome pri\u010dao, nema\u0161 dovoljno iskustva&#8221; i sl., na\u0111e se hiljadu na\u010dina da ih se diskredituje kao relevantne sagovornike. Mi o toj pro\u0161losti govorimo upravo zbog budu\u0107nosti, da bismo bolje razumeli sada\u0161njost i bili sposobni da gradimo budu\u0107nost kojoj te\u017eimo, a koja se gradi za te mlade ljude. Stra\u0161an je problem \u0161to mladi, kada govorimo o ovim temama, na kraju nisu u stanju da donose izbore na temelju valjanih informacija. I to zato \u0161to su obrazovne politike sistemski skrojene tako da mladi ne znaju ni\u0161ta, a sve kako bi im se uspe\u0161no plasirali razni narativi. Upravo tako nastaje sistemski instruirani zaborav.<\/p>\n<p><strong>U jeku protesta zbog neka\u017enjavanja odgovornih za tragediju u Novom Sadu, a koji traju du\u017ee od mjesec dana i pro\u0161irili su se na blokade fakulteta, uhap\u0161ene su dvije aktivistkinje Inicijative. Odvedene su na informativni razgovor od strane nepoznatih mu\u0161karaca, koji im se nisu legitimirali, u nepoznatu stanicu. Kakve su posljedice takvih privo\u0111enja za civilno dru\u0161tvo? Funkcionira li zastra\u0161ivanje koje provode represivni organi?<\/strong><\/p>\n<p>Apsolutno funkcioni\u0161e i to mo\u017eemo da vidimo na primeru su\u017eavanja prostora za delovanje i rad, jer ako \u017eeli\u0161 biti aktivistkinja i do ne\u010dega ti je stalo, mora\u0161 biti spremna na to da mo\u017ee\u0161 postati tema premijera i predsednika dr\u017eave kojima ne mo\u017ee\u0161 parirati po pitanju mo\u0107i i resursa. Niti mo\u017ee\u0161 da veruje\u0161 da se predsednici i premijeri bave 20-godi\u0161njim studentkinjama i aktivistkinjama. Postoji opcija da \u0107e\u0161 biti na meti raznih ekstremisti\u010dkih i desni\u010darskih grupa, i opcija da \u0107e\u0161 biti privedena od strane lica koja nisu u policijskoj uniformi, uba\u010dena u d\u017eip i odvedena u stanicu za koju ti niko ne\u0107e re\u0107i koja je, na razgovor koji je informativan, gde se ljudi prema tebi pona\u0161aju relativno prijatno pa se tvoja perspektiva toga koliko je sve to stra\u0161no zapravo zamagljuje. O svemu tome \u0107e biti obave\u0161tena javnost, pa zamislite onda druge mlade ljude koji to \u010ditaju. Koliko njih \u0107e onda uop\u0107e biti spremno da se bore. Ali nije njihova borba ono \u0161to ih izla\u017ee takvim situacijama, nego ono protiv \u010dega se bore. U\u017easno je gadan i nepravedan taj izbor, ali je takav i to je realnost sa kojom moramo da vidimo \u0161ta \u0107emo da radimo.<\/p>\n<figure id=\"attachment_5691\" aria-describedby=\"caption-attachment-5691\" style=\"width: 1707px\" class=\"wp-caption alignnone\"><img loading=\"lazy\" decoding=\"async\" class=\"wp-image-5691 size-full\" src=\"https:\/\/sdf.hr\/wp-content\/uploads\/2024\/12\/Todorovic4_Marko-Risovic-scaled.jpg\" alt=\"\" width=\"1707\" height=\"2560\" srcset=\"https:\/\/sdf.hr\/wp-content\/uploads\/2024\/12\/Todorovic4_Marko-Risovic-scaled.jpg 1707w, https:\/\/sdf.hr\/wp-content\/uploads\/2024\/12\/Todorovic4_Marko-Risovic-200x300.jpg 200w, https:\/\/sdf.hr\/wp-content\/uploads\/2024\/12\/Todorovic4_Marko-Risovic-683x1024.jpg 683w, https:\/\/sdf.hr\/wp-content\/uploads\/2024\/12\/Todorovic4_Marko-Risovic-768x1152.jpg 768w, https:\/\/sdf.hr\/wp-content\/uploads\/2024\/12\/Todorovic4_Marko-Risovic-1024x1536.jpg 1024w, https:\/\/sdf.hr\/wp-content\/uploads\/2024\/12\/Todorovic4_Marko-Risovic-1365x2048.jpg 1365w\" sizes=\"auto, (max-width: 1707px) 100vw, 1707px\" \/><figcaption id=\"caption-attachment-5691\" class=\"wp-caption-text\">Sofija Todorovi\u0107 (Foto: Marko Risovi\u0107)<\/figcaption><\/figure>\n<p><strong>U Hrvatskoj se protesti u Srbiji \u010desto posmatraju s divljenjem, a svaki put kada se okupe toliki ljudi, \u010dini se nemogu\u0107im da situacija ostane ista. Ipak, barem naizgled, ostaje\u2026<\/strong><\/p>\n<p>Ostaje ista ako gledamo povr\u0161inski, ko je na vlasti. Znamo i koje metode se u Srbiji koriste za ostanak na vlasti. Ali ipak nije sve isto \u2013 mislim da je ovo \u0161to su mladi u Srbiji uspeli da naprave u dve godine sa protestima neverovatno, koli\u010dina ljudi koje su uspeli svojim akcijama motivisati da uprkos svemu iza\u0111u na ulice je neverovatna. Verujem da to poma\u017ee da se otpor \u0161iri i da \u0161to ve\u0107i broj gra\u0111ana bude informisan o tome \u0161ta se de\u0161ava u zemlji. Zaista verujem da ovo nije trka na sto metara, nego ogromni maraton u kojem tr\u010di sve vi\u0161e ljudi.<\/p>\n<p><strong>\u0160ta vas motivi\u0161e da uprkos svemu nastavite borbu i \u0161ta vam daje nadu da \u0107e promena ipak do\u0107i?<\/strong><\/p>\n<p>Mnogo stvari. I kada ih pobrojim, shvatim da mo\u017eda nisam tolika pesimistkinja koliko sama sebi delujem. Nadu mi daju mladi ljudi s kojima imam privilegiju da radim, a koji su entuzijasti\u010dni i pametni, \u017eele da u\u010de i daju svoj doprinos borbi za demokratsku Srbiju. To mi daje i motivaciju i obavezuje me na neodustajanje. Nadu mi daje proaktivnost civilnog sektora u Srbiji, moje kolege i koleginice koji me motivi\u0161u na poseban na\u010din, daju mi snagu i va\u017ena mi je njihova otpornost. Tu su i moji prijatelji, gra\u0111anke i gra\u0111ani koji imaju druge poslove pa kroz neke druge oblike poku\u0161avaju da daju svoj doprinos. Motivi\u0161u me njihove kritike i sugestije jer to pokazuje da smo zadr\u017eali kulturu dijaloga, a va\u017eno mi je da ne izgubimo tu sposobnost da razgovaramo kao ljudi. Bez obzira na ja\u010danje desnice, nadu mi daju i politi\u010dki krugovi u kojima se javlja svest o va\u017enosti savezni\u0161tva i potrebi da se ne\u0161to preduzme, da kada govorimo o slobodi da je ne odvajamo od koncepta odgovornosti. Ima jo\u0161 milion stvari koje uspevam da vidim i da u svemu tome ne pre\u0111em preko njih tako olako.<\/p>\n<p><em>razgovor vodila Katarina Bo\u0161njak<\/em><\/p>\n","protected":false},"excerpt":{"rendered":"<p>Najve\u0107e ohrabrenje, osna\u017eivanje, podr\u0161ku ili samo \u0107utanje i razumevanje u ti\u0161ini, ne\u0161to je \u0161to sam uvek najvi\u0161e ose\u0107ala sa \u017eenama. No to ne zna\u010di da u najgore situacije kojima sam bila izlo\u017eena i koje sam te\u0161ko pro\u017eivljavala nisu bile uklju\u010dene i \u017eene<\/p>\n","protected":false},"featured_media":5686,"template":"","tags":[173,29],"atribut":[],"class_list":["post-5693","nada","type-nada","status-publish","has-post-thumbnail","hentry","tag-intervju-2-hr","tag-intervju"],"acf":[],"yoast_head":"<!-- This site is optimized with the Yoast SEO plugin v27.4 - https:\/\/yoast.com\/product\/yoast-seo-wordpress\/ -->\n<title>Sofija Todorovi\u0107: Najvi\u0161e sam nau\u010dila od \u017eena - SDF - Srpski demokratski forum<\/title>\n<meta name=\"robots\" content=\"index, follow, max-snippet:-1, max-image-preview:large, max-video-preview:-1\" \/>\n<link rel=\"canonical\" href=\"https:\/\/sdf.hr\/hr\/nada\/sofija-todorovic-najvise-sam-naucila-od-zena\/\" \/>\n<meta property=\"og:locale\" content=\"hr_HR\" \/>\n<meta property=\"og:type\" content=\"article\" \/>\n<meta property=\"og:title\" content=\"Sofija Todorovi\u0107: Najvi\u0161e sam nau\u010dila od \u017eena - SDF - Srpski demokratski forum\" \/>\n<meta property=\"og:description\" content=\"Najve\u0107e ohrabrenje, osna\u017eivanje, podr\u0161ku ili samo \u0107utanje i razumevanje u ti\u0161ini, ne\u0161to je \u0161to sam uvek najvi\u0161e ose\u0107ala sa \u017eenama. No to ne zna\u010di da u najgore situacije kojima sam bila izlo\u017eena i koje sam te\u0161ko pro\u017eivljavala nisu bile uklju\u010dene i \u017eene\" \/>\n<meta property=\"og:url\" content=\"https:\/\/sdf.hr\/hr\/nada\/sofija-todorovic-najvise-sam-naucila-od-zena\/\" \/>\n<meta property=\"og:site_name\" content=\"SDF - Srpski demokratski forum\" \/>\n<meta property=\"article:modified_time\" content=\"2024-12-15T09:53:20+00:00\" \/>\n<meta property=\"og:image\" content=\"https:\/\/sdf.hr\/wp-content\/uploads\/2024\/12\/Todorovic1_Marko-Risovic-scaled.jpg\" \/>\n\t<meta property=\"og:image:width\" content=\"2560\" \/>\n\t<meta property=\"og:image:height\" content=\"1707\" \/>\n\t<meta property=\"og:image:type\" content=\"image\/jpeg\" \/>\n<meta name=\"twitter:card\" content=\"summary_large_image\" \/>\n<meta name=\"twitter:label1\" content=\"Procijenjeno vrijeme \u010ditanja\" \/>\n\t<meta name=\"twitter:data1\" content=\"14 minuta\" \/>\n<script type=\"application\/ld+json\" class=\"yoast-schema-graph\">{\"@context\":\"https:\\\/\\\/schema.org\",\"@graph\":[{\"@type\":\"WebPage\",\"@id\":\"https:\\\/\\\/sdf.hr\\\/hr\\\/nada\\\/sofija-todorovic-najvise-sam-naucila-od-zena\\\/\",\"url\":\"https:\\\/\\\/sdf.hr\\\/hr\\\/nada\\\/sofija-todorovic-najvise-sam-naucila-od-zena\\\/\",\"name\":\"Sofija Todorovi\u0107: Najvi\u0161e sam nau\u010dila od \u017eena - SDF - Srpski demokratski forum\",\"isPartOf\":{\"@id\":\"https:\\\/\\\/sdf.hr\\\/#website\"},\"primaryImageOfPage\":{\"@id\":\"https:\\\/\\\/sdf.hr\\\/hr\\\/nada\\\/sofija-todorovic-najvise-sam-naucila-od-zena\\\/#primaryimage\"},\"image\":{\"@id\":\"https:\\\/\\\/sdf.hr\\\/hr\\\/nada\\\/sofija-todorovic-najvise-sam-naucila-od-zena\\\/#primaryimage\"},\"thumbnailUrl\":\"https:\\\/\\\/sdf.hr\\\/wp-content\\\/uploads\\\/2024\\\/12\\\/Todorovic1_Marko-Risovic-scaled.jpg\",\"datePublished\":\"2024-12-15T09:52:44+00:00\",\"dateModified\":\"2024-12-15T09:53:20+00:00\",\"breadcrumb\":{\"@id\":\"https:\\\/\\\/sdf.hr\\\/hr\\\/nada\\\/sofija-todorovic-najvise-sam-naucila-od-zena\\\/#breadcrumb\"},\"inLanguage\":\"hr\",\"potentialAction\":[{\"@type\":\"ReadAction\",\"target\":[\"https:\\\/\\\/sdf.hr\\\/hr\\\/nada\\\/sofija-todorovic-najvise-sam-naucila-od-zena\\\/\"]}]},{\"@type\":\"ImageObject\",\"inLanguage\":\"hr\",\"@id\":\"https:\\\/\\\/sdf.hr\\\/hr\\\/nada\\\/sofija-todorovic-najvise-sam-naucila-od-zena\\\/#primaryimage\",\"url\":\"https:\\\/\\\/sdf.hr\\\/wp-content\\\/uploads\\\/2024\\\/12\\\/Todorovic1_Marko-Risovic-scaled.jpg\",\"contentUrl\":\"https:\\\/\\\/sdf.hr\\\/wp-content\\\/uploads\\\/2024\\\/12\\\/Todorovic1_Marko-Risovic-scaled.jpg\",\"width\":2560,\"height\":1707,\"caption\":\"Sofija Todorovi\u0107 (Foto: Marko Risovi\u0107)\"},{\"@type\":\"BreadcrumbList\",\"@id\":\"https:\\\/\\\/sdf.hr\\\/hr\\\/nada\\\/sofija-todorovic-najvise-sam-naucila-od-zena\\\/#breadcrumb\",\"itemListElement\":[{\"@type\":\"ListItem\",\"position\":1,\"name\":\"Po\u010detna stranica\",\"item\":\"https:\\\/\\\/sdf.hr\\\/hr\\\/\"},{\"@type\":\"ListItem\",\"position\":2,\"name\":\"Nada\",\"item\":\"https:\\\/\\\/sdf.hr\\\/nada\\\/\"},{\"@type\":\"ListItem\",\"position\":3,\"name\":\"Sofija Todorovi\u0107: Najvi\u0161e sam nau\u010dila od \u017eena\"}]},{\"@type\":\"WebSite\",\"@id\":\"https:\\\/\\\/sdf.hr\\\/#website\",\"url\":\"https:\\\/\\\/sdf.hr\\\/\",\"name\":\"SDF - Srpski demokratski forum\",\"description\":\"Srpski demokratski forum\",\"publisher\":{\"@id\":\"https:\\\/\\\/sdf.hr\\\/#organization\"},\"potentialAction\":[{\"@type\":\"SearchAction\",\"target\":{\"@type\":\"EntryPoint\",\"urlTemplate\":\"https:\\\/\\\/sdf.hr\\\/?s={search_term_string}\"},\"query-input\":{\"@type\":\"PropertyValueSpecification\",\"valueRequired\":true,\"valueName\":\"search_term_string\"}}],\"inLanguage\":\"hr\"},{\"@type\":\"Organization\",\"@id\":\"https:\\\/\\\/sdf.hr\\\/#organization\",\"name\":\"SDF - Srpski demokratski forum\",\"url\":\"https:\\\/\\\/sdf.hr\\\/\",\"logo\":{\"@type\":\"ImageObject\",\"inLanguage\":\"hr\",\"@id\":\"https:\\\/\\\/sdf.hr\\\/#\\\/schema\\\/logo\\\/image\\\/\",\"url\":\"https:\\\/\\\/sdf.hr\\\/wp-content\\\/uploads\\\/2021\\\/07\\\/logo-hr.svg\",\"contentUrl\":\"https:\\\/\\\/sdf.hr\\\/wp-content\\\/uploads\\\/2021\\\/07\\\/logo-hr.svg\",\"width\":271,\"height\":100,\"caption\":\"SDF - Srpski demokratski forum\"},\"image\":{\"@id\":\"https:\\\/\\\/sdf.hr\\\/#\\\/schema\\\/logo\\\/image\\\/\"}}]}<\/script>\n<!-- \/ Yoast SEO plugin. -->","yoast_head_json":{"title":"Sofija Todorovi\u0107: Najvi\u0161e sam nau\u010dila od \u017eena - SDF - Srpski demokratski forum","robots":{"index":"index","follow":"follow","max-snippet":"max-snippet:-1","max-image-preview":"max-image-preview:large","max-video-preview":"max-video-preview:-1"},"canonical":"https:\/\/sdf.hr\/hr\/nada\/sofija-todorovic-najvise-sam-naucila-od-zena\/","og_locale":"hr_HR","og_type":"article","og_title":"Sofija Todorovi\u0107: Najvi\u0161e sam nau\u010dila od \u017eena - SDF - Srpski demokratski forum","og_description":"Najve\u0107e ohrabrenje, osna\u017eivanje, podr\u0161ku ili samo \u0107utanje i razumevanje u ti\u0161ini, ne\u0161to je \u0161to sam uvek najvi\u0161e ose\u0107ala sa \u017eenama. No to ne zna\u010di da u najgore situacije kojima sam bila izlo\u017eena i koje sam te\u0161ko pro\u017eivljavala nisu bile uklju\u010dene i \u017eene","og_url":"https:\/\/sdf.hr\/hr\/nada\/sofija-todorovic-najvise-sam-naucila-od-zena\/","og_site_name":"SDF - Srpski demokratski forum","article_modified_time":"2024-12-15T09:53:20+00:00","og_image":[{"width":2560,"height":1707,"url":"https:\/\/sdf.hr\/wp-content\/uploads\/2024\/12\/Todorovic1_Marko-Risovic-scaled.jpg","type":"image\/jpeg"}],"twitter_card":"summary_large_image","twitter_misc":{"Procijenjeno vrijeme \u010ditanja":"14 minuta"},"schema":{"@context":"https:\/\/schema.org","@graph":[{"@type":"WebPage","@id":"https:\/\/sdf.hr\/hr\/nada\/sofija-todorovic-najvise-sam-naucila-od-zena\/","url":"https:\/\/sdf.hr\/hr\/nada\/sofija-todorovic-najvise-sam-naucila-od-zena\/","name":"Sofija Todorovi\u0107: Najvi\u0161e sam nau\u010dila od \u017eena - SDF - Srpski demokratski forum","isPartOf":{"@id":"https:\/\/sdf.hr\/#website"},"primaryImageOfPage":{"@id":"https:\/\/sdf.hr\/hr\/nada\/sofija-todorovic-najvise-sam-naucila-od-zena\/#primaryimage"},"image":{"@id":"https:\/\/sdf.hr\/hr\/nada\/sofija-todorovic-najvise-sam-naucila-od-zena\/#primaryimage"},"thumbnailUrl":"https:\/\/sdf.hr\/wp-content\/uploads\/2024\/12\/Todorovic1_Marko-Risovic-scaled.jpg","datePublished":"2024-12-15T09:52:44+00:00","dateModified":"2024-12-15T09:53:20+00:00","breadcrumb":{"@id":"https:\/\/sdf.hr\/hr\/nada\/sofija-todorovic-najvise-sam-naucila-od-zena\/#breadcrumb"},"inLanguage":"hr","potentialAction":[{"@type":"ReadAction","target":["https:\/\/sdf.hr\/hr\/nada\/sofija-todorovic-najvise-sam-naucila-od-zena\/"]}]},{"@type":"ImageObject","inLanguage":"hr","@id":"https:\/\/sdf.hr\/hr\/nada\/sofija-todorovic-najvise-sam-naucila-od-zena\/#primaryimage","url":"https:\/\/sdf.hr\/wp-content\/uploads\/2024\/12\/Todorovic1_Marko-Risovic-scaled.jpg","contentUrl":"https:\/\/sdf.hr\/wp-content\/uploads\/2024\/12\/Todorovic1_Marko-Risovic-scaled.jpg","width":2560,"height":1707,"caption":"Sofija Todorovi\u0107 (Foto: Marko Risovi\u0107)"},{"@type":"BreadcrumbList","@id":"https:\/\/sdf.hr\/hr\/nada\/sofija-todorovic-najvise-sam-naucila-od-zena\/#breadcrumb","itemListElement":[{"@type":"ListItem","position":1,"name":"Po\u010detna stranica","item":"https:\/\/sdf.hr\/hr\/"},{"@type":"ListItem","position":2,"name":"Nada","item":"https:\/\/sdf.hr\/nada\/"},{"@type":"ListItem","position":3,"name":"Sofija Todorovi\u0107: Najvi\u0161e sam nau\u010dila od \u017eena"}]},{"@type":"WebSite","@id":"https:\/\/sdf.hr\/#website","url":"https:\/\/sdf.hr\/","name":"SDF - Srpski demokratski forum","description":"Srpski demokratski forum","publisher":{"@id":"https:\/\/sdf.hr\/#organization"},"potentialAction":[{"@type":"SearchAction","target":{"@type":"EntryPoint","urlTemplate":"https:\/\/sdf.hr\/?s={search_term_string}"},"query-input":{"@type":"PropertyValueSpecification","valueRequired":true,"valueName":"search_term_string"}}],"inLanguage":"hr"},{"@type":"Organization","@id":"https:\/\/sdf.hr\/#organization","name":"SDF - Srpski demokratski forum","url":"https:\/\/sdf.hr\/","logo":{"@type":"ImageObject","inLanguage":"hr","@id":"https:\/\/sdf.hr\/#\/schema\/logo\/image\/","url":"https:\/\/sdf.hr\/wp-content\/uploads\/2021\/07\/logo-hr.svg","contentUrl":"https:\/\/sdf.hr\/wp-content\/uploads\/2021\/07\/logo-hr.svg","width":271,"height":100,"caption":"SDF - Srpski demokratski forum"},"image":{"@id":"https:\/\/sdf.hr\/#\/schema\/logo\/image\/"}}]}},"_links":{"self":[{"href":"https:\/\/sdf.hr\/hr\/wp-json\/wp\/v2\/nada\/5693","targetHints":{"allow":["GET"]}}],"collection":[{"href":"https:\/\/sdf.hr\/hr\/wp-json\/wp\/v2\/nada"}],"about":[{"href":"https:\/\/sdf.hr\/hr\/wp-json\/wp\/v2\/types\/nada"}],"wp:featuredmedia":[{"embeddable":true,"href":"https:\/\/sdf.hr\/hr\/wp-json\/wp\/v2\/media\/5686"}],"wp:attachment":[{"href":"https:\/\/sdf.hr\/hr\/wp-json\/wp\/v2\/media?parent=5693"}],"wp:term":[{"taxonomy":"post_tag","embeddable":true,"href":"https:\/\/sdf.hr\/hr\/wp-json\/wp\/v2\/tags?post=5693"},{"taxonomy":"atribut","embeddable":true,"href":"https:\/\/sdf.hr\/hr\/wp-json\/wp\/v2\/atribut?post=5693"}],"curies":[{"name":"wp","href":"https:\/\/api.w.org\/{rel}","templated":true}]}}