{"id":5705,"date":"2024-12-18T07:30:02","date_gmt":"2024-12-18T06:30:02","guid":{"rendered":"https:\/\/sdf.hr\/nada\/kad-nema-doma-za-obitelj-roma\/"},"modified":"2024-12-17T17:00:32","modified_gmt":"2024-12-17T16:00:32","slug":"kad-nema-doma-za-obitelj-roma","status":"publish","type":"nada","link":"https:\/\/sdf.hr\/hr\/nada\/kad-nema-doma-za-obitelj-roma\/","title":{"rendered":"Kad nema doma za obitelj Roma"},"content":{"rendered":"<p>Upoznala sam <strong>Kristinu<\/strong> (izmijenjeno ime) na zagreba\u010dkom autobusnom kolodvoru jo\u0161 kao studentica. Znale smo zastati i porazgovarati kad bih odlazila kupiti kartu ili \u010dekaju\u0107i autobus na putu za Split. Zamolila bi me ako imam ne\u0161to sitno, a onda bi se razgovor umrvio u svakodnevnicu, kako brine za mamu, bra\u0107u i sestre, iako jedva krpaju kraj s krajem, i u crtice s kolodvora tih dana, od topline do indiferentnosti ili \u010dak surovosti ljudi u prolazu.<\/p>\n<p>Nismo se sjetile razmijeniti imena, zaranjaju\u0107i spontano u razgovor, do ovoga augusta, kad sam je, godinama nakon, srela u centru grada. Prepoznala me i veselo mi mahnula ve\u0107 iz daljine. Pored nje, u kolicima, spavala je djevoj\u010dica od mo\u017eda dvije ili tri godine. &#8220;Imam i sina od par mjeseci, a tre\u0107e je na putu&#8221;, nasmije\u0161ila se. Pitala sam je kako je i kako podnosi trudno\u0107u. &#8220;Dobro, sre\u0107om. Samo \u0161to \u0107u, kao i s dvije posljednje, morati na carski rez.&#8221; Primijetila sam naboranu zabrinutost na njezinom licu. Znam da ne sti\u017ee ni razmi\u0161ljati o pripremi na zahvat i postoperativnoj njezi kad ne zna kako \u0107e uop\u0107e platiti pretrage i boravak u bolnici, i jo\u0161 va\u017enije, kako prehraniti malene i sebe do tada. Zdravstveno osiguranje za &#8220;strankinje&#8221;, kako su tretirane Romkinje bez regulirana statusa, osloba\u0111a dr\u017eavu odgovornosti u podmirivanju tro\u0161kova primarne zdravstvene, a onda i ginekolo\u0161ke skrbi.<\/p>\n<p>Kristina se nedavno vratila s partnerom i djecom iz Makedonije. &#8220;Mu\u017e mi je od tamo. Radio je s ocem neko vrijeme, ali na\u017ealost, ni\u0161ta od toga\u2026 pa smo se vratili u Zagreb. Uspio je prona\u0107i posao na bau\u0161teli. Ali kako je tek krenuo raditi, trebamo se nekako sna\u0107i dok ne sjedne prva pla\u0107a.&#8221; \u017divjeli su kod njezine majke par dana, dok ih nije izbacila iz ku\u0107e. Nije rekla \u0161to se dogodilo, a ja nisam pitala, znaju\u0107i da mi nije mjesto zadirati tamo.<\/p>\n<p>&#8220;Zna\u0161 li mo\u017eda gdje bismo mogli ve\u010deras prespavati?&#8221; izustila je s tra\u010dkom nade. No\u0107 prije proveli su u nekom prolazu, spavaju\u0107i naizmjence kako bi mogli bdjeti nad malenima i paziti da se ne\u0161to ne dogodi na otvorenom, sve dok je vani bjesnila ljetna oluja. To popodne su oblaci i meteorolozi ponovno zvali ki\u0161u, a nebo se ve\u0107 zajogunilo probiti predvi\u0111ene sate po\u010detka nevremena. Ka\u017ee, zabrinuta je i za partnera kojem se od probdijenih no\u0107i vrti i koji jedva ostaje budnim na poslu, kockaju\u0107i se s mogu\u0107om ozljedom na skelama.<\/p>\n<p>Prva pomisao mi je bila nazvati Caritas. &#8220;Naravno da gospo\u0111a mo\u017ee do\u0107i k nama&#8221;, rekao je ljubazni glas s druge strane. &#8220;Jedino, da bismo mogli zbrinuti obitelj, trebaju se javiti na\u0161em uredu za socijalnu skrb\u2026&#8221; Prate\u0107i svaku razmijenjenu rije\u010d, kad je razabrala &#8220;socijalnu skrb&#8221;, Kristina je u panici krenula odmahivati glavom i moliti me da prekinem razgovor. Zbunjeno sam zbrzala vidjev\u0161i da se prestra\u0161ila i, dok je glas jo\u0161 obja\u0161njavao, skliznula s linije. Problijedila je i privukla malenu jo\u0161 bli\u017ee sebi: &#8220;Ne mogu oti\u0107i tamo, uzet \u0107e mi djecu.&#8221;<\/p>\n<p>&#8211; Kako centri za socijalnu skrb organiziraju odvojen smje\u0161taj djece, ti su strahovi razumljivi i, na\u017ealost, vjerojatno opravdani \u2013 ka\u017ee <strong>Martina Horvat<\/strong> koja ve\u0107 dvije godine radi u mobilnom timu udruge Ambidekster za podr\u0161ku romskim obiteljima u riziku od besku\u0107ni\u0161tva, kao \u0161to su Romkinje i Romi iz zagreba\u010dkoga naselja III. Struge.<\/p>\n<figure id=\"attachment_5701\" aria-describedby=\"caption-attachment-5701\" style=\"width: 2560px\" class=\"wp-caption alignnone\"><img loading=\"lazy\" decoding=\"async\" class=\"wp-image-5701 size-full\" src=\"https:\/\/sdf.hr\/wp-content\/uploads\/2024\/12\/Romska-naselja-u-Zagrebu2_Borna-Filic-scaled.jpg\" alt=\"\" width=\"2560\" height=\"1708\" srcset=\"https:\/\/sdf.hr\/wp-content\/uploads\/2024\/12\/Romska-naselja-u-Zagrebu2_Borna-Filic-scaled.jpg 2560w, https:\/\/sdf.hr\/wp-content\/uploads\/2024\/12\/Romska-naselja-u-Zagrebu2_Borna-Filic-300x200.jpg 300w, https:\/\/sdf.hr\/wp-content\/uploads\/2024\/12\/Romska-naselja-u-Zagrebu2_Borna-Filic-1024x683.jpg 1024w, https:\/\/sdf.hr\/wp-content\/uploads\/2024\/12\/Romska-naselja-u-Zagrebu2_Borna-Filic-768x512.jpg 768w, https:\/\/sdf.hr\/wp-content\/uploads\/2024\/12\/Romska-naselja-u-Zagrebu2_Borna-Filic-1536x1025.jpg 1536w, https:\/\/sdf.hr\/wp-content\/uploads\/2024\/12\/Romska-naselja-u-Zagrebu2_Borna-Filic-2048x1366.jpg 2048w\" sizes=\"auto, (max-width: 2560px) 100vw, 2560px\" \/><figcaption id=\"caption-attachment-5701\" class=\"wp-caption-text\">Romsko naselje na zagreba\u010dkoj periferiji (Foto: Borna Fili\u0107\/PIXSELL)<\/figcaption><\/figure>\n<p>Nakon \u0161to je INA d. d. sudskim putem zatra\u017eila delo\u017eaciju s privatiziranog zemlji\u0161ta, Grad Zagreb je 2022. ponudio ljudima privremeno preseljenje u prihvatili\u0161ta dok im ne prona\u0111e trajni smje\u0161taj. Od tada do danas, Grad ne samo da se oglu\u0161uje na molbe Stru\u017eana da im osigura garantirani smje\u0161taj, nego tra\u017ei od suda daljnje delo\u017eacije dijela tih obitelji koje su u me\u0111uvremenu skvotirale napu\u0161tene gradske stanove.<\/p>\n<p>Naziru\u0107i uznemiruju\u0107i obrazac, nije bilo druge nego poslati <em>mail<\/em> Hrvatskom zavodu za socijalni rad. Iz Zavoda su odgovorili da ne vode evidenciju o tome koliko je romske djece u sustavu socijalne skrbi u odnosu na ostatak djece i da &#8220;slabiji ekonomski status nikada nije zasebni i jedini kriterij za smje\u0161taj djece izvan primarne obitelji, ve\u0107 se u obzir uzimaju i razli\u010diti psihosocijalni uvjeti te asocijalni oblici pona\u0161anja&#8221;. Prema popisu iz 2021. godine, u Me\u0111imurskoj i Osje\u010dko-baranjskoj \u017eupaniji \u017eivi najve\u0107i postotak romskog stanovni\u0161tva. Iz Centra za pru\u017eanje usluga u zajednici &#8220;Klasje&#8221; u Osijeku, kao \u0161to napominje Zavod, tako\u0111er isti\u010du da se &#8220;djeca ne izdvajaju iz obitelji ako su u pitanju samo socioekonomski problemi, ve\u0107 se radi o slo\u017eenim situacijama prouzro\u010denima nizom rizi\u010dnih \u010dimbenika kojima su ugro\u017eeni sigurnost i razvoj djeteta.&#8221; Da siroma\u0161tvo nije &#8220;zasebni i jedini kriterij&#8221; kazuje da ono jest jedan od kriterija kojima se centri za socijalnu skrb vode. Dobrobit djece bila bi u tome da imaju redovite obroke i krov nad glavom, \u010dime je i u Kristininom primjeru mogu\u0107e utvrditi &#8220;ugro\u017eenu sigurnost i razvoj djeteta&#8221;. Ali umjesto da se cijela obitelj zbrine, i roditelji i djeca, omogu\u0107avaju\u0107i im da ostanu zajedno, siroma\u0161tvo se ka\u017enjava time \u0161to se roditelji \u0161alju u skloni\u0161ta za besku\u0107nike, a djeca se upu\u0107uju na udomljenje ili u ustanove alternativne skrbi.<\/p>\n<p>Iako se odgovornost prelama uglavnom na ple\u0107ima pojedina\u010dnih socijalnih radnika, koji grcaju u tolikom broju ku\u0107anstava da ih ni ne stignu popratiti kako treba, ona proizlazi iz rasisti\u010dkih kapitalisti\u010dkih struktura kojima su primorani navigirati. Istra\u017eivanje &#8220;Uklju\u010divanje Roma u hrvatsko dru\u0161tvo: \u017eene, mladi i djeca&#8221; <strong>Suzane Kunac<\/strong>, <strong>Ksenije Klasni\u0107<\/strong> i <strong>Petre Rodik<\/strong> pokazuje da su 2017. i 2018. godine ukupna mjese\u010dna primanja 65 posto romskih ku\u0107anstava u Hrvatskoj bila manja od 3000 kuna (400 eura). U 741 anketiranom romskom ku\u0107anstvu \u010dak 92 posto ih je bilo ispod praga siroma\u0161tva ili u riziku od siroma\u0161tva. Kako su romska ku\u0107anstva u prosjeku petero\u010dlana, s 400 eura nije mogu\u0107e podmiriti ni temeljne tro\u0161kove \u017eivota, a kamoli nadograditi kupaonicu ili popraviti krov koji proki\u0161njava, \u0161to su neki od indikatora zbrinutosti djece u romskim sredinama prema zadnjem referentnom dokumentu UNICEF-a i Ministarstva za demografiju, obitelj, mlade i socijalnu politiku iz 2017. godine.<\/p>\n<p>&#8211; Mjera stru\u010dne podr\u0161ke ili intenzivnog nadzora koja prethodi izdvajanju djece svodi se na posjet stru\u010dne osobe obiteljima jednom do dva puta tjedno, \u0161to ne \u010dini puno za ljude koji se suo\u010davaju s vi\u0161egeneracijskim siroma\u0161tvom i rizikom od besku\u0107ni\u0161tva. A pogotovo ako im sustav ne osigurava krov nad glavom i materijalni oslonac u brizi za djecu \u2013 isti\u010de Martina Horvat.<\/p>\n<p>Rizi\u010dni \u010dimbenici koji uslo\u017enjavaju okolnosti djetetova odrastanja izranjaju iz siroma\u0161tva i bujaju u njemu, sa sna\u017enom korelacijom siroma\u0161tva s alkoholizmom, ovisno\u0161\u0107u o drogama, kra\u0111ama, prosja\u010denjem ili nasiljem u poku\u0161ajima pre\u017eivljavanja te no\u0161enjem s bezna\u0111em i manjkom osnovnih egzistencijalnih uvjeta. Roditelji i djeca snalaze se kako znaju i umiju, pa kad se situacija krene \u010diniti bezizlaznom, i na (samo)destruktivne na\u010dine koje dr\u017eava poti\u010de razbijaju\u0107i mre\u017ee skrbi, afektivnosti i podr\u0161ke u marginaliziranim kontekstima. Antiromski rasizam u kapitalizmu vodi ili uni\u0161tavanju ekonomije koja omogu\u0107uje da ljudi \u017eive i pre\u017eivljavaju, istodobno im uskra\u0107uju\u0107i pristup egzistencijalno stabilnijim oblicima rada, dok ih se ne odvu\u010de u zatvor ili smrt, ili u &#8220;spa\u0161avanje djece&#8221; tako \u0161to \u0107e ih se podojiti vrijednostima srednjoklasne bijele obitelji.<\/p>\n<figure id=\"attachment_5703\" aria-describedby=\"caption-attachment-5703\" style=\"width: 2560px\" class=\"wp-caption alignnone\"><img loading=\"lazy\" decoding=\"async\" class=\"wp-image-5703 size-full\" src=\"https:\/\/sdf.hr\/wp-content\/uploads\/2024\/12\/Romska-naselja-u-Zagrebu3_Borna-Filic-scaled.jpg\" alt=\"\" width=\"2560\" height=\"1708\" srcset=\"https:\/\/sdf.hr\/wp-content\/uploads\/2024\/12\/Romska-naselja-u-Zagrebu3_Borna-Filic-scaled.jpg 2560w, https:\/\/sdf.hr\/wp-content\/uploads\/2024\/12\/Romska-naselja-u-Zagrebu3_Borna-Filic-300x200.jpg 300w, https:\/\/sdf.hr\/wp-content\/uploads\/2024\/12\/Romska-naselja-u-Zagrebu3_Borna-Filic-1024x683.jpg 1024w, https:\/\/sdf.hr\/wp-content\/uploads\/2024\/12\/Romska-naselja-u-Zagrebu3_Borna-Filic-768x512.jpg 768w, https:\/\/sdf.hr\/wp-content\/uploads\/2024\/12\/Romska-naselja-u-Zagrebu3_Borna-Filic-1536x1025.jpg 1536w, https:\/\/sdf.hr\/wp-content\/uploads\/2024\/12\/Romska-naselja-u-Zagrebu3_Borna-Filic-2048x1366.jpg 2048w\" sizes=\"auto, (max-width: 2560px) 100vw, 2560px\" \/><figcaption id=\"caption-attachment-5703\" class=\"wp-caption-text\">Romsko naselje na zagreba\u010dkoj periferiji (Foto: Borna Fili\u0107\/PIXSELL)<\/figcaption><\/figure>\n<p>U moralnoj panici usmjerenoj na Rome i Romkinje, &#8220;dobrobit djeteta&#8221; mehanizam je koji omogu\u0107ava da se dijete razmatra u vakuumu, van strukturnih uzroka u kojima se grana kontekst iz kojega \u0107e u nekom trenu biti izdvojeno. Kad se oduzimanje roditeljske skrbi pravda propustima i nemarom roditelja da \u010de\u0161\u0107e kupaju dijete (bez obzira na to \u0161to nemaju kupaonicu ili osiguranu vodoopskrbu) ili da ne psuju pred djetetom (unato\u010d tome \u0161to ta pristojnost zamagljuje okrutnost i bespomo\u0107nost svakodnevnice), izo\u0161travaju se rasisti\u010dka bajanja o prljavosti koju zrcali tamnija ko\u017ea, &#8220;stra\u0161nim Romima i Romkinjama koji iskori\u0161tavaju djecu&#8221; i &#8220;asocijalnom pona\u0161anju&#8221;. &#8220;Asocijalno pona\u0161anje&#8221; sugerira da je te\u0161ko\u0107a u pojedincu koji se ne mo\u017ee i ne zna prilagoditi zadanim normama, a ne u tome \u0161to su te norme izgra\u0111ene da bi sputale romsko stanovni\u0161tvo tako da se podvije kontroli lokalne administracije i da bi se utrnula bilo kakva mogu\u0107a opiranja. Uredu pu\u010dke pravobraniteljice u direktnom radu s ljudima u romskim naseljima roditelji su se znali povjeriti &#8220;da su radnici Hrvatskog zavoda za socijalni rad spominjali mogu\u0107nost izdvajanja djece iz obitelji kao na\u010din da utje\u010du na njihovo pona\u0161anje&#8221;. Iz odgovora koji smo dobili od Ureda pravobraniteljice stoji da &#8220;tema nije do sada sustavno istra\u017eena, pa tako ni pitanje izdvajaju li se \u010de\u0161\u0107e romska djeca iz obitelji te, ako da, koliko \u010de\u0161\u0107e od ostale djece, kao i zbog \u010dega, dakle, s kojim obrazlo\u017eenjima&#8221;. Isti\u010du potrebu za temeljitim dokumentiranjem i analizom konkretnih situacija u kojima dolazi do izdvajanja djece.<\/p>\n<p>Jedno od pitanja Kunac, Klasni\u0107 i Rodik u njihovom obuhvatnom istra\u017eivanju romskih ku\u0107anstava bilo je: &#8220;Jeste li vi osobno \u010duli da su u nekim obiteljima u va\u0161oj blizini roditeljima oduzeta djeca?&#8221; U razmjerno za\u0161ti\u0107enoj svakodnevnici, ve\u0107ina nas \u0107e se te\u0161ko sjetiti gubitka roditeljske skrbi u svojoj okolini. Nasuprot tome, \u010dak 57 posto Romkinja i Roma zna za slu\u010daj oduzimanja djece koji se dogodilo u njihovom susjedstvu (41 posto), obitelji (osam posto) ili drugdje (osam posto). \u010cak dvije tre\u0107ine sugovornika iz Me\u0111imurja (66 posto) i sjeverne Hrvatske (64 posto) svjesno je odvajanja djece u svojoj okolini, a ta je svijest najprisutnija u koncentriranim romskim naseljima udaljenim od grada ili sela (63 posto). Strategija izdvajanja djece u koncentriranim romskim naseljima na periferiji na\u010din je uni\u0161tavanja tih naselja. Kao \u0161to je u slu\u010daju zagreba\u010dkih III. Struga romsko stanovni\u0161tvo istjerano i gurnuto u besku\u0107ni\u0161tvo, ovdje se, umjesto policije i suda, centri za socijalnu skrb upogonjuju kako bi se intergeneracijske i uzajamnom pomo\u0107i ispremre\u017eene romske sredine razdrobile. Kako druga\u010dije uni\u0161titi romska naselja, nego tako \u0161to \u0107e se istrgnuti vezivno tkivo kojim su gra\u0111ena; djecu koja \u010dine najbrojniji dio romske populacije i oko koje se organizira ve\u0107ina svakodnevnice.<\/p>\n<p>Namjera dokidanja romskih naselja i kolektiva utkana je u recentnu povijest dobrog dijela Europe prisilnim sterilizacijama, gdje je samo u \u010ce\u0161koj, Slova\u010dkoj i Ma\u0111arskoj na tisu\u0107e \u017eena sterilizirano na rutinskim zahvatima ili pri porodu. Izvje\u0161taj \u010de\u0161kog pravobranitelja <strong>Otokara Motejla<\/strong> iz 2005. ukazuje na sredi\u0161nju ulogu socijalnog rada u provedbi sterilizacija nastavljaju\u0107i eugeni\u010dke prakse u kontroli strukture stanovni\u0161tva. Izdvajanje djece mogu\u0107e je razmatrati kao prilagodbu toga nasilja ekonomskim i politi\u010dkim promjenama, ali samo oblikom, zadr\u017eavaju\u0107i su\u0161tinu regulacije toga tko, kako i u kojim okolnostima mo\u017ee biti roditelj, vra\u0107aju\u0107i taj problem na agendu borbe za reproduktivnu pravdu.<\/p>\n<p>Od aborid\u017einske djece u Australiji, preko indigene djece u Kanadi i SAD-u, do romske djece u Austro-Ugarskoj, izmje\u0161tanje iz sredina u kojima odrastaju strategija je iskorjenjivanja prkosnih \u017eivota koje je trebalo socijalizirati u gra\u0111anstvo. Djeca bi se dala na (pre)odgoj da se \u0161to prije otrgnu od &#8220;devijantnog na\u010dina \u017eivota&#8221;, pa je <strong>Josip II.<\/strong> 1783. uredbom <em>De Domiciliatione et Regulatione Zingarorum <\/em>utvrdio &#8220;da romska djeca od \u010detvrte godine trebaju biti raspore\u0111ivana u susjedne gradove barem svake dvije godine&#8221;, gdje \u0107e poha\u0111ati \u0161kolu i savladati selja\u010dke zanate. Ne mnogo druga\u010dije, i danas su djeca izmje\u0161tena u razli\u010dite \u017eupanije ili gradove, onako kako dr\u017eava proizvodi oskudicu smje\u0161taja, ote\u017eavaju\u0107i kontakt roditeljima i odr\u017eavanje spona s kontekstom odrastanja, samo \u0161to se, za razliku od 18. stolje\u0107a, asimilacionisti\u010dki diskurs prilagodio jeziku zakona i administracije. Odbijanjem lojalnosti dr\u017eavnim interesima upakiranim u struku, socijalni radnici imaju mo\u0107 zajedno s romskim stanovni\u0161tvom pomicati stvari prema radikalnoj transformaciji uvjeta \u017eivota i na\u010dina na koji je organizirana briga.<\/p>\n<p><em>pi\u0161e Nina \u010colovi\u0107<\/em><\/p>\n","protected":false},"excerpt":{"rendered":"<p>Kristina se bila vratila s mu\u017eem iz Makedonije, s tre\u0107im djetetom na putu. On je na\u0161ao posao na bau\u0161teli, ali su prvu pla\u0107u \u010dekali spavaju\u0107i na ulici. Bojala se obratiti centru za socijalnu skrb da joj ne uzmu djecu. Ve\u0107ina Roma zna za slu\u010dajeve oduzimanja u susjedstvu ili obitelji<\/p>\n","protected":false},"featured_media":5700,"template":"","tags":[130],"atribut":[],"class_list":["post-5705","nada","type-nada","status-publish","has-post-thumbnail","hentry","tag-tema"],"acf":[],"yoast_head":"<!-- This site is optimized with the Yoast SEO plugin v27.4 - https:\/\/yoast.com\/product\/yoast-seo-wordpress\/ -->\n<title>Kad nema doma za obitelj Roma - SDF - Srpski demokratski forum<\/title>\n<meta name=\"robots\" content=\"index, follow, max-snippet:-1, max-image-preview:large, max-video-preview:-1\" \/>\n<link rel=\"canonical\" href=\"https:\/\/sdf.hr\/nada\/kad-nema-doma-za-obitelj-roma\/\" \/>\n<meta property=\"og:locale\" content=\"hr_HR\" \/>\n<meta property=\"og:type\" content=\"article\" \/>\n<meta property=\"og:title\" content=\"Kad nema doma za obitelj Roma - SDF - Srpski demokratski forum\" \/>\n<meta property=\"og:description\" content=\"Kristina se bila vratila s mu\u017eem iz Makedonije, s tre\u0107im djetetom na putu. On je na\u0161ao posao na bau\u0161teli, ali su prvu pla\u0107u \u010dekali spavaju\u0107i na ulici. Bojala se obratiti centru za socijalnu skrb da joj ne uzmu djecu. Ve\u0107ina Roma zna za slu\u010dajeve oduzimanja u susjedstvu ili obitelji\" \/>\n<meta property=\"og:url\" content=\"https:\/\/sdf.hr\/nada\/kad-nema-doma-za-obitelj-roma\/\" \/>\n<meta property=\"og:site_name\" content=\"SDF - Srpski demokratski forum\" \/>\n<meta property=\"og:image\" content=\"https:\/\/sdf.hr\/wp-content\/uploads\/2024\/12\/Romska-naselja-u-Zagrebu_Borna-Filic-scaled.jpg\" \/>\n\t<meta property=\"og:image:width\" content=\"2560\" \/>\n\t<meta property=\"og:image:height\" content=\"1708\" \/>\n\t<meta property=\"og:image:type\" content=\"image\/jpeg\" \/>\n<meta name=\"twitter:card\" content=\"summary_large_image\" \/>\n<meta name=\"twitter:label1\" content=\"Procijenjeno vrijeme \u010ditanja\" \/>\n\t<meta name=\"twitter:data1\" content=\"10 minuta\" \/>\n<script type=\"application\/ld+json\" class=\"yoast-schema-graph\">{\"@context\":\"https:\\\/\\\/schema.org\",\"@graph\":[{\"@type\":\"WebPage\",\"@id\":\"https:\\\/\\\/sdf.hr\\\/nada\\\/kad-nema-doma-za-obitelj-roma\\\/\",\"url\":\"https:\\\/\\\/sdf.hr\\\/nada\\\/kad-nema-doma-za-obitelj-roma\\\/\",\"name\":\"Kad nema doma za obitelj Roma - SDF - Srpski demokratski forum\",\"isPartOf\":{\"@id\":\"https:\\\/\\\/sdf.hr\\\/#website\"},\"primaryImageOfPage\":{\"@id\":\"https:\\\/\\\/sdf.hr\\\/nada\\\/kad-nema-doma-za-obitelj-roma\\\/#primaryimage\"},\"image\":{\"@id\":\"https:\\\/\\\/sdf.hr\\\/nada\\\/kad-nema-doma-za-obitelj-roma\\\/#primaryimage\"},\"thumbnailUrl\":\"https:\\\/\\\/sdf.hr\\\/wp-content\\\/uploads\\\/2024\\\/12\\\/Romska-naselja-u-Zagrebu_Borna-Filic-scaled.jpg\",\"datePublished\":\"2024-12-18T06:30:02+00:00\",\"breadcrumb\":{\"@id\":\"https:\\\/\\\/sdf.hr\\\/nada\\\/kad-nema-doma-za-obitelj-roma\\\/#breadcrumb\"},\"inLanguage\":\"hr\",\"potentialAction\":[{\"@type\":\"ReadAction\",\"target\":[\"https:\\\/\\\/sdf.hr\\\/nada\\\/kad-nema-doma-za-obitelj-roma\\\/\"]}]},{\"@type\":\"ImageObject\",\"inLanguage\":\"hr\",\"@id\":\"https:\\\/\\\/sdf.hr\\\/nada\\\/kad-nema-doma-za-obitelj-roma\\\/#primaryimage\",\"url\":\"https:\\\/\\\/sdf.hr\\\/wp-content\\\/uploads\\\/2024\\\/12\\\/Romska-naselja-u-Zagrebu_Borna-Filic-scaled.jpg\",\"contentUrl\":\"https:\\\/\\\/sdf.hr\\\/wp-content\\\/uploads\\\/2024\\\/12\\\/Romska-naselja-u-Zagrebu_Borna-Filic-scaled.jpg\",\"width\":2560,\"height\":1708,\"caption\":\"Romsko naselje na zagreba\u010dkoj periferiji (Foto: Borna Fili\u0107\\\/PIXSELL)\"},{\"@type\":\"BreadcrumbList\",\"@id\":\"https:\\\/\\\/sdf.hr\\\/nada\\\/kad-nema-doma-za-obitelj-roma\\\/#breadcrumb\",\"itemListElement\":[{\"@type\":\"ListItem\",\"position\":1,\"name\":\"Po\u010detna stranica\",\"item\":\"https:\\\/\\\/sdf.hr\\\/hr\\\/\"},{\"@type\":\"ListItem\",\"position\":2,\"name\":\"Nada\",\"item\":\"https:\\\/\\\/sdf.hr\\\/nada\\\/\"},{\"@type\":\"ListItem\",\"position\":3,\"name\":\"Kad nema doma za obitelj Roma\"}]},{\"@type\":\"WebSite\",\"@id\":\"https:\\\/\\\/sdf.hr\\\/#website\",\"url\":\"https:\\\/\\\/sdf.hr\\\/\",\"name\":\"SDF - Srpski demokratski forum\",\"description\":\"Srpski demokratski forum\",\"publisher\":{\"@id\":\"https:\\\/\\\/sdf.hr\\\/#organization\"},\"potentialAction\":[{\"@type\":\"SearchAction\",\"target\":{\"@type\":\"EntryPoint\",\"urlTemplate\":\"https:\\\/\\\/sdf.hr\\\/?s={search_term_string}\"},\"query-input\":{\"@type\":\"PropertyValueSpecification\",\"valueRequired\":true,\"valueName\":\"search_term_string\"}}],\"inLanguage\":\"hr\"},{\"@type\":\"Organization\",\"@id\":\"https:\\\/\\\/sdf.hr\\\/#organization\",\"name\":\"SDF - Srpski demokratski forum\",\"url\":\"https:\\\/\\\/sdf.hr\\\/\",\"logo\":{\"@type\":\"ImageObject\",\"inLanguage\":\"hr\",\"@id\":\"https:\\\/\\\/sdf.hr\\\/#\\\/schema\\\/logo\\\/image\\\/\",\"url\":\"https:\\\/\\\/sdf.hr\\\/wp-content\\\/uploads\\\/2021\\\/07\\\/logo-hr.svg\",\"contentUrl\":\"https:\\\/\\\/sdf.hr\\\/wp-content\\\/uploads\\\/2021\\\/07\\\/logo-hr.svg\",\"width\":271,\"height\":100,\"caption\":\"SDF - Srpski demokratski forum\"},\"image\":{\"@id\":\"https:\\\/\\\/sdf.hr\\\/#\\\/schema\\\/logo\\\/image\\\/\"}}]}<\/script>\n<!-- \/ Yoast SEO plugin. -->","yoast_head_json":{"title":"Kad nema doma za obitelj Roma - SDF - Srpski demokratski forum","robots":{"index":"index","follow":"follow","max-snippet":"max-snippet:-1","max-image-preview":"max-image-preview:large","max-video-preview":"max-video-preview:-1"},"canonical":"https:\/\/sdf.hr\/nada\/kad-nema-doma-za-obitelj-roma\/","og_locale":"hr_HR","og_type":"article","og_title":"Kad nema doma za obitelj Roma - SDF - Srpski demokratski forum","og_description":"Kristina se bila vratila s mu\u017eem iz Makedonije, s tre\u0107im djetetom na putu. On je na\u0161ao posao na bau\u0161teli, ali su prvu pla\u0107u \u010dekali spavaju\u0107i na ulici. Bojala se obratiti centru za socijalnu skrb da joj ne uzmu djecu. Ve\u0107ina Roma zna za slu\u010dajeve oduzimanja u susjedstvu ili obitelji","og_url":"https:\/\/sdf.hr\/nada\/kad-nema-doma-za-obitelj-roma\/","og_site_name":"SDF - Srpski demokratski forum","og_image":[{"width":2560,"height":1708,"url":"https:\/\/sdf.hr\/wp-content\/uploads\/2024\/12\/Romska-naselja-u-Zagrebu_Borna-Filic-scaled.jpg","type":"image\/jpeg"}],"twitter_card":"summary_large_image","twitter_misc":{"Procijenjeno vrijeme \u010ditanja":"10 minuta"},"schema":{"@context":"https:\/\/schema.org","@graph":[{"@type":"WebPage","@id":"https:\/\/sdf.hr\/nada\/kad-nema-doma-za-obitelj-roma\/","url":"https:\/\/sdf.hr\/nada\/kad-nema-doma-za-obitelj-roma\/","name":"Kad nema doma za obitelj Roma - SDF - Srpski demokratski forum","isPartOf":{"@id":"https:\/\/sdf.hr\/#website"},"primaryImageOfPage":{"@id":"https:\/\/sdf.hr\/nada\/kad-nema-doma-za-obitelj-roma\/#primaryimage"},"image":{"@id":"https:\/\/sdf.hr\/nada\/kad-nema-doma-za-obitelj-roma\/#primaryimage"},"thumbnailUrl":"https:\/\/sdf.hr\/wp-content\/uploads\/2024\/12\/Romska-naselja-u-Zagrebu_Borna-Filic-scaled.jpg","datePublished":"2024-12-18T06:30:02+00:00","breadcrumb":{"@id":"https:\/\/sdf.hr\/nada\/kad-nema-doma-za-obitelj-roma\/#breadcrumb"},"inLanguage":"hr","potentialAction":[{"@type":"ReadAction","target":["https:\/\/sdf.hr\/nada\/kad-nema-doma-za-obitelj-roma\/"]}]},{"@type":"ImageObject","inLanguage":"hr","@id":"https:\/\/sdf.hr\/nada\/kad-nema-doma-za-obitelj-roma\/#primaryimage","url":"https:\/\/sdf.hr\/wp-content\/uploads\/2024\/12\/Romska-naselja-u-Zagrebu_Borna-Filic-scaled.jpg","contentUrl":"https:\/\/sdf.hr\/wp-content\/uploads\/2024\/12\/Romska-naselja-u-Zagrebu_Borna-Filic-scaled.jpg","width":2560,"height":1708,"caption":"Romsko naselje na zagreba\u010dkoj periferiji (Foto: Borna Fili\u0107\/PIXSELL)"},{"@type":"BreadcrumbList","@id":"https:\/\/sdf.hr\/nada\/kad-nema-doma-za-obitelj-roma\/#breadcrumb","itemListElement":[{"@type":"ListItem","position":1,"name":"Po\u010detna stranica","item":"https:\/\/sdf.hr\/hr\/"},{"@type":"ListItem","position":2,"name":"Nada","item":"https:\/\/sdf.hr\/nada\/"},{"@type":"ListItem","position":3,"name":"Kad nema doma za obitelj Roma"}]},{"@type":"WebSite","@id":"https:\/\/sdf.hr\/#website","url":"https:\/\/sdf.hr\/","name":"SDF - Srpski demokratski forum","description":"Srpski demokratski forum","publisher":{"@id":"https:\/\/sdf.hr\/#organization"},"potentialAction":[{"@type":"SearchAction","target":{"@type":"EntryPoint","urlTemplate":"https:\/\/sdf.hr\/?s={search_term_string}"},"query-input":{"@type":"PropertyValueSpecification","valueRequired":true,"valueName":"search_term_string"}}],"inLanguage":"hr"},{"@type":"Organization","@id":"https:\/\/sdf.hr\/#organization","name":"SDF - Srpski demokratski forum","url":"https:\/\/sdf.hr\/","logo":{"@type":"ImageObject","inLanguage":"hr","@id":"https:\/\/sdf.hr\/#\/schema\/logo\/image\/","url":"https:\/\/sdf.hr\/wp-content\/uploads\/2021\/07\/logo-hr.svg","contentUrl":"https:\/\/sdf.hr\/wp-content\/uploads\/2021\/07\/logo-hr.svg","width":271,"height":100,"caption":"SDF - Srpski demokratski forum"},"image":{"@id":"https:\/\/sdf.hr\/#\/schema\/logo\/image\/"}}]}},"_links":{"self":[{"href":"https:\/\/sdf.hr\/hr\/wp-json\/wp\/v2\/nada\/5705","targetHints":{"allow":["GET"]}}],"collection":[{"href":"https:\/\/sdf.hr\/hr\/wp-json\/wp\/v2\/nada"}],"about":[{"href":"https:\/\/sdf.hr\/hr\/wp-json\/wp\/v2\/types\/nada"}],"wp:featuredmedia":[{"embeddable":true,"href":"https:\/\/sdf.hr\/hr\/wp-json\/wp\/v2\/media\/5700"}],"wp:attachment":[{"href":"https:\/\/sdf.hr\/hr\/wp-json\/wp\/v2\/media?parent=5705"}],"wp:term":[{"taxonomy":"post_tag","embeddable":true,"href":"https:\/\/sdf.hr\/hr\/wp-json\/wp\/v2\/tags?post=5705"},{"taxonomy":"atribut","embeddable":true,"href":"https:\/\/sdf.hr\/hr\/wp-json\/wp\/v2\/atribut?post=5705"}],"curies":[{"name":"wp","href":"https:\/\/api.w.org\/{rel}","templated":true}]}}