{"id":5733,"date":"2024-12-29T08:34:37","date_gmt":"2024-12-29T07:34:37","guid":{"rendered":"https:\/\/sdf.hr\/nada\/dragana-radanovic-nadu-mi-daju-studenti\/"},"modified":"2025-01-12T10:20:05","modified_gmt":"2025-01-12T09:20:05","slug":"dragana-radanovic-nadu-mi-daju-studenti","status":"publish","type":"nada","link":"https:\/\/sdf.hr\/hr\/nada\/dragana-radanovic-nadu-mi-daju-studenti\/","title":{"rendered":"Dragana Radanovi\u0107: Nadu mi daju studenti"},"content":{"rendered":"<p><strong>Dragana Radanovi\u0107<\/strong> je strip-umjetnica i teoreti\u010darka stripa ro\u0111ena 1989. u Novom Sadu, gdje je zavr\u0161ila preddiplomski studij animacije i vizualnih efekata. U Belgiji je magistrirala grafi\u010dko pripovijedanje, a ovog decembra doktorirala je na temi &#8220;Redrawing Childhood: Beyond Lost Childhood&#8221; (&#8220;Redefiniranje djetinjstva: onkraj izgubljenog djetinjstva&#8221;). Radi kao asistentica u nastavi na Luca School of Arts u Briselu. Dragana je suosniva\u010dica udru\u017eenja Stripotetke, koje se bavi pobolj\u0161anjem vidljivosti strip-autorica u Srbiji, i autorica brojnih stripova i jedne grafi\u010dke novele. Uskoro kre\u0107e s postdiplomskim studijem na kojem \u0107e istra\u017eivati aktivisti\u010dki strip. \u017divi u belgijskom gradu Leuvenu. S Draganom smo razgovarale jedne hladne nedjelje, dan nakon \u0161to je u Briselu sudjelovala na protestu zbog pada nadstre\u0161nice na novosadskoj \u017eeljezni\u010dkoj stanici.<\/p>\n<p><strong>Kako ste iz vojvo\u0111anske zavr\u0161ili u belgijskoj ravnici?<\/strong><\/p>\n<p>Godine 2016. tada\u0161nji momak dobio je posao u Belgiji, a nakon razo\u010daranja zbog smera u kojem je i\u0161la Radio-televizija Vojvodine, na kojoj sam radila dve i po godine, pru\u017eila mi se prilika da se i ja odselim. Upisala sam prvo tzv. pripremnu godinu na studijama stripa u Briselu, nakon \u010dega sam zavr\u0161ila master studije. Profesorima se dopao moj diplomski rad i podstakli su me da nastavim \u0161kolovanje. Dobila sam stipendiju Flamanskog fonda za nauku za doktorski studij, to je presti\u017ena stipendija koja omogu\u0107uje \u010detiri godine bavljenja doktoratom uz punu platu.<\/p>\n<p><strong>Zvu\u010dite dosta smireno za nekoga tko je prije manje od tjedan dana doktorirao pa da vas vratimo u traumu \u2013 recite nam ne\u0161to o doktorskom radu.<\/strong><\/p>\n<p>Bavila sam se na\u010dinom na koji se u medijima prikazuje detinjstvo u ratu, a paralelno sam kroz crtanje stripa obra\u0111ivala temu li\u010dnog detinjstva i bombardovanja Srbije 1999. godine. Radila sam gomilu intervjua s ljudima koji su pro\u0161li isto \u0161ta i ja i razvila metodologiju kojom sam upore\u0111ivala na koji na\u010din gledamo na pro\u0161lost. Istra\u017eivala sam i na koji se na\u010din umetnici bave detinjstvom i koji su stereotipi koje imamo o detinjstvu. Na primer, \u010desto mislimo da su deca ro\u0111ena kreativna i da im se tokom odrastanja oduzima ta kreativnost, da crtaju puni slobode dok su mali. To je ne\u0161to \u0161ta smo preuzeli jo\u0161 od avangardnih pokreta i nema nikakvo nau\u010dno utemeljenje. Realnost je da deca crtaju jako svesna svojeg okru\u017eenja, svesna \u0161ta se od njih o\u010dekuje i jasno im je da je crtanje jedna aktivnost u kojoj oni imaju odre\u0111enu ulogu ispred odraslih. Istra\u017eivala sam koliko su narativi o detinjstvu iskrivljeni zarad dobivanja neke vrste mo\u0107i nakon odrastanja.<\/p>\n<p><strong>Kako su reagirali mentori, kolege, zapadnjaci na pri\u010du va\u0161eg djetinjstva?<\/strong><\/p>\n<p>Bili su jako zainteresovani, supervizorka me nagovorila da radim tu pri\u010du i na po\u010detku sam je govorila na dosta monoton na\u010din. \u017delela sam da pri\u010dam hronolo\u0161ki, obasipala sam ljude informacijama koje su nama bile bitne, ali nekome sa strane danas nisu. Onda sam pri\u010du pomalo nijansirala i gledala \u0161to najvi\u0161e privla\u010di pa\u017enju. Kad sam do\u0161la u Belgiju, prvi puta me o mom detinjstvu pitao neko ko nije do\u017eiveo ne\u0161to sli\u010dno i bilo mi je nekako neprijatno, \u0161ta sada da im ka\u017eem \u2013 bilo je sranje. S druge strane, ne \u017eelim da se posmatram kao neko ko ima izgubljeno detinjstvo jer to ne mislim. Koliko god je moglo da bude mnogo lep\u0161e, nije izgubljeno. Neka poenta koju \u017eelim da podcrtam je da \u017eivimo u dru\u0161tvu u kojem je rat normalizovan i to je stra\u0161no, ali dok ne priznamo da \u017eivimo u svetu u kojem rat stvarno jeste normalna pojava, mi to ne\u0107emo promeniti. Lak\u0161e je re\u0107i jadni Ukrajinci, stra\u0161no je u Gazi, i ose\u0107ati se \u017ealosno, ali to ne menja ni\u0161ta dok jasno ne ka\u017eemo &#8220;ja vi\u0161e ne \u017eelim da \u017eivim u ovakvom svetu&#8221; i dok ne napravimo ne\u0161to oko toga.<\/p>\n<p><strong>Koji je va\u0161 prvi susret sa stripom? Da li ste ih kao djevoj\u010dica gutali i kada ste shvatili da se njime \u017eelite baviti?<\/strong><\/p>\n<p>Ne mogu re\u0107i da sam od detinjstva znala \u010dime \u017eelim da se bavim. Kao mala sam \u010ditala &#8220;Tali\u010dnog Toma&#8221; kojeg je brat od tetke imao u ku\u0107noj biblioteci. Bilo mi je zanimljivo da \u010ditam stripove, ali nikada nisam mislila da \u0107u njima da se bavim, sve do dolaska u Belgiju. Volela sam animaciju koju sam studirala u Novom Sadu, ali su me frustrirale lo\u0161e tehnolo\u0161ke mogu\u0107nosti u doba mog studija, stalno su nam bagovali softveri i svi procesi rada su bili predugi. Ose\u0107ala sam se kao da kopam u rudniku. U Belgiji sam par semestara slu\u0161ala kolegij Analiza stripa kod profesora <strong>Pascala Lefevrea<\/strong> i tad sam se zaljubila u njega i po\u010dela da ga shva\u0107am. Strip ima neke svoje zakonitosti, a paralelno ti dopu\u0161ta da radi\u0161 ba\u0161 sve \u0161to ho\u0107e\u0161.<\/p>\n<p><img loading=\"lazy\" decoding=\"async\" class=\"alignnone wp-image-5727 size-full\" src=\"https:\/\/sdf.hr\/wp-content\/uploads\/2024\/12\/Radanovic2.png\" alt=\"\" width=\"2080\" height=\"2722\" srcset=\"https:\/\/sdf.hr\/wp-content\/uploads\/2024\/12\/Radanovic2.png 2080w, https:\/\/sdf.hr\/wp-content\/uploads\/2024\/12\/Radanovic2-229x300.png 229w, https:\/\/sdf.hr\/wp-content\/uploads\/2024\/12\/Radanovic2-782x1024.png 782w, https:\/\/sdf.hr\/wp-content\/uploads\/2024\/12\/Radanovic2-768x1005.png 768w, https:\/\/sdf.hr\/wp-content\/uploads\/2024\/12\/Radanovic2-1174x1536.png 1174w, https:\/\/sdf.hr\/wp-content\/uploads\/2024\/12\/Radanovic2-1565x2048.png 1565w\" sizes=\"auto, (max-width: 2080px) 100vw, 2080px\" \/><\/p>\n<p><strong>U doma\u0107em se izdava\u0161tvu u zadnje vrijeme sve \u010de\u0161\u0107e govori o grafi\u010dkim romanima ili novelama, rije\u010d strip stavljena je pomalo po strani. Kao teoreti\u010darka, objasnite nam razliku.<\/strong><\/p>\n<p>Grafi\u010dka novela je du\u017ea forma koja funkcioni\u0161e kao knjiga ili serijal, a strip je kra\u0107a forma, ono \u0161to smo prije u novinama zvali strip-kaji\u0161, nedeljna forma od nekoliko panela. Danas strip zovemo sve \u0161to je kra\u0107eg obima. Podela je nastala da stripu damo na te\u017eini i ozbiljnosti (smijeh) jer je njegova popularnost uglavnom bila vezivana isklju\u010divo uz zabavu, a u nekom smo trenutku shvatili da strip itekako mo\u017ee da bude umetni\u010dki, nau\u010dni i kulturni komad. Pa je du\u017ei strip dobio &#8220;ozbiljnije&#8221; ime.<\/p>\n<p><strong>Osim \u0161to ima najbolji naziv, udru\u017eenje Stripotetke ima i divne feministi\u010dke projekte. Ali prije slave i hvale, kako ste se i za\u0161to okupile?<\/strong><\/p>\n<p>Udru\u017eenje smo pokrenule po\u010detkom 2023. godine (uvek je falio neki papir!), kao odgovor na slabu vidljivost autorki na doma\u0107oj strip-sceni. Imamo 13 \u010dlanica i \u010dlanova i ti ljudi stvarno pomeraju granice. Ne primamo samo \u017eene, nego sve marginalizovane, iako bi se moglo re\u0107i da su na strip-sceni zapravo svi na margini. Drugarica <strong>Jana Adamovi\u0107<\/strong> uvek je bila glasna i jasna oko toga da srpska scena ne sme da zaboravlja svoje autorke, \u0161ta se desilo kada Politikin Zabavnik, povodom obile\u017eavanja 50 godina stripa &#8220;Hogar Stra\u0161ni&#8221;, od 15 autora nije pozvao nijednu \u017eenu. Kao odgovor smo objavile ilustracije Hogarove \u017eene Helge u novini Danas i ove godine organizovale izlo\u017ebu &#8220;Helga 2.0. \u2013 oma\u017e junakinji&#8221;.<\/p>\n<p><strong>Kakve su va\u0161e Helge?<\/strong><\/p>\n<p>Na izlo\u017ebi smo predstavile radove 50 autorki i autora iz celoga sveta koji su posmatrali Helgu feministi\u010dkim o\u010dima, kao nositeljicu promene, jedna se Helga borila i protiv iskopavanja litijuma. Moja Helga dr\u017ei skr\u0161tene ruke i govori Hogaru: &#8220;Meni si opro sudove?&#8221; Na otvaranju izlo\u017ebe jedna je devoj\u010dica s majkom gledala ilustraciju, i kada sam je pitala koja joj se najvi\u0161e svidela, bez da sam otkrila koja je moja, rekla je da joj je ba\u0161 ta najlep\u0161a jer zvu\u010di kao njena mama pred tatom. Tako da znam da sam pogodila srpsku realnost.<\/p>\n<p><strong>Antologija &#8220;Kod ku\u0107e&#8221; okuplja 11 autorica koje progovaraju, odnosno crtaju o paralelnom nepla\u0107enom ku\u0107anskom radu i radu za pla\u0107u\/honorar od ku\u0107e. Ima li jedan rad jasan kraj, a drugi jasan po\u010detak?<\/strong><\/p>\n<p>Stripovi uglavnom odgovaraju da nema. Antologijom smo htele da predstavimo va\u017enu feministi\u010dku temu, ali i da poka\u017eemo da nema &#8220;\u017eenskog stila&#8221; u stripu i umetnosti, re\u010d je o 11 posve razli\u010ditih stilova.<\/p>\n<p><strong>&#8220;Dosta je sa \u0107utanjem&#8221; strip je koji se kroz \u010detiri pri\u010de \u010detiri strip-autorice bavi \u017eivotima interseks osoba. Kako je do\u0161lo do stvaranja tog stripa i \u0161to pri\u010da va\u0161a pri\u010da?<\/strong><\/p>\n<p>Inicijator projekta je udru\u017eenje XY spektrum \u2013 Organizacija za polno i rodno varijantne osobe, a u izdavanju stripa pomogli su Francuski institut u Srbiji i Goethe institut. <strong>Kristian Ran\u0111elovi\u0107<\/strong> i <strong>Pavle Zeli\u0107<\/strong> iz XY spektruma kontaktirali su mene i koleginice, a mi smo odu\u0161evljeno pristale na projekat i radile strip prema njihovom scenariju, zasnovanom na istinitim doga\u0111ajima iz zajednice. Svaka od autorki je izabrala jednu pri\u010du i jedan rakurs, a sve govore o suo\u010davanju interseks osoba s okolinom i sistemom.<\/p>\n<p><img loading=\"lazy\" decoding=\"async\" class=\"alignnone wp-image-5729 size-full\" src=\"https:\/\/sdf.hr\/wp-content\/uploads\/2024\/12\/Radanovic3-scaled.jpg\" alt=\"\" width=\"2560\" height=\"1440\" srcset=\"https:\/\/sdf.hr\/wp-content\/uploads\/2024\/12\/Radanovic3-scaled.jpg 2560w, https:\/\/sdf.hr\/wp-content\/uploads\/2024\/12\/Radanovic3-300x169.jpg 300w, https:\/\/sdf.hr\/wp-content\/uploads\/2024\/12\/Radanovic3-1024x576.jpg 1024w, https:\/\/sdf.hr\/wp-content\/uploads\/2024\/12\/Radanovic3-768x432.jpg 768w, https:\/\/sdf.hr\/wp-content\/uploads\/2024\/12\/Radanovic3-1536x864.jpg 1536w, https:\/\/sdf.hr\/wp-content\/uploads\/2024\/12\/Radanovic3-2048x1152.jpg 2048w, https:\/\/sdf.hr\/wp-content\/uploads\/2024\/12\/Radanovic3-820x460.jpg 820w\" sizes=\"auto, (max-width: 2560px) 100vw, 2560px\" \/><\/p>\n<p>Moja se pri\u010da bavila interseks osobom koja je imala te\u017eak \u017eivot i detinjstvo bez roditelja, a koja nakon poseta konferenciji u Berlinu shvata da je dio jedne velike globalne LGBTIQ zajednice i da mo\u017ee da prona\u0111e podr\u0161ku i svoje mesto u svetu. I druge su pri\u010de interesantne, pri\u010da Jane Adamovi\u0107 govori o dve porodice koje potpuno druga\u010dije reaguju kada saznaju da im dete ne mo\u017ee prosto da se uklopi u tradicionalne kategorije &#8220;mu\u0161kog&#8221; i &#8220;\u017eenskog&#8221; pola. Pri\u010da <strong>Ane Milojkovi\u0107 Omi<\/strong> opisuje devoj\u010dicu koju dru\u0161tvo u \u0161koli maltretira jer je druga\u010dija, a sazna da je interseks \u010detuju\u0107i s ve\u0161ta\u010dkom inteligencijom. <strong>Danica Jev\u0111ovi\u0107<\/strong> prati mladi par koji jako \u017eeli decu, ali onda shvata da je jedna osoba u paru interseks i da zato ne mo\u017ee da ih ima.<\/p>\n<p><strong>Usudila bih se re\u0107i da ve\u0107ina osoba u postjugoslavenskim zemljama ne zna \u0161to je interseksualnost, ali to ih ne spre\u010dava da imaju jasna i ostra\u0161\u0107ena mi\u0161ljenja o \u017eivotima interseks ljudi. Nedavni primjer je pri\u010da boksa\u010dice Imane Khelif, za koju nije ni dokazano da je interseks osoba, ali je potakla nelijepe razgovore o ovoj temi.<\/strong><\/p>\n<p>To je najru\u017eniji primer razgovora o interseksualnosti koji smo mogli da dobijemo. Nejasno mi je za\u0161to ljudi ne \u017eele da prihvate da je zapravo neverovatno lepo \u0161to \u010dovek mo\u017ee da postoji na toliko razli\u010ditih na\u010dina. Mnogi ljudi nikada u \u017eivotu i ne saznaju da su interseks jer postoji jako puno razli\u010ditih varijacija i nisu sve o\u010dite ni vidljive. Drago mi je da smo mogle da napravimo strip i progovorimo na uklju\u010duju\u0107i na\u010din o \u017eivotima na\u0161ih sagra\u0111ana.<\/p>\n<p><strong>Kako ste kao Novosa\u0111anka do\u017eivjeli 1. novembra i pad nadstre\u0161nice? Nekoliko dana kasnije na svom Instagram profilu ste krenuli objavljivati ilustracije podr\u0161ke prosvjednicima, a kasnije i studentima. Prva ilustracije ka\u017ee: &#8220;Bes je pokazatelj da smo \u017eivi. \u017divio bes!&#8221;, a meni najdra\u017ea i najinspirativnija poja\u0161njava \u0161to pojedinac mo\u017ee napraviti. Me\u0111u konkretnim savjetima mo\u017ee se na\u0107i i onaj &#8220;Da sazna\u0161 od babe kako se re\u0161ila Milo\u0161evi\u0107a i iskoristi\u0161 \u0161to se iskoristiti mo\u017ee&#8221;.<\/strong><\/p>\n<p>Prvog novembra moja novosadska drugarica koja \u017eivi u Kanadi pitala me jesam li okej. Nisam znala o \u010demu pri\u010da, upalila sam televiziju i smrzla se. Dva sam sata, od porodi\u010dnog \u010deta nadalje, poku\u0161avala da saznam jesu li svi moji dobro. I tu kre\u0107e panika, seti\u0161 se koliko si puta bila ispod te nadstre\u0161nice, razmi\u0161lja\u0161 da nema \u0161anse da ne poznaje\u0161 nikoga od nastradalih, oseti\u0161 nemo\u0107 i ljutnju. Htela sam ne\u0161to da napravim, a znam da crtam pa sam krenula da objavljujem crte\u017ee. Ljudi oko mene su se \u017ealili da ne znaju \u0161ta da rade pa sam odlu\u010dila da ispi\u0161em mogu\u0107nosti \u2013 naravno da mo\u017ee\u0161 da ide\u0161 sama na proteste, mo\u017ee\u0161 da donira\u0161, da \u0161eruje\u0161, da informi\u0161e\u0161 druge i razgovara\u0161 s njima.<\/p>\n<p>Aktivisti\u010dki strip je ne\u0161to \u010dim planiram da se bavim i Instagram forma mi je, osim \u0161to ne sedim skr\u0161tenih ruku, zanimljiva. Moja grafi\u010dka novela o detinjstvu u bombardovanju jeste aktivisti\u010dka, ali ne\u0107e blokade i protesti \u010dekati reakciju pet godina koliko sam radila na noveli. Kratki stripovi su brzi, digitalni i nadam se da nekome mogu i da pomognu. Kreativnost ne mo\u017ee da se upali na dugme, mora ne\u0161to da iziritira emocionalnu reakciju, ali, eto, kod nas takvih de\u0161avanja na\u017ealost ima mnogo. Kako jedan od tih stripova ka\u017ee: &#8220;Danas je neko pitao da li se to oni sa nama \u0161ale, ali ni\u0161ta odavno nije sme\u0161no.&#8221;<\/p>\n<p><strong>\u010cini mi se, makar u trenu u kojem razgovaramo, da je medijsko pra\u0107enje studentskih blokada, u kojima je obustavljena nastava na tri srpska sveu\u010dili\u0161ta, poprili\u010dno \u0161turo. Zato dru\u0161tvene mre\u017ee preplavljuju snimke alternativnih predavanja, videa iz u\u010dionica koje su postale spavaonice, a jedna od pjesama blokade je, barem u mom njuzfidu, Bala\u0161evi\u0107eva &#8220;Ne lomite mi bagrenje&#8221;. Je li va\u0161 utisak iz srca Evropske unije sli\u010dan mom toku misli s periferije?<\/strong><\/p>\n<p>Mislim da dio gra\u0111ana i gra\u0111anki Srbije ne zna dovoljno o blokadama, pogotovo oni koji nisu na mre\u017eama, nego prate dr\u017eavnu televiziju i medije koji u su\u0161tini ne izve\u0161tavaju, tako da nije ni \u010dudo \u0161to i regionalni mediji nedovoljno prate. Zato je meni drago i bitno da na neki na\u010din funkcioni\u0161em kao strip-novinarka, da u realnom vremenu dokumentujem stvarnost. \u0160ta se ti\u010de videa s blokada, od muzike sam najvi\u0161e nailazila na pesmu &#8220;Vatra u mraku&#8221; <strong>Marka Louisa<\/strong> i <strong>Mar\u010dela<\/strong> i stihove &#8220;Ne \u017eelim da se pla\u0161im mraka. Upali vatru, budi baklja&#8221;.<\/p>\n<p><img loading=\"lazy\" decoding=\"async\" class=\"alignnone wp-image-5731 size-full\" src=\"https:\/\/sdf.hr\/wp-content\/uploads\/2024\/12\/Radanovic4.png\" alt=\"\" width=\"2652\" height=\"1429\" srcset=\"https:\/\/sdf.hr\/wp-content\/uploads\/2024\/12\/Radanovic4.png 2652w, https:\/\/sdf.hr\/wp-content\/uploads\/2024\/12\/Radanovic4-300x162.png 300w, https:\/\/sdf.hr\/wp-content\/uploads\/2024\/12\/Radanovic4-1024x552.png 1024w, https:\/\/sdf.hr\/wp-content\/uploads\/2024\/12\/Radanovic4-768x414.png 768w, https:\/\/sdf.hr\/wp-content\/uploads\/2024\/12\/Radanovic4-1536x828.png 1536w, https:\/\/sdf.hr\/wp-content\/uploads\/2024\/12\/Radanovic4-2048x1104.png 2048w\" sizes=\"auto, (max-width: 2652px) 100vw, 2652px\" \/><\/p>\n<p><strong>Iako ne \u017eivite u Srbiji, aktivno ste uklju\u010deni u de\u0161avanja na strip-sceni. Postoji li postjugoslavenska scena, koliko ste povezani s autoricama i autorima iz ostalih dr\u017eava?<\/strong><\/p>\n<p>Volim Kino \u0160i\u0161ku u Ljubljani i Attack u Zagrebu, sara\u0111ivala sam s mladom hrvatskom autoricom <strong>Anamarijom Kvas<\/strong>, \u010diji je strip &#8220;Mutare&#8221; odli\u010dan, pri\u010da o ljudskim odnosima na jednom malom hrvatskom ostrvu. \u010citala sam ga sigurno pet puta. Volim jako i <strong>Klaru Rusan<\/strong> KLARXY i njenu izlo\u017ebu koja je bila u Briselu, &#8220;ADHD \u2013 Pool of Thoughts&#8221;, <strong>Marko Dje\u0161ka<\/strong> je isto car, kao i ekipa oko Ohoho festivala. Postjugoslovenska strip-scena postoji, samo bih ja, naravno, da je \u010dvr\u0161\u0107a i organizovanija. Hrvatska ima ja\u010di alternativni strip i ja\u010de izdava\u0161tvo nego Srbija, gde jo\u0161 postoji ta ideja o stripu koji prati vitezove i Prvi i Drugi svetski rat. Mislim, sti\u017eu i do nas neki najzanimljiviji svetski autori i prevode se, kao <strong>Marjane Satrapi<\/strong> i njen &#8220;Perzopolis&#8221;, ali sve je to nedovoljno.<\/p>\n<p><strong>Kako je predavati u Belgiji?<\/strong><\/p>\n<p>Ma banja. Radim sa 20 do 30 studenata po kolegijumu, i dalje uspevamo da radimo jedan na jedan i u manjim grupama, da se skoncentrisano bavimo svakim projektom i svakom grafi\u010dkom novelom. Sve ono \u0161to je kod nas nezamislivo ovde je normala, od uslova rada preko tema koje studenti biraju, a to su \u010desto teme vezane za marginalizovane skupine, feministi\u010dke, ekolo\u0161ke i LGBTIQ teme. Lepo je promatrati kako se pri\u010de koje su ispo\u010detka delovale nemu\u0161to kroz akademsku godinu transformi\u0161u u ne\u0161to sjajno. I odnosi me\u0111u kolegama su jako uva\u017eavaju\u0107i, a kada recimo dobijemo nekog transrodnog studenta, samo nas obaveste mejlom da je neko u tranziciji i treba podr\u0161ku kolektiva.<\/p>\n<p><strong>A \u017eivjeti? Nije vam dosadno i sterilno, fali li vam Balkan?<\/strong><\/p>\n<p>\u017divim u Luvenu koji je 20 minuta vozom od Brisela pa je sve blizu. To je mali grad od 100.000 ljudi, ni\u0161ta se ne de\u0161ava sem studentskih zabava, mirno je i trenutno mi odgovara. U Novi Sad idem svaki godi\u0161nji odmor, dok sam radila na doktoratu i\u0161la sam i \u010de\u0161\u0107e u arhive, a svoj \u017eivot trenutno nikako ne bi mogla da poredim s jednim bu\u010dnim i hekti\u010dnim Beogradom. Volela bi da budem redovna profesorka ovde, da mogu da pomeram granice stripa, i teorijski i prakti\u010dno, a opet da uvek profesionalno imam vezu sa srpskom scenom. Belgija je idealno mesto za nekoga ko se bavi stripom, hoda\u0161 ulicom i na zgradi u Briselu ugleda\u0161 ogromnu tablu stripa.<\/p>\n<p><strong>\u0160to vam daje nadu u svijetu u kojem su mnogima, kako ka\u017eu brojni transparenti po Srbiji, krvave ruke?<\/strong><\/p>\n<p>Nadu mi daju upravo studenti, i belgijski kojima predajem i srpski koji blokiraju fakultete. Nadu mi daje mladost koja razmi\u0161lja druga\u010dije i \u010desto hrabrije nego \u0161to smo mi razmi\u0161ljali, koja razbija brojne stereotipe i ne tapka u mestu.<\/p>\n<p><em>razgovor vodila Vedrana Bibi\u0107<\/em><\/p>\n","protected":false},"excerpt":{"rendered":"<p>Mislim da dio gra\u0111ana i gra\u0111anki Srbije ne zna dovoljno o studentskim blokadama, pogotovo oni koji nisu na mre\u017eama, nego prate dr\u017eavnu televiziju. Zato je meni drago i bitno da na neki na\u010din funkcioni\u0161em kao strip-novinarka, da u realnom vremenu dokumentujem stvarnost<\/p>\n","protected":false},"featured_media":5726,"template":"","tags":[173],"atribut":[],"class_list":["post-5733","nada","type-nada","status-publish","has-post-thumbnail","hentry","tag-intervju-2-hr"],"acf":[],"yoast_head":"<!-- This site is optimized with the Yoast SEO plugin v27.4 - https:\/\/yoast.com\/product\/yoast-seo-wordpress\/ -->\n<title>Dragana Radanovi\u0107: Nadu mi daju studenti - SDF - Srpski demokratski forum<\/title>\n<meta name=\"robots\" content=\"index, follow, max-snippet:-1, max-image-preview:large, max-video-preview:-1\" \/>\n<link rel=\"canonical\" href=\"https:\/\/sdf.hr\/hr\/nada\/dragana-radanovic-nadu-mi-daju-studenti\/\" \/>\n<meta property=\"og:locale\" content=\"hr_HR\" \/>\n<meta property=\"og:type\" content=\"article\" \/>\n<meta property=\"og:title\" content=\"Dragana Radanovi\u0107: Nadu mi daju studenti - SDF - Srpski demokratski forum\" \/>\n<meta property=\"og:description\" content=\"Mislim da dio gra\u0111ana i gra\u0111anki Srbije ne zna dovoljno o studentskim blokadama, pogotovo oni koji nisu na mre\u017eama, nego prate dr\u017eavnu televiziju. Zato je meni drago i bitno da na neki na\u010din funkcioni\u0161em kao strip-novinarka, da u realnom vremenu dokumentujem stvarnost\" \/>\n<meta property=\"og:url\" content=\"https:\/\/sdf.hr\/hr\/nada\/dragana-radanovic-nadu-mi-daju-studenti\/\" \/>\n<meta property=\"og:site_name\" content=\"SDF - Srpski demokratski forum\" \/>\n<meta property=\"article:modified_time\" content=\"2025-01-12T09:20:05+00:00\" \/>\n<meta property=\"og:image\" content=\"https:\/\/sdf.hr\/wp-content\/uploads\/2024\/12\/Radanovic1-scaled.jpg\" \/>\n\t<meta property=\"og:image:width\" content=\"2560\" \/>\n\t<meta property=\"og:image:height\" content=\"1440\" \/>\n\t<meta property=\"og:image:type\" content=\"image\/jpeg\" \/>\n<meta name=\"twitter:card\" content=\"summary_large_image\" \/>\n<meta name=\"twitter:label1\" content=\"Procijenjeno vrijeme \u010ditanja\" \/>\n\t<meta name=\"twitter:data1\" content=\"13 minuta\" \/>\n<script type=\"application\/ld+json\" class=\"yoast-schema-graph\">{\"@context\":\"https:\\\/\\\/schema.org\",\"@graph\":[{\"@type\":\"WebPage\",\"@id\":\"https:\\\/\\\/sdf.hr\\\/hr\\\/nada\\\/dragana-radanovic-nadu-mi-daju-studenti\\\/\",\"url\":\"https:\\\/\\\/sdf.hr\\\/hr\\\/nada\\\/dragana-radanovic-nadu-mi-daju-studenti\\\/\",\"name\":\"Dragana Radanovi\u0107: Nadu mi daju studenti - SDF - Srpski demokratski forum\",\"isPartOf\":{\"@id\":\"https:\\\/\\\/sdf.hr\\\/#website\"},\"primaryImageOfPage\":{\"@id\":\"https:\\\/\\\/sdf.hr\\\/hr\\\/nada\\\/dragana-radanovic-nadu-mi-daju-studenti\\\/#primaryimage\"},\"image\":{\"@id\":\"https:\\\/\\\/sdf.hr\\\/hr\\\/nada\\\/dragana-radanovic-nadu-mi-daju-studenti\\\/#primaryimage\"},\"thumbnailUrl\":\"https:\\\/\\\/sdf.hr\\\/wp-content\\\/uploads\\\/2024\\\/12\\\/Radanovic1-scaled.jpg\",\"datePublished\":\"2024-12-29T07:34:37+00:00\",\"dateModified\":\"2025-01-12T09:20:05+00:00\",\"breadcrumb\":{\"@id\":\"https:\\\/\\\/sdf.hr\\\/hr\\\/nada\\\/dragana-radanovic-nadu-mi-daju-studenti\\\/#breadcrumb\"},\"inLanguage\":\"hr\",\"potentialAction\":[{\"@type\":\"ReadAction\",\"target\":[\"https:\\\/\\\/sdf.hr\\\/hr\\\/nada\\\/dragana-radanovic-nadu-mi-daju-studenti\\\/\"]}]},{\"@type\":\"ImageObject\",\"inLanguage\":\"hr\",\"@id\":\"https:\\\/\\\/sdf.hr\\\/hr\\\/nada\\\/dragana-radanovic-nadu-mi-daju-studenti\\\/#primaryimage\",\"url\":\"https:\\\/\\\/sdf.hr\\\/wp-content\\\/uploads\\\/2024\\\/12\\\/Radanovic1-scaled.jpg\",\"contentUrl\":\"https:\\\/\\\/sdf.hr\\\/wp-content\\\/uploads\\\/2024\\\/12\\\/Radanovic1-scaled.jpg\",\"width\":2560,\"height\":1440},{\"@type\":\"BreadcrumbList\",\"@id\":\"https:\\\/\\\/sdf.hr\\\/hr\\\/nada\\\/dragana-radanovic-nadu-mi-daju-studenti\\\/#breadcrumb\",\"itemListElement\":[{\"@type\":\"ListItem\",\"position\":1,\"name\":\"Po\u010detna stranica\",\"item\":\"https:\\\/\\\/sdf.hr\\\/hr\\\/\"},{\"@type\":\"ListItem\",\"position\":2,\"name\":\"Nada\",\"item\":\"https:\\\/\\\/sdf.hr\\\/nada\\\/\"},{\"@type\":\"ListItem\",\"position\":3,\"name\":\"Dragana Radanovi\u0107: Nadu mi daju studenti\"}]},{\"@type\":\"WebSite\",\"@id\":\"https:\\\/\\\/sdf.hr\\\/#website\",\"url\":\"https:\\\/\\\/sdf.hr\\\/\",\"name\":\"SDF - Srpski demokratski forum\",\"description\":\"Srpski demokratski forum\",\"publisher\":{\"@id\":\"https:\\\/\\\/sdf.hr\\\/#organization\"},\"potentialAction\":[{\"@type\":\"SearchAction\",\"target\":{\"@type\":\"EntryPoint\",\"urlTemplate\":\"https:\\\/\\\/sdf.hr\\\/?s={search_term_string}\"},\"query-input\":{\"@type\":\"PropertyValueSpecification\",\"valueRequired\":true,\"valueName\":\"search_term_string\"}}],\"inLanguage\":\"hr\"},{\"@type\":\"Organization\",\"@id\":\"https:\\\/\\\/sdf.hr\\\/#organization\",\"name\":\"SDF - Srpski demokratski forum\",\"url\":\"https:\\\/\\\/sdf.hr\\\/\",\"logo\":{\"@type\":\"ImageObject\",\"inLanguage\":\"hr\",\"@id\":\"https:\\\/\\\/sdf.hr\\\/#\\\/schema\\\/logo\\\/image\\\/\",\"url\":\"https:\\\/\\\/sdf.hr\\\/wp-content\\\/uploads\\\/2021\\\/07\\\/logo-hr.svg\",\"contentUrl\":\"https:\\\/\\\/sdf.hr\\\/wp-content\\\/uploads\\\/2021\\\/07\\\/logo-hr.svg\",\"width\":271,\"height\":100,\"caption\":\"SDF - Srpski demokratski forum\"},\"image\":{\"@id\":\"https:\\\/\\\/sdf.hr\\\/#\\\/schema\\\/logo\\\/image\\\/\"}}]}<\/script>\n<!-- \/ Yoast SEO plugin. -->","yoast_head_json":{"title":"Dragana Radanovi\u0107: Nadu mi daju studenti - SDF - Srpski demokratski forum","robots":{"index":"index","follow":"follow","max-snippet":"max-snippet:-1","max-image-preview":"max-image-preview:large","max-video-preview":"max-video-preview:-1"},"canonical":"https:\/\/sdf.hr\/hr\/nada\/dragana-radanovic-nadu-mi-daju-studenti\/","og_locale":"hr_HR","og_type":"article","og_title":"Dragana Radanovi\u0107: Nadu mi daju studenti - SDF - Srpski demokratski forum","og_description":"Mislim da dio gra\u0111ana i gra\u0111anki Srbije ne zna dovoljno o studentskim blokadama, pogotovo oni koji nisu na mre\u017eama, nego prate dr\u017eavnu televiziju. Zato je meni drago i bitno da na neki na\u010din funkcioni\u0161em kao strip-novinarka, da u realnom vremenu dokumentujem stvarnost","og_url":"https:\/\/sdf.hr\/hr\/nada\/dragana-radanovic-nadu-mi-daju-studenti\/","og_site_name":"SDF - Srpski demokratski forum","article_modified_time":"2025-01-12T09:20:05+00:00","og_image":[{"width":2560,"height":1440,"url":"https:\/\/sdf.hr\/wp-content\/uploads\/2024\/12\/Radanovic1-scaled.jpg","type":"image\/jpeg"}],"twitter_card":"summary_large_image","twitter_misc":{"Procijenjeno vrijeme \u010ditanja":"13 minuta"},"schema":{"@context":"https:\/\/schema.org","@graph":[{"@type":"WebPage","@id":"https:\/\/sdf.hr\/hr\/nada\/dragana-radanovic-nadu-mi-daju-studenti\/","url":"https:\/\/sdf.hr\/hr\/nada\/dragana-radanovic-nadu-mi-daju-studenti\/","name":"Dragana Radanovi\u0107: Nadu mi daju studenti - SDF - Srpski demokratski forum","isPartOf":{"@id":"https:\/\/sdf.hr\/#website"},"primaryImageOfPage":{"@id":"https:\/\/sdf.hr\/hr\/nada\/dragana-radanovic-nadu-mi-daju-studenti\/#primaryimage"},"image":{"@id":"https:\/\/sdf.hr\/hr\/nada\/dragana-radanovic-nadu-mi-daju-studenti\/#primaryimage"},"thumbnailUrl":"https:\/\/sdf.hr\/wp-content\/uploads\/2024\/12\/Radanovic1-scaled.jpg","datePublished":"2024-12-29T07:34:37+00:00","dateModified":"2025-01-12T09:20:05+00:00","breadcrumb":{"@id":"https:\/\/sdf.hr\/hr\/nada\/dragana-radanovic-nadu-mi-daju-studenti\/#breadcrumb"},"inLanguage":"hr","potentialAction":[{"@type":"ReadAction","target":["https:\/\/sdf.hr\/hr\/nada\/dragana-radanovic-nadu-mi-daju-studenti\/"]}]},{"@type":"ImageObject","inLanguage":"hr","@id":"https:\/\/sdf.hr\/hr\/nada\/dragana-radanovic-nadu-mi-daju-studenti\/#primaryimage","url":"https:\/\/sdf.hr\/wp-content\/uploads\/2024\/12\/Radanovic1-scaled.jpg","contentUrl":"https:\/\/sdf.hr\/wp-content\/uploads\/2024\/12\/Radanovic1-scaled.jpg","width":2560,"height":1440},{"@type":"BreadcrumbList","@id":"https:\/\/sdf.hr\/hr\/nada\/dragana-radanovic-nadu-mi-daju-studenti\/#breadcrumb","itemListElement":[{"@type":"ListItem","position":1,"name":"Po\u010detna stranica","item":"https:\/\/sdf.hr\/hr\/"},{"@type":"ListItem","position":2,"name":"Nada","item":"https:\/\/sdf.hr\/nada\/"},{"@type":"ListItem","position":3,"name":"Dragana Radanovi\u0107: Nadu mi daju studenti"}]},{"@type":"WebSite","@id":"https:\/\/sdf.hr\/#website","url":"https:\/\/sdf.hr\/","name":"SDF - Srpski demokratski forum","description":"Srpski demokratski forum","publisher":{"@id":"https:\/\/sdf.hr\/#organization"},"potentialAction":[{"@type":"SearchAction","target":{"@type":"EntryPoint","urlTemplate":"https:\/\/sdf.hr\/?s={search_term_string}"},"query-input":{"@type":"PropertyValueSpecification","valueRequired":true,"valueName":"search_term_string"}}],"inLanguage":"hr"},{"@type":"Organization","@id":"https:\/\/sdf.hr\/#organization","name":"SDF - Srpski demokratski forum","url":"https:\/\/sdf.hr\/","logo":{"@type":"ImageObject","inLanguage":"hr","@id":"https:\/\/sdf.hr\/#\/schema\/logo\/image\/","url":"https:\/\/sdf.hr\/wp-content\/uploads\/2021\/07\/logo-hr.svg","contentUrl":"https:\/\/sdf.hr\/wp-content\/uploads\/2021\/07\/logo-hr.svg","width":271,"height":100,"caption":"SDF - Srpski demokratski forum"},"image":{"@id":"https:\/\/sdf.hr\/#\/schema\/logo\/image\/"}}]}},"_links":{"self":[{"href":"https:\/\/sdf.hr\/hr\/wp-json\/wp\/v2\/nada\/5733","targetHints":{"allow":["GET"]}}],"collection":[{"href":"https:\/\/sdf.hr\/hr\/wp-json\/wp\/v2\/nada"}],"about":[{"href":"https:\/\/sdf.hr\/hr\/wp-json\/wp\/v2\/types\/nada"}],"wp:featuredmedia":[{"embeddable":true,"href":"https:\/\/sdf.hr\/hr\/wp-json\/wp\/v2\/media\/5726"}],"wp:attachment":[{"href":"https:\/\/sdf.hr\/hr\/wp-json\/wp\/v2\/media?parent=5733"}],"wp:term":[{"taxonomy":"post_tag","embeddable":true,"href":"https:\/\/sdf.hr\/hr\/wp-json\/wp\/v2\/tags?post=5733"},{"taxonomy":"atribut","embeddable":true,"href":"https:\/\/sdf.hr\/hr\/wp-json\/wp\/v2\/atribut?post=5733"}],"curies":[{"name":"wp","href":"https:\/\/api.w.org\/{rel}","templated":true}]}}