{"id":5743,"date":"2025-01-02T08:05:49","date_gmt":"2025-01-02T07:05:49","guid":{"rendered":"https:\/\/sdf.hr\/nada\/velezovi-sereti\/"},"modified":"2025-01-02T22:46:34","modified_gmt":"2025-01-02T21:46:34","slug":"velezovi-sereti","status":"publish","type":"nada","link":"https:\/\/sdf.hr\/hr\/nada\/velezovi-sereti\/","title":{"rendered":"Vele\u017eovi \u0161ereti"},"content":{"rendered":"<p>U grimizno crvenoj monografiji koju je 1972. izdalo Radni\u010dko sportsko dru\u0161tvo Vele\u017e, posebno je poglavlje posve\u0107eno navija\u010dima-\u0161eretima. Monografijom je obilje\u017eeno pedeset godina postojanja kluba, a \u0161ezdesetak navija\u010dkih izjava i anegdota zabilje\u017eio je kroni\u010dar Vele\u017ea <strong>\u0160efik Pa\u0161i\u0107<\/strong>. Za ovu smo rubriku od tih \u0161ezdesetak izdvojile \u0161est. Nek\u2019 vam je uz njih \u0161eretska nova godina.<\/p>\n<p>&nbsp;<\/p>\n<p><strong>Danin izostanak<\/strong><\/p>\n<p>Primarijus <strong>Dana Pe\u0107anac<\/strong> dugo je godina, uz <strong>Mariju Jovi\u0107<\/strong>, sestre <strong>Ljiljanu<\/strong> i <strong>Biljanu Topi\u0107<\/strong>, bila stalni posjetilac Vele\u017eovih utakmica, tako da se nijedan susret nije mogao zamisliti, a da one ne u\u0111u na teren. Jedne nedjelje, uslijed bolesti, Dana Pe\u0107anac nije do\u0161la na utakmicu. Kako je vrijeme odmicalo, njezine stalne kom\u0161ije na tribinama starog igrali\u0161ta zabrinuto su okretali glavu prema ulazu na stadion. U jednom momentu <strong>Nenad Tuponja<\/strong> se obrati Mariji: &#8220;U\u010diteljice, zagrijavaj se, mora\u0107e\u0161 umjesto Dane upasti u tim.&#8221;<\/p>\n<p>&nbsp;<\/p>\n<p><strong>\u017duljevi\u0107ev komentar<\/strong><\/p>\n<p>Odmah poslije oslobo\u0111enja Vele\u017e je odigrao nekoliko prijateljskih utakmica s vode\u0107im klubovima Prve lige. Me\u0111u prvima gost Vele\u017ea bio je Partizan, koji je izvojevao visoku pobjedu od 6:0. Poslije utakmice bilo je mnogo komentara o modernoj i briljantnoj igri crno-bijelih, ali i primjedbi, naro\u010dito od starijih gra\u0111ana. Me\u0111u njima najnezadovoljniji je bio stari navija\u010d <strong>\u017duljevi\u0107<\/strong>, koji se \u017ealio <strong>Suli Gu\u0161ancu<\/strong>: &#8220;Bogati, Sule, Vele\u017eovci listom oti\u0161li u partizane da se bore za ravnopravnost, a oni nama \u0161esticu&#8230; Nije to, dru\u017ee, partizanski.&#8221;<\/p>\n<p>&nbsp;<\/p>\n<p><strong>Razlozi<\/strong><\/p>\n<p>Pred va\u017ene susrete, naro\u010dito prvenstvene, redovno subotom, hap\u0161eni su igra\u010di Vele\u017ea. Razlozi su bili: kr\u0161enje saobra\u0107ajnih propisa prilikom vo\u017enje biciklom, naru\u0161avanje javnog reda, itd. Mada je pravi razlog bio oslabiti redove Vele\u017ea i omogu\u0107iti pobjedu protivniku. Ponedjeljkom bi ih obi\u010dno pu\u0161tali uslijed &#8220;nedostatka dokaza&#8221;. Kad su se jedne subote vra\u0107ali sa treninga , <strong>Kema Arpad\u017ei\u0107<\/strong> dobaci <strong>Butorovi\u0107u<\/strong>: &#8220;Mogli bi te ve\u010deras uhapsiti, guma na zadnjem to\u010dku ti je malo ispuhana.&#8221;<\/p>\n<p>&nbsp;<\/p>\n<p><strong>Go\u0161a i navijanje<\/strong><\/p>\n<p><strong>Go\u0161a Pudar<\/strong> iz Trijebnja kod Stoca, trezvena i napredna \u017eena, koja je za vrijeme NOB-a bila aktivan saradnik pokreta, odlikuje se, pored ostalih vrlina, i vanrednom duhovito\u0161\u0107u.<\/p>\n<p>&#8211; Tetka Go\u0161o, znate li da je Sarajevo tuklo Vele\u017e sa 3:0? \u2013 obratio joj se jedan mladi\u0107.<\/p>\n<p>&#8211; Ma, a \u0161ta ka\u017ee\u0161. A \u0161ta mu to, bogati, zna\u010di, 3:0?<\/p>\n<p>&#8211; Pa, eto Vele\u017e izgubio. Sarajevo mu dalo tri gola.<\/p>\n<p>&#8211; Neka, neka zauhar. Dobro je kad Vele\u017e nije ostao bez i\u0161ta \u2013 odgovori Go\u0161a \u0161eretski.<\/p>\n<p>&nbsp;<\/p>\n<p><strong>Uzroci krize<\/strong><\/p>\n<p>Kad jedne godine Vele\u017eu nije i\u0161lo ba\u0161 najbolje, grupa navija\u010da tra\u017eila je uzroke slabim igrama. &#8211; Ja mislim, drugovi \u2013 po\u010de <strong>Cojla Semiz<\/strong> &#8211; da razlozi neuspjeha le\u017ee u navali.<\/p>\n<p>&#8211; Nemoj Cojla tako, ja opet smatram da glavni uzroci krize le\u017ee na Srednjem istoku \u2013 odgovori mu <strong>Ico Voljevica<\/strong>.<\/p>\n<p>&nbsp;<\/p>\n<p><strong>Valovita Vojvodina<\/strong><\/p>\n<p>Kad su ro\u0111eni 1969. izgubili no\u0107nu utakmicu u Novom Sadu sa rezultatom 1:4 , <strong>Enver Mari\u0107<\/strong>, golman Vele\u017ea, u svoj je dnevnik zabilje\u017eio: &#8220;U svojim vizijama ljep\u0161e budu\u0107nosti nisam ni pretpostavljao da je Vojvodina tako \u2013 valovita.&#8221;<\/p>\n<p><em>pi\u0161e Ivana Peri\u0107<\/em><\/p>\n","protected":false},"excerpt":{"rendered":"<p>Monografijom Radni\u010dkog sportskog dru\u0161tva Vele\u017e iz 1972. obilje\u017eeno je 50 godina postojanja tog kluba, a 60-ak navija\u010dkih izjava i anegdota zabilje\u017eio je \u0160efik Pa\u0161i\u0107. Za ovu smo rubriku izdvojile njih \u0161est<\/p>\n","protected":false},"featured_media":5742,"template":"","tags":[40],"atribut":[],"class_list":["post-5743","nada","type-nada","status-publish","has-post-thumbnail","hentry","tag-dvokorak-naprijed"],"acf":[],"yoast_head":"<!-- This site is optimized with the Yoast SEO plugin v27.4 - https:\/\/yoast.com\/product\/yoast-seo-wordpress\/ -->\n<title>Vele\u017eovi \u0161ereti - SDF - Srpski demokratski forum<\/title>\n<meta name=\"robots\" content=\"index, follow, max-snippet:-1, max-image-preview:large, max-video-preview:-1\" \/>\n<link rel=\"canonical\" href=\"https:\/\/sdf.hr\/hr\/nada\/velezovi-sereti\/\" \/>\n<meta property=\"og:locale\" content=\"hr_HR\" \/>\n<meta property=\"og:type\" content=\"article\" \/>\n<meta property=\"og:title\" content=\"Vele\u017eovi \u0161ereti - SDF - Srpski demokratski forum\" \/>\n<meta property=\"og:description\" content=\"Monografijom Radni\u010dkog sportskog dru\u0161tva Vele\u017e iz 1972. obilje\u017eeno je 50 godina postojanja tog kluba, a 60-ak navija\u010dkih izjava i anegdota zabilje\u017eio je \u0160efik Pa\u0161i\u0107. Za ovu smo rubriku izdvojile njih \u0161est\" \/>\n<meta property=\"og:url\" content=\"https:\/\/sdf.hr\/hr\/nada\/velezovi-sereti\/\" \/>\n<meta property=\"og:site_name\" content=\"SDF - Srpski demokratski forum\" \/>\n<meta property=\"article:modified_time\" content=\"2025-01-02T21:46:34+00:00\" \/>\n<meta property=\"og:image\" content=\"https:\/\/sdf.hr\/wp-content\/uploads\/2025\/01\/Velez-scaled.jpg\" \/>\n\t<meta property=\"og:image:width\" content=\"2560\" \/>\n\t<meta property=\"og:image:height\" content=\"1923\" \/>\n\t<meta property=\"og:image:type\" content=\"image\/jpeg\" \/>\n<meta name=\"twitter:card\" content=\"summary_large_image\" \/>\n<meta name=\"twitter:label1\" content=\"Procijenjeno vrijeme \u010ditanja\" \/>\n\t<meta name=\"twitter:data1\" content=\"3 minute\" \/>\n<script type=\"application\/ld+json\" class=\"yoast-schema-graph\">{\"@context\":\"https:\\\/\\\/schema.org\",\"@graph\":[{\"@type\":\"WebPage\",\"@id\":\"https:\\\/\\\/sdf.hr\\\/hr\\\/nada\\\/velezovi-sereti\\\/\",\"url\":\"https:\\\/\\\/sdf.hr\\\/hr\\\/nada\\\/velezovi-sereti\\\/\",\"name\":\"Vele\u017eovi \u0161ereti - SDF - Srpski demokratski forum\",\"isPartOf\":{\"@id\":\"https:\\\/\\\/sdf.hr\\\/#website\"},\"primaryImageOfPage\":{\"@id\":\"https:\\\/\\\/sdf.hr\\\/hr\\\/nada\\\/velezovi-sereti\\\/#primaryimage\"},\"image\":{\"@id\":\"https:\\\/\\\/sdf.hr\\\/hr\\\/nada\\\/velezovi-sereti\\\/#primaryimage\"},\"thumbnailUrl\":\"https:\\\/\\\/sdf.hr\\\/wp-content\\\/uploads\\\/2025\\\/01\\\/Velez-scaled.jpg\",\"datePublished\":\"2025-01-02T07:05:49+00:00\",\"dateModified\":\"2025-01-02T21:46:34+00:00\",\"breadcrumb\":{\"@id\":\"https:\\\/\\\/sdf.hr\\\/hr\\\/nada\\\/velezovi-sereti\\\/#breadcrumb\"},\"inLanguage\":\"hr\",\"potentialAction\":[{\"@type\":\"ReadAction\",\"target\":[\"https:\\\/\\\/sdf.hr\\\/hr\\\/nada\\\/velezovi-sereti\\\/\"]}]},{\"@type\":\"ImageObject\",\"inLanguage\":\"hr\",\"@id\":\"https:\\\/\\\/sdf.hr\\\/hr\\\/nada\\\/velezovi-sereti\\\/#primaryimage\",\"url\":\"https:\\\/\\\/sdf.hr\\\/wp-content\\\/uploads\\\/2025\\\/01\\\/Velez-scaled.jpg\",\"contentUrl\":\"https:\\\/\\\/sdf.hr\\\/wp-content\\\/uploads\\\/2025\\\/01\\\/Velez-scaled.jpg\",\"width\":2560,\"height\":1923,\"caption\":\"Monografija u izdanju Radni\u010dkog sportskog dru\u0161tva Vele\u017e\"},{\"@type\":\"BreadcrumbList\",\"@id\":\"https:\\\/\\\/sdf.hr\\\/hr\\\/nada\\\/velezovi-sereti\\\/#breadcrumb\",\"itemListElement\":[{\"@type\":\"ListItem\",\"position\":1,\"name\":\"Po\u010detna stranica\",\"item\":\"https:\\\/\\\/sdf.hr\\\/hr\\\/\"},{\"@type\":\"ListItem\",\"position\":2,\"name\":\"Nada\",\"item\":\"https:\\\/\\\/sdf.hr\\\/nada\\\/\"},{\"@type\":\"ListItem\",\"position\":3,\"name\":\"Vele\u017eovi \u0161ereti\"}]},{\"@type\":\"WebSite\",\"@id\":\"https:\\\/\\\/sdf.hr\\\/#website\",\"url\":\"https:\\\/\\\/sdf.hr\\\/\",\"name\":\"SDF - Srpski demokratski forum\",\"description\":\"Srpski demokratski forum\",\"publisher\":{\"@id\":\"https:\\\/\\\/sdf.hr\\\/#organization\"},\"potentialAction\":[{\"@type\":\"SearchAction\",\"target\":{\"@type\":\"EntryPoint\",\"urlTemplate\":\"https:\\\/\\\/sdf.hr\\\/?s={search_term_string}\"},\"query-input\":{\"@type\":\"PropertyValueSpecification\",\"valueRequired\":true,\"valueName\":\"search_term_string\"}}],\"inLanguage\":\"hr\"},{\"@type\":\"Organization\",\"@id\":\"https:\\\/\\\/sdf.hr\\\/#organization\",\"name\":\"SDF - Srpski demokratski forum\",\"url\":\"https:\\\/\\\/sdf.hr\\\/\",\"logo\":{\"@type\":\"ImageObject\",\"inLanguage\":\"hr\",\"@id\":\"https:\\\/\\\/sdf.hr\\\/#\\\/schema\\\/logo\\\/image\\\/\",\"url\":\"https:\\\/\\\/sdf.hr\\\/wp-content\\\/uploads\\\/2021\\\/07\\\/logo-hr.svg\",\"contentUrl\":\"https:\\\/\\\/sdf.hr\\\/wp-content\\\/uploads\\\/2021\\\/07\\\/logo-hr.svg\",\"width\":271,\"height\":100,\"caption\":\"SDF - Srpski demokratski forum\"},\"image\":{\"@id\":\"https:\\\/\\\/sdf.hr\\\/#\\\/schema\\\/logo\\\/image\\\/\"}}]}<\/script>\n<!-- \/ Yoast SEO plugin. -->","yoast_head_json":{"title":"Vele\u017eovi \u0161ereti - SDF - Srpski demokratski forum","robots":{"index":"index","follow":"follow","max-snippet":"max-snippet:-1","max-image-preview":"max-image-preview:large","max-video-preview":"max-video-preview:-1"},"canonical":"https:\/\/sdf.hr\/hr\/nada\/velezovi-sereti\/","og_locale":"hr_HR","og_type":"article","og_title":"Vele\u017eovi \u0161ereti - SDF - Srpski demokratski forum","og_description":"Monografijom Radni\u010dkog sportskog dru\u0161tva Vele\u017e iz 1972. obilje\u017eeno je 50 godina postojanja tog kluba, a 60-ak navija\u010dkih izjava i anegdota zabilje\u017eio je \u0160efik Pa\u0161i\u0107. Za ovu smo rubriku izdvojile njih \u0161est","og_url":"https:\/\/sdf.hr\/hr\/nada\/velezovi-sereti\/","og_site_name":"SDF - Srpski demokratski forum","article_modified_time":"2025-01-02T21:46:34+00:00","og_image":[{"width":2560,"height":1923,"url":"https:\/\/sdf.hr\/wp-content\/uploads\/2025\/01\/Velez-scaled.jpg","type":"image\/jpeg"}],"twitter_card":"summary_large_image","twitter_misc":{"Procijenjeno vrijeme \u010ditanja":"3 minute"},"schema":{"@context":"https:\/\/schema.org","@graph":[{"@type":"WebPage","@id":"https:\/\/sdf.hr\/hr\/nada\/velezovi-sereti\/","url":"https:\/\/sdf.hr\/hr\/nada\/velezovi-sereti\/","name":"Vele\u017eovi \u0161ereti - SDF - Srpski demokratski forum","isPartOf":{"@id":"https:\/\/sdf.hr\/#website"},"primaryImageOfPage":{"@id":"https:\/\/sdf.hr\/hr\/nada\/velezovi-sereti\/#primaryimage"},"image":{"@id":"https:\/\/sdf.hr\/hr\/nada\/velezovi-sereti\/#primaryimage"},"thumbnailUrl":"https:\/\/sdf.hr\/wp-content\/uploads\/2025\/01\/Velez-scaled.jpg","datePublished":"2025-01-02T07:05:49+00:00","dateModified":"2025-01-02T21:46:34+00:00","breadcrumb":{"@id":"https:\/\/sdf.hr\/hr\/nada\/velezovi-sereti\/#breadcrumb"},"inLanguage":"hr","potentialAction":[{"@type":"ReadAction","target":["https:\/\/sdf.hr\/hr\/nada\/velezovi-sereti\/"]}]},{"@type":"ImageObject","inLanguage":"hr","@id":"https:\/\/sdf.hr\/hr\/nada\/velezovi-sereti\/#primaryimage","url":"https:\/\/sdf.hr\/wp-content\/uploads\/2025\/01\/Velez-scaled.jpg","contentUrl":"https:\/\/sdf.hr\/wp-content\/uploads\/2025\/01\/Velez-scaled.jpg","width":2560,"height":1923,"caption":"Monografija u izdanju Radni\u010dkog sportskog dru\u0161tva Vele\u017e"},{"@type":"BreadcrumbList","@id":"https:\/\/sdf.hr\/hr\/nada\/velezovi-sereti\/#breadcrumb","itemListElement":[{"@type":"ListItem","position":1,"name":"Po\u010detna stranica","item":"https:\/\/sdf.hr\/hr\/"},{"@type":"ListItem","position":2,"name":"Nada","item":"https:\/\/sdf.hr\/nada\/"},{"@type":"ListItem","position":3,"name":"Vele\u017eovi \u0161ereti"}]},{"@type":"WebSite","@id":"https:\/\/sdf.hr\/#website","url":"https:\/\/sdf.hr\/","name":"SDF - Srpski demokratski forum","description":"Srpski demokratski forum","publisher":{"@id":"https:\/\/sdf.hr\/#organization"},"potentialAction":[{"@type":"SearchAction","target":{"@type":"EntryPoint","urlTemplate":"https:\/\/sdf.hr\/?s={search_term_string}"},"query-input":{"@type":"PropertyValueSpecification","valueRequired":true,"valueName":"search_term_string"}}],"inLanguage":"hr"},{"@type":"Organization","@id":"https:\/\/sdf.hr\/#organization","name":"SDF - Srpski demokratski forum","url":"https:\/\/sdf.hr\/","logo":{"@type":"ImageObject","inLanguage":"hr","@id":"https:\/\/sdf.hr\/#\/schema\/logo\/image\/","url":"https:\/\/sdf.hr\/wp-content\/uploads\/2021\/07\/logo-hr.svg","contentUrl":"https:\/\/sdf.hr\/wp-content\/uploads\/2021\/07\/logo-hr.svg","width":271,"height":100,"caption":"SDF - Srpski demokratski forum"},"image":{"@id":"https:\/\/sdf.hr\/#\/schema\/logo\/image\/"}}]}},"_links":{"self":[{"href":"https:\/\/sdf.hr\/hr\/wp-json\/wp\/v2\/nada\/5743","targetHints":{"allow":["GET"]}}],"collection":[{"href":"https:\/\/sdf.hr\/hr\/wp-json\/wp\/v2\/nada"}],"about":[{"href":"https:\/\/sdf.hr\/hr\/wp-json\/wp\/v2\/types\/nada"}],"wp:featuredmedia":[{"embeddable":true,"href":"https:\/\/sdf.hr\/hr\/wp-json\/wp\/v2\/media\/5742"}],"wp:attachment":[{"href":"https:\/\/sdf.hr\/hr\/wp-json\/wp\/v2\/media?parent=5743"}],"wp:term":[{"taxonomy":"post_tag","embeddable":true,"href":"https:\/\/sdf.hr\/hr\/wp-json\/wp\/v2\/tags?post=5743"},{"taxonomy":"atribut","embeddable":true,"href":"https:\/\/sdf.hr\/hr\/wp-json\/wp\/v2\/atribut?post=5743"}],"curies":[{"name":"wp","href":"https:\/\/api.w.org\/{rel}","templated":true}]}}