{"id":5749,"date":"2025-01-04T08:09:17","date_gmt":"2025-01-04T07:09:17","guid":{"rendered":"https:\/\/sdf.hr\/nada\/veteranke-borbe-za-prava-zena\/"},"modified":"2025-01-04T08:10:37","modified_gmt":"2025-01-04T07:10:37","slug":"veteranke-borbe-za-prava-zena","status":"publish","type":"nada","link":"https:\/\/sdf.hr\/hr\/nada\/veteranke-borbe-za-prava-zena\/","title":{"rendered":"Veteranke borbe za prava \u017eena"},"content":{"rendered":"<p>Bile su to godine borbe koje je nagovijestio raspad Jugoslavije i prelazak u postsocijalisti\u010dki, vi\u0161estrana\u010dki demokratski sustav. I dok na izmaku 2024. odmotavamo film unatrag, doga\u0111a se ne\u0161to uzbudljivo; shva\u0107amo da su mnoge stvari iz tih godina (borbe) manje poznate, mo\u017eda i neispri\u010dane, a pro\u0161lost se poput crno-bijele celuloidne vrpce doima \u017eivlja i lucidnija od fluidne sada\u0161njosti.<\/p>\n<p>&#8211; Ima li ubudu\u0107e zapravo nade? \u2013 pitanje s kraja postavljamo na\u0161im trima sugovornicama s kojima razgovaramo u Ku\u0107i ljudskih prava, na temu &#8220;Zagreba\u010dke geografije borbe za \u017eenska prava&#8221;, \u0161to je naziv pockasta Documente \u2013 Centra za suo\u010davanje s pro\u0161lo\u0161\u0107u u kojem su sudjelovale.<\/p>\n<p>&#8211; Apsolutno. Bez obzira na sve retrogradne i negativne trendove u dru\u0161tvu danas, sve je vi\u0161e mladih samosvjesnih \u017eena, a puno toga \u0161to se ti\u010de \u017eenskih prava ugra\u0111uje se u zakone. Premda, iz mog osobnog iskustva, budu\u0107i da sam se profesionalno ve\u0107im dijelom kretala unutar civilne sfere, barem one koju smo mi razvijali i u kojoj je bilo puno \u017eena, kad iza\u0111em iz tih krugova nevjerojatno je koliko se i dalje moram boriti da me se \u010duje, a tek je pitanje koliko se i da li se moji argumenti uva\u017eavaju \u2013 pri\u010da nam <strong>Vesna Jankovi\u0107<\/strong>, nekada\u0161nja urednica \u010dasopisa ARKzin i \u010dlanica Antiratne kampanje Hrvatske (ARK) po\u010detkom devedesetih godina. Na tragu &#8220;nade&#8221;, ka\u017ee jo\u0161 ne\u0161to:<\/p>\n<p>&#8211; Ono \u0161to mi budi nadu tako\u0111er je promjena koju vidim kod mla\u0111ih mu\u0161karaca. Veseli me zapravo kad vidim na ulici o\u010deve s malom djecom, u \u0161etnji ili igri, a kojih se prije u tolikoj mjeri nije moglo vidjeti \u2013 primje\u0107uje Jankovi\u0107.<\/p>\n<p><strong>Diana Todorova<\/strong> istra\u017eiva\u010dica je u Documenti i urednica spomenutog podcasta od pet epizoda koje se mogu poslu\u0161ati na Spotify platformi i koje su nastale kao dio projekta &#8220;\u017denske perspektive u demokratizaciji&#8221;. Projekt su, pri\u010da Diana, realizirali s partnerima iz Bugarske, \u0160panjolske, Italije i Slovenije. Prilikom istra\u017eivanja, svatko od sudionika je uvidio da je rije\u010d o marginaliziranim pri\u010dama u svojoj zemlji, onima koje jo\u0161 uvijek nemaju dovoljno mjesta u \u0161kolskom kurikulumu u formalnom obrazovanju. U hrvatskom kontekstu, uo\u010di ovogodi\u0161njeg 8. marta, aktivistkinje i \u010dlanice razli\u010ditih \u017eenskih organizacija organizirale su edukativnu \u0161etnju iz koje su razgovori snimljeni i \u010diji sadr\u017eaj prikazuje nevidljivi sloj povijesti zagreba\u010dkog centra, i ne samo njega. Zastupljena je i Tre\u0161njevka, dio grada u kojem su \u017eenske organizacije bile jako aktivne i gdje \u0107emo se tako\u0111er u ovom razgovoru vra\u0107ati. Zapravo svaka epizoda predstavlja jednu lokaciju u centru Zagreba povezanu s djelovanjem organizacija i grupa za \u017eenska prava koje su djelovale devedesetih, poput ve\u0107 spomenutog ARK-a, o \u010dijem je radu pak epizoda snimljena na engleskom jeziku.<\/p>\n<p>&#8211; To je pogled prema pro\u0161losti. Kad smo krenule s promocijom podcasta, napravile smo objavu na Fejsbuku kako bi sadr\u017eaj bio dostupan za \u0161to vi\u0161e ljudi. Bilo je i negativnih i pozitivnih komentara, uglavnom onih koji nisu ni poslu\u0161ali podcast. A u tim istim \u0161etnjama mo\u017ee se \u010duti pone\u0161to o pokretanju Centra za \u017eenske studije, Centru Rosa za \u017eene \u017ertve rata, CESI \u2013 Centru za edukaciju, savjetovanje i istra\u017eivanje te &#8220;\u017denske pomo\u0107i sada&#8221; \u2013 pri\u010da Diana.<\/p>\n<p>Diana je u Zagrebu nastanjena ve\u0107 nekoliko godina kamo je doselila iz Bugarske gdje je radila kao novinarka na javnoj televiziji. Premda je ro\u0111ena u vrijeme kada su ratovi devedesetih tek otpo\u010dinjali, zanima nas njezino iskustvo &#8220;\u017eenskih perspektiva u demokratizaciji&#8221;. Pri\u010da nam da je u zadnje tri godine Bugarska nekoliko puta izlazila na izbore: destabilizacija politi\u010dkog sustava ondje je i dalje prisutna. Subjektivni osje\u0107aj pravne dr\u017eave, \u017eenskih i socijalnih prava nije zadovoljavaju\u0107i.<\/p>\n<p>&#8211; Aktualna kampanja paneuropske civilne \u017eenske kampanje &#8220;My Voice, My Choice&#8221; za siguran i dostupan poba\u010daj sakupila je milijun potpisa na razini EU-a kako bi ta tema do\u0161la na dnevni red Europske komisije. U Hrvatskoj je do\u017eivjela ogroman uspjeh, dok u Bugarskoj to nije tema, ve\u0107 je nasilje nad \u017eenama top tema unato\u010d prosvjedima svaka dva tjedna protiv tog istog nasilja \u2013 ka\u017ee nam Diana, koja otkriva i da je podcast njezin zavr\u0161ni rad u sklopu obrazovnog programa Centra za \u017eenske studije koji je poha\u0111ala lani.<\/p>\n<p><strong>Nevenka Fiket<\/strong> veteranka je borbe za \u017eenska prava \u2013 najdugovje\u010dnija je volonterka i suosniva\u010dica SOS telefona za \u017eene \u017ertve nasilja, \u010diji se glas tako\u0111er pojavljuje u Documentinom podcastu. Jo\u0161 1988. osnovana je grupa Tre\u0161njevka pod \u010dijim suncem su se po\u010dele okupljati poetese ili \u017eene koje su svakako intelektualno djelovale. Nevenka ka\u017ee: &#8220;Sve su to bile jake \u017eene.&#8221;<\/p>\n<p>&#8211; Te 1989. registrirale smo se kao Grupa Tre\u0161njevka. Jedna na\u0161a aktivistkinja, ina\u010de balerina, tada je oti\u0161la u Italiju. Kad se vratila, rekla je: &#8220;\u017dene u Italiji su mi rekle da ondje ve\u0107 postoje skloni\u0161ta za \u017eene i feministkinje. Idemo mi ne\u0161to u Zagrebu napraviti&#8221;. To smo objeru\u010dke prihvatile. Prisvojile smo feminizam, a to je borba za \u017eenska prava. Tako da smo jo\u0161 iste godine u Gajevoj 45 osnovale SOS telefon, a to je bilo pri tada\u0161njoj Gradskoj omladini Grada Zagreba \u2013 pri\u010da Nevenka.<\/p>\n<p>&#8211; \u0160to vas je motiviralo za aktivizam sva ta desetlje\u0107a? \u2013 pitamo je.<\/p>\n<p>&#8211; Motiviralo me je to da pomognem djeci koja su najranjivija skupina dru\u0161tva \u2013 odgovara.<\/p>\n<p>Prvo skloni\u0161te za \u017eene \u017ertve nasilja bilo je u zagreba\u010dkoj Teslinoj ulici. Telefon je prvi put zazvonio 8. marta 1989. Bila je to <strong>Dragica Pavli\u0161ek<\/strong>, majka trogodi\u0161njeg sina, koju je partner vi\u0161e puta prije toga pretukao. U bolnici (Vinogradskoj) nisu mogli nikoga prijaviti jer je ona iznova govorila da se spotakla i da je pala. Idu\u0107i put nije pre\u017eivjela, umrla je, prisje\u0107a se Nevenka, &#8220;u 4 sata jednog jutra te godine.&#8221; Skloni\u0161te se nadalje vi\u0161e puta selilo, po\u010detkom rata u Masarikovu ulicu. SOS telefon bio je prvi \u017eenski pokret u Zagrebu koji se 1989. preimenovao u &#8220;SOS &#8211; \u017denska pomo\u0107 sada&#8221;.<\/p>\n<p>&#8211; Te\u0161ko\u0107a u cijeloj pri\u010di bila je ta \u0161to su nam se \u017eene ustru\u010davale javiti zbog srama koji je jo\u0161 vladao u to vrijeme. Popustio bi tek kada bi voda do\u0161la do grla. Bio nam je prioritet prihvatiti \u017eenu i djecu. Bile smo korektor ovog dru\u0161tva \u2013 sumira Nevenka.<\/p>\n<figure id=\"attachment_5747\" aria-describedby=\"caption-attachment-5747\" style=\"width: 2376px\" class=\"wp-caption alignnone\"><img loading=\"lazy\" decoding=\"async\" class=\"wp-image-5747 size-full\" src=\"https:\/\/sdf.hr\/wp-content\/uploads\/2025\/01\/Pakrac_Keith-Michael-Holmes.jpg\" alt=\"\" width=\"2376\" height=\"1596\" srcset=\"https:\/\/sdf.hr\/wp-content\/uploads\/2025\/01\/Pakrac_Keith-Michael-Holmes.jpg 2376w, https:\/\/sdf.hr\/wp-content\/uploads\/2025\/01\/Pakrac_Keith-Michael-Holmes-300x202.jpg 300w, https:\/\/sdf.hr\/wp-content\/uploads\/2025\/01\/Pakrac_Keith-Michael-Holmes-1024x688.jpg 1024w, https:\/\/sdf.hr\/wp-content\/uploads\/2025\/01\/Pakrac_Keith-Michael-Holmes-768x516.jpg 768w, https:\/\/sdf.hr\/wp-content\/uploads\/2025\/01\/Pakrac_Keith-Michael-Holmes-1536x1032.jpg 1536w, https:\/\/sdf.hr\/wp-content\/uploads\/2025\/01\/Pakrac_Keith-Michael-Holmes-2048x1376.jpg 2048w\" sizes=\"auto, (max-width: 2376px) 100vw, 2376px\" \/><figcaption id=\"caption-attachment-5747\" class=\"wp-caption-text\">Volonteri \u010diste ru\u0161evine u Pakracu 1990-ih (Foto: Keith Michael Holmes)<\/figcaption><\/figure>\n<p>&#8211; Vi se niste poznavale iz toga doba? \u2013 pogledavamo Nevenku i Vesnu, jer nam takvo \u0161to daju naslutiti.<\/p>\n<p>I bili smo u pravu, pa svjedo\u010dimo susretu i njihovom upoznavanju kroz razgovor, \u010dak i polemiku, toliko su \u017eiva sje\u0107anja kada govorimo o borbi za \u017eenska prava.<\/p>\n<p>&#8211; Mo\u017ee se re\u0107i da je jedan od pomaka u \u017eenskoj borbi i taj \u0161to je dr\u017eava otvorila, \u0161to je i njezina du\u017enost, skloni\u0161ta za \u017eene kao jedan oblik socijalne pomo\u0107i. Obiteljsko nasilje je prepoznato kao problem \u2013 isti\u010de Vesna Jankovi\u0107.<\/p>\n<p>Spominjemo nadalje da je upravo minuo Me\u0111unarodni dan ljudskih prava i kako je Hrvatska odbila azil i me\u0111unarodnu za\u0161titu za dr\u017eavljane Sirije do daljnjeg, odnosno do dogovora na razini Europske unije.<\/p>\n<p>&#8211; \u017dalosti me to. Od po\u010detka rata u Ukrajini \u017eivim neki osobini <em>deja vu<\/em> 1991. Za\u0161to? Budu\u0107i da sam radila u medijima osjetljivija sam prema medijskim reprezentacijama. U tom vremenu tako\u0111er na kolektivnom zapadu de\u0161ava ono \u0161to se prije 1991. de\u0161avalo na medijskoj sceni u biv\u0161oj Jugoslaviji, proratna, ratno-hu\u0161ka\u010dka retorika, jednostrani prikazi itd. Ple\u0161emo na rubu nuklearne katastrofe, a glasovi koji pozivaju na ja\u010de diplomatske napore i pregovore su potpuno marginalizirani \u2013 sumira Vesna Jankovi\u0107.<\/p>\n<p>Slo\u017eili smo se da se ipak ne\u0161to pozitivno desilo oko Palestine, posebno mobilizacija gra\u0111ana i glas otpora kod nas. Vesna Jankovi\u0107 ka\u017ee da je za nju problemati\u010dna \u010dinjenica upravo pri\u010da o nametnutoj tranziciji po\u010detkom 1990-ih koja je, kako ka\u017ee, bila &#8220;taracanje&#8221; dru\u0161tvenih postignu\u0107a koja smo usvojili i imali do 1990. godine. S tim konceptom tranzicije sve zemlje koje su je prolazile, slikovito \u2013 stavljene su u dje\u010dji vrti\u0107 i \u0161kole kako bi nau\u010dile \u0161to to zna\u010di biti liberalna demokracija i tome sli\u010dno.<\/p>\n<p>Pri\u010da o Antiratnoj kampanji Hrvatske ve\u0107 je u niz navrata ispri\u010dana, ipak, uvijek joj se sa sjetom vra\u0107amo, posebno u aktualnom trenutku globalne prijetnje ratom. Iz te mirovne organizacije, koja je ujedno bila i \u017eenski projekt, poteklo je niz pokreta, a jedna od inicijativa bila je promoviranje prava na prigovor savjesti.<\/p>\n<p>&#8211; Tu su \u017eene bile aktivne. Bilo je to mjesto politi\u010dkog osna\u017eivanja \u017eena, ne na usko feministi\u010dke teme. U ARK-u je nastao i Centar za \u017eene \u017ertve rata koji je poslije postao samostalna organizacija. Iz ARK-a je proiza\u0161ao projekt Pakrac koji je bio pak klju\u010dan u nastanku Centra za mirovne studije, skupa s tim i Ku\u0107e ljudskih prava. Uz rad ARK -a usko se vezane i B.a.B.e., Documenta, CESI. Ima\u0161 i drugu liniju koja je i\u0161la preko ARKzina: Multimedijalni institut MAMA i Attack, organizaciju Suncokret koja je radila s izbjeglicama \u2013 nabraja Vesna s nevjerojatnom precizno\u0161\u0107u.<\/p>\n<p>Po\u010detak 1990-ih bio je po\u010detak bujanja \u017eenskih organizacija: \u017eenske infoteke, Centra za \u017eenske studije i Centra za \u017eene \u017ertve rata, koji je nastao iz neposredne potrebe da se pomogne u trenutku kad se pojavljuju stra\u0161ne pri\u010de o silovanjima. \u017denske organizacije nastaju u Pore\u010du, Rijeci, Pakracu; na\u0161a sugovornica upu\u0107uje da se 1992. godine pokre\u0107e prva peticija za o\u010duvanje prava na abortus.<\/p>\n<p>&#8211; Odakle toliki motiv za aktivizam \u017eenama u to vrijeme? \u2013 opet pitamo.<\/p>\n<p>Tu na\u0161a sugovornica pomalo zastane, prebire po vremenu, plete niti doga\u0111aja i lica.<\/p>\n<p>&#8211; Neki su u po\u010detku dolazili u ARK tra\u017ee\u0107i elementarnu pomo\u0107: vrijeme je to delo\u017eacija iz stanova, prve su se dogodile i vezane su upravo uz \u017eene \u2013 to su bile medicinske sestre iz tada Vojne bolnice u Dubravi kojima je prijetila delo\u017eacija. U ARKzinu su se okupili novinari koji su ili bili izba\u010deni iz svojih dotada\u0161njih reakcija ili vi\u0161e nisu htjeli pisati pod cenzurom. A moji osobni motivi su bili rad na dru\u0161tvenoj promjeni, medijske slobode, pomo\u0107 ljudima. Ali postojao je i moment erosa: u situaciji kada se gasi svjetlo onda nastaje kohezija \u2013 isti\u010de Vesna Jankovi\u0107.<\/p>\n<p>&#8211; Rekli ste na po\u010detku da su onda bile jake \u017eene, a danas? \u2013 pitamo Nevenku Fiket.<\/p>\n<p>&#8211; Danas su mlade \u017eene pod pritiskom materijalne egzistencije i to je dru\u0161tveni problem. Mi smo tada bile sve volonterke. Ja sam radila, brinula za djecu i volontirala. Sad su druga vremena, mi smo htjele ne\u0161to stvarati, a danas je zavladao materijalizam. Na\u0161 SOS telefon i dalje danas radi, ima skloni\u0161te, ali ne onakvim intenzitetom. Premda, potrebe su i dalje prisutne. Mi jesmo samostalne, ali dr\u017eava financira i mora\u0161 sve po njihovom raditi \u2013 isti\u010de Nevenka.<\/p>\n<p>&#8211; Ova materijalna situacija, kao \u0161to ka\u017eete, jest problemati\u010dna, \u010dak i da ne pri\u010damo o nasilju. Ako sam \u017ertva nasilja kako \u0107u iza\u0107i iz te situacije, ili kako \u0107u bez te pla\u0107e volontirati. Jer svaki dana se mora\u0161 boriti da do\u0111e\u0161 do rije\u010di \u2013 nadovezala se Diana Todorova.<\/p>\n<p>Vesna Jankovi\u0107 podsje\u0107a da je na prvu godi\u0161njicu rata u Ukrajini nekoliko njih napisalo zajedni\u010dku izjavu u javnosti, kao <em>ad hoc<\/em> feministi\u010dka antiratna koalicija, koja se nije posve primila, ali je bila vrijedna. Borba se svakako nastavlja.<\/p>\n<p><em>pi\u0161e Dragan Grozdani\u0107<\/em><\/p>\n","protected":false},"excerpt":{"rendered":"<p>Iz \u017eenskog aktivizma od po\u010detka 1990-ih nastali su i razvili se Antiratna kampanja Hrvatske, Centar za \u017eene \u017ertve rata, projekt Pakrac, Centar za mirovne studije, Ku\u0107a ljudskih prava, B.a.B.e. i mnoge druge organizacije, o \u010demu pri\u010daju nekada\u0161nja urednica ARKzina Vesna Jankovi\u0107 i suosniva\u010dica SOS telefona Nevenka Fiket<\/p>\n","protected":false},"featured_media":5746,"template":"","tags":[130],"atribut":[],"class_list":["post-5749","nada","type-nada","status-publish","has-post-thumbnail","hentry","tag-tema"],"acf":[],"yoast_head":"<!-- This site is optimized with the Yoast SEO plugin v27.4 - https:\/\/yoast.com\/product\/yoast-seo-wordpress\/ -->\n<title>Veteranke borbe za prava \u017eena - SDF - Srpski demokratski forum<\/title>\n<meta name=\"robots\" content=\"index, follow, max-snippet:-1, max-image-preview:large, max-video-preview:-1\" \/>\n<link rel=\"canonical\" href=\"https:\/\/sdf.hr\/hr\/nada\/veteranke-borbe-za-prava-zena\/\" \/>\n<meta property=\"og:locale\" content=\"hr_HR\" \/>\n<meta property=\"og:type\" content=\"article\" \/>\n<meta property=\"og:title\" content=\"Veteranke borbe za prava \u017eena - SDF - Srpski demokratski forum\" \/>\n<meta property=\"og:description\" content=\"Iz \u017eenskog aktivizma od po\u010detka 1990-ih nastali su i razvili se Antiratna kampanja Hrvatske, Centar za \u017eene \u017ertve rata, projekt Pakrac, Centar za mirovne studije, Ku\u0107a ljudskih prava, B.a.B.e. i mnoge druge organizacije, o \u010demu pri\u010daju nekada\u0161nja urednica ARKzina Vesna Jankovi\u0107 i suosniva\u010dica SOS telefona Nevenka Fiket\" \/>\n<meta property=\"og:url\" content=\"https:\/\/sdf.hr\/hr\/nada\/veteranke-borbe-za-prava-zena\/\" \/>\n<meta property=\"og:site_name\" content=\"SDF - Srpski demokratski forum\" \/>\n<meta property=\"article:modified_time\" content=\"2025-01-04T07:10:37+00:00\" \/>\n<meta property=\"og:image\" content=\"https:\/\/sdf.hr\/wp-content\/uploads\/2025\/01\/Vesna-Nevenka-i-Diana1.jpg\" \/>\n\t<meta property=\"og:image:width\" content=\"2000\" \/>\n\t<meta property=\"og:image:height\" content=\"1126\" \/>\n\t<meta property=\"og:image:type\" content=\"image\/jpeg\" \/>\n<meta name=\"twitter:card\" content=\"summary_large_image\" \/>\n<meta name=\"twitter:label1\" content=\"Procijenjeno vrijeme \u010ditanja\" \/>\n\t<meta name=\"twitter:data1\" content=\"10 minuta\" \/>\n<script type=\"application\/ld+json\" class=\"yoast-schema-graph\">{\"@context\":\"https:\\\/\\\/schema.org\",\"@graph\":[{\"@type\":\"WebPage\",\"@id\":\"https:\\\/\\\/sdf.hr\\\/hr\\\/nada\\\/veteranke-borbe-za-prava-zena\\\/\",\"url\":\"https:\\\/\\\/sdf.hr\\\/hr\\\/nada\\\/veteranke-borbe-za-prava-zena\\\/\",\"name\":\"Veteranke borbe za prava \u017eena - SDF - Srpski demokratski forum\",\"isPartOf\":{\"@id\":\"https:\\\/\\\/sdf.hr\\\/#website\"},\"primaryImageOfPage\":{\"@id\":\"https:\\\/\\\/sdf.hr\\\/hr\\\/nada\\\/veteranke-borbe-za-prava-zena\\\/#primaryimage\"},\"image\":{\"@id\":\"https:\\\/\\\/sdf.hr\\\/hr\\\/nada\\\/veteranke-borbe-za-prava-zena\\\/#primaryimage\"},\"thumbnailUrl\":\"https:\\\/\\\/sdf.hr\\\/wp-content\\\/uploads\\\/2025\\\/01\\\/Vesna-Nevenka-i-Diana1.jpg\",\"datePublished\":\"2025-01-04T07:09:17+00:00\",\"dateModified\":\"2025-01-04T07:10:37+00:00\",\"breadcrumb\":{\"@id\":\"https:\\\/\\\/sdf.hr\\\/hr\\\/nada\\\/veteranke-borbe-za-prava-zena\\\/#breadcrumb\"},\"inLanguage\":\"hr\",\"potentialAction\":[{\"@type\":\"ReadAction\",\"target\":[\"https:\\\/\\\/sdf.hr\\\/hr\\\/nada\\\/veteranke-borbe-za-prava-zena\\\/\"]}]},{\"@type\":\"ImageObject\",\"inLanguage\":\"hr\",\"@id\":\"https:\\\/\\\/sdf.hr\\\/hr\\\/nada\\\/veteranke-borbe-za-prava-zena\\\/#primaryimage\",\"url\":\"https:\\\/\\\/sdf.hr\\\/wp-content\\\/uploads\\\/2025\\\/01\\\/Vesna-Nevenka-i-Diana1.jpg\",\"contentUrl\":\"https:\\\/\\\/sdf.hr\\\/wp-content\\\/uploads\\\/2025\\\/01\\\/Vesna-Nevenka-i-Diana1.jpg\",\"width\":2000,\"height\":1126,\"caption\":\"Vesna Jankovi\u0107, Nevenka Fiket i urednica podcasta Diana Todorova (Foto: Dragan Grozdani\u0107)\"},{\"@type\":\"BreadcrumbList\",\"@id\":\"https:\\\/\\\/sdf.hr\\\/hr\\\/nada\\\/veteranke-borbe-za-prava-zena\\\/#breadcrumb\",\"itemListElement\":[{\"@type\":\"ListItem\",\"position\":1,\"name\":\"Po\u010detna stranica\",\"item\":\"https:\\\/\\\/sdf.hr\\\/hr\\\/\"},{\"@type\":\"ListItem\",\"position\":2,\"name\":\"Nada\",\"item\":\"https:\\\/\\\/sdf.hr\\\/nada\\\/\"},{\"@type\":\"ListItem\",\"position\":3,\"name\":\"Veteranke borbe za prava \u017eena\"}]},{\"@type\":\"WebSite\",\"@id\":\"https:\\\/\\\/sdf.hr\\\/#website\",\"url\":\"https:\\\/\\\/sdf.hr\\\/\",\"name\":\"SDF - Srpski demokratski forum\",\"description\":\"Srpski demokratski forum\",\"publisher\":{\"@id\":\"https:\\\/\\\/sdf.hr\\\/#organization\"},\"potentialAction\":[{\"@type\":\"SearchAction\",\"target\":{\"@type\":\"EntryPoint\",\"urlTemplate\":\"https:\\\/\\\/sdf.hr\\\/?s={search_term_string}\"},\"query-input\":{\"@type\":\"PropertyValueSpecification\",\"valueRequired\":true,\"valueName\":\"search_term_string\"}}],\"inLanguage\":\"hr\"},{\"@type\":\"Organization\",\"@id\":\"https:\\\/\\\/sdf.hr\\\/#organization\",\"name\":\"SDF - Srpski demokratski forum\",\"url\":\"https:\\\/\\\/sdf.hr\\\/\",\"logo\":{\"@type\":\"ImageObject\",\"inLanguage\":\"hr\",\"@id\":\"https:\\\/\\\/sdf.hr\\\/#\\\/schema\\\/logo\\\/image\\\/\",\"url\":\"https:\\\/\\\/sdf.hr\\\/wp-content\\\/uploads\\\/2021\\\/07\\\/logo-hr.svg\",\"contentUrl\":\"https:\\\/\\\/sdf.hr\\\/wp-content\\\/uploads\\\/2021\\\/07\\\/logo-hr.svg\",\"width\":271,\"height\":100,\"caption\":\"SDF - Srpski demokratski forum\"},\"image\":{\"@id\":\"https:\\\/\\\/sdf.hr\\\/#\\\/schema\\\/logo\\\/image\\\/\"}}]}<\/script>\n<!-- \/ Yoast SEO plugin. -->","yoast_head_json":{"title":"Veteranke borbe za prava \u017eena - SDF - Srpski demokratski forum","robots":{"index":"index","follow":"follow","max-snippet":"max-snippet:-1","max-image-preview":"max-image-preview:large","max-video-preview":"max-video-preview:-1"},"canonical":"https:\/\/sdf.hr\/hr\/nada\/veteranke-borbe-za-prava-zena\/","og_locale":"hr_HR","og_type":"article","og_title":"Veteranke borbe za prava \u017eena - SDF - Srpski demokratski forum","og_description":"Iz \u017eenskog aktivizma od po\u010detka 1990-ih nastali su i razvili se Antiratna kampanja Hrvatske, Centar za \u017eene \u017ertve rata, projekt Pakrac, Centar za mirovne studije, Ku\u0107a ljudskih prava, B.a.B.e. i mnoge druge organizacije, o \u010demu pri\u010daju nekada\u0161nja urednica ARKzina Vesna Jankovi\u0107 i suosniva\u010dica SOS telefona Nevenka Fiket","og_url":"https:\/\/sdf.hr\/hr\/nada\/veteranke-borbe-za-prava-zena\/","og_site_name":"SDF - Srpski demokratski forum","article_modified_time":"2025-01-04T07:10:37+00:00","og_image":[{"width":2000,"height":1126,"url":"https:\/\/sdf.hr\/wp-content\/uploads\/2025\/01\/Vesna-Nevenka-i-Diana1.jpg","type":"image\/jpeg"}],"twitter_card":"summary_large_image","twitter_misc":{"Procijenjeno vrijeme \u010ditanja":"10 minuta"},"schema":{"@context":"https:\/\/schema.org","@graph":[{"@type":"WebPage","@id":"https:\/\/sdf.hr\/hr\/nada\/veteranke-borbe-za-prava-zena\/","url":"https:\/\/sdf.hr\/hr\/nada\/veteranke-borbe-za-prava-zena\/","name":"Veteranke borbe za prava \u017eena - SDF - Srpski demokratski forum","isPartOf":{"@id":"https:\/\/sdf.hr\/#website"},"primaryImageOfPage":{"@id":"https:\/\/sdf.hr\/hr\/nada\/veteranke-borbe-za-prava-zena\/#primaryimage"},"image":{"@id":"https:\/\/sdf.hr\/hr\/nada\/veteranke-borbe-za-prava-zena\/#primaryimage"},"thumbnailUrl":"https:\/\/sdf.hr\/wp-content\/uploads\/2025\/01\/Vesna-Nevenka-i-Diana1.jpg","datePublished":"2025-01-04T07:09:17+00:00","dateModified":"2025-01-04T07:10:37+00:00","breadcrumb":{"@id":"https:\/\/sdf.hr\/hr\/nada\/veteranke-borbe-za-prava-zena\/#breadcrumb"},"inLanguage":"hr","potentialAction":[{"@type":"ReadAction","target":["https:\/\/sdf.hr\/hr\/nada\/veteranke-borbe-za-prava-zena\/"]}]},{"@type":"ImageObject","inLanguage":"hr","@id":"https:\/\/sdf.hr\/hr\/nada\/veteranke-borbe-za-prava-zena\/#primaryimage","url":"https:\/\/sdf.hr\/wp-content\/uploads\/2025\/01\/Vesna-Nevenka-i-Diana1.jpg","contentUrl":"https:\/\/sdf.hr\/wp-content\/uploads\/2025\/01\/Vesna-Nevenka-i-Diana1.jpg","width":2000,"height":1126,"caption":"Vesna Jankovi\u0107, Nevenka Fiket i urednica podcasta Diana Todorova (Foto: Dragan Grozdani\u0107)"},{"@type":"BreadcrumbList","@id":"https:\/\/sdf.hr\/hr\/nada\/veteranke-borbe-za-prava-zena\/#breadcrumb","itemListElement":[{"@type":"ListItem","position":1,"name":"Po\u010detna stranica","item":"https:\/\/sdf.hr\/hr\/"},{"@type":"ListItem","position":2,"name":"Nada","item":"https:\/\/sdf.hr\/nada\/"},{"@type":"ListItem","position":3,"name":"Veteranke borbe za prava \u017eena"}]},{"@type":"WebSite","@id":"https:\/\/sdf.hr\/#website","url":"https:\/\/sdf.hr\/","name":"SDF - Srpski demokratski forum","description":"Srpski demokratski forum","publisher":{"@id":"https:\/\/sdf.hr\/#organization"},"potentialAction":[{"@type":"SearchAction","target":{"@type":"EntryPoint","urlTemplate":"https:\/\/sdf.hr\/?s={search_term_string}"},"query-input":{"@type":"PropertyValueSpecification","valueRequired":true,"valueName":"search_term_string"}}],"inLanguage":"hr"},{"@type":"Organization","@id":"https:\/\/sdf.hr\/#organization","name":"SDF - Srpski demokratski forum","url":"https:\/\/sdf.hr\/","logo":{"@type":"ImageObject","inLanguage":"hr","@id":"https:\/\/sdf.hr\/#\/schema\/logo\/image\/","url":"https:\/\/sdf.hr\/wp-content\/uploads\/2021\/07\/logo-hr.svg","contentUrl":"https:\/\/sdf.hr\/wp-content\/uploads\/2021\/07\/logo-hr.svg","width":271,"height":100,"caption":"SDF - Srpski demokratski forum"},"image":{"@id":"https:\/\/sdf.hr\/#\/schema\/logo\/image\/"}}]}},"_links":{"self":[{"href":"https:\/\/sdf.hr\/hr\/wp-json\/wp\/v2\/nada\/5749","targetHints":{"allow":["GET"]}}],"collection":[{"href":"https:\/\/sdf.hr\/hr\/wp-json\/wp\/v2\/nada"}],"about":[{"href":"https:\/\/sdf.hr\/hr\/wp-json\/wp\/v2\/types\/nada"}],"wp:featuredmedia":[{"embeddable":true,"href":"https:\/\/sdf.hr\/hr\/wp-json\/wp\/v2\/media\/5746"}],"wp:attachment":[{"href":"https:\/\/sdf.hr\/hr\/wp-json\/wp\/v2\/media?parent=5749"}],"wp:term":[{"taxonomy":"post_tag","embeddable":true,"href":"https:\/\/sdf.hr\/hr\/wp-json\/wp\/v2\/tags?post=5749"},{"taxonomy":"atribut","embeddable":true,"href":"https:\/\/sdf.hr\/hr\/wp-json\/wp\/v2\/atribut?post=5749"}],"curies":[{"name":"wp","href":"https:\/\/api.w.org\/{rel}","templated":true}]}}