{"id":5752,"date":"2025-01-10T11:33:31","date_gmt":"2025-01-10T10:33:31","guid":{"rendered":"https:\/\/sdf.hr\/nada\/knjige-i-brige\/"},"modified":"2025-01-10T11:33:43","modified_gmt":"2025-01-10T10:33:43","slug":"knjige-i-brige","status":"publish","type":"nada","link":"https:\/\/sdf.hr\/hr\/nada\/knjige-i-brige\/","title":{"rendered":"Knjige i brige"},"content":{"rendered":"<p>Kad sam prije koju godinu gazila preko Europskog trga, dva su se pijanca na\u0161la u alkoholnoj razmjeni informacija. Nije bila najugodnija, ali jedan od njih se, nakon \u0161to je drugi inzistirao da razgovaraju tako da ga dr\u017ei za kragnu i unosi mu se u lice, odlu\u010dio dati u bijeg. Ovaj ozloje\u0111eni i skloniji fizi\u010dkom dodiru, zavrtio se u svom istro\u0161enom baloneru oko sebe i viknuo za njim: Bje\u017ei! Ima \u010dasti i u bijegu! \u010cesto sam zadnje tri-\u010detiri godine mislila o tome \u0161to mu je viknuo, u jednom sam trenutku te iste rije\u010di pustila u svoju poeziju jer nije bilo izbora. Ostalo je samo uzmicanje. A taj je osje\u0107aj poput sidra na plu\u0107ima, objesi se za njih i potapa vas iznutra, i malo \u0161to, pa ni srcolom, ne mo\u017ee se mjeriti s tim davljenjem iznutra. Trebalo mi je dugo vremena da prihvatim da je to stvarno tako, da <em>ima \u010dasti u bijegu<\/em> i da od nekih stvari ni ne mo\u017ee\u0161 druga\u010dije nego pobje\u0107i glavom bez obzira. Naj\u010de\u0161\u0107e ravno u duboku utrobu zemlje dok se negdje ne pojavi neki komadi\u0107 sunca. A pojavi se. Samo do njega treba pratiti nit i osloniti se na sebe. Dole, gore, lijevo, desno i ba\u0161 kad pomisli\u0161 da nema vi\u0161e ni\u010deg, pojavi se \u2013 \u010distina. Pravo da stvari po\u010dne\u0161 ispo\u010detka.<\/p>\n<p>***<\/p>\n<p>Kraj 2024. do\u010dekala me jo\u0161 jedna selidba. I sad, razlozi su razni i za ovaj tekst nisu nu\u017eni, ali broj selidbi koje sam nabrojala od povratka s kratke avanture na Lastovu 2021. sulud je: \u0161est. \u0160est. \u0160est! U tih 6-7 mjeseci koje sam provela na otoku, Zagreb se stvarno promijenio. I to vjerojatno ne bih bila osjetila da sam bila tamo, jer bi me grad mijenjao kako i sebe i ja bih uspjela uhvatiti korak. Otad, kao da stalno hvatam zalet na asfaltu i uspijem ne\u0161to na kratko, na dah, ali ni\u0161ta na du\u017ee staze. Brzo sam opet na zemlji. Ne\u0161to me zabije za buku i vrevu grada i umjesto da vrisnem, ja se povu\u010dem. Me\u0111u svoje police s knjigama. Najte\u017ee je hvatati zalet sa stotinama knjiga. One su ba\u0161 zeznut teret i ne rasipa se lako, jer je svaka od njih zbog ne\u010deg va\u017ena. Slagala sam u kutije pri zadnjoj selidbi i vidjela da sam nekad u njih, tamo negdje od 2007. do 2010. upisivala da su moje vlasni\u0161tvo. Obi\u010dno bi stavila svoje prezime i godinu kad sam nabavila knjigu. Poslije sam po\u010dela u njih pe\u010datirati svoje ime, a onda je i to nestalo. U nekima je bio otisak samo stare kunske cijene. Od svih mi se bilo jednako te\u0161ko oprostiti, a odlu\u010dila sam da je vrijeme da idu pogurnuta jednim intervjuom koji je kolega <strong>\u017delimir Peri\u0161<\/strong> dao za Kritiku HDP. \u017delimir mi je u tom trenutku postao jedini pravi sugovornik, i dok sam sjedila na ban\u010di\u0107u u svojoj radnoj sobi i razvrstavala ono \u0161to ide i ono \u0161to ne ide, stalno sam se vra\u0107ala na otvoreni tab u kojem \u017delimir govori: Ajde, Marija, mo\u017ee\u0161 ti to. To su samo knjige.<\/p>\n<p>***<\/p>\n<p>\u017delimir je zapravo to artikulirao malo \u010di\u0161\u0107e i jednostavnije, otpustio mi sidro s prsa i rekao, ajde, bacaj knjige i leti. Mislim, nije rekao to, ali ja sam to tako pro\u010ditala.<\/p>\n<p>&#8220;\u010cin seljenja, vrlo drasti\u010dan moment kad se doga\u0111a u poodmakloj \u017eivotnoj dobi, kad cijeli svoj \u017eivot mora\u0161 spakirati u ograni\u010den broj kutija jo\u0161 je jasnije definirao moj odnos prema predmetima, posebno prema knjigama, koje su valjda, uz ve\u0161-ma\u0161inu, najte\u017ea od svih stvari koje \u010dovjek posjeduje.<\/p>\n<p>Razdijelio sam i rasprodao gotovo sve knjige koje sam imao. Ok, neke, za koje sam vjerovao da su mi va\u017ene sam zadr\u017eao, naravno. I onda osam godina kasnije mi se ponovo dogodila drama novog seljenja. I ponovo sam bio pretrpan knjigama, i okej, razumio sam ove nove koje sam kupio ili dobio u me\u0111uvremenu, ali \u0161to je s onima koje sam nosio iz staroga stana a osam godina nisam pogledao? Trebam li ih ponovo nositi u idu\u0107i? Ne! Rje\u0161avaj se svega!<\/p>\n<p>I onda se dogodio uzbudljiv i neo\u010dekivan moment, ostao sam bez knjiga. To je bilo divno. Knjige koje nam nedostaju vrijede vi\u0161e od onih koje su nam pri ruci. Ljudi koji nam nedostaju nekad nas emotivno vi\u0161e voze od onih koji su tu. Nedostajanje nije pozitivna emocija, ali mo\u017ee biti pokreta\u010d pozitive, a u kreativnom smislu je vrhunski impuls.&#8221;<\/p>\n<p>***<\/p>\n<p>Dosta knjiga sam poslala u knji\u017eni\u010dni fond, dosta sam ih podijelila prijateljima, neke sam ostavila i tek \u0107u ih podijeliti, a one neke najva\u017enije spakirane su u \u010detiri ili pet plasti\u010dnih kutija i \u010dekaju neke nove police kad se u potpunosti smjestim na novoj adresi. Jo\u0161 uvijek ne osje\u0107am slobodu, jer ih gledam kroz mutnu PET ambala\u017eu, i tek su u njoj potpuno beskorisne. Ni\u0161ta im ne daje zraka, i nitko ne mo\u017ee posegnuti za jednom u prolazu da je odnese u krevet ili kao zalutali gost \u0161mugne s njom kroz vrata, ali barem im nije hladno. One va\u017enije i koje mi trebaju za rad na romanu, razvrstala sam na svoj radni stol koji je postavljen uz prozor, tako da mogu gledati vani, u stablo oraha na kojem se vidi sasu\u0161ena kora plodova koje nekim \u010dudom nije stresao od neku no\u0107 stvarno zeznut jugozapadnjak. Sad \u017eivim na vrhu brda iznad kojeg se avioni pripremaju za slijetanje ili di\u017eu nosine u zrak, pa kad \u0161kiljim s rukom uvis, mogu zamisliti da je to bratov stari, plasti\u010dni plavo-\u017euti avion koji sam upravo pustila da prozuji dokle ga god krila mogu odnijeti.<\/p>\n<p>***<\/p>\n<p>Kad bih u knjige upisivala svoje ime, to nije bila nikakva klasna stvar ili obilje\u017eavanje svog kulturnog kapitala. To sam po\u010dela raditi iz puke brige za svoje vlasni\u0161tvo, ali prije svega jer sam se identificirala s njima i vjerovala da su moji \u017eivoti nekako i \u017eivoti junaka i junakinja iz svih tih silnih pri\u010da. Pa \u0161ta sam ja bila nego istovremeno svi ti ljudi? I bilo mi je va\u017eno, da ako nekome knjiga do\u0111e u ruke da zna da sam se ja u toj knjizi \u2013 osje\u0107ala. Kao pustolovka, ljubavnica, prijateljica, autsajderica, buntovnica, princeza, ratnica, vje\u0161tica, patnica, de\u017eurna mudrolija\u0161ica, apsolutna prakti\u010darka ili potpuno u sedmi plan poguran fikus. Bilo mi je va\u017eno da onaj kome do\u0111e knjiga pomisli da \u0107e me tako bolje upoznati ili da \u0107e je zbilja pro\u010ditati jer je meni bila va\u017ena. I druga stvar, da \u0107e mi je, neka nikad u njih nisam upisala svoju adresu, nekim \u010dudom vratiti. Da \u0107e netko po\u0107i na avanturu pronalaska mene na nekoj od mnogih mojih i sad ve\u0107 pro\u0161lih adresa. Zanimljivo je to, dok sad ovo pi\u0161em i tekst mi se otkriva kao \u0161to mi i otkriva, to da sam upisivala svoje prezime, ali nikada i svoju adresu. Ili sam mislila da je moje ime tako va\u017eno (ha-ha!) da \u0107e znati kamo treba po\u0107i i tra\u017eiti, ili sam jednostavno otpo\u010detka negdje osje\u0107ala da nema adresu onaj koji je uvijek negdje izme\u0111u, na kratko, na neko vrijeme, dok se stvari ne srede, slegnu, ustabile, dok polako planira budu\u0107nost s nekog nemjesta bez adrese i broja. Zamislite!<\/p>\n<p>***<\/p>\n<p>Za razliku od \u017delimira, meni je nedostajanje, ako ne pozitivna, onda jedna od onih emocija \u010dije se karakteristike poka\u017eu ovisno o tome jesu li ti pale na dobar ili lo\u0161 dan. Jedna od onih emocija koja dr\u017ei utrobu podgrijanom. Ne\u0161to na relaciji izme\u0111u nostalgije i&#8230; sada\u0161njosti. Mislim da je to i mjesto s kojeg bih jednom, kad se napokon odva\u017eim, mogla uzletjeti. Ipak sam se popela na jedno od vi\u0161ih brda u gradu, na sam zagreba\u010dki rasjed, gdje se zemlja prolomi i zaurla kad krene. Ne\u0161to kao i ja.<\/p>\n<p><em>pi\u0161e Marija Andrija\u0161evi\u0107<\/em><\/p>\n","protected":false},"excerpt":{"rendered":"<p>Trebalo mi je dugo vremena da prihvatim da je to stvarno tako, da ima \u010dasti u bijegu i da od nekih stvari ni ne mo\u017ee\u0161 druga\u010dije nego pobje\u0107i glavom bez obzira. Naj\u010de\u0161\u0107e ravno u duboku utrobu zemlje dok se negdje ne pojavi neki komadi\u0107 sunca. A pojavi se<\/p>\n","protected":false},"featured_media":5682,"template":"","tags":[177],"atribut":[],"class_list":["post-5752","nada","type-nada","status-publish","has-post-thumbnail","hentry","tag-vrzino-kolo-hr"],"acf":[],"yoast_head":"<!-- This site is optimized with the Yoast SEO plugin v27.4 - https:\/\/yoast.com\/product\/yoast-seo-wordpress\/ -->\n<title>Knjige i brige - SDF - Srpski demokratski forum<\/title>\n<meta name=\"robots\" content=\"index, follow, max-snippet:-1, max-image-preview:large, max-video-preview:-1\" \/>\n<link rel=\"canonical\" href=\"https:\/\/sdf.hr\/hr\/nada\/knjige-i-brige\/\" \/>\n<meta property=\"og:locale\" content=\"hr_HR\" \/>\n<meta property=\"og:type\" content=\"article\" \/>\n<meta property=\"og:title\" content=\"Knjige i brige - SDF - Srpski demokratski forum\" \/>\n<meta property=\"og:description\" content=\"Trebalo mi je dugo vremena da prihvatim da je to stvarno tako, da ima \u010dasti u bijegu i da od nekih stvari ni ne mo\u017ee\u0161 druga\u010dije nego pobje\u0107i glavom bez obzira. Naj\u010de\u0161\u0107e ravno u duboku utrobu zemlje dok se negdje ne pojavi neki komadi\u0107 sunca. A pojavi se\" \/>\n<meta property=\"og:url\" content=\"https:\/\/sdf.hr\/hr\/nada\/knjige-i-brige\/\" \/>\n<meta property=\"og:site_name\" content=\"SDF - Srpski demokratski forum\" \/>\n<meta property=\"article:modified_time\" content=\"2025-01-10T10:33:43+00:00\" \/>\n<meta property=\"og:image\" content=\"https:\/\/sdf.hr\/wp-content\/uploads\/2024\/12\/Andrijasevic_Duska-Boban-scaled.jpg\" \/>\n\t<meta property=\"og:image:width\" content=\"2560\" \/>\n\t<meta property=\"og:image:height\" content=\"1685\" \/>\n\t<meta property=\"og:image:type\" content=\"image\/jpeg\" \/>\n<meta name=\"twitter:card\" content=\"summary_large_image\" \/>\n<meta name=\"twitter:label1\" content=\"Procijenjeno vrijeme \u010ditanja\" \/>\n\t<meta name=\"twitter:data1\" content=\"7 minuta\" \/>\n<script type=\"application\/ld+json\" class=\"yoast-schema-graph\">{\"@context\":\"https:\\\/\\\/schema.org\",\"@graph\":[{\"@type\":\"WebPage\",\"@id\":\"https:\\\/\\\/sdf.hr\\\/hr\\\/nada\\\/knjige-i-brige\\\/\",\"url\":\"https:\\\/\\\/sdf.hr\\\/hr\\\/nada\\\/knjige-i-brige\\\/\",\"name\":\"Knjige i brige - SDF - Srpski demokratski forum\",\"isPartOf\":{\"@id\":\"https:\\\/\\\/sdf.hr\\\/#website\"},\"primaryImageOfPage\":{\"@id\":\"https:\\\/\\\/sdf.hr\\\/hr\\\/nada\\\/knjige-i-brige\\\/#primaryimage\"},\"image\":{\"@id\":\"https:\\\/\\\/sdf.hr\\\/hr\\\/nada\\\/knjige-i-brige\\\/#primaryimage\"},\"thumbnailUrl\":\"https:\\\/\\\/sdf.hr\\\/wp-content\\\/uploads\\\/2024\\\/12\\\/Andrijasevic_Duska-Boban-scaled.jpg\",\"datePublished\":\"2025-01-10T10:33:31+00:00\",\"dateModified\":\"2025-01-10T10:33:43+00:00\",\"breadcrumb\":{\"@id\":\"https:\\\/\\\/sdf.hr\\\/hr\\\/nada\\\/knjige-i-brige\\\/#breadcrumb\"},\"inLanguage\":\"hr\",\"potentialAction\":[{\"@type\":\"ReadAction\",\"target\":[\"https:\\\/\\\/sdf.hr\\\/hr\\\/nada\\\/knjige-i-brige\\\/\"]}]},{\"@type\":\"ImageObject\",\"inLanguage\":\"hr\",\"@id\":\"https:\\\/\\\/sdf.hr\\\/hr\\\/nada\\\/knjige-i-brige\\\/#primaryimage\",\"url\":\"https:\\\/\\\/sdf.hr\\\/wp-content\\\/uploads\\\/2024\\\/12\\\/Andrijasevic_Duska-Boban-scaled.jpg\",\"contentUrl\":\"https:\\\/\\\/sdf.hr\\\/wp-content\\\/uploads\\\/2024\\\/12\\\/Andrijasevic_Duska-Boban-scaled.jpg\",\"width\":2560,\"height\":1685,\"caption\":\"Marija Andrija\u0161evi\u0107 (Foto: Du\u0161ka Boban)\"},{\"@type\":\"BreadcrumbList\",\"@id\":\"https:\\\/\\\/sdf.hr\\\/hr\\\/nada\\\/knjige-i-brige\\\/#breadcrumb\",\"itemListElement\":[{\"@type\":\"ListItem\",\"position\":1,\"name\":\"Po\u010detna stranica\",\"item\":\"https:\\\/\\\/sdf.hr\\\/hr\\\/\"},{\"@type\":\"ListItem\",\"position\":2,\"name\":\"Nada\",\"item\":\"https:\\\/\\\/sdf.hr\\\/nada\\\/\"},{\"@type\":\"ListItem\",\"position\":3,\"name\":\"Knjige i brige\"}]},{\"@type\":\"WebSite\",\"@id\":\"https:\\\/\\\/sdf.hr\\\/#website\",\"url\":\"https:\\\/\\\/sdf.hr\\\/\",\"name\":\"SDF - Srpski demokratski forum\",\"description\":\"Srpski demokratski forum\",\"publisher\":{\"@id\":\"https:\\\/\\\/sdf.hr\\\/#organization\"},\"potentialAction\":[{\"@type\":\"SearchAction\",\"target\":{\"@type\":\"EntryPoint\",\"urlTemplate\":\"https:\\\/\\\/sdf.hr\\\/?s={search_term_string}\"},\"query-input\":{\"@type\":\"PropertyValueSpecification\",\"valueRequired\":true,\"valueName\":\"search_term_string\"}}],\"inLanguage\":\"hr\"},{\"@type\":\"Organization\",\"@id\":\"https:\\\/\\\/sdf.hr\\\/#organization\",\"name\":\"SDF - Srpski demokratski forum\",\"url\":\"https:\\\/\\\/sdf.hr\\\/\",\"logo\":{\"@type\":\"ImageObject\",\"inLanguage\":\"hr\",\"@id\":\"https:\\\/\\\/sdf.hr\\\/#\\\/schema\\\/logo\\\/image\\\/\",\"url\":\"https:\\\/\\\/sdf.hr\\\/wp-content\\\/uploads\\\/2021\\\/07\\\/logo-hr.svg\",\"contentUrl\":\"https:\\\/\\\/sdf.hr\\\/wp-content\\\/uploads\\\/2021\\\/07\\\/logo-hr.svg\",\"width\":271,\"height\":100,\"caption\":\"SDF - Srpski demokratski forum\"},\"image\":{\"@id\":\"https:\\\/\\\/sdf.hr\\\/#\\\/schema\\\/logo\\\/image\\\/\"}}]}<\/script>\n<!-- \/ Yoast SEO plugin. -->","yoast_head_json":{"title":"Knjige i brige - SDF - Srpski demokratski forum","robots":{"index":"index","follow":"follow","max-snippet":"max-snippet:-1","max-image-preview":"max-image-preview:large","max-video-preview":"max-video-preview:-1"},"canonical":"https:\/\/sdf.hr\/hr\/nada\/knjige-i-brige\/","og_locale":"hr_HR","og_type":"article","og_title":"Knjige i brige - SDF - Srpski demokratski forum","og_description":"Trebalo mi je dugo vremena da prihvatim da je to stvarno tako, da ima \u010dasti u bijegu i da od nekih stvari ni ne mo\u017ee\u0161 druga\u010dije nego pobje\u0107i glavom bez obzira. Naj\u010de\u0161\u0107e ravno u duboku utrobu zemlje dok se negdje ne pojavi neki komadi\u0107 sunca. A pojavi se","og_url":"https:\/\/sdf.hr\/hr\/nada\/knjige-i-brige\/","og_site_name":"SDF - Srpski demokratski forum","article_modified_time":"2025-01-10T10:33:43+00:00","og_image":[{"width":2560,"height":1685,"url":"https:\/\/sdf.hr\/wp-content\/uploads\/2024\/12\/Andrijasevic_Duska-Boban-scaled.jpg","type":"image\/jpeg"}],"twitter_card":"summary_large_image","twitter_misc":{"Procijenjeno vrijeme \u010ditanja":"7 minuta"},"schema":{"@context":"https:\/\/schema.org","@graph":[{"@type":"WebPage","@id":"https:\/\/sdf.hr\/hr\/nada\/knjige-i-brige\/","url":"https:\/\/sdf.hr\/hr\/nada\/knjige-i-brige\/","name":"Knjige i brige - SDF - Srpski demokratski forum","isPartOf":{"@id":"https:\/\/sdf.hr\/#website"},"primaryImageOfPage":{"@id":"https:\/\/sdf.hr\/hr\/nada\/knjige-i-brige\/#primaryimage"},"image":{"@id":"https:\/\/sdf.hr\/hr\/nada\/knjige-i-brige\/#primaryimage"},"thumbnailUrl":"https:\/\/sdf.hr\/wp-content\/uploads\/2024\/12\/Andrijasevic_Duska-Boban-scaled.jpg","datePublished":"2025-01-10T10:33:31+00:00","dateModified":"2025-01-10T10:33:43+00:00","breadcrumb":{"@id":"https:\/\/sdf.hr\/hr\/nada\/knjige-i-brige\/#breadcrumb"},"inLanguage":"hr","potentialAction":[{"@type":"ReadAction","target":["https:\/\/sdf.hr\/hr\/nada\/knjige-i-brige\/"]}]},{"@type":"ImageObject","inLanguage":"hr","@id":"https:\/\/sdf.hr\/hr\/nada\/knjige-i-brige\/#primaryimage","url":"https:\/\/sdf.hr\/wp-content\/uploads\/2024\/12\/Andrijasevic_Duska-Boban-scaled.jpg","contentUrl":"https:\/\/sdf.hr\/wp-content\/uploads\/2024\/12\/Andrijasevic_Duska-Boban-scaled.jpg","width":2560,"height":1685,"caption":"Marija Andrija\u0161evi\u0107 (Foto: Du\u0161ka Boban)"},{"@type":"BreadcrumbList","@id":"https:\/\/sdf.hr\/hr\/nada\/knjige-i-brige\/#breadcrumb","itemListElement":[{"@type":"ListItem","position":1,"name":"Po\u010detna stranica","item":"https:\/\/sdf.hr\/hr\/"},{"@type":"ListItem","position":2,"name":"Nada","item":"https:\/\/sdf.hr\/nada\/"},{"@type":"ListItem","position":3,"name":"Knjige i brige"}]},{"@type":"WebSite","@id":"https:\/\/sdf.hr\/#website","url":"https:\/\/sdf.hr\/","name":"SDF - Srpski demokratski forum","description":"Srpski demokratski forum","publisher":{"@id":"https:\/\/sdf.hr\/#organization"},"potentialAction":[{"@type":"SearchAction","target":{"@type":"EntryPoint","urlTemplate":"https:\/\/sdf.hr\/?s={search_term_string}"},"query-input":{"@type":"PropertyValueSpecification","valueRequired":true,"valueName":"search_term_string"}}],"inLanguage":"hr"},{"@type":"Organization","@id":"https:\/\/sdf.hr\/#organization","name":"SDF - Srpski demokratski forum","url":"https:\/\/sdf.hr\/","logo":{"@type":"ImageObject","inLanguage":"hr","@id":"https:\/\/sdf.hr\/#\/schema\/logo\/image\/","url":"https:\/\/sdf.hr\/wp-content\/uploads\/2021\/07\/logo-hr.svg","contentUrl":"https:\/\/sdf.hr\/wp-content\/uploads\/2021\/07\/logo-hr.svg","width":271,"height":100,"caption":"SDF - Srpski demokratski forum"},"image":{"@id":"https:\/\/sdf.hr\/#\/schema\/logo\/image\/"}}]}},"_links":{"self":[{"href":"https:\/\/sdf.hr\/hr\/wp-json\/wp\/v2\/nada\/5752","targetHints":{"allow":["GET"]}}],"collection":[{"href":"https:\/\/sdf.hr\/hr\/wp-json\/wp\/v2\/nada"}],"about":[{"href":"https:\/\/sdf.hr\/hr\/wp-json\/wp\/v2\/types\/nada"}],"wp:featuredmedia":[{"embeddable":true,"href":"https:\/\/sdf.hr\/hr\/wp-json\/wp\/v2\/media\/5682"}],"wp:attachment":[{"href":"https:\/\/sdf.hr\/hr\/wp-json\/wp\/v2\/media?parent=5752"}],"wp:term":[{"taxonomy":"post_tag","embeddable":true,"href":"https:\/\/sdf.hr\/hr\/wp-json\/wp\/v2\/tags?post=5752"},{"taxonomy":"atribut","embeddable":true,"href":"https:\/\/sdf.hr\/hr\/wp-json\/wp\/v2\/atribut?post=5752"}],"curies":[{"name":"wp","href":"https:\/\/api.w.org\/{rel}","templated":true}]}}