{"id":5763,"date":"2025-01-12T08:10:44","date_gmt":"2025-01-12T07:10:44","guid":{"rendered":"https:\/\/sdf.hr\/nada\/dunja-gusic-vlajternativa-je-pobjeda-optimizma\/"},"modified":"2025-01-11T16:11:54","modified_gmt":"2025-01-11T15:11:54","slug":"dunja-gusic-vlajternativa-je-pobjeda-optimizma","status":"publish","type":"nada","link":"https:\/\/sdf.hr\/hr\/nada\/dunja-gusic-vlajternativa-je-pobjeda-optimizma\/","title":{"rendered":"Dunja Gusi\u0107: Vlajternativa je pobjeda optimizma"},"content":{"rendered":"<p>Do\u0107i u ravnokotarski gradi\u0107 Benkovac a ne pregledati novoispisane grafite i zagledati se u razli\u010dite intervencije <em>street arta<\/em> na zidovima zgrada, te\u017eak je propust, usporediv s frazom &#8220;do\u0107i u Rim, a ne vidjeti papu&#8221;, jer ti natpisi su gradske razglednice iz kojih se da i\u0161\u010ditati svakodnevan, obi\u010dan \u017eivot. Ali i vi\u0161e od toga, zaklju\u010dit \u0107emo u dru\u0161tvu <strong>Dunje Gusi\u0107<\/strong>, pedagoginje, profesorice i aktivistkinje, s kojom obilazimo grad njezinog odrastanja i \u017eivota. U Benkovcu postoji i &#8220;ku\u0107a Edgara Allana Poea&#8221;, \u0161to nam opet sugerira grafit napisan na pro\u010delju jedne tro\u0161ne katnice. Dunja nam s rado\u0161\u0107u ukazuje i na grafit &#8220;Vetrinar&#8221; (veterinar, op. a.). &#8220;Idemo kod vetrinara&#8221;, tuma\u010di nam ovu idiomsku spletku kojom se slu\u017ee lokalci, izostavljaju\u0107i drugi samoglasnik &#8220;e&#8221;.<\/p>\n<p>&#8220;A \u0161to tek re\u0107i na grafit &#8216;Bluz manitog grada&#8217;, osim \u2013 i to je Benkovac&#8221;, razdragano nam tuma\u010di na\u0161a sugovornica. Doti\u010dni nas je grad zainteresirao za nekih ranijih posjeta, kada smo poku\u0161ali doku\u010diti \u0161to im zna\u010di grafit &#8220;Smije\u0161an grad&#8221; s crte\u017eom smajlija oko kojeg se, pri\u010da Dunja, stvorila prava gungula, kako to Benkov\u010dani vole re\u0107i, iako jo\u0161 nitko nije otkrio autora. Ali, svatko tu poruku druga\u010dije tuma\u010di.<\/p>\n<p><strong>Kako je vi tuma\u010dite?<\/strong><\/p>\n<p>Ako \u0107emo okrenuti na pozitivu, bit \u0107e to &#8220;smi\u0161an grad&#8221; u doslovnom, privla\u010dnom smislu, ali se tako\u0111er mo\u017ee \u010ditati i kao niz apsurda i nelogi\u010dnosti kojima svjedo\u010de oni koji \u017eive u maloj sredini. Niz godina, recimo, va\u017ene institucije grada Benkovca vode oni koji u njemu zapravo ne \u017eive. Prije svega direktor turisti\u010dke zajednice, a ni ravnatelj muzeja, kao ni ravnatelj gradske knji\u017enice. To je za mene smije\u0161no.<\/p>\n<p><strong>Vrlo zanimljivi detalji. Ina\u010de, predsjednica ste udruge Vlajter-ego koja svakog ljeta ve\u0107 14 godina organizira glazbeni festival Vlajternativa, a lani ste uspjeli dovesti i britanski kultni pank bend Toy Dolls, \u0161to je odjeknulo na\u0161iroko. Kako je raditi festival u tako maloj sredini koji je postao i najbolji promotor ovoga grada?<\/strong><\/p>\n<p>U organizaciji je jako malo ljudi, me\u0111u njima i moj brat koji osmi\u0161ljava glazbeni <em>line up<\/em> pa obilazi brojne svirke na nezavisnoj sceni. Kona\u010dno smo postali svjesni va\u017enosti toga \u0161to radimo za Benkovac, jer ranije pozitivne ocjene drugih nismo tako do\u017eivljavali. \u017delimo da na\u0161 grad ne bude percipiran izvana kao rupa u kojoj se samo ojka. Neka i toga bude, ali ovdje postoje ljudi koji svoj gradi\u0107 smatraju urbanim mjestom. Pro\u0161le godine imali smo do tri tisu\u0107e ljudi na samom festivalu, za jednu ve\u010der usred ljeta, \u0161to je za Benkovac bilo izazovno. Osjetilo se da pomalo postajemo festivalski grad, koliko god to nekome zvu\u010dalo smije\u0161no. \u010cini nam se da se \u010ditava alternativna festivalska scena sad ravna po datumu Vlajternative.<\/p>\n<figure id=\"attachment_5757\" aria-describedby=\"caption-attachment-5757\" style=\"width: 2560px\" class=\"wp-caption alignnone\"><img loading=\"lazy\" decoding=\"async\" class=\"wp-image-5757 size-full\" src=\"https:\/\/sdf.hr\/wp-content\/uploads\/2025\/01\/Gusic2_VUK-scaled.jpg\" alt=\"\" width=\"2560\" height=\"1732\" srcset=\"https:\/\/sdf.hr\/wp-content\/uploads\/2025\/01\/Gusic2_VUK-scaled.jpg 2560w, https:\/\/sdf.hr\/wp-content\/uploads\/2025\/01\/Gusic2_VUK-300x203.jpg 300w, https:\/\/sdf.hr\/wp-content\/uploads\/2025\/01\/Gusic2_VUK-1024x693.jpg 1024w, https:\/\/sdf.hr\/wp-content\/uploads\/2025\/01\/Gusic2_VUK-768x520.jpg 768w, https:\/\/sdf.hr\/wp-content\/uploads\/2025\/01\/Gusic2_VUK-1536x1039.jpg 1536w, https:\/\/sdf.hr\/wp-content\/uploads\/2025\/01\/Gusic2_VUK-2048x1385.jpg 2048w\" sizes=\"auto, (max-width: 2560px) 100vw, 2560px\" \/><figcaption id=\"caption-attachment-5757\" class=\"wp-caption-text\">Dunja Gusi\u0107 (Foto: VUK)<\/figcaption><\/figure>\n<p><strong>Postoji li kakva anegdota s Toy Dollsima? Ne doga\u0111a se \u010desto da takav bend, osnovan jo\u0161 1979. godine, svira u na\u0161im malim sredinama.<\/strong><\/p>\n<p>Kada ih je jedan na\u0161 prijatelj dovezao kombijem u Benkovac, mobitelima su stali snimati zgradu &#8220;Edgara Allana Poea&#8221;, pitaju\u0107i se: &#8220;What the hell happened here?&#8221; Prvo su zazirali od toga gdje su do\u0161li, sve dok nisu sjeli na ve\u010deru i osjetili benkova\u010dku gostoljubivost, jer kod nas je moto jedi i pij koliko god \u017eeli\u0161. Ove godine smo uspjeli sve izgurati, izme\u0111u ostalog i jer smo se po prvi put prijavili na natje\u010daj zaklade Kultura nova. Novo nam je bilo pisanje tog projekta, nakon \u010dega smo na natje\u010daju osvojili najve\u0107i broj bodova i deset tisu\u0107a eura. Toy Dollsi su za dolazak tra\u017eili manje od dobivenog iznosa, pa je njihov anga\u017eman bio relativno lagan. Kona\u010dno smo dobili nekakvo vanjsko priznanje od struktura koje se bave kulturom u Hrvatskoj. Kada se godinama u svojoj sredini borite s vjetrenja\u010dama, ponekad pomislite da stvarno ne vrijedite priznanja. Financira nas i Grad Benkovac preko javnog natje\u010daja za potrebe u kulturi, iako ne ide sve glatko. Ljetos smo po prvi put organizirali kamp i zvali su nas ljudi iz Slovenije, Austrije, Ma\u0111arske, a da isprva nismo mogli dobiti pitku vodu u trenutku kada je vani bilo 40 stupnjeva. Doveli su je u kamp tek u trenutku kada je sve moglo zavr\u0161iti u medijima. Ispada da cijeli pozitivan \u017eamor oko festivala jo\u0161 nije dovoljna reklama za Turisti\u010dku zajednicu Benkovca. A nama se pak \u010dini da nakon 14 godina vi\u0161e ne moramo nikome obja\u0161njavati koliko je Vlajternativa va\u017ean doga\u0111aj. Ovo ljeto ona je bila pobjeda na\u0161eg optimizma, spontanosti, \u017eelje za rastom i pobjeda hrabrosti u okolnostima koje su bile izazovne u svakom smislu te rije\u010di.<\/p>\n<p><strong>Koliko je te\u0161ko svakodnevno \u017eivjeti u Benkovcu? Odlaze li mladi? S druge strane radite u obrazovanju, u \u0161koli koja broji tristo u\u010denika pa je i odgovornost za intelektualni razvoj mladih veliki imperativ?<\/strong><\/p>\n<p>Prije rata 1990-ih na\u0161a \u0161kola je brojala tisu\u0107u u\u010denika. Kada spominjemo odlazak, prije osam godina je bio jedan ve\u0107i iseljeni\u010dki val, a sad nije tolikih razmjera. \u010cini mi se da se jedan dio nove generacije dobro uklopio u grad. Benkovac definitivno nije grad mladih, prije bih rekla da se radi o gradu onih srednje \u017eivotne dobi. S druge strane zahvalno je \u0161to predajem hrvatski jezik jer se u sklopu toga \u0161kolskog sata mo\u017ee pri\u010dati o temama o kojima npr. ne mo\u017ee profesor matematike. Zadnjih par godina uvidjela sam va\u017enost takvih razgovora s mojim u\u010denicima. Oni u maloj sredini nemaju priliku ni vidjeti, ni \u010duti, ni do\u017eivjeti ne\u0161to druga\u010dije od onoga \u0161to im se nudi na bazi\u010dnoj osnovi. A nudi im se nogomet, odlazak nedjeljom u crkvu, kladionicu i kafi\u0107e. I to je zapravo sve.<\/p>\n<p>Kroz teme u kurikulumu u sklopu neke vrste gra\u0111anskog odgoja nastojim ukazati da neke stvari treba promijeniti, kao i da se one ne ti\u010du samo onih na poziciji mo\u0107i, ve\u0107 i budu\u0107ih, \u0161kolovanih gra\u0111ana. I sama sam se jo\u0161 kao studentica aktivirala u zajednici, jo\u0161 dok na\u0161a udruga nije ni postojala. Mladi jo\u0161 nisu osvijestili da mogu imati utjecaj, do\u0107i, primjerice, na lokalni radio i tra\u017eiti da imaju svoju emisiju, nau\u010diti svirati gitaru, osmisliti likovne radionice. Samo se moraju anga\u017eirati. Za djecu koja \u017eive u okolnim i udaljenim selima tako\u0111er je izuzetno va\u017eno da ne\u0161to doznaju u \u0161koli jer, kada do\u0111u ku\u0107i, te\u0161ko da ondje imaju kakvog vr\u0161njaka s kojim \u0107e ista saznanja mo\u0107i podijeliti.<\/p>\n<p><strong>U Ravnim kotarima, gdje geografski pripadate, oduvijek su \u017eivjeli i Srbi i Hrvati. Koliko su dana\u0161nja djeca koja ovdje odrastaju li\u0161ena ratnog naslje\u0111a 1990-ih?<\/strong><\/p>\n<p>Da, u Ravnim kotarima je srpsko i hrvatsko stanovni\u0161tvo oduvijek \u017eivjelo zajedno. Puno je familija koje su dokaz tog su\u017eivota. Meni se \u010dini da ljudi funkcioniraju mirno i skladno jedni s drugima u svakodnevici. A pogotovo stariji u svojim zajedni\u010dkim interesima kao \u0161to su maslinarstvo i vinogradarstvo po kojem je ovaj kraj i poznat. Mladi su mo\u017eda ne\u0161to druga\u010dija pri\u010da. Do neke tinejd\u017eerske dobi nitko ne spominje i ne smatra bitnim svoju nacionalnu pripadnost, zajedno se dru\u017ee. Onda se nekako odjednom dogodi re\u010denica &#8220;on je Srbin&#8221; ili &#8220;ti si Hrvat&#8221; i &#8220;takav si jer si to ili to&#8221;. Svi ka\u017eemo da to dolazi iz ku\u0107e, ali onda je na obrazovnim institucijama da odrade svoj odgojni zadatak i da ih nau\u010de da po\u0161tuju jedni druge. Takve tenzije se ponekad osjete u vrijeme nekih obljetnica i kada se nacionalizam name\u0107e kao jedini ispravni put. Ba\u0161 u tim danima treba pri\u010dati o pra\u0161tanju i zajedni\u0161tvu, a ne ih nabrijavati tzv. domoljubnim pjesmama. Tada im \u010ditam poeziju <strong>Zorana \u017dmiri\u0107a<\/strong> i prozu <strong>Ivane Bodro\u017ei\u0107<\/strong> koje imaju sna\u017ene antiratne poruke, ali im, kada osjetim potrebu, pri\u010dam i o svom iskustvu djetinjstva u ratu. Mladi ljudi su nam va\u017eni, ne smijemo se igrati njihovim sudbinama i iskori\u0161tavati njihovu naivnost i nevinost.<\/p>\n<p><strong>Zavr\u0161ili ste i digitalnu feministi\u010dku \u0161kolu u sklopu beogradskog Centra za \u017eenske studije. Kakav je va\u0161 pogled na feminizam iz ipak konzervativne sredine u kojoj \u017eivite?<\/strong><\/p>\n<p>Spomenuta \u0161kolica odr\u017eavala se <em>online <\/em>za vrijeme pandemije. Ali, da, pogled iz male sredine je pone\u0161to druga\u010diji. Kada usporedno sa svjetskim doga\u0111anjima razmatram aktivizam i borbu za \u017eenska prava iz svoje patrijarhalne sredine, primje\u0107ujem puno mojih vr\u0161njakinja, poznanica i prijateljica kojima bih u vi\u0161e situacija rekla da su postupile krivo ili da su mogle postupiti druga\u010dije, ili da su se trebale zauzeti za sebe, za\u0161tititi se. Recimo, puno mojih prijateljica iz djetinjstva nikad me nisu pitale za Vlajternativu. Taj dio mog \u017eivota im je ili nejasan ili \u010dudan, pa je njihovo pitanje kada se mislim udati. Sve drugo im je manje bitno. Takvo zadiranje u dio moje privatnosti, \u0161to je to ako ne ukalupljivanje u ladice?<\/p>\n<figure id=\"attachment_5759\" aria-describedby=\"caption-attachment-5759\" style=\"width: 2560px\" class=\"wp-caption alignnone\"><img loading=\"lazy\" decoding=\"async\" class=\"wp-image-5759 size-full\" src=\"https:\/\/sdf.hr\/wp-content\/uploads\/2025\/01\/Gusic3_VUK-scaled.jpg\" alt=\"\" width=\"2560\" height=\"1630\" srcset=\"https:\/\/sdf.hr\/wp-content\/uploads\/2025\/01\/Gusic3_VUK-scaled.jpg 2560w, https:\/\/sdf.hr\/wp-content\/uploads\/2025\/01\/Gusic3_VUK-300x191.jpg 300w, https:\/\/sdf.hr\/wp-content\/uploads\/2025\/01\/Gusic3_VUK-1024x652.jpg 1024w, https:\/\/sdf.hr\/wp-content\/uploads\/2025\/01\/Gusic3_VUK-768x489.jpg 768w, https:\/\/sdf.hr\/wp-content\/uploads\/2025\/01\/Gusic3_VUK-1536x978.jpg 1536w, https:\/\/sdf.hr\/wp-content\/uploads\/2025\/01\/Gusic3_VUK-2048x1304.jpg 2048w\" sizes=\"auto, (max-width: 2560px) 100vw, 2560px\" \/><figcaption id=\"caption-attachment-5759\" class=\"wp-caption-text\">Dunja Gusi\u0107 (Foto: VUK)<\/figcaption><\/figure>\n<p>Feminizam mi je do\u0161ao prirodno. Primijetila sam puno tu\u017enih i nesretnih pri\u010da, primjerice kroz rad u \u0161koli vidim kako se tretira djevoj\u010dice. Nau\u010dene su da preuzimaju mnogo vi\u0161e odgovornosti negoli njihova bra\u0107a. Upravo je udaja jedna od njihovih opsesija jer im se to name\u0107e tijekom cijelog odrastanja u tradicionalnoj sredini. U takvoj sredini im se ne nudi nijedan druga\u010diji obrazac od patrijarhalnog. S druge strane im ka\u017eem da se ne odri\u010du ni\u010deg va\u017enog \u0161to im pripada i da se bore za sebe. To je feminizam u svojoj osnovi. Toliko je potreban ovdje gdje \u017eivim. Ponekad me iznenade kada same osvijeste i prepoznaju nepravdu, to mi bude dokaz da nisam govorila uzalud i da su va\u017ene i male pobjede.<\/p>\n<p><strong>Poma\u017eete i \u017eene koje \u017eive u problemati\u010dnoj obiteljskoj i socijalnoj situaciji pri Centru za socijalnu skrb. To vam je u jednom trenutku priskrbilo i nominaciju za &#8220;Stra\u0161nu \u017eenu godine&#8221;, odnosno za Fierce Women nagradu. Kako taj va\u0161 aktivizam izgleda izbliza?<\/strong><\/p>\n<p>U tome sam ve\u0107 \u010detiri i pol godine. Radila sam s jednom obitelji \u010dija je financijska situacija doista lo\u0161a. Rije\u010d je o samohranoj majci s \u010detvero djece s te\u0161ko\u0107ama u razvoju. Njima je uz konkretnu pomo\u0107 trebao i razgovor, podr\u0161ka koju nisu imali jer naprosto \u017eive sami na vrhu brda u selu bez asfalta. Jednom tjedno sam se dru\u017eila s njima, kasnije sam im dolazila na ro\u0111endane i slave; na neki na\u010din smo se sprijateljili. Zatim sam imala i druge slu\u010dajeve, poput \u017eena \u017ertava obiteljskog nasilja kojeg su trpjele godinama zbog alkoholizma bra\u010dnog partnera ili drugih obiteljskih problema. Ostajale su u braku jer je u maloj sredini puno te\u017ee negdje pobje\u0107i, pogotovo ako se takva \u017eena prethodno u ime brata i nevjeste odrekla kata obiteljske ku\u0107e ili sli\u010dno. To je tako\u0111er ogroman problem.<\/p>\n<p><strong>Jedna ste od potpisnica apela za mir u Ukrajini. Koliko se danas va\u017eno povezivati upravo kroz mirovne inicijative? Koliko vas pla\u0161e doga\u0111anja u svijetu?<\/strong><\/p>\n<p>Na svojoj ko\u017ei sam pro\u0161la rat 1990-ih i on je, na\u017ealost, ne\u0161to s \u010dime mi ovdje svakodnevno i dalje \u017eivimo. Rat je za mene mu\u010dna pojava i te\u0161ko mi je zamisliti da netko u ovom trenutku prolazi kroz jednake strahote u Gazi i Ukrajini. Svakodnevno pri\u010damo o porukama koje moramo poslati mladima. Svi se mo\u017eemo uhvatiti upravo za antiratnu poruku<\/p>\n<p>jer ona po sebi nije kli\u0161ejizirana ve\u0107 univerzalna. Kako u \u0161kole dolaze maturantima predstavljati fakultete i izbore, jednako tako ih pozivaju i u vojsku. U takvim situacijama osjetim nelagodu. Nedavno sam gledala prilog o tome koliko imamo atomskih skloni\u0161ta i sli\u010dno i to mi je bilo traumati\u010dno jer me momentalno vratilo u skloni\u0161te u kojem sam provela rat. Zbog toga djeci uvijek \u0161aljem istu poruku: ne pri\u010dajmo o militarizaciji, pri\u010dajmo o miru.<\/p>\n<figure id=\"attachment_5761\" aria-describedby=\"caption-attachment-5761\" style=\"width: 2560px\" class=\"wp-caption alignnone\"><img loading=\"lazy\" decoding=\"async\" class=\"wp-image-5761 size-full\" src=\"https:\/\/sdf.hr\/wp-content\/uploads\/2025\/01\/Gusic4_VUK-scaled.jpg\" alt=\"\" width=\"2560\" height=\"1759\" srcset=\"https:\/\/sdf.hr\/wp-content\/uploads\/2025\/01\/Gusic4_VUK-scaled.jpg 2560w, https:\/\/sdf.hr\/wp-content\/uploads\/2025\/01\/Gusic4_VUK-300x206.jpg 300w, https:\/\/sdf.hr\/wp-content\/uploads\/2025\/01\/Gusic4_VUK-1024x703.jpg 1024w, https:\/\/sdf.hr\/wp-content\/uploads\/2025\/01\/Gusic4_VUK-768x528.jpg 768w, https:\/\/sdf.hr\/wp-content\/uploads\/2025\/01\/Gusic4_VUK-1536x1055.jpg 1536w, https:\/\/sdf.hr\/wp-content\/uploads\/2025\/01\/Gusic4_VUK-2048x1407.jpg 2048w\" sizes=\"auto, (max-width: 2560px) 100vw, 2560px\" \/><figcaption id=\"caption-attachment-5761\" class=\"wp-caption-text\">Dunja Gusi\u0107 (Foto: VUK)<\/figcaption><\/figure>\n<p><strong>Kada spominjete Gazu, podaci brojnih organizacija za za\u0161titu ljudskih prava pokazuju da je genocid u tom podru\u010dju izravno pogodio 70 posto \u017eena i djece, ali i da palestinsko pitanje ima duboke feministi\u010dke dimenzije. \u0160to biste vi rekli?<\/strong><\/p>\n<p>Mislim da bi za po\u010detak trebali osvijestiti da se genocid u Gazi i dalje opravdava potpuno besmislenim tezama, a jedna od njih je da su svi palestinski mu\u0161karci nasilni prema svojim \u017eenama i da je njihovo ubojstvo zapravo spas za &#8220;potpuno podre\u0111ene&#8221; \u017eene. Sve te ubijene \u017eene i djecu se istodobno uop\u0107e ne prikazuje kao dijelove obitelji koje su se voljele, gradile svoje \u017eivote koji su prekinuti masovnim ubojstvima, silovanjima, napadima. Kao \u017eena mogu suosje\u0107ati s tinejd\u017eericama, majkama, trudnicama koje ne mogu dobiti osnovnu medicinsku skrb, ali i stvari koje mi uzimamo zdravo za gotovo \u2013 higijenske ulo\u0161ke ili tablete protiv bolova za sebe i za svoju djecu. Va\u017eno je ne upasti u zamku koju nam pojedine strukture serviraju, uporno predstavljaju\u0107i narod Palestine kao &#8220;divlji&#8221; i &#8220;opasan&#8221;.<\/p>\n<p><strong>U Hrvatskoj je sve vi\u0161e stranih radnika. Pretpostavljamo da je tako i tu kod vas. Postoji li potreba da u\u010de jezik, pa s obzirom na to da ste profesorica hrvatskoga jezika, mo\u017eda ve\u0107 imate odre\u0111ena takva iskustva?<\/strong><\/p>\n<p>Odnedavno sam anga\u017eirana u jednoj tvornici u Benkovcu, gdje jednom tjedno predajem hrvatski jezik stranim radnicima. To je prekrasno iskustvo. Imam pedesetak u\u010denika, dok ih u toj tvornici metalnog lijeva ima vi\u0161e od stotinu. Jako su zainteresirani da nau\u010de jezik, \u0161to im je omogu\u0107io poslodavac. Prvo moje pitanje bilo je kako im je u Benkovcu. Rekli su mi da su ljudi jako ljubazni, nakon \u010dega mi je pao teret s le\u0111a. To je bio dobar start. Najvi\u0161e \u017eele nau\u010diti svakodnevne fraze: kako kupiti kruh u du\u0107anu, naru\u010diti kavu, kako da pitaju za slobodan dan ili bolovanje, ili da ka\u017eu kako ne\u010dim nisu zadovoljni.<\/p>\n<p><strong>Kada vas slu\u0161amo, name\u0107e se pitanje \u0161to bi se moralo dogoditi da napustite ovu sredinu, koja je centar va\u0161eg \u017eivota o kojoj pri\u010date s toliko kritike i topline istovremeno? Zar ne bi netko sa strane mogao re\u0107i kako je \u0161teta da svoje potencijale ne razvijate u puno potentnijim, ve\u0107im gradovima?<\/strong><\/p>\n<p>Mo\u017eda da se s Vlajternativom dogodi ne\u0161to ru\u017eno \u0161to bih shvatila osobno. Mo\u017eda tek tada. Ipak, te\u0161ko da postoji to ne\u0161to \u0161to bi me odvuklo odavde. Mo\u017eda \u0107e zvu\u010dati <em>pass\u00e9<\/em>, ali ja sam odgojena u ljubavi prema svom gradu, po\u0161tovanju drugih, pa i odre\u0111enoj tradiciji. Ono \u0161to me ipak jako pogodilo bio je gubitak prostora u kojem je na\u0161a udruga djelovala godinama. U tom prostoru gradili smo scenu i okupljali mlade ljude koji su tamo mogli \u010duti neki pank ili metal bend iz Zagreba, Zadra, \u0160ibenika i do\u017eivjeti ne\u0161to novo, formirati sebe i obogatiti svoj \u017eivot. Prostor je bio u starom Domu kulture koji je sru\u0161en i sada je europskim fondovima izgra\u0111en novi. Pro\u0161lo je ve\u0107 pet godina i stasale su generacije koje su ostale zakinute za to iskustvo. S druge strane, veseli me \u0161to sam se povezala s grupama feministkinja pa jednom mjese\u010dno <em>online<\/em> organiziramo feministi\u010dki \u010ditateljski klub. Te pojedinke dolaze iz Beograda, Ljubljane, Splita, odasvud. I to je moj prozor u svijet. Nisam se zatvorila u vlastitu avliju.<\/p>\n<p><em>razgovor vodio Dragan Grozdani\u0107<\/em><\/p>\n","protected":false},"excerpt":{"rendered":"<p>Kona\u010dno smo postali svjesni va\u017enosti toga \u0161to radimo za Benkovac i \u017eelimo da na\u0161 grad ne bude percipiran izvana kao rupa u kojoj se samo ojka. Neka i toga bude, ali ovdje postoje ljudi koji svoj gradi\u0107 smatraju urbanim mjestom<\/p>\n","protected":false},"featured_media":5756,"template":"","tags":[29,173],"atribut":[],"class_list":["post-5763","nada","type-nada","status-publish","has-post-thumbnail","hentry","tag-intervju","tag-intervju-2-hr"],"acf":[],"yoast_head":"<!-- This site is optimized with the Yoast SEO plugin v27.4 - https:\/\/yoast.com\/product\/yoast-seo-wordpress\/ -->\n<title>Dunja Gusi\u0107: Vlajternativa je pobjeda optimizma - SDF - Srpski demokratski forum<\/title>\n<meta name=\"robots\" content=\"index, follow, max-snippet:-1, max-image-preview:large, max-video-preview:-1\" \/>\n<link rel=\"canonical\" href=\"https:\/\/sdf.hr\/nada\/dunja-gusic-vlajternativa-je-pobjeda-optimizma\/\" \/>\n<meta property=\"og:locale\" content=\"hr_HR\" \/>\n<meta property=\"og:type\" content=\"article\" \/>\n<meta property=\"og:title\" content=\"Dunja Gusi\u0107: Vlajternativa je pobjeda optimizma - SDF - Srpski demokratski forum\" \/>\n<meta property=\"og:description\" content=\"Kona\u010dno smo postali svjesni va\u017enosti toga \u0161to radimo za Benkovac i \u017eelimo da na\u0161 grad ne bude percipiran izvana kao rupa u kojoj se samo ojka. Neka i toga bude, ali ovdje postoje ljudi koji svoj gradi\u0107 smatraju urbanim mjestom\" \/>\n<meta property=\"og:url\" content=\"https:\/\/sdf.hr\/nada\/dunja-gusic-vlajternativa-je-pobjeda-optimizma\/\" \/>\n<meta property=\"og:site_name\" content=\"SDF - Srpski demokratski forum\" \/>\n<meta property=\"og:image\" content=\"https:\/\/sdf.hr\/wp-content\/uploads\/2025\/01\/Gusic1_VUK-scaled.jpg\" \/>\n\t<meta property=\"og:image:width\" content=\"2560\" \/>\n\t<meta property=\"og:image:height\" content=\"1707\" \/>\n\t<meta property=\"og:image:type\" content=\"image\/jpeg\" \/>\n<meta name=\"twitter:card\" content=\"summary_large_image\" \/>\n<meta name=\"twitter:label1\" content=\"Procijenjeno vrijeme \u010ditanja\" \/>\n\t<meta name=\"twitter:data1\" content=\"13 minuta\" \/>\n<script type=\"application\/ld+json\" class=\"yoast-schema-graph\">{\"@context\":\"https:\\\/\\\/schema.org\",\"@graph\":[{\"@type\":\"WebPage\",\"@id\":\"https:\\\/\\\/sdf.hr\\\/nada\\\/dunja-gusic-vlajternativa-je-pobjeda-optimizma\\\/\",\"url\":\"https:\\\/\\\/sdf.hr\\\/nada\\\/dunja-gusic-vlajternativa-je-pobjeda-optimizma\\\/\",\"name\":\"Dunja Gusi\u0107: Vlajternativa je pobjeda optimizma - SDF - Srpski demokratski forum\",\"isPartOf\":{\"@id\":\"https:\\\/\\\/sdf.hr\\\/#website\"},\"primaryImageOfPage\":{\"@id\":\"https:\\\/\\\/sdf.hr\\\/nada\\\/dunja-gusic-vlajternativa-je-pobjeda-optimizma\\\/#primaryimage\"},\"image\":{\"@id\":\"https:\\\/\\\/sdf.hr\\\/nada\\\/dunja-gusic-vlajternativa-je-pobjeda-optimizma\\\/#primaryimage\"},\"thumbnailUrl\":\"https:\\\/\\\/sdf.hr\\\/wp-content\\\/uploads\\\/2025\\\/01\\\/Gusic1_VUK-scaled.jpg\",\"datePublished\":\"2025-01-12T07:10:44+00:00\",\"breadcrumb\":{\"@id\":\"https:\\\/\\\/sdf.hr\\\/nada\\\/dunja-gusic-vlajternativa-je-pobjeda-optimizma\\\/#breadcrumb\"},\"inLanguage\":\"hr\",\"potentialAction\":[{\"@type\":\"ReadAction\",\"target\":[\"https:\\\/\\\/sdf.hr\\\/nada\\\/dunja-gusic-vlajternativa-je-pobjeda-optimizma\\\/\"]}]},{\"@type\":\"ImageObject\",\"inLanguage\":\"hr\",\"@id\":\"https:\\\/\\\/sdf.hr\\\/nada\\\/dunja-gusic-vlajternativa-je-pobjeda-optimizma\\\/#primaryimage\",\"url\":\"https:\\\/\\\/sdf.hr\\\/wp-content\\\/uploads\\\/2025\\\/01\\\/Gusic1_VUK-scaled.jpg\",\"contentUrl\":\"https:\\\/\\\/sdf.hr\\\/wp-content\\\/uploads\\\/2025\\\/01\\\/Gusic1_VUK-scaled.jpg\",\"width\":2560,\"height\":1707,\"caption\":\"Dunja Gusi\u0107 (Foto: VUK)\"},{\"@type\":\"BreadcrumbList\",\"@id\":\"https:\\\/\\\/sdf.hr\\\/nada\\\/dunja-gusic-vlajternativa-je-pobjeda-optimizma\\\/#breadcrumb\",\"itemListElement\":[{\"@type\":\"ListItem\",\"position\":1,\"name\":\"Po\u010detna stranica\",\"item\":\"https:\\\/\\\/sdf.hr\\\/hr\\\/\"},{\"@type\":\"ListItem\",\"position\":2,\"name\":\"Nada\",\"item\":\"https:\\\/\\\/sdf.hr\\\/nada\\\/\"},{\"@type\":\"ListItem\",\"position\":3,\"name\":\"Dunja Gusi\u0107: Vlajternativa je pobjeda optimizma\"}]},{\"@type\":\"WebSite\",\"@id\":\"https:\\\/\\\/sdf.hr\\\/#website\",\"url\":\"https:\\\/\\\/sdf.hr\\\/\",\"name\":\"SDF - Srpski demokratski forum\",\"description\":\"Srpski demokratski forum\",\"publisher\":{\"@id\":\"https:\\\/\\\/sdf.hr\\\/#organization\"},\"potentialAction\":[{\"@type\":\"SearchAction\",\"target\":{\"@type\":\"EntryPoint\",\"urlTemplate\":\"https:\\\/\\\/sdf.hr\\\/?s={search_term_string}\"},\"query-input\":{\"@type\":\"PropertyValueSpecification\",\"valueRequired\":true,\"valueName\":\"search_term_string\"}}],\"inLanguage\":\"hr\"},{\"@type\":\"Organization\",\"@id\":\"https:\\\/\\\/sdf.hr\\\/#organization\",\"name\":\"SDF - Srpski demokratski forum\",\"url\":\"https:\\\/\\\/sdf.hr\\\/\",\"logo\":{\"@type\":\"ImageObject\",\"inLanguage\":\"hr\",\"@id\":\"https:\\\/\\\/sdf.hr\\\/#\\\/schema\\\/logo\\\/image\\\/\",\"url\":\"https:\\\/\\\/sdf.hr\\\/wp-content\\\/uploads\\\/2021\\\/07\\\/logo-hr.svg\",\"contentUrl\":\"https:\\\/\\\/sdf.hr\\\/wp-content\\\/uploads\\\/2021\\\/07\\\/logo-hr.svg\",\"width\":271,\"height\":100,\"caption\":\"SDF - Srpski demokratski forum\"},\"image\":{\"@id\":\"https:\\\/\\\/sdf.hr\\\/#\\\/schema\\\/logo\\\/image\\\/\"}}]}<\/script>\n<!-- \/ Yoast SEO plugin. -->","yoast_head_json":{"title":"Dunja Gusi\u0107: Vlajternativa je pobjeda optimizma - SDF - Srpski demokratski forum","robots":{"index":"index","follow":"follow","max-snippet":"max-snippet:-1","max-image-preview":"max-image-preview:large","max-video-preview":"max-video-preview:-1"},"canonical":"https:\/\/sdf.hr\/nada\/dunja-gusic-vlajternativa-je-pobjeda-optimizma\/","og_locale":"hr_HR","og_type":"article","og_title":"Dunja Gusi\u0107: Vlajternativa je pobjeda optimizma - SDF - Srpski demokratski forum","og_description":"Kona\u010dno smo postali svjesni va\u017enosti toga \u0161to radimo za Benkovac i \u017eelimo da na\u0161 grad ne bude percipiran izvana kao rupa u kojoj se samo ojka. Neka i toga bude, ali ovdje postoje ljudi koji svoj gradi\u0107 smatraju urbanim mjestom","og_url":"https:\/\/sdf.hr\/nada\/dunja-gusic-vlajternativa-je-pobjeda-optimizma\/","og_site_name":"SDF - Srpski demokratski forum","og_image":[{"width":2560,"height":1707,"url":"https:\/\/sdf.hr\/wp-content\/uploads\/2025\/01\/Gusic1_VUK-scaled.jpg","type":"image\/jpeg"}],"twitter_card":"summary_large_image","twitter_misc":{"Procijenjeno vrijeme \u010ditanja":"13 minuta"},"schema":{"@context":"https:\/\/schema.org","@graph":[{"@type":"WebPage","@id":"https:\/\/sdf.hr\/nada\/dunja-gusic-vlajternativa-je-pobjeda-optimizma\/","url":"https:\/\/sdf.hr\/nada\/dunja-gusic-vlajternativa-je-pobjeda-optimizma\/","name":"Dunja Gusi\u0107: Vlajternativa je pobjeda optimizma - SDF - Srpski demokratski forum","isPartOf":{"@id":"https:\/\/sdf.hr\/#website"},"primaryImageOfPage":{"@id":"https:\/\/sdf.hr\/nada\/dunja-gusic-vlajternativa-je-pobjeda-optimizma\/#primaryimage"},"image":{"@id":"https:\/\/sdf.hr\/nada\/dunja-gusic-vlajternativa-je-pobjeda-optimizma\/#primaryimage"},"thumbnailUrl":"https:\/\/sdf.hr\/wp-content\/uploads\/2025\/01\/Gusic1_VUK-scaled.jpg","datePublished":"2025-01-12T07:10:44+00:00","breadcrumb":{"@id":"https:\/\/sdf.hr\/nada\/dunja-gusic-vlajternativa-je-pobjeda-optimizma\/#breadcrumb"},"inLanguage":"hr","potentialAction":[{"@type":"ReadAction","target":["https:\/\/sdf.hr\/nada\/dunja-gusic-vlajternativa-je-pobjeda-optimizma\/"]}]},{"@type":"ImageObject","inLanguage":"hr","@id":"https:\/\/sdf.hr\/nada\/dunja-gusic-vlajternativa-je-pobjeda-optimizma\/#primaryimage","url":"https:\/\/sdf.hr\/wp-content\/uploads\/2025\/01\/Gusic1_VUK-scaled.jpg","contentUrl":"https:\/\/sdf.hr\/wp-content\/uploads\/2025\/01\/Gusic1_VUK-scaled.jpg","width":2560,"height":1707,"caption":"Dunja Gusi\u0107 (Foto: VUK)"},{"@type":"BreadcrumbList","@id":"https:\/\/sdf.hr\/nada\/dunja-gusic-vlajternativa-je-pobjeda-optimizma\/#breadcrumb","itemListElement":[{"@type":"ListItem","position":1,"name":"Po\u010detna stranica","item":"https:\/\/sdf.hr\/hr\/"},{"@type":"ListItem","position":2,"name":"Nada","item":"https:\/\/sdf.hr\/nada\/"},{"@type":"ListItem","position":3,"name":"Dunja Gusi\u0107: Vlajternativa je pobjeda optimizma"}]},{"@type":"WebSite","@id":"https:\/\/sdf.hr\/#website","url":"https:\/\/sdf.hr\/","name":"SDF - Srpski demokratski forum","description":"Srpski demokratski forum","publisher":{"@id":"https:\/\/sdf.hr\/#organization"},"potentialAction":[{"@type":"SearchAction","target":{"@type":"EntryPoint","urlTemplate":"https:\/\/sdf.hr\/?s={search_term_string}"},"query-input":{"@type":"PropertyValueSpecification","valueRequired":true,"valueName":"search_term_string"}}],"inLanguage":"hr"},{"@type":"Organization","@id":"https:\/\/sdf.hr\/#organization","name":"SDF - Srpski demokratski forum","url":"https:\/\/sdf.hr\/","logo":{"@type":"ImageObject","inLanguage":"hr","@id":"https:\/\/sdf.hr\/#\/schema\/logo\/image\/","url":"https:\/\/sdf.hr\/wp-content\/uploads\/2021\/07\/logo-hr.svg","contentUrl":"https:\/\/sdf.hr\/wp-content\/uploads\/2021\/07\/logo-hr.svg","width":271,"height":100,"caption":"SDF - Srpski demokratski forum"},"image":{"@id":"https:\/\/sdf.hr\/#\/schema\/logo\/image\/"}}]}},"_links":{"self":[{"href":"https:\/\/sdf.hr\/hr\/wp-json\/wp\/v2\/nada\/5763","targetHints":{"allow":["GET"]}}],"collection":[{"href":"https:\/\/sdf.hr\/hr\/wp-json\/wp\/v2\/nada"}],"about":[{"href":"https:\/\/sdf.hr\/hr\/wp-json\/wp\/v2\/types\/nada"}],"wp:featuredmedia":[{"embeddable":true,"href":"https:\/\/sdf.hr\/hr\/wp-json\/wp\/v2\/media\/5756"}],"wp:attachment":[{"href":"https:\/\/sdf.hr\/hr\/wp-json\/wp\/v2\/media?parent=5763"}],"wp:term":[{"taxonomy":"post_tag","embeddable":true,"href":"https:\/\/sdf.hr\/hr\/wp-json\/wp\/v2\/tags?post=5763"},{"taxonomy":"atribut","embeddable":true,"href":"https:\/\/sdf.hr\/hr\/wp-json\/wp\/v2\/atribut?post=5763"}],"curies":[{"name":"wp","href":"https:\/\/api.w.org\/{rel}","templated":true}]}}