{"id":5767,"date":"2025-01-14T11:35:56","date_gmt":"2025-01-14T10:35:56","guid":{"rendered":"https:\/\/sdf.hr\/nada\/crtice-iz-pustosi\/"},"modified":"2025-01-14T11:35:56","modified_gmt":"2025-01-14T10:35:56","slug":"crtice-iz-pustosi","status":"publish","type":"nada","link":"https:\/\/sdf.hr\/hr\/nada\/crtice-iz-pustosi\/","title":{"rendered":"Crtice iz pusto\u0161i"},"content":{"rendered":"<p>&#8220;Obi\u010dno ovo ne pitam ljude, ali mo\u017eete li molim vas podijeliti sa mnom \u0161to ste danas doru\u010dkovali?&#8221;, upitao je ususret novoj godini na dru\u0161tvenim mre\u017eama palestinski sportski novinar <strong>Abubaker Abed<\/strong>, kojeg smo u ovoj rubrici ve\u0107 spominjale. Ljudi su na njegov status odgovarali i opisivali svoje obroke, a Abed im je zahvalio. &#8220;Pitao sam vas to pitanje jer sam sretan \u0161to vidim da neki ljudi imaju normalan i sretan \u017eivot. To mi odvla\u010di pa\u017enju. Znam da je svuda oko mene pusto\u0161. Dakle, odu\u0161evljava me vidjeti kako bar neki ljudi u\u017eivaju u dobrom \u017eivotu. Svakome od vas \u017eelim vje\u010dnu sre\u0107u&#8221;, napisao je. Na dru\u0161tvenim mre\u017eama i u \u010dlancima mladi Abed \u010desto dijeli crtice iz svakodnevice, ne samo sportske izvje\u0161taje. Krajem lanjske godine napisao je opro\u0161tajno pismo svom omiljenom klubu iz djetinjstva, Chelseau, nakon \u0161to je taj klub objavio izjavu kojom daje podr\u0161ku izraelskom re\u017eimu.<\/p>\n<p>Abed je i ovog decembra pratio englesku Premier ligu kad i koliko je stigao, a osim \u0161to je upitao druge da mu podare bilo kakav prizor iz &#8220;normalnog&#8221; \u017eivota, nastavio je na mre\u017eama izvje\u0161tavati o genocidu u Gazi iz dana u dan. Evidentirao je kako je po najnovijim podacima izraelski re\u017eim u Gazi ubio najmanje 201 novinara i novinarku, kao i najmanje 704 sporta\u0161a, me\u0111u kojima je 94 djece. Svi su oni dio brojke od vi\u0161e od 45 tisu\u0107a palestinskih gra\u0111ana koje su ubile izraelski vojnici u Gazi od oktobra 2023. godine.<\/p>\n<p>Iako u engleskoj ligi sada favorizira Liverpool, Abed se kriti\u010dki osvr\u0107e na djelovanje poznatog egipatskog nogometa\u0161a i igra\u010da Liverpoola <strong>Mohameda Salaha<\/strong>. Salah je najpoznatiji i najomiljeniji egipatski igra\u010d u povijesti nogometa, a velike baze obo\u017eavatelja ima svugdje na Bliskom istoku. U prvim mjesecima genocida, Salah je o Gazi imao nekoliko mlakih objava na dru\u0161tvenim mre\u017eama, u kojima je me\u0111u ostalim konstatirao da su &#8220;svi \u017eivoti sveti i moraju se za\u0161tititi&#8221;, a u posljednje vrijeme o genocidu potpuno \u0161uti. &#8220;Salah ne spominje Gazu i nastavlja svoj \u017eivot kao da se ni\u0161ta ne doga\u0111a u mjestu pored njegove domovine, \u0161to je krajnje degutantno i sramotno. Mora znati da ga gotovo svi u Gazi vole. Izdajni\u010dki je \u0161to ne mari za njih. To je toliko pogre\u0161no&#8221;, pi\u0161e Abed.<\/p>\n<p>A onda se vra\u0107a na &#8220;stare&#8221; teme, opisuje kako izgledaju zimski dani u Gazi, kako Izrael ne dopu\u0161ta unos novih \u0161atora i zimske odje\u0107e u Gazu, kako neke humanitarne organizacije kradu osnovne potrep\u0161tine iz donacija da bi ih potom prodavale na crnom tr\u017ei\u0161tu po prenapuhanim cijenama, pa za najobi\u010dniju kabanicu ljudi moraju iske\u0161irati vi\u0161e od sto dolara. Zabilje\u017eio je i posljednje trenutke jo\u0161 jedne bolnice u Gazi \u2013 svi medicinski radnici i radnice, kao i dio pacijenata bolnice Kamal Aduan nedavno su privedeni, a bolnica je potpuno spaljena. Kao i mnogih prije njega, ostaje fotografija ravnatelja bolnice <strong>Husama Abu \u0160afije<\/strong> u bijelom mantilu me\u0111u ru\u0161evinama, a novinari iz Gaze koji se jo\u0161 dr\u017ee s kamerama u rukama uz nju poru\u010duju &#8220;nikad ne\u0107emo zaboraviti&#8221;.<\/p>\n<p>&#8220;Volio bih da mogu nastaviti pisati o nogometu. U svakom slu\u010daju, traju bombardiranja diljem sredi\u0161nje Gaze, i pucnjava je intenzivna. Izraelski ratni zrakoplovi stalno lete nebom&#8221;, stoji u jednom od recentnih Abedovih statusa. Godina je nova, a \u0161to se njega ti\u010de, \u017eelja je u njoj samo jedna. Da genocid, koji jo\u0161 uvijek najopakije traje, u oku javnosti ne opadne u zastaru.<\/p>\n<p><em>pi\u0161e Ivana Peri\u0107<\/em><\/p>\n","protected":false},"excerpt":{"rendered":"<p>&#8220;Volio bih da mogu nastaviti pisati o nogometu. U svakom slu\u010daju, traju bombardiranja diljem sredi\u0161nje Gaze, i pucnjava je intenzivna. Izraelski ratni zrakoplovi stalno lete nebom&#8221;, stoji u jednom od recentnih Abedovih statusa. Godina je nova, a \u0161to se njega ti\u010de, \u017eelja je u njoj samo jedna<\/p>\n","protected":false},"featured_media":5766,"template":"","tags":[40],"atribut":[],"class_list":["post-5767","nada","type-nada","status-publish","has-post-thumbnail","hentry","tag-dvokorak-naprijed"],"acf":[],"yoast_head":"<!-- This site is optimized with the Yoast SEO plugin v27.4 - https:\/\/yoast.com\/product\/yoast-seo-wordpress\/ -->\n<title>Crtice iz pusto\u0161i - SDF - Srpski demokratski forum<\/title>\n<meta name=\"robots\" content=\"index, follow, max-snippet:-1, max-image-preview:large, max-video-preview:-1\" \/>\n<link rel=\"canonical\" href=\"https:\/\/sdf.hr\/hr\/nada\/crtice-iz-pustosi\/\" \/>\n<meta property=\"og:locale\" content=\"hr_HR\" \/>\n<meta property=\"og:type\" content=\"article\" \/>\n<meta property=\"og:title\" content=\"Crtice iz pusto\u0161i - SDF - Srpski demokratski forum\" \/>\n<meta property=\"og:description\" content=\"&quot;Volio bih da mogu nastaviti pisati o nogometu. U svakom slu\u010daju, traju bombardiranja diljem sredi\u0161nje Gaze, i pucnjava je intenzivna. Izraelski ratni zrakoplovi stalno lete nebom&quot;, stoji u jednom od recentnih Abedovih statusa. Godina je nova, a \u0161to se njega ti\u010de, \u017eelja je u njoj samo jedna\" \/>\n<meta property=\"og:url\" content=\"https:\/\/sdf.hr\/hr\/nada\/crtice-iz-pustosi\/\" \/>\n<meta property=\"og:site_name\" content=\"SDF - Srpski demokratski forum\" \/>\n<meta name=\"twitter:card\" content=\"summary_large_image\" \/>\n<meta name=\"twitter:label1\" content=\"Procijenjeno vrijeme \u010ditanja\" \/>\n\t<meta name=\"twitter:data1\" content=\"3 minute\" \/>\n<script type=\"application\/ld+json\" class=\"yoast-schema-graph\">{\"@context\":\"https:\\\/\\\/schema.org\",\"@graph\":[{\"@type\":\"WebPage\",\"@id\":\"https:\\\/\\\/sdf.hr\\\/hr\\\/nada\\\/crtice-iz-pustosi\\\/\",\"url\":\"https:\\\/\\\/sdf.hr\\\/hr\\\/nada\\\/crtice-iz-pustosi\\\/\",\"name\":\"Crtice iz pusto\u0161i - SDF - Srpski demokratski forum\",\"isPartOf\":{\"@id\":\"https:\\\/\\\/sdf.hr\\\/#website\"},\"primaryImageOfPage\":{\"@id\":\"https:\\\/\\\/sdf.hr\\\/hr\\\/nada\\\/crtice-iz-pustosi\\\/#primaryimage\"},\"image\":{\"@id\":\"https:\\\/\\\/sdf.hr\\\/hr\\\/nada\\\/crtice-iz-pustosi\\\/#primaryimage\"},\"thumbnailUrl\":\"https:\\\/\\\/sdf.hr\\\/wp-content\\\/uploads\\\/2025\\\/01\\\/Abed.jpg\",\"datePublished\":\"2025-01-14T10:35:56+00:00\",\"breadcrumb\":{\"@id\":\"https:\\\/\\\/sdf.hr\\\/hr\\\/nada\\\/crtice-iz-pustosi\\\/#breadcrumb\"},\"inLanguage\":\"hr\",\"potentialAction\":[{\"@type\":\"ReadAction\",\"target\":[\"https:\\\/\\\/sdf.hr\\\/hr\\\/nada\\\/crtice-iz-pustosi\\\/\"]}]},{\"@type\":\"ImageObject\",\"inLanguage\":\"hr\",\"@id\":\"https:\\\/\\\/sdf.hr\\\/hr\\\/nada\\\/crtice-iz-pustosi\\\/#primaryimage\",\"url\":\"https:\\\/\\\/sdf.hr\\\/wp-content\\\/uploads\\\/2025\\\/01\\\/Abed.jpg\",\"contentUrl\":\"https:\\\/\\\/sdf.hr\\\/wp-content\\\/uploads\\\/2025\\\/01\\\/Abed.jpg\",\"width\":1152,\"height\":850,\"caption\":\"Abubaker Abed\"},{\"@type\":\"BreadcrumbList\",\"@id\":\"https:\\\/\\\/sdf.hr\\\/hr\\\/nada\\\/crtice-iz-pustosi\\\/#breadcrumb\",\"itemListElement\":[{\"@type\":\"ListItem\",\"position\":1,\"name\":\"Po\u010detna stranica\",\"item\":\"https:\\\/\\\/sdf.hr\\\/hr\\\/\"},{\"@type\":\"ListItem\",\"position\":2,\"name\":\"Nada\",\"item\":\"https:\\\/\\\/sdf.hr\\\/nada\\\/\"},{\"@type\":\"ListItem\",\"position\":3,\"name\":\"Crtice iz pusto\u0161i\"}]},{\"@type\":\"WebSite\",\"@id\":\"https:\\\/\\\/sdf.hr\\\/#website\",\"url\":\"https:\\\/\\\/sdf.hr\\\/\",\"name\":\"SDF - Srpski demokratski forum\",\"description\":\"Srpski demokratski forum\",\"publisher\":{\"@id\":\"https:\\\/\\\/sdf.hr\\\/#organization\"},\"potentialAction\":[{\"@type\":\"SearchAction\",\"target\":{\"@type\":\"EntryPoint\",\"urlTemplate\":\"https:\\\/\\\/sdf.hr\\\/?s={search_term_string}\"},\"query-input\":{\"@type\":\"PropertyValueSpecification\",\"valueRequired\":true,\"valueName\":\"search_term_string\"}}],\"inLanguage\":\"hr\"},{\"@type\":\"Organization\",\"@id\":\"https:\\\/\\\/sdf.hr\\\/#organization\",\"name\":\"SDF - Srpski demokratski forum\",\"url\":\"https:\\\/\\\/sdf.hr\\\/\",\"logo\":{\"@type\":\"ImageObject\",\"inLanguage\":\"hr\",\"@id\":\"https:\\\/\\\/sdf.hr\\\/#\\\/schema\\\/logo\\\/image\\\/\",\"url\":\"https:\\\/\\\/sdf.hr\\\/wp-content\\\/uploads\\\/2021\\\/07\\\/logo-hr.svg\",\"contentUrl\":\"https:\\\/\\\/sdf.hr\\\/wp-content\\\/uploads\\\/2021\\\/07\\\/logo-hr.svg\",\"width\":271,\"height\":100,\"caption\":\"SDF - Srpski demokratski forum\"},\"image\":{\"@id\":\"https:\\\/\\\/sdf.hr\\\/#\\\/schema\\\/logo\\\/image\\\/\"}}]}<\/script>\n<!-- \/ Yoast SEO plugin. -->","yoast_head_json":{"title":"Crtice iz pusto\u0161i - SDF - Srpski demokratski forum","robots":{"index":"index","follow":"follow","max-snippet":"max-snippet:-1","max-image-preview":"max-image-preview:large","max-video-preview":"max-video-preview:-1"},"canonical":"https:\/\/sdf.hr\/hr\/nada\/crtice-iz-pustosi\/","og_locale":"hr_HR","og_type":"article","og_title":"Crtice iz pusto\u0161i - SDF - Srpski demokratski forum","og_description":"\"Volio bih da mogu nastaviti pisati o nogometu. U svakom slu\u010daju, traju bombardiranja diljem sredi\u0161nje Gaze, i pucnjava je intenzivna. Izraelski ratni zrakoplovi stalno lete nebom\", stoji u jednom od recentnih Abedovih statusa. Godina je nova, a \u0161to se njega ti\u010de, \u017eelja je u njoj samo jedna","og_url":"https:\/\/sdf.hr\/hr\/nada\/crtice-iz-pustosi\/","og_site_name":"SDF - Srpski demokratski forum","twitter_card":"summary_large_image","twitter_misc":{"Procijenjeno vrijeme \u010ditanja":"3 minute"},"schema":{"@context":"https:\/\/schema.org","@graph":[{"@type":"WebPage","@id":"https:\/\/sdf.hr\/hr\/nada\/crtice-iz-pustosi\/","url":"https:\/\/sdf.hr\/hr\/nada\/crtice-iz-pustosi\/","name":"Crtice iz pusto\u0161i - SDF - Srpski demokratski forum","isPartOf":{"@id":"https:\/\/sdf.hr\/#website"},"primaryImageOfPage":{"@id":"https:\/\/sdf.hr\/hr\/nada\/crtice-iz-pustosi\/#primaryimage"},"image":{"@id":"https:\/\/sdf.hr\/hr\/nada\/crtice-iz-pustosi\/#primaryimage"},"thumbnailUrl":"https:\/\/sdf.hr\/wp-content\/uploads\/2025\/01\/Abed.jpg","datePublished":"2025-01-14T10:35:56+00:00","breadcrumb":{"@id":"https:\/\/sdf.hr\/hr\/nada\/crtice-iz-pustosi\/#breadcrumb"},"inLanguage":"hr","potentialAction":[{"@type":"ReadAction","target":["https:\/\/sdf.hr\/hr\/nada\/crtice-iz-pustosi\/"]}]},{"@type":"ImageObject","inLanguage":"hr","@id":"https:\/\/sdf.hr\/hr\/nada\/crtice-iz-pustosi\/#primaryimage","url":"https:\/\/sdf.hr\/wp-content\/uploads\/2025\/01\/Abed.jpg","contentUrl":"https:\/\/sdf.hr\/wp-content\/uploads\/2025\/01\/Abed.jpg","width":1152,"height":850,"caption":"Abubaker Abed"},{"@type":"BreadcrumbList","@id":"https:\/\/sdf.hr\/hr\/nada\/crtice-iz-pustosi\/#breadcrumb","itemListElement":[{"@type":"ListItem","position":1,"name":"Po\u010detna stranica","item":"https:\/\/sdf.hr\/hr\/"},{"@type":"ListItem","position":2,"name":"Nada","item":"https:\/\/sdf.hr\/nada\/"},{"@type":"ListItem","position":3,"name":"Crtice iz pusto\u0161i"}]},{"@type":"WebSite","@id":"https:\/\/sdf.hr\/#website","url":"https:\/\/sdf.hr\/","name":"SDF - Srpski demokratski forum","description":"Srpski demokratski forum","publisher":{"@id":"https:\/\/sdf.hr\/#organization"},"potentialAction":[{"@type":"SearchAction","target":{"@type":"EntryPoint","urlTemplate":"https:\/\/sdf.hr\/?s={search_term_string}"},"query-input":{"@type":"PropertyValueSpecification","valueRequired":true,"valueName":"search_term_string"}}],"inLanguage":"hr"},{"@type":"Organization","@id":"https:\/\/sdf.hr\/#organization","name":"SDF - Srpski demokratski forum","url":"https:\/\/sdf.hr\/","logo":{"@type":"ImageObject","inLanguage":"hr","@id":"https:\/\/sdf.hr\/#\/schema\/logo\/image\/","url":"https:\/\/sdf.hr\/wp-content\/uploads\/2021\/07\/logo-hr.svg","contentUrl":"https:\/\/sdf.hr\/wp-content\/uploads\/2021\/07\/logo-hr.svg","width":271,"height":100,"caption":"SDF - Srpski demokratski forum"},"image":{"@id":"https:\/\/sdf.hr\/#\/schema\/logo\/image\/"}}]}},"_links":{"self":[{"href":"https:\/\/sdf.hr\/hr\/wp-json\/wp\/v2\/nada\/5767","targetHints":{"allow":["GET"]}}],"collection":[{"href":"https:\/\/sdf.hr\/hr\/wp-json\/wp\/v2\/nada"}],"about":[{"href":"https:\/\/sdf.hr\/hr\/wp-json\/wp\/v2\/types\/nada"}],"wp:featuredmedia":[{"embeddable":true,"href":"https:\/\/sdf.hr\/hr\/wp-json\/wp\/v2\/media\/5766"}],"wp:attachment":[{"href":"https:\/\/sdf.hr\/hr\/wp-json\/wp\/v2\/media?parent=5767"}],"wp:term":[{"taxonomy":"post_tag","embeddable":true,"href":"https:\/\/sdf.hr\/hr\/wp-json\/wp\/v2\/tags?post=5767"},{"taxonomy":"atribut","embeddable":true,"href":"https:\/\/sdf.hr\/hr\/wp-json\/wp\/v2\/atribut?post=5767"}],"curies":[{"name":"wp","href":"https:\/\/api.w.org\/{rel}","templated":true}]}}