{"id":5777,"date":"2025-01-15T11:26:22","date_gmt":"2025-01-15T10:26:22","guid":{"rendered":"https:\/\/sdf.hr\/nada\/unu-cuva-zenska-ruka\/"},"modified":"2025-01-15T11:29:19","modified_gmt":"2025-01-15T10:29:19","slug":"unu-cuva-zenska-ruka","status":"publish","type":"nada","link":"https:\/\/sdf.hr\/hr\/nada\/unu-cuva-zenska-ruka\/","title":{"rendered":"Unu \u010duva \u017eenska ruka"},"content":{"rendered":"<p>U ruralnim krajevima Hrvatske, gdje prirodne ljepote i bogata ba\u0161tina \u010desto stoje u sjeni dru\u0161tvenih i ekolo\u0161kih izazova, djeluju \u017eene koje ne samo da brane prirodu, ve\u0107 i pokre\u0107u zajednicu. Li\u010danke <strong>Jovana Ra\u0161eta<\/strong>, <strong>Tanja Rastovi\u0107<\/strong> i <strong>Darinka Ra\u0161uo<\/strong> predvode tri srodne inicijative, svaka na svoj na\u010din oblikuju\u0107i sudbine ljudi i krajolika koji nazivaju domom. Njihove pri\u010de svjedo\u010de o snazi zajedni\u0161tva, va\u017enosti aktivizma i dubokoj ljubavi prema prirodi. A kako priroda i ljudi \u017eive u skladu, saznajte kroz njihove portrete.<\/p>\n<p>&nbsp;<\/p>\n<p><strong>Jovana Ra\u0161eta<\/strong><\/p>\n<p>Profesorica srpskog jezika i knji\u017eevnosti intenzivno \u017eivi \u017eivot posve\u0107en zajednici i prirodi. Nakon godina provedenih u Beogradu i Zagrebu, Jovana se vratila u rodni Donji Lapac, gdje kroz rad u tri \u0161kole kao nastavnica srpskog jezika i kulture po modelu C te kroz aktivizam doprinosi razvoju svog kraja. Njezin povratak u ruralni krajolik nije bio samo povratak ku\u0107i, ve\u0107 svjesna odluka da se bori za o\u010duvanje okoli\u0161a i unapre\u0111enje dru\u0161tvenog \u017eivota.<\/p>\n<p>Jedna je od pro\u0161logodi\u0161njih polaznica SDF-ove \u0161kole &#8220;Kata&#8221;, gdje se kroz edukacije i udru\u017eivanje sa ostalim \u017eenama osna\u017eila i postala pokreta\u010dica promjena u svojoj sredini. Jovana je klju\u010dna figura u Udruzi za za\u0161titu rijeke Une \u2013 Buk, organizaciji nastaloj iz potrebe da se za\u0161titi prirodna ljepota rijeke Une i \u0160trba\u010dkog buka. Tu su joj se na\u0161li <strong>Radmila Kuga<\/strong>, <strong>Mili\u0107 Martinovi\u0107<\/strong> i ostali vrijedni sumje\u0161tani koji su spremni biti na prvoj liniji fronta. Udruga je proiza\u0161la iz spontanog otpora lokalaca planovima za gradnju hidroelektrana na izvoru Une. Kroz neumornu borbu i mobilizaciju medija, uspjeli su sprije\u010diti devastaciju navedenog podru\u010dja. Me\u0111utim, novi izazov iskrsnuo je na \u0160trba\u010dkom buku, gdje pojedinac koji tvrdi da je vlasnik priobalnog pojasa godinama devastira taj prirodni dragulj.<\/p>\n<p>Ra\u0161eta je prepoznala va\u017enost zajedni\u010dkog djelovanja i uloge vo\u0111e u trenutku kada pasivnost vi\u0161e nije bila opcija. &#8220;Shvatila sam da imam dovoljno volje i \u017eelje da u\u0111em u te\u0161ku bitku&#8221;, ka\u017ee, obja\u0161njavaju\u0107i kako se okru\u017eila sjajnim timom koji joj poma\u017ee u borbi za za\u0161titu \u0160trba\u010dkog buka. Udruga se bavi klju\u010dnim pitanjima \u2013 zaustavljanjem ilegalnih radova na lokalitetu, za\u0161titom prirode kroz institucionalne mehanizme i podizanjem svijesti lokalnog stanovni\u0161tva o va\u017enosti o\u010duvanja prirodnog naslije\u0111a.<\/p>\n<p>&#8211; Mislim da su mladi ti koji su zapravo nosioci ideja o va\u017enosti o\u010duvanja prirodnih resursa. Ako pogledamo i na svjetskom nivou, mlade generacije su te koje se bave problematikama globalnog zatopljena, i generalno dr\u017ee lekciju starijoj populaciji o va\u017enosti o\u010duvanja na\u0161eg planeta. Kao \u0161to je moj kolega iz udruge Mi\u0107o Martinovi\u0107 rekao na samoj tribini, mi u Donjem Lapcu imamo problem neprepoznavanja onog \u0161to imamo \u2013 govori Jovana te dodaje da uklju\u010divanjem udruge kroz dru\u0161tvene mre\u017ee poku\u0161avaju doprijeti do mla\u0111eg stanovni\u0161tva.<\/p>\n<figure id=\"attachment_5771\" aria-describedby=\"caption-attachment-5771\" style=\"width: 978px\" class=\"wp-caption alignnone\"><img loading=\"lazy\" decoding=\"async\" class=\"wp-image-5771 size-full\" src=\"https:\/\/sdf.hr\/wp-content\/uploads\/2025\/01\/Jovana-Raseta.jpeg\" alt=\"\" width=\"978\" height=\"922\" srcset=\"https:\/\/sdf.hr\/wp-content\/uploads\/2025\/01\/Jovana-Raseta.jpeg 978w, https:\/\/sdf.hr\/wp-content\/uploads\/2025\/01\/Jovana-Raseta-300x283.jpeg 300w, https:\/\/sdf.hr\/wp-content\/uploads\/2025\/01\/Jovana-Raseta-768x724.jpeg 768w\" sizes=\"auto, (max-width: 978px) 100vw, 978px\" \/><figcaption id=\"caption-attachment-5771\" class=\"wp-caption-text\">Jovana Ra\u0161eta<\/figcaption><\/figure>\n<p>Trenutno, glavni problem na \u0160trba\u010dkom buku uklju\u010duje radove poput bu\u0161enja stijena, betoniranja i potkopavanja stare Unske pruge radi izgradnje vidikovca. Materijal se baca u rijeku, uni\u0161tavaju\u0107i sedrene tvorevine, a flora i fauna ugro\u017eene su sadnjom alohtonih biljaka koje potiskuju autohtone vrste. Voda se niz \u0160trba\u010dki buk obru\u0161ava niz nekoliko slapova i vodopada grade\u0107i jedinstvene sedrene tvorevine koje su trenutno ugro\u017eene. U Uni je posebno interesantan \u017eivi svijet koji i sam pridonosi stvaranju sedrenih tvorevina. Mahovine \u2013 briofite su svojom gra\u0111om pogodne za zadr\u017eavanje istalo\u017eenog kalcij karbonata, \u010dine\u0107i tako neizostavnu kariku u procesu stvaranja i rasta sedrenih tvorevina. Ti problemi dodatno su potaknuli Jovaninu odlu\u010dnost da se glas Une \u010duje i da njezina ljepota bude sa\u010duvana za budu\u0107e generacije.<\/p>\n<p>Iako mlada, udruga je u kratkom vremenu privukla pa\u017enju javnosti. U samo dva mjeseca postojanja organizirali su tribinu na kojoj su predstavili svoj rad, probleme koje rje\u0161avaju i ciljeve koje \u017eele ostvariti. Odaziv lokalnog stanovni\u0161tva bio je ohrabruju\u0107i \u2013 novi \u010dlanovi pridru\u017eili su se udruzi, a podr\u0161ka zajednice raste.<\/p>\n<p>&#8211; Mladi su nosioci ideja o va\u017enosti o\u010duvanja prirode \u2013 isti\u010de Jovana, dodaju\u0107i da planiraju radionice za mlade koje \u0107e ih educirati o vrijednosti lokalne prirode.<\/p>\n<p>Njezina vizija budu\u0107nosti \u0160trba\u010dkog buka temelji se na zajedni\u010dkoj odluci naroda i institucija.<\/p>\n<p>&#8211; Da bismo dobili Unu, Buk i Plje\u0161evicu za\u0161ti\u0107enu, u ovu borbu mora se uklju\u010diti masa ljudi, ali i institucije moraju reagirati \u2013 govori.<\/p>\n<p>Cilj joj je da Una ostane netaknuta ljepota koja \u0107e biti dostupna svima \u2013 bez ilegalnih naplata, straha od uru\u0161avanja infrastrukture i devastacije prirode. Ova borba nije samo borba za prirodu, ve\u0107 i za identitet i budu\u0107nost Donjeg Lapca. Kroz svoj rad kao profesorica i aktivistkinja Jovana Ra\u0161eta inspirira druge da ne budu pasivni promatra\u010di, ve\u0107 aktivni sudionici u kreiranju bolje budu\u0107nosti. Una je, kako ka\u017ee, &#8220;solo una&#8221; \u2013 jedinstvena, i kao takvu, ona \u0107e je braniti svim snagama.<\/p>\n<p>&nbsp;<\/p>\n<p><strong>Tanja Rastovi\u0107<\/strong><\/p>\n<p>Predsjednica Udruge Una Tanja Rastovi\u0107 ve\u0107 dva desetlje\u0107a neumorno radi na za\u0161titi prirode i pobolj\u0161anju \u017eivota u ruralnim krajevima. Udruga Una, osnovana 2003. u mjestu Srb, simbol je otpora i entuzijazma. Nastala je kao odgovor na ratne posljedice koje su zahvatile to podru\u010dje \u2013 izolaciju, zapu\u0161tenost i nedostatak prilika. Zahvaljuju\u0107i naporima \u010dlanova, udruga je tijekom godina provodila brojne projekte koji su promicali prirodne ljepote, brinuli o ranjivim skupinama i radili na ja\u010danju lokalne zajednice. Danas Tanja i njezin tim djeluju na podru\u010dju Srba, najzapadnijem dijelu Zadarske \u017eupanije.<\/p>\n<p>&#8211; Jedan od osnovnih ciljeva udruge je promoviranje prirodnih ljepota, briga i za\u0161tita prirode te pobolj\u0161anje kvalitete \u017eivota na na\u0161em podru\u010dju. Stanovni\u0161tvo je ovdje ve\u0107inom starije, domicilno ve\u0107inom srpsko te mali postotak doseljenih iz BIH. Ljudi ve\u0107inom \u017eive od poljoprivrede i sto\u010darstva \u2013 govori Tanja te dodaje kako Udruga Una povezuje ljude, prirodu i ideje, ali i da je kroz svoje projekte postala va\u017ean oslonac zajednici.<\/p>\n<p>&#8211; Nakon godina usmjerenih na socijalne projekte, poput brige o djeci i starijima, udruga planira obnoviti svoj fokus na ekologiju i za\u0161titu prirode. Cilj je prijaviti se na natje\u010daje koji podr\u017eavaju te teme, kao i potaknuti odr\u017eivi turizam. \u017delimo vratiti pozornost na promociju na\u0161ih prirodnih ljepota i raditi na projektima koji mogu dugoro\u010dno unaprijediti na\u0161e krajeve \u2013 ka\u017ee Tanja.<\/p>\n<figure id=\"attachment_5773\" aria-describedby=\"caption-attachment-5773\" style=\"width: 2560px\" class=\"wp-caption alignnone\"><img loading=\"lazy\" decoding=\"async\" class=\"wp-image-5773 size-full\" src=\"https:\/\/sdf.hr\/wp-content\/uploads\/2025\/01\/Tanja-Rastovic-scaled.jpg\" alt=\"\" width=\"2560\" height=\"1689\" srcset=\"https:\/\/sdf.hr\/wp-content\/uploads\/2025\/01\/Tanja-Rastovic-scaled.jpg 2560w, https:\/\/sdf.hr\/wp-content\/uploads\/2025\/01\/Tanja-Rastovic-300x198.jpg 300w, https:\/\/sdf.hr\/wp-content\/uploads\/2025\/01\/Tanja-Rastovic-1024x676.jpg 1024w, https:\/\/sdf.hr\/wp-content\/uploads\/2025\/01\/Tanja-Rastovic-768x507.jpg 768w, https:\/\/sdf.hr\/wp-content\/uploads\/2025\/01\/Tanja-Rastovic-1536x1013.jpg 1536w, https:\/\/sdf.hr\/wp-content\/uploads\/2025\/01\/Tanja-Rastovic-2048x1351.jpg 2048w\" sizes=\"auto, (max-width: 2560px) 100vw, 2560px\" \/><figcaption id=\"caption-attachment-5773\" class=\"wp-caption-text\">Tanja Rastovi\u0107 (Foto: Marko Prpi\u0107\/ PIXSELL)<\/figcaption><\/figure>\n<p>Udruga Una ima iskustvo u prekograni\u010dnim projektima sa BiH, ali su dana\u0161nji fondovi i uvjeti zahtjevniji. Kako bi nastavili graditi povezanost sa BiH, planiraju prona\u0107i pouzdane partnere. U suradnji s udrugom \u017denska Grupa Donji Lapac, Una je razvijala projekte koji se bave osna\u017eivanjem \u017eena i pobolj\u0161anjem njihovog polo\u017eaja u zajednici. Svaki projekat, kako navodi Tanja, utjecao je na \u017eene, \u010dine\u0107i ih ja\u010dima i spremnijima za suo\u010davanje s izazovima. Prema njenim rije\u010dima najve\u0107i izazov danas je motivacija mladih za sudjelovanje u civilnom sektoru.<\/p>\n<p>&#8211; Sve je te\u017ee privu\u0107i mlade ljude da se uklju\u010de u rad udruge, ali sam svjesna kako je potrebno razvijati aktivnosti koje \u0107e mladima biti zanimljive i korisne. Ova na\u0161a priroda je jedina koju imamo, ne smijemo je uni\u0161titi. Posebno vodu jer ona \u0107e biti velik problem \u2013 govori Tanja.<\/p>\n<p>U narednom periodu \u0107e se fokusirati na programe obrazovanja, ekologije i volontiranja. Naravno, sa ciljem pribli\u017eavanja va\u017enosti zajedni\u010dkog djelovanja i o\u010duvanja prirode, ali i stvaranja boljih uvjeta za \u017eivot budu\u0107ih generacija u ruralnim krajevima.<\/p>\n<p>&nbsp;<\/p>\n<p><strong>Darinka Ra\u0161uo<\/strong><\/p>\n<p>&#8220;Moj Srb&#8221; nije samo platforma \u2013 to je pokret zajednice, simbol otpora i strastveni apel za o\u010duvanje prirodnih ljepota Like. U srcu ove inicijative nalazi se rijeka Una, biser prirode koji spaja generacije i podsje\u0107a na neprocjenjivu vrijednost zajedni\u010dkog naslije\u0111a.<\/p>\n<p>Ta platforma, kako navode mje\u0161tani, okuplja ljude iz razli\u010ditih krajeva, prevazilazi razlike u nacionalnosti, vjeri i politi\u010dkim uvjerenjima kako bi se borila za ono \u0161to je stvarno va\u017eno \u2013 za\u0161titu prirodnih resursa. Inspiracija za &#8220;Moj Srb&#8221; dolazi od Darinke Ra\u0161uo, aktivistkinje iz Srba. Ona je postala prepoznatljivo ime u borbi za o\u010duvanje prirodnih resursa, posebice rijeke Une.<\/p>\n<p>Kada su projekti izgradnje mini hidroelektrana zaprijetili naru\u0161avanju prirodnog toka Une, Darinka i njezini saborci nisu ostali pasivni. Organizirali su kampanje, proteste i okupljanja, osiguravaju\u0107i da se glas zajednice \u010duje. Zahvaljuju\u0107i inicijativi &#8220;Moj Srb,&#8221; ta je borba prerasla lokalne okvire i postala inspiracija za sli\u010dne inicijative \u0161irom regiona.<\/p>\n<p>Protesti protiv hidroelektrana privukli su stotine ljudi, od lokalnih stanovnika do aktivista iz Hrvatske, BiH, pa \u010dak i \u0161ire. Zajedni\u010dki cilj bio je da Una ostane slobodna i netaknuta. Platforma je pokazala snagu zajedni\u0161tva \u2013 lokalna zajednica postala je pokreta\u010d promjena, ujedinjena u odlu\u010dnosti.<\/p>\n<p>Pored borbe za rijeku, nakon intenzivnog rada na brojnim inicijativama i planovima, gra\u0111anska platforma &#8220;Moj Srb&#8221; prerasla je u udrugu Moja Una. Ovaj korak omogu\u0107it \u0107e im lak\u0161e iniciranje i sprovo\u0111enje aktivnosti kroz pravni entitet, \u0161to je klju\u010dan iskorak za daljnji rad organizacije. Na \u010delo udruge Moja Una postavljena je Darinka Ra\u0161uo kao predsjednica, dok su potpredsjednici <strong>Rade Dubaji\u0107<\/strong> i <strong>Zoran Torbica<\/strong>.<\/p>\n<figure id=\"attachment_5775\" aria-describedby=\"caption-attachment-5775\" style=\"width: 1440px\" class=\"wp-caption alignnone\"><img loading=\"lazy\" decoding=\"async\" class=\"wp-image-5775 size-full\" src=\"https:\/\/sdf.hr\/wp-content\/uploads\/2025\/01\/Darinka.jpg\" alt=\"\" width=\"1440\" height=\"1616\" srcset=\"https:\/\/sdf.hr\/wp-content\/uploads\/2025\/01\/Darinka.jpg 1440w, https:\/\/sdf.hr\/wp-content\/uploads\/2025\/01\/Darinka-267x300.jpg 267w, https:\/\/sdf.hr\/wp-content\/uploads\/2025\/01\/Darinka-912x1024.jpg 912w, https:\/\/sdf.hr\/wp-content\/uploads\/2025\/01\/Darinka-768x862.jpg 768w, https:\/\/sdf.hr\/wp-content\/uploads\/2025\/01\/Darinka-1369x1536.jpg 1369w\" sizes=\"auto, (max-width: 1440px) 100vw, 1440px\" \/><figcaption id=\"caption-attachment-5775\" class=\"wp-caption-text\">Darinka Ra\u0161uo<\/figcaption><\/figure>\n<p>Rad na razli\u010ditim projektima i inicijativama ve\u0107 je zapo\u010det, a narednih dana objavit \u0107emo detalje o svim planiranim aktivnostima, istaknuto je iz udruge. Dodaju da \u0107e Moja Una biti otvorena za prijem novih \u010dlanova, fizi\u010dkih i pravnih lica. Poseban fokus bi\u0107e na saradnji sa drugim organizacijama, posebno sa udrugom Una, u svim oblastima gdje je to mogu\u0107e. O\u010dekivanja su velika, a uklju\u010divanje \u0161ire zajednice klju\u010dno je za ostvarenje ciljeva koji su pred njima. Kroz budu\u0107e radionice, predavanja i online kampanje, inicijative \u0107e nastaviti \u0161iriti svijest o va\u017enosti o\u010duvanja prirodnog naslije\u0111a za budu\u0107e generacije.<\/p>\n<p>Iako se suo\u010davaju sa brojnim izazovima, aktivizam pokazuje kako lokalni glasovi mogu imati globalni odjek. A borba za Unu nije zavr\u0161ena; ona traje kroz svakodnevni rad na o\u010duvanju prirodnih ljepota i zajedni\u0161tva.<\/p>\n<p>&#8211; Danas navedene platforme i udruge stoje kao svjetionik nade za sve koji vjeruju da je priroda vrijedna borbe. Rijeka Una te\u010de slobodno, a pri\u010da o njenoj za\u0161titi postala je inspiracija za sve one koji se suo\u010davaju sa sli\u010dnim izazovima. Postavlja se temelj za svijet u kojem priroda i \u010dovjek mogu koegzistirati u harmoniji \u2013 govori nam Darinka.<\/p>\n<p>Od ljeta 2025. nas o\u010dekuju i Dani Une, ali, kako ka\u017eu, i intenzivno razvijanje turizma te samog mjesta. Mje\u0161tanka Srba sa novom godinom nastavlja biti aktivna u za\u0161titi okoli\u0161a. Kroz njen rad postavljen je temelj za svijet u kojem priroda i zajednica mogu zajedno napredovati. Uz pomo\u0107 interneta i kampanja, Srb i \u0160trba\u010dki buk \u010duva \u017eenska ruka.<\/p>\n<p><em>pi\u0161e Jelena Miri\u0107<\/em><\/p>\n","protected":false},"excerpt":{"rendered":"<p>Li\u010danke Jovana Ra\u0161eta, Tanja Rastovi\u0107 i Darinka Ra\u0161uo predvode tri srodne inicijative. &#8220;Na\u0161e udruge stoje kao svjetionik nade za sve koji vjeruju da je priroda vrijedna borbe. Rijeka Una te\u010de slobodno, a pri\u010da o njenoj za\u0161titi postala je inspiracija za druge&#8221;, ka\u017ee nam Darinka<\/p>\n","protected":false},"featured_media":5779,"template":"","tags":[136],"atribut":[],"class_list":["post-5777","nada","type-nada","status-publish","has-post-thumbnail","hentry","tag-portret"],"acf":[],"yoast_head":"<!-- This site is optimized with the Yoast SEO plugin v27.4 - https:\/\/yoast.com\/product\/yoast-seo-wordpress\/ -->\n<title>Unu \u010duva \u017eenska ruka - SDF - Srpski demokratski forum<\/title>\n<meta name=\"robots\" content=\"index, follow, max-snippet:-1, max-image-preview:large, max-video-preview:-1\" \/>\n<link rel=\"canonical\" href=\"https:\/\/sdf.hr\/hr\/nada\/unu-cuva-zenska-ruka\/\" \/>\n<meta property=\"og:locale\" content=\"hr_HR\" \/>\n<meta property=\"og:type\" content=\"article\" \/>\n<meta property=\"og:title\" content=\"Unu \u010duva \u017eenska ruka - SDF - Srpski demokratski forum\" \/>\n<meta property=\"og:description\" content=\"Li\u010danke Jovana Ra\u0161eta, Tanja Rastovi\u0107 i Darinka Ra\u0161uo predvode tri srodne inicijative. &quot;Na\u0161e udruge stoje kao svjetionik nade za sve koji vjeruju da je priroda vrijedna borbe. Rijeka Una te\u010de slobodno, a pri\u010da o njenoj za\u0161titi postala je inspiracija za druge&quot;, ka\u017ee nam Darinka\" \/>\n<meta property=\"og:url\" content=\"https:\/\/sdf.hr\/hr\/nada\/unu-cuva-zenska-ruka\/\" \/>\n<meta property=\"og:site_name\" content=\"SDF - Srpski demokratski forum\" \/>\n<meta property=\"article:modified_time\" content=\"2025-01-15T10:29:19+00:00\" \/>\n<meta property=\"og:image\" content=\"https:\/\/sdf.hr\/wp-content\/uploads\/2025\/01\/Prosvjed-Una-1-scaled.jpg\" \/>\n\t<meta property=\"og:image:width\" content=\"2560\" \/>\n\t<meta property=\"og:image:height\" content=\"1707\" \/>\n\t<meta property=\"og:image:type\" content=\"image\/jpeg\" \/>\n<meta name=\"twitter:card\" content=\"summary_large_image\" \/>\n<meta name=\"twitter:label1\" content=\"Procijenjeno vrijeme \u010ditanja\" \/>\n\t<meta name=\"twitter:data1\" content=\"9 minuta\" \/>\n<script type=\"application\/ld+json\" class=\"yoast-schema-graph\">{\"@context\":\"https:\\\/\\\/schema.org\",\"@graph\":[{\"@type\":\"WebPage\",\"@id\":\"https:\\\/\\\/sdf.hr\\\/hr\\\/nada\\\/unu-cuva-zenska-ruka\\\/\",\"url\":\"https:\\\/\\\/sdf.hr\\\/hr\\\/nada\\\/unu-cuva-zenska-ruka\\\/\",\"name\":\"Unu \u010duva \u017eenska ruka - SDF - Srpski demokratski forum\",\"isPartOf\":{\"@id\":\"https:\\\/\\\/sdf.hr\\\/#website\"},\"primaryImageOfPage\":{\"@id\":\"https:\\\/\\\/sdf.hr\\\/hr\\\/nada\\\/unu-cuva-zenska-ruka\\\/#primaryimage\"},\"image\":{\"@id\":\"https:\\\/\\\/sdf.hr\\\/hr\\\/nada\\\/unu-cuva-zenska-ruka\\\/#primaryimage\"},\"thumbnailUrl\":\"https:\\\/\\\/sdf.hr\\\/wp-content\\\/uploads\\\/2025\\\/01\\\/Prosvjed-Una-1-scaled.jpg\",\"datePublished\":\"2025-01-15T10:26:22+00:00\",\"dateModified\":\"2025-01-15T10:29:19+00:00\",\"breadcrumb\":{\"@id\":\"https:\\\/\\\/sdf.hr\\\/hr\\\/nada\\\/unu-cuva-zenska-ruka\\\/#breadcrumb\"},\"inLanguage\":\"hr\",\"potentialAction\":[{\"@type\":\"ReadAction\",\"target\":[\"https:\\\/\\\/sdf.hr\\\/hr\\\/nada\\\/unu-cuva-zenska-ruka\\\/\"]}]},{\"@type\":\"ImageObject\",\"inLanguage\":\"hr\",\"@id\":\"https:\\\/\\\/sdf.hr\\\/hr\\\/nada\\\/unu-cuva-zenska-ruka\\\/#primaryimage\",\"url\":\"https:\\\/\\\/sdf.hr\\\/wp-content\\\/uploads\\\/2025\\\/01\\\/Prosvjed-Una-1-scaled.jpg\",\"contentUrl\":\"https:\\\/\\\/sdf.hr\\\/wp-content\\\/uploads\\\/2025\\\/01\\\/Prosvjed-Una-1-scaled.jpg\",\"width\":2560,\"height\":1707,\"caption\":\"Prosvjed protiv devastacije Une (Foto: \u0160ime Zeli\u0107\\\/PIXSELL)\"},{\"@type\":\"BreadcrumbList\",\"@id\":\"https:\\\/\\\/sdf.hr\\\/hr\\\/nada\\\/unu-cuva-zenska-ruka\\\/#breadcrumb\",\"itemListElement\":[{\"@type\":\"ListItem\",\"position\":1,\"name\":\"Po\u010detna stranica\",\"item\":\"https:\\\/\\\/sdf.hr\\\/hr\\\/\"},{\"@type\":\"ListItem\",\"position\":2,\"name\":\"Nada\",\"item\":\"https:\\\/\\\/sdf.hr\\\/nada\\\/\"},{\"@type\":\"ListItem\",\"position\":3,\"name\":\"Unu \u010duva \u017eenska ruka\"}]},{\"@type\":\"WebSite\",\"@id\":\"https:\\\/\\\/sdf.hr\\\/#website\",\"url\":\"https:\\\/\\\/sdf.hr\\\/\",\"name\":\"SDF - Srpski demokratski forum\",\"description\":\"Srpski demokratski forum\",\"publisher\":{\"@id\":\"https:\\\/\\\/sdf.hr\\\/#organization\"},\"potentialAction\":[{\"@type\":\"SearchAction\",\"target\":{\"@type\":\"EntryPoint\",\"urlTemplate\":\"https:\\\/\\\/sdf.hr\\\/?s={search_term_string}\"},\"query-input\":{\"@type\":\"PropertyValueSpecification\",\"valueRequired\":true,\"valueName\":\"search_term_string\"}}],\"inLanguage\":\"hr\"},{\"@type\":\"Organization\",\"@id\":\"https:\\\/\\\/sdf.hr\\\/#organization\",\"name\":\"SDF - Srpski demokratski forum\",\"url\":\"https:\\\/\\\/sdf.hr\\\/\",\"logo\":{\"@type\":\"ImageObject\",\"inLanguage\":\"hr\",\"@id\":\"https:\\\/\\\/sdf.hr\\\/#\\\/schema\\\/logo\\\/image\\\/\",\"url\":\"https:\\\/\\\/sdf.hr\\\/wp-content\\\/uploads\\\/2021\\\/07\\\/logo-hr.svg\",\"contentUrl\":\"https:\\\/\\\/sdf.hr\\\/wp-content\\\/uploads\\\/2021\\\/07\\\/logo-hr.svg\",\"width\":271,\"height\":100,\"caption\":\"SDF - Srpski demokratski forum\"},\"image\":{\"@id\":\"https:\\\/\\\/sdf.hr\\\/#\\\/schema\\\/logo\\\/image\\\/\"}}]}<\/script>\n<!-- \/ Yoast SEO plugin. -->","yoast_head_json":{"title":"Unu \u010duva \u017eenska ruka - SDF - Srpski demokratski forum","robots":{"index":"index","follow":"follow","max-snippet":"max-snippet:-1","max-image-preview":"max-image-preview:large","max-video-preview":"max-video-preview:-1"},"canonical":"https:\/\/sdf.hr\/hr\/nada\/unu-cuva-zenska-ruka\/","og_locale":"hr_HR","og_type":"article","og_title":"Unu \u010duva \u017eenska ruka - SDF - Srpski demokratski forum","og_description":"Li\u010danke Jovana Ra\u0161eta, Tanja Rastovi\u0107 i Darinka Ra\u0161uo predvode tri srodne inicijative. \"Na\u0161e udruge stoje kao svjetionik nade za sve koji vjeruju da je priroda vrijedna borbe. Rijeka Una te\u010de slobodno, a pri\u010da o njenoj za\u0161titi postala je inspiracija za druge\", ka\u017ee nam Darinka","og_url":"https:\/\/sdf.hr\/hr\/nada\/unu-cuva-zenska-ruka\/","og_site_name":"SDF - Srpski demokratski forum","article_modified_time":"2025-01-15T10:29:19+00:00","og_image":[{"width":2560,"height":1707,"url":"https:\/\/sdf.hr\/wp-content\/uploads\/2025\/01\/Prosvjed-Una-1-scaled.jpg","type":"image\/jpeg"}],"twitter_card":"summary_large_image","twitter_misc":{"Procijenjeno vrijeme \u010ditanja":"9 minuta"},"schema":{"@context":"https:\/\/schema.org","@graph":[{"@type":"WebPage","@id":"https:\/\/sdf.hr\/hr\/nada\/unu-cuva-zenska-ruka\/","url":"https:\/\/sdf.hr\/hr\/nada\/unu-cuva-zenska-ruka\/","name":"Unu \u010duva \u017eenska ruka - SDF - Srpski demokratski forum","isPartOf":{"@id":"https:\/\/sdf.hr\/#website"},"primaryImageOfPage":{"@id":"https:\/\/sdf.hr\/hr\/nada\/unu-cuva-zenska-ruka\/#primaryimage"},"image":{"@id":"https:\/\/sdf.hr\/hr\/nada\/unu-cuva-zenska-ruka\/#primaryimage"},"thumbnailUrl":"https:\/\/sdf.hr\/wp-content\/uploads\/2025\/01\/Prosvjed-Una-1-scaled.jpg","datePublished":"2025-01-15T10:26:22+00:00","dateModified":"2025-01-15T10:29:19+00:00","breadcrumb":{"@id":"https:\/\/sdf.hr\/hr\/nada\/unu-cuva-zenska-ruka\/#breadcrumb"},"inLanguage":"hr","potentialAction":[{"@type":"ReadAction","target":["https:\/\/sdf.hr\/hr\/nada\/unu-cuva-zenska-ruka\/"]}]},{"@type":"ImageObject","inLanguage":"hr","@id":"https:\/\/sdf.hr\/hr\/nada\/unu-cuva-zenska-ruka\/#primaryimage","url":"https:\/\/sdf.hr\/wp-content\/uploads\/2025\/01\/Prosvjed-Una-1-scaled.jpg","contentUrl":"https:\/\/sdf.hr\/wp-content\/uploads\/2025\/01\/Prosvjed-Una-1-scaled.jpg","width":2560,"height":1707,"caption":"Prosvjed protiv devastacije Une (Foto: \u0160ime Zeli\u0107\/PIXSELL)"},{"@type":"BreadcrumbList","@id":"https:\/\/sdf.hr\/hr\/nada\/unu-cuva-zenska-ruka\/#breadcrumb","itemListElement":[{"@type":"ListItem","position":1,"name":"Po\u010detna stranica","item":"https:\/\/sdf.hr\/hr\/"},{"@type":"ListItem","position":2,"name":"Nada","item":"https:\/\/sdf.hr\/nada\/"},{"@type":"ListItem","position":3,"name":"Unu \u010duva \u017eenska ruka"}]},{"@type":"WebSite","@id":"https:\/\/sdf.hr\/#website","url":"https:\/\/sdf.hr\/","name":"SDF - Srpski demokratski forum","description":"Srpski demokratski forum","publisher":{"@id":"https:\/\/sdf.hr\/#organization"},"potentialAction":[{"@type":"SearchAction","target":{"@type":"EntryPoint","urlTemplate":"https:\/\/sdf.hr\/?s={search_term_string}"},"query-input":{"@type":"PropertyValueSpecification","valueRequired":true,"valueName":"search_term_string"}}],"inLanguage":"hr"},{"@type":"Organization","@id":"https:\/\/sdf.hr\/#organization","name":"SDF - Srpski demokratski forum","url":"https:\/\/sdf.hr\/","logo":{"@type":"ImageObject","inLanguage":"hr","@id":"https:\/\/sdf.hr\/#\/schema\/logo\/image\/","url":"https:\/\/sdf.hr\/wp-content\/uploads\/2021\/07\/logo-hr.svg","contentUrl":"https:\/\/sdf.hr\/wp-content\/uploads\/2021\/07\/logo-hr.svg","width":271,"height":100,"caption":"SDF - Srpski demokratski forum"},"image":{"@id":"https:\/\/sdf.hr\/#\/schema\/logo\/image\/"}}]}},"_links":{"self":[{"href":"https:\/\/sdf.hr\/hr\/wp-json\/wp\/v2\/nada\/5777","targetHints":{"allow":["GET"]}}],"collection":[{"href":"https:\/\/sdf.hr\/hr\/wp-json\/wp\/v2\/nada"}],"about":[{"href":"https:\/\/sdf.hr\/hr\/wp-json\/wp\/v2\/types\/nada"}],"wp:featuredmedia":[{"embeddable":true,"href":"https:\/\/sdf.hr\/hr\/wp-json\/wp\/v2\/media\/5779"}],"wp:attachment":[{"href":"https:\/\/sdf.hr\/hr\/wp-json\/wp\/v2\/media?parent=5777"}],"wp:term":[{"taxonomy":"post_tag","embeddable":true,"href":"https:\/\/sdf.hr\/hr\/wp-json\/wp\/v2\/tags?post=5777"},{"taxonomy":"atribut","embeddable":true,"href":"https:\/\/sdf.hr\/hr\/wp-json\/wp\/v2\/atribut?post=5777"}],"curies":[{"name":"wp","href":"https:\/\/api.w.org\/{rel}","templated":true}]}}