{"id":5796,"date":"2025-01-24T12:09:55","date_gmt":"2025-01-24T11:09:55","guid":{"rendered":"https:\/\/sdf.hr\/nada\/43-dan\/"},"modified":"2025-01-24T12:10:37","modified_gmt":"2025-01-24T11:10:37","slug":"43-dan","status":"publish","type":"nada","link":"https:\/\/sdf.hr\/hr\/nada\/43-dan\/","title":{"rendered":"43. dan"},"content":{"rendered":"<p>Prije otprilike godinu dana napisala sam svoju prvu kolumnu za Nadu. Naslovila sam je &#8220;Strahu unato\u010d&#8221; i pisala sam o <strong>Lani Basta\u0161i\u0107<\/strong>, ratu u Palestini, ideji da se ostane glasnim i u najgorim od najgorih vremena. Pisala o sam o strahu koji nas i u relativno normalnim uvjetima sve u\u0161utka. Nisam se ni okrenula, i ta godina je iza mene ostavila \u010ditavu jednu razorenu zemlju. Nije moja osobna borbica da ne\u0161to ka\u017eem mjerljiva s onim \u0161to se doga\u0111alo na rubu na\u0161eg Mediterana, niti je neki sveop\u0107i ljudski doseg. Nije mjerljiva ni s onim \u0161to \u0107e do\u0107i nakon, nadam se, najavljenog kraja rata, i to privremenim primirjem od 42 dana startaju\u0107i 19. sije\u010dnja 2025.\u00a0 A do\u0107i \u0107e sva\u0161ta, kako i za vrijeme svakog primirja do\u0111e, kad se stavi pove\u0107alo iznad sravnjene zemlje.<\/p>\n<p>Zemlju obi\u010dno ne gradi onaj koji je ru\u0161io, to ostaje ljudima \u010dije \u0107e glave iza\u0107i iz skloni\u0161ta, \u0161atora, privremenih nastambi, improviziranih rupa u zemlji iz kojih \u0107e osvanuti u pusto\u0161 kao da su nanovo ro\u0111eni, ali ovaj put sa spoznajom da su iza\u0161li u svijet koji im je iznio sve teze o svojoj manjkavosti. I \u0161to onda s tim? I nakon kraja rata u pravilu nema mira, nego bak\u0107anje s ostacima rata.<\/p>\n<p>Slijede godine svega \u0161to smo dosad vidjeli: raseljeni \u0107e se probati vratiti, neki \u0107e uspjeti, neki ne\u0107e, nekima \u0107e povratak do\u0107i glave, neke \u0107e nemogu\u0107nost da se vrate dokusuriti. Ostat \u0107e i zemlja posijana kilometrima mina i raznih drugih neeksplodiranih ubojnih sredstava. Ostat \u0107e siroma\u0161tvo, ostat \u0107e poku\u0161aji da se ishodi neka pravda, kakva takva, ostat \u0107e ideja da se radi na pomirenju, ali vidjela sam ve\u0107 te usijane glave koje zlo uzbu\u0111uje, nakon \u0161to, kao i po sve nas, smrt do\u0111e i po njih, zlo koje ostave iza sebe stalno nekako tinja. Kao u \u017eanru svih odgledanih hororaca, kad ubije\u0161 najve\u0107e \u010dudovi\u0161te i odahne\u0161, ono malo i sipe\u0107e negdje u nekom zakutku promakne ti i \u010dini se nebitnim. Dobije\u0161 se, po\u017eivi\u0161 neke godine, i sve krene ispo\u010detka.<\/p>\n<p>Rat nekako uvijek poka\u017ee svoje zube i kad se mir ve\u0107 dobrano rasprostrani i sve se &#8220;vrati u normalu&#8221;. Mir \u0107e raditi kako mir i ina\u010de radi \u2013 kroz sito i re\u0161eto. Onaj koji kroz njih pro\u0111e, tek je taj pre\u017eivio.<\/p>\n<p>Te\u0161ko mi je danas, za svojim pisa\u0107im stolom, biti puna osje\u0107aja nade i vjere u bolju budu\u0107nost. Dok nakucavam ova slova, \u010ditam istovremeno o najavljenom primirju i od njegove najave, u najmanje 24 sata, doznam za 81 ubijenu osobu, od toga 21 dijete i 25 \u017eena, i 188 ranjenih u izraelskim zra\u010dnim napadima. \u010citam da je izraelska vojska poja\u010dala napade od objave o dogovoru o primirju. \u010citam i mislim se: \u0111e \u0107e vam du\u0161a? \u010citam i ne mogu se sravniti s vijestima i obe\u0107anjima. U gr\u010du sam, jer mi je gr\u010d poznat i siguran teritorij, kao \u0161to je poznat svakome tko je u nekom trenutku svog \u017eivota iskusio ne\u0161to dovoljno lo\u0161e da se prive\u017ee iznutra i ne osje\u0107a dok najgore ne pro\u0111e. \u010cekam ustvari, kao i mnogi od nas, ne prvi dan primirja od najavljena 42 dana, nego \u010detrdeset i tre\u0107i dan. Onda i \u010detrdeset i \u010detvrti, \u010detrdeset i peti, dok se sve ne pretvori u dva mjeseca, tri, pet, godinu dana, tri godine, pet godina, deset\u2026 Dok se sve ne preto\u010di u stvarnost dovoljno podno\u0161ljivu da je svaka ljudska sudbina mo\u017ee izdr\u017eati. Dotad, treba pisati, govoriti, obazrivo ispunjavati svoju du\u017enost.<\/p>\n<p>***<\/p>\n<p>Kad me vijesti sataru, onda \u010ditam ne\u0161to drugo, ili <em>dumskrolam<\/em> do besvijesti, kao da tra\u017eim dokaz o onome \u0161to znam jer sam &#8220;ho\u0107u Internet&#8221; generacija &#8211; da je virtualni svijet ba\u010dva bez dna. U toj ba\u010dvi, negdje izme\u0111u svih efemerija dana, nai\u0111em i na neke kolege i pjesnike koji puno bolje od mene mogu artikulirati stvari, pogotovo kad me strefi gore spomenuti gr\u010d. Nije mi u naravi biti lo\u0161e naravi, niti lo\u0161eg raspolo\u017eenja, pa \u0107u kolumnu zavr\u0161iti ve\u0107 po njezinoj sredini. S jednom pjesmom i jednim dijelom intervjua <strong>Mosada Abu Tohe<\/strong> za <em>The Creative Independent<\/em>, palestinskog pjesnika koji je uspio iza\u0107i iz okupirane Palestine, i koji otad neumorno pi\u0161e pjesme. Za\u0161to i kako:<\/p>\n<p>&#8220;Mislim da je poezija jedna od najuspje\u0161nijih knji\u017eevnih vrsta kroz koju netko mo\u017ee opisati u\u017ease rata. Ne mogu zamisliti slikara kako slika ne\u0161to o ratu ovih dana. Ne mogu zamisliti da netko pi\u0161e roman o ratu ovih dana. Ali kad je u pitanju poezija, jer poezija svjedo\u010di o iskustvu i osje\u0107ajima, brzi smo. Mislim, za napisati pjesmu treba mi pet ili deset minuta jer je ona tu. Treba joj tek olovka ili mo\u017eda stol za po\u010deti i pisati.<\/p>\n<p>Mislim da je poezija jedan od alata koji su izronili iz ru\u0161evina bombardiranog grada. Izrael ne ubija samo ku\u0107e ili susjedstva, ubijaju grad kao takav. Jer kad pogledate Gazu, ne izgleda kao grad. Izgleda poput groblja, zapravo. Poezija je tu najdirektniji na\u010din suo\u010davanja s u\u017easima rata i opsadom. (\u2026)<\/p>\n<p>I ti i ja smo dio ovoga svijeta. Nisu samo palestinski umjetnici oni koji bi trebali dokumentirati u\u017eas koji se doga\u0111a u Gazi, nego svi. Ne samo umjetnici, nego svi, svi iz vanjskoga svijeta koji svjedo\u010de ovome. Bilo da gledaju vijesti, fotografije, videa koja dolaze s bombardiranih mjesta. Svatko bi trebao promisliti o onome \u0161to vidi. Jer ne samo da boli mene koji sam Palestinac, nego su i svi koji gledaju tako\u0111er u boli. I tu dolazimo do njihova dijela. Svi iz vanjskoga svijeta trebaju biti dio ovoga trenutka. Jer ovaj napad nije samo napad protiv palestinskog naroda, to je napad na ljude koji palestinske \u017eivote smatraju vrijednima. (\u2026)<\/p>\n<p>Nada je u \u010dinjenici da smo tu i da se oko nas doga\u0111aju stvari koje \u017eele da rastemo. Kad vidim tisu\u0107e, stotine tisu\u0107a i milijuna ljudi koji izlaze na ulice i tra\u017ee prestanak rata, u tome vidim nadu. Jer to su mla\u0111e generacije koje \u0107e, nadam se, voditi svijet za 10, 15 ili 20 godina.<\/p>\n<p>Ljudi koji izlaze na ulice i koji na njima kampiraju daju mi nadu jer gledaju povijesti ravno u o\u010di. Ne \u010ditaju o onome \u0161to je pro\u0161lo. Ne, oni svjedo\u010de sada\u0161njosti. Tako da mi nadu daje ta generacija. I nadu mi daje \u010dinjenica da Palestinci vole \u017eivot. Mogu govoriti o svome ocu koji je posadio neke biljke u na\u0161em bombardiranom vrtu, pa jede balancanu, papriku, kupus. Mislim, sadimo nadu uz ru\u0161evine na\u0161ih bombardiranih ku\u0107a. Palestinci nastavljaju sa sadnjom. I to je meni nada. Nastavljaju sadnju nade uz bombardirane zgrade. To je meni nada.&#8221;<\/p>\n<p>Moj sin baca prekriva\u010d preko moje k\u0107eri<\/p>\n<p>No\u0107u, kod ku\u0107e, sjedimo na podu,<\/p>\n<p>blizu jedan drugome i<\/p>\n<p>daleko od prozora i crvenih<\/p>\n<p>svjetala bombi. Na\u0161a le\u0111a udaraju o zidove<\/p>\n<p>kad god se ku\u0107a zatrese.<\/p>\n<p>Buljimo jedni drugima u lica,<\/p>\n<p>prepla\u0161eni a sretni jer imamo sre\u0107e,<\/p>\n<p>jer su nam \u017eivoti ovoga puta po\u0161te\u0111eni.<\/p>\n<p>Zidovi se bude iz nepostojana sna.<\/p>\n<p>Mu\u0161ice se roje oko jedine upaljene plafonjere<\/p>\n<p>zbog topline u hladnoj no\u0107i,<\/p>\n<p>hladnoj osim kad projektil udari<\/p>\n<p>i zagrije ku\u0107e i ceste i stabla,<\/p>\n<p>i spali susjednu \u010detvrt.<\/p>\n<p>Svaki put kad \u010dujemo bombu<\/p>\n<p>da pada s F-16 ili F-35,<\/p>\n<p>na\u0161i su \u017eivoti u panici. Smrznuti<\/p>\n<p>negdje izme\u0111u, zbunjeni<\/p>\n<p>kamo da se otisnu:<\/p>\n<p>prema groblju, bolnici<\/p>\n<p>ili u no\u0107nu moru.<\/p>\n<p>Na\u0161i \u017eivoti dr\u017ee svoje treskave ruke<\/p>\n<p>na svojim ru\u010dnim satovima,<\/p>\n<p>prstiju spremnih da izvade baterije<\/p>\n<p>ako i kad bude potrebno.<\/p>\n<p>Moja \u010detverogodi\u0161nja k\u0107er Yaffa,<\/p>\n<p>u svojoj roza haljini, \u010duje bombu<\/p>\n<p>koja eksplodira. Di\u0161e duboko,<\/p>\n<p>prekriva usta volanima s<\/p>\n<p>haljine.<\/p>\n<p>Yazzan, njezin petipolgodi\u0161nji brat,<\/p>\n<p>grabi prekriva\u010d ugrijan njegovim snenim tijelom.<\/p>\n<p>Njime prekriva svoju sestru.<\/p>\n<p>Sad se mo\u017ee\u0161 sakriti, uvjerava je.<\/p>\n<p>Moja \u017eena Maram i ja, mi se molimo<\/p>\n<p>da \u0107e magi\u010dni prekriva\u010d skriti sve ku\u0107e<\/p>\n<p>od bombi i povesti nas na sigurno.<\/p>\n<p><em>pi\u0161e Marija Andrija\u0161evi\u0107<\/em><\/p>\n","protected":false},"excerpt":{"rendered":"<p>Rat nekako uvijek poka\u017ee svoje zube i kad se mir ve\u0107 dobrano rasprostrani i sve se &#8220;vrati u normalu&#8221;. Mir \u0107e raditi kako mir i ina\u010de radi \u2013 kroz sito i re\u0161eto. Onaj koji kroz njih pro\u0111e, tek je taj pre\u017eivio<\/p>\n","protected":false},"featured_media":5682,"template":"","tags":[177],"atribut":[],"class_list":["post-5796","nada","type-nada","status-publish","has-post-thumbnail","hentry","tag-vrzino-kolo-hr"],"acf":[],"yoast_head":"<!-- This site is optimized with the Yoast SEO plugin v27.4 - https:\/\/yoast.com\/product\/yoast-seo-wordpress\/ -->\n<title>43. dan - SDF - Srpski demokratski forum<\/title>\n<meta name=\"robots\" content=\"index, follow, max-snippet:-1, max-image-preview:large, max-video-preview:-1\" \/>\n<link rel=\"canonical\" href=\"https:\/\/sdf.hr\/hr\/nada\/43-dan\/\" \/>\n<meta property=\"og:locale\" content=\"hr_HR\" \/>\n<meta property=\"og:type\" content=\"article\" \/>\n<meta property=\"og:title\" content=\"43. dan - SDF - Srpski demokratski forum\" \/>\n<meta property=\"og:description\" content=\"Rat nekako uvijek poka\u017ee svoje zube i kad se mir ve\u0107 dobrano rasprostrani i sve se &quot;vrati u normalu&quot;. Mir \u0107e raditi kako mir i ina\u010de radi \u2013 kroz sito i re\u0161eto. Onaj koji kroz njih pro\u0111e, tek je taj pre\u017eivio\" \/>\n<meta property=\"og:url\" content=\"https:\/\/sdf.hr\/hr\/nada\/43-dan\/\" \/>\n<meta property=\"og:site_name\" content=\"SDF - Srpski demokratski forum\" \/>\n<meta property=\"article:modified_time\" content=\"2025-01-24T11:10:37+00:00\" \/>\n<meta property=\"og:image\" content=\"https:\/\/sdf.hr\/wp-content\/uploads\/2024\/12\/Andrijasevic_Duska-Boban-scaled.jpg\" \/>\n\t<meta property=\"og:image:width\" content=\"2560\" \/>\n\t<meta property=\"og:image:height\" content=\"1685\" \/>\n\t<meta property=\"og:image:type\" content=\"image\/jpeg\" \/>\n<meta name=\"twitter:card\" content=\"summary_large_image\" \/>\n<meta name=\"twitter:label1\" content=\"Procijenjeno vrijeme \u010ditanja\" \/>\n\t<meta name=\"twitter:data1\" content=\"7 minuta\" \/>\n<script type=\"application\/ld+json\" class=\"yoast-schema-graph\">{\"@context\":\"https:\\\/\\\/schema.org\",\"@graph\":[{\"@type\":\"WebPage\",\"@id\":\"https:\\\/\\\/sdf.hr\\\/hr\\\/nada\\\/43-dan\\\/\",\"url\":\"https:\\\/\\\/sdf.hr\\\/hr\\\/nada\\\/43-dan\\\/\",\"name\":\"43. dan - SDF - Srpski demokratski forum\",\"isPartOf\":{\"@id\":\"https:\\\/\\\/sdf.hr\\\/#website\"},\"primaryImageOfPage\":{\"@id\":\"https:\\\/\\\/sdf.hr\\\/hr\\\/nada\\\/43-dan\\\/#primaryimage\"},\"image\":{\"@id\":\"https:\\\/\\\/sdf.hr\\\/hr\\\/nada\\\/43-dan\\\/#primaryimage\"},\"thumbnailUrl\":\"https:\\\/\\\/sdf.hr\\\/wp-content\\\/uploads\\\/2024\\\/12\\\/Andrijasevic_Duska-Boban-scaled.jpg\",\"datePublished\":\"2025-01-24T11:09:55+00:00\",\"dateModified\":\"2025-01-24T11:10:37+00:00\",\"breadcrumb\":{\"@id\":\"https:\\\/\\\/sdf.hr\\\/hr\\\/nada\\\/43-dan\\\/#breadcrumb\"},\"inLanguage\":\"hr\",\"potentialAction\":[{\"@type\":\"ReadAction\",\"target\":[\"https:\\\/\\\/sdf.hr\\\/hr\\\/nada\\\/43-dan\\\/\"]}]},{\"@type\":\"ImageObject\",\"inLanguage\":\"hr\",\"@id\":\"https:\\\/\\\/sdf.hr\\\/hr\\\/nada\\\/43-dan\\\/#primaryimage\",\"url\":\"https:\\\/\\\/sdf.hr\\\/wp-content\\\/uploads\\\/2024\\\/12\\\/Andrijasevic_Duska-Boban-scaled.jpg\",\"contentUrl\":\"https:\\\/\\\/sdf.hr\\\/wp-content\\\/uploads\\\/2024\\\/12\\\/Andrijasevic_Duska-Boban-scaled.jpg\",\"width\":2560,\"height\":1685,\"caption\":\"Marija Andrija\u0161evi\u0107 (Foto: Du\u0161ka Boban)\"},{\"@type\":\"BreadcrumbList\",\"@id\":\"https:\\\/\\\/sdf.hr\\\/hr\\\/nada\\\/43-dan\\\/#breadcrumb\",\"itemListElement\":[{\"@type\":\"ListItem\",\"position\":1,\"name\":\"Po\u010detna stranica\",\"item\":\"https:\\\/\\\/sdf.hr\\\/hr\\\/\"},{\"@type\":\"ListItem\",\"position\":2,\"name\":\"Nada\",\"item\":\"https:\\\/\\\/sdf.hr\\\/nada\\\/\"},{\"@type\":\"ListItem\",\"position\":3,\"name\":\"43. dan\"}]},{\"@type\":\"WebSite\",\"@id\":\"https:\\\/\\\/sdf.hr\\\/#website\",\"url\":\"https:\\\/\\\/sdf.hr\\\/\",\"name\":\"SDF - Srpski demokratski forum\",\"description\":\"Srpski demokratski forum\",\"publisher\":{\"@id\":\"https:\\\/\\\/sdf.hr\\\/#organization\"},\"potentialAction\":[{\"@type\":\"SearchAction\",\"target\":{\"@type\":\"EntryPoint\",\"urlTemplate\":\"https:\\\/\\\/sdf.hr\\\/?s={search_term_string}\"},\"query-input\":{\"@type\":\"PropertyValueSpecification\",\"valueRequired\":true,\"valueName\":\"search_term_string\"}}],\"inLanguage\":\"hr\"},{\"@type\":\"Organization\",\"@id\":\"https:\\\/\\\/sdf.hr\\\/#organization\",\"name\":\"SDF - Srpski demokratski forum\",\"url\":\"https:\\\/\\\/sdf.hr\\\/\",\"logo\":{\"@type\":\"ImageObject\",\"inLanguage\":\"hr\",\"@id\":\"https:\\\/\\\/sdf.hr\\\/#\\\/schema\\\/logo\\\/image\\\/\",\"url\":\"https:\\\/\\\/sdf.hr\\\/wp-content\\\/uploads\\\/2021\\\/07\\\/logo-hr.svg\",\"contentUrl\":\"https:\\\/\\\/sdf.hr\\\/wp-content\\\/uploads\\\/2021\\\/07\\\/logo-hr.svg\",\"width\":271,\"height\":100,\"caption\":\"SDF - Srpski demokratski forum\"},\"image\":{\"@id\":\"https:\\\/\\\/sdf.hr\\\/#\\\/schema\\\/logo\\\/image\\\/\"}}]}<\/script>\n<!-- \/ Yoast SEO plugin. -->","yoast_head_json":{"title":"43. dan - SDF - Srpski demokratski forum","robots":{"index":"index","follow":"follow","max-snippet":"max-snippet:-1","max-image-preview":"max-image-preview:large","max-video-preview":"max-video-preview:-1"},"canonical":"https:\/\/sdf.hr\/hr\/nada\/43-dan\/","og_locale":"hr_HR","og_type":"article","og_title":"43. dan - SDF - Srpski demokratski forum","og_description":"Rat nekako uvijek poka\u017ee svoje zube i kad se mir ve\u0107 dobrano rasprostrani i sve se \"vrati u normalu\". Mir \u0107e raditi kako mir i ina\u010de radi \u2013 kroz sito i re\u0161eto. Onaj koji kroz njih pro\u0111e, tek je taj pre\u017eivio","og_url":"https:\/\/sdf.hr\/hr\/nada\/43-dan\/","og_site_name":"SDF - Srpski demokratski forum","article_modified_time":"2025-01-24T11:10:37+00:00","og_image":[{"width":2560,"height":1685,"url":"https:\/\/sdf.hr\/wp-content\/uploads\/2024\/12\/Andrijasevic_Duska-Boban-scaled.jpg","type":"image\/jpeg"}],"twitter_card":"summary_large_image","twitter_misc":{"Procijenjeno vrijeme \u010ditanja":"7 minuta"},"schema":{"@context":"https:\/\/schema.org","@graph":[{"@type":"WebPage","@id":"https:\/\/sdf.hr\/hr\/nada\/43-dan\/","url":"https:\/\/sdf.hr\/hr\/nada\/43-dan\/","name":"43. dan - SDF - Srpski demokratski forum","isPartOf":{"@id":"https:\/\/sdf.hr\/#website"},"primaryImageOfPage":{"@id":"https:\/\/sdf.hr\/hr\/nada\/43-dan\/#primaryimage"},"image":{"@id":"https:\/\/sdf.hr\/hr\/nada\/43-dan\/#primaryimage"},"thumbnailUrl":"https:\/\/sdf.hr\/wp-content\/uploads\/2024\/12\/Andrijasevic_Duska-Boban-scaled.jpg","datePublished":"2025-01-24T11:09:55+00:00","dateModified":"2025-01-24T11:10:37+00:00","breadcrumb":{"@id":"https:\/\/sdf.hr\/hr\/nada\/43-dan\/#breadcrumb"},"inLanguage":"hr","potentialAction":[{"@type":"ReadAction","target":["https:\/\/sdf.hr\/hr\/nada\/43-dan\/"]}]},{"@type":"ImageObject","inLanguage":"hr","@id":"https:\/\/sdf.hr\/hr\/nada\/43-dan\/#primaryimage","url":"https:\/\/sdf.hr\/wp-content\/uploads\/2024\/12\/Andrijasevic_Duska-Boban-scaled.jpg","contentUrl":"https:\/\/sdf.hr\/wp-content\/uploads\/2024\/12\/Andrijasevic_Duska-Boban-scaled.jpg","width":2560,"height":1685,"caption":"Marija Andrija\u0161evi\u0107 (Foto: Du\u0161ka Boban)"},{"@type":"BreadcrumbList","@id":"https:\/\/sdf.hr\/hr\/nada\/43-dan\/#breadcrumb","itemListElement":[{"@type":"ListItem","position":1,"name":"Po\u010detna stranica","item":"https:\/\/sdf.hr\/hr\/"},{"@type":"ListItem","position":2,"name":"Nada","item":"https:\/\/sdf.hr\/nada\/"},{"@type":"ListItem","position":3,"name":"43. dan"}]},{"@type":"WebSite","@id":"https:\/\/sdf.hr\/#website","url":"https:\/\/sdf.hr\/","name":"SDF - Srpski demokratski forum","description":"Srpski demokratski forum","publisher":{"@id":"https:\/\/sdf.hr\/#organization"},"potentialAction":[{"@type":"SearchAction","target":{"@type":"EntryPoint","urlTemplate":"https:\/\/sdf.hr\/?s={search_term_string}"},"query-input":{"@type":"PropertyValueSpecification","valueRequired":true,"valueName":"search_term_string"}}],"inLanguage":"hr"},{"@type":"Organization","@id":"https:\/\/sdf.hr\/#organization","name":"SDF - Srpski demokratski forum","url":"https:\/\/sdf.hr\/","logo":{"@type":"ImageObject","inLanguage":"hr","@id":"https:\/\/sdf.hr\/#\/schema\/logo\/image\/","url":"https:\/\/sdf.hr\/wp-content\/uploads\/2021\/07\/logo-hr.svg","contentUrl":"https:\/\/sdf.hr\/wp-content\/uploads\/2021\/07\/logo-hr.svg","width":271,"height":100,"caption":"SDF - Srpski demokratski forum"},"image":{"@id":"https:\/\/sdf.hr\/#\/schema\/logo\/image\/"}}]}},"_links":{"self":[{"href":"https:\/\/sdf.hr\/hr\/wp-json\/wp\/v2\/nada\/5796","targetHints":{"allow":["GET"]}}],"collection":[{"href":"https:\/\/sdf.hr\/hr\/wp-json\/wp\/v2\/nada"}],"about":[{"href":"https:\/\/sdf.hr\/hr\/wp-json\/wp\/v2\/types\/nada"}],"wp:featuredmedia":[{"embeddable":true,"href":"https:\/\/sdf.hr\/hr\/wp-json\/wp\/v2\/media\/5682"}],"wp:attachment":[{"href":"https:\/\/sdf.hr\/hr\/wp-json\/wp\/v2\/media?parent=5796"}],"wp:term":[{"taxonomy":"post_tag","embeddable":true,"href":"https:\/\/sdf.hr\/hr\/wp-json\/wp\/v2\/tags?post=5796"},{"taxonomy":"atribut","embeddable":true,"href":"https:\/\/sdf.hr\/hr\/wp-json\/wp\/v2\/atribut?post=5796"}],"curies":[{"name":"wp","href":"https:\/\/api.w.org\/{rel}","templated":true}]}}