{"id":5806,"date":"2025-01-26T09:02:04","date_gmt":"2025-01-26T08:02:04","guid":{"rendered":"https:\/\/sdf.hr\/nada\/sara-kekus-odbijamo-sutjeti-o-genocidu\/"},"modified":"2025-05-11T11:37:45","modified_gmt":"2025-05-11T09:37:45","slug":"sara-kekus-odbijamo-sutjeti-o-genocidu","status":"publish","type":"nada","link":"https:\/\/sdf.hr\/hr\/nada\/sara-kekus-odbijamo-sutjeti-o-genocidu\/","title":{"rendered":"Sara Keku\u0161: Odbijamo \u0161utjeti o genocidu"},"content":{"rendered":"<p>U Zagrebu \u017eive najmanje dvije Sare Keku\u0161, \u0161to je mla\u0111oj donijelo administrativnu zbrku na Fakultetu politi\u010dkih znanosti jer su obje na njemu studirale. Da ne bi bilo zabune, donosimo nekoliko biografskih crtica o na\u0161oj, starijoj Sari.<\/p>\n<p><strong>Sara Keku\u0161<\/strong> ro\u0111ena je 1990. u Zagrebu, ali nagla\u0161ava da nije prava Zagrep\u010danka jer su joj roditelji iz Siska i u glavnom su gradu ostali nakon studija. Diplomirala je politologiju, a radi kao programska voditeljica Centra za mirovne studije. Primarno podru\u010dje interesa su joj migracije i kr\u0161enje ljudskih prava u kontekstu pu\u0161bekova. Sa Sarom dijelim troznamenkasti broj prijatelja na dru\u0161tvenim mre\u017eama, ali se do ovog intervjua nikada nismo upoznale. To nas nije sprije\u010dilo da dva sata dijelimo frustracije i male pobjede na temu izbjeglica i migracija, \u017eenskog reproduktivnog zdravlja i prepunih kafi\u0107a subotom ujutro.<\/p>\n<p><strong>Ne poznajem puno ljudi koji su izjavili da su se obranom ljudskih prava htjeli baviti odmalena. Koja su iskustva formirala malu Saru da postane osjetljiva na, da banaliziramo, tu\u0111u nesre\u0107u?<\/strong><\/p>\n<p>Tatina kolegica, koja mi je bila kao baka, \u010duvala me u rupi izme\u0111u povratka iz vrti\u0107a i dolaska roditelja s posla. Kao dijete, uz sestrinu je pomo\u0107 pre\u017eivjela Staru Gradi\u0161ku, dok njeni roditelji na\u017ealost Jasenovac nisu. Naravno, kao mala nisam znala \u0161to je sve do\u017eivjela, ali kasnije sam saznala i to me obilje\u017eilo. Sje\u0107am se da sam je pozvala na nastup u srednjoj \u0161koli, pjevala sam u Zagreba\u010dkom kazali\u0161tu lutaka. To je bilo prvo mjesto gdje je dovedena nakon \u0161to je spa\u0161ena iz logora. Bila je me\u0111u djecom koju je <strong>Diana Budisavljevi\u0107<\/strong> spasila iz usta\u0161kih logora.<\/p>\n<p>Osim \u0161to mi je njena sudbina odredila temeljne vrijednosti koje su do dandanas iste, u dvadesetima mi je razbu\u0111uju\u0107e iskustvo bilo poha\u0111anje Mirovnih studija. Bila sam na tre\u0107oj godini fakulteta i u tom sam \u017eivotnom razdoblju bila malo zatvorenija i stisnuta. Odjednom sam se na\u0161la me\u0111u razli\u010ditim ljudima, ljudima koji ponekad razmi\u0161ljaju suprotno od mene, ali s kojima razgovaram i otvaram se. Pomislila sam \u2013 htjela bih raditi u Centru za mirovne studije, ali mislila sam da je to nedosti\u017eno.<\/p>\n<p><strong>Nedosti\u017eno je uskoro postalo itekako dosti\u017eno. Kako je izgledao va\u0161 put kroz Centar za mirovne studije (CMS)?<\/strong><\/p>\n<p>Nakon zavr\u0161etka Mirovnih, godinu dana sam studirala u Francuskoj, a kada sam se vratila u Zagreb, po\u010dela sam volontirati u CMS-u. Pomagala sam u pripremi kolegija na Mirovnim studijima. Nakon toga, 2015. godine, po\u010dela sam volontirati u prihvatili\u0161tu Porin, dr\u017eala sam satove hrvatskog jezika i razli\u010dite radionice tra\u017eiteljima azila. Ujesen te godine krenula je takozvana balkanska ruta i tada sam prvi puta radila na terenu, a od prosinca sam postala i terenska koordinatorica inicijative za podr\u0161ku izbjeglicama &#8220;Dobrodo\u0161li&#8221;. U zadnjih devet godina pro\u0161la sam ba\u0161 razne nivoe rada u CMS-u.<\/p>\n<figure id=\"attachment_5800\" aria-describedby=\"caption-attachment-5800\" style=\"width: 2560px\" class=\"wp-caption alignnone\"><img loading=\"lazy\" decoding=\"async\" class=\"wp-image-5800 size-full\" src=\"https:\/\/sdf.hr\/wp-content\/uploads\/2025\/01\/Kekus2_Davor-Konjikusic-scaled.jpg\" alt=\"\" width=\"2560\" height=\"1707\" srcset=\"https:\/\/sdf.hr\/wp-content\/uploads\/2025\/01\/Kekus2_Davor-Konjikusic-scaled.jpg 2560w, https:\/\/sdf.hr\/wp-content\/uploads\/2025\/01\/Kekus2_Davor-Konjikusic-300x200.jpg 300w, https:\/\/sdf.hr\/wp-content\/uploads\/2025\/01\/Kekus2_Davor-Konjikusic-1024x683.jpg 1024w, https:\/\/sdf.hr\/wp-content\/uploads\/2025\/01\/Kekus2_Davor-Konjikusic-768x512.jpg 768w, https:\/\/sdf.hr\/wp-content\/uploads\/2025\/01\/Kekus2_Davor-Konjikusic-1536x1024.jpg 1536w, https:\/\/sdf.hr\/wp-content\/uploads\/2025\/01\/Kekus2_Davor-Konjikusic-2048x1365.jpg 2048w\" sizes=\"auto, (max-width: 2560px) 100vw, 2560px\" \/><figcaption id=\"caption-attachment-5800\" class=\"wp-caption-text\">Sara Keku\u0161 (Foto: Davor Konjiku\u0161i\u0107)<\/figcaption><\/figure>\n<p><strong>Od otvaranja balkanske rute do danas je pro\u0161lo deset godina. Javni diskurs o izbjeglicama i migrantima potpuno se promijenio. Analiza je hiljadu, ali mo\u017eemo li skratiti i re\u0107i tko je najve\u0107i krivac za trenutnu situaciju?<\/strong><\/p>\n<p>Rije\u010d je o puno \u0161irem problemu od Hrvatske, hrvatskih politi\u010dara i senzacionalisti\u010dkog medijskog izvje\u0161tavanja. Kada bih morala ukratko re\u0107i tko je najodgovorniji, rekla bih da odgovornost prvenstveno vidim na razini Europske unije koja otpu\u0161ta vrijednost po vrijednost i gubi iz fokusa mirovne temelje na kojima je nastala. Tako su izbjeglice u javnosti postale migranti, migranti su uskoro postali &#8220;ilegalni migranti&#8221;. Prvo, rije\u010d migrant nije pogrdna i treba je koristiti, brojni gra\u0111ani Hrvatske koji \u017eive vani su migranti. A ono \u0161to treba stalno ponavljati je da \u010dovjek ne mo\u017ee biti ilegalan, samo njegovi postupci. Re\u0107i da je netko ilegalan migrant je i pravno nekorektno i potpuno dehumaniziraju\u0107e. Tako\u0111er, zanimljivo je kako hrvatski politi\u010dari vole pu\u0161bekove prevoditi kao &#8220;odvra\u0107anja&#8221;, a zapravo se radi o nezakonitim vra\u0107anjima ljudi, u na\u0161em slu\u010daju u BiH i Srbiju.<\/p>\n<p><strong>Kada rijetki mediji odlu\u010de napisati ne\u0161to pozitivno o migrantima ili stranim radnicima u Hrvatskoj, uglavnom je rije\u010d o u\u0161e\u0107erenim pri\u010dama ljudi koji izjavljuju da u\u017eivaju u na\u0161oj domovini. Ima li sredine?<\/strong><\/p>\n<p>U stvarnosti ima, u medijima ba\u0161 i ne. Ako se o migrantima ne govori kao o prijetnji koja nije utemeljena na \u010dinjenicama, onda se ili prikazuju sretne pri\u010de bez ikakvog kriti\u010dkog tona ili ih se viktimizira. Naj\u010de\u0161\u0107e nema prikaza ljudi u svom njihovom \u0161arenilu, ne pri\u010da se o \u017eivotu u kojem su imali dobra i lo\u0161a iskustava, dobre i lo\u0161e postupke.<\/p>\n<p><strong>CMS je krajem 2024. objavio rezultate istra\u017eivanja o stavovima gra\u0111ana i gra\u0111anki prema strancima u Hrvatskoj. Istra\u017eivanje pokazuje da je u odnosu na 2013. i 2017. porastao udio gra\u0111ana koji useljavanje stranaca do\u017eivljavaju kao prijetnju (njih 46 posto). Tako\u0111er, tre\u0107ina je izjavila da im nije ugodno kada ih vozi taksist stranog podrijetla. Nekome tko se ne bavi ovom temom, podaci su zastra\u0161uju\u0107i, a vama su, pretpostavljam, o\u010dekivani?<\/strong><\/p>\n<p>Na\u017ealost jesu. Ve\u0107 godinu-dvije \u017eivimo u superizbornim godinama i imam dojam da smo cijelo vrijeme izlo\u017eeni isklju\u010divo PR ma\u0161inerijama, a ne vijestima iz kojih bi gra\u0111ani mogli saznati bitne i na koncu to\u010dne informacije. Desnica u Europi, svijetu, pa tako i Hrvatskoj aktivno prikazuje migracije kao prijetnju pa ne \u010dudi da se mejnstrim pomakao udesno. Ljudima treba krivac za lo\u0161 \u017eivot. Osim \u0161to \u0161iri pri\u010de da uzimaju na\u0161e poslove, ekstremna desnica \u010desto &#8220;\u0161titi na\u0161e \u017eene&#8221; od stranih radnika i migranata. Ista ona desnica koja bi nam zabranila reproduktivna prava i koja zatvara o\u010di pred rodno uvjetovanim nasiljem. Ljudi \u010desto zaboravljaju da danas na\u0161 lagodan svakodnevni \u017eivot ovisi upravo o stranim radnicima \u2013 oni su ti koji rade u skladi\u0161tima, koji dostavljaju hranu, koji obnavljaju Zagreb nakon potresa, koji \u010diste i rade u uslu\u017enim djelatnostima. Da ne pri\u010damo kako smo kolektivno zaboravili da Hrvatska nije uvijek bila zemlja u kojoj su \u017eivjeli isklju\u010divo bijelci i da smo prebrisali uspomene na pokret Nesvrstanih.<\/p>\n<p><strong>Provode li se u Zagrebu programi uklju\u010divanja stranih radnika u zagreba\u010dku svakodnevicu, ima li mjesta gdje se mogu javiti kada imaju neki problem?<\/strong><\/p>\n<p>Brojni akteri u Zagrebu pru\u017eaju podr\u0161ku migrantskim radnicima, a oni se i sami organiziraju. CMS im najvi\u0161e poma\u017ee oko besplatne pravne pomo\u0107i, ljudi nam se obra\u0107aju zbog eksploatacije na radnom mjesto, a sve vi\u0161e i zbog drugih oblika diskriminacije i napada. Organiziraju se razli\u010dita de\u0161avanja, odli\u010dni su programi Multimedijalnog instituta MAMA i Centra mladih Ribnjak, od predavanja, preko glazbenih programa, do onog \u0161to nazivaju susjedskim improvizacijama, u kojima upoznajemo nove susjede kroz kulturu, hranu, razgovor.<\/p>\n<figure id=\"attachment_5802\" aria-describedby=\"caption-attachment-5802\" style=\"width: 2560px\" class=\"wp-caption alignnone\"><img loading=\"lazy\" decoding=\"async\" class=\"wp-image-5802 size-full\" src=\"https:\/\/sdf.hr\/wp-content\/uploads\/2025\/01\/Kekus3_Davor-Konjikusic-scaled.jpg\" alt=\"\" width=\"2560\" height=\"1707\" srcset=\"https:\/\/sdf.hr\/wp-content\/uploads\/2025\/01\/Kekus3_Davor-Konjikusic-scaled.jpg 2560w, https:\/\/sdf.hr\/wp-content\/uploads\/2025\/01\/Kekus3_Davor-Konjikusic-300x200.jpg 300w, https:\/\/sdf.hr\/wp-content\/uploads\/2025\/01\/Kekus3_Davor-Konjikusic-1024x683.jpg 1024w, https:\/\/sdf.hr\/wp-content\/uploads\/2025\/01\/Kekus3_Davor-Konjikusic-768x512.jpg 768w, https:\/\/sdf.hr\/wp-content\/uploads\/2025\/01\/Kekus3_Davor-Konjikusic-1536x1024.jpg 1536w, https:\/\/sdf.hr\/wp-content\/uploads\/2025\/01\/Kekus3_Davor-Konjikusic-2048x1365.jpg 2048w\" sizes=\"auto, (max-width: 2560px) 100vw, 2560px\" \/><figcaption id=\"caption-attachment-5802\" class=\"wp-caption-text\">Sara Keku\u0161 (Foto: Davor Konjiku\u0161i\u0107)<\/figcaption><\/figure>\n<p><strong> Ljudi se nerijetko izgube u svim tim pojmovima i birokratskim izrazima vezanima za migracije. Mo\u017eete li nam narodskim rje\u010dnikom objasniti \u0161to nas o\u010dekuje u 2025.?<\/strong><\/p>\n<p>Prvo treba re\u0107i da Hrvatska od 2019. godine nema integracijsku politiku. Novost u 2025. je Pakt o migracijama na razini EU-a koji zapravo ima za cilj zaustaviti migracije. U praksi, na granicama \u0107emo imati tzv. <em>prescreening<\/em> centre, odnosno velike centre u kojima \u0107e se vr\u0161iti registracija ljudi. Ako osoba, primjerice, dolazi iz neke zemlje iz koje ljudi rijetko dobivaju azil u Uniji, onda ostaje u detenciji u centru. Procjena je, na razini EU-a, da \u0107e u svakom trenutku u centrima biti oko 30.000 ljudi, a dio kola\u010da \u0107e otpasti na Hrvatsku. Dr\u017eave na rubu EU-a stavljene su u dosta lo\u0161iju poziciju od ostalih \u010dlanica, a bogatije \u0107e zemlje mo\u0107i doslovno platiti da se migranti ne relociraju u njihovu dr\u017eavu. Nema nikakve solidarne raspodjele broja ljudi koji \u017eele u\u0107i u EU, zaustavljaju se na vanjskim granicama pa bi Hrvatska ponovno postati svojevrsni hot spot.<\/p>\n<p><strong>U videu povodom 25 godina rada CMS-a isti\u010dete kako je tra\u017eenje pravde za Madinu Hussiny po vama najva\u017enija tema kojom se Centar bavio. Godine prolaze, a mi ne smijemo zaboraviti pa nas prisjetite \u0161to se sve de\u0161avalo.<\/strong><\/p>\n<p><strong>Madina<\/strong>, djevoj\u010dica iz Afganistana, u studenome 2017. imala je \u0161est godina i sa svojom obitelji pre\u0161la je s teritorija Srbije u Hrvatsku. Presreli su ih hrvatski policajci koji Madininoj majci nisu dali da zatra\u017ei azil. Nisu joj dali ni da s djecom preno\u0107i u Hrvatskoj, ve\u0107 su cijelu obitelj kombijem odvezli u blizinu \u0160ida i naredili im da hodaju uz prugu i vrate se u Srbiju. Bilo je hladno i mra\u010dno i Madinu je udario vlak. Na mjestu je preminula.<\/p>\n<p>Hrvatska vlast je poku\u0161ala preokrenuti pri\u010du unato\u010d brojnim dokazima, a policija jo\u0161 dva puta nakon tragedije Madininoj obitelji nije dopustila da zatra\u017ei azil, uspjeli su iz tre\u0107eg puta. Onda su ih tri mjeseca dr\u017eali u detenciji, razdvajali djecu od roditelja, tjerali Madininu majku da potpi\u0161e dokumente koje ne razumije&#8230; To je ba\u0161 stra\u0161no mu\u010dna pri\u010da. Danas je Madinina obitelj dobro, \u017eivi negdje drugdje u Europskoj uniji, imaju odobren azil i na sigurnom su.<\/p>\n<p>Taj slu\u010daj je jedan od glavnih razloga za\u0161to sve ovo radimo. Pri\u010da koja budi nadu jer smo nakon pet godina na Europskom sudu za ljudska prava uspjeli dokazati da je dr\u017eava Hrvatska odgovorna za Madininu smrt. I to je jako va\u017eno, iako djevoj\u010dicu ni\u0161ta ne mo\u017ee vratiti. U isto vrijeme, sedam godina kasnije, nitko jo\u0161 nije adekvatno procesuiran, nitko nije ka\u017enjen za njenu smrt, tako da u ovom poslu uz nadu u paketu uvijek dolazi i mno\u0161tvo nepravdi.<\/p>\n<p><strong>Rad na ovakvim temama, a i poruke mr\u017enje kojima ste gotovo svakodnevno izlo\u017eeni, moraju utjecati na mentalno zdravlje. Kako se brinete za svoje?<\/strong><\/p>\n<p>Smatram da ne mogu biti konstruktivna i pomagati drugima ako nisam dobro. Imala sam nekoliko <em>burn-outa<\/em> i sada ve\u0107 na vrijeme mogu prepoznati kada treba stati. Poku\u0161avam ne gledati mejl nakon radnog vremena i imati slobodne vikende. Nekada uspijem, nekada ne jer vas odre\u0111ene teme uvuku i stalno ih pratite. Svakako mi poma\u017ee \u0161etnja sa psom. \u0160to se ti\u010de kolektivnog rada, kroni\u010dna izlo\u017eenost stresu radnica i radnika koji se bave za\u0161titom ljudskih prava je sveprisutna \u2013 s jedne strane imate projektno pre\u017eivljavanje u organizacijama civilnog dru\u0161tva koje te tjera da hiperproducira\u0161, izlo\u017eena si administrativnom nasilju, ludim procedurama i papirologiji koja ne ostavlja dovoljno vremena da se bavi\u0161 onim \u0161to je uistinu bitno. A, s druge strane, mi same sebi nerijetko name\u0107emo osje\u0107aj krivnje jer ne mo\u017eemo uvijek biti dostupne i potegnuti maksimalno oko svake va\u017ene teme.<\/p>\n<p>CMS je kroz godine puno u\u010dio o temi izgaranja na poslu, sura\u0111ivali smo s Dru\u0161tvom za psiholo\u0161ku pomo\u0107 i Lije\u010dnicima svijeta ba\u0161 u kontekstu bavljenja migracijama, prolazile razli\u010dite radionice i imamo dostupnu psiholo\u0161ku superviziju. 2020. godine objavile smo &#8220;D\u017eepni vodi\u010d za hrabre ljude&#8221; u kojem smo popisale svoja iskustva. CMS je u velikoj mjeru \u017eenski kolektiv pa i pitanju mentalnog zdravlja pristupamo iz feministi\u010dke perspektive. Vodi\u010d je dostupan svima na na\u0161oj stranici, a iskustva mogu pomo\u0107i brojnim aktivistima i radnicima, kolege ga redovito skidaju.<\/p>\n<p><strong>U kojem ste trenutku sami sebi priznali da ponekad morate odmoriti?<\/strong><\/p>\n<p>Kada sam prije \u010detiri godine dobila dijagnozu endometrioze. Onda sam paralelno postala frustrirana i zdravstvenim sustavom koji bolest jednako \u010destu kao dijabetes dijagnosticira u prosjeku devet godina nakon prvih tegoba koje \u017eena osjeti i koji jednu kroni\u010dnu bolest tretira samo kao ginekolo\u0161ki problem i komunicira o njoj isklju\u010divo kroz prizmu (ne)plodnosti.<\/p>\n<p><strong>Sudjelovali ste u spotu udruge \u017eena oboljelih i lije\u010denih od raka &#8220;Sve za nju&#8221;. Kako je do\u0161lo do suradnje?<\/strong><\/p>\n<p>Prijatelj i glazbenik <strong>Nik\u0161a Lovrini\u0107<\/strong> me pozvao i nisam mogla odbiti. Ne znam jesu li ljudi svjesni da 20 posto \u017eena prije 49. godine oboli od raka dojke, ta brojka je zastra\u0161uju\u0107a. Snimanje spota mi je bio zanimljiv izazov jer je zami\u0161ljen tako da ple\u0161em, smijem se, jedem krafne i bombone, a moji su medijski istupi ina\u010de ozbiljni i vezani za migracije. \u017densko zdravlje je tema o kojoj se ne govori dovoljno i uvijek \u0107u se odazvati takvim aktivnostima.<\/p>\n<figure id=\"attachment_5804\" aria-describedby=\"caption-attachment-5804\" style=\"width: 2560px\" class=\"wp-caption alignnone\"><img loading=\"lazy\" decoding=\"async\" class=\"wp-image-5804 size-full\" src=\"https:\/\/sdf.hr\/wp-content\/uploads\/2025\/01\/Kekus4_Davor-Konjikusic-scaled.jpg\" alt=\"\" width=\"2560\" height=\"1707\" srcset=\"https:\/\/sdf.hr\/wp-content\/uploads\/2025\/01\/Kekus4_Davor-Konjikusic-scaled.jpg 2560w, https:\/\/sdf.hr\/wp-content\/uploads\/2025\/01\/Kekus4_Davor-Konjikusic-300x200.jpg 300w, https:\/\/sdf.hr\/wp-content\/uploads\/2025\/01\/Kekus4_Davor-Konjikusic-1024x683.jpg 1024w, https:\/\/sdf.hr\/wp-content\/uploads\/2025\/01\/Kekus4_Davor-Konjikusic-768x512.jpg 768w, https:\/\/sdf.hr\/wp-content\/uploads\/2025\/01\/Kekus4_Davor-Konjikusic-1536x1024.jpg 1536w, https:\/\/sdf.hr\/wp-content\/uploads\/2025\/01\/Kekus4_Davor-Konjikusic-2048x1365.jpg 2048w\" sizes=\"auto, (max-width: 2560px) 100vw, 2560px\" \/><figcaption id=\"caption-attachment-5804\" class=\"wp-caption-text\">Sara Keku\u0161 (Foto: Davor Konjiku\u0161i\u0107)<\/figcaption><\/figure>\n<p><strong>Jasno je da ni vi osobno, ni CMS kao organizacija, nemate dovoljno vremena za sudjelovanje u ba\u0161 svim dobrim inicijativama i umre\u017eavanjima na sceni. Ipak, mo\u017eete li izdvojiti neke kolektivne akcije koje smatrate posebno va\u017enima?<\/strong><\/p>\n<p>Jako nam je bitno umre\u017eavanje i iskazivanje solidarnosti. I kada biramo bitke, unutar civilnog dru\u0161tva se me\u0111usobno podr\u017eavamo. Zajedno se borimo za javna dobra, npr. u kampanjama &#8220;Hrvatska mo\u017ee bolje&#8221;, &#8220;Ne damo na\u0161e autoceste&#8221;, &#8220;Glasam protiv&#8221;. Inicijativa &#8220;Dobrodo\u0161li&#8221;, koju sam ve\u0107 spomenula, uklju\u010divala je 70 organizacija (i nogometni klub Zagreb 041!) i veliki broj pojedinaca koji su volontirali na granici i u kampovima u Tovarniku i Slavonskom Brodu. Od recentnih primjera, svakako bih izdvojila sudjelovanje u organizaciji Mar\u0161a solidarnosti s Palestinom, zajedno s Mre\u017eom antifa\u0161istkinja Zagreba i Inicijativom za slobodnu Palestinu. Akcije koje radi Inicijativa, a i Studentice za Palestinu na Filozofskom fakultetu u Zagrebu, sjajne su i okupljaju \u0161irok dijapazon ljudi s razli\u010ditim vrijednostima i bekgraundima. Ali svi oni, svi mi zajedno odbijamo \u0161utjeti o genocidu. Mislim da danas u svim zemljama u inicijativama koje se bave genocidom u Gazi rame uz rame kora\u010daju najraznorodniji ljudi i to mi je inspirativno.<\/p>\n<p><strong>Kakva je danas situaciju u Porinu, u kakvim uvjetima \u017eive tra\u017eitelji azila u Zagrebu?<\/strong><\/p>\n<p>Nemamo pristup Porinu od 2018., otkad smo aktivno krenuli raditi na slu\u010daju Madinine smrti. Krajem pro\u0161le godine Koordinacija za integraciju ponovno je slala upit da se organizacijama koje se bave ovom temom omogu\u0107i pristup prihvatnom centru.<\/p>\n<p><strong>O pritiscima MUP-a na CMS pone\u0161to znamo, a ima li i dalje policajaca koji vam se obra\u0107aju s dobrim namjerama?<\/strong><\/p>\n<p>Mnogi su postali policajci kako bi \u0161titili druge, a strukture za koje rade im name\u0107u da kr\u0161e ljudska prava i nezakonito protjeruju ljude. Ako odbiju, nerijetko su premje\u0161teni na manje pla\u0107enu poziciju. Uvjeti u kojima rade ionako su lo\u0161i i potpla\u0107eni, a ta klasna dimenzija dovodi i do toga da im nije lako promijeniti posao, posebno onima koji ne \u017eive u velikim gradovima. Ranije su nam se policajci javljali, a mi ih i dalje pozivamo da nam se javljaju i dalje i progovaraju o nepravdama.<\/p>\n<p><strong>\u0160to vama na kraju dana daje nadu?<\/strong><\/p>\n<p>Izdvojila bih jednu crticu iz radno-privatnog \u017eivota: u lipnju 2022., na Svjetski dan izbjeglica, Zagreb su posjetili dje\u010daci koji su s redateljicom <strong>Eefje Blankevoort <\/strong>predstavili film &#8220;Igra sjenki&#8221;, u kojem pri\u010daju o poku\u0161aju ulaska u Europsku uniju. Zajedno smo dr\u017eali presicu pred Saborom i Vladom, a filmska ekipa je u kinu Tu\u0161kanac nakon premijere dobila vi\u0161eminutne ovacije. Jedan od tih dje\u010daka, <strong>S. K.<\/strong>, u korona-krizi je pet puta bezuspje\u0161no poku\u0161avao prije\u0107i hrvatsku granicu i svaki je put protjeran natrag u Bosnu. Danas \u017eivi u Belgiji, ima izbjegli\u010dki status, obrazuje se i pred Europskim parlamentom zagovara da djeca poput njega nikada ne iskuse u\u017ease migrantskih ruta. On mi daje nadu.<\/p>\n<p><em>razgovor vodila Vedrana Bibi\u0107<\/em><\/p>\n","protected":false},"excerpt":{"rendered":"<p>Mislim da danas u svim zemljama u inicijativama koje se bave genocidom u Gazi rame uz rame kora\u010daju najraznorodniji ljudi i to mi je inspirativno<\/p>\n","protected":false},"featured_media":5799,"template":"","tags":[173],"atribut":[],"class_list":["post-5806","nada","type-nada","status-publish","has-post-thumbnail","hentry","tag-intervju-2-hr"],"acf":[],"yoast_head":"<!-- This site is optimized with the Yoast SEO plugin v27.4 - https:\/\/yoast.com\/product\/yoast-seo-wordpress\/ -->\n<title>Sara Keku\u0161: Odbijamo \u0161utjeti o genocidu - SDF - Srpski demokratski forum<\/title>\n<meta name=\"robots\" content=\"index, follow, max-snippet:-1, max-image-preview:large, max-video-preview:-1\" \/>\n<link rel=\"canonical\" href=\"https:\/\/sdf.hr\/hr\/nada\/sara-kekus-odbijamo-sutjeti-o-genocidu\/\" \/>\n<meta property=\"og:locale\" content=\"hr_HR\" \/>\n<meta property=\"og:type\" content=\"article\" \/>\n<meta property=\"og:title\" content=\"Sara Keku\u0161: Odbijamo \u0161utjeti o genocidu - SDF - Srpski demokratski forum\" \/>\n<meta property=\"og:description\" content=\"Mislim da danas u svim zemljama u inicijativama koje se bave genocidom u Gazi rame uz rame kora\u010daju najraznorodniji ljudi i to mi je inspirativno\" \/>\n<meta property=\"og:url\" content=\"https:\/\/sdf.hr\/hr\/nada\/sara-kekus-odbijamo-sutjeti-o-genocidu\/\" \/>\n<meta property=\"og:site_name\" content=\"SDF - Srpski demokratski forum\" \/>\n<meta property=\"article:modified_time\" content=\"2025-05-11T09:37:45+00:00\" \/>\n<meta property=\"og:image\" content=\"https:\/\/sdf.hr\/wp-content\/uploads\/2025\/01\/Kekus1_Davor-Konjikusic-scaled.jpg\" \/>\n\t<meta property=\"og:image:width\" content=\"2560\" \/>\n\t<meta property=\"og:image:height\" content=\"1707\" \/>\n\t<meta property=\"og:image:type\" content=\"image\/jpeg\" \/>\n<meta name=\"twitter:card\" content=\"summary_large_image\" \/>\n<meta name=\"twitter:label1\" content=\"Procijenjeno vrijeme \u010ditanja\" \/>\n\t<meta name=\"twitter:data1\" content=\"13 minuta\" \/>\n<script type=\"application\/ld+json\" class=\"yoast-schema-graph\">{\"@context\":\"https:\\\/\\\/schema.org\",\"@graph\":[{\"@type\":\"WebPage\",\"@id\":\"https:\\\/\\\/sdf.hr\\\/hr\\\/nada\\\/sara-kekus-odbijamo-sutjeti-o-genocidu\\\/\",\"url\":\"https:\\\/\\\/sdf.hr\\\/hr\\\/nada\\\/sara-kekus-odbijamo-sutjeti-o-genocidu\\\/\",\"name\":\"Sara Keku\u0161: Odbijamo \u0161utjeti o genocidu - SDF - Srpski demokratski forum\",\"isPartOf\":{\"@id\":\"https:\\\/\\\/sdf.hr\\\/#website\"},\"primaryImageOfPage\":{\"@id\":\"https:\\\/\\\/sdf.hr\\\/hr\\\/nada\\\/sara-kekus-odbijamo-sutjeti-o-genocidu\\\/#primaryimage\"},\"image\":{\"@id\":\"https:\\\/\\\/sdf.hr\\\/hr\\\/nada\\\/sara-kekus-odbijamo-sutjeti-o-genocidu\\\/#primaryimage\"},\"thumbnailUrl\":\"https:\\\/\\\/sdf.hr\\\/wp-content\\\/uploads\\\/2025\\\/01\\\/Kekus1_Davor-Konjikusic-scaled.jpg\",\"datePublished\":\"2025-01-26T08:02:04+00:00\",\"dateModified\":\"2025-05-11T09:37:45+00:00\",\"breadcrumb\":{\"@id\":\"https:\\\/\\\/sdf.hr\\\/hr\\\/nada\\\/sara-kekus-odbijamo-sutjeti-o-genocidu\\\/#breadcrumb\"},\"inLanguage\":\"hr\",\"potentialAction\":[{\"@type\":\"ReadAction\",\"target\":[\"https:\\\/\\\/sdf.hr\\\/hr\\\/nada\\\/sara-kekus-odbijamo-sutjeti-o-genocidu\\\/\"]}]},{\"@type\":\"ImageObject\",\"inLanguage\":\"hr\",\"@id\":\"https:\\\/\\\/sdf.hr\\\/hr\\\/nada\\\/sara-kekus-odbijamo-sutjeti-o-genocidu\\\/#primaryimage\",\"url\":\"https:\\\/\\\/sdf.hr\\\/wp-content\\\/uploads\\\/2025\\\/01\\\/Kekus1_Davor-Konjikusic-scaled.jpg\",\"contentUrl\":\"https:\\\/\\\/sdf.hr\\\/wp-content\\\/uploads\\\/2025\\\/01\\\/Kekus1_Davor-Konjikusic-scaled.jpg\",\"width\":2560,\"height\":1707,\"caption\":\"Sara Keku\u0161 (Foto: Davor Konjiku\u0161i\u0107)\"},{\"@type\":\"BreadcrumbList\",\"@id\":\"https:\\\/\\\/sdf.hr\\\/hr\\\/nada\\\/sara-kekus-odbijamo-sutjeti-o-genocidu\\\/#breadcrumb\",\"itemListElement\":[{\"@type\":\"ListItem\",\"position\":1,\"name\":\"Po\u010detna stranica\",\"item\":\"https:\\\/\\\/sdf.hr\\\/hr\\\/\"},{\"@type\":\"ListItem\",\"position\":2,\"name\":\"Nada\",\"item\":\"https:\\\/\\\/sdf.hr\\\/nada\\\/\"},{\"@type\":\"ListItem\",\"position\":3,\"name\":\"Sara Keku\u0161: Odbijamo \u0161utjeti o genocidu\"}]},{\"@type\":\"WebSite\",\"@id\":\"https:\\\/\\\/sdf.hr\\\/#website\",\"url\":\"https:\\\/\\\/sdf.hr\\\/\",\"name\":\"SDF - Srpski demokratski forum\",\"description\":\"Srpski demokratski forum\",\"publisher\":{\"@id\":\"https:\\\/\\\/sdf.hr\\\/#organization\"},\"potentialAction\":[{\"@type\":\"SearchAction\",\"target\":{\"@type\":\"EntryPoint\",\"urlTemplate\":\"https:\\\/\\\/sdf.hr\\\/?s={search_term_string}\"},\"query-input\":{\"@type\":\"PropertyValueSpecification\",\"valueRequired\":true,\"valueName\":\"search_term_string\"}}],\"inLanguage\":\"hr\"},{\"@type\":\"Organization\",\"@id\":\"https:\\\/\\\/sdf.hr\\\/#organization\",\"name\":\"SDF - Srpski demokratski forum\",\"url\":\"https:\\\/\\\/sdf.hr\\\/\",\"logo\":{\"@type\":\"ImageObject\",\"inLanguage\":\"hr\",\"@id\":\"https:\\\/\\\/sdf.hr\\\/#\\\/schema\\\/logo\\\/image\\\/\",\"url\":\"https:\\\/\\\/sdf.hr\\\/wp-content\\\/uploads\\\/2021\\\/07\\\/logo-hr.svg\",\"contentUrl\":\"https:\\\/\\\/sdf.hr\\\/wp-content\\\/uploads\\\/2021\\\/07\\\/logo-hr.svg\",\"width\":271,\"height\":100,\"caption\":\"SDF - Srpski demokratski forum\"},\"image\":{\"@id\":\"https:\\\/\\\/sdf.hr\\\/#\\\/schema\\\/logo\\\/image\\\/\"}}]}<\/script>\n<!-- \/ Yoast SEO plugin. -->","yoast_head_json":{"title":"Sara Keku\u0161: Odbijamo \u0161utjeti o genocidu - SDF - Srpski demokratski forum","robots":{"index":"index","follow":"follow","max-snippet":"max-snippet:-1","max-image-preview":"max-image-preview:large","max-video-preview":"max-video-preview:-1"},"canonical":"https:\/\/sdf.hr\/hr\/nada\/sara-kekus-odbijamo-sutjeti-o-genocidu\/","og_locale":"hr_HR","og_type":"article","og_title":"Sara Keku\u0161: Odbijamo \u0161utjeti o genocidu - SDF - Srpski demokratski forum","og_description":"Mislim da danas u svim zemljama u inicijativama koje se bave genocidom u Gazi rame uz rame kora\u010daju najraznorodniji ljudi i to mi je inspirativno","og_url":"https:\/\/sdf.hr\/hr\/nada\/sara-kekus-odbijamo-sutjeti-o-genocidu\/","og_site_name":"SDF - Srpski demokratski forum","article_modified_time":"2025-05-11T09:37:45+00:00","og_image":[{"width":2560,"height":1707,"url":"https:\/\/sdf.hr\/wp-content\/uploads\/2025\/01\/Kekus1_Davor-Konjikusic-scaled.jpg","type":"image\/jpeg"}],"twitter_card":"summary_large_image","twitter_misc":{"Procijenjeno vrijeme \u010ditanja":"13 minuta"},"schema":{"@context":"https:\/\/schema.org","@graph":[{"@type":"WebPage","@id":"https:\/\/sdf.hr\/hr\/nada\/sara-kekus-odbijamo-sutjeti-o-genocidu\/","url":"https:\/\/sdf.hr\/hr\/nada\/sara-kekus-odbijamo-sutjeti-o-genocidu\/","name":"Sara Keku\u0161: Odbijamo \u0161utjeti o genocidu - SDF - Srpski demokratski forum","isPartOf":{"@id":"https:\/\/sdf.hr\/#website"},"primaryImageOfPage":{"@id":"https:\/\/sdf.hr\/hr\/nada\/sara-kekus-odbijamo-sutjeti-o-genocidu\/#primaryimage"},"image":{"@id":"https:\/\/sdf.hr\/hr\/nada\/sara-kekus-odbijamo-sutjeti-o-genocidu\/#primaryimage"},"thumbnailUrl":"https:\/\/sdf.hr\/wp-content\/uploads\/2025\/01\/Kekus1_Davor-Konjikusic-scaled.jpg","datePublished":"2025-01-26T08:02:04+00:00","dateModified":"2025-05-11T09:37:45+00:00","breadcrumb":{"@id":"https:\/\/sdf.hr\/hr\/nada\/sara-kekus-odbijamo-sutjeti-o-genocidu\/#breadcrumb"},"inLanguage":"hr","potentialAction":[{"@type":"ReadAction","target":["https:\/\/sdf.hr\/hr\/nada\/sara-kekus-odbijamo-sutjeti-o-genocidu\/"]}]},{"@type":"ImageObject","inLanguage":"hr","@id":"https:\/\/sdf.hr\/hr\/nada\/sara-kekus-odbijamo-sutjeti-o-genocidu\/#primaryimage","url":"https:\/\/sdf.hr\/wp-content\/uploads\/2025\/01\/Kekus1_Davor-Konjikusic-scaled.jpg","contentUrl":"https:\/\/sdf.hr\/wp-content\/uploads\/2025\/01\/Kekus1_Davor-Konjikusic-scaled.jpg","width":2560,"height":1707,"caption":"Sara Keku\u0161 (Foto: Davor Konjiku\u0161i\u0107)"},{"@type":"BreadcrumbList","@id":"https:\/\/sdf.hr\/hr\/nada\/sara-kekus-odbijamo-sutjeti-o-genocidu\/#breadcrumb","itemListElement":[{"@type":"ListItem","position":1,"name":"Po\u010detna stranica","item":"https:\/\/sdf.hr\/hr\/"},{"@type":"ListItem","position":2,"name":"Nada","item":"https:\/\/sdf.hr\/nada\/"},{"@type":"ListItem","position":3,"name":"Sara Keku\u0161: Odbijamo \u0161utjeti o genocidu"}]},{"@type":"WebSite","@id":"https:\/\/sdf.hr\/#website","url":"https:\/\/sdf.hr\/","name":"SDF - Srpski demokratski forum","description":"Srpski demokratski forum","publisher":{"@id":"https:\/\/sdf.hr\/#organization"},"potentialAction":[{"@type":"SearchAction","target":{"@type":"EntryPoint","urlTemplate":"https:\/\/sdf.hr\/?s={search_term_string}"},"query-input":{"@type":"PropertyValueSpecification","valueRequired":true,"valueName":"search_term_string"}}],"inLanguage":"hr"},{"@type":"Organization","@id":"https:\/\/sdf.hr\/#organization","name":"SDF - Srpski demokratski forum","url":"https:\/\/sdf.hr\/","logo":{"@type":"ImageObject","inLanguage":"hr","@id":"https:\/\/sdf.hr\/#\/schema\/logo\/image\/","url":"https:\/\/sdf.hr\/wp-content\/uploads\/2021\/07\/logo-hr.svg","contentUrl":"https:\/\/sdf.hr\/wp-content\/uploads\/2021\/07\/logo-hr.svg","width":271,"height":100,"caption":"SDF - Srpski demokratski forum"},"image":{"@id":"https:\/\/sdf.hr\/#\/schema\/logo\/image\/"}}]}},"_links":{"self":[{"href":"https:\/\/sdf.hr\/hr\/wp-json\/wp\/v2\/nada\/5806","targetHints":{"allow":["GET"]}}],"collection":[{"href":"https:\/\/sdf.hr\/hr\/wp-json\/wp\/v2\/nada"}],"about":[{"href":"https:\/\/sdf.hr\/hr\/wp-json\/wp\/v2\/types\/nada"}],"wp:featuredmedia":[{"embeddable":true,"href":"https:\/\/sdf.hr\/hr\/wp-json\/wp\/v2\/media\/5799"}],"wp:attachment":[{"href":"https:\/\/sdf.hr\/hr\/wp-json\/wp\/v2\/media?parent=5806"}],"wp:term":[{"taxonomy":"post_tag","embeddable":true,"href":"https:\/\/sdf.hr\/hr\/wp-json\/wp\/v2\/tags?post=5806"},{"taxonomy":"atribut","embeddable":true,"href":"https:\/\/sdf.hr\/hr\/wp-json\/wp\/v2\/atribut?post=5806"}],"curies":[{"name":"wp","href":"https:\/\/api.w.org\/{rel}","templated":true}]}}