{"id":5810,"date":"2025-01-28T08:37:26","date_gmt":"2025-01-28T07:37:26","guid":{"rendered":"https:\/\/sdf.hr\/nada\/nedjelje-u-bogoti\/"},"modified":"2025-01-27T15:38:02","modified_gmt":"2025-01-27T14:38:02","slug":"nedjelje-u-bogoti","status":"publish","type":"nada","link":"https:\/\/sdf.hr\/hr\/nada\/nedjelje-u-bogoti\/","title":{"rendered":"Nedjelje u Bogoti"},"content":{"rendered":"<p>Mali nogomet iz Urugvaja se u prvoj polovici 20. stolje\u0107a po\u010deo \u0161iriti po drugim ju\u017enoameri\u010dkim zemljama. U Kolumbiji je procvat do\u017eivio 1960-ih, a 1967. u Bogoti je organizirano prvo Me\u0111ususjedsko prvenstvo, na kojem je sudjelovalo \u010dak 597 ekipa. Taj je doga\u0111aj doveo do stvaranja prve malonogometne lige u Kolumbiji, Bogot\u00e1 lige, u ljeto 1973. godine.<\/p>\n<p>Godine 2004. Gradsko vije\u0107e Bogote je mali nogomet proglasilo simbolom grada, a za tu \u010dinjenicu doznajemo jer je spominje kolumbijski pjesnik<strong> Nicol\u00e1s Pe\u00f1a<\/strong> <strong>Posada <\/strong>u zbirci poezije &#8220;Nedjelja popodne&#8221; (Totuma Libros, 2022).<\/p>\n<p>Pe\u00f1a Posada pi\u0161e jezikom kvarta, uglavljen u dijelove grada i tjedna u kojima vrijeme staje i prostor nestaje \u2013 nedjelje u kojima se na ulicama i u dvoranama igra mali nogomet. Momenti u kojima svi mogu biti <strong>Maradona<\/strong> na trenutak, i igre koje traju, kako u predgovoru zbirke pi\u0161e <strong>Federico D\u00edaz-Granados<\/strong>, dok &#8220;maj\u010din glas ne pozove na u\u017einu ili ve\u010deru&#8221; (usput budi upitano: sprema li ikad itko drugi osim matera u\u017einu ili ve\u010deru?). Poezija je to sladunjava i melankoli\u010dna, na momente posve upacana u nostalgiji i patosu, ali i uvjerljiva, autenti\u010dna onome kako se nogomet iskustveno \u0107uti i svagda i svugdje mitologizira.<\/p>\n<p>Posadini protagonisti su kroneri ispred kvartovskog du\u0107ana koji pu\u0161e i piju bocu za bocom dok se ekipe zagrijavaju, kao i drugi ina\u010de neugledni stanari grada koji se nedjeljom na turnirima pretvaraju u bogove, i ljudi im pjevaju, vi\u010du i plje\u0161\u0107u, pa im ponedjeljkom u dugoj vo\u017enji autobusom na posao u glavi jo\u0161 bljeskaju sekunde slave. Ravnopravan tretman uz igra\u010de u stihovima dobiva i malonogometna publika, u kojoj se pojavljuju pekar <strong>Orlando<\/strong>, frizerka <strong>Miriam<\/strong>, mehani\u010dar <strong>Javier<\/strong>, policajci koji parkiraju zelene motocikle na ulici, skidaju kacige, pu\u0161e i \u010dekaju da igra po\u010dne.<\/p>\n<p>Loptu koja ih sve spaja Pe\u00f1a Posada naziva &#8220;gumenim globusom&#8221;, &#8220;biserom \u0161to udara o cement&#8221;, &#8220;zrelim, od vode nabujalim vo\u0107em&#8221;. Bilje\u017ei i momente igra\u010dkih poni\u017eenja na utakmicama, izljeve agresije, ispu\u0161ne ventile bijesa, kao i one u kojima igra\u010di jedni drugima pru\u017eaju ruke, tap\u0161aju se po le\u0111ima, pitaju za oprost, dijele pohvale. &#8220;Nije sve u zamjeranju i udarcima \/ Ima i zagrljaja \/ Osmijeha i velikog po\u0161tovanja prema Gordu koji uvijek zabije gol iz slobodnog udarca \/ Ponosa za Ramireza koji ima 45 godina i jo\u0161 uvijek igra \/ Miran, na centru, dijeli lopte \/ Kao da dostavlja ljubavna pisma&#8221;, pi\u0161e Pe\u00f1a Posada.<\/p>\n<p>Posebna sekcija zbirke posve\u0107ena je poluvremenu, kada ljudi iskori\u0161tavaju pauzu da odu na zahod, kupe jo\u0161 piva, kada lokalni d\u017eeparo\u0161i \u0161kicaju zaboravljene nov\u010danike, labav nakit, otvorene torbice opu\u0161tenih gledatelja i gledateljica. U poluvremenu se na sceni pojavljuju i mu\u0161karci koji najednom rade sklekove na otvorenom, djeca koja tr\u010de u nejasnim i nepredvidivim smjerovima i s nejasnom i nepredvidivom motivacijom. Kao da svi hvataju zadnje zrake sunca i slobode prije nego \u0161to se nedjeljno popodne pretvori u nedjeljno ve\u010de, i na zemlju uz mrak padnu misli o poslu koji kre\u0107e iznova, uvijek iznova.<\/p>\n<p>Nedjelja uz mali nogomet daje na va\u017enosti i kvartu, jer je to zapravo jedini dan kada se kvartovi Bogote o kojima Pe\u00f1a Posada pi\u0161e \u010dine samodostatni, kada iz njih ne treba nigdje i\u0107i. Zbirka &#8220;Nedjelja popodne&#8221; u stihove hvata one zlatne ure kada se u stranu pomakne ono bolje sutra na kojem stalno treba raditi, za koje stalno treba i\u0107i drugdje i dalje. U njoj je na tren za\u017eivjelo jedno precukreno, titravo i varljivo \u2013 bolje sada.<\/p>\n<p><em>pi\u0161e Ivana Peri\u0107<\/em><\/p>\n","protected":false},"excerpt":{"rendered":"<p>Godine 2004. Gradsko vije\u0107e Bogote je mali nogomet proglasilo simbolom grada, a za tu \u010dinjenicu doznajemo jer je spominje kolumbijski pjesnik Nicol\u00e1s Pe\u00f1a Posada u zbirci poezije &#8220;Nedjelja popodne&#8221;<\/p>\n","protected":false},"featured_media":5809,"template":"","tags":[40],"atribut":[],"class_list":["post-5810","nada","type-nada","status-publish","has-post-thumbnail","hentry","tag-dvokorak-naprijed"],"acf":[],"yoast_head":"<!-- This site is optimized with the Yoast SEO plugin v27.4 - https:\/\/yoast.com\/product\/yoast-seo-wordpress\/ -->\n<title>Nedjelje u Bogoti - SDF - Srpski demokratski forum<\/title>\n<meta name=\"robots\" content=\"index, follow, max-snippet:-1, max-image-preview:large, max-video-preview:-1\" \/>\n<link rel=\"canonical\" href=\"https:\/\/sdf.hr\/nada\/nedjelje-u-bogoti\/\" \/>\n<meta property=\"og:locale\" content=\"hr_HR\" \/>\n<meta property=\"og:type\" content=\"article\" \/>\n<meta property=\"og:title\" content=\"Nedjelje u Bogoti - SDF - Srpski demokratski forum\" \/>\n<meta property=\"og:description\" content=\"Godine 2004. Gradsko vije\u0107e Bogote je mali nogomet proglasilo simbolom grada, a za tu \u010dinjenicu doznajemo jer je spominje kolumbijski pjesnik Nicol\u00e1s Pe\u00f1a Posada u zbirci poezije &quot;Nedjelja popodne&quot;\" \/>\n<meta property=\"og:url\" content=\"https:\/\/sdf.hr\/nada\/nedjelje-u-bogoti\/\" \/>\n<meta property=\"og:site_name\" content=\"SDF - Srpski demokratski forum\" \/>\n<meta property=\"og:image\" content=\"https:\/\/sdf.hr\/wp-content\/uploads\/2025\/01\/Bogota_Luisa-Gonzales-Reuters-scaled.jpg\" \/>\n\t<meta property=\"og:image:width\" content=\"2560\" \/>\n\t<meta property=\"og:image:height\" content=\"1707\" \/>\n\t<meta property=\"og:image:type\" content=\"image\/jpeg\" \/>\n<meta name=\"twitter:card\" content=\"summary_large_image\" \/>\n<meta name=\"twitter:label1\" content=\"Procijenjeno vrijeme \u010ditanja\" \/>\n\t<meta name=\"twitter:data1\" content=\"3 minute\" \/>\n<script type=\"application\/ld+json\" class=\"yoast-schema-graph\">{\"@context\":\"https:\\\/\\\/schema.org\",\"@graph\":[{\"@type\":\"WebPage\",\"@id\":\"https:\\\/\\\/sdf.hr\\\/nada\\\/nedjelje-u-bogoti\\\/\",\"url\":\"https:\\\/\\\/sdf.hr\\\/nada\\\/nedjelje-u-bogoti\\\/\",\"name\":\"Nedjelje u Bogoti - SDF - Srpski demokratski forum\",\"isPartOf\":{\"@id\":\"https:\\\/\\\/sdf.hr\\\/#website\"},\"primaryImageOfPage\":{\"@id\":\"https:\\\/\\\/sdf.hr\\\/nada\\\/nedjelje-u-bogoti\\\/#primaryimage\"},\"image\":{\"@id\":\"https:\\\/\\\/sdf.hr\\\/nada\\\/nedjelje-u-bogoti\\\/#primaryimage\"},\"thumbnailUrl\":\"https:\\\/\\\/sdf.hr\\\/wp-content\\\/uploads\\\/2025\\\/01\\\/Bogota_Luisa-Gonzales-Reuters-scaled.jpg\",\"datePublished\":\"2025-01-28T07:37:26+00:00\",\"breadcrumb\":{\"@id\":\"https:\\\/\\\/sdf.hr\\\/nada\\\/nedjelje-u-bogoti\\\/#breadcrumb\"},\"inLanguage\":\"hr\",\"potentialAction\":[{\"@type\":\"ReadAction\",\"target\":[\"https:\\\/\\\/sdf.hr\\\/nada\\\/nedjelje-u-bogoti\\\/\"]}]},{\"@type\":\"ImageObject\",\"inLanguage\":\"hr\",\"@id\":\"https:\\\/\\\/sdf.hr\\\/nada\\\/nedjelje-u-bogoti\\\/#primaryimage\",\"url\":\"https:\\\/\\\/sdf.hr\\\/wp-content\\\/uploads\\\/2025\\\/01\\\/Bogota_Luisa-Gonzales-Reuters-scaled.jpg\",\"contentUrl\":\"https:\\\/\\\/sdf.hr\\\/wp-content\\\/uploads\\\/2025\\\/01\\\/Bogota_Luisa-Gonzales-Reuters-scaled.jpg\",\"width\":2560,\"height\":1707,\"caption\":\"Navija\u010di na ulicama Bogote (Foto: Luisa Gonzalez\\\/Reuters\\\/PIXSELL)\"},{\"@type\":\"BreadcrumbList\",\"@id\":\"https:\\\/\\\/sdf.hr\\\/nada\\\/nedjelje-u-bogoti\\\/#breadcrumb\",\"itemListElement\":[{\"@type\":\"ListItem\",\"position\":1,\"name\":\"Po\u010detna stranica\",\"item\":\"https:\\\/\\\/sdf.hr\\\/hr\\\/\"},{\"@type\":\"ListItem\",\"position\":2,\"name\":\"Nada\",\"item\":\"https:\\\/\\\/sdf.hr\\\/nada\\\/\"},{\"@type\":\"ListItem\",\"position\":3,\"name\":\"Nedjelje u Bogoti\"}]},{\"@type\":\"WebSite\",\"@id\":\"https:\\\/\\\/sdf.hr\\\/#website\",\"url\":\"https:\\\/\\\/sdf.hr\\\/\",\"name\":\"SDF - Srpski demokratski forum\",\"description\":\"Srpski demokratski forum\",\"publisher\":{\"@id\":\"https:\\\/\\\/sdf.hr\\\/#organization\"},\"potentialAction\":[{\"@type\":\"SearchAction\",\"target\":{\"@type\":\"EntryPoint\",\"urlTemplate\":\"https:\\\/\\\/sdf.hr\\\/?s={search_term_string}\"},\"query-input\":{\"@type\":\"PropertyValueSpecification\",\"valueRequired\":true,\"valueName\":\"search_term_string\"}}],\"inLanguage\":\"hr\"},{\"@type\":\"Organization\",\"@id\":\"https:\\\/\\\/sdf.hr\\\/#organization\",\"name\":\"SDF - Srpski demokratski forum\",\"url\":\"https:\\\/\\\/sdf.hr\\\/\",\"logo\":{\"@type\":\"ImageObject\",\"inLanguage\":\"hr\",\"@id\":\"https:\\\/\\\/sdf.hr\\\/#\\\/schema\\\/logo\\\/image\\\/\",\"url\":\"https:\\\/\\\/sdf.hr\\\/wp-content\\\/uploads\\\/2021\\\/07\\\/logo-hr.svg\",\"contentUrl\":\"https:\\\/\\\/sdf.hr\\\/wp-content\\\/uploads\\\/2021\\\/07\\\/logo-hr.svg\",\"width\":271,\"height\":100,\"caption\":\"SDF - Srpski demokratski forum\"},\"image\":{\"@id\":\"https:\\\/\\\/sdf.hr\\\/#\\\/schema\\\/logo\\\/image\\\/\"}}]}<\/script>\n<!-- \/ Yoast SEO plugin. -->","yoast_head_json":{"title":"Nedjelje u Bogoti - SDF - Srpski demokratski forum","robots":{"index":"index","follow":"follow","max-snippet":"max-snippet:-1","max-image-preview":"max-image-preview:large","max-video-preview":"max-video-preview:-1"},"canonical":"https:\/\/sdf.hr\/nada\/nedjelje-u-bogoti\/","og_locale":"hr_HR","og_type":"article","og_title":"Nedjelje u Bogoti - SDF - Srpski demokratski forum","og_description":"Godine 2004. Gradsko vije\u0107e Bogote je mali nogomet proglasilo simbolom grada, a za tu \u010dinjenicu doznajemo jer je spominje kolumbijski pjesnik Nicol\u00e1s Pe\u00f1a Posada u zbirci poezije \"Nedjelja popodne\"","og_url":"https:\/\/sdf.hr\/nada\/nedjelje-u-bogoti\/","og_site_name":"SDF - Srpski demokratski forum","og_image":[{"width":2560,"height":1707,"url":"https:\/\/sdf.hr\/wp-content\/uploads\/2025\/01\/Bogota_Luisa-Gonzales-Reuters-scaled.jpg","type":"image\/jpeg"}],"twitter_card":"summary_large_image","twitter_misc":{"Procijenjeno vrijeme \u010ditanja":"3 minute"},"schema":{"@context":"https:\/\/schema.org","@graph":[{"@type":"WebPage","@id":"https:\/\/sdf.hr\/nada\/nedjelje-u-bogoti\/","url":"https:\/\/sdf.hr\/nada\/nedjelje-u-bogoti\/","name":"Nedjelje u Bogoti - SDF - Srpski demokratski forum","isPartOf":{"@id":"https:\/\/sdf.hr\/#website"},"primaryImageOfPage":{"@id":"https:\/\/sdf.hr\/nada\/nedjelje-u-bogoti\/#primaryimage"},"image":{"@id":"https:\/\/sdf.hr\/nada\/nedjelje-u-bogoti\/#primaryimage"},"thumbnailUrl":"https:\/\/sdf.hr\/wp-content\/uploads\/2025\/01\/Bogota_Luisa-Gonzales-Reuters-scaled.jpg","datePublished":"2025-01-28T07:37:26+00:00","breadcrumb":{"@id":"https:\/\/sdf.hr\/nada\/nedjelje-u-bogoti\/#breadcrumb"},"inLanguage":"hr","potentialAction":[{"@type":"ReadAction","target":["https:\/\/sdf.hr\/nada\/nedjelje-u-bogoti\/"]}]},{"@type":"ImageObject","inLanguage":"hr","@id":"https:\/\/sdf.hr\/nada\/nedjelje-u-bogoti\/#primaryimage","url":"https:\/\/sdf.hr\/wp-content\/uploads\/2025\/01\/Bogota_Luisa-Gonzales-Reuters-scaled.jpg","contentUrl":"https:\/\/sdf.hr\/wp-content\/uploads\/2025\/01\/Bogota_Luisa-Gonzales-Reuters-scaled.jpg","width":2560,"height":1707,"caption":"Navija\u010di na ulicama Bogote (Foto: Luisa Gonzalez\/Reuters\/PIXSELL)"},{"@type":"BreadcrumbList","@id":"https:\/\/sdf.hr\/nada\/nedjelje-u-bogoti\/#breadcrumb","itemListElement":[{"@type":"ListItem","position":1,"name":"Po\u010detna stranica","item":"https:\/\/sdf.hr\/hr\/"},{"@type":"ListItem","position":2,"name":"Nada","item":"https:\/\/sdf.hr\/nada\/"},{"@type":"ListItem","position":3,"name":"Nedjelje u Bogoti"}]},{"@type":"WebSite","@id":"https:\/\/sdf.hr\/#website","url":"https:\/\/sdf.hr\/","name":"SDF - Srpski demokratski forum","description":"Srpski demokratski forum","publisher":{"@id":"https:\/\/sdf.hr\/#organization"},"potentialAction":[{"@type":"SearchAction","target":{"@type":"EntryPoint","urlTemplate":"https:\/\/sdf.hr\/?s={search_term_string}"},"query-input":{"@type":"PropertyValueSpecification","valueRequired":true,"valueName":"search_term_string"}}],"inLanguage":"hr"},{"@type":"Organization","@id":"https:\/\/sdf.hr\/#organization","name":"SDF - Srpski demokratski forum","url":"https:\/\/sdf.hr\/","logo":{"@type":"ImageObject","inLanguage":"hr","@id":"https:\/\/sdf.hr\/#\/schema\/logo\/image\/","url":"https:\/\/sdf.hr\/wp-content\/uploads\/2021\/07\/logo-hr.svg","contentUrl":"https:\/\/sdf.hr\/wp-content\/uploads\/2021\/07\/logo-hr.svg","width":271,"height":100,"caption":"SDF - Srpski demokratski forum"},"image":{"@id":"https:\/\/sdf.hr\/#\/schema\/logo\/image\/"}}]}},"_links":{"self":[{"href":"https:\/\/sdf.hr\/hr\/wp-json\/wp\/v2\/nada\/5810","targetHints":{"allow":["GET"]}}],"collection":[{"href":"https:\/\/sdf.hr\/hr\/wp-json\/wp\/v2\/nada"}],"about":[{"href":"https:\/\/sdf.hr\/hr\/wp-json\/wp\/v2\/types\/nada"}],"wp:featuredmedia":[{"embeddable":true,"href":"https:\/\/sdf.hr\/hr\/wp-json\/wp\/v2\/media\/5809"}],"wp:attachment":[{"href":"https:\/\/sdf.hr\/hr\/wp-json\/wp\/v2\/media?parent=5810"}],"wp:term":[{"taxonomy":"post_tag","embeddable":true,"href":"https:\/\/sdf.hr\/hr\/wp-json\/wp\/v2\/tags?post=5810"},{"taxonomy":"atribut","embeddable":true,"href":"https:\/\/sdf.hr\/hr\/wp-json\/wp\/v2\/atribut?post=5810"}],"curies":[{"name":"wp","href":"https:\/\/api.w.org\/{rel}","templated":true}]}}