{"id":5831,"date":"2025-02-02T08:01:18","date_gmt":"2025-02-02T07:01:18","guid":{"rendered":"https:\/\/sdf.hr\/nada\/sukana-kasa\/"},"modified":"2025-02-02T08:02:30","modified_gmt":"2025-02-02T07:02:30","slug":"sukana-kasa","status":"publish","type":"nada","link":"https:\/\/sdf.hr\/hr\/nada\/sukana-kasa\/","title":{"rendered":"Sukana ka\u0161a"},"content":{"rendered":"<p>Osim recepata koje pronalazim u starim bilje\u017enicama, \u017eelim sa\u010duvati i recepte koje su bake i mame prenosile na svoje potomke i koji su othranili generacije. \u010cini mi se da se zaborave ovakva jednostavna jela, a va\u017ena su jer su mnoge generacije na njima stasale i dio su ba\u0161tine nekog kraja. \u010cesto se dogodi da kada objavim neki ovakav recept, ljudi ka\u017eu kako to nisu jeli od djetinjstva i da sam ih podsjetila na baku ili prabaku.<\/p>\n<p>Upravo takvo jelo je i sukana ka\u0161a. Prvi put sam za sukanu ka\u0161u \u010dula prije 15-ak godina kada je moja kolegica (koja je bila i moja u\u010diteljica i razrednica) <strong>Ivanka Kratofil<\/strong>, profesorica prirode i biologije te dugogodi\u0161nja voditeljica na\u0161e u\u010deni\u010dke zadruge, s malim zadrugarima odlu\u010dila prikupiti stare recepte i objediniti ih u knji\u017eici &#8220;Naj se nigdar ne pozabi&#8221;. Tada su na\u0161i u\u010denici intervjuirali svoje bake, susjede, starije \u017eene u mjestu koje su im kazivale recepte. Sukana ka\u0161a je jelo lukovskog i severinskog kraja i upravo zato sam se obratila \u017eenama tog kraja da me savjetuju kako pripremiti sukanu ka\u0161u.<\/p>\n<p>Po\u0161to svako starinsko jelo ima nekoliko naziva koji se koriste u narodu, tako i sukanu ka\u0161u nazivaju <em>ka\u0161a podmetena<\/em>, <em>sukance<\/em>, <em>trenci<\/em>, <em>sukanjci<\/em>&#8230; Vjerujem da ima jo\u0161 naziva, ovisno o kraju u kojem se priprema. Ono \u0161to mene uvijek fascinira kod ovakvih starinskih recepata je to \u0161to nisu detaljni i mora\u0161 imati osje\u0107aj koliko vode \u0107e\u0161 zakuhati, kako \u0107e\u0161 &#8220;nasukati&#8221; smjesu te koliko gusto je skuhati. Zbog toga su mi savjeti iskusnih doma\u0107ica i vrsnih kuharica iz ovog kraja bili zlata vrijedni kod prve pripreme ovog jednostavnog jela. Od ove koli\u010dine sastojaka dobit \u0107ete dvije srednje porcije jela pa se vodite time.<\/p>\n<p>&nbsp;<\/p>\n<p><strong><em>Sastojci:<\/em><\/strong><\/p>\n<p>1 jaje<\/p>\n<p>100 do 120 g o\u0161trog p\u0161eni\u010dnog bra\u0161na (tip 400)<\/p>\n<p>\u017elica masti ili maslaca<\/p>\n<p>1 luk (koristila sam ljubi\u010dasti)<\/p>\n<p>malo soli<\/p>\n<p>cca 3 do 4 dl vode u kojoj \u0107ete skuhati ka\u0161u<\/p>\n<p>&nbsp;<\/p>\n<p><strong><em>Priprema:<\/em><\/strong><\/p>\n<p>Jaje i bra\u0161no pomije\u0161ajte tako da natrljate (nasu\u010dete) rukama smjesu. Smjesa mora biti u obliku mrvica. Dobila sam savjet da to napravim u multipraktiku jer tada mrvice budu jednake i ravnomjerno se skuhaju.<\/p>\n<p>Za ovu koli\u010dinu smjese \u0107e vam trebati otprilike tri do \u010detiri dl vode. Vodu stavite u lonac, posolite i pustite da zavrije. Za to vrijeme na tavici ugrijte masno\u0107u i stavite narezan luk da se pr\u017ei na laganoj vatri.<\/p>\n<p>U proklju\u010dalu posoljenu vodu sipajte mrvi\u010dastu smjesu jaja i bra\u0161na te kuhajte na laganoj vatri cijelo vrijeme mije\u0161aju\u0107i. Ukoliko vam je pregusto, dolijte malo vru\u0107e vode. Kuhajte poput guste palente, nekoliko minuta. Gotovu sukanu ka\u0161u za\u010dinite popr\u017eenim lukom koji mora biti hrskav. Jo\u0161 dodatno posolite i popaprite po \u017eelji.<\/p>\n<p>Naravno, sukanu ka\u0161u mo\u017eete za\u010diniti i na druge na\u010dine. Mo\u017ee biti kao prilog uz pe\u010dene kobasice, slaninu ili jaja. Neki je jedu uz mlijeko ili bijelu kavu. Meni je ovako s lukom ba\u0161 prijala, a svakako \u0107u probati i druge varijante.<\/p>\n<p>Dobar tek!<\/p>\n<p><em>pi\u0161e Valentina Vukadinovi\u0107<\/em><\/p>\n","protected":false},"excerpt":{"rendered":"<p>Osim recepata koje pronalazim u starim bilje\u017enicama, \u017eelim sa\u010duvati i recepte za jela koja su othranila generacije. Upravo takvo jelo je i sukana ka\u0161a<\/p>\n","protected":false},"featured_media":5830,"template":"","tags":[42],"atribut":[],"class_list":["post-5831","nada","type-nada","status-publish","has-post-thumbnail","hentry","tag-gorski-kotao"],"acf":[],"yoast_head":"<!-- This site is optimized with the Yoast SEO plugin v27.4 - https:\/\/yoast.com\/product\/yoast-seo-wordpress\/ -->\n<title>Sukana ka\u0161a - SDF - Srpski demokratski forum<\/title>\n<meta name=\"robots\" content=\"index, follow, max-snippet:-1, max-image-preview:large, max-video-preview:-1\" \/>\n<link rel=\"canonical\" href=\"https:\/\/sdf.hr\/hr\/nada\/sukana-kasa\/\" \/>\n<meta property=\"og:locale\" content=\"hr_HR\" \/>\n<meta property=\"og:type\" content=\"article\" \/>\n<meta property=\"og:title\" content=\"Sukana ka\u0161a - SDF - Srpski demokratski forum\" \/>\n<meta property=\"og:description\" content=\"Osim recepata koje pronalazim u starim bilje\u017enicama, \u017eelim sa\u010duvati i recepte za jela koja su othranila generacije. Upravo takvo jelo je i sukana ka\u0161a\" \/>\n<meta property=\"og:url\" content=\"https:\/\/sdf.hr\/hr\/nada\/sukana-kasa\/\" \/>\n<meta property=\"og:site_name\" content=\"SDF - Srpski demokratski forum\" \/>\n<meta property=\"article:modified_time\" content=\"2025-02-02T07:02:30+00:00\" \/>\n<meta property=\"og:image\" content=\"https:\/\/sdf.hr\/wp-content\/uploads\/2025\/01\/Kasa-scaled.jpg\" \/>\n\t<meta property=\"og:image:width\" content=\"2560\" \/>\n\t<meta property=\"og:image:height\" content=\"1244\" \/>\n\t<meta property=\"og:image:type\" content=\"image\/jpeg\" \/>\n<meta name=\"twitter:card\" content=\"summary_large_image\" \/>\n<meta name=\"twitter:label1\" content=\"Procijenjeno vrijeme \u010ditanja\" \/>\n\t<meta name=\"twitter:data1\" content=\"3 minute\" \/>\n<script type=\"application\/ld+json\" class=\"yoast-schema-graph\">{\"@context\":\"https:\\\/\\\/schema.org\",\"@graph\":[{\"@type\":\"WebPage\",\"@id\":\"https:\\\/\\\/sdf.hr\\\/hr\\\/nada\\\/sukana-kasa\\\/\",\"url\":\"https:\\\/\\\/sdf.hr\\\/hr\\\/nada\\\/sukana-kasa\\\/\",\"name\":\"Sukana ka\u0161a - SDF - Srpski demokratski forum\",\"isPartOf\":{\"@id\":\"https:\\\/\\\/sdf.hr\\\/#website\"},\"primaryImageOfPage\":{\"@id\":\"https:\\\/\\\/sdf.hr\\\/hr\\\/nada\\\/sukana-kasa\\\/#primaryimage\"},\"image\":{\"@id\":\"https:\\\/\\\/sdf.hr\\\/hr\\\/nada\\\/sukana-kasa\\\/#primaryimage\"},\"thumbnailUrl\":\"https:\\\/\\\/sdf.hr\\\/wp-content\\\/uploads\\\/2025\\\/01\\\/Kasa-scaled.jpg\",\"datePublished\":\"2025-02-02T07:01:18+00:00\",\"dateModified\":\"2025-02-02T07:02:30+00:00\",\"breadcrumb\":{\"@id\":\"https:\\\/\\\/sdf.hr\\\/hr\\\/nada\\\/sukana-kasa\\\/#breadcrumb\"},\"inLanguage\":\"hr\",\"potentialAction\":[{\"@type\":\"ReadAction\",\"target\":[\"https:\\\/\\\/sdf.hr\\\/hr\\\/nada\\\/sukana-kasa\\\/\"]}]},{\"@type\":\"ImageObject\",\"inLanguage\":\"hr\",\"@id\":\"https:\\\/\\\/sdf.hr\\\/hr\\\/nada\\\/sukana-kasa\\\/#primaryimage\",\"url\":\"https:\\\/\\\/sdf.hr\\\/wp-content\\\/uploads\\\/2025\\\/01\\\/Kasa-scaled.jpg\",\"contentUrl\":\"https:\\\/\\\/sdf.hr\\\/wp-content\\\/uploads\\\/2025\\\/01\\\/Kasa-scaled.jpg\",\"width\":2560,\"height\":1244},{\"@type\":\"BreadcrumbList\",\"@id\":\"https:\\\/\\\/sdf.hr\\\/hr\\\/nada\\\/sukana-kasa\\\/#breadcrumb\",\"itemListElement\":[{\"@type\":\"ListItem\",\"position\":1,\"name\":\"Po\u010detna stranica\",\"item\":\"https:\\\/\\\/sdf.hr\\\/hr\\\/\"},{\"@type\":\"ListItem\",\"position\":2,\"name\":\"Nada\",\"item\":\"https:\\\/\\\/sdf.hr\\\/nada\\\/\"},{\"@type\":\"ListItem\",\"position\":3,\"name\":\"Sukana ka\u0161a\"}]},{\"@type\":\"WebSite\",\"@id\":\"https:\\\/\\\/sdf.hr\\\/#website\",\"url\":\"https:\\\/\\\/sdf.hr\\\/\",\"name\":\"SDF - Srpski demokratski forum\",\"description\":\"Srpski demokratski forum\",\"publisher\":{\"@id\":\"https:\\\/\\\/sdf.hr\\\/#organization\"},\"potentialAction\":[{\"@type\":\"SearchAction\",\"target\":{\"@type\":\"EntryPoint\",\"urlTemplate\":\"https:\\\/\\\/sdf.hr\\\/?s={search_term_string}\"},\"query-input\":{\"@type\":\"PropertyValueSpecification\",\"valueRequired\":true,\"valueName\":\"search_term_string\"}}],\"inLanguage\":\"hr\"},{\"@type\":\"Organization\",\"@id\":\"https:\\\/\\\/sdf.hr\\\/#organization\",\"name\":\"SDF - Srpski demokratski forum\",\"url\":\"https:\\\/\\\/sdf.hr\\\/\",\"logo\":{\"@type\":\"ImageObject\",\"inLanguage\":\"hr\",\"@id\":\"https:\\\/\\\/sdf.hr\\\/#\\\/schema\\\/logo\\\/image\\\/\",\"url\":\"https:\\\/\\\/sdf.hr\\\/wp-content\\\/uploads\\\/2021\\\/07\\\/logo-hr.svg\",\"contentUrl\":\"https:\\\/\\\/sdf.hr\\\/wp-content\\\/uploads\\\/2021\\\/07\\\/logo-hr.svg\",\"width\":271,\"height\":100,\"caption\":\"SDF - Srpski demokratski forum\"},\"image\":{\"@id\":\"https:\\\/\\\/sdf.hr\\\/#\\\/schema\\\/logo\\\/image\\\/\"}}]}<\/script>\n<!-- \/ Yoast SEO plugin. -->","yoast_head_json":{"title":"Sukana ka\u0161a - SDF - Srpski demokratski forum","robots":{"index":"index","follow":"follow","max-snippet":"max-snippet:-1","max-image-preview":"max-image-preview:large","max-video-preview":"max-video-preview:-1"},"canonical":"https:\/\/sdf.hr\/hr\/nada\/sukana-kasa\/","og_locale":"hr_HR","og_type":"article","og_title":"Sukana ka\u0161a - SDF - Srpski demokratski forum","og_description":"Osim recepata koje pronalazim u starim bilje\u017enicama, \u017eelim sa\u010duvati i recepte za jela koja su othranila generacije. Upravo takvo jelo je i sukana ka\u0161a","og_url":"https:\/\/sdf.hr\/hr\/nada\/sukana-kasa\/","og_site_name":"SDF - Srpski demokratski forum","article_modified_time":"2025-02-02T07:02:30+00:00","og_image":[{"width":2560,"height":1244,"url":"https:\/\/sdf.hr\/wp-content\/uploads\/2025\/01\/Kasa-scaled.jpg","type":"image\/jpeg"}],"twitter_card":"summary_large_image","twitter_misc":{"Procijenjeno vrijeme \u010ditanja":"3 minute"},"schema":{"@context":"https:\/\/schema.org","@graph":[{"@type":"WebPage","@id":"https:\/\/sdf.hr\/hr\/nada\/sukana-kasa\/","url":"https:\/\/sdf.hr\/hr\/nada\/sukana-kasa\/","name":"Sukana ka\u0161a - SDF - Srpski demokratski forum","isPartOf":{"@id":"https:\/\/sdf.hr\/#website"},"primaryImageOfPage":{"@id":"https:\/\/sdf.hr\/hr\/nada\/sukana-kasa\/#primaryimage"},"image":{"@id":"https:\/\/sdf.hr\/hr\/nada\/sukana-kasa\/#primaryimage"},"thumbnailUrl":"https:\/\/sdf.hr\/wp-content\/uploads\/2025\/01\/Kasa-scaled.jpg","datePublished":"2025-02-02T07:01:18+00:00","dateModified":"2025-02-02T07:02:30+00:00","breadcrumb":{"@id":"https:\/\/sdf.hr\/hr\/nada\/sukana-kasa\/#breadcrumb"},"inLanguage":"hr","potentialAction":[{"@type":"ReadAction","target":["https:\/\/sdf.hr\/hr\/nada\/sukana-kasa\/"]}]},{"@type":"ImageObject","inLanguage":"hr","@id":"https:\/\/sdf.hr\/hr\/nada\/sukana-kasa\/#primaryimage","url":"https:\/\/sdf.hr\/wp-content\/uploads\/2025\/01\/Kasa-scaled.jpg","contentUrl":"https:\/\/sdf.hr\/wp-content\/uploads\/2025\/01\/Kasa-scaled.jpg","width":2560,"height":1244},{"@type":"BreadcrumbList","@id":"https:\/\/sdf.hr\/hr\/nada\/sukana-kasa\/#breadcrumb","itemListElement":[{"@type":"ListItem","position":1,"name":"Po\u010detna stranica","item":"https:\/\/sdf.hr\/hr\/"},{"@type":"ListItem","position":2,"name":"Nada","item":"https:\/\/sdf.hr\/nada\/"},{"@type":"ListItem","position":3,"name":"Sukana ka\u0161a"}]},{"@type":"WebSite","@id":"https:\/\/sdf.hr\/#website","url":"https:\/\/sdf.hr\/","name":"SDF - Srpski demokratski forum","description":"Srpski demokratski forum","publisher":{"@id":"https:\/\/sdf.hr\/#organization"},"potentialAction":[{"@type":"SearchAction","target":{"@type":"EntryPoint","urlTemplate":"https:\/\/sdf.hr\/?s={search_term_string}"},"query-input":{"@type":"PropertyValueSpecification","valueRequired":true,"valueName":"search_term_string"}}],"inLanguage":"hr"},{"@type":"Organization","@id":"https:\/\/sdf.hr\/#organization","name":"SDF - Srpski demokratski forum","url":"https:\/\/sdf.hr\/","logo":{"@type":"ImageObject","inLanguage":"hr","@id":"https:\/\/sdf.hr\/#\/schema\/logo\/image\/","url":"https:\/\/sdf.hr\/wp-content\/uploads\/2021\/07\/logo-hr.svg","contentUrl":"https:\/\/sdf.hr\/wp-content\/uploads\/2021\/07\/logo-hr.svg","width":271,"height":100,"caption":"SDF - Srpski demokratski forum"},"image":{"@id":"https:\/\/sdf.hr\/#\/schema\/logo\/image\/"}}]}},"_links":{"self":[{"href":"https:\/\/sdf.hr\/hr\/wp-json\/wp\/v2\/nada\/5831","targetHints":{"allow":["GET"]}}],"collection":[{"href":"https:\/\/sdf.hr\/hr\/wp-json\/wp\/v2\/nada"}],"about":[{"href":"https:\/\/sdf.hr\/hr\/wp-json\/wp\/v2\/types\/nada"}],"wp:featuredmedia":[{"embeddable":true,"href":"https:\/\/sdf.hr\/hr\/wp-json\/wp\/v2\/media\/5830"}],"wp:attachment":[{"href":"https:\/\/sdf.hr\/hr\/wp-json\/wp\/v2\/media?parent=5831"}],"wp:term":[{"taxonomy":"post_tag","embeddable":true,"href":"https:\/\/sdf.hr\/hr\/wp-json\/wp\/v2\/tags?post=5831"},{"taxonomy":"atribut","embeddable":true,"href":"https:\/\/sdf.hr\/hr\/wp-json\/wp\/v2\/atribut?post=5831"}],"curies":[{"name":"wp","href":"https:\/\/api.w.org\/{rel}","templated":true}]}}