{"id":5851,"date":"2025-02-18T10:27:40","date_gmt":"2025-02-18T09:27:40","guid":{"rendered":"https:\/\/sdf.hr\/nada\/preko-pleca-stranih-radnika\/"},"modified":"2025-02-18T10:28:45","modified_gmt":"2025-02-18T09:28:45","slug":"preko-pleca-stranih-radnika","status":"publish","type":"nada","link":"https:\/\/sdf.hr\/hr\/nada\/preko-pleca-stranih-radnika\/","title":{"rendered":"Preko ple\u0107a stranih radnika"},"content":{"rendered":"<p>FIFA je svjetsko nogometno krovno govno, potvr\u0111uje se jo\u0161 jednom, ako je ikome jo\u0161 trebala takva potvrda. Naime, ta je organizacija nedavno odbacila pozive za neovisnim promatra\u010dem koji bi nadzirao uvjete rada migrantskih radnika u Saudijskoj Arabiji tijekom priprema za Svjetsko nogometno prvenstvo 2034. godine.<\/p>\n<p>Afri\u010dka regionalna organizacija Me\u0111unarodne konfederacije sindikata (ITUC-Africa), sindikalna organizacija koja predstavlja 18 milijuna afri\u010dkih radnika i radnica, pozvala je \u010delnike FIFA-e da pove\u0107aju za\u0161titu radnika dok se kre\u0107e u masovne gra\u0111evinske pothvate potrebne za odr\u017eavanje turnira. U svom su zahtjevu naveli niz mjera, uklju\u010duju\u0107i ukidanje <em>kafala<\/em> sustava rada i dopu\u0161tanje neovisnim promatra\u010dima da nadziru uvjete rada radnika. Podsjetimo, sustav &#8220;sponzoriranja&#8221; rada poznat pod nazivom <em>kafala<\/em> funkcionira tako da migrantski radnici pla\u0107aju velike naknade za zapo\u0161ljavanje, a poslodavci (preciznije: porobitelji) im \u010desto oduzimaju putovnice i kradu pla\u0107e, te radnici ne mogu promijeniti posao ili slobodno napustiti zemlju.<\/p>\n<p>FIFA je na zahtjeve ITUC-Africe odgovorila da su mjere koje su trenutno na snazi u Saudijskoj Arabiji dovoljne, tvrde\u0107i da nala\u017eu doma\u0107inima turnira da &#8220;po\u0161tuju svoje du\u017enosti i odgovornosti prema me\u0111unarodnim standardima ljudskih prava u svim aktivnostima povezanim s turnirom&#8221;. Procjenjuje se da vi\u0161e od 10 milijuna migrantskih radnika trenuta\u010dno boravi u Saudijskoj Arabiji i o\u010dekuje se da \u0107e oni \u010diniti ve\u0107inu radne snage potrebne za izgradnju gigantske infrastrukture Svjetskog nogometnog prvenstva. Projekti obe\u0107ani u sklopu pobjedni\u010dke (i jedine nominirane) saudijske kandidature uklju\u010duju izgradnju 11 novih stadiona, pro\u0161irenu prometnu mre\u017eu (nova zra\u010dna luka, ceste i \u017eeljeznice), i oko 185 tisu\u0107a hotelskih soba, udvostru\u010denje postoje\u0107eg hotelskog kapaciteta zemlje.<\/p>\n<p>Izgradnja te infrastrukture pada na ple\u0107a potpla\u0107enih i porobljenih migrantskih radnika, a financira se iz Saudijskog dr\u017eavnog fonda za javna ulaganja te uz pomo\u0107 naftnog i plinskog diva Aramca, FIFA-inog novog velikog svjetskog partnera. FIFA i njeni partneri iz saudijske vlade nedavno su se pohvalili da je ocjena kandidature Saudijske Arabije (419,8 od 500) &#8220;najvi\u0161a ikada u povijesti Svjetskog prvenstva u nogometu&#8221;. FIFA je tu ocjenu dala zemlji koja gu\u0161i sve poku\u0161aje radni\u010dkog organiziranja, u kojoj su zabranjeni sindikati i prosvjedi, u kojoj nema slobode medija, koju vodi duboko ekonomski represivna i regionalno ratno involvirana vlast. S takvima je, zapravo, i najprimjerenije da ovakva FIFA posluje.<\/p>\n<p>Mo\u017eda je i bolje da su odbili prijedlog neovisnih promatra\u010da, ako \u0107emo se voditi pou\u010dkom Svjetskog nogometnog prvenstva u Kataru 2022. Naime, krajem lanjske godine \u010delnici FIFA-e odbacili su neovisno izvje\u0161\u0107e organizacije koje potvr\u0111uje da FIFA &#8220;ima odgovornost&#8221; za obe\u0161te\u0107enje obitelji tisu\u0107a migrantskih radnika koji su poginuli grade\u0107i infrastrukturu za prvenstvo u Kataru. Samo tako, odba\u010deno. Idemo dalje, ubudu\u0107e se ne\u0107emo zamarati ni odbacivanjem izvje\u0161taja.<\/p>\n<p>Bit \u0107e, dodu\u0161e, i dalje onih koji &#8220;sa strane&#8221; vode evidencije i skre\u0107u pa\u017enju na ljudsku cijenu spektakularnog prvenstva, pa tako Human Rights Watch ve\u0107 bilje\u017ei da je 884 migrantskih radnika iz Banglade\u0161a umrlo u Saudijskoj Arabiji izme\u0111u januara i jula 2024. godine. &#8220;Kamo su one ve\u010deri, kada je dovr\u0161en Kineski zid, po\u0161li zidari?&#8221;, pitao je davno <strong>Bertolt Brecht<\/strong>, a za dio radnika upregnutih u jo\u0161 jednu grandioznu nogometnu smotru mo\u017eemo ra\u010dunati da \u0107e to\u010dan odgovor biti \u2013 u grob.<\/p>\n<p><em>pi\u0161e Ivana Peri\u0107<\/em><\/p>\n","protected":false},"excerpt":{"rendered":"<p>FIFA je ponovno odbacila pozive za neovisnim promatra\u010dem koji bi nadzirao uvjete rada migrantskih radnika, ovaj put u Saudijskoj Arabiji, tijekom priprema za Svjetsko nogometno prvenstvo koje \u0107e se odr\u017eati 2034. godine<\/p>\n","protected":false},"featured_media":5850,"template":"","tags":[40],"atribut":[],"class_list":["post-5851","nada","type-nada","status-publish","has-post-thumbnail","hentry","tag-dvokorak-naprijed"],"acf":[],"yoast_head":"<!-- This site is optimized with the Yoast SEO plugin v27.4 - https:\/\/yoast.com\/product\/yoast-seo-wordpress\/ -->\n<title>Preko ple\u0107a stranih radnika - SDF - Srpski demokratski forum<\/title>\n<meta name=\"robots\" content=\"index, follow, max-snippet:-1, max-image-preview:large, max-video-preview:-1\" \/>\n<link rel=\"canonical\" href=\"https:\/\/sdf.hr\/hr\/nada\/preko-pleca-stranih-radnika\/\" \/>\n<meta property=\"og:locale\" content=\"hr_HR\" \/>\n<meta property=\"og:type\" content=\"article\" \/>\n<meta property=\"og:title\" content=\"Preko ple\u0107a stranih radnika - SDF - Srpski demokratski forum\" \/>\n<meta property=\"og:description\" content=\"FIFA je ponovno odbacila pozive za neovisnim promatra\u010dem koji bi nadzirao uvjete rada migrantskih radnika, ovaj put u Saudijskoj Arabiji, tijekom priprema za Svjetsko nogometno prvenstvo koje \u0107e se odr\u017eati 2034. godine\" \/>\n<meta property=\"og:url\" content=\"https:\/\/sdf.hr\/hr\/nada\/preko-pleca-stranih-radnika\/\" \/>\n<meta property=\"og:site_name\" content=\"SDF - Srpski demokratski forum\" \/>\n<meta property=\"article:modified_time\" content=\"2025-02-18T09:28:45+00:00\" \/>\n<meta property=\"og:image\" content=\"https:\/\/sdf.hr\/wp-content\/uploads\/2025\/02\/Strani-radnici_Hrvoje-Jelavic-scaled.jpg\" \/>\n\t<meta property=\"og:image:width\" content=\"2560\" \/>\n\t<meta property=\"og:image:height\" content=\"1705\" \/>\n\t<meta property=\"og:image:type\" content=\"image\/jpeg\" \/>\n<meta name=\"twitter:card\" content=\"summary_large_image\" \/>\n<meta name=\"twitter:label1\" content=\"Procijenjeno vrijeme \u010ditanja\" \/>\n\t<meta name=\"twitter:data1\" content=\"3 minute\" \/>\n<script type=\"application\/ld+json\" class=\"yoast-schema-graph\">{\"@context\":\"https:\\\/\\\/schema.org\",\"@graph\":[{\"@type\":\"WebPage\",\"@id\":\"https:\\\/\\\/sdf.hr\\\/hr\\\/nada\\\/preko-pleca-stranih-radnika\\\/\",\"url\":\"https:\\\/\\\/sdf.hr\\\/hr\\\/nada\\\/preko-pleca-stranih-radnika\\\/\",\"name\":\"Preko ple\u0107a stranih radnika - SDF - Srpski demokratski forum\",\"isPartOf\":{\"@id\":\"https:\\\/\\\/sdf.hr\\\/#website\"},\"primaryImageOfPage\":{\"@id\":\"https:\\\/\\\/sdf.hr\\\/hr\\\/nada\\\/preko-pleca-stranih-radnika\\\/#primaryimage\"},\"image\":{\"@id\":\"https:\\\/\\\/sdf.hr\\\/hr\\\/nada\\\/preko-pleca-stranih-radnika\\\/#primaryimage\"},\"thumbnailUrl\":\"https:\\\/\\\/sdf.hr\\\/wp-content\\\/uploads\\\/2025\\\/02\\\/Strani-radnici_Hrvoje-Jelavic-scaled.jpg\",\"datePublished\":\"2025-02-18T09:27:40+00:00\",\"dateModified\":\"2025-02-18T09:28:45+00:00\",\"breadcrumb\":{\"@id\":\"https:\\\/\\\/sdf.hr\\\/hr\\\/nada\\\/preko-pleca-stranih-radnika\\\/#breadcrumb\"},\"inLanguage\":\"hr\",\"potentialAction\":[{\"@type\":\"ReadAction\",\"target\":[\"https:\\\/\\\/sdf.hr\\\/hr\\\/nada\\\/preko-pleca-stranih-radnika\\\/\"]}]},{\"@type\":\"ImageObject\",\"inLanguage\":\"hr\",\"@id\":\"https:\\\/\\\/sdf.hr\\\/hr\\\/nada\\\/preko-pleca-stranih-radnika\\\/#primaryimage\",\"url\":\"https:\\\/\\\/sdf.hr\\\/wp-content\\\/uploads\\\/2025\\\/02\\\/Strani-radnici_Hrvoje-Jelavic-scaled.jpg\",\"contentUrl\":\"https:\\\/\\\/sdf.hr\\\/wp-content\\\/uploads\\\/2025\\\/02\\\/Strani-radnici_Hrvoje-Jelavic-scaled.jpg\",\"width\":2560,\"height\":1705,\"caption\":\"Upregnuti u jo\u0161 jednu nogometnu smotru (Foto: Hrvoje Jelavi\u0107\\\/PIXSELL)\"},{\"@type\":\"BreadcrumbList\",\"@id\":\"https:\\\/\\\/sdf.hr\\\/hr\\\/nada\\\/preko-pleca-stranih-radnika\\\/#breadcrumb\",\"itemListElement\":[{\"@type\":\"ListItem\",\"position\":1,\"name\":\"Po\u010detna stranica\",\"item\":\"https:\\\/\\\/sdf.hr\\\/hr\\\/\"},{\"@type\":\"ListItem\",\"position\":2,\"name\":\"Nada\",\"item\":\"https:\\\/\\\/sdf.hr\\\/nada\\\/\"},{\"@type\":\"ListItem\",\"position\":3,\"name\":\"Preko ple\u0107a stranih radnika\"}]},{\"@type\":\"WebSite\",\"@id\":\"https:\\\/\\\/sdf.hr\\\/#website\",\"url\":\"https:\\\/\\\/sdf.hr\\\/\",\"name\":\"SDF - Srpski demokratski forum\",\"description\":\"Srpski demokratski forum\",\"publisher\":{\"@id\":\"https:\\\/\\\/sdf.hr\\\/#organization\"},\"potentialAction\":[{\"@type\":\"SearchAction\",\"target\":{\"@type\":\"EntryPoint\",\"urlTemplate\":\"https:\\\/\\\/sdf.hr\\\/?s={search_term_string}\"},\"query-input\":{\"@type\":\"PropertyValueSpecification\",\"valueRequired\":true,\"valueName\":\"search_term_string\"}}],\"inLanguage\":\"hr\"},{\"@type\":\"Organization\",\"@id\":\"https:\\\/\\\/sdf.hr\\\/#organization\",\"name\":\"SDF - Srpski demokratski forum\",\"url\":\"https:\\\/\\\/sdf.hr\\\/\",\"logo\":{\"@type\":\"ImageObject\",\"inLanguage\":\"hr\",\"@id\":\"https:\\\/\\\/sdf.hr\\\/#\\\/schema\\\/logo\\\/image\\\/\",\"url\":\"https:\\\/\\\/sdf.hr\\\/wp-content\\\/uploads\\\/2021\\\/07\\\/logo-hr.svg\",\"contentUrl\":\"https:\\\/\\\/sdf.hr\\\/wp-content\\\/uploads\\\/2021\\\/07\\\/logo-hr.svg\",\"width\":271,\"height\":100,\"caption\":\"SDF - Srpski demokratski forum\"},\"image\":{\"@id\":\"https:\\\/\\\/sdf.hr\\\/#\\\/schema\\\/logo\\\/image\\\/\"}}]}<\/script>\n<!-- \/ Yoast SEO plugin. -->","yoast_head_json":{"title":"Preko ple\u0107a stranih radnika - SDF - Srpski demokratski forum","robots":{"index":"index","follow":"follow","max-snippet":"max-snippet:-1","max-image-preview":"max-image-preview:large","max-video-preview":"max-video-preview:-1"},"canonical":"https:\/\/sdf.hr\/hr\/nada\/preko-pleca-stranih-radnika\/","og_locale":"hr_HR","og_type":"article","og_title":"Preko ple\u0107a stranih radnika - SDF - Srpski demokratski forum","og_description":"FIFA je ponovno odbacila pozive za neovisnim promatra\u010dem koji bi nadzirao uvjete rada migrantskih radnika, ovaj put u Saudijskoj Arabiji, tijekom priprema za Svjetsko nogometno prvenstvo koje \u0107e se odr\u017eati 2034. godine","og_url":"https:\/\/sdf.hr\/hr\/nada\/preko-pleca-stranih-radnika\/","og_site_name":"SDF - Srpski demokratski forum","article_modified_time":"2025-02-18T09:28:45+00:00","og_image":[{"width":2560,"height":1705,"url":"https:\/\/sdf.hr\/wp-content\/uploads\/2025\/02\/Strani-radnici_Hrvoje-Jelavic-scaled.jpg","type":"image\/jpeg"}],"twitter_card":"summary_large_image","twitter_misc":{"Procijenjeno vrijeme \u010ditanja":"3 minute"},"schema":{"@context":"https:\/\/schema.org","@graph":[{"@type":"WebPage","@id":"https:\/\/sdf.hr\/hr\/nada\/preko-pleca-stranih-radnika\/","url":"https:\/\/sdf.hr\/hr\/nada\/preko-pleca-stranih-radnika\/","name":"Preko ple\u0107a stranih radnika - SDF - Srpski demokratski forum","isPartOf":{"@id":"https:\/\/sdf.hr\/#website"},"primaryImageOfPage":{"@id":"https:\/\/sdf.hr\/hr\/nada\/preko-pleca-stranih-radnika\/#primaryimage"},"image":{"@id":"https:\/\/sdf.hr\/hr\/nada\/preko-pleca-stranih-radnika\/#primaryimage"},"thumbnailUrl":"https:\/\/sdf.hr\/wp-content\/uploads\/2025\/02\/Strani-radnici_Hrvoje-Jelavic-scaled.jpg","datePublished":"2025-02-18T09:27:40+00:00","dateModified":"2025-02-18T09:28:45+00:00","breadcrumb":{"@id":"https:\/\/sdf.hr\/hr\/nada\/preko-pleca-stranih-radnika\/#breadcrumb"},"inLanguage":"hr","potentialAction":[{"@type":"ReadAction","target":["https:\/\/sdf.hr\/hr\/nada\/preko-pleca-stranih-radnika\/"]}]},{"@type":"ImageObject","inLanguage":"hr","@id":"https:\/\/sdf.hr\/hr\/nada\/preko-pleca-stranih-radnika\/#primaryimage","url":"https:\/\/sdf.hr\/wp-content\/uploads\/2025\/02\/Strani-radnici_Hrvoje-Jelavic-scaled.jpg","contentUrl":"https:\/\/sdf.hr\/wp-content\/uploads\/2025\/02\/Strani-radnici_Hrvoje-Jelavic-scaled.jpg","width":2560,"height":1705,"caption":"Upregnuti u jo\u0161 jednu nogometnu smotru (Foto: Hrvoje Jelavi\u0107\/PIXSELL)"},{"@type":"BreadcrumbList","@id":"https:\/\/sdf.hr\/hr\/nada\/preko-pleca-stranih-radnika\/#breadcrumb","itemListElement":[{"@type":"ListItem","position":1,"name":"Po\u010detna stranica","item":"https:\/\/sdf.hr\/hr\/"},{"@type":"ListItem","position":2,"name":"Nada","item":"https:\/\/sdf.hr\/nada\/"},{"@type":"ListItem","position":3,"name":"Preko ple\u0107a stranih radnika"}]},{"@type":"WebSite","@id":"https:\/\/sdf.hr\/#website","url":"https:\/\/sdf.hr\/","name":"SDF - Srpski demokratski forum","description":"Srpski demokratski forum","publisher":{"@id":"https:\/\/sdf.hr\/#organization"},"potentialAction":[{"@type":"SearchAction","target":{"@type":"EntryPoint","urlTemplate":"https:\/\/sdf.hr\/?s={search_term_string}"},"query-input":{"@type":"PropertyValueSpecification","valueRequired":true,"valueName":"search_term_string"}}],"inLanguage":"hr"},{"@type":"Organization","@id":"https:\/\/sdf.hr\/#organization","name":"SDF - Srpski demokratski forum","url":"https:\/\/sdf.hr\/","logo":{"@type":"ImageObject","inLanguage":"hr","@id":"https:\/\/sdf.hr\/#\/schema\/logo\/image\/","url":"https:\/\/sdf.hr\/wp-content\/uploads\/2021\/07\/logo-hr.svg","contentUrl":"https:\/\/sdf.hr\/wp-content\/uploads\/2021\/07\/logo-hr.svg","width":271,"height":100,"caption":"SDF - Srpski demokratski forum"},"image":{"@id":"https:\/\/sdf.hr\/#\/schema\/logo\/image\/"}}]}},"_links":{"self":[{"href":"https:\/\/sdf.hr\/hr\/wp-json\/wp\/v2\/nada\/5851","targetHints":{"allow":["GET"]}}],"collection":[{"href":"https:\/\/sdf.hr\/hr\/wp-json\/wp\/v2\/nada"}],"about":[{"href":"https:\/\/sdf.hr\/hr\/wp-json\/wp\/v2\/types\/nada"}],"wp:featuredmedia":[{"embeddable":true,"href":"https:\/\/sdf.hr\/hr\/wp-json\/wp\/v2\/media\/5850"}],"wp:attachment":[{"href":"https:\/\/sdf.hr\/hr\/wp-json\/wp\/v2\/media?parent=5851"}],"wp:term":[{"taxonomy":"post_tag","embeddable":true,"href":"https:\/\/sdf.hr\/hr\/wp-json\/wp\/v2\/tags?post=5851"},{"taxonomy":"atribut","embeddable":true,"href":"https:\/\/sdf.hr\/hr\/wp-json\/wp\/v2\/atribut?post=5851"}],"curies":[{"name":"wp","href":"https:\/\/api.w.org\/{rel}","templated":true}]}}