{"id":5927,"date":"2025-02-22T08:02:14","date_gmt":"2025-02-22T07:02:14","guid":{"rendered":"https:\/\/sdf.hr\/nada\/krafne-s-domacim-kvascem\/"},"modified":"2025-02-22T08:09:45","modified_gmt":"2025-02-22T07:09:45","slug":"krafne-s-domacim-kvascem","status":"publish","type":"nada","link":"https:\/\/sdf.hr\/hr\/nada\/krafne-s-domacim-kvascem\/","title":{"rendered":"Krafne s doma\u0107im kvascem"},"content":{"rendered":"<p>Kako ve\u0107 tri godine uzgajam svoj doma\u0107i kvasac, starter odnosno kvas, tako sva dizana tijesta radim upravo s njim. Zbog toga sam prilagodila i starinski recept za krafne ili pokladnice. Moj kvas je od bijelog p\u0161eni\u010dnog bra\u0161na i s upola manje vode te spada u \u010dvrste startere (izgleda kao kugla tijesta). Ima blago jogurtastu aromu i odli\u010dno se pona\u0161a u slatkim, te\u0161kim tijestima koja sadr\u017ee jaja, maslac i \u0161e\u0107er.<\/p>\n<p>Doma\u0107em kvasu treba vrijeme da bi odradio svoje, ali je zato okus ovih krafni nenadma\u0161an pa se odva\u017eite i pripremite ih. Sama izrada se ne razlikuje bitno od klasi\u010dnog recepta, isti su sastojci i jedino \u0161to trebate je malo strpljenja i vremena za fermentaciju i dizanje. Ove krafne su meke, pahuljaste i so\u010dne \u010dak i idu\u0107eg dana (ako vam koja ostane), a mo\u017eete ih napuniti omiljenim nadjevom. Kod mene je to uvijek doma\u0107i pekmez od marelice.<\/p>\n<p>&nbsp;<\/p>\n<p><strong><em>Sastojci:<\/em><\/strong><\/p>\n<p>500 g glatkog p\u0161eni\u010dnog bra\u0161na<\/p>\n<p>250 g mlakog mlijeka<\/p>\n<p>60 g \u0161e\u0107era<\/p>\n<p>\u017elica ruma<\/p>\n<p>pola \u017eli\u010dice soli<\/p>\n<p>korica limuna ili naran\u010de<\/p>\n<p>5 \u017eumanjaka<\/p>\n<p>150 g \u010dvrstog bijelog kvasa<\/p>\n<p>80 g omek\u0161alog maslaca<\/p>\n<p>&nbsp;<\/p>\n<p><strong><em>Priprema:<\/em><\/strong><\/p>\n<p>Prije same izrade krafni, dobro je dan prije nahraniti, odnosno osvje\u017eiti kvas. Kvas osvje\u017eavam (hranim) u omjeru 1: 1 : 2 (kvas, voda, bra\u0161no), dobro umijesim i ostavim nekoliko sati da naraste. Nakon toga ga spremim u hladnjak.<\/p>\n<p>Tijesto za krafne obi\u010dno umijesim u popodnevnim satima. Koristim samostoje\u0107i mikser i spiralni nastavak za tijesto. U zdjelu od miksera stavite sve sastojke osim maslaca. Mijesite dok tijesto ne postane glatko pa ga pokrijte i ostavite da se odmori 15 minuta. Dodajte omek\u0161ali maslac malo po malo i mijesite 15 do 20 minuta. Kada je tijesto glatko i sjajno te se odvaja od posude, pokrijte ga i ostavite da raste. Kada vidite da je po\u010delo rasti odnosno da se aktiviralo, spremite ga u hladnjak.<\/p>\n<p>Idu\u0107eg dana ujutro izvadite tijesto iz hladnjaka te radite kuglice od cca 80 g (va\u017eem svaku). Kuglice radite tako da dobro zategnete povr\u0161inu svake kuglice povla\u010denjem po podlozi i sla\u017eite ih na pobra\u0161njenu podlogu (papir za pe\u010denje ili platnenu krpu). Malo ih spljo\u0161tite, pokrijte i ostavite da narastu. Ovisno o temperaturi prostorije trebat \u0107e im otprilike \u010detiri do \u0161est sati. Moraju se udvostru\u010diti.<\/p>\n<p>Krafne pr\u017eite u vru\u0107oj masno\u0107i (kod mene je to mje\u0161avina svinjske masti i suncokretovog ulja) u dubokoj zdjeli jer moraju plivati. Ukoliko je premala koli\u010dina masno\u0107e, dodirivat \u0107e dno posude i mogu zagorjeti. Temperatura masno\u0107e ne bi trebala prije\u0107i 170 stupnjeva da krafne ne bi prebrzo potamnile. Krafne se stavljaju gornjom stranom u vrelo ulje, poklope se i nakon tri do \u010detiri minute okrenu i pr\u017ee bez poklopca.<\/p>\n<p>Napunite ih po \u017eelji omiljenom kremom, a meni su najbolje po starinski s pekmezom od marelice. Za puniti krafne koristim vre\u0107icu na koju stavim duga\u010dki, uski nastavak za ukra\u0161avanje torti. Prije poslu\u017eivanja ih mo\u017eete posuti \u0161e\u0107erom u prahu.<\/p>\n<p>Dobar tek!<\/p>\n<p><em>pi\u0161e Valentina Vukadinovi\u0107<\/em><\/p>\n","protected":false},"excerpt":{"rendered":"<p>Doma\u0107em kvasu treba vrijeme da bi odradio svoje, ali je zato okus ovih krafni nenadma\u0161an pa se odva\u017eite i pripremite ih. Sama izrada se ne razlikuje bitno od klasi\u010dnog recepta, isti su sastojci i jedino \u0161to trebate je malo strpljenja i vremena<\/p>\n","protected":false},"featured_media":5926,"template":"","tags":[42],"atribut":[],"class_list":["post-5927","nada","type-nada","status-publish","has-post-thumbnail","hentry","tag-gorski-kotao"],"acf":[],"yoast_head":"<!-- This site is optimized with the Yoast SEO plugin v27.4 - https:\/\/yoast.com\/product\/yoast-seo-wordpress\/ -->\n<title>Krafne s doma\u0107im kvascem - SDF - Srpski demokratski forum<\/title>\n<meta name=\"robots\" content=\"index, follow, max-snippet:-1, max-image-preview:large, max-video-preview:-1\" \/>\n<link rel=\"canonical\" href=\"https:\/\/sdf.hr\/hr\/nada\/krafne-s-domacim-kvascem\/\" \/>\n<meta property=\"og:locale\" content=\"hr_HR\" \/>\n<meta property=\"og:type\" content=\"article\" \/>\n<meta property=\"og:title\" content=\"Krafne s doma\u0107im kvascem - SDF - Srpski demokratski forum\" \/>\n<meta property=\"og:description\" content=\"Doma\u0107em kvasu treba vrijeme da bi odradio svoje, ali je zato okus ovih krafni nenadma\u0161an pa se odva\u017eite i pripremite ih. Sama izrada se ne razlikuje bitno od klasi\u010dnog recepta, isti su sastojci i jedino \u0161to trebate je malo strpljenja i vremena\" \/>\n<meta property=\"og:url\" content=\"https:\/\/sdf.hr\/hr\/nada\/krafne-s-domacim-kvascem\/\" \/>\n<meta property=\"og:site_name\" content=\"SDF - Srpski demokratski forum\" \/>\n<meta property=\"article:modified_time\" content=\"2025-02-22T07:09:45+00:00\" \/>\n<meta property=\"og:image\" content=\"https:\/\/sdf.hr\/wp-content\/uploads\/2025\/02\/Krafne-scaled.jpg\" \/>\n\t<meta property=\"og:image:width\" content=\"2560\" \/>\n\t<meta property=\"og:image:height\" content=\"1920\" \/>\n\t<meta property=\"og:image:type\" content=\"image\/jpeg\" \/>\n<meta name=\"twitter:card\" content=\"summary_large_image\" \/>\n<meta name=\"twitter:label1\" content=\"Procijenjeno vrijeme \u010ditanja\" \/>\n\t<meta name=\"twitter:data1\" content=\"3 minute\" \/>\n<script type=\"application\/ld+json\" class=\"yoast-schema-graph\">{\"@context\":\"https:\\\/\\\/schema.org\",\"@graph\":[{\"@type\":\"WebPage\",\"@id\":\"https:\\\/\\\/sdf.hr\\\/hr\\\/nada\\\/krafne-s-domacim-kvascem\\\/\",\"url\":\"https:\\\/\\\/sdf.hr\\\/hr\\\/nada\\\/krafne-s-domacim-kvascem\\\/\",\"name\":\"Krafne s doma\u0107im kvascem - SDF - Srpski demokratski forum\",\"isPartOf\":{\"@id\":\"https:\\\/\\\/sdf.hr\\\/#website\"},\"primaryImageOfPage\":{\"@id\":\"https:\\\/\\\/sdf.hr\\\/hr\\\/nada\\\/krafne-s-domacim-kvascem\\\/#primaryimage\"},\"image\":{\"@id\":\"https:\\\/\\\/sdf.hr\\\/hr\\\/nada\\\/krafne-s-domacim-kvascem\\\/#primaryimage\"},\"thumbnailUrl\":\"https:\\\/\\\/sdf.hr\\\/wp-content\\\/uploads\\\/2025\\\/02\\\/Krafne-scaled.jpg\",\"datePublished\":\"2025-02-22T07:02:14+00:00\",\"dateModified\":\"2025-02-22T07:09:45+00:00\",\"breadcrumb\":{\"@id\":\"https:\\\/\\\/sdf.hr\\\/hr\\\/nada\\\/krafne-s-domacim-kvascem\\\/#breadcrumb\"},\"inLanguage\":\"hr\",\"potentialAction\":[{\"@type\":\"ReadAction\",\"target\":[\"https:\\\/\\\/sdf.hr\\\/hr\\\/nada\\\/krafne-s-domacim-kvascem\\\/\"]}]},{\"@type\":\"ImageObject\",\"inLanguage\":\"hr\",\"@id\":\"https:\\\/\\\/sdf.hr\\\/hr\\\/nada\\\/krafne-s-domacim-kvascem\\\/#primaryimage\",\"url\":\"https:\\\/\\\/sdf.hr\\\/wp-content\\\/uploads\\\/2025\\\/02\\\/Krafne-scaled.jpg\",\"contentUrl\":\"https:\\\/\\\/sdf.hr\\\/wp-content\\\/uploads\\\/2025\\\/02\\\/Krafne-scaled.jpg\",\"width\":2560,\"height\":1920},{\"@type\":\"BreadcrumbList\",\"@id\":\"https:\\\/\\\/sdf.hr\\\/hr\\\/nada\\\/krafne-s-domacim-kvascem\\\/#breadcrumb\",\"itemListElement\":[{\"@type\":\"ListItem\",\"position\":1,\"name\":\"Po\u010detna stranica\",\"item\":\"https:\\\/\\\/sdf.hr\\\/hr\\\/\"},{\"@type\":\"ListItem\",\"position\":2,\"name\":\"Nada\",\"item\":\"https:\\\/\\\/sdf.hr\\\/nada\\\/\"},{\"@type\":\"ListItem\",\"position\":3,\"name\":\"Krafne s doma\u0107im kvascem\"}]},{\"@type\":\"WebSite\",\"@id\":\"https:\\\/\\\/sdf.hr\\\/#website\",\"url\":\"https:\\\/\\\/sdf.hr\\\/\",\"name\":\"SDF - Srpski demokratski forum\",\"description\":\"Srpski demokratski forum\",\"publisher\":{\"@id\":\"https:\\\/\\\/sdf.hr\\\/#organization\"},\"potentialAction\":[{\"@type\":\"SearchAction\",\"target\":{\"@type\":\"EntryPoint\",\"urlTemplate\":\"https:\\\/\\\/sdf.hr\\\/?s={search_term_string}\"},\"query-input\":{\"@type\":\"PropertyValueSpecification\",\"valueRequired\":true,\"valueName\":\"search_term_string\"}}],\"inLanguage\":\"hr\"},{\"@type\":\"Organization\",\"@id\":\"https:\\\/\\\/sdf.hr\\\/#organization\",\"name\":\"SDF - Srpski demokratski forum\",\"url\":\"https:\\\/\\\/sdf.hr\\\/\",\"logo\":{\"@type\":\"ImageObject\",\"inLanguage\":\"hr\",\"@id\":\"https:\\\/\\\/sdf.hr\\\/#\\\/schema\\\/logo\\\/image\\\/\",\"url\":\"https:\\\/\\\/sdf.hr\\\/wp-content\\\/uploads\\\/2021\\\/07\\\/logo-hr.svg\",\"contentUrl\":\"https:\\\/\\\/sdf.hr\\\/wp-content\\\/uploads\\\/2021\\\/07\\\/logo-hr.svg\",\"width\":271,\"height\":100,\"caption\":\"SDF - Srpski demokratski forum\"},\"image\":{\"@id\":\"https:\\\/\\\/sdf.hr\\\/#\\\/schema\\\/logo\\\/image\\\/\"}}]}<\/script>\n<!-- \/ Yoast SEO plugin. -->","yoast_head_json":{"title":"Krafne s doma\u0107im kvascem - SDF - Srpski demokratski forum","robots":{"index":"index","follow":"follow","max-snippet":"max-snippet:-1","max-image-preview":"max-image-preview:large","max-video-preview":"max-video-preview:-1"},"canonical":"https:\/\/sdf.hr\/hr\/nada\/krafne-s-domacim-kvascem\/","og_locale":"hr_HR","og_type":"article","og_title":"Krafne s doma\u0107im kvascem - SDF - Srpski demokratski forum","og_description":"Doma\u0107em kvasu treba vrijeme da bi odradio svoje, ali je zato okus ovih krafni nenadma\u0161an pa se odva\u017eite i pripremite ih. Sama izrada se ne razlikuje bitno od klasi\u010dnog recepta, isti su sastojci i jedino \u0161to trebate je malo strpljenja i vremena","og_url":"https:\/\/sdf.hr\/hr\/nada\/krafne-s-domacim-kvascem\/","og_site_name":"SDF - Srpski demokratski forum","article_modified_time":"2025-02-22T07:09:45+00:00","og_image":[{"width":2560,"height":1920,"url":"https:\/\/sdf.hr\/wp-content\/uploads\/2025\/02\/Krafne-scaled.jpg","type":"image\/jpeg"}],"twitter_card":"summary_large_image","twitter_misc":{"Procijenjeno vrijeme \u010ditanja":"3 minute"},"schema":{"@context":"https:\/\/schema.org","@graph":[{"@type":"WebPage","@id":"https:\/\/sdf.hr\/hr\/nada\/krafne-s-domacim-kvascem\/","url":"https:\/\/sdf.hr\/hr\/nada\/krafne-s-domacim-kvascem\/","name":"Krafne s doma\u0107im kvascem - SDF - Srpski demokratski forum","isPartOf":{"@id":"https:\/\/sdf.hr\/#website"},"primaryImageOfPage":{"@id":"https:\/\/sdf.hr\/hr\/nada\/krafne-s-domacim-kvascem\/#primaryimage"},"image":{"@id":"https:\/\/sdf.hr\/hr\/nada\/krafne-s-domacim-kvascem\/#primaryimage"},"thumbnailUrl":"https:\/\/sdf.hr\/wp-content\/uploads\/2025\/02\/Krafne-scaled.jpg","datePublished":"2025-02-22T07:02:14+00:00","dateModified":"2025-02-22T07:09:45+00:00","breadcrumb":{"@id":"https:\/\/sdf.hr\/hr\/nada\/krafne-s-domacim-kvascem\/#breadcrumb"},"inLanguage":"hr","potentialAction":[{"@type":"ReadAction","target":["https:\/\/sdf.hr\/hr\/nada\/krafne-s-domacim-kvascem\/"]}]},{"@type":"ImageObject","inLanguage":"hr","@id":"https:\/\/sdf.hr\/hr\/nada\/krafne-s-domacim-kvascem\/#primaryimage","url":"https:\/\/sdf.hr\/wp-content\/uploads\/2025\/02\/Krafne-scaled.jpg","contentUrl":"https:\/\/sdf.hr\/wp-content\/uploads\/2025\/02\/Krafne-scaled.jpg","width":2560,"height":1920},{"@type":"BreadcrumbList","@id":"https:\/\/sdf.hr\/hr\/nada\/krafne-s-domacim-kvascem\/#breadcrumb","itemListElement":[{"@type":"ListItem","position":1,"name":"Po\u010detna stranica","item":"https:\/\/sdf.hr\/hr\/"},{"@type":"ListItem","position":2,"name":"Nada","item":"https:\/\/sdf.hr\/nada\/"},{"@type":"ListItem","position":3,"name":"Krafne s doma\u0107im kvascem"}]},{"@type":"WebSite","@id":"https:\/\/sdf.hr\/#website","url":"https:\/\/sdf.hr\/","name":"SDF - Srpski demokratski forum","description":"Srpski demokratski forum","publisher":{"@id":"https:\/\/sdf.hr\/#organization"},"potentialAction":[{"@type":"SearchAction","target":{"@type":"EntryPoint","urlTemplate":"https:\/\/sdf.hr\/?s={search_term_string}"},"query-input":{"@type":"PropertyValueSpecification","valueRequired":true,"valueName":"search_term_string"}}],"inLanguage":"hr"},{"@type":"Organization","@id":"https:\/\/sdf.hr\/#organization","name":"SDF - Srpski demokratski forum","url":"https:\/\/sdf.hr\/","logo":{"@type":"ImageObject","inLanguage":"hr","@id":"https:\/\/sdf.hr\/#\/schema\/logo\/image\/","url":"https:\/\/sdf.hr\/wp-content\/uploads\/2021\/07\/logo-hr.svg","contentUrl":"https:\/\/sdf.hr\/wp-content\/uploads\/2021\/07\/logo-hr.svg","width":271,"height":100,"caption":"SDF - Srpski demokratski forum"},"image":{"@id":"https:\/\/sdf.hr\/#\/schema\/logo\/image\/"}}]}},"_links":{"self":[{"href":"https:\/\/sdf.hr\/hr\/wp-json\/wp\/v2\/nada\/5927","targetHints":{"allow":["GET"]}}],"collection":[{"href":"https:\/\/sdf.hr\/hr\/wp-json\/wp\/v2\/nada"}],"about":[{"href":"https:\/\/sdf.hr\/hr\/wp-json\/wp\/v2\/types\/nada"}],"wp:featuredmedia":[{"embeddable":true,"href":"https:\/\/sdf.hr\/hr\/wp-json\/wp\/v2\/media\/5926"}],"wp:attachment":[{"href":"https:\/\/sdf.hr\/hr\/wp-json\/wp\/v2\/media?parent=5927"}],"wp:term":[{"taxonomy":"post_tag","embeddable":true,"href":"https:\/\/sdf.hr\/hr\/wp-json\/wp\/v2\/tags?post=5927"},{"taxonomy":"atribut","embeddable":true,"href":"https:\/\/sdf.hr\/hr\/wp-json\/wp\/v2\/atribut?post=5927"}],"curies":[{"name":"wp","href":"https:\/\/api.w.org\/{rel}","templated":true}]}}