{"id":5965,"date":"2025-02-28T11:54:07","date_gmt":"2025-02-28T10:54:07","guid":{"rendered":"https:\/\/sdf.hr\/nada\/dalmacija-u-mom-videu\/"},"modified":"2025-02-28T11:54:27","modified_gmt":"2025-02-28T10:54:27","slug":"dalmacija-u-mom-videu","status":"publish","type":"nada","link":"https:\/\/sdf.hr\/hr\/nada\/dalmacija-u-mom-videu\/","title":{"rendered":"Dalmacija u mom videu"},"content":{"rendered":"<p>Kroz smreku i grabi\u0107, kroz polje maslina, preko tepiha od maj\u010dine du\u0161ice i kamenitog makadama, duboko, duboko u Bukovicu, sti\u017ee kamera <strong>Milorada Tomasovi\u0107a<\/strong> da upije svaku slatku boju zavi\u010daja. \u010covjek u radnom odjelu plave boje nikog nije o\u010dekivao, pa ni Milorada, ali je spreman da porazgovara i otkrije brojnim pratiteljima <a href=\"https:\/\/www.youtube.com\/@bornindalmatia\">kanala &#8220;Born in Dalmatia&#8221;<\/a>\u00a0poneku crticu o svom selu. Iza le\u0111a mu vire vrhovi Dinare, a snimkom dominiraju mekani zvukovi prirode i gromki bukova\u010dki naglasak.<\/p>\n<p>YouTube kanal &#8220;Ro\u0111en u Dalmaciji&#8221; broji preko 300 razli\u010ditih video reporta\u017ea iz Bukovice i Ravnih kotara. U februaru 2025. navr\u0161ilo se punih 15 godina otkako je 40-godi\u0161nji Milorad Tomasovi\u0107 iz Smrdelja kraj Kistanja odlu\u010dio prenijeti svijetu komadi\u0107 svog raja \u2013 rodnog kraja. Tko god se slu\u017ei dru\u0161tvenim mre\u017eama, morao je bar jednom uo\u010diti djeli\u0107 Tomasovi\u0107evih pute\u0161estvija. Prepoznat \u0107ete ga po jednostavnom stilu snimanja, kratkom uvodu s osnovnim informacijama i \u0161etnji kroz kr\u0161. Uvijek je u neumornoj potrazi za ljudima. U depopulacijskim prostorima, kakva je Bukovica, zaista nije lako sresti \u010dovjeka u svakom naselju. Ipak, Miloradu polazi za rukom da nabasa na malobrojne mje\u0161tane, \u017eive enciklopedije \u017eeljne dru\u017eenja.<\/p>\n<p>Ljubav prema zavi\u010daju ga motivira da za svoju publiku stalno priprema nove skitnje, neistra\u017eena podru\u010dja i nepoznate istorijske \u010dinjenice. Op\u0107enito, ovaj dio sjeverne Dalmacije prili\u010dno je skrajnut. Nalazi se van prometnih, turisti\u010dkih i infrastrukturnih tokova. Bukovica i Ravni kotari slobodno se mogu nazvati &#8220;Druga Dalmacija&#8221;, kako se zgodno dosjetio Dragan Jove Torbica u srpskoj seriji &#8220;Dr\u017eavni posao&#8221;. Torbica, u stvarnom \u017eivotu <strong>Nikola \u0160kori\u0107<\/strong>, poku\u0161ao je mla\u0111em kolegi pojasniti da on jeste bio na godi\u0161njem odmoru u Dalmaciji, ali ne u onoj na koju se obi\u010dno pomisli: otoci, pla\u017ee, tirkizno more&#8230; Bio je on, veli, skoro na moru. S familijom je obi\u0161ao Smrdelje, Ga\u0107eleze, Kistanje, a stigao je i do Islama Gr\u010dkog.<\/p>\n<p>Nazivi ovih sela i njihova pozicioniranost na mapi za ve\u0107inu su apsolutna nepoznanica. Barem je tako bilo dok Milorad nije krenuo s masovnom popularizacijom ovog podru\u010dja. Upravo zbog toga je odlu\u010dio da \u0107e po\u010deti bilje\u017eiti kamerom mjesta koja mnogima nisu znana. Dok nije oka\u010dio prvi video, u Srbiji je usmenim putem \u0161irio glas o zavi\u010daju.<\/p>\n<p>U Smrdeljima je \u017eivio do 1995. kada je kao desetogodi\u0161nje dje\u010dak s porodicom izbjegao u &#8220;Oluji&#8221;. Od tada \u017eivi u Srbiji, u sremskoj ravnici koja je zamijenila njegov kr\u0161eviti kraj. Od 1997. godine \u017eivi u Starim Banovcima.<\/p>\n<p>&#8211; Jo\u0161 u osnovnoj \u0161koli me najvi\u0161e zanimala istorija. Poslije srednje sam upisao Vi\u0161u turisti\u010dku, ali do danas sam ostao apsolvent. Nakon toga sam se sedam godina bavio trgovinom. Taj spoj u\u017eivanja u u\u010denju istorije i putovanjima, plus moja strast prema kamerama, dovela me sasvim spontano do ovoga \u010dime se danas bavim &#8211; govori Milorad za Nadu.<\/p>\n<p>Ranije je, ka\u017ee, ljudima u svojoj okolini mogao samo pri\u010dati o bukova\u010dkoj ljepoti, predivnim selima i specifi\u010dnim obi\u010dajima, a sada to svako mo\u017ee pogledati i sam se uvjeriti. S kamerom svuda sti\u017ee. Ljude zati\u010de u poljoprivrednim poslovima, u odmoru i dokolici. Nalakte se na kapiju pa prozbore koju rije\u010d.<\/p>\n<p>Sve je krenulo s njegovog ku\u0107nog praga, iz rodnih Smrdelja. Brzo je shvatio da su Smrdelje postale viralne, da se gledateljima svi\u0111a ono \u0161to vide, pa je po\u010deo snimati i ostala sela u okru\u017eenju, prirodu i razne znamenitosti. Najve\u0107a podr\u0161ka u svemu mu je supruga <strong>Sanja<\/strong>. Ona je njegova najva\u017enija suradnica. Pojavljuje se gotovo u svakoj reporta\u017ei, ide prva i probija led, zapo\u010dinje razgovore s ljudima.<\/p>\n<p>&#8211; Supruga nije ro\u0111ena u Dalmaciji, ali je uz mene jako zavoljela ove krajeve. Kada odlu\u010dimo upaliti kameru i ne\u0161to snimiti, nemamo neki specijalni plan, samo se uputimo nekud. U po\u010detku je bilo te\u017ee jer smo morali obja\u0161njavati ljudima ko smo i \u0161ta radimo. Sada nas uglavnom prepoznaju. Narod po selima je ljubazan, gostoljubiv, \u010desto nas pozovu u ku\u0107u da nas po\u010daste. Rado divane s nama. I ba\u0161 to krasi ove krajeve \u2013 toplina i srda\u010dnost gdje god da krene\u0161. Ipak, snimci ne mogu do\u010darati kakav mir vlada u ovom podru\u010dju, ne mogu se prenijeti mirisi. Nikome ne mogu opisati kako se ovdje mo\u017ee odmoriti kad se do\u0111e iz urbanih sredina. Vrlo lako se \u010dovjek ovdje u\u0161u\u0161ka, stopi sa sredinom i osjeti \u0161ta je \u017eivot bez stresa i napetosti &#8211; do\u010darava Milorad.<\/p>\n<p>Kada nekog sretne, uvijek ga prvo pita za broj\u010dano stanje. Jedan \u010dovjek u zaseoku u \u017dagrovi\u0107u kraj Knina mu je rekao da ih ima toliko da svi stanu u jedan autobus.<\/p>\n<p>&#8211; Na\u017ealost, ovdje fali ljudi, a pogotovo djece i mladih. Mislim da je preko 95 posto osnovnih \u0161kola po selima van funkcije i od rata neobnovljeno. Tamo vrijeme stoji. Ali mo\u017eda se ne\u0161to ipak polako mijenja. Putuju\u0107i po selima primjetan je napredak, ima sve vi\u0161e zemljaka koji ula\u017eu u svoja imanja, sre\u0111uju ih, obnavljaju, bave se maslinama, a neki \u010dak i turizmom &#8211; obja\u0161njava.<\/p>\n<p>Proljetos je stigao u selo i odmah upalio kameru. Snimao je dio iza obiteljske ku\u0107e i pogled koji puca na Prominu. &#8220;To nema ni\u0111e, samo u zavi\u010daju! Ovakvih kadrova ima samo u Bukovici!&#8221; Pokazao je kako je dio iza ku\u0107e prohodniji jer su prije njega bili roditelji koji su prokr\u010dili put i sasjekli smreku. Komentirao je da u pro\u0161losti to nikad nije bilo zaraslo jer su ovce i koze sve brstile i tako \u010distile teren.<\/p>\n<p>Jedan od zna\u010dajnijih trenutaka u Miloradovom \u017eivotu je bio prvi poslijeratni dolazak na ku\u0107ni prag.<\/p>\n<p>&#8211; Za cijeli \u017eivot \u0107e mi ostati scena kada sam do\u0161ao prvi put u moje selo 2008. Sanjao sam ku\u0107u i zavi\u010daj 13 godina, i tog ljeta, eto mene u dvori\u0161tu ku\u0107e za Ilindan. Te\u0161ko je opisati tu emociju. Samo sam stajao i dugo posmatrao sve okolo. Vladala je velika praznina. Osje\u0107ao sam radost jer sam napokon do\u0161ao ku\u0107i, ali bio sam jako tu\u017ean jer je sve bilo tako tiho. Vratile su mi se slike iz djetinjstva, mjesta gdje sam se igrao, sje\u0107ao sam se \u017eamora ljudi, odlaska u polje i vinograd, \u0107eranja ovaca, pustih traktora i auta&#8230; Ni danas nekad ne mogu povjerovati \u0161ta se desilo, da ne \u017eivimo na svome &#8211; nostalgi\u010dno govori Milorad.<\/p>\n<p>Smatra da djeca i mladi imaju pravo znati odakle poti\u010du i gdje im je djedovina. \u010cuvar zavi\u010daja i u svojoj ku\u0107i u Srbiji gaji dalmatinske obi\u010daje. Snimio je jednom kako nasred Banovaca piju \u017eutinu iz bukare i kako dr\u017ee do mediteranskog tipa prehrane, gdje god se nalaze.<\/p>\n<p>Sve \u0161to voli i \u0161to mu je u \u017eivotu esencijalno, Milorad je preto\u010dio u video reporta\u017ee s milionskim pregledima.<\/p>\n<p>&#8211; Veliki pozdrav svim va\u0161im \u010ditaocima i mojim zemljacima \u0161irom svijeta &#8211; poru\u010duje Milorad.<\/p>\n<p><em>pi\u0161e Anja Ko\u017eul<\/em><\/p>\n","protected":false},"excerpt":{"rendered":"<p>Milorad Tomasovi\u0107 iz Smrdelja kraj Kistanja pokrenuo je YouTube kanal &#8220;Ro\u0111en u Dalmaciji&#8221; koji broji milionske preglede i preko 300 video reporta\u017ea iz Bukovice i Ravnih kotara<\/p>\n","protected":false},"featured_media":5964,"template":"","tags":[136],"atribut":[],"class_list":["post-5965","nada","type-nada","status-publish","has-post-thumbnail","hentry","tag-portret"],"acf":[],"yoast_head":"<!-- This site is optimized with the Yoast SEO plugin v27.4 - https:\/\/yoast.com\/product\/yoast-seo-wordpress\/ -->\n<title>Dalmacija u mom videu - SDF - Srpski demokratski forum<\/title>\n<meta name=\"robots\" content=\"index, follow, max-snippet:-1, max-image-preview:large, max-video-preview:-1\" \/>\n<link rel=\"canonical\" href=\"https:\/\/sdf.hr\/hr\/nada\/dalmacija-u-mom-videu\/\" \/>\n<meta property=\"og:locale\" content=\"hr_HR\" \/>\n<meta property=\"og:type\" content=\"article\" \/>\n<meta property=\"og:title\" content=\"Dalmacija u mom videu - SDF - Srpski demokratski forum\" \/>\n<meta property=\"og:description\" content=\"Milorad Tomasovi\u0107 iz Smrdelja kraj Kistanja pokrenuo je YouTube kanal &quot;Ro\u0111en u Dalmaciji&quot; koji broji milionske preglede i preko 300 video reporta\u017ea iz Bukovice i Ravnih kotara\" \/>\n<meta property=\"og:url\" content=\"https:\/\/sdf.hr\/hr\/nada\/dalmacija-u-mom-videu\/\" \/>\n<meta property=\"og:site_name\" content=\"SDF - Srpski demokratski forum\" \/>\n<meta property=\"article:modified_time\" content=\"2025-02-28T10:54:27+00:00\" \/>\n<meta property=\"og:image\" content=\"https:\/\/sdf.hr\/wp-content\/uploads\/2025\/02\/Tomasovici-scaled.jpg\" \/>\n\t<meta property=\"og:image:width\" content=\"2554\" \/>\n\t<meta property=\"og:image:height\" content=\"2560\" \/>\n\t<meta property=\"og:image:type\" content=\"image\/jpeg\" \/>\n<meta name=\"twitter:card\" content=\"summary_large_image\" \/>\n<meta name=\"twitter:label1\" content=\"Procijenjeno vrijeme \u010ditanja\" \/>\n\t<meta name=\"twitter:data1\" content=\"6 minuta\" \/>\n<script type=\"application\/ld+json\" class=\"yoast-schema-graph\">{\"@context\":\"https:\\\/\\\/schema.org\",\"@graph\":[{\"@type\":\"WebPage\",\"@id\":\"https:\\\/\\\/sdf.hr\\\/hr\\\/nada\\\/dalmacija-u-mom-videu\\\/\",\"url\":\"https:\\\/\\\/sdf.hr\\\/hr\\\/nada\\\/dalmacija-u-mom-videu\\\/\",\"name\":\"Dalmacija u mom videu - SDF - Srpski demokratski forum\",\"isPartOf\":{\"@id\":\"https:\\\/\\\/sdf.hr\\\/#website\"},\"primaryImageOfPage\":{\"@id\":\"https:\\\/\\\/sdf.hr\\\/hr\\\/nada\\\/dalmacija-u-mom-videu\\\/#primaryimage\"},\"image\":{\"@id\":\"https:\\\/\\\/sdf.hr\\\/hr\\\/nada\\\/dalmacija-u-mom-videu\\\/#primaryimage\"},\"thumbnailUrl\":\"https:\\\/\\\/sdf.hr\\\/wp-content\\\/uploads\\\/2025\\\/02\\\/Tomasovici-scaled.jpg\",\"datePublished\":\"2025-02-28T10:54:07+00:00\",\"dateModified\":\"2025-02-28T10:54:27+00:00\",\"breadcrumb\":{\"@id\":\"https:\\\/\\\/sdf.hr\\\/hr\\\/nada\\\/dalmacija-u-mom-videu\\\/#breadcrumb\"},\"inLanguage\":\"hr\",\"potentialAction\":[{\"@type\":\"ReadAction\",\"target\":[\"https:\\\/\\\/sdf.hr\\\/hr\\\/nada\\\/dalmacija-u-mom-videu\\\/\"]}]},{\"@type\":\"ImageObject\",\"inLanguage\":\"hr\",\"@id\":\"https:\\\/\\\/sdf.hr\\\/hr\\\/nada\\\/dalmacija-u-mom-videu\\\/#primaryimage\",\"url\":\"https:\\\/\\\/sdf.hr\\\/wp-content\\\/uploads\\\/2025\\\/02\\\/Tomasovici-scaled.jpg\",\"contentUrl\":\"https:\\\/\\\/sdf.hr\\\/wp-content\\\/uploads\\\/2025\\\/02\\\/Tomasovici-scaled.jpg\",\"width\":2554,\"height\":2560,\"caption\":\"Sanja i Milorad Tomasovi\u0107\"},{\"@type\":\"BreadcrumbList\",\"@id\":\"https:\\\/\\\/sdf.hr\\\/hr\\\/nada\\\/dalmacija-u-mom-videu\\\/#breadcrumb\",\"itemListElement\":[{\"@type\":\"ListItem\",\"position\":1,\"name\":\"Po\u010detna stranica\",\"item\":\"https:\\\/\\\/sdf.hr\\\/hr\\\/\"},{\"@type\":\"ListItem\",\"position\":2,\"name\":\"Nada\",\"item\":\"https:\\\/\\\/sdf.hr\\\/nada\\\/\"},{\"@type\":\"ListItem\",\"position\":3,\"name\":\"Dalmacija u mom videu\"}]},{\"@type\":\"WebSite\",\"@id\":\"https:\\\/\\\/sdf.hr\\\/#website\",\"url\":\"https:\\\/\\\/sdf.hr\\\/\",\"name\":\"SDF - Srpski demokratski forum\",\"description\":\"Srpski demokratski forum\",\"publisher\":{\"@id\":\"https:\\\/\\\/sdf.hr\\\/#organization\"},\"potentialAction\":[{\"@type\":\"SearchAction\",\"target\":{\"@type\":\"EntryPoint\",\"urlTemplate\":\"https:\\\/\\\/sdf.hr\\\/?s={search_term_string}\"},\"query-input\":{\"@type\":\"PropertyValueSpecification\",\"valueRequired\":true,\"valueName\":\"search_term_string\"}}],\"inLanguage\":\"hr\"},{\"@type\":\"Organization\",\"@id\":\"https:\\\/\\\/sdf.hr\\\/#organization\",\"name\":\"SDF - Srpski demokratski forum\",\"url\":\"https:\\\/\\\/sdf.hr\\\/\",\"logo\":{\"@type\":\"ImageObject\",\"inLanguage\":\"hr\",\"@id\":\"https:\\\/\\\/sdf.hr\\\/#\\\/schema\\\/logo\\\/image\\\/\",\"url\":\"https:\\\/\\\/sdf.hr\\\/wp-content\\\/uploads\\\/2021\\\/07\\\/logo-hr.svg\",\"contentUrl\":\"https:\\\/\\\/sdf.hr\\\/wp-content\\\/uploads\\\/2021\\\/07\\\/logo-hr.svg\",\"width\":271,\"height\":100,\"caption\":\"SDF - Srpski demokratski forum\"},\"image\":{\"@id\":\"https:\\\/\\\/sdf.hr\\\/#\\\/schema\\\/logo\\\/image\\\/\"}}]}<\/script>\n<!-- \/ Yoast SEO plugin. -->","yoast_head_json":{"title":"Dalmacija u mom videu - SDF - Srpski demokratski forum","robots":{"index":"index","follow":"follow","max-snippet":"max-snippet:-1","max-image-preview":"max-image-preview:large","max-video-preview":"max-video-preview:-1"},"canonical":"https:\/\/sdf.hr\/hr\/nada\/dalmacija-u-mom-videu\/","og_locale":"hr_HR","og_type":"article","og_title":"Dalmacija u mom videu - SDF - Srpski demokratski forum","og_description":"Milorad Tomasovi\u0107 iz Smrdelja kraj Kistanja pokrenuo je YouTube kanal \"Ro\u0111en u Dalmaciji\" koji broji milionske preglede i preko 300 video reporta\u017ea iz Bukovice i Ravnih kotara","og_url":"https:\/\/sdf.hr\/hr\/nada\/dalmacija-u-mom-videu\/","og_site_name":"SDF - Srpski demokratski forum","article_modified_time":"2025-02-28T10:54:27+00:00","og_image":[{"width":2554,"height":2560,"url":"https:\/\/sdf.hr\/wp-content\/uploads\/2025\/02\/Tomasovici-scaled.jpg","type":"image\/jpeg"}],"twitter_card":"summary_large_image","twitter_misc":{"Procijenjeno vrijeme \u010ditanja":"6 minuta"},"schema":{"@context":"https:\/\/schema.org","@graph":[{"@type":"WebPage","@id":"https:\/\/sdf.hr\/hr\/nada\/dalmacija-u-mom-videu\/","url":"https:\/\/sdf.hr\/hr\/nada\/dalmacija-u-mom-videu\/","name":"Dalmacija u mom videu - SDF - Srpski demokratski forum","isPartOf":{"@id":"https:\/\/sdf.hr\/#website"},"primaryImageOfPage":{"@id":"https:\/\/sdf.hr\/hr\/nada\/dalmacija-u-mom-videu\/#primaryimage"},"image":{"@id":"https:\/\/sdf.hr\/hr\/nada\/dalmacija-u-mom-videu\/#primaryimage"},"thumbnailUrl":"https:\/\/sdf.hr\/wp-content\/uploads\/2025\/02\/Tomasovici-scaled.jpg","datePublished":"2025-02-28T10:54:07+00:00","dateModified":"2025-02-28T10:54:27+00:00","breadcrumb":{"@id":"https:\/\/sdf.hr\/hr\/nada\/dalmacija-u-mom-videu\/#breadcrumb"},"inLanguage":"hr","potentialAction":[{"@type":"ReadAction","target":["https:\/\/sdf.hr\/hr\/nada\/dalmacija-u-mom-videu\/"]}]},{"@type":"ImageObject","inLanguage":"hr","@id":"https:\/\/sdf.hr\/hr\/nada\/dalmacija-u-mom-videu\/#primaryimage","url":"https:\/\/sdf.hr\/wp-content\/uploads\/2025\/02\/Tomasovici-scaled.jpg","contentUrl":"https:\/\/sdf.hr\/wp-content\/uploads\/2025\/02\/Tomasovici-scaled.jpg","width":2554,"height":2560,"caption":"Sanja i Milorad Tomasovi\u0107"},{"@type":"BreadcrumbList","@id":"https:\/\/sdf.hr\/hr\/nada\/dalmacija-u-mom-videu\/#breadcrumb","itemListElement":[{"@type":"ListItem","position":1,"name":"Po\u010detna stranica","item":"https:\/\/sdf.hr\/hr\/"},{"@type":"ListItem","position":2,"name":"Nada","item":"https:\/\/sdf.hr\/nada\/"},{"@type":"ListItem","position":3,"name":"Dalmacija u mom videu"}]},{"@type":"WebSite","@id":"https:\/\/sdf.hr\/#website","url":"https:\/\/sdf.hr\/","name":"SDF - Srpski demokratski forum","description":"Srpski demokratski forum","publisher":{"@id":"https:\/\/sdf.hr\/#organization"},"potentialAction":[{"@type":"SearchAction","target":{"@type":"EntryPoint","urlTemplate":"https:\/\/sdf.hr\/?s={search_term_string}"},"query-input":{"@type":"PropertyValueSpecification","valueRequired":true,"valueName":"search_term_string"}}],"inLanguage":"hr"},{"@type":"Organization","@id":"https:\/\/sdf.hr\/#organization","name":"SDF - Srpski demokratski forum","url":"https:\/\/sdf.hr\/","logo":{"@type":"ImageObject","inLanguage":"hr","@id":"https:\/\/sdf.hr\/#\/schema\/logo\/image\/","url":"https:\/\/sdf.hr\/wp-content\/uploads\/2021\/07\/logo-hr.svg","contentUrl":"https:\/\/sdf.hr\/wp-content\/uploads\/2021\/07\/logo-hr.svg","width":271,"height":100,"caption":"SDF - Srpski demokratski forum"},"image":{"@id":"https:\/\/sdf.hr\/#\/schema\/logo\/image\/"}}]}},"_links":{"self":[{"href":"https:\/\/sdf.hr\/hr\/wp-json\/wp\/v2\/nada\/5965","targetHints":{"allow":["GET"]}}],"collection":[{"href":"https:\/\/sdf.hr\/hr\/wp-json\/wp\/v2\/nada"}],"about":[{"href":"https:\/\/sdf.hr\/hr\/wp-json\/wp\/v2\/types\/nada"}],"wp:featuredmedia":[{"embeddable":true,"href":"https:\/\/sdf.hr\/hr\/wp-json\/wp\/v2\/media\/5964"}],"wp:attachment":[{"href":"https:\/\/sdf.hr\/hr\/wp-json\/wp\/v2\/media?parent=5965"}],"wp:term":[{"taxonomy":"post_tag","embeddable":true,"href":"https:\/\/sdf.hr\/hr\/wp-json\/wp\/v2\/tags?post=5965"},{"taxonomy":"atribut","embeddable":true,"href":"https:\/\/sdf.hr\/hr\/wp-json\/wp\/v2\/atribut?post=5965"}],"curies":[{"name":"wp","href":"https:\/\/api.w.org\/{rel}","templated":true}]}}