{"id":5979,"date":"2025-03-02T11:38:56","date_gmt":"2025-03-02T10:38:56","guid":{"rendered":"https:\/\/sdf.hr\/nada\/rafaela-drazic-nada-nije-samo-osjecaj-ona-je-akcija\/"},"modified":"2025-03-16T10:17:33","modified_gmt":"2025-03-16T09:17:33","slug":"rafaela-drazic-nada-nije-samo-osjecaj-ona-je-akcija","status":"publish","type":"nada","link":"https:\/\/sdf.hr\/hr\/nada\/rafaela-drazic-nada-nije-samo-osjecaj-ona-je-akcija\/","title":{"rendered":"Rafaela Dra\u017ei\u0107: Nada nije samo osje\u0107aj, ona je akcija"},"content":{"rendered":"<p><strong>Rafaela Dra\u017ei\u0107<\/strong> je dizajnerica vizualnih komunikacija ili, kako ona za sebe voli re\u0107i, grafi\u010dka urednica. Ro\u0111ena je 1981. u Splitu, diplomirala je na Odsjeku za dizajn vizualnih komunikacija na Umjetni\u010dkoj akademiji u rodnom gradu, a doktorirala na Umjetni\u010dkoj akademiji Sveu\u010dili\u0161ta u Var\u0161avi. Rafaela je dobitnica brojnih nagrada i priznanja, a o njenom anga\u017eiranom umjetni\u010dkom putu razgovarale smo sasvim netipi\u010dno za dvije Spli\u0107anke \u2013 u gripoznom februaru, bez nao\u010dala za sunce.<\/p>\n<p><strong>Ve\u0107ina mladih Spli\u0107ana i Spli\u0107anki koje zanimaju humanistika i umjetnost pobjegne na studij u Zagreb. Vi ipak ostajete u Splitu, da bi nedugo nakon diplome zavr\u0161ili u Londonu. Kako su izgledale va\u0161e studentske godine, \u0161to vas je odvelo u London, a \u0161to vas je nakon samo godinu dana vratilo ku\u0107i?<\/strong><\/p>\n<p>U vrijeme kada sam studirala, Odsjek za dizajn vizualnih komunikacija bio je dinami\u010dno mjesto. Pamtim da su nam \u010desto dolazili inozemni gosti predava\u010di svjetskog glasa.<\/p>\n<p>Nakon diplome, rad u struci tada je u Splitu bio te\u0161ko ostvariv, pogotovo jer sam odmah gravitirala dizajnu u kulturnim sferama. Prvo sam oti\u0161la u Zagreb i radila unutar interdisciplinarnog studija ne\u0161to manje od godinu dana kada me u London pozvao <strong>Jonathan Barnbrook<\/strong>, dizajner najvi\u0161e poznat po omotima albuma <strong>Davida Bowieja<\/strong>, knjiga <strong>Noama Chomskog<\/strong>, Shiseidovog parfema &#8220;Zen&#8221;.<\/p>\n<p>U njegovom studiju radila sam na razli\u010ditim projektima i ponu\u0111eno mi je da ostanem du\u017ee u Londonu, no istovremeno sam osjetila \u017eelju da zapo\u010dnem vlastitu praksu, \u0161to mi se tamo u\u010dinilo nemogu\u0107im. Projekti u kulturi &#8220;rezervirani&#8221; su za ve\u0107 etablirana dizajnerska imena pa sam se vratila u Split i zapo\u010dela s <em>freelanceom<\/em>. Na po\u010detku sam radila mahom za razli\u010dite nevladine organizacije. Ono \u0161to je u po\u010detku bilo te\u0161ko je ne napraviti kompromis, ali mi je to kasnije olak\u0161alo rad.<\/p>\n<p><strong>Godine 2009. upisujete doktorski studij na Umjetni\u010dkoj akademiji Sveu\u010dili\u0161ta u Var\u0161avi. Prisjetimo se malo i tog perioda, \u0161to je bila tema va\u0161eg doktorskog rada?<\/strong><\/p>\n<p>Na odjelu za dizajn knjiga bavila sam se temom &#8220;A Book for Two&#8221; unutar koje sam razvila seriju od tri knjige koje se mogu \u010ditati udvoje. Zanimalo me da li se i na koje sve na\u010dine mo\u017ee nanovo promi\u0161ljati forma knjige. Izme\u0111u ostalog, velika inspiracija bila su mi izdanja Fluxusovaca \u2013 internacionalne grupe umjetnica i umjetnika 60-ih i 70-ih godina koji su se udaljavali od forme klasi\u010dne knjige, smatraju\u0107i je objektom bur\u017eoazije.<\/p>\n<p>Za dvije knjige iz serije, tekst je napisao poljski filozof <strong>Marcin Gokieli<\/strong>. To su zapravo dvije pri\u010de nadrealnog sadr\u017eaja \u010diji se dijelovi ra\u010dvaju u dva smjera kako listamo knjigu, tj. svaki \u010ditatelj \u010dita svoju verziju. Zanimljiv je bio proces rada sa spomenutim piscem jer je on \u010desto mijenjao pojedine dijelove teksta, inspiriran mojim grafi\u010dkim interpretacijama. Kako bi testirala svoj dizajn u stvarnosti, organizirala sam nekoliko \u010ditala\u010dkih ve\u010deri i izlo\u017ebi gdje je publika pozvana da \u010dita u paru. I to je bilo vrlo zanimljivo za vidjeti. A tre\u0107u u seriji knjiga za dvoje osmislila sam kao didakti\u010dko pomagalo i igra\u010dku putem koje odrasli obja\u0161njavaju apstraktni pojam vremena djeci. Uz rad na glavnoj temi i drugim zadacima na fakultetu, paralelno sam predavala na Odsjeku za nove medije.<\/p>\n<figure id=\"attachment_5969\" aria-describedby=\"caption-attachment-5969\" style=\"width: 1810px\" class=\"wp-caption alignnone\"><img loading=\"lazy\" decoding=\"async\" class=\"wp-image-5969 size-full\" src=\"https:\/\/sdf.hr\/wp-content\/uploads\/2025\/03\/Bio1-scaled.jpg\" alt=\"\" width=\"1810\" height=\"2560\" srcset=\"https:\/\/sdf.hr\/wp-content\/uploads\/2025\/03\/Bio1-scaled.jpg 1810w, https:\/\/sdf.hr\/wp-content\/uploads\/2025\/03\/Bio1-212x300.jpg 212w, https:\/\/sdf.hr\/wp-content\/uploads\/2025\/03\/Bio1-724x1024.jpg 724w, https:\/\/sdf.hr\/wp-content\/uploads\/2025\/03\/Bio1-768x1086.jpg 768w, https:\/\/sdf.hr\/wp-content\/uploads\/2025\/03\/Bio1-1086x1536.jpg 1086w, https:\/\/sdf.hr\/wp-content\/uploads\/2025\/03\/Bio1-1448x2048.jpg 1448w\" sizes=\"auto, (max-width: 1810px) 100vw, 1810px\" \/><figcaption id=\"caption-attachment-5969\" class=\"wp-caption-text\">&#8220;The Roots&#8221;, plakat iz serije &#8220;Double Agent: Do You Speak Flower?&#8221;, 2024., BIO28.<\/figcaption><\/figure>\n<p><strong>Kako bi nekome tko nije siguran \u0161to va\u0161 posao sve podrazumijeva pojasnili dizajn vizualnih komunikacija? Mislim da su ljudima van na\u0161ih krugova te kategorije i dalje pomalo mutne. Ili da zaokrenemo pitanje \u2013 \u0161to ne radite?<\/strong><\/p>\n<p>Jednom mi je jedan svjetski poznati dizajner ispri\u010dao kako \u010dovjek s kojim je razgovarao voze\u0107i se u avionu, nikako nije mogao shvatiti njegovu profesiju. Pa mu je kao kona\u010dno obja\u0161njenje rekao &#8220;I put texts and images together&#8221; (&#8220;Spajam tekstove i slike&#8221;). Dizajn vizualnih komunikacija podrazumijeva oblikovanje u tiskanim i digitalnim medijima, za razliku od grafi\u010dkog dizajna koji je ve\u0107 arhai\u010dan izraz iz vremena kada nisu postojali tzv. novi mediji. Iako radim u razli\u010ditim medijima, za sebe volim koristiti jo\u0161 arhai\u010dniji opis, a to je grafi\u010dka urednica.<\/p>\n<p><strong>Gdje danas \u017eivite i kako vam izgleda jedan radni dan?<\/strong><\/p>\n<p>Kao <em>cover<\/em> albuma &#8220;Ride the Lightning&#8221; od Metallice. U Splitu.<\/p>\n<p><strong>Dobitnica ste vi\u0161e nagrada \u2013 iz dana\u0161njeg konteksta zanimljivo se prisjetiti po\u010dasnog priznanja za rad &#8220;Politike osje\u0107aja \/ Ekonomije ljubavi&#8221;, zapo\u010det sad ve\u0107 davne 2011. godine. Knji\u017eni blok sadr\u017ei citat Boba Dylana: &#8220;I am walking in the parade of liberty but as long as I love you I am not free.&#8221; Mo\u017eete li nam re\u0107i malo vi\u0161e o tom projektu?<\/strong><\/p>\n<p>Projekt &#8220;Politike osje\u0107aja \/ Ekonomije ljubavi&#8221; inicirao je k.r.u.\u017e.o.k., neformalna (\u010ditala\u010dka) grupa kulturnih radnika i radnica, umjetnika i umjetnica te kustosica zainteresiranih za kompleksan odnos seksualnosti, nacionalizma, ideologije i socijalnih emocija, ljubavnih i emotivnih zajednica unutar nacionalnog i tr\u017ei\u0161nog fundamentalizma. Projekt je isprva obuhva\u0107ao \u010ditala\u010dke susrete, a djelovanje grupe zasnivalo se na istra\u017eiva\u010dkim aktivnostima, razmjeni znanja i debatama. U tom smislu, istra\u017eiva\u010dki materijal, tekstualan i vizualan, nije bio shva\u0107en kao zaklju\u010dak ve\u0107 povod za diskusiju, pa tako prilozi u knjizi otvaraju daljnja pitanja vezana za spomenute teme te ljubavi kao razloga za predan, ali nepla\u0107eni rad. Polaze\u0107i od tih ideja, ova publikacija nije mi\u0161ljena kao dokumentacija projekta ve\u0107 njegov nastavak, pa je to imalo klju\u010dnu ulogu u na\u010dinu na koji sam pristupila oblikovanju.<\/p>\n<p>Svijetlo naran\u010dastu boju, koja dominira izdanjem, ironi\u010dno sam preuzela iz priloga vezanih za ekonomiju kakvi se \u010desto mogu na\u0107i u (inozemnim) dnevnim novina. A na, kako ih ja zovem, &#8220;vizualnim pauzama&#8221;, odnosno stranicama pro\u017eetim kroz \u010ditavi knji\u017eni blok, nalazi se razlomljeni citat iz pjesme <strong>Boba Dylana<\/strong> &#8220;I am walking in the parade of liberty but as long as I love you I am not free&#8221; \u2013 kao svojevrstan komentar urednica <strong>Nata\u0161e Bodro\u017ei\u0107 <\/strong>i<strong> Irene Bori\u0107 <\/strong>na teme koje publikacija obra\u0111uje.<\/p>\n<p><strong>Istra\u017euju\u0107i medijski odjek va\u0161eg rada, nai\u0161la sam na fascinantan naslov iz Jutarnjeg lista iz te iste 2011. Pa ka\u017ee: &#8220;Dizajnom se borila protiv Keruma i zavr\u0161ila me\u0111u elitom!&#8221; Kako iz dana\u0161nje perspektive gledate na zabranu rada, na intervencije Spli\u0107ana sadr\u017eane u radu? Je li kasnije ijedan va\u0161 rad bio stopiran, cenzuriran?<\/strong><\/p>\n<p>Da, naslov iz Jutarnjeg je stvarno komi\u010dan. Sje\u0107am se da sam tada primila nagradu za najbolje mlade dizajnere koju dodjeljuje Print magazine iz New Yorka (to su valjda mislili pod &#8220;elita&#8221;) i paralelno se suo\u010davala s dramama oko skidanja ve\u0107 postavljene izlo\u017ebe uo\u010di njezinog otvorenja, a koja je problematizirala poduzetni\u0161tvo <strong>\u017deljka Keruma<\/strong>. Ta dva doga\u0111aja jedan s drugim nemaju nikakve veze, osim \u0161to su se doga\u0111ali u bliskom vremenskom periodu.<\/p>\n<p>Zabranjena izlo\u017eba sastojala se od fotografija uli\u010dnih intervencija, a bila je i kulisa za razgovor novinara i sociologa o tada\u0161njim zbivanjima u gradu. Nakon duge potrage za drugom lokacijom, svi su prostori ovoj izlo\u017ebi okrenuli le\u0111a, pa je kona\u010dno uto\u010di\u0161te na\u0161la u galeriji kluba &#8220;Ghetto&#8221;, u kojoj su se netom prije odvili dje\u010dji ro\u0111endan i umjetni\u010dki performans. Tako smo u prostoru osim fotografija imali figure patuljaka, a i \u0161ipku kakva se koristi u striptiz barovima. Kasnije se vi\u0161e nisam susrela s takvim tipom cenzure, ali nisam vi\u0161e ni organizirala takve doga\u0111aje.<\/p>\n<p><strong>Koliko je Hrvatska danas druga\u010dija od vremena kada ste u sklopu jednog projekta na Cibonin toranj projicirali hrvatsku zastavu koja je umjesto \u0161ahovnice u sredini imala Konzumovo K?<\/strong><\/p>\n<p>Ta je zastava rad novinarki <strong>Ma\u0161enjke Ba\u010di\u0107 <\/strong>i<strong> Tamare Opa\u010di\u0107<\/strong> koje sam uz nekolicinu drugih autora i autorica pozvala na sudjelovanje u projektu koji se sastojao od nenajavljene akcije laserskog projiciranja na Cibonin toranj, \u010dijih je zadnjih 14 katova okupirao Agrokor zabraniv\u0161i izlaz na vidikovac s krova, \u0161to je ranije javnosti bilo dostupno. Zanimljivo je da je upravo taj njihov rad medijski ostao, da tako ka\u017eem, upam\u0107en i nekoliko puta se pojavio kao ilustracija uz novinske napise vezane uz poslovanje Agrokora i <strong>Ivice Todori\u0107a<\/strong>.<\/p>\n<div class=\"mceTemp\"><\/div>\n<figure id=\"attachment_5977\" aria-describedby=\"caption-attachment-5977\" style=\"width: 1707px\" class=\"wp-caption alignnone\"><img loading=\"lazy\" decoding=\"async\" class=\"wp-image-5977 size-full\" src=\"https:\/\/sdf.hr\/wp-content\/uploads\/2025\/03\/Drazic2-scaled.jpg\" alt=\"\" width=\"1707\" height=\"2560\" srcset=\"https:\/\/sdf.hr\/wp-content\/uploads\/2025\/03\/Drazic2-scaled.jpg 1707w, https:\/\/sdf.hr\/wp-content\/uploads\/2025\/03\/Drazic2-200x300.jpg 200w, https:\/\/sdf.hr\/wp-content\/uploads\/2025\/03\/Drazic2-683x1024.jpg 683w, https:\/\/sdf.hr\/wp-content\/uploads\/2025\/03\/Drazic2-768x1152.jpg 768w, https:\/\/sdf.hr\/wp-content\/uploads\/2025\/03\/Drazic2-1024x1536.jpg 1024w, https:\/\/sdf.hr\/wp-content\/uploads\/2025\/03\/Drazic2-1365x2048.jpg 1365w\" sizes=\"auto, (max-width: 1707px) 100vw, 1707px\" \/><figcaption id=\"caption-attachment-5977\" class=\"wp-caption-text\">Rafaela Dra\u017ei\u0107<\/figcaption><\/figure>\n<p>Ali da objasnim kako je uop\u0107e do toga do\u0161lo. Naime, nakon \u0161to se projiciranje gigantskom opremom, koju je doveo \u0161leper skupa s agregatom (jer nam iz obli\u017enjih lokacija nisu htjeli posuditi struju), odvio, kustosice tada\u0161njeg Urbanfestivala i ja otvorile smo gmail adresu s imenom Tihomir Sim\u010di\u0107 (aludiraju\u0107i na slu\u010dajnog prolaznika iz umjetni\u010dkog rada <strong>Gorana Trbuljaka <\/strong>i<strong> Branka Dimitrijevi\u0107a<\/strong>) te poslale nekoliko fotografija akcije medijima predstavljaju\u0107i se, dakle, kao slu\u010dajan prolaznik koji ne zna o \u010demu je rije\u010d. Mediji su nekoliko dana \u0161pekulirali je li rije\u010d o promid\u017ebenoj kampanji i tko uop\u0107e stoji iz svega. Kada uspore\u0111ujem vrijeme iz 2011. kada je nastao taj rad i kada sam za \u017eivot zara\u0111ivala oblikuju\u0107i sadr\u017eaje mahom nevladinih organizacija, takvo \u0161to te\u0161ko da mogu zamisliti danas. Nevladin sektor gotovo je skroz nestao. A nadmo\u0107i privatnog kapitala nad javnim dobrima i dalje na\u017ealost svjedo\u010dimo.<\/p>\n<p><strong>Na\u0161e \u010ditateljice mo\u017eda ne znaju, ali volonterski ste izra\u0111ivali vizuale za razli\u010dite feministi\u010dke akcije, a plakat koji govori &#8220;Poba\u010daj nije samo pravna, nego i ekonomska kategorija&#8221; i dalje se mo\u017ee vidjeti na zagreba\u010dkom No\u0107nom mar\u0161u. Kako birate kome \u0107ete u zadnji \u010das pro bono usko\u010diti jer vjerujem da takvih upita ima dosta?<\/strong><\/p>\n<p>Ne biram, uvijek sam se rado odazivala na takve upite jer jednostavno mislim da je to gra\u0111anska du\u017enost nas dizajnerica i dizajnera. Podsjetili ste me sad i na plakate za dodjelu azila turskoj aktivistkinji <strong>Basak Sahin Duman<\/strong> te kampanju &#8220;Javni prijevoz = javno dobro&#8221;.<\/p>\n<p><strong>Od 2022. godine sura\u0111ujete s Royal College of Art London (Kraljevski koled\u017e umjetnosti u Londonu). Kojim povodom ste njima radili vizualne identitete i na \u0161to ste se oslanjali u radu?<\/strong><\/p>\n<p>Isprva su me pozvali s Odsjeka za arhitekturu da osmislim vizualni identitet za gostuju\u0107a predavanja od kojih su neka bila javna. Posebno su naglasili da dizajnersko rje\u0161enje mora biti efektno jer je na fakultetu velika konkurencija i koli\u010dina informacija pa \u017eele dizajnom dobiti na prepoznatljivosti. Plakate sam odlu\u010dila printati na <em>metallic<\/em> papirima pa time suptilno reflektirati okolnu arhitekturu u kojoj su postavljeni.<\/p>\n<p>Lani sam oblikovala i posebno rje\u0161enje u povodu proslave 60. godi\u0161njice njihove zgrade \u2013 tzv. Darwin Building, kampusa u londonskom Kensingtonu. Za taj rad najvi\u0161e sam se inspirirala bojama modnih kreacija londonskog brenda Biba iz \u0161ezdesetih godina, tada vrlo pristupa\u010dnog \u0161irokoj publici, a \u010dija je prva trgovina otvorena iste godine u Kensingtonu kada je gra\u0111ena i zgrada. Tako\u0111er sam koristila &#8220;ku\u0107nu&#8221; tipografiju Calvert 107, koju je dizajnirala <strong>Margaret Calvert<\/strong>, nekada\u0161nja voditeljica katedre za dizajn.<\/p>\n<p>Najnoviji me\u0111u anga\u017emanima za Royal College of Art u Londonu je vizualni identitet projekta &#8220;Health &amp; Care Research Cluster&#8221; s Odsjeka za umjetnost i humanistiku, koji \u0107e svoj nastavak imati i u ovoj godini, a upravo sam zapo\u010dela dizajnirati za novi projekt na fakultetu koji se ti\u010de istra\u017eivanja zvuka. U sklopu njega, oblikovat \u0107u i seriju omota za audio izdanja.<\/p>\n<p><strong>Identitet 28. izdanja BIO Ljubljana, otvorenog u novembru 2024. godine, a ina\u010de najstarijeg i jednog od vode\u0107ih bijenala dizajna u svijetu, tako\u0111er je va\u0161ih ruku djelo. O \u010demu to\u010dno govori tema bijenala &#8220;Double Agent: Do You Speak Flower&#8221;? I kako ste se odlu\u010dili raditi u 3D tehnici?<\/strong><\/p>\n<p>Prije svega moram re\u0107i da me <strong>Alexandra Midal<\/strong>, kustosica bijenala, pozvala ne samo kao dizajnericu nego i autoricu \u010dije radove \u017eeli izlo\u017eiti na izlo\u017ebi, a \u0161to je meni bitno utjecalo na na\u010din promi\u0161ljanja. Tema izlo\u017ebe je cvije\u0107e i njegova dvostruka perspektiva, jer osim \u0161to predstavlja komodifikaciju \u017eena u idealiziranoj paradigmi ljepote, ono u isto vrijeme slu\u017ei kao feministi\u010dka, antikolonijalna, rodna i <em>queer<\/em> kriptologija. Cvije\u0107e tako\u0111er mo\u017ee biti lijek, ali i otrov. Bila sam intrigirana idejama misterioznosti, \u010dak i jezovitosti, zato sam napravila za\u010dudne kompozicije s namjerom da vizualnim identitetom stvorim ne\u0161to \u0161to publici ne\u0107e dosaditi nakon pola minute gledanja. Dinamiku identiteta podijelila sam u tri faze: prvu s kojim bijenale zapo\u010dinje ogla\u0161avanje, a \u010diji je glavni nositelj ilustracija pod nazivom &#8220;The Roots&#8221; (Korijenje), zatim idu\u0107a faza &#8220;The Bloom&#8221; (Cvat) i zavr\u0161na &#8220;The Compost&#8221; (Kompost).<\/p>\n<figure id=\"attachment_5975\" aria-describedby=\"caption-attachment-5975\" style=\"width: 1810px\" class=\"wp-caption alignnone\"><img loading=\"lazy\" decoding=\"async\" class=\"wp-image-5975 size-full\" src=\"https:\/\/sdf.hr\/wp-content\/uploads\/2025\/03\/Bio2-scaled.jpeg\" alt=\"\" width=\"1810\" height=\"2560\" srcset=\"https:\/\/sdf.hr\/wp-content\/uploads\/2025\/03\/Bio2-scaled.jpeg 1810w, https:\/\/sdf.hr\/wp-content\/uploads\/2025\/03\/Bio2-212x300.jpeg 212w, https:\/\/sdf.hr\/wp-content\/uploads\/2025\/03\/Bio2-724x1024.jpeg 724w, https:\/\/sdf.hr\/wp-content\/uploads\/2025\/03\/Bio2-768x1086.jpeg 768w, https:\/\/sdf.hr\/wp-content\/uploads\/2025\/03\/Bio2-1086x1536.jpeg 1086w, https:\/\/sdf.hr\/wp-content\/uploads\/2025\/03\/Bio2-1448x2048.jpeg 1448w\" sizes=\"auto, (max-width: 1810px) 100vw, 1810px\" \/><figcaption id=\"caption-attachment-5975\" class=\"wp-caption-text\">&#8220;The Bloom&#8221;, iz serije &#8220;Double Agent: Do You Speak Flower?&#8221;, 2024., BIO28.<\/figcaption><\/figure>\n<p>Ilustracije je u 3D tehnici izvrsno izveo moj biv\u0161i kolega sa studija u Var\u0161avi <strong>Jakub Wr\u00f3blewski<\/strong>, a za tu tehniku odlu\u010dila sam se jer sam \u017eeljela dobiti dodatne rakurse koje sam iskoristila u sredstvima vizualnih komunikacija, ali i zbog toga \u0161to je moj inicijalni prijedlog bio napraviti skulpture koje su trebale biti dio postava. Na\u017ealost, do toga nije do\u0161lo zbog nedostatka sredstava.<\/p>\n<p><strong>Je li neki od va\u0161ih radova izlo\u017een u va\u0161em stanu, imate li neki najdra\u017ei? Znam da je pitanje malo \u010dizi, ali zanima me.<\/strong><\/p>\n<p>Naprotiv, pitanje je jako dobro jer potencijalno mo\u017ee puno toga otkriti. Kod mene recimo to da radim od ku\u0107e pa moj partner \u0161aljivo ka\u017ee: &#8220;Ti stalno radi\u0161, a ja \u017eivim na tvom poslu.&#8221; Mo\u017eda je to dodatan razlog za\u0161to ne \u017eelim svoje plakate na zidovima.<\/p>\n<p><strong>&#8220;Nada je disciplina&#8221; naziv je jednog od kustoskih koncepata pro\u0161logodi\u0161njeg Oktobarskog salona u Beogradu, na kojem ste tako\u0111er sudjelovali. \u0160to je nada u kontekstu ovog projekta, kako ste je do\u017eivjeli i preto\u010dili u svoj rad?<\/strong><\/p>\n<p>Konkretno, nada u kontekstu ovog projekta je na\u0161 timski otpor naspram tendencija hiperproduktivnosti i ubrzanja kakve nala\u017eu formati velikih izlo\u017ebi poput ove. Osim toga, za nas nada nije samo osje\u0107aj, ona je akcija, zasnovana na pretpostavci da potencijal za transformaciju i promjenu uvijek postoji. Naslov &#8220;Nada je disciplina&#8221; slogan je ameri\u010dke aktivistice i edukatorice <strong>Mariame Kabae<\/strong>, koja se najvi\u0161e zalagala za rasnu i rodnu pravdu, a za koji se odlu\u010dila kustosica <strong>Lina D\u017euverovi\u0107<\/strong>. Ona je osmislila koncepciju izlo\u017ebe u suradnji s beogradskim kustosicama iz Muzeja afri\u010dke umetnosti, <strong>Anom Kne\u017eevi\u0107 <\/strong>i<strong> Emilijom Ep\u0161tajn<\/strong>.<\/p>\n<p>U dizajn sam odlu\u010dila uklju\u010diti sve sudionice i sudionike projekta tako da sam nacrtala klju\u010dne trenutke iz priprema za izlo\u017ebu, a to su susreti kustosica s autoricama i autorima, brojni diskurzivni programi i rad na arhivu Pokreta nesvrstanih. Bilo mi je va\u017eno da nitko ne izostane i osjeti se neva\u017enim. Naime, distribucija rada je jako va\u017eno pitanje jer \u010desto vi\u0111amo <em>spotlight<\/em> samo na jednoj ili nekolicini osoba, dok ostali uklju\u010deni u rad ostaju nevidljivi. Pri prostornom oblikovanju, vodila sam se idejama komfora i pristupa\u010dnosti, \u0161to ina\u010de ne sre\u0107emo \u010desto u galerijskim prostorima, pa sam za tu priliku predlo\u017eila da se proizvode serija jastuka s ilustracijama.<\/p>\n<p><strong>A \u010demu se privatno nadate?<\/strong><\/p>\n<p>Moja osobna nadanja su da \u0107e uvjeti rada biti manje u <em>macho<\/em> ritmu. To je ujedno razlog za\u0161to nemam studio i zaposlene i za\u0161to ne \u017eelim postati &#8220;velika&#8221;. Ne tvrdim da sam u tome uspjela, ali se trudim.<\/p>\n<p><em>razgovor vodila Vedrana Bibi\u0107<\/em><\/p>\n","protected":false},"excerpt":{"rendered":"<p>Moja osobna nadanja su da \u0107e uvjeti rada biti manje u macho ritmu. To je ujedno razlog za\u0161to nemam studio i zaposlene i za\u0161to ne \u017eelim postati &#8220;velika&#8221;. Ne tvrdim da sam u tome uspjela, ali se trudim<\/p>\n","protected":false},"featured_media":5968,"template":"","tags":[173],"atribut":[],"class_list":["post-5979","nada","type-nada","status-publish","has-post-thumbnail","hentry","tag-intervju-2-hr"],"acf":[],"yoast_head":"<!-- This site is optimized with the Yoast SEO plugin v27.4 - https:\/\/yoast.com\/product\/yoast-seo-wordpress\/ -->\n<title>Rafaela Dra\u017ei\u0107: Nada nije samo osje\u0107aj, ona je akcija - SDF - Srpski demokratski forum<\/title>\n<meta name=\"robots\" content=\"index, follow, max-snippet:-1, max-image-preview:large, max-video-preview:-1\" \/>\n<link rel=\"canonical\" href=\"https:\/\/sdf.hr\/hr\/nada\/rafaela-drazic-nada-nije-samo-osjecaj-ona-je-akcija\/\" \/>\n<meta property=\"og:locale\" content=\"hr_HR\" \/>\n<meta property=\"og:type\" content=\"article\" \/>\n<meta property=\"og:title\" content=\"Rafaela Dra\u017ei\u0107: Nada nije samo osje\u0107aj, ona je akcija - SDF - Srpski demokratski forum\" \/>\n<meta property=\"og:description\" content=\"Moja osobna nadanja su da \u0107e uvjeti rada biti manje u macho ritmu. To je ujedno razlog za\u0161to nemam studio i zaposlene i za\u0161to ne \u017eelim postati &quot;velika&quot;. Ne tvrdim da sam u tome uspjela, ali se trudim\" \/>\n<meta property=\"og:url\" content=\"https:\/\/sdf.hr\/hr\/nada\/rafaela-drazic-nada-nije-samo-osjecaj-ona-je-akcija\/\" \/>\n<meta property=\"og:site_name\" content=\"SDF - Srpski demokratski forum\" \/>\n<meta property=\"article:modified_time\" content=\"2025-03-16T09:17:33+00:00\" \/>\n<meta property=\"og:image\" content=\"https:\/\/sdf.hr\/wp-content\/uploads\/2025\/03\/Drazic1-scaled.jpg\" \/>\n\t<meta property=\"og:image:width\" content=\"2560\" \/>\n\t<meta property=\"og:image:height\" content=\"2049\" \/>\n\t<meta property=\"og:image:type\" content=\"image\/jpeg\" \/>\n<meta name=\"twitter:card\" content=\"summary_large_image\" \/>\n<meta name=\"twitter:label1\" content=\"Procijenjeno vrijeme \u010ditanja\" \/>\n\t<meta name=\"twitter:data1\" content=\"13 minuta\" \/>\n<script type=\"application\/ld+json\" class=\"yoast-schema-graph\">{\"@context\":\"https:\\\/\\\/schema.org\",\"@graph\":[{\"@type\":\"WebPage\",\"@id\":\"https:\\\/\\\/sdf.hr\\\/hr\\\/nada\\\/rafaela-drazic-nada-nije-samo-osjecaj-ona-je-akcija\\\/\",\"url\":\"https:\\\/\\\/sdf.hr\\\/hr\\\/nada\\\/rafaela-drazic-nada-nije-samo-osjecaj-ona-je-akcija\\\/\",\"name\":\"Rafaela Dra\u017ei\u0107: Nada nije samo osje\u0107aj, ona je akcija - SDF - Srpski demokratski forum\",\"isPartOf\":{\"@id\":\"https:\\\/\\\/sdf.hr\\\/#website\"},\"primaryImageOfPage\":{\"@id\":\"https:\\\/\\\/sdf.hr\\\/hr\\\/nada\\\/rafaela-drazic-nada-nije-samo-osjecaj-ona-je-akcija\\\/#primaryimage\"},\"image\":{\"@id\":\"https:\\\/\\\/sdf.hr\\\/hr\\\/nada\\\/rafaela-drazic-nada-nije-samo-osjecaj-ona-je-akcija\\\/#primaryimage\"},\"thumbnailUrl\":\"https:\\\/\\\/sdf.hr\\\/wp-content\\\/uploads\\\/2025\\\/03\\\/Drazic1-scaled.jpg\",\"datePublished\":\"2025-03-02T10:38:56+00:00\",\"dateModified\":\"2025-03-16T09:17:33+00:00\",\"breadcrumb\":{\"@id\":\"https:\\\/\\\/sdf.hr\\\/hr\\\/nada\\\/rafaela-drazic-nada-nije-samo-osjecaj-ona-je-akcija\\\/#breadcrumb\"},\"inLanguage\":\"hr\",\"potentialAction\":[{\"@type\":\"ReadAction\",\"target\":[\"https:\\\/\\\/sdf.hr\\\/hr\\\/nada\\\/rafaela-drazic-nada-nije-samo-osjecaj-ona-je-akcija\\\/\"]}]},{\"@type\":\"ImageObject\",\"inLanguage\":\"hr\",\"@id\":\"https:\\\/\\\/sdf.hr\\\/hr\\\/nada\\\/rafaela-drazic-nada-nije-samo-osjecaj-ona-je-akcija\\\/#primaryimage\",\"url\":\"https:\\\/\\\/sdf.hr\\\/wp-content\\\/uploads\\\/2025\\\/03\\\/Drazic1-scaled.jpg\",\"contentUrl\":\"https:\\\/\\\/sdf.hr\\\/wp-content\\\/uploads\\\/2025\\\/03\\\/Drazic1-scaled.jpg\",\"width\":2560,\"height\":2049,\"caption\":\"Rafaela Dra\u017ei\u0107\"},{\"@type\":\"BreadcrumbList\",\"@id\":\"https:\\\/\\\/sdf.hr\\\/hr\\\/nada\\\/rafaela-drazic-nada-nije-samo-osjecaj-ona-je-akcija\\\/#breadcrumb\",\"itemListElement\":[{\"@type\":\"ListItem\",\"position\":1,\"name\":\"Po\u010detna stranica\",\"item\":\"https:\\\/\\\/sdf.hr\\\/hr\\\/\"},{\"@type\":\"ListItem\",\"position\":2,\"name\":\"Nada\",\"item\":\"https:\\\/\\\/sdf.hr\\\/nada\\\/\"},{\"@type\":\"ListItem\",\"position\":3,\"name\":\"Rafaela Dra\u017ei\u0107: Nada nije samo osje\u0107aj, ona je akcija\"}]},{\"@type\":\"WebSite\",\"@id\":\"https:\\\/\\\/sdf.hr\\\/#website\",\"url\":\"https:\\\/\\\/sdf.hr\\\/\",\"name\":\"SDF - Srpski demokratski forum\",\"description\":\"Srpski demokratski forum\",\"publisher\":{\"@id\":\"https:\\\/\\\/sdf.hr\\\/#organization\"},\"potentialAction\":[{\"@type\":\"SearchAction\",\"target\":{\"@type\":\"EntryPoint\",\"urlTemplate\":\"https:\\\/\\\/sdf.hr\\\/?s={search_term_string}\"},\"query-input\":{\"@type\":\"PropertyValueSpecification\",\"valueRequired\":true,\"valueName\":\"search_term_string\"}}],\"inLanguage\":\"hr\"},{\"@type\":\"Organization\",\"@id\":\"https:\\\/\\\/sdf.hr\\\/#organization\",\"name\":\"SDF - Srpski demokratski forum\",\"url\":\"https:\\\/\\\/sdf.hr\\\/\",\"logo\":{\"@type\":\"ImageObject\",\"inLanguage\":\"hr\",\"@id\":\"https:\\\/\\\/sdf.hr\\\/#\\\/schema\\\/logo\\\/image\\\/\",\"url\":\"https:\\\/\\\/sdf.hr\\\/wp-content\\\/uploads\\\/2021\\\/07\\\/logo-hr.svg\",\"contentUrl\":\"https:\\\/\\\/sdf.hr\\\/wp-content\\\/uploads\\\/2021\\\/07\\\/logo-hr.svg\",\"width\":271,\"height\":100,\"caption\":\"SDF - Srpski demokratski forum\"},\"image\":{\"@id\":\"https:\\\/\\\/sdf.hr\\\/#\\\/schema\\\/logo\\\/image\\\/\"}}]}<\/script>\n<!-- \/ Yoast SEO plugin. -->","yoast_head_json":{"title":"Rafaela Dra\u017ei\u0107: Nada nije samo osje\u0107aj, ona je akcija - SDF - Srpski demokratski forum","robots":{"index":"index","follow":"follow","max-snippet":"max-snippet:-1","max-image-preview":"max-image-preview:large","max-video-preview":"max-video-preview:-1"},"canonical":"https:\/\/sdf.hr\/hr\/nada\/rafaela-drazic-nada-nije-samo-osjecaj-ona-je-akcija\/","og_locale":"hr_HR","og_type":"article","og_title":"Rafaela Dra\u017ei\u0107: Nada nije samo osje\u0107aj, ona je akcija - SDF - Srpski demokratski forum","og_description":"Moja osobna nadanja su da \u0107e uvjeti rada biti manje u macho ritmu. To je ujedno razlog za\u0161to nemam studio i zaposlene i za\u0161to ne \u017eelim postati \"velika\". Ne tvrdim da sam u tome uspjela, ali se trudim","og_url":"https:\/\/sdf.hr\/hr\/nada\/rafaela-drazic-nada-nije-samo-osjecaj-ona-je-akcija\/","og_site_name":"SDF - Srpski demokratski forum","article_modified_time":"2025-03-16T09:17:33+00:00","og_image":[{"width":2560,"height":2049,"url":"https:\/\/sdf.hr\/wp-content\/uploads\/2025\/03\/Drazic1-scaled.jpg","type":"image\/jpeg"}],"twitter_card":"summary_large_image","twitter_misc":{"Procijenjeno vrijeme \u010ditanja":"13 minuta"},"schema":{"@context":"https:\/\/schema.org","@graph":[{"@type":"WebPage","@id":"https:\/\/sdf.hr\/hr\/nada\/rafaela-drazic-nada-nije-samo-osjecaj-ona-je-akcija\/","url":"https:\/\/sdf.hr\/hr\/nada\/rafaela-drazic-nada-nije-samo-osjecaj-ona-je-akcija\/","name":"Rafaela Dra\u017ei\u0107: Nada nije samo osje\u0107aj, ona je akcija - SDF - Srpski demokratski forum","isPartOf":{"@id":"https:\/\/sdf.hr\/#website"},"primaryImageOfPage":{"@id":"https:\/\/sdf.hr\/hr\/nada\/rafaela-drazic-nada-nije-samo-osjecaj-ona-je-akcija\/#primaryimage"},"image":{"@id":"https:\/\/sdf.hr\/hr\/nada\/rafaela-drazic-nada-nije-samo-osjecaj-ona-je-akcija\/#primaryimage"},"thumbnailUrl":"https:\/\/sdf.hr\/wp-content\/uploads\/2025\/03\/Drazic1-scaled.jpg","datePublished":"2025-03-02T10:38:56+00:00","dateModified":"2025-03-16T09:17:33+00:00","breadcrumb":{"@id":"https:\/\/sdf.hr\/hr\/nada\/rafaela-drazic-nada-nije-samo-osjecaj-ona-je-akcija\/#breadcrumb"},"inLanguage":"hr","potentialAction":[{"@type":"ReadAction","target":["https:\/\/sdf.hr\/hr\/nada\/rafaela-drazic-nada-nije-samo-osjecaj-ona-je-akcija\/"]}]},{"@type":"ImageObject","inLanguage":"hr","@id":"https:\/\/sdf.hr\/hr\/nada\/rafaela-drazic-nada-nije-samo-osjecaj-ona-je-akcija\/#primaryimage","url":"https:\/\/sdf.hr\/wp-content\/uploads\/2025\/03\/Drazic1-scaled.jpg","contentUrl":"https:\/\/sdf.hr\/wp-content\/uploads\/2025\/03\/Drazic1-scaled.jpg","width":2560,"height":2049,"caption":"Rafaela Dra\u017ei\u0107"},{"@type":"BreadcrumbList","@id":"https:\/\/sdf.hr\/hr\/nada\/rafaela-drazic-nada-nije-samo-osjecaj-ona-je-akcija\/#breadcrumb","itemListElement":[{"@type":"ListItem","position":1,"name":"Po\u010detna stranica","item":"https:\/\/sdf.hr\/hr\/"},{"@type":"ListItem","position":2,"name":"Nada","item":"https:\/\/sdf.hr\/nada\/"},{"@type":"ListItem","position":3,"name":"Rafaela Dra\u017ei\u0107: Nada nije samo osje\u0107aj, ona je akcija"}]},{"@type":"WebSite","@id":"https:\/\/sdf.hr\/#website","url":"https:\/\/sdf.hr\/","name":"SDF - Srpski demokratski forum","description":"Srpski demokratski forum","publisher":{"@id":"https:\/\/sdf.hr\/#organization"},"potentialAction":[{"@type":"SearchAction","target":{"@type":"EntryPoint","urlTemplate":"https:\/\/sdf.hr\/?s={search_term_string}"},"query-input":{"@type":"PropertyValueSpecification","valueRequired":true,"valueName":"search_term_string"}}],"inLanguage":"hr"},{"@type":"Organization","@id":"https:\/\/sdf.hr\/#organization","name":"SDF - Srpski demokratski forum","url":"https:\/\/sdf.hr\/","logo":{"@type":"ImageObject","inLanguage":"hr","@id":"https:\/\/sdf.hr\/#\/schema\/logo\/image\/","url":"https:\/\/sdf.hr\/wp-content\/uploads\/2021\/07\/logo-hr.svg","contentUrl":"https:\/\/sdf.hr\/wp-content\/uploads\/2021\/07\/logo-hr.svg","width":271,"height":100,"caption":"SDF - Srpski demokratski forum"},"image":{"@id":"https:\/\/sdf.hr\/#\/schema\/logo\/image\/"}}]}},"_links":{"self":[{"href":"https:\/\/sdf.hr\/hr\/wp-json\/wp\/v2\/nada\/5979","targetHints":{"allow":["GET"]}}],"collection":[{"href":"https:\/\/sdf.hr\/hr\/wp-json\/wp\/v2\/nada"}],"about":[{"href":"https:\/\/sdf.hr\/hr\/wp-json\/wp\/v2\/types\/nada"}],"wp:featuredmedia":[{"embeddable":true,"href":"https:\/\/sdf.hr\/hr\/wp-json\/wp\/v2\/media\/5968"}],"wp:attachment":[{"href":"https:\/\/sdf.hr\/hr\/wp-json\/wp\/v2\/media?parent=5979"}],"wp:term":[{"taxonomy":"post_tag","embeddable":true,"href":"https:\/\/sdf.hr\/hr\/wp-json\/wp\/v2\/tags?post=5979"},{"taxonomy":"atribut","embeddable":true,"href":"https:\/\/sdf.hr\/hr\/wp-json\/wp\/v2\/atribut?post=5979"}],"curies":[{"name":"wp","href":"https:\/\/api.w.org\/{rel}","templated":true}]}}