{"id":5983,"date":"2025-03-04T11:07:15","date_gmt":"2025-03-04T10:07:15","guid":{"rendered":"https:\/\/sdf.hr\/nada\/sjena-u-sesvetama\/"},"modified":"2025-03-04T11:07:51","modified_gmt":"2025-03-04T10:07:51","slug":"sjena-u-sesvetama","status":"publish","type":"nada","link":"https:\/\/sdf.hr\/hr\/nada\/sjena-u-sesvetama\/","title":{"rendered":"Sjena u Sesvetama"},"content":{"rendered":"<p>Kubanski gradi\u0107 Santa Clara i velika knji\u017eara uz glavni gradski trg. Na zagasito plavoj polici le\u017ei starija preporuka Kubanskog opservatorija za knjige i \u010ditanje. &#8220;Ni\u010dija zemlja&#8221;, knjiga iz 2009., kubanskog autora <strong>Ariela Ribeauxa Diaga<\/strong>. Na pole\u0111ini knjige pi\u0161e da je Ribeaux Diago napisao vi\u0161e knjiga za djecu i mlade. I &#8220;Ni\u010dija zemlja&#8221; spada u tu kategoriju. Glavni protagonist kratkog romana je mladi crni dje\u010dak Marcel koji je iz Haitija emigrirao u drugu karipsku zemlju. Mo\u017eda na Kubu, a mo\u017eda u Dominikansku Republiku. Na \u010ditateljici ostaje da zaklju\u010di o kojoj se to\u010dno zemlji radi i \u017eeli li se takvim zaklju\u010dcima baviti.<\/p>\n<p>&#8220;Ni\u010dija zemlja&#8221; iz Santa Clare putuje preko Atlantika, valja se u crnom ruksaku sa zelenim prugama. Na par tjedana biva zaboravljena, a zatim izvu\u010dena u dosadnjikavo popodne na kolodvoru u Sesvetama. U pozadini se \u010duju zagreba\u010dki vlakovi, dje\u010dak Marcel zapo\u010dinje svoju pri\u010du. Osje\u0107a se katapultirano u novu zemlju, ne snalazi se me\u0111u \u0161kolskim drugovima. Prve borbe (ne)prihva\u0107anja po\u010dinju na ustaljenoj \u0161kolskoj fronti &#8211; nogometnom igrali\u0161tu. Esperanto lopte nije uvijek najte\u010dniji, i u njemu je puno zamuckivanja i u\u0161utkavanja. &#8220;Igrali\u0161te ne pripada njima, pripada svakome tko \u017eeli igrati nogomet. Ako odem, mislit \u0107e da ih se bojim jer ih je puno, a ja sam sam. Pa ih ignoriram i nastavljam \u0161utirati loptu&#8221;, pripovijeda Marcel. U svojoj samo\u0107i postaje vidljiviji, a posebno vidljivim \u010dini ga i njegova boja ko\u017ee, najtamnija nijansa crne. U \u0161koli ga zovu &#8220;crni&#8221;, &#8220;obojeni&#8221;, &#8220;sjena&#8221;, &#8220;moreno&#8221;, &#8220;negrito&#8221;. &#8220;Crn sam, pa \u0161to?&#8221;, skuplja snage da ka\u017ee i uzvrati udarce. U\u010diteljici u \u0161koli obja\u0161njava kako su Francuzi na Haitiju porobljavali i tijela i umove Afrikanaca, kako su u imenima robova ostale francuske rije\u010di, njihova prezimena, a afri\u010dka i\u0161\u010deznula.<\/p>\n<p>Bijeg od rata i prilagodba na novi \u017eivot isku\u0161enje je za \u010ditavu obitelj, na Marcela se prelijeva roditeljsko nezadovoljstvo poslom i potpla\u0107enost. I njegova je majka u\u010diteljica, a \u010ditateljima se daje do znanja da je to jedan od najslabije pla\u0107enih poslova u zemlji. Obrazovanje je u zemlji u koju je Marcel izbjegao dostupno i siroma\u0161nima, ali siroma\u0161ne obrazuju siroma\u0161ni, ljudi \u010diji rad nije adekvatno vrednovan. &#8220;U ovoj zemlji nitko vi\u0161e ne \u017eeli biti u\u010ditelj&#8221;, konstatira Marcelova majka. U Sesvetama iz vlaka izlazi grupa srednjo\u0161kolaca, jurcaju preko pruge u slobodu ve\u010dernjih sati.<\/p>\n<p>Marcel se na igrali\u0161tu najvi\u0161e sukobljava s El Napom, dje\u010dakom kojemu ide trpanje lopte u mre\u017eu, i kojeg smatraju prototipom &#8220;sportskog, tupavog&#8221; tipa. Silom prilika obojica moraju igrati u istoj ekipi, a u jednom trenutku i ozbiljno drugarski sura\u0111ivati na nogometnom turniru. Na turniru pobje\u0111uju, a El Napo dobiva medalju kao najbolji strijelac. Presudan trenutak u romanu njegov je odlazak na pozornicu i govor nakon preuzimanja medalje.<\/p>\n<p>&#8220;Ovu medalju koju nosim na prsima i diplomu koju dr\u017eim u rukama \u017eelim posvetiti troje ljudi. Mojim roditeljima, koji nikad nisu bili ponosni na mene &#8211; jer, da vam iskreno ka\u017eem, ne ide mi u\u010denje &#8211; ali znam da \u0107e danas biti ponosni. Tre\u0107a osoba je prijatelj, netko za koga do danas nisam shva\u0107ao da mi je prijatelj, netko tko je jednako kao i ja zaslu\u017ean za pobjedu na\u0161e mom\u010dadi i koji me svojim sjajnim dodavanjem u posljednjoj minuti nau\u010dio mnogim stvarima koje nikada ne\u0107u zaboraviti. Ta osoba je na\u0161 Sjena, odnosno Marcel&#8221;, izgovara El Napo. Zatim silazi s pozornice uz aplauz svih prisutnih i grli Marcela koji pla\u010de. &#8220;Ni\u010dija zemlja&#8221; tako iz Santa Clare u Sesvetama postaje ne\u010dija \u2013 prijateljska.<\/p>\n<p><em>pi\u0161e Ivana Peri\u0107<\/em><\/p>\n","protected":false},"excerpt":{"rendered":"<p>&#8220;Ni\u010dija zemlja&#8221; iz Santa Clare putuje preko Atlantika, valja se u crnom ruksaku sa zelenim prugama. Na par tjedana biva zaboravljena, a zatim izvu\u010dena u dosadnjikavo popodne na kolodvoru u Sesvetama<\/p>\n","protected":false},"featured_media":5982,"template":"","tags":[40],"atribut":[],"class_list":["post-5983","nada","type-nada","status-publish","has-post-thumbnail","hentry","tag-dvokorak-naprijed"],"acf":[],"yoast_head":"<!-- This site is optimized with the Yoast SEO plugin v27.4 - https:\/\/yoast.com\/product\/yoast-seo-wordpress\/ -->\n<title>Sjena u Sesvetama - SDF - Srpski demokratski forum<\/title>\n<meta name=\"robots\" content=\"index, follow, max-snippet:-1, max-image-preview:large, max-video-preview:-1\" \/>\n<link rel=\"canonical\" href=\"https:\/\/sdf.hr\/hr\/nada\/sjena-u-sesvetama\/\" \/>\n<meta property=\"og:locale\" content=\"hr_HR\" \/>\n<meta property=\"og:type\" content=\"article\" \/>\n<meta property=\"og:title\" content=\"Sjena u Sesvetama - SDF - Srpski demokratski forum\" \/>\n<meta property=\"og:description\" content=\"&quot;Ni\u010dija zemlja&quot; iz Santa Clare putuje preko Atlantika, valja se u crnom ruksaku sa zelenim prugama. Na par tjedana biva zaboravljena, a zatim izvu\u010dena u dosadnjikavo popodne na kolodvoru u Sesvetama\" \/>\n<meta property=\"og:url\" content=\"https:\/\/sdf.hr\/hr\/nada\/sjena-u-sesvetama\/\" \/>\n<meta property=\"og:site_name\" content=\"SDF - Srpski demokratski forum\" \/>\n<meta property=\"article:modified_time\" content=\"2025-03-04T10:07:51+00:00\" \/>\n<meta property=\"og:image\" content=\"https:\/\/sdf.hr\/wp-content\/uploads\/2025\/03\/Sesvete_Igor-Kralj.jpg\" \/>\n\t<meta property=\"og:image:width\" content=\"2520\" \/>\n\t<meta property=\"og:image:height\" content=\"1554\" \/>\n\t<meta property=\"og:image:type\" content=\"image\/jpeg\" \/>\n<meta name=\"twitter:card\" content=\"summary_large_image\" \/>\n<meta name=\"twitter:label1\" content=\"Procijenjeno vrijeme \u010ditanja\" \/>\n\t<meta name=\"twitter:data1\" content=\"3 minute\" \/>\n<script type=\"application\/ld+json\" class=\"yoast-schema-graph\">{\"@context\":\"https:\\\/\\\/schema.org\",\"@graph\":[{\"@type\":\"WebPage\",\"@id\":\"https:\\\/\\\/sdf.hr\\\/hr\\\/nada\\\/sjena-u-sesvetama\\\/\",\"url\":\"https:\\\/\\\/sdf.hr\\\/hr\\\/nada\\\/sjena-u-sesvetama\\\/\",\"name\":\"Sjena u Sesvetama - SDF - Srpski demokratski forum\",\"isPartOf\":{\"@id\":\"https:\\\/\\\/sdf.hr\\\/#website\"},\"primaryImageOfPage\":{\"@id\":\"https:\\\/\\\/sdf.hr\\\/hr\\\/nada\\\/sjena-u-sesvetama\\\/#primaryimage\"},\"image\":{\"@id\":\"https:\\\/\\\/sdf.hr\\\/hr\\\/nada\\\/sjena-u-sesvetama\\\/#primaryimage\"},\"thumbnailUrl\":\"https:\\\/\\\/sdf.hr\\\/wp-content\\\/uploads\\\/2025\\\/03\\\/Sesvete_Igor-Kralj.jpg\",\"datePublished\":\"2025-03-04T10:07:15+00:00\",\"dateModified\":\"2025-03-04T10:07:51+00:00\",\"breadcrumb\":{\"@id\":\"https:\\\/\\\/sdf.hr\\\/hr\\\/nada\\\/sjena-u-sesvetama\\\/#breadcrumb\"},\"inLanguage\":\"hr\",\"potentialAction\":[{\"@type\":\"ReadAction\",\"target\":[\"https:\\\/\\\/sdf.hr\\\/hr\\\/nada\\\/sjena-u-sesvetama\\\/\"]}]},{\"@type\":\"ImageObject\",\"inLanguage\":\"hr\",\"@id\":\"https:\\\/\\\/sdf.hr\\\/hr\\\/nada\\\/sjena-u-sesvetama\\\/#primaryimage\",\"url\":\"https:\\\/\\\/sdf.hr\\\/wp-content\\\/uploads\\\/2025\\\/03\\\/Sesvete_Igor-Kralj.jpg\",\"contentUrl\":\"https:\\\/\\\/sdf.hr\\\/wp-content\\\/uploads\\\/2025\\\/03\\\/Sesvete_Igor-Kralj.jpg\",\"width\":2520,\"height\":1554,\"caption\":\"Kolodvor u Sesvetama (Foto: Igor Kralj\\\/PIXSELL)\"},{\"@type\":\"BreadcrumbList\",\"@id\":\"https:\\\/\\\/sdf.hr\\\/hr\\\/nada\\\/sjena-u-sesvetama\\\/#breadcrumb\",\"itemListElement\":[{\"@type\":\"ListItem\",\"position\":1,\"name\":\"Po\u010detna stranica\",\"item\":\"https:\\\/\\\/sdf.hr\\\/hr\\\/\"},{\"@type\":\"ListItem\",\"position\":2,\"name\":\"Nada\",\"item\":\"https:\\\/\\\/sdf.hr\\\/nada\\\/\"},{\"@type\":\"ListItem\",\"position\":3,\"name\":\"Sjena u Sesvetama\"}]},{\"@type\":\"WebSite\",\"@id\":\"https:\\\/\\\/sdf.hr\\\/#website\",\"url\":\"https:\\\/\\\/sdf.hr\\\/\",\"name\":\"SDF - Srpski demokratski forum\",\"description\":\"Srpski demokratski forum\",\"publisher\":{\"@id\":\"https:\\\/\\\/sdf.hr\\\/#organization\"},\"potentialAction\":[{\"@type\":\"SearchAction\",\"target\":{\"@type\":\"EntryPoint\",\"urlTemplate\":\"https:\\\/\\\/sdf.hr\\\/?s={search_term_string}\"},\"query-input\":{\"@type\":\"PropertyValueSpecification\",\"valueRequired\":true,\"valueName\":\"search_term_string\"}}],\"inLanguage\":\"hr\"},{\"@type\":\"Organization\",\"@id\":\"https:\\\/\\\/sdf.hr\\\/#organization\",\"name\":\"SDF - Srpski demokratski forum\",\"url\":\"https:\\\/\\\/sdf.hr\\\/\",\"logo\":{\"@type\":\"ImageObject\",\"inLanguage\":\"hr\",\"@id\":\"https:\\\/\\\/sdf.hr\\\/#\\\/schema\\\/logo\\\/image\\\/\",\"url\":\"https:\\\/\\\/sdf.hr\\\/wp-content\\\/uploads\\\/2021\\\/07\\\/logo-hr.svg\",\"contentUrl\":\"https:\\\/\\\/sdf.hr\\\/wp-content\\\/uploads\\\/2021\\\/07\\\/logo-hr.svg\",\"width\":271,\"height\":100,\"caption\":\"SDF - Srpski demokratski forum\"},\"image\":{\"@id\":\"https:\\\/\\\/sdf.hr\\\/#\\\/schema\\\/logo\\\/image\\\/\"}}]}<\/script>\n<!-- \/ Yoast SEO plugin. -->","yoast_head_json":{"title":"Sjena u Sesvetama - SDF - Srpski demokratski forum","robots":{"index":"index","follow":"follow","max-snippet":"max-snippet:-1","max-image-preview":"max-image-preview:large","max-video-preview":"max-video-preview:-1"},"canonical":"https:\/\/sdf.hr\/hr\/nada\/sjena-u-sesvetama\/","og_locale":"hr_HR","og_type":"article","og_title":"Sjena u Sesvetama - SDF - Srpski demokratski forum","og_description":"\"Ni\u010dija zemlja\" iz Santa Clare putuje preko Atlantika, valja se u crnom ruksaku sa zelenim prugama. Na par tjedana biva zaboravljena, a zatim izvu\u010dena u dosadnjikavo popodne na kolodvoru u Sesvetama","og_url":"https:\/\/sdf.hr\/hr\/nada\/sjena-u-sesvetama\/","og_site_name":"SDF - Srpski demokratski forum","article_modified_time":"2025-03-04T10:07:51+00:00","og_image":[{"width":2520,"height":1554,"url":"https:\/\/sdf.hr\/wp-content\/uploads\/2025\/03\/Sesvete_Igor-Kralj.jpg","type":"image\/jpeg"}],"twitter_card":"summary_large_image","twitter_misc":{"Procijenjeno vrijeme \u010ditanja":"3 minute"},"schema":{"@context":"https:\/\/schema.org","@graph":[{"@type":"WebPage","@id":"https:\/\/sdf.hr\/hr\/nada\/sjena-u-sesvetama\/","url":"https:\/\/sdf.hr\/hr\/nada\/sjena-u-sesvetama\/","name":"Sjena u Sesvetama - SDF - Srpski demokratski forum","isPartOf":{"@id":"https:\/\/sdf.hr\/#website"},"primaryImageOfPage":{"@id":"https:\/\/sdf.hr\/hr\/nada\/sjena-u-sesvetama\/#primaryimage"},"image":{"@id":"https:\/\/sdf.hr\/hr\/nada\/sjena-u-sesvetama\/#primaryimage"},"thumbnailUrl":"https:\/\/sdf.hr\/wp-content\/uploads\/2025\/03\/Sesvete_Igor-Kralj.jpg","datePublished":"2025-03-04T10:07:15+00:00","dateModified":"2025-03-04T10:07:51+00:00","breadcrumb":{"@id":"https:\/\/sdf.hr\/hr\/nada\/sjena-u-sesvetama\/#breadcrumb"},"inLanguage":"hr","potentialAction":[{"@type":"ReadAction","target":["https:\/\/sdf.hr\/hr\/nada\/sjena-u-sesvetama\/"]}]},{"@type":"ImageObject","inLanguage":"hr","@id":"https:\/\/sdf.hr\/hr\/nada\/sjena-u-sesvetama\/#primaryimage","url":"https:\/\/sdf.hr\/wp-content\/uploads\/2025\/03\/Sesvete_Igor-Kralj.jpg","contentUrl":"https:\/\/sdf.hr\/wp-content\/uploads\/2025\/03\/Sesvete_Igor-Kralj.jpg","width":2520,"height":1554,"caption":"Kolodvor u Sesvetama (Foto: Igor Kralj\/PIXSELL)"},{"@type":"BreadcrumbList","@id":"https:\/\/sdf.hr\/hr\/nada\/sjena-u-sesvetama\/#breadcrumb","itemListElement":[{"@type":"ListItem","position":1,"name":"Po\u010detna stranica","item":"https:\/\/sdf.hr\/hr\/"},{"@type":"ListItem","position":2,"name":"Nada","item":"https:\/\/sdf.hr\/nada\/"},{"@type":"ListItem","position":3,"name":"Sjena u Sesvetama"}]},{"@type":"WebSite","@id":"https:\/\/sdf.hr\/#website","url":"https:\/\/sdf.hr\/","name":"SDF - Srpski demokratski forum","description":"Srpski demokratski forum","publisher":{"@id":"https:\/\/sdf.hr\/#organization"},"potentialAction":[{"@type":"SearchAction","target":{"@type":"EntryPoint","urlTemplate":"https:\/\/sdf.hr\/?s={search_term_string}"},"query-input":{"@type":"PropertyValueSpecification","valueRequired":true,"valueName":"search_term_string"}}],"inLanguage":"hr"},{"@type":"Organization","@id":"https:\/\/sdf.hr\/#organization","name":"SDF - Srpski demokratski forum","url":"https:\/\/sdf.hr\/","logo":{"@type":"ImageObject","inLanguage":"hr","@id":"https:\/\/sdf.hr\/#\/schema\/logo\/image\/","url":"https:\/\/sdf.hr\/wp-content\/uploads\/2021\/07\/logo-hr.svg","contentUrl":"https:\/\/sdf.hr\/wp-content\/uploads\/2021\/07\/logo-hr.svg","width":271,"height":100,"caption":"SDF - Srpski demokratski forum"},"image":{"@id":"https:\/\/sdf.hr\/#\/schema\/logo\/image\/"}}]}},"_links":{"self":[{"href":"https:\/\/sdf.hr\/hr\/wp-json\/wp\/v2\/nada\/5983","targetHints":{"allow":["GET"]}}],"collection":[{"href":"https:\/\/sdf.hr\/hr\/wp-json\/wp\/v2\/nada"}],"about":[{"href":"https:\/\/sdf.hr\/hr\/wp-json\/wp\/v2\/types\/nada"}],"wp:featuredmedia":[{"embeddable":true,"href":"https:\/\/sdf.hr\/hr\/wp-json\/wp\/v2\/media\/5982"}],"wp:attachment":[{"href":"https:\/\/sdf.hr\/hr\/wp-json\/wp\/v2\/media?parent=5983"}],"wp:term":[{"taxonomy":"post_tag","embeddable":true,"href":"https:\/\/sdf.hr\/hr\/wp-json\/wp\/v2\/tags?post=5983"},{"taxonomy":"atribut","embeddable":true,"href":"https:\/\/sdf.hr\/hr\/wp-json\/wp\/v2\/atribut?post=5983"}],"curies":[{"name":"wp","href":"https:\/\/api.w.org\/{rel}","templated":true}]}}