{"id":5998,"date":"2025-03-07T15:22:45","date_gmt":"2025-03-07T14:22:45","guid":{"rendered":"https:\/\/sdf.hr\/nada\/suputnici-u-kreaciji\/"},"modified":"2025-03-07T15:23:01","modified_gmt":"2025-03-07T14:23:01","slug":"suputnici-u-kreaciji","status":"publish","type":"nada","link":"https:\/\/sdf.hr\/hr\/nada\/suputnici-u-kreaciji\/","title":{"rendered":"Suputnici u kreaciji"},"content":{"rendered":"<p>Jesenas je na zagreba\u010dkoj adresi Nova Ves 73 A pod nazivom &#8220;Suputnici&#8221; otvorena multifunkcionalna, nezavisna galerija koju pokre\u0107e interdisciplinarnost i inkluzivnost. Galeriju, koja izlazi iz uobi\u010dajenih okvira, osnovali su <strong>Iva Ore\u0161kovi\u0107<\/strong>, <strong>Zoe \u0160arlija<\/strong>, <strong>Jan Vr\u017eina<\/strong>, <strong>Ivan \u0110ukez<\/strong>, <strong>Gregor Siroti\u0107 Maru\u0161i\u0107<\/strong> i <strong>Tin Bla\u017eeka<\/strong> \u2013 prijatelji koji su shvatili da je brojnim ljudima, ba\u0161 kao i njima, potreban prostor za razmjenu znanja i iskustava, umjetni\u010dko izra\u017eavanje i op\u0107enito razvijanje kulturne scene. Dok se odvijala jedna od njihovih najnovijih aktivnosti, radionica izrade karnevalskih maski, razgovarali smo s Ivanom, Gregorom i Tinom o &#8220;Suputnicima&#8221; koji su idejno nastali jo\u0161 prije dvije godine.<\/p>\n<p>&#8211; Prije dvije godine sam upoznao Ivana, Gregora i cijelu grupu ljudi. Svi su se bavili ne\u010dim druk\u010dijim \u2013 filmom, plesom, pisanjem, dizajnom, muzikom \u2013 pokrili smo sva podru\u010dja umjetnosti i svako je htio baviti se svojim podru\u010djem, a vikendom bismo se na\u0161li negdje i pri\u010dali o tome. Sami, te\u0161ko da smo mogli ne\u0161to svoje pokrenuti, pa sam govorio da trebamo napraviti udrugu, da se svi ujedinimo \u2013 kazao je Tin, dodaju\u0107i da osnivanje ovako koncipirane galerije nije uspjelo iz prvog poku\u0161aja.<\/p>\n<p>U jesen su na\u0161li odli\u010dan prostor i poprili\u010dno se brzo stigli organizirati. Naziv galerije ukazuje na to da su zapravo svi suputnici \u2013 i osniva\u010di i svi kojima dolaskom u ovaj prostor on postaje zajedni\u010dki. To je koncept otvorenosti, uklju\u010denosti i suradnje.<\/p>\n<p>&#8211; Ideja je da ovo ne bude zatvoreni kolektiv, nego prostor otvoren za sve ljude koji imaju svoje projekte i interese. Sve, \u010dak i na nezavisnoj sceni, funkcionira po principu natje\u010daja i dugih perioda provedbe projekata, zbog \u010dega smo htjeli napraviti prostor za eksperimente, ne\u0161to \u0161to je spontano ili u procesu nastajanja. Zato i jesmo nazvani &#8220;Suputnici&#8221;, kao udruga u koju se svatko mo\u017ee u\u010dlaniti i raditi ono \u0161to ga zanima \u2013 objasnio je Gregor.<\/p>\n<p>Trenutno se u potpunosti financiraju od donacija \u0161to im omogu\u0107ava ovakvu spontanost, no u budu\u0107nosti planiraju provo\u0111enje projekata za koje \u0107e tra\u017eiti financiranje putem natje\u010daja kako bi mogli razviti i programe koji su zahtjevniji. Prva aktivnost kojim su zapo\u010deli rad udruge bio je performans &#8220;Mljac-plac&#8221; nastao u sklopu izlo\u017ebe &#8220;Reci \u0161to vidi\u0161&#8221;, a koji je osmi\u0161ljen u samo par dana.<\/p>\n<p>&#8211; U \u010detvrtak smo u\u0161li u prostor, a u ponedjeljak imali otvorenje prve izlo\u017ebe. To se dogodilo jer smo odlu\u010dili krenuti s radom i onda vidjeli da za tjedan dana zavr\u0161ava natje\u010daj Grada za financiranje. Brzo smo zvali ljude koji su nam bliski i osmislili koncept izlo\u017ebe. Bilo je to promatranje predmeta koji se ina\u010de promatraju iz perspektive ili recikliranja ili konzumerizma, sa \u017eeljom da razvijemo kreativni pogled na te stvari. Obo\u017eavam onaj performans u kojem <strong>Riktrit Taravanija<\/strong> dijeli curry ljudima, a istovremeno znamo i ljude koji skupljaju hranu koja bi se ina\u010de bacila. Tako smo u subotu oti\u0161li na Dolac nakon \u0161to se zatvorio, pokupili hranu koja bi oti\u0161la u sme\u0107e, donijeli ovdje i nahranili 30 ljudi, \u0161to se uklopilo u koncept na\u0161e izlo\u017ebe jer je ne\u0161to \u0161to bi postalo sme\u0107e pretvoreno u ne\u0161to vrijedno \u2013 ispri\u010dao je Gregor.<\/p>\n<figure id=\"attachment_5996\" aria-describedby=\"caption-attachment-5996\" style=\"width: 2560px\" class=\"wp-caption alignnone\"><img loading=\"lazy\" decoding=\"async\" class=\"wp-image-5996 size-full\" src=\"https:\/\/sdf.hr\/wp-content\/uploads\/2025\/03\/Suputnici-ciscenje-scaled.jpg\" alt=\"\" width=\"2560\" height=\"1707\" srcset=\"https:\/\/sdf.hr\/wp-content\/uploads\/2025\/03\/Suputnici-ciscenje-scaled.jpg 2560w, https:\/\/sdf.hr\/wp-content\/uploads\/2025\/03\/Suputnici-ciscenje-300x200.jpg 300w, https:\/\/sdf.hr\/wp-content\/uploads\/2025\/03\/Suputnici-ciscenje-1024x683.jpg 1024w, https:\/\/sdf.hr\/wp-content\/uploads\/2025\/03\/Suputnici-ciscenje-768x512.jpg 768w, https:\/\/sdf.hr\/wp-content\/uploads\/2025\/03\/Suputnici-ciscenje-1536x1024.jpg 1536w, https:\/\/sdf.hr\/wp-content\/uploads\/2025\/03\/Suputnici-ciscenje-2048x1365.jpg 2048w\" sizes=\"auto, (max-width: 2560px) 100vw, 2560px\" \/><figcaption id=\"caption-attachment-5996\" class=\"wp-caption-text\">Galerija je otvorena jesenas<\/figcaption><\/figure>\n<p>Prva izlo\u017eba i performans bili su inspiracija i za ciklus &#8220;Kiparice kuhaju&#8221; koji se odr\u017eava jednom mjese\u010dno. Bila je to ideja <strong>Marele Kova\u010devi\u0107-\u0110ukez<\/strong> koja se sjetila kako im je profesor na faksu rekao da je kuhanje, od svih umjetnosti, najsli\u010dnije kiparstvu. U kiparstvu proces po\u010dinje s idejom koju se oblikuje u formu, isto kako i kuhanje po\u010dinje izborom jela, planiranjem sastojaka i razmi\u0161ljanjem o teksturama i okusima.<\/p>\n<p>Uz u\u017eivanje u hrani, na redovitoj se bazi odr\u017eavaju i slu\u0161aone za koje Ivan ka\u017ee da su raznovrsne \u2013 imali su neke na kojima su ljudi satima \u0161utjeli, le\u017eali na jastucima i zaista samo slu\u0161ali, ali i one koje su vi\u0161e poslu\u017eile kao party zagrijavanja. Cilj im je da se prida ve\u0107i zna\u010daj samoj glazbi, posebice jer brojnim DJ-evima fali prostora za pu\u0161tanje glazbe koja ne bi bila u party i klupskoj, ve\u0107 mirnoj atmosferi.<\/p>\n<p>Ugostili su i jedno izdanje \u010ditala\u010dkog kru\u017eoka u organizaciji Studentica za Palestinu, a \u010desto se odr\u017eavaju tematske ve\u010deri poezije koje vodi Mara \u0110ukez \u2013 ljute, tu\u017ene ili pak obiteljske. Upravo zbog toga \u0161to se radi o malom prostoru koji je vi\u0161e poput dnevnog boravka nego birtije, lak\u0161e je osje\u0107ati se ugodnije i otvorenije, a prije svakog \u010ditanja gluma\u010dke vje\u017ebe zagrijavanja vode glumice <strong>Nika Grbelja<\/strong> i <strong>Dora \u010ci\u010da<\/strong>.<\/p>\n<p>&#8211; Ve\u0107ina ljudi ili pola njih koji amaterski pi\u0161u ne\u0161to za sebe, a koji do\u0111u na ove ve\u010deri, zapravo nisu nikada nikome \u010ditali svoju poeziju. Ovdje se opuste i po prvi puta si daju \u0161ansu da pro\u010ditaju ne\u0161to svoje \u2013 kazao je Ivan.<\/p>\n<p>Premda su tek osnovani, &#8220;Suputnici&#8221; ve\u0107 imaju svoju publiku koja redovito dolazi na programe i zapravo se \u0161iri \u2013 osim ljudi koji do\u0111u na svaku aktivnost, uvijek se uklju\u010de i neka nova lica, \u0161to je i bila ideja ove galerije \u2013 imati raznovrsnu publiku i raznovrstan sadr\u017eaj.<\/p>\n<p>&#8211; Nije nas iznenadilo to \u0161to se u Zagrebu brzo saznalo za nas i \u0161to nam je Instagram profil dobro posje\u0107en, jer se ipak ovdje svi znaju i rije\u010d se brzo pro\u0161iri, ali nas je iznenadilo to \u0161to nam se sada javio jedan \u010dovjek iz Kanade koji bi htio do\u0107i i napraviti slu\u0161aonicu, kao i jedna djevojka iz Splita koja \u0107e do\u0107i i napraviti predstavu \u2013 rekao je Tin.<\/p>\n<p>Trenutno je u galeriji postavljena izlo\u017eba &#8220;Reakcije&#8221; koja je nastala tako \u0161to su umjetnice i umjetnici tjednima jedni za drugima dolazili te reagirali na prostor i ono \u0161to su u njemu zatekli. Rezultat je zajedni\u010dka kompozicija radova koji jedni druge nadopunjuju. Najnovija aktivnost koju provodi <strong>Matei \u0160ipu\u0161<\/strong>, radionica izrade karnevalskih maski, zapravo je nastala s idejom da o\u017eive tradiciju karnevala koja je neko\u0107 bila itekako prisutna u Zagrebu i naro\u010dito manjim mjestima oko grada.<\/p>\n<p>&#8211; Kvartovi u kojima se odr\u017eavao fa\u0161nik su blizu ovoga, ali i ove ulice, pa o\u017eivljavanjem \u017eelimo krenuti ka cilju povezivanja \u0161ire zajednice. Zapravo smo ve\u0107 u po\u010detku od susjeda dobili pozitivan \u0161ut, ali je te\u0161ko zanemariti otu\u0111enost i promjenu strukture grada \u2013 komentirao je Ivan.<\/p>\n<p>&#8211; \u010cini mi se da smo se danas svi odvojili svatko za sebe i uop\u0107e nemam neki osje\u0107aj zajednice u ovom gradu, pa se nadamo da \u0107e ovo biti barem mali korak ka tome \u2013 zaklju\u010duje Tin.<\/p>\n<p><em>pi\u0161e Katarina Bo\u0161njak<\/em><\/p>\n","protected":false},"excerpt":{"rendered":"<p>Ovo je prostor za sve ljude koji imaju svoje projekte i interese, poru\u010duju osniva\u010di nezavisne zagreba\u010dke galerije &#8220;Suputnici&#8221; koja izlazi iz uobi\u010dajenih okvira<\/p>\n","protected":false},"featured_media":5995,"template":"","tags":[136],"atribut":[],"class_list":["post-5998","nada","type-nada","status-publish","has-post-thumbnail","hentry","tag-portret"],"acf":[],"yoast_head":"<!-- This site is optimized with the Yoast SEO plugin v27.4 - https:\/\/yoast.com\/product\/yoast-seo-wordpress\/ -->\n<title>Suputnici u kreaciji - SDF - Srpski demokratski forum<\/title>\n<meta name=\"robots\" content=\"index, follow, max-snippet:-1, max-image-preview:large, max-video-preview:-1\" \/>\n<link rel=\"canonical\" href=\"https:\/\/sdf.hr\/hr\/nada\/suputnici-u-kreaciji\/\" \/>\n<meta property=\"og:locale\" content=\"hr_HR\" \/>\n<meta property=\"og:type\" content=\"article\" \/>\n<meta property=\"og:title\" content=\"Suputnici u kreaciji - SDF - Srpski demokratski forum\" \/>\n<meta property=\"og:description\" content=\"Ovo je prostor za sve ljude koji imaju svoje projekte i interese, poru\u010duju osniva\u010di nezavisne zagreba\u010dke galerije &quot;Suputnici&quot; koja izlazi iz uobi\u010dajenih okvira\" \/>\n<meta property=\"og:url\" content=\"https:\/\/sdf.hr\/hr\/nada\/suputnici-u-kreaciji\/\" \/>\n<meta property=\"og:site_name\" content=\"SDF - Srpski demokratski forum\" \/>\n<meta property=\"article:modified_time\" content=\"2025-03-07T14:23:01+00:00\" \/>\n<meta property=\"og:image\" content=\"https:\/\/sdf.hr\/wp-content\/uploads\/2025\/03\/Suputnici-aktivnost-scaled.jpg\" \/>\n\t<meta property=\"og:image:width\" content=\"2560\" \/>\n\t<meta property=\"og:image:height\" content=\"1707\" \/>\n\t<meta property=\"og:image:type\" content=\"image\/jpeg\" \/>\n<meta name=\"twitter:card\" content=\"summary_large_image\" \/>\n<meta name=\"twitter:label1\" content=\"Procijenjeno vrijeme \u010ditanja\" \/>\n\t<meta name=\"twitter:data1\" content=\"6 minuta\" \/>\n<script type=\"application\/ld+json\" class=\"yoast-schema-graph\">{\"@context\":\"https:\\\/\\\/schema.org\",\"@graph\":[{\"@type\":\"WebPage\",\"@id\":\"https:\\\/\\\/sdf.hr\\\/hr\\\/nada\\\/suputnici-u-kreaciji\\\/\",\"url\":\"https:\\\/\\\/sdf.hr\\\/hr\\\/nada\\\/suputnici-u-kreaciji\\\/\",\"name\":\"Suputnici u kreaciji - SDF - Srpski demokratski forum\",\"isPartOf\":{\"@id\":\"https:\\\/\\\/sdf.hr\\\/#website\"},\"primaryImageOfPage\":{\"@id\":\"https:\\\/\\\/sdf.hr\\\/hr\\\/nada\\\/suputnici-u-kreaciji\\\/#primaryimage\"},\"image\":{\"@id\":\"https:\\\/\\\/sdf.hr\\\/hr\\\/nada\\\/suputnici-u-kreaciji\\\/#primaryimage\"},\"thumbnailUrl\":\"https:\\\/\\\/sdf.hr\\\/wp-content\\\/uploads\\\/2025\\\/03\\\/Suputnici-aktivnost-scaled.jpg\",\"datePublished\":\"2025-03-07T14:22:45+00:00\",\"dateModified\":\"2025-03-07T14:23:01+00:00\",\"breadcrumb\":{\"@id\":\"https:\\\/\\\/sdf.hr\\\/hr\\\/nada\\\/suputnici-u-kreaciji\\\/#breadcrumb\"},\"inLanguage\":\"hr\",\"potentialAction\":[{\"@type\":\"ReadAction\",\"target\":[\"https:\\\/\\\/sdf.hr\\\/hr\\\/nada\\\/suputnici-u-kreaciji\\\/\"]}]},{\"@type\":\"ImageObject\",\"inLanguage\":\"hr\",\"@id\":\"https:\\\/\\\/sdf.hr\\\/hr\\\/nada\\\/suputnici-u-kreaciji\\\/#primaryimage\",\"url\":\"https:\\\/\\\/sdf.hr\\\/wp-content\\\/uploads\\\/2025\\\/03\\\/Suputnici-aktivnost-scaled.jpg\",\"contentUrl\":\"https:\\\/\\\/sdf.hr\\\/wp-content\\\/uploads\\\/2025\\\/03\\\/Suputnici-aktivnost-scaled.jpg\",\"width\":2560,\"height\":1707,\"caption\":\"Mjesto za umjetni\u010dko izra\u017eavanje\"},{\"@type\":\"BreadcrumbList\",\"@id\":\"https:\\\/\\\/sdf.hr\\\/hr\\\/nada\\\/suputnici-u-kreaciji\\\/#breadcrumb\",\"itemListElement\":[{\"@type\":\"ListItem\",\"position\":1,\"name\":\"Po\u010detna stranica\",\"item\":\"https:\\\/\\\/sdf.hr\\\/hr\\\/\"},{\"@type\":\"ListItem\",\"position\":2,\"name\":\"Nada\",\"item\":\"https:\\\/\\\/sdf.hr\\\/nada\\\/\"},{\"@type\":\"ListItem\",\"position\":3,\"name\":\"Suputnici u kreaciji\"}]},{\"@type\":\"WebSite\",\"@id\":\"https:\\\/\\\/sdf.hr\\\/#website\",\"url\":\"https:\\\/\\\/sdf.hr\\\/\",\"name\":\"SDF - Srpski demokratski forum\",\"description\":\"Srpski demokratski forum\",\"publisher\":{\"@id\":\"https:\\\/\\\/sdf.hr\\\/#organization\"},\"potentialAction\":[{\"@type\":\"SearchAction\",\"target\":{\"@type\":\"EntryPoint\",\"urlTemplate\":\"https:\\\/\\\/sdf.hr\\\/?s={search_term_string}\"},\"query-input\":{\"@type\":\"PropertyValueSpecification\",\"valueRequired\":true,\"valueName\":\"search_term_string\"}}],\"inLanguage\":\"hr\"},{\"@type\":\"Organization\",\"@id\":\"https:\\\/\\\/sdf.hr\\\/#organization\",\"name\":\"SDF - Srpski demokratski forum\",\"url\":\"https:\\\/\\\/sdf.hr\\\/\",\"logo\":{\"@type\":\"ImageObject\",\"inLanguage\":\"hr\",\"@id\":\"https:\\\/\\\/sdf.hr\\\/#\\\/schema\\\/logo\\\/image\\\/\",\"url\":\"https:\\\/\\\/sdf.hr\\\/wp-content\\\/uploads\\\/2021\\\/07\\\/logo-hr.svg\",\"contentUrl\":\"https:\\\/\\\/sdf.hr\\\/wp-content\\\/uploads\\\/2021\\\/07\\\/logo-hr.svg\",\"width\":271,\"height\":100,\"caption\":\"SDF - Srpski demokratski forum\"},\"image\":{\"@id\":\"https:\\\/\\\/sdf.hr\\\/#\\\/schema\\\/logo\\\/image\\\/\"}}]}<\/script>\n<!-- \/ Yoast SEO plugin. -->","yoast_head_json":{"title":"Suputnici u kreaciji - SDF - Srpski demokratski forum","robots":{"index":"index","follow":"follow","max-snippet":"max-snippet:-1","max-image-preview":"max-image-preview:large","max-video-preview":"max-video-preview:-1"},"canonical":"https:\/\/sdf.hr\/hr\/nada\/suputnici-u-kreaciji\/","og_locale":"hr_HR","og_type":"article","og_title":"Suputnici u kreaciji - SDF - Srpski demokratski forum","og_description":"Ovo je prostor za sve ljude koji imaju svoje projekte i interese, poru\u010duju osniva\u010di nezavisne zagreba\u010dke galerije \"Suputnici\" koja izlazi iz uobi\u010dajenih okvira","og_url":"https:\/\/sdf.hr\/hr\/nada\/suputnici-u-kreaciji\/","og_site_name":"SDF - Srpski demokratski forum","article_modified_time":"2025-03-07T14:23:01+00:00","og_image":[{"width":2560,"height":1707,"url":"https:\/\/sdf.hr\/wp-content\/uploads\/2025\/03\/Suputnici-aktivnost-scaled.jpg","type":"image\/jpeg"}],"twitter_card":"summary_large_image","twitter_misc":{"Procijenjeno vrijeme \u010ditanja":"6 minuta"},"schema":{"@context":"https:\/\/schema.org","@graph":[{"@type":"WebPage","@id":"https:\/\/sdf.hr\/hr\/nada\/suputnici-u-kreaciji\/","url":"https:\/\/sdf.hr\/hr\/nada\/suputnici-u-kreaciji\/","name":"Suputnici u kreaciji - SDF - Srpski demokratski forum","isPartOf":{"@id":"https:\/\/sdf.hr\/#website"},"primaryImageOfPage":{"@id":"https:\/\/sdf.hr\/hr\/nada\/suputnici-u-kreaciji\/#primaryimage"},"image":{"@id":"https:\/\/sdf.hr\/hr\/nada\/suputnici-u-kreaciji\/#primaryimage"},"thumbnailUrl":"https:\/\/sdf.hr\/wp-content\/uploads\/2025\/03\/Suputnici-aktivnost-scaled.jpg","datePublished":"2025-03-07T14:22:45+00:00","dateModified":"2025-03-07T14:23:01+00:00","breadcrumb":{"@id":"https:\/\/sdf.hr\/hr\/nada\/suputnici-u-kreaciji\/#breadcrumb"},"inLanguage":"hr","potentialAction":[{"@type":"ReadAction","target":["https:\/\/sdf.hr\/hr\/nada\/suputnici-u-kreaciji\/"]}]},{"@type":"ImageObject","inLanguage":"hr","@id":"https:\/\/sdf.hr\/hr\/nada\/suputnici-u-kreaciji\/#primaryimage","url":"https:\/\/sdf.hr\/wp-content\/uploads\/2025\/03\/Suputnici-aktivnost-scaled.jpg","contentUrl":"https:\/\/sdf.hr\/wp-content\/uploads\/2025\/03\/Suputnici-aktivnost-scaled.jpg","width":2560,"height":1707,"caption":"Mjesto za umjetni\u010dko izra\u017eavanje"},{"@type":"BreadcrumbList","@id":"https:\/\/sdf.hr\/hr\/nada\/suputnici-u-kreaciji\/#breadcrumb","itemListElement":[{"@type":"ListItem","position":1,"name":"Po\u010detna stranica","item":"https:\/\/sdf.hr\/hr\/"},{"@type":"ListItem","position":2,"name":"Nada","item":"https:\/\/sdf.hr\/nada\/"},{"@type":"ListItem","position":3,"name":"Suputnici u kreaciji"}]},{"@type":"WebSite","@id":"https:\/\/sdf.hr\/#website","url":"https:\/\/sdf.hr\/","name":"SDF - Srpski demokratski forum","description":"Srpski demokratski forum","publisher":{"@id":"https:\/\/sdf.hr\/#organization"},"potentialAction":[{"@type":"SearchAction","target":{"@type":"EntryPoint","urlTemplate":"https:\/\/sdf.hr\/?s={search_term_string}"},"query-input":{"@type":"PropertyValueSpecification","valueRequired":true,"valueName":"search_term_string"}}],"inLanguage":"hr"},{"@type":"Organization","@id":"https:\/\/sdf.hr\/#organization","name":"SDF - Srpski demokratski forum","url":"https:\/\/sdf.hr\/","logo":{"@type":"ImageObject","inLanguage":"hr","@id":"https:\/\/sdf.hr\/#\/schema\/logo\/image\/","url":"https:\/\/sdf.hr\/wp-content\/uploads\/2021\/07\/logo-hr.svg","contentUrl":"https:\/\/sdf.hr\/wp-content\/uploads\/2021\/07\/logo-hr.svg","width":271,"height":100,"caption":"SDF - Srpski demokratski forum"},"image":{"@id":"https:\/\/sdf.hr\/#\/schema\/logo\/image\/"}}]}},"_links":{"self":[{"href":"https:\/\/sdf.hr\/hr\/wp-json\/wp\/v2\/nada\/5998","targetHints":{"allow":["GET"]}}],"collection":[{"href":"https:\/\/sdf.hr\/hr\/wp-json\/wp\/v2\/nada"}],"about":[{"href":"https:\/\/sdf.hr\/hr\/wp-json\/wp\/v2\/types\/nada"}],"wp:featuredmedia":[{"embeddable":true,"href":"https:\/\/sdf.hr\/hr\/wp-json\/wp\/v2\/media\/5995"}],"wp:attachment":[{"href":"https:\/\/sdf.hr\/hr\/wp-json\/wp\/v2\/media?parent=5998"}],"wp:term":[{"taxonomy":"post_tag","embeddable":true,"href":"https:\/\/sdf.hr\/hr\/wp-json\/wp\/v2\/tags?post=5998"},{"taxonomy":"atribut","embeddable":true,"href":"https:\/\/sdf.hr\/hr\/wp-json\/wp\/v2\/atribut?post=5998"}],"curies":[{"name":"wp","href":"https:\/\/api.w.org\/{rel}","templated":true}]}}