{"id":6007,"date":"2025-03-14T11:12:44","date_gmt":"2025-03-14T10:12:44","guid":{"rendered":"https:\/\/sdf.hr\/nada\/stambena-zagonetka\/"},"modified":"2025-03-14T22:19:53","modified_gmt":"2025-03-14T21:19:53","slug":"stambena-zagonetka","status":"publish","type":"nada","link":"https:\/\/sdf.hr\/hr\/nada\/stambena-zagonetka\/","title":{"rendered":"Stambena zagonetka"},"content":{"rendered":"<p>Kad si dugo u \u0161umi, a ima ve\u0107 koji mjesec da sam okru\u017eena njome, o puno toga ne misli\u0161. Kad si pri vrhu planine, a i tu sam, isto o puno toga ne misli\u0161. Sve se isprazni, ali na dobar na\u010din, a povremeni osje\u0107aj tjeskobe pojavi se kad zbilja mora\u0161 misliti o onih nekoliko \u017eivotnih situacija (da ne ka\u017eem problema) koji se jo\u0161 uvijek <em>moraju<\/em> rije\u0161iti. Rije\u0161iti. Hrvatski jezi\u010dni portal nudi \u010detiri (premalo!) definicije ove rije\u010di. Mo\u017eemo rije\u0161iti 1. (\u0161to) donijeti odluku o nekom sudskom ili administrativnom predmetu, odlu\u010diti (o sporu, molbi), 2. odrediti ishod \u010dega, presuditi, odlu\u010diti izme\u0111u vi\u0161e mogu\u0107nosti, 3. a. <em>mat<\/em>. do\u0107i do rje\u0161enja matemati\u010dkog zadatka, npr. jednad\u017ebe, b. dati pravilan odgovor; odgonetnuti (zagonetku, problem i sl.), 4. (se, koga, \u010dega) osloboditi se (napasnika, muka, du\u017enosti). Uskoro \u0107e prvi dan prolje\u0107a i moja \u0107e \u0161uma i planina zazelenjeti u onu pravu zelenu, \u0161umskozelenu, i pod svojom krunom sakriti sva\u0161ta, ali ne i \u010dinjenicu da stambeno pitanje, nekako, pokriva sve ove \u010detiri mogu\u0107e definicije rje\u0161enja. Mo\u017ee biti i stambeni odgovor, ali i u tome ima caka, jedna od mogu\u0107ih definicija odgovora je, parafraziram, <em>ono \u0161to se prihva\u0107a kao rje\u0161enje<\/em>. I eto nas tamo odakle se jedino mo\u017ee po\u010deti.<\/p>\n<p>Rje\u0161enje kao odluka o nekom, ajmo skratiti i idem redom, administrativnom predmetu. Nagledala sam se tih rje\u0161enja. I ta su <em>nas<\/em> rje\u0161enja pretvorila u stambene nomade. Prvo je bilo rje\u0161enje o stanarskom pravu, puno prije mene, pa rje\u0161enje o pro\u0161irenju stanarskog prava, malo nakon mene. Ovo prvo je jo\u0161 sklepao moj pokojni djed u svom poduze\u0107u, a ovo drugo moj pokojni otac koji je kvadraturu svoje \u0107ibe pridru\u017eio didovoj pa je dobio pravo na ve\u0107u \u0107ibu, ali nekako nije ra\u010dunao s tim, i pravo da taj stan na trideset godina otpla\u0107uje po vi\u0161oj cifri u trenutku kad se ve\u0107 zagombao rat i inflacija. Pa smo te\u0161ka srca iz na\u0161e splitske apsane skupili svoje male bagajice i svoju ku\u017einu i preselili se na jednu ogromnu livadu pod solinskim Majdanom na kojoj su, ni iz \u010dega, i usred par naselja s ku\u0107ama, nabili zgrade. Tu smo dobili rje\u0161enje o vlasni\u0161tvu i ovaj stan u Splitu napustili kao da nitko od nas godinama, deset godina najmanje, nije radio sve da se desi. Ne bavim se ostalim junacima ove pri\u010de, i govorim mi, jer sam i ja u tome sudjelovala: mene se <em>pitalo<\/em> tako da mi se govorilo da nema izbora i da se mora iz jedne \u0161kole u drugu tre\u0107u. Vozalo me se po livadi u fi\u0107i i govorilo: A livada, tr\u010di, dobra je livada. Ja sam rekla: Je, dobra je livada. Jedna od mnogih la\u017ei s kojima krene\u0161 da se za\u0161titi\u0161. I \u0161ta \u0107e\u0161. Prodalo mi foru i ja sam na livadi krenula u tre\u0107u osnovnu \u0161kolu, a nisam bila ni \u010detvrti razred, i nastavila sebi za mnoga stambena rje\u0161enja govoriti: Je, dobra je livada. A znala sam da nije. Taj smo stan stavili u oglas kako smo na zid nabili i vise\u0107e elemente stare kuhinje (koju smo, kad smo do\u0161li u \u010detvrti stan, i tamo nasadili, jadni nebili) i taj se oglas po novinama i od usta do usta vucarao tri godine, dok napokon nismo utekli. S livade, koja je bila dobra.<\/p>\n<p>Kad mi je nekidan prijatelj poslao poruku da se kre\u0107e s osnivanjem neke alternativne stambene zadruge, pristupila sam \u010ditavoj ideji kao Beckenbauer. Brate, defanzivno. Nisam i\u0161la na taj prvi osniva\u010dki sastanak, i u startu sam odbila mogu\u0107nost odlu\u010divanja izme\u0111u vi\u0161e izbora, jer ovdje, iz ove pozicije, \u010detrdesetogodi\u0161nja \u017eena koja ima kreditnu sposobnost da si kupi gara\u017eicu na otplatu od sad 24 godine (jo\u0161 ju\u010der je bilo 30!), negdje oko Zagreba sa stalnim zaposlenjem i pau\u0161alnim obrtom bez u\u0161te\u0111evine, izbora ba\u0161 i nema. Iako svim srcem pozdravljam inicijativu i mislim da je prijeko potreban oblik komunalnog rje\u0161enja stambenog pitanja, trebala sam pro\u010da\u010dkati sama sa sobom po svojoj defanzivnosti da vidim \u0161to me tako zgr\u010dilo. Osim ideje da dva pisca ne smiju \u017eivjeti u istoj zgradi, nikad i nikad, i nomadskog djetinjstva, i svih rje\u0161enja stambenih pitanja za mlade koja su se nudila kad sam i ja bila mlada i nisam se mogla kvalificirati ni za jedno od njih, sad ve\u0107 na pragu sredovje\u010dnosti brzo sam zbrojila dva i dva: nema rje\u0161enja za nas koji smo izvukli deblji kraj zbog socijalne situacije, \u0161kolovanja, rada na ugovore od po mjesec ili tri, rada na autorske ugovore od mjeseca do mjeseca, rada na crno, \u017eivljenja u podstanarskim stanovima neprijavljeno, ve\u0107inom u cimeraju, gotovo nikad solo jer tko to zbilja mo\u017ee platit. Deset godina najmanje \u010dekanja da se ne\u0161to odmota\u2026 Ako. Imam neke prijatelje koji su ve\u0107 ulagali u stambene zadruge, i sve je o\u0161lo u prdec.<\/p>\n<p>Kako onda, kad sam ve\u0107 do\u0161la do tre\u0107e definicije, odgonetnuti rje\u0161enje? Jer ovo je, ponekad mi se \u010dini, malo igra poga\u0111anja, malo igra dedukcije, ovisno koju klasnu poziciju zauzmemo, i koju dr\u017eavnu politiku. S novim regulama od travnja di \u0107u morat imat 10 posto iznosa nekretnine da bi uop\u0107e mogla di\u0107 kredit, pa ja mogu samo u grob \u2013 koji ve\u0107 imam. Zaslugama vla\u0161ke provenijencije. Ve\u0107 sam negdje spomenula kako mi je partnerica \u0161aljivo dobacila na jednu od mojih opaski za\u0161to mi stan neki ne padne s neba ili takva neka fora: Ko ti je kriv \u0161ta ti je <em>generational wealth<\/em> vla\u0161ka! A kako prodati, i kome, didovinu? Koga uvaliti u probleme s lokalnim rezidentima, a imaju \u0107uke u glavama? S figom u \u017eepu. Trilj je nudio, ako se dobro sje\u0107am, dovla\u010denje struje, vode i kanalizacije do bu\u017ee di bi dizao temelje, pa ti gradi. I ja bih pala na prvom pitanju: ALI OD \u010cEGA DA GRADIM? Od slame i blata? Pradida, ovaj Imo\u0107anin \u0161ta mi nije prenio ni jedan svoj gen, e taj je oti\u0161ao na \u017eeninstvo.\u00a0 Ne bih se udala bogato, a to se o\u0111e zove registracija, i to mi, iz ekonomske perspektive, i nije neki rajc. I ja imam pravo na to da se udajem iz ljubavi, a ne iz ljubavi prema odgonetanju socijalnog pitanja. Da mi se bar desi, tako no\u0107u uputim molbicu Hestiji, kad evo nema <em>generational wealtha<\/em>, neki \u010ditatelj koji cijeni moj rad, ko ono kod <strong>Dubravke Ugre\u0161i\u0107<\/strong> u Lisici, pa mi ostavi svoju ku\u0107u. Ne veliku ku\u0107u. Malu ku\u0107u u planini, di no\u0107u, na povratku s knji\u017eevne ve\u010deri, vozi\u0161 sporije, jer pokraj tebe plovi srne\u0107i bataljun.<\/p>\n<p>I onda, kako se osloboditi ovih muka? Koje je rje\u0161enje stambenog pitanja? Napisala sam prije dvije godine knjigu koja se zove &#8220;Temeljenje ku\u0107e&#8221;. Ku\u0107u sam, stvarno, u svojoj knjizi sagradila. Neprobojna je. U toj knjizi ne pu\u0161e, ne proki\u0161njava, stisnuta je od po\u010detka do kraja, kad zatvorim o\u010di i stisnem ramena na udar bure, ta se ku\u0107a stvarno ne pokoleba. Nema roka otplate kredita na 30 godina, nema straha da \u0107e se dogoditi neka nepredvidiva situacija, nitko mi je ne mo\u017ee odnijeti, ne\u0107e, ako malo prilegnem od neke bole\u0161\u0107ice na koji mjesec, do\u0107i netko i re\u0107i: Van. Iz svoje knjige nikad ne\u0107u iza\u0107i. \u010cesto pomislim, kad vidim svoje knjige kako se gombaju po svijetu, pa i kolumne, kriti\u010dke tekstove, kako nastupaju umjesto mene. Kad se ja ne mogu izboriti za sebe, moje knjige, moji tekstovi, ka\u017eu: Sidi ti, ja \u0107u. Ne o\u010dekujem od njih da mi odgonetnu stambeno pitanje, ideja da moj umjetni\u010dki rad ne mo\u017ee rije\u0161iti moju egzistenciju toliko mi je <em>postala normalna<\/em> da znam da je tek to <em>pravi problem<\/em>. I kad vidim onu istu kuhinju koju smo peti put sjekirom sasjekli u komade, da visi na zidovima stanova koje u o\u010daju razgledavam i pretra\u017eujem po Nju\u0161kalu&#8230; To je isto jedan veliki, odgonetnula bih, dru\u0161tveni problem.<\/p>\n<p><em>pi\u0161e Marija Andrija\u0161evi\u0107<\/em><\/p>\n","protected":false},"excerpt":{"rendered":"<p>S novim regulama od travnja di \u0107u morat imat 10 posto iznosa nekretnine da bi uop\u0107e mogla di\u0107 kredit, pa ja mogu samo u grob \u2013 koji ve\u0107 imam. Zaslugama vla\u0161ke provenijencije<\/p>\n","protected":false},"featured_media":6006,"template":"","tags":[177],"atribut":[],"class_list":["post-6007","nada","type-nada","status-publish","has-post-thumbnail","hentry","tag-vrzino-kolo-hr"],"acf":[],"yoast_head":"<!-- This site is optimized with the Yoast SEO plugin v27.4 - https:\/\/yoast.com\/product\/yoast-seo-wordpress\/ -->\n<title>Stambena zagonetka - SDF - Srpski demokratski forum<\/title>\n<meta name=\"robots\" content=\"index, follow, max-snippet:-1, max-image-preview:large, max-video-preview:-1\" \/>\n<link rel=\"canonical\" href=\"https:\/\/sdf.hr\/hr\/nada\/stambena-zagonetka\/\" \/>\n<meta property=\"og:locale\" content=\"hr_HR\" \/>\n<meta property=\"og:type\" content=\"article\" \/>\n<meta property=\"og:title\" content=\"Stambena zagonetka - SDF - Srpski demokratski forum\" \/>\n<meta property=\"og:description\" content=\"S novim regulama od travnja di \u0107u morat imat 10 posto iznosa nekretnine da bi uop\u0107e mogla di\u0107 kredit, pa ja mogu samo u grob \u2013 koji ve\u0107 imam. Zaslugama vla\u0161ke provenijencije\" \/>\n<meta property=\"og:url\" content=\"https:\/\/sdf.hr\/hr\/nada\/stambena-zagonetka\/\" \/>\n<meta property=\"og:site_name\" content=\"SDF - Srpski demokratski forum\" \/>\n<meta property=\"article:modified_time\" content=\"2025-03-14T21:19:53+00:00\" \/>\n<meta property=\"og:image\" content=\"https:\/\/sdf.hr\/wp-content\/uploads\/2025\/03\/Andrijasevic_Duska-Boban-scaled.jpg\" \/>\n\t<meta property=\"og:image:width\" content=\"2560\" \/>\n\t<meta property=\"og:image:height\" content=\"1685\" \/>\n\t<meta property=\"og:image:type\" content=\"image\/jpeg\" \/>\n<meta name=\"twitter:card\" content=\"summary_large_image\" \/>\n<meta name=\"twitter:label1\" content=\"Procijenjeno vrijeme \u010ditanja\" \/>\n\t<meta name=\"twitter:data1\" content=\"7 minuta\" \/>\n<script type=\"application\/ld+json\" class=\"yoast-schema-graph\">{\"@context\":\"https:\\\/\\\/schema.org\",\"@graph\":[{\"@type\":\"WebPage\",\"@id\":\"https:\\\/\\\/sdf.hr\\\/hr\\\/nada\\\/stambena-zagonetka\\\/\",\"url\":\"https:\\\/\\\/sdf.hr\\\/hr\\\/nada\\\/stambena-zagonetka\\\/\",\"name\":\"Stambena zagonetka - SDF - Srpski demokratski forum\",\"isPartOf\":{\"@id\":\"https:\\\/\\\/sdf.hr\\\/#website\"},\"primaryImageOfPage\":{\"@id\":\"https:\\\/\\\/sdf.hr\\\/hr\\\/nada\\\/stambena-zagonetka\\\/#primaryimage\"},\"image\":{\"@id\":\"https:\\\/\\\/sdf.hr\\\/hr\\\/nada\\\/stambena-zagonetka\\\/#primaryimage\"},\"thumbnailUrl\":\"https:\\\/\\\/sdf.hr\\\/wp-content\\\/uploads\\\/2025\\\/03\\\/Andrijasevic_Duska-Boban-scaled.jpg\",\"datePublished\":\"2025-03-14T10:12:44+00:00\",\"dateModified\":\"2025-03-14T21:19:53+00:00\",\"breadcrumb\":{\"@id\":\"https:\\\/\\\/sdf.hr\\\/hr\\\/nada\\\/stambena-zagonetka\\\/#breadcrumb\"},\"inLanguage\":\"hr\",\"potentialAction\":[{\"@type\":\"ReadAction\",\"target\":[\"https:\\\/\\\/sdf.hr\\\/hr\\\/nada\\\/stambena-zagonetka\\\/\"]}]},{\"@type\":\"ImageObject\",\"inLanguage\":\"hr\",\"@id\":\"https:\\\/\\\/sdf.hr\\\/hr\\\/nada\\\/stambena-zagonetka\\\/#primaryimage\",\"url\":\"https:\\\/\\\/sdf.hr\\\/wp-content\\\/uploads\\\/2025\\\/03\\\/Andrijasevic_Duska-Boban-scaled.jpg\",\"contentUrl\":\"https:\\\/\\\/sdf.hr\\\/wp-content\\\/uploads\\\/2025\\\/03\\\/Andrijasevic_Duska-Boban-scaled.jpg\",\"width\":2560,\"height\":1685,\"caption\":\"Marija Andrija\u0161evi\u0107 (Foto: Du\u0161ka Boban)\"},{\"@type\":\"BreadcrumbList\",\"@id\":\"https:\\\/\\\/sdf.hr\\\/hr\\\/nada\\\/stambena-zagonetka\\\/#breadcrumb\",\"itemListElement\":[{\"@type\":\"ListItem\",\"position\":1,\"name\":\"Po\u010detna stranica\",\"item\":\"https:\\\/\\\/sdf.hr\\\/hr\\\/\"},{\"@type\":\"ListItem\",\"position\":2,\"name\":\"Nada\",\"item\":\"https:\\\/\\\/sdf.hr\\\/nada\\\/\"},{\"@type\":\"ListItem\",\"position\":3,\"name\":\"Stambena zagonetka\"}]},{\"@type\":\"WebSite\",\"@id\":\"https:\\\/\\\/sdf.hr\\\/#website\",\"url\":\"https:\\\/\\\/sdf.hr\\\/\",\"name\":\"SDF - Srpski demokratski forum\",\"description\":\"Srpski demokratski forum\",\"publisher\":{\"@id\":\"https:\\\/\\\/sdf.hr\\\/#organization\"},\"potentialAction\":[{\"@type\":\"SearchAction\",\"target\":{\"@type\":\"EntryPoint\",\"urlTemplate\":\"https:\\\/\\\/sdf.hr\\\/?s={search_term_string}\"},\"query-input\":{\"@type\":\"PropertyValueSpecification\",\"valueRequired\":true,\"valueName\":\"search_term_string\"}}],\"inLanguage\":\"hr\"},{\"@type\":\"Organization\",\"@id\":\"https:\\\/\\\/sdf.hr\\\/#organization\",\"name\":\"SDF - Srpski demokratski forum\",\"url\":\"https:\\\/\\\/sdf.hr\\\/\",\"logo\":{\"@type\":\"ImageObject\",\"inLanguage\":\"hr\",\"@id\":\"https:\\\/\\\/sdf.hr\\\/#\\\/schema\\\/logo\\\/image\\\/\",\"url\":\"https:\\\/\\\/sdf.hr\\\/wp-content\\\/uploads\\\/2021\\\/07\\\/logo-hr.svg\",\"contentUrl\":\"https:\\\/\\\/sdf.hr\\\/wp-content\\\/uploads\\\/2021\\\/07\\\/logo-hr.svg\",\"width\":271,\"height\":100,\"caption\":\"SDF - Srpski demokratski forum\"},\"image\":{\"@id\":\"https:\\\/\\\/sdf.hr\\\/#\\\/schema\\\/logo\\\/image\\\/\"}}]}<\/script>\n<!-- \/ Yoast SEO plugin. -->","yoast_head_json":{"title":"Stambena zagonetka - SDF - Srpski demokratski forum","robots":{"index":"index","follow":"follow","max-snippet":"max-snippet:-1","max-image-preview":"max-image-preview:large","max-video-preview":"max-video-preview:-1"},"canonical":"https:\/\/sdf.hr\/hr\/nada\/stambena-zagonetka\/","og_locale":"hr_HR","og_type":"article","og_title":"Stambena zagonetka - SDF - Srpski demokratski forum","og_description":"S novim regulama od travnja di \u0107u morat imat 10 posto iznosa nekretnine da bi uop\u0107e mogla di\u0107 kredit, pa ja mogu samo u grob \u2013 koji ve\u0107 imam. Zaslugama vla\u0161ke provenijencije","og_url":"https:\/\/sdf.hr\/hr\/nada\/stambena-zagonetka\/","og_site_name":"SDF - Srpski demokratski forum","article_modified_time":"2025-03-14T21:19:53+00:00","og_image":[{"width":2560,"height":1685,"url":"https:\/\/sdf.hr\/wp-content\/uploads\/2025\/03\/Andrijasevic_Duska-Boban-scaled.jpg","type":"image\/jpeg"}],"twitter_card":"summary_large_image","twitter_misc":{"Procijenjeno vrijeme \u010ditanja":"7 minuta"},"schema":{"@context":"https:\/\/schema.org","@graph":[{"@type":"WebPage","@id":"https:\/\/sdf.hr\/hr\/nada\/stambena-zagonetka\/","url":"https:\/\/sdf.hr\/hr\/nada\/stambena-zagonetka\/","name":"Stambena zagonetka - SDF - Srpski demokratski forum","isPartOf":{"@id":"https:\/\/sdf.hr\/#website"},"primaryImageOfPage":{"@id":"https:\/\/sdf.hr\/hr\/nada\/stambena-zagonetka\/#primaryimage"},"image":{"@id":"https:\/\/sdf.hr\/hr\/nada\/stambena-zagonetka\/#primaryimage"},"thumbnailUrl":"https:\/\/sdf.hr\/wp-content\/uploads\/2025\/03\/Andrijasevic_Duska-Boban-scaled.jpg","datePublished":"2025-03-14T10:12:44+00:00","dateModified":"2025-03-14T21:19:53+00:00","breadcrumb":{"@id":"https:\/\/sdf.hr\/hr\/nada\/stambena-zagonetka\/#breadcrumb"},"inLanguage":"hr","potentialAction":[{"@type":"ReadAction","target":["https:\/\/sdf.hr\/hr\/nada\/stambena-zagonetka\/"]}]},{"@type":"ImageObject","inLanguage":"hr","@id":"https:\/\/sdf.hr\/hr\/nada\/stambena-zagonetka\/#primaryimage","url":"https:\/\/sdf.hr\/wp-content\/uploads\/2025\/03\/Andrijasevic_Duska-Boban-scaled.jpg","contentUrl":"https:\/\/sdf.hr\/wp-content\/uploads\/2025\/03\/Andrijasevic_Duska-Boban-scaled.jpg","width":2560,"height":1685,"caption":"Marija Andrija\u0161evi\u0107 (Foto: Du\u0161ka Boban)"},{"@type":"BreadcrumbList","@id":"https:\/\/sdf.hr\/hr\/nada\/stambena-zagonetka\/#breadcrumb","itemListElement":[{"@type":"ListItem","position":1,"name":"Po\u010detna stranica","item":"https:\/\/sdf.hr\/hr\/"},{"@type":"ListItem","position":2,"name":"Nada","item":"https:\/\/sdf.hr\/nada\/"},{"@type":"ListItem","position":3,"name":"Stambena zagonetka"}]},{"@type":"WebSite","@id":"https:\/\/sdf.hr\/#website","url":"https:\/\/sdf.hr\/","name":"SDF - Srpski demokratski forum","description":"Srpski demokratski forum","publisher":{"@id":"https:\/\/sdf.hr\/#organization"},"potentialAction":[{"@type":"SearchAction","target":{"@type":"EntryPoint","urlTemplate":"https:\/\/sdf.hr\/?s={search_term_string}"},"query-input":{"@type":"PropertyValueSpecification","valueRequired":true,"valueName":"search_term_string"}}],"inLanguage":"hr"},{"@type":"Organization","@id":"https:\/\/sdf.hr\/#organization","name":"SDF - Srpski demokratski forum","url":"https:\/\/sdf.hr\/","logo":{"@type":"ImageObject","inLanguage":"hr","@id":"https:\/\/sdf.hr\/#\/schema\/logo\/image\/","url":"https:\/\/sdf.hr\/wp-content\/uploads\/2021\/07\/logo-hr.svg","contentUrl":"https:\/\/sdf.hr\/wp-content\/uploads\/2021\/07\/logo-hr.svg","width":271,"height":100,"caption":"SDF - Srpski demokratski forum"},"image":{"@id":"https:\/\/sdf.hr\/#\/schema\/logo\/image\/"}}]}},"_links":{"self":[{"href":"https:\/\/sdf.hr\/hr\/wp-json\/wp\/v2\/nada\/6007","targetHints":{"allow":["GET"]}}],"collection":[{"href":"https:\/\/sdf.hr\/hr\/wp-json\/wp\/v2\/nada"}],"about":[{"href":"https:\/\/sdf.hr\/hr\/wp-json\/wp\/v2\/types\/nada"}],"wp:featuredmedia":[{"embeddable":true,"href":"https:\/\/sdf.hr\/hr\/wp-json\/wp\/v2\/media\/6006"}],"wp:attachment":[{"href":"https:\/\/sdf.hr\/hr\/wp-json\/wp\/v2\/media?parent=6007"}],"wp:term":[{"taxonomy":"post_tag","embeddable":true,"href":"https:\/\/sdf.hr\/hr\/wp-json\/wp\/v2\/tags?post=6007"},{"taxonomy":"atribut","embeddable":true,"href":"https:\/\/sdf.hr\/hr\/wp-json\/wp\/v2\/atribut?post=6007"}],"curies":[{"name":"wp","href":"https:\/\/api.w.org\/{rel}","templated":true}]}}