{"id":6036,"date":"2025-03-21T11:52:52","date_gmt":"2025-03-21T10:52:52","guid":{"rendered":"https:\/\/sdf.hr\/nada\/miljanine-torbe-slobode\/"},"modified":"2025-03-21T16:59:28","modified_gmt":"2025-03-21T15:59:28","slug":"milijanine-torbe-slobode","status":"publish","type":"nada","link":"https:\/\/sdf.hr\/hr\/nada\/milijanine-torbe-slobode\/","title":{"rendered":"Milijanine torbe slobode"},"content":{"rendered":"<p>Ro\u0111ena u Mrkonji\u0107 Gradu, \u0161kolovala se u Novom Sadu, a torbe od gramofonskih plo\u010da po\u010dela je da izra\u0111uje s preseljenjem u Zagreb. Jo\u0161 ako na to dodamo da je majka troje dece i da ima zarazno pozitivnu energiju, ne vidimo razlog da ne nastavite \u010ditati i ne saznate ne\u0161to vi\u0161e o <strong>Milijani Jovi\u010di\u0107<\/strong>.<\/p>\n<p>Ona samouvereno i hrabro gazi neda\u0107e koje joj se na\u0111u na putu, pa \u010dak tamo i gde je videla &#8220;proma\u0161aje&#8221; poput studiranja ekonomije nije je omelo da ostvaruje svoje snove. Nakon poro\u0111aja i prvih godina odgajanja dece, u 30-im godinama shvatila je da nema motivaciju vratiti se na uredske poslove te je svoj \u017eivotni put okrenula u smeru kreativnosti. Krenula je od ven\u010di\u0107a za poklone prijateljima, preko lustera od breze sve do neraskidive veze sa izradom torbi od gramofonskih plo\u010da i ko\u017enim narukvicama.<\/p>\n<p>&#8211; Roditelji su me poslali u Novi Sad na studiranje, ide\u0161 na ekonomiju i to ti je to, ali ubrzo sam shvatila da me vi\u0161e zanima kreativna zona. Kad sam se udala u Zagreb, po\u010dela su u meni da se lome dva vuka: industrijski ili modni dizajn. Mu\u017e mi je jednom prilikom rekao dok sam izra\u0111ivala lustere od breze kako \u0107e nam se stan pretvoriti u brvnaru. Presudio je modni dizajn. Moje su torbe unikatne i rade se uz ko\u017eu i brojne alate, a za izradu jedne torbe potreban je otprilike jedan dan. Mada sa troje dece i organizacijom vremena, ume i da potraje \u2013 govori Milijana.<\/p>\n<p>Prema njenim re\u010dima Srbija ima ve\u0107e tr\u017ei\u0161te za ovu vrstu izra\u017eavanja kreative te ove godine prvi put zvani\u010dno odlazi na sajam &#8220;Ana Popovi\u0107 Shoes &amp; Friends pop-up&#8221; koji okuplja lokalne brendove. Takvu vrstu podr\u0161ke kreativcima ve\u0107 godinama pozdravljaju Komuna kao sajt za kupovinu i prodaju doma\u0107ih ru\u010dno ra\u0111enih proizvoda, No\u0107ni bazar koji se odr\u017eava u Novom Sadu i Beogradu te novosadski Unikatni kutak. Sve vi\u0161e prostora za suradnju i inkubatora otvara vrata \u017eenama koje \u017eele pokrenuti ili pro\u0161iriti svoj biznis.<\/p>\n<p>Slanje torbi u inostranstvo ponekad deluje kao \u0161pijunska misija. Carinske procedure izme\u0111u Srbije i Hrvatske \u010desto su slo\u017eene i dugotrajne, \u0161to usporava protok robe i pove\u0107ava tro\u0161kove trgovine. Obrti se suo\u010davaju sa visokim carinskim da\u017ebinama i administrativnim preprekama koje smanjuju konkurentnost na tr\u017ei\u0161tu EU. Zbog neuskla\u0111enosti regulativa izme\u0111u Srbije i EU, mnogi izvoznici nailaze na dodatne tehni\u010dke barijere. Digitalizacija carinskih procedura u Srbiji napreduje sporo, dok Hrvatska koristi modernije sisteme, \u0161to ote\u017eava sinhronizaciju podataka. Promene u trgovinskim politikama EU mogu dodatno zakomplikovati izvoz srpskih proizvoda u Hrvatsku, posebno u sektorima sa stro\u017eim standardima.<\/p>\n<figure id=\"attachment_6034\" aria-describedby=\"caption-attachment-6034\" style=\"width: 1620px\" class=\"wp-caption alignnone\"><img loading=\"lazy\" decoding=\"async\" class=\"wp-image-6034 size-full\" src=\"https:\/\/sdf.hr\/wp-content\/uploads\/2025\/03\/Torbice.jpeg\" alt=\"\" width=\"1620\" height=\"1058\" srcset=\"https:\/\/sdf.hr\/wp-content\/uploads\/2025\/03\/Torbice.jpeg 1620w, https:\/\/sdf.hr\/wp-content\/uploads\/2025\/03\/Torbice-300x196.jpeg 300w, https:\/\/sdf.hr\/wp-content\/uploads\/2025\/03\/Torbice-1024x669.jpeg 1024w, https:\/\/sdf.hr\/wp-content\/uploads\/2025\/03\/Torbice-768x502.jpeg 768w, https:\/\/sdf.hr\/wp-content\/uploads\/2025\/03\/Torbice-1536x1003.jpeg 1536w\" sizes=\"auto, (max-width: 1620px) 100vw, 1620px\" \/><figcaption id=\"caption-attachment-6034\" class=\"wp-caption-text\">Torbe od gramofonskih plo\u010da<\/figcaption><\/figure>\n<p>&#8211; Moj brend su vi\u0161e prihvatili tamo nego ovdje. Carina i dostava robe mogu biti izazov, ali su deo uobi\u010dajenog poslovanja. Bilo da \u0161aljem torbu u Beograd ili \u010cile, proces je sli\u010dan \u2013 govori Milijana te dodaje kako Srbija ima sjajne kreativce i vi\u0161e afiniteta ka unikatnim torbama, cipelama i nakitu.<\/p>\n<p>Napraviti balans izme\u0111u porodice i biznisa ponekad predstavlja dodatne napore i poneke frustracije u reorganizaciji vremena. \u010cesto se javlja i gri\u017enja savesti ukoliko odvojimo vreme za sebe. Dok se neki mu\u010de da istovremeno piju kavu i skroluju zajedni\u010dku Viber grupu roditelja, Milijana smatra da kada joj u danu 40 puta deca ponove &#8220;mama&#8221; da je ve\u0107 tada dovoljno produktivna dok odgovori na sva njihova pitanja. U takvom haosu, kreativnost nekad dolazi spontano, ka\u017ee ona.<\/p>\n<p>Kreativne industrije, poput modnog dizajna, umetnosti i zanatske proizvodnje, \u010desto privla\u010de \u017eene, ali dolaze sa specifi\u010dnim preprekama. Manji broj investitora ula\u017ee u kreativne poslove, pa \u017eene \u010desto rade samostalno i oslanjaju se na <em>online<\/em> prodaju i dru\u0161tvene mre\u017ee. Kako ve\u0107ina njih nema velike bud\u017eete za marketing, tako su Instagram, Facebook i TikTok postali klju\u010dni alati za prodaju, iako prevelika zasi\u0107enost informacijama postaje ozbiljan izazov za sve preduzetnike. Milijanina prodaja osim sajmova za sada ide i preko dru\u0161tvenih mre\u017ea. Te\u017eila je ka veb stranici, ali s obzirom da ne radi serije proizvoda i da su joj torbe personalizovane \u2013 odustaje od masovne prodaje. Kako ka\u017ee, svaka torba je jedan bend i brend.<\/p>\n<p>&#8211; Najmla\u0111a osoba koja je kupila moju torbu bila je devoj\u010dica od tri godine koja je pre koju godinu u du\u0107anu na Hvaru roditelje bukvalno naterala da joj kupe torbu. Najstarija klijentica imala je 70 godina. Svima je interesantna: poslovnim \u017eenama, pankericama, rokericama, ali ima i dosta tinejd\u017eerki koje obi\u010dno uzimaju kao poklon za 18. ro\u0111endan, \u0161to je atipi\u010dno za generacije koje nisu odrastale uz gramofonske plo\u010de. Torbe nisu samo modni dodatak \u2013 one su izjava stava.<\/p>\n<p>Odmalena je imala ljubav prema \u0161ivanju, recikliranju stvari i kreativnom izra\u017eavanju. Rado se prisje\u0107a i prvih koraka kada je sa majkom krojila zavjese. Mada, pamti i kako je sa ocem sjekla ba\u010dve od rakije i pravila saksije za cvije\u0107e. Neku vrstu adaptacije i \u017eivotnog krojenja ipak je morala prilagoditi kada je svoj put po\u010dela da kr\u010di u Hrvatskoj.<\/p>\n<p>Kao neko ko je \u017eiveo u tri razli\u010dite zemlje, Milijana je nau\u010dila da identitet nije ne\u0161to \u0161to se menja ve\u0107 ne\u0161to \u0161to se nadogra\u0111uje. Ovaj princip vidi se i kroz njen rad. Ljudi iz kreativnih bran\u0161i instinktivno gravitiraju jedni drugima, podr\u017eavaju se i pronalaze na\u010dine da zajedno rastu. Svoju ljubav prema estetici i umjetnosti prenela je i na dizajn gramofonskih torbi, koje su postale njen prepoznatljiv pe\u010dat. Spoj retro \u0161arma i funkcionalnosti privukao je muzi\u010dare i kolekcionare iz razli\u010ditih delova sveta. Svaka torba ru\u010dno je izra\u0111ena, sa posebnom pa\u017enjom na detalje i kvalitet materijala, \u010desto inspirisana <em>vintage<\/em> stilom i estetikom starih omota plo\u010da.<\/p>\n<p>&#8211; Na kraju, sve se svodi na slobodu \u2013 da budemo ono \u0161to jesmo, da stvaramo bez ograni\u010denja i da kroz umjetnost povezujemo ljude \u0161irom sveta. Jer samo kada imamo prostora za rast, mo\u017eemo dosegnuti svoj puni potencijal. Nama kreativcima je najva\u017enija sloboda \u2013 zaklju\u010duje Milijana Jovi\u010di\u0107.<\/p>\n<p><em>pi\u0161e Jelena Miri\u0107<\/em><\/p>\n","protected":false},"excerpt":{"rendered":"<p>Svima je interesantna: poslovnim \u017eenama, pankericama, rokericama, ali ima i dosta tinejd\u017eerki koje je obi\u010dno uzimaju kao poklon za 18. ro\u0111endan. Torbe nisu samo modni dodatak, ka\u017ee Milijana Jovi\u010di\u0107, dizajnerica torbi od gramofonskih plo\u010da<\/p>\n","protected":false},"featured_media":6033,"template":"","tags":[136],"atribut":[],"class_list":["post-6036","nada","type-nada","status-publish","has-post-thumbnail","hentry","tag-portret"],"acf":[],"yoast_head":"<!-- This site is optimized with the Yoast SEO plugin v27.4 - https:\/\/yoast.com\/product\/yoast-seo-wordpress\/ -->\n<title>Milijanine torbe slobode - SDF - Srpski demokratski forum<\/title>\n<meta name=\"robots\" content=\"index, follow, max-snippet:-1, max-image-preview:large, max-video-preview:-1\" \/>\n<link rel=\"canonical\" href=\"https:\/\/sdf.hr\/hr\/nada\/milijanine-torbe-slobode\/\" \/>\n<meta property=\"og:locale\" content=\"hr_HR\" \/>\n<meta property=\"og:type\" content=\"article\" \/>\n<meta property=\"og:title\" content=\"Milijanine torbe slobode - SDF - Srpski demokratski forum\" \/>\n<meta property=\"og:description\" content=\"Svima je interesantna: poslovnim \u017eenama, pankericama, rokericama, ali ima i dosta tinejd\u017eerki koje je obi\u010dno uzimaju kao poklon za 18. ro\u0111endan. Torbe nisu samo modni dodatak, ka\u017ee Milijana Jovi\u010di\u0107, dizajnerica torbi od gramofonskih plo\u010da\" \/>\n<meta property=\"og:url\" content=\"https:\/\/sdf.hr\/hr\/nada\/milijanine-torbe-slobode\/\" \/>\n<meta property=\"og:site_name\" content=\"SDF - Srpski demokratski forum\" \/>\n<meta property=\"article:modified_time\" content=\"2025-03-21T15:59:28+00:00\" \/>\n<meta property=\"og:image\" content=\"https:\/\/sdf.hr\/wp-content\/uploads\/2025\/03\/Miljana.jpeg\" \/>\n\t<meta property=\"og:image:width\" content=\"1620\" \/>\n\t<meta property=\"og:image:height\" content=\"1080\" \/>\n\t<meta property=\"og:image:type\" content=\"image\/jpeg\" \/>\n<meta name=\"twitter:card\" content=\"summary_large_image\" \/>\n<meta name=\"twitter:label1\" content=\"Procijenjeno vrijeme \u010ditanja\" \/>\n\t<meta name=\"twitter:data1\" content=\"5 minuta\" \/>\n<script type=\"application\/ld+json\" class=\"yoast-schema-graph\">{\"@context\":\"https:\\\/\\\/schema.org\",\"@graph\":[{\"@type\":\"WebPage\",\"@id\":\"https:\\\/\\\/sdf.hr\\\/hr\\\/nada\\\/milijanine-torbe-slobode\\\/\",\"url\":\"https:\\\/\\\/sdf.hr\\\/hr\\\/nada\\\/milijanine-torbe-slobode\\\/\",\"name\":\"Milijanine torbe slobode - SDF - Srpski demokratski forum\",\"isPartOf\":{\"@id\":\"https:\\\/\\\/sdf.hr\\\/#website\"},\"primaryImageOfPage\":{\"@id\":\"https:\\\/\\\/sdf.hr\\\/hr\\\/nada\\\/milijanine-torbe-slobode\\\/#primaryimage\"},\"image\":{\"@id\":\"https:\\\/\\\/sdf.hr\\\/hr\\\/nada\\\/milijanine-torbe-slobode\\\/#primaryimage\"},\"thumbnailUrl\":\"https:\\\/\\\/sdf.hr\\\/wp-content\\\/uploads\\\/2025\\\/03\\\/Miljana.jpeg\",\"datePublished\":\"2025-03-21T10:52:52+00:00\",\"dateModified\":\"2025-03-21T15:59:28+00:00\",\"breadcrumb\":{\"@id\":\"https:\\\/\\\/sdf.hr\\\/hr\\\/nada\\\/milijanine-torbe-slobode\\\/#breadcrumb\"},\"inLanguage\":\"hr\",\"potentialAction\":[{\"@type\":\"ReadAction\",\"target\":[\"https:\\\/\\\/sdf.hr\\\/hr\\\/nada\\\/milijanine-torbe-slobode\\\/\"]}]},{\"@type\":\"ImageObject\",\"inLanguage\":\"hr\",\"@id\":\"https:\\\/\\\/sdf.hr\\\/hr\\\/nada\\\/milijanine-torbe-slobode\\\/#primaryimage\",\"url\":\"https:\\\/\\\/sdf.hr\\\/wp-content\\\/uploads\\\/2025\\\/03\\\/Miljana.jpeg\",\"contentUrl\":\"https:\\\/\\\/sdf.hr\\\/wp-content\\\/uploads\\\/2025\\\/03\\\/Miljana.jpeg\",\"width\":1620,\"height\":1080,\"caption\":\"Miljana Jovi\u010di\u0107\"},{\"@type\":\"BreadcrumbList\",\"@id\":\"https:\\\/\\\/sdf.hr\\\/hr\\\/nada\\\/milijanine-torbe-slobode\\\/#breadcrumb\",\"itemListElement\":[{\"@type\":\"ListItem\",\"position\":1,\"name\":\"Po\u010detna stranica\",\"item\":\"https:\\\/\\\/sdf.hr\\\/hr\\\/\"},{\"@type\":\"ListItem\",\"position\":2,\"name\":\"Nada\",\"item\":\"https:\\\/\\\/sdf.hr\\\/nada\\\/\"},{\"@type\":\"ListItem\",\"position\":3,\"name\":\"Milijanine torbe slobode\"}]},{\"@type\":\"WebSite\",\"@id\":\"https:\\\/\\\/sdf.hr\\\/#website\",\"url\":\"https:\\\/\\\/sdf.hr\\\/\",\"name\":\"SDF - Srpski demokratski forum\",\"description\":\"Srpski demokratski forum\",\"publisher\":{\"@id\":\"https:\\\/\\\/sdf.hr\\\/#organization\"},\"potentialAction\":[{\"@type\":\"SearchAction\",\"target\":{\"@type\":\"EntryPoint\",\"urlTemplate\":\"https:\\\/\\\/sdf.hr\\\/?s={search_term_string}\"},\"query-input\":{\"@type\":\"PropertyValueSpecification\",\"valueRequired\":true,\"valueName\":\"search_term_string\"}}],\"inLanguage\":\"hr\"},{\"@type\":\"Organization\",\"@id\":\"https:\\\/\\\/sdf.hr\\\/#organization\",\"name\":\"SDF - Srpski demokratski forum\",\"url\":\"https:\\\/\\\/sdf.hr\\\/\",\"logo\":{\"@type\":\"ImageObject\",\"inLanguage\":\"hr\",\"@id\":\"https:\\\/\\\/sdf.hr\\\/#\\\/schema\\\/logo\\\/image\\\/\",\"url\":\"https:\\\/\\\/sdf.hr\\\/wp-content\\\/uploads\\\/2021\\\/07\\\/logo-hr.svg\",\"contentUrl\":\"https:\\\/\\\/sdf.hr\\\/wp-content\\\/uploads\\\/2021\\\/07\\\/logo-hr.svg\",\"width\":271,\"height\":100,\"caption\":\"SDF - Srpski demokratski forum\"},\"image\":{\"@id\":\"https:\\\/\\\/sdf.hr\\\/#\\\/schema\\\/logo\\\/image\\\/\"}}]}<\/script>\n<!-- \/ Yoast SEO plugin. -->","yoast_head_json":{"title":"Milijanine torbe slobode - SDF - Srpski demokratski forum","robots":{"index":"index","follow":"follow","max-snippet":"max-snippet:-1","max-image-preview":"max-image-preview:large","max-video-preview":"max-video-preview:-1"},"canonical":"https:\/\/sdf.hr\/hr\/nada\/milijanine-torbe-slobode\/","og_locale":"hr_HR","og_type":"article","og_title":"Milijanine torbe slobode - SDF - Srpski demokratski forum","og_description":"Svima je interesantna: poslovnim \u017eenama, pankericama, rokericama, ali ima i dosta tinejd\u017eerki koje je obi\u010dno uzimaju kao poklon za 18. ro\u0111endan. Torbe nisu samo modni dodatak, ka\u017ee Milijana Jovi\u010di\u0107, dizajnerica torbi od gramofonskih plo\u010da","og_url":"https:\/\/sdf.hr\/hr\/nada\/milijanine-torbe-slobode\/","og_site_name":"SDF - Srpski demokratski forum","article_modified_time":"2025-03-21T15:59:28+00:00","og_image":[{"width":1620,"height":1080,"url":"https:\/\/sdf.hr\/wp-content\/uploads\/2025\/03\/Miljana.jpeg","type":"image\/jpeg"}],"twitter_card":"summary_large_image","twitter_misc":{"Procijenjeno vrijeme \u010ditanja":"5 minuta"},"schema":{"@context":"https:\/\/schema.org","@graph":[{"@type":"WebPage","@id":"https:\/\/sdf.hr\/hr\/nada\/milijanine-torbe-slobode\/","url":"https:\/\/sdf.hr\/hr\/nada\/milijanine-torbe-slobode\/","name":"Milijanine torbe slobode - SDF - Srpski demokratski forum","isPartOf":{"@id":"https:\/\/sdf.hr\/#website"},"primaryImageOfPage":{"@id":"https:\/\/sdf.hr\/hr\/nada\/milijanine-torbe-slobode\/#primaryimage"},"image":{"@id":"https:\/\/sdf.hr\/hr\/nada\/milijanine-torbe-slobode\/#primaryimage"},"thumbnailUrl":"https:\/\/sdf.hr\/wp-content\/uploads\/2025\/03\/Miljana.jpeg","datePublished":"2025-03-21T10:52:52+00:00","dateModified":"2025-03-21T15:59:28+00:00","breadcrumb":{"@id":"https:\/\/sdf.hr\/hr\/nada\/milijanine-torbe-slobode\/#breadcrumb"},"inLanguage":"hr","potentialAction":[{"@type":"ReadAction","target":["https:\/\/sdf.hr\/hr\/nada\/milijanine-torbe-slobode\/"]}]},{"@type":"ImageObject","inLanguage":"hr","@id":"https:\/\/sdf.hr\/hr\/nada\/milijanine-torbe-slobode\/#primaryimage","url":"https:\/\/sdf.hr\/wp-content\/uploads\/2025\/03\/Miljana.jpeg","contentUrl":"https:\/\/sdf.hr\/wp-content\/uploads\/2025\/03\/Miljana.jpeg","width":1620,"height":1080,"caption":"Miljana Jovi\u010di\u0107"},{"@type":"BreadcrumbList","@id":"https:\/\/sdf.hr\/hr\/nada\/milijanine-torbe-slobode\/#breadcrumb","itemListElement":[{"@type":"ListItem","position":1,"name":"Po\u010detna stranica","item":"https:\/\/sdf.hr\/hr\/"},{"@type":"ListItem","position":2,"name":"Nada","item":"https:\/\/sdf.hr\/nada\/"},{"@type":"ListItem","position":3,"name":"Milijanine torbe slobode"}]},{"@type":"WebSite","@id":"https:\/\/sdf.hr\/#website","url":"https:\/\/sdf.hr\/","name":"SDF - Srpski demokratski forum","description":"Srpski demokratski forum","publisher":{"@id":"https:\/\/sdf.hr\/#organization"},"potentialAction":[{"@type":"SearchAction","target":{"@type":"EntryPoint","urlTemplate":"https:\/\/sdf.hr\/?s={search_term_string}"},"query-input":{"@type":"PropertyValueSpecification","valueRequired":true,"valueName":"search_term_string"}}],"inLanguage":"hr"},{"@type":"Organization","@id":"https:\/\/sdf.hr\/#organization","name":"SDF - Srpski demokratski forum","url":"https:\/\/sdf.hr\/","logo":{"@type":"ImageObject","inLanguage":"hr","@id":"https:\/\/sdf.hr\/#\/schema\/logo\/image\/","url":"https:\/\/sdf.hr\/wp-content\/uploads\/2021\/07\/logo-hr.svg","contentUrl":"https:\/\/sdf.hr\/wp-content\/uploads\/2021\/07\/logo-hr.svg","width":271,"height":100,"caption":"SDF - Srpski demokratski forum"},"image":{"@id":"https:\/\/sdf.hr\/#\/schema\/logo\/image\/"}}]}},"_links":{"self":[{"href":"https:\/\/sdf.hr\/hr\/wp-json\/wp\/v2\/nada\/6036","targetHints":{"allow":["GET"]}}],"collection":[{"href":"https:\/\/sdf.hr\/hr\/wp-json\/wp\/v2\/nada"}],"about":[{"href":"https:\/\/sdf.hr\/hr\/wp-json\/wp\/v2\/types\/nada"}],"wp:featuredmedia":[{"embeddable":true,"href":"https:\/\/sdf.hr\/hr\/wp-json\/wp\/v2\/media\/6033"}],"wp:attachment":[{"href":"https:\/\/sdf.hr\/hr\/wp-json\/wp\/v2\/media?parent=6036"}],"wp:term":[{"taxonomy":"post_tag","embeddable":true,"href":"https:\/\/sdf.hr\/hr\/wp-json\/wp\/v2\/tags?post=6036"},{"taxonomy":"atribut","embeddable":true,"href":"https:\/\/sdf.hr\/hr\/wp-json\/wp\/v2\/atribut?post=6036"}],"curies":[{"name":"wp","href":"https:\/\/api.w.org\/{rel}","templated":true}]}}