{"id":6073,"date":"2025-04-02T11:51:31","date_gmt":"2025-04-02T09:51:31","guid":{"rendered":"https:\/\/sdf.hr\/nada\/sport-u-djuri\/"},"modified":"2025-04-02T11:52:09","modified_gmt":"2025-04-02T09:52:09","slug":"sport-u-djuri","status":"publish","type":"nada","link":"https:\/\/sdf.hr\/hr\/nada\/sport-u-djuri\/","title":{"rendered":"Sport u \u0110uri"},"content":{"rendered":"<p>Godine 1955. me\u0111u radnicima i radnicama &#8220;\u0110ure \u0110akovi\u0107a&#8221; provedena je anketa koja je otkrila da se tek nekolicina njih bavila nekim oblikom sporta. Iako su odbojka\u0161ka i stolnoteniska sekcija bile aktivne u tvornici, uo\u010deno je da vlada poprili\u010dna nezainteresiranost za sportske aktivnosti, kao i da fali stru\u010dnog kadra koji bi vodio sportske tvorni\u010dke sekcije.<\/p>\n<p>Kako pi\u0161e povjesni\u010darka <strong>Ana Rajkovi\u0107 Peji\u0107<\/strong> u knjizi &#8220;Plave kute idu na more&#8221; (istra\u017eivanje svakodnevice &#8220;\u0110urinih&#8221; radnika tijekom druge polovice 20. stolje\u0107a), u &#8220;\u0110uri&#8221; se tijekom 1960-ih krenulo u sustavnije razvijanje sportskih aktivnosti. Njegovala se ideja razvoja amaterskog sporta, cilj je bio da radnici iza\u0111u na zrak, da se takmi\u010de i zabavljaju, razvijaju zdrave navike.<\/p>\n<p>Posebna je pa\u017enja od 1970-ih na razini sindikata posve\u0107ena sportskim aktivnostima, pa se tako Fakultet za fizi\u010dku kulturu povezao s poduze\u0107ima poput &#8220;\u0110ure \u0110akovi\u0107a&#8221; i sisa\u010dke \u017deljezare. S vremenom je u &#8220;\u0110uri&#8221; do\u0161lo i do osposobljavanja animatora za rekreaciju koji su me\u0111u ostalim vodili i razli\u010dite oblike tjelovje\u017ebe u tvornici. Kako bilje\u017ei Rajkovi\u0107 Peji\u0107, jedna od njih bila je devizna referentica <strong>Dubravka Martinovi\u0107<\/strong> koja je nakon zavr\u0161etka te\u010daja bila voditeljica sportske rekreacije, i ponekad je mijenjala nastavnika rekreativaca i odr\u017eavala sat rekreacije.<\/p>\n<p>Sedamdesetih je u &#8220;\u0110uri&#8221; organizirana posebna rekreacija za \u017eene, koja se odvijala u \u0161kolskoj dvorani <strong>Mike Babi\u0107a<\/strong>, a najpopularniji je bio aerobik koji se odr\u017eavao dva puta tjedno. Radilo se o programu s doziranim intenzitetom vje\u017ebi uz obavezan lije\u010dni\u010dki pregled prije po\u010detka, ali i nakon zavr\u0161etka \u0161estomjese\u010dnog vje\u017ebanja. Kao razloge usmjerenosti takve rekreacije prema radnicama, navodilo se da je zaposlena \u017eena zbog kancelarijskog posla i zbog obavljanja svakodnevnih ku\u0107anskih poslova &#8220;suvi\u0161e optere\u0107ena, ne samo fizi\u010dki, nego i psihi\u010dki&#8221;.<\/p>\n<p>Radnici su se sportski aktivirali i kroz radni\u010dko-sportske igre odr\u017eavane na razini Jugoslavije, na kojima su sudjelovali deseci tisu\u0107a radnika i radnica, a posebno su primamljiva bila zimska natjecanja koja su se organizirala u popularnim zimovali\u0161tima, poput Vla\u0161i\u0107a. Na saveznoj razini zna\u010dajna je bila Smotra proizvo\u0111a\u010da \u0161inskih vozila Jugoslavije Bratstvo i jedinstvo. Za &#8220;\u0110urine&#8221; radnike posebno su uspje\u0161ne bile smotre u Mariboru i Sarajevu krajem 1970-ih. U Mariboru su u ukupnom plasmanu osvojili \u010detvrto mjesto, a u Sarajevu \u010detiri zlatne medalje. Me\u0111u osvaja\u010dima zlata u Sarajevu bila je radnica <strong>Zlata Kola\u010d<\/strong>, igra\u010dica pikada. Godine 1981. &#8220;\u0110uro \u0110akovi\u0107&#8221; bio je doma\u0107in 11. smotre u Slavonskom Brodu, na kojoj je sudjelovalo vi\u0161e od 450 sudionika. Natjecanja su se odr\u017eavala na sportskim terenima diljem grada, a osim sportskih natjecanja organizirani su i sastanci dru\u0161tveno-politi\u010dkih aktivista na kojima su se razmjenjivala iskustva o radu dru\u0161tveno-politi\u010dkih organizacija.<\/p>\n<p>Istra\u017euju\u0107i za knjigu, Rajkovi\u0107 Peji\u0107 je saznala da se na promicanju sporta radilo i internacionalno, u vanjskim pogonima poduze\u0107a. Tako je po\u010detkom 1980-ih u L\u00fcbecku osnovano Sportsko dru\u0161tvo &#8220;\u0110uro \u0110akovi\u0107&#8221;, a jedna od prvih aktivnosti dru\u0161tva bilo je organiziranje nogometnog turnira povodom Dana borca 4. jula. Osim nogometne, osnovana je i sekcija za stolni tenis koja je djelovala na razini Sportskog saveza Hamburga. &#8220;\u0110urini&#8221; radnici sportski su se organizirali i u Libiji. Na gradili\u0161tu termoelektrane u mediteranskoj luci Tobruku formirali su ekipe za igranje malog nogometa. Ekipe su nazivali po poznatim jugoslavenskim klubovima, a utakmice su se igrale svakog petka kad se radilo skra\u0107eno.<\/p>\n<p><em>pi\u0161e Ivana Peri\u0107<\/em><\/p>\n","protected":false},"excerpt":{"rendered":"<p>U &#8220;\u0110uri \u0110akovi\u0107u&#8221; se tijekom 1960-ih krenulo u sustavnije razvijanje sportskih aktivnosti. Njegovala se ideja razvoja amaterskog sporta, cilj je bio da radnici iza\u0111u na zrak, da se takmi\u010de i zabavljaju, razvijaju zdrave navike<\/p>\n","protected":false},"featured_media":6072,"template":"","tags":[40],"atribut":[],"class_list":["post-6073","nada","type-nada","status-publish","has-post-thumbnail","hentry","tag-dvokorak-naprijed"],"acf":[],"yoast_head":"<!-- This site is optimized with the Yoast SEO plugin v27.4 - https:\/\/yoast.com\/product\/yoast-seo-wordpress\/ -->\n<title>Sport u \u0110uri - SDF - Srpski demokratski forum<\/title>\n<meta name=\"robots\" content=\"index, follow, max-snippet:-1, max-image-preview:large, max-video-preview:-1\" \/>\n<link rel=\"canonical\" href=\"https:\/\/sdf.hr\/hr\/nada\/sport-u-djuri\/\" \/>\n<meta property=\"og:locale\" content=\"hr_HR\" \/>\n<meta property=\"og:type\" content=\"article\" \/>\n<meta property=\"og:title\" content=\"Sport u \u0110uri - SDF - Srpski demokratski forum\" \/>\n<meta property=\"og:description\" content=\"U &quot;\u0110uri \u0110akovi\u0107u&quot; se tijekom 1960-ih krenulo u sustavnije razvijanje sportskih aktivnosti. Njegovala se ideja razvoja amaterskog sporta, cilj je bio da radnici iza\u0111u na zrak, da se takmi\u010de i zabavljaju, razvijaju zdrave navike\" \/>\n<meta property=\"og:url\" content=\"https:\/\/sdf.hr\/hr\/nada\/sport-u-djuri\/\" \/>\n<meta property=\"og:site_name\" content=\"SDF - Srpski demokratski forum\" \/>\n<meta property=\"article:modified_time\" content=\"2025-04-02T09:52:09+00:00\" \/>\n<meta property=\"og:image\" content=\"https:\/\/sdf.hr\/wp-content\/uploads\/2025\/04\/Djuro_Ivica-Galovic-scaled.jpg\" \/>\n\t<meta property=\"og:image:width\" content=\"2560\" \/>\n\t<meta property=\"og:image:height\" content=\"1661\" \/>\n\t<meta property=\"og:image:type\" content=\"image\/jpeg\" \/>\n<meta name=\"twitter:card\" content=\"summary_large_image\" \/>\n<meta name=\"twitter:label1\" content=\"Procijenjeno vrijeme \u010ditanja\" \/>\n\t<meta name=\"twitter:data1\" content=\"3 minute\" \/>\n<script type=\"application\/ld+json\" class=\"yoast-schema-graph\">{\"@context\":\"https:\\\/\\\/schema.org\",\"@graph\":[{\"@type\":\"WebPage\",\"@id\":\"https:\\\/\\\/sdf.hr\\\/hr\\\/nada\\\/sport-u-djuri\\\/\",\"url\":\"https:\\\/\\\/sdf.hr\\\/hr\\\/nada\\\/sport-u-djuri\\\/\",\"name\":\"Sport u \u0110uri - SDF - Srpski demokratski forum\",\"isPartOf\":{\"@id\":\"https:\\\/\\\/sdf.hr\\\/#website\"},\"primaryImageOfPage\":{\"@id\":\"https:\\\/\\\/sdf.hr\\\/hr\\\/nada\\\/sport-u-djuri\\\/#primaryimage\"},\"image\":{\"@id\":\"https:\\\/\\\/sdf.hr\\\/hr\\\/nada\\\/sport-u-djuri\\\/#primaryimage\"},\"thumbnailUrl\":\"https:\\\/\\\/sdf.hr\\\/wp-content\\\/uploads\\\/2025\\\/04\\\/Djuro_Ivica-Galovic-scaled.jpg\",\"datePublished\":\"2025-04-02T09:51:31+00:00\",\"dateModified\":\"2025-04-02T09:52:09+00:00\",\"breadcrumb\":{\"@id\":\"https:\\\/\\\/sdf.hr\\\/hr\\\/nada\\\/sport-u-djuri\\\/#breadcrumb\"},\"inLanguage\":\"hr\",\"potentialAction\":[{\"@type\":\"ReadAction\",\"target\":[\"https:\\\/\\\/sdf.hr\\\/hr\\\/nada\\\/sport-u-djuri\\\/\"]}]},{\"@type\":\"ImageObject\",\"inLanguage\":\"hr\",\"@id\":\"https:\\\/\\\/sdf.hr\\\/hr\\\/nada\\\/sport-u-djuri\\\/#primaryimage\",\"url\":\"https:\\\/\\\/sdf.hr\\\/wp-content\\\/uploads\\\/2025\\\/04\\\/Djuro_Ivica-Galovic-scaled.jpg\",\"contentUrl\":\"https:\\\/\\\/sdf.hr\\\/wp-content\\\/uploads\\\/2025\\\/04\\\/Djuro_Ivica-Galovic-scaled.jpg\",\"width\":2560,\"height\":1661,\"caption\":\"Tvornica \\\"\u0110uro \u0110akovi\u0107\\\" (Foto: Ivica Galovi\u0107\\\/PIXSELL)\"},{\"@type\":\"BreadcrumbList\",\"@id\":\"https:\\\/\\\/sdf.hr\\\/hr\\\/nada\\\/sport-u-djuri\\\/#breadcrumb\",\"itemListElement\":[{\"@type\":\"ListItem\",\"position\":1,\"name\":\"Po\u010detna stranica\",\"item\":\"https:\\\/\\\/sdf.hr\\\/hr\\\/\"},{\"@type\":\"ListItem\",\"position\":2,\"name\":\"Nada\",\"item\":\"https:\\\/\\\/sdf.hr\\\/nada\\\/\"},{\"@type\":\"ListItem\",\"position\":3,\"name\":\"Sport u \u0110uri\"}]},{\"@type\":\"WebSite\",\"@id\":\"https:\\\/\\\/sdf.hr\\\/#website\",\"url\":\"https:\\\/\\\/sdf.hr\\\/\",\"name\":\"SDF - Srpski demokratski forum\",\"description\":\"Srpski demokratski forum\",\"publisher\":{\"@id\":\"https:\\\/\\\/sdf.hr\\\/#organization\"},\"potentialAction\":[{\"@type\":\"SearchAction\",\"target\":{\"@type\":\"EntryPoint\",\"urlTemplate\":\"https:\\\/\\\/sdf.hr\\\/?s={search_term_string}\"},\"query-input\":{\"@type\":\"PropertyValueSpecification\",\"valueRequired\":true,\"valueName\":\"search_term_string\"}}],\"inLanguage\":\"hr\"},{\"@type\":\"Organization\",\"@id\":\"https:\\\/\\\/sdf.hr\\\/#organization\",\"name\":\"SDF - Srpski demokratski forum\",\"url\":\"https:\\\/\\\/sdf.hr\\\/\",\"logo\":{\"@type\":\"ImageObject\",\"inLanguage\":\"hr\",\"@id\":\"https:\\\/\\\/sdf.hr\\\/#\\\/schema\\\/logo\\\/image\\\/\",\"url\":\"https:\\\/\\\/sdf.hr\\\/wp-content\\\/uploads\\\/2021\\\/07\\\/logo-hr.svg\",\"contentUrl\":\"https:\\\/\\\/sdf.hr\\\/wp-content\\\/uploads\\\/2021\\\/07\\\/logo-hr.svg\",\"width\":271,\"height\":100,\"caption\":\"SDF - Srpski demokratski forum\"},\"image\":{\"@id\":\"https:\\\/\\\/sdf.hr\\\/#\\\/schema\\\/logo\\\/image\\\/\"}}]}<\/script>\n<!-- \/ Yoast SEO plugin. -->","yoast_head_json":{"title":"Sport u \u0110uri - SDF - Srpski demokratski forum","robots":{"index":"index","follow":"follow","max-snippet":"max-snippet:-1","max-image-preview":"max-image-preview:large","max-video-preview":"max-video-preview:-1"},"canonical":"https:\/\/sdf.hr\/hr\/nada\/sport-u-djuri\/","og_locale":"hr_HR","og_type":"article","og_title":"Sport u \u0110uri - SDF - Srpski demokratski forum","og_description":"U \"\u0110uri \u0110akovi\u0107u\" se tijekom 1960-ih krenulo u sustavnije razvijanje sportskih aktivnosti. Njegovala se ideja razvoja amaterskog sporta, cilj je bio da radnici iza\u0111u na zrak, da se takmi\u010de i zabavljaju, razvijaju zdrave navike","og_url":"https:\/\/sdf.hr\/hr\/nada\/sport-u-djuri\/","og_site_name":"SDF - Srpski demokratski forum","article_modified_time":"2025-04-02T09:52:09+00:00","og_image":[{"width":2560,"height":1661,"url":"https:\/\/sdf.hr\/wp-content\/uploads\/2025\/04\/Djuro_Ivica-Galovic-scaled.jpg","type":"image\/jpeg"}],"twitter_card":"summary_large_image","twitter_misc":{"Procijenjeno vrijeme \u010ditanja":"3 minute"},"schema":{"@context":"https:\/\/schema.org","@graph":[{"@type":"WebPage","@id":"https:\/\/sdf.hr\/hr\/nada\/sport-u-djuri\/","url":"https:\/\/sdf.hr\/hr\/nada\/sport-u-djuri\/","name":"Sport u \u0110uri - SDF - Srpski demokratski forum","isPartOf":{"@id":"https:\/\/sdf.hr\/#website"},"primaryImageOfPage":{"@id":"https:\/\/sdf.hr\/hr\/nada\/sport-u-djuri\/#primaryimage"},"image":{"@id":"https:\/\/sdf.hr\/hr\/nada\/sport-u-djuri\/#primaryimage"},"thumbnailUrl":"https:\/\/sdf.hr\/wp-content\/uploads\/2025\/04\/Djuro_Ivica-Galovic-scaled.jpg","datePublished":"2025-04-02T09:51:31+00:00","dateModified":"2025-04-02T09:52:09+00:00","breadcrumb":{"@id":"https:\/\/sdf.hr\/hr\/nada\/sport-u-djuri\/#breadcrumb"},"inLanguage":"hr","potentialAction":[{"@type":"ReadAction","target":["https:\/\/sdf.hr\/hr\/nada\/sport-u-djuri\/"]}]},{"@type":"ImageObject","inLanguage":"hr","@id":"https:\/\/sdf.hr\/hr\/nada\/sport-u-djuri\/#primaryimage","url":"https:\/\/sdf.hr\/wp-content\/uploads\/2025\/04\/Djuro_Ivica-Galovic-scaled.jpg","contentUrl":"https:\/\/sdf.hr\/wp-content\/uploads\/2025\/04\/Djuro_Ivica-Galovic-scaled.jpg","width":2560,"height":1661,"caption":"Tvornica \"\u0110uro \u0110akovi\u0107\" (Foto: Ivica Galovi\u0107\/PIXSELL)"},{"@type":"BreadcrumbList","@id":"https:\/\/sdf.hr\/hr\/nada\/sport-u-djuri\/#breadcrumb","itemListElement":[{"@type":"ListItem","position":1,"name":"Po\u010detna stranica","item":"https:\/\/sdf.hr\/hr\/"},{"@type":"ListItem","position":2,"name":"Nada","item":"https:\/\/sdf.hr\/nada\/"},{"@type":"ListItem","position":3,"name":"Sport u \u0110uri"}]},{"@type":"WebSite","@id":"https:\/\/sdf.hr\/#website","url":"https:\/\/sdf.hr\/","name":"SDF - Srpski demokratski forum","description":"Srpski demokratski forum","publisher":{"@id":"https:\/\/sdf.hr\/#organization"},"potentialAction":[{"@type":"SearchAction","target":{"@type":"EntryPoint","urlTemplate":"https:\/\/sdf.hr\/?s={search_term_string}"},"query-input":{"@type":"PropertyValueSpecification","valueRequired":true,"valueName":"search_term_string"}}],"inLanguage":"hr"},{"@type":"Organization","@id":"https:\/\/sdf.hr\/#organization","name":"SDF - Srpski demokratski forum","url":"https:\/\/sdf.hr\/","logo":{"@type":"ImageObject","inLanguage":"hr","@id":"https:\/\/sdf.hr\/#\/schema\/logo\/image\/","url":"https:\/\/sdf.hr\/wp-content\/uploads\/2021\/07\/logo-hr.svg","contentUrl":"https:\/\/sdf.hr\/wp-content\/uploads\/2021\/07\/logo-hr.svg","width":271,"height":100,"caption":"SDF - Srpski demokratski forum"},"image":{"@id":"https:\/\/sdf.hr\/#\/schema\/logo\/image\/"}}]}},"_links":{"self":[{"href":"https:\/\/sdf.hr\/hr\/wp-json\/wp\/v2\/nada\/6073","targetHints":{"allow":["GET"]}}],"collection":[{"href":"https:\/\/sdf.hr\/hr\/wp-json\/wp\/v2\/nada"}],"about":[{"href":"https:\/\/sdf.hr\/hr\/wp-json\/wp\/v2\/types\/nada"}],"wp:featuredmedia":[{"embeddable":true,"href":"https:\/\/sdf.hr\/hr\/wp-json\/wp\/v2\/media\/6072"}],"wp:attachment":[{"href":"https:\/\/sdf.hr\/hr\/wp-json\/wp\/v2\/media?parent=6073"}],"wp:term":[{"taxonomy":"post_tag","embeddable":true,"href":"https:\/\/sdf.hr\/hr\/wp-json\/wp\/v2\/tags?post=6073"},{"taxonomy":"atribut","embeddable":true,"href":"https:\/\/sdf.hr\/hr\/wp-json\/wp\/v2\/atribut?post=6073"}],"curies":[{"name":"wp","href":"https:\/\/api.w.org\/{rel}","templated":true}]}}