{"id":6078,"date":"2025-04-04T15:11:48","date_gmt":"2025-04-04T13:11:48","guid":{"rendered":"https:\/\/sdf.hr\/nada\/rastuzuje-me-nebriga-za-ovaj-kraj\/"},"modified":"2025-04-04T15:11:48","modified_gmt":"2025-04-04T13:11:48","slug":"rastuzuje-me-nebriga-za-ovaj-kraj","status":"publish","type":"nada","link":"https:\/\/sdf.hr\/hr\/nada\/rastuzuje-me-nebriga-za-ovaj-kraj\/","title":{"rendered":"Rastu\u017euje me nebriga za ovaj kraj"},"content":{"rendered":"<p>Pedesetogodi\u0161nju psihoterapeutkinju i pedagoginju <strong>Silvanu \u010ceko Juri\u0161i\u0107<\/strong> \u017eivot je spletom okolnosti odveo u Krupu. Posljednjih pet godini i \u017eivi u tom malom selu u okolici Obrovca. Velebit, rijeke Krupa i Zrmanja osvojili su je, kako ka\u017ee, na prvu. A kako je vrijeme prolazilo zavoljela je i ljude koji \u010dine tamo\u0161nju zajednicu. Priznaje da je to bio \u0161ok za nju. Prvenstveno brzina kojom se zaljubila u taj kraj, mir koji bi osjetila dok bi kunjala na livadi u hladovini. Ipak, u tom kunjanju neke misli unose nemir kada pomisli na polo\u017eaj \u017eene u ruralnim krajevima.<\/p>\n<p>&#8211; \u017dene na obrova\u010dkom podru\u010dju nemaju puno izbora \u0161to se ti\u010de zaposlenja. Rade kao gerontodoma\u0107ice ili u svojim OPG-ovima, kojima su naj\u010de\u0161\u0107e mu\u0161ki \u010dlanovi obitelji nositelji gospodarstva. Na prvom mjestu su majke, supruge, doma\u0107ice, ali i fizi\u010dke radnice. Nedostaje radnih mjesta, edukacija, te\u010dajeva, ali i kulturnog i dru\u0161tvenog \u017eivota. Nedostaje prilika za \u017eene koje imaju \u017eelju i volju raditi za sebe i na sebi te za zajednicu. \u017dena ovog kraja ima socijalne, dru\u0161tvene i kulturne potrebe, me\u0111utim, nedostaje joj prilike, ali i samopouzdanja da tra\u017ei i bori se za sebe \u2013 govori Silvana.<\/p>\n<p>Uvijek ima novih podru\u010dja o kojima \u017eeli u\u010diti, ne samo iz psihoterapije. Zadnjih godina su to aktivizam i mirovni rad. Dodatno se educirala u podru\u010dju seksualne terapije. Jako je privla\u010de obiteljske konstelacije i me\u0111ugeneracijski transferi. Uz pomo\u0107 Mirovnih studija i \u0160kole za dru\u0161tveno-politi\u010dki razvoj \u017eena &#8220;Kata&#8221; Srpskog demokratskog foruma, zajedno sa prijateljicom i kolegicom aktivistkinjom <strong>Milicom Gu\u017evicom<\/strong> zavrtjela je spiralu promjene, kako njihove osobne, tako, nadaju se, i u zajednici.<\/p>\n<p>&#8211; Svi, na\u0161i kolege i kolegice, na\u0161i voditelji i voditeljice na svakom predavanju, odnosno dru\u017eenju, naslu\u0161ali su se o Krupi i Obrovcu. Bila je to izuzetna prilika za nas da u\u010dimo, upoznamo neke nove ljude, ali prvenstveno da osna\u017eimo sebe kako bi bile od ve\u0107e koristi u svojoj zajednici koja se bori s mnogim problemima. &#8220;\u0160to je to \u0161to me veseli?&#8221;, &#8220;\u0160to ja \u017eelim?&#8221; \u2013 ta pitanja postavio nam je na\u0161 mentor <strong>Goran Bo\u017ei\u010devi\u0107<\/strong> na Mirovnim studijima, a ja psihoterapeutkinja prepoznala sam ih kao klju\u010dna \u2013 govori Silvana i dodaje da su u suradnji sa Srpskim narodnim vije\u0107em (SNV), a na Mili\u010dinu inicijativu, 2023. radile na projektu organizacije i realizacije te\u010daja engleskog jezika za \u017eene ovog kraja.<\/p>\n<p>Edukacije, te\u010dajevi, predavanja, kulturna doga\u0111anja, osna\u017euju \u017eene u polju usvojenih znanja i vje\u0161tina. Na pro\u0161logodi\u0161njoj &#8220;Kati&#8221; i modulu u Obrovcu zajedno sa kolegicom <strong>Senkom Sekuli\u0107<\/strong> odr\u017eala je interaktivno predavanje na temu &#8220;Intimne mape \u2013 istra\u017eivanje i otkrivanje \u017eenskog seksualnog potencijala&#8221;. Ujedno, aktivno je uklju\u010dena u SNV-ov projekt &#8220;Program plus&#8221; kao voditeljica kreativnih radionica za djecu u \u017degaru, a krenula je sa odr\u017eavanjem radionica i u Zadru.<\/p>\n<p>&#8211; Osna\u017eivanje \u017eene je prvi korak, osna\u017eivanje kroz ekonomsku neovisnost, na primjer provedbom programa za podr\u0161ku u samozapo\u0161ljavanju, podr\u0161ku lokalne zajednice i vlasti, uva\u017eavaju\u0107i specifi\u010dnosti i izazove \u017eivota u ruralnim podru\u010djima. Smatram da trebamo promi\u0161ljati o na\u010dinima kako otvoriti kanale za komunikaciju, dru\u017eenje, u\u010denje. Mogao bi to biti prvi korak i odmak od tradicionalnih rodnih uloga, imati mjesta na kojima bi nadvladale sram i nelagodu i otvorile teme koje nas ti\u0161te \u2013 govori Silvana.<\/p>\n<p>Kvaliteta \u017eivota, infrastruktura, politi\u010dke (ne)prilike i podjele odraz su stanja duha zajednice. Male zajednice zaslu\u017euju puno vi\u0161e pa\u017enje od onog \u0161to im se daje. Godine zanemarivanja su u\u010dinile da ljudi imaju osje\u0107aj da ne zaslu\u017euju bolje. A selo se sustavno zanemaruje ve\u0107 desetlje\u0107ima. Stvara se dojam da pojedinac ne mo\u017ee ni\u0161ta, da se na\u0161 glas ne ra\u010duna, da ni\u0161ta ne mo\u017eemo promijeniti. Takav stav utje\u010de na na\u0161e mentalno zdravlje, mo\u017ee ga dodatno uru\u0161iti. Mje\u0161tani Obrovca do lije\u010dnika op\u0107e prakse ina\u010de imaju 27 kilometara.<\/p>\n<p>&#8211; Rastu\u017euje me nebriga za ovaj kraj. Ljudi nemaju vodovod, a voda im te\u010de pokraj ku\u0107a. Autobusa nema, i nikakvog drugog organiziranog prijevoza. Lije\u010dnik i trgovina udaljeni su tridesetak kilometara. posla nema, pogotovo za \u017eene. Ni asfalt nije svima do ku\u0107a stigao. Na nekim mjestima nema signala za telefon i internet. Ka\u017eu, ne isplati se, a veliki broj ljudi \u017eivi na socijalnoj pomo\u0107i. Obrovac je zapu\u0161ten i oronuo grad, a opet je predivan. Ja na primjer nikad nisam ni pomislila, dok sam \u017eivjela u gradu, da lije\u010dni\u010dka pomo\u0107 nije svima jednako dostupna. Narod ovog kraja zaslu\u017euje prilike za razvoj, obrazovanje i dostojanstven \u017eivot u svom zavi\u010daju \u2013 govori Silvana te da dodaje da je sa druge strane, zajednica ipak povezana.<\/p>\n<p>&#8211; Nastojimo pomagati jedni drugima onoliko koliko nam trenutne mogu\u0107nosti dozvoljavaju. \u010cesto su to neke osnovne potrebe starijeg stanovni\u0161tva u selu, odlasci lije\u010dniku, kupnja potrep\u0161tina, ali i nastojanja da zajedno rije\u0161imo neke ozbiljnije probleme koji se pojave. Kad smo radili ku\u0107u u kojoj danas \u017eivimo, trebalo je unijeti dva para \u017eeljeznih stepeni\u0161ta od 500 kg. Dok smo stigli iz Zadra u Krupu, pred ku\u0107om nas je \u010dekalo sedam-osam kr\u0161nih susjeda. Trebalo je to unijeti, a oni su se nesebi\u010dno odazvali mom pozivu. Ovdje dobra povezanost zajednice zaista ima ve\u0107u vrijednost i te\u017einu. A budu\u0107nost, o tom, potom &#8211; ka\u017ee.<\/p>\n<p>Rat, uz nasilje i stradanja koja ga prate, duboka je trauma. Socijalna rekonstrukcija podrazumijeva aktivnog sudionika naspram pasivnog promatra\u010da. Kao ljudi, po prirodi smo skloni \u017ealiti za pro\u0161lim vremenima, skrivati traumu duboko od nas samih. \u010cesto za pojedinca nema razrje\u0161enja bez tog pogleda unazad i &#8220;priznavanja&#8221; onoga \u0161to jest, traume koju kao roditelji prenosimo djeci, a ona svojoj djeci. Prema njenim rije\u010dima to nije put zacjeljenja i ozdravljenja niti put okretanja ka budu\u0107nosti. Srpkinja i Hrvatica, Milica i Silvana, nadaju se da njihove inicijative, suradnje, ali i prijateljstvo mogu biti jedan mali primjer uva\u017eavanja, po\u0161tovanja i osobnog napretka. One svojim koracima oblikuju staze tamo gdje ih ranije nije bilo.<\/p>\n<p>&#8211; Na ratne godine, na\u017ealost, osvr\u0107emo se kao dru\u0161tvo isklju\u010divo s osudom. Malo je ili nimalo inicijativa koje bi pokrenule bolje razumijevanje doga\u0111anja. Pri tome mislim prvenstveno na osobnoj razini, proraditi i razumjeti vlastite emocije, traume, doga\u0111aje koji su obilje\u017eili te godine. Kad smo to u stanju, razumjeti sebe same, tek tada se kvalitetno i na zdrav na\u010din mo\u017eemo okrenuti zajednici, biti aktivni sudionici svog \u017eivota i \u017eivota zajednice u kojoj \u017eivimo. Funkcionalan pojedinac preduvjet je funkcionalnog dru\u0161tva \u2013 zaklju\u010duje Silvana \u010ceko Juri\u0161i\u0107.<\/p>\n<p><em>pi\u0161e Jelena Miri\u0107<\/em><\/p>\n","protected":false},"excerpt":{"rendered":"<p>Dok sam \u017eivjela u gradu, nikad nisam ni pomislila da lije\u010dni\u010dka pomo\u0107 nije svima jednako dostupna. Narod ovog kraja zaslu\u017euje prilike za razvoj, obrazovanje i dostojanstven \u017eivot, poru\u010duje Silvana \u010ceko Juri\u0161i\u0107 koju je \u017eivot odveo u Krupu kraj Obrovca<\/p>\n","protected":false},"featured_media":6077,"template":"","tags":[136],"atribut":[],"class_list":["post-6078","nada","type-nada","status-publish","has-post-thumbnail","hentry","tag-portret"],"acf":[],"yoast_head":"<!-- This site is optimized with the Yoast SEO plugin v27.4 - https:\/\/yoast.com\/product\/yoast-seo-wordpress\/ -->\n<title>Rastu\u017euje me nebriga za ovaj kraj - SDF - Srpski demokratski forum<\/title>\n<meta name=\"robots\" content=\"index, follow, max-snippet:-1, max-image-preview:large, max-video-preview:-1\" \/>\n<link rel=\"canonical\" href=\"https:\/\/sdf.hr\/hr\/nada\/rastuzuje-me-nebriga-za-ovaj-kraj\/\" \/>\n<meta property=\"og:locale\" content=\"hr_HR\" \/>\n<meta property=\"og:type\" content=\"article\" \/>\n<meta property=\"og:title\" content=\"Rastu\u017euje me nebriga za ovaj kraj - SDF - Srpski demokratski forum\" \/>\n<meta property=\"og:description\" content=\"Dok sam \u017eivjela u gradu, nikad nisam ni pomislila da lije\u010dni\u010dka pomo\u0107 nije svima jednako dostupna. Narod ovog kraja zaslu\u017euje prilike za razvoj, obrazovanje i dostojanstven \u017eivot, poru\u010duje Silvana \u010ceko Juri\u0161i\u0107 koju je \u017eivot odveo u Krupu kraj Obrovca\" \/>\n<meta property=\"og:url\" content=\"https:\/\/sdf.hr\/hr\/nada\/rastuzuje-me-nebriga-za-ovaj-kraj\/\" \/>\n<meta property=\"og:site_name\" content=\"SDF - Srpski demokratski forum\" \/>\n<meta name=\"twitter:card\" content=\"summary_large_image\" \/>\n<meta name=\"twitter:label1\" content=\"Procijenjeno vrijeme \u010ditanja\" \/>\n\t<meta name=\"twitter:data1\" content=\"6 minuta\" \/>\n<script type=\"application\/ld+json\" class=\"yoast-schema-graph\">{\"@context\":\"https:\\\/\\\/schema.org\",\"@graph\":[{\"@type\":\"WebPage\",\"@id\":\"https:\\\/\\\/sdf.hr\\\/hr\\\/nada\\\/rastuzuje-me-nebriga-za-ovaj-kraj\\\/\",\"url\":\"https:\\\/\\\/sdf.hr\\\/hr\\\/nada\\\/rastuzuje-me-nebriga-za-ovaj-kraj\\\/\",\"name\":\"Rastu\u017euje me nebriga za ovaj kraj - SDF - Srpski demokratski forum\",\"isPartOf\":{\"@id\":\"https:\\\/\\\/sdf.hr\\\/#website\"},\"primaryImageOfPage\":{\"@id\":\"https:\\\/\\\/sdf.hr\\\/hr\\\/nada\\\/rastuzuje-me-nebriga-za-ovaj-kraj\\\/#primaryimage\"},\"image\":{\"@id\":\"https:\\\/\\\/sdf.hr\\\/hr\\\/nada\\\/rastuzuje-me-nebriga-za-ovaj-kraj\\\/#primaryimage\"},\"thumbnailUrl\":\"https:\\\/\\\/sdf.hr\\\/wp-content\\\/uploads\\\/2025\\\/04\\\/Silvana-Ceko-Jurisic.jpg\",\"datePublished\":\"2025-04-04T13:11:48+00:00\",\"breadcrumb\":{\"@id\":\"https:\\\/\\\/sdf.hr\\\/hr\\\/nada\\\/rastuzuje-me-nebriga-za-ovaj-kraj\\\/#breadcrumb\"},\"inLanguage\":\"hr\",\"potentialAction\":[{\"@type\":\"ReadAction\",\"target\":[\"https:\\\/\\\/sdf.hr\\\/hr\\\/nada\\\/rastuzuje-me-nebriga-za-ovaj-kraj\\\/\"]}]},{\"@type\":\"ImageObject\",\"inLanguage\":\"hr\",\"@id\":\"https:\\\/\\\/sdf.hr\\\/hr\\\/nada\\\/rastuzuje-me-nebriga-za-ovaj-kraj\\\/#primaryimage\",\"url\":\"https:\\\/\\\/sdf.hr\\\/wp-content\\\/uploads\\\/2025\\\/04\\\/Silvana-Ceko-Jurisic.jpg\",\"contentUrl\":\"https:\\\/\\\/sdf.hr\\\/wp-content\\\/uploads\\\/2025\\\/04\\\/Silvana-Ceko-Jurisic.jpg\",\"width\":2048,\"height\":1356,\"caption\":\"Silvana \u010ceko Juri\u0161i\u0107\"},{\"@type\":\"BreadcrumbList\",\"@id\":\"https:\\\/\\\/sdf.hr\\\/hr\\\/nada\\\/rastuzuje-me-nebriga-za-ovaj-kraj\\\/#breadcrumb\",\"itemListElement\":[{\"@type\":\"ListItem\",\"position\":1,\"name\":\"Po\u010detna stranica\",\"item\":\"https:\\\/\\\/sdf.hr\\\/hr\\\/\"},{\"@type\":\"ListItem\",\"position\":2,\"name\":\"Nada\",\"item\":\"https:\\\/\\\/sdf.hr\\\/nada\\\/\"},{\"@type\":\"ListItem\",\"position\":3,\"name\":\"Rastu\u017euje me nebriga za ovaj kraj\"}]},{\"@type\":\"WebSite\",\"@id\":\"https:\\\/\\\/sdf.hr\\\/#website\",\"url\":\"https:\\\/\\\/sdf.hr\\\/\",\"name\":\"SDF - Srpski demokratski forum\",\"description\":\"Srpski demokratski forum\",\"publisher\":{\"@id\":\"https:\\\/\\\/sdf.hr\\\/#organization\"},\"potentialAction\":[{\"@type\":\"SearchAction\",\"target\":{\"@type\":\"EntryPoint\",\"urlTemplate\":\"https:\\\/\\\/sdf.hr\\\/?s={search_term_string}\"},\"query-input\":{\"@type\":\"PropertyValueSpecification\",\"valueRequired\":true,\"valueName\":\"search_term_string\"}}],\"inLanguage\":\"hr\"},{\"@type\":\"Organization\",\"@id\":\"https:\\\/\\\/sdf.hr\\\/#organization\",\"name\":\"SDF - Srpski demokratski forum\",\"url\":\"https:\\\/\\\/sdf.hr\\\/\",\"logo\":{\"@type\":\"ImageObject\",\"inLanguage\":\"hr\",\"@id\":\"https:\\\/\\\/sdf.hr\\\/#\\\/schema\\\/logo\\\/image\\\/\",\"url\":\"https:\\\/\\\/sdf.hr\\\/wp-content\\\/uploads\\\/2021\\\/07\\\/logo-hr.svg\",\"contentUrl\":\"https:\\\/\\\/sdf.hr\\\/wp-content\\\/uploads\\\/2021\\\/07\\\/logo-hr.svg\",\"width\":271,\"height\":100,\"caption\":\"SDF - Srpski demokratski forum\"},\"image\":{\"@id\":\"https:\\\/\\\/sdf.hr\\\/#\\\/schema\\\/logo\\\/image\\\/\"}}]}<\/script>\n<!-- \/ Yoast SEO plugin. -->","yoast_head_json":{"title":"Rastu\u017euje me nebriga za ovaj kraj - SDF - Srpski demokratski forum","robots":{"index":"index","follow":"follow","max-snippet":"max-snippet:-1","max-image-preview":"max-image-preview:large","max-video-preview":"max-video-preview:-1"},"canonical":"https:\/\/sdf.hr\/hr\/nada\/rastuzuje-me-nebriga-za-ovaj-kraj\/","og_locale":"hr_HR","og_type":"article","og_title":"Rastu\u017euje me nebriga za ovaj kraj - SDF - Srpski demokratski forum","og_description":"Dok sam \u017eivjela u gradu, nikad nisam ni pomislila da lije\u010dni\u010dka pomo\u0107 nije svima jednako dostupna. Narod ovog kraja zaslu\u017euje prilike za razvoj, obrazovanje i dostojanstven \u017eivot, poru\u010duje Silvana \u010ceko Juri\u0161i\u0107 koju je \u017eivot odveo u Krupu kraj Obrovca","og_url":"https:\/\/sdf.hr\/hr\/nada\/rastuzuje-me-nebriga-za-ovaj-kraj\/","og_site_name":"SDF - Srpski demokratski forum","twitter_card":"summary_large_image","twitter_misc":{"Procijenjeno vrijeme \u010ditanja":"6 minuta"},"schema":{"@context":"https:\/\/schema.org","@graph":[{"@type":"WebPage","@id":"https:\/\/sdf.hr\/hr\/nada\/rastuzuje-me-nebriga-za-ovaj-kraj\/","url":"https:\/\/sdf.hr\/hr\/nada\/rastuzuje-me-nebriga-za-ovaj-kraj\/","name":"Rastu\u017euje me nebriga za ovaj kraj - SDF - Srpski demokratski forum","isPartOf":{"@id":"https:\/\/sdf.hr\/#website"},"primaryImageOfPage":{"@id":"https:\/\/sdf.hr\/hr\/nada\/rastuzuje-me-nebriga-za-ovaj-kraj\/#primaryimage"},"image":{"@id":"https:\/\/sdf.hr\/hr\/nada\/rastuzuje-me-nebriga-za-ovaj-kraj\/#primaryimage"},"thumbnailUrl":"https:\/\/sdf.hr\/wp-content\/uploads\/2025\/04\/Silvana-Ceko-Jurisic.jpg","datePublished":"2025-04-04T13:11:48+00:00","breadcrumb":{"@id":"https:\/\/sdf.hr\/hr\/nada\/rastuzuje-me-nebriga-za-ovaj-kraj\/#breadcrumb"},"inLanguage":"hr","potentialAction":[{"@type":"ReadAction","target":["https:\/\/sdf.hr\/hr\/nada\/rastuzuje-me-nebriga-za-ovaj-kraj\/"]}]},{"@type":"ImageObject","inLanguage":"hr","@id":"https:\/\/sdf.hr\/hr\/nada\/rastuzuje-me-nebriga-za-ovaj-kraj\/#primaryimage","url":"https:\/\/sdf.hr\/wp-content\/uploads\/2025\/04\/Silvana-Ceko-Jurisic.jpg","contentUrl":"https:\/\/sdf.hr\/wp-content\/uploads\/2025\/04\/Silvana-Ceko-Jurisic.jpg","width":2048,"height":1356,"caption":"Silvana \u010ceko Juri\u0161i\u0107"},{"@type":"BreadcrumbList","@id":"https:\/\/sdf.hr\/hr\/nada\/rastuzuje-me-nebriga-za-ovaj-kraj\/#breadcrumb","itemListElement":[{"@type":"ListItem","position":1,"name":"Po\u010detna stranica","item":"https:\/\/sdf.hr\/hr\/"},{"@type":"ListItem","position":2,"name":"Nada","item":"https:\/\/sdf.hr\/nada\/"},{"@type":"ListItem","position":3,"name":"Rastu\u017euje me nebriga za ovaj kraj"}]},{"@type":"WebSite","@id":"https:\/\/sdf.hr\/#website","url":"https:\/\/sdf.hr\/","name":"SDF - Srpski demokratski forum","description":"Srpski demokratski forum","publisher":{"@id":"https:\/\/sdf.hr\/#organization"},"potentialAction":[{"@type":"SearchAction","target":{"@type":"EntryPoint","urlTemplate":"https:\/\/sdf.hr\/?s={search_term_string}"},"query-input":{"@type":"PropertyValueSpecification","valueRequired":true,"valueName":"search_term_string"}}],"inLanguage":"hr"},{"@type":"Organization","@id":"https:\/\/sdf.hr\/#organization","name":"SDF - Srpski demokratski forum","url":"https:\/\/sdf.hr\/","logo":{"@type":"ImageObject","inLanguage":"hr","@id":"https:\/\/sdf.hr\/#\/schema\/logo\/image\/","url":"https:\/\/sdf.hr\/wp-content\/uploads\/2021\/07\/logo-hr.svg","contentUrl":"https:\/\/sdf.hr\/wp-content\/uploads\/2021\/07\/logo-hr.svg","width":271,"height":100,"caption":"SDF - Srpski demokratski forum"},"image":{"@id":"https:\/\/sdf.hr\/#\/schema\/logo\/image\/"}}]}},"_links":{"self":[{"href":"https:\/\/sdf.hr\/hr\/wp-json\/wp\/v2\/nada\/6078","targetHints":{"allow":["GET"]}}],"collection":[{"href":"https:\/\/sdf.hr\/hr\/wp-json\/wp\/v2\/nada"}],"about":[{"href":"https:\/\/sdf.hr\/hr\/wp-json\/wp\/v2\/types\/nada"}],"wp:featuredmedia":[{"embeddable":true,"href":"https:\/\/sdf.hr\/hr\/wp-json\/wp\/v2\/media\/6077"}],"wp:attachment":[{"href":"https:\/\/sdf.hr\/hr\/wp-json\/wp\/v2\/media?parent=6078"}],"wp:term":[{"taxonomy":"post_tag","embeddable":true,"href":"https:\/\/sdf.hr\/hr\/wp-json\/wp\/v2\/tags?post=6078"},{"taxonomy":"atribut","embeddable":true,"href":"https:\/\/sdf.hr\/hr\/wp-json\/wp\/v2\/atribut?post=6078"}],"curies":[{"name":"wp","href":"https:\/\/api.w.org\/{rel}","templated":true}]}}