{"id":6094,"date":"2025-04-13T08:17:16","date_gmt":"2025-04-13T06:17:16","guid":{"rendered":"https:\/\/sdf.hr\/nada\/mata-granata-danas-varosi-nema\/"},"modified":"2025-04-27T10:33:01","modified_gmt":"2025-04-27T08:33:01","slug":"mata-granata-danas-varosi-nema","status":"publish","type":"nada","link":"https:\/\/sdf.hr\/hr\/nada\/mata-granata-danas-varosi-nema\/","title":{"rendered":"Mata Granata: Danas Varo\u0161i nema"},"content":{"rendered":"<p>Zadarski sin otisnuo se u bijeli svijet davnih dana i sad se vra\u0107a u novoj ulozi hip-hop MC-ja. Njegovi su stihovi dru\u0161tveno anga\u017eirani uz permanentne teme o klasnoj borbi i kvir komunizmu. Tako se lani zagreba\u010dkoj publici premijernim nastupom u Attacku predstavio <strong>Mate \u0106osi\u0107<\/strong>, poznatiji kao <strong>Mata Granata<\/strong>. Njegovim je nastupom ove godine zavr\u0161io i zagreba\u010dki No\u0107ni mar\u0161 za Osmi mart, a u blago nedjeljno jutro nakon mar\u0161a Matu smo uhvatile za ovaj intervju.<\/p>\n<p><strong>Sad kad smo uspjeli prona\u0107i kafi\u0107 koji radi u nedjelju ujutro, krenimo od va\u0161ih prvih \u017eivotnih kava, od Zadra i odrastanja. Koji vam momenti danas opstaju kao formativni iz tog perioda?<\/strong><\/p>\n<p>Najranije se sje\u0107am prelaska 1990-ih na 2000-te. Prije svega mog kvarta, Varo\u0161i koja je ba\u0161 u centru Zadra. Kvart je bio uglavnom radni\u010dki, imao socijalne probleme, siroma\u0161tvo, narkomaniju. Radi se o kvartu koji je bio na lo\u0161em glasu, kvartu u kojem se de\u0161avaju &#8220;sumnjive radnje&#8221; \u2013 alkoholizam, drogiranje i prostitucija. Pamtim socijalne probleme u Varo\u0161i tijekom odrastanja, ali i to da je u Varo\u0161 izlazila cijela subkulturna scena. Definitivno pamtim punk, preko punka sam upao u anarhisti\u010dku pri\u010du. Kasnije smo se trudili da se odvojimo od subkulture, da \u0161irimo politi\u010dku praksu. Uz to, u srednjoj \u0161koli za mene je formativan bio rad u \u010dasopisu Spektar.<\/p>\n<p><strong>Ostanimo jo\u0161 malo na Varo\u0161i i tom periodu djetinjstva. Ako usporedite Varo\u0161 djetinjstva s Varo\u0161i danas, \u0161to se dobije?<\/strong><\/p>\n<p>Danas Varo\u0161i nema, to je prvo. U mojoj ulici ostalo je jo\u0161 par obitelji, ostalo su apartmani, Airbnb i sli\u010dno. Puno Zadrana \u0107e danas re\u0107i da Zadar vi\u0161e nije grad, nego turisti\u010dko naselje. Kroz gentrifikaciju i apartmanizaciju se stalno ne\u0161to mijenja i renovira, a kroz to se mijenja i izgled ulica Varo\u0161i, tako da nema\u0161 vi\u0161e niti referencu za sje\u0107anje. Prije je tamo bilo \u017eivota, na ulicama si sretao ljude iz kvarta i sve druge iz grada koji su tamo izlazili, \u0161kola je bila puna djece i bilo je kvartovskih kafi\u0107a. Sad ima jo\u0161 par takvih, ali u njima od lokalaca uglavnom sjede penzioneri, ostalo je sve podre\u0111eno turizmu. Subkulturna scena je ranije uvijek koristila rivu, a onda je riva o\u010di\u0161\u0107ena od nje kako bi se i ta lokacija podredila turizmu, terasama restorana i fensi \u0161etnici. Javni prostor je tako komodificiran, a subkultura tj. lokalni ljudi ostali su bez jo\u0161 jednog \u017eivotnog prostora.<\/p>\n<p><strong>Koji su bili prvi bendovi \u010dijih se nastupa sje\u0107ate, kako se uop\u0107e gradila i kako je funkcionirala subkulturna scena u Zadru 1990-ih i 2000-tih?<\/strong><\/p>\n<p>Za mene je prije svega postojao punk, ali postojale su i druge subkulture, sve se to mije\u0161alo skupa u Varo\u0161i. Pankerima me privukao taj <em>do it yourself<\/em> moment. Bilo je skvotova na Boriku, kod Medicinske \u0161kole, a i mi u Varo\u0161i smo ne\u0161to skvotirali, jedan kontejner i malu prostoriju u Kazali\u0161tu lutaka. Nismo to niti zvali skvot, samo smo u\u0161li unutra i ostali tamo visiti par godina, mi pankeri zajedno s drugom ekipom iz kvarta. Nakon rata u Zadru se po\u010dela graditi i NGO scena, ali na njoj se stalno ovisilo o \u010dekanju para za projekte, a mene je vukao moment izgradnje s postoje\u0107im resursima, autonomije. I danas u Zadru postoji skvot Nigdjezemska, ta pri\u010da se vrti dalje.<\/p>\n<p>A bendovi kojih se sje\u0107am bili su Alergija, Rasulo, D Glad i Trn u oku. Grad nije davao nikakvu podr\u0161ku, svirke su uvijek bile organizirane kroz veliki entuzijazam. \u010cesto se sviralo u prostoru koji se danas zove Dom hrvatske mlade\u017ei i koji je zapravo oduzet hrvatskim gra\u0111anima, jer je ta zgrada u Jugoslaviji izgra\u0111ena kroz doprinose gra\u0111ana, a kroz rat je bila privatizirana i po\u010delo se napla\u0107ivati kori\u0161tenje prostora. Sviralo se i po ru\u0161evinama, bunkerima, u hotelu u kojem su bili prognanici, itd.<\/p>\n<p><strong>Gdje ste se vi prvo muzi\u010dki aktivirali?<\/strong><\/p>\n<p>U punk bendu koji se zvao Puls, koji je imao sre\u0107u da je imao podr\u0161ku od Alergije, a koji su nam dali da vje\u017ebamo u njihovom prostoru. Nakon toga sam bio aktivan u bendu koji se zvao Fight 4, ali bilo nas je zapravo samo troje jer nismo mogli na\u0107i basista. Tad smo ve\u0107 po\u010deli s politi\u010dki podmazanijom muzikom, pjevalo se o anarhiji, socijalnim problemima.<\/p>\n<p><strong>Kako je do tog pomaka do\u0161lo, \u0161to vas je gurnulo u politi\u010dke ralje muzike?<\/strong><\/p>\n<p>Slu\u0161anje bendova kao \u0161to je Oi Polloi, \u010ditanje <em>bookleta<\/em>, omota, tekstova njihovih albuma. I jako puno \u0161panjolskih punk bendova, kao \u0161to su Los Muertos de Cristo, s kojima mi se desio taj socijalni <em>switch<\/em>. Paralelno s time i odlasci u knji\u017enicu, \u010ditanje klasika \u2013 <strong>Bakunjina<\/strong>, <strong>Goldman<\/strong>. Va\u017eno je bilo i osnivanje izdava\u010dkih ku\u0107a ranih 2000-tih, poput DAF-a i \u0160to \u010dita\u0161 iz Zagreba ili CLS-a iz Beograda, njihova izdanja smo dosta \u010ditali. To je bilo i doba ranog interneta, po\u010detka povezivanja preko anarho foruma i <em>mailing <\/em>lista s ljudima iz Slovenije, Srbije i ostatka regije. Zatim osnivanje organizacija i prvi sastanci. Tako su krenule prve politi\u010dke akcije, tako se rodio i Balkanski anarhisti\u010dki sajam knjiga, prvi put organiziran 2003. u Ljubljani.<\/p>\n<figure id=\"attachment_6090\" aria-describedby=\"caption-attachment-6090\" style=\"width: 1707px\" class=\"wp-caption alignnone\"><img loading=\"lazy\" decoding=\"async\" class=\"wp-image-6090 size-full\" src=\"https:\/\/sdf.hr\/wp-content\/uploads\/2025\/04\/Cosic1_Davor-Konjikusic-scaled.jpg\" alt=\"\" width=\"1707\" height=\"2560\" srcset=\"https:\/\/sdf.hr\/wp-content\/uploads\/2025\/04\/Cosic1_Davor-Konjikusic-scaled.jpg 1707w, https:\/\/sdf.hr\/wp-content\/uploads\/2025\/04\/Cosic1_Davor-Konjikusic-200x300.jpg 200w, https:\/\/sdf.hr\/wp-content\/uploads\/2025\/04\/Cosic1_Davor-Konjikusic-683x1024.jpg 683w, https:\/\/sdf.hr\/wp-content\/uploads\/2025\/04\/Cosic1_Davor-Konjikusic-768x1152.jpg 768w, https:\/\/sdf.hr\/wp-content\/uploads\/2025\/04\/Cosic1_Davor-Konjikusic-1024x1536.jpg 1024w, https:\/\/sdf.hr\/wp-content\/uploads\/2025\/04\/Cosic1_Davor-Konjikusic-1366x2048.jpg 1366w\" sizes=\"auto, (max-width: 1707px) 100vw, 1707px\" \/><figcaption id=\"caption-attachment-6090\" class=\"wp-caption-text\">Mate \u0106osi\u0107 (Foto: Davor Konjiku\u0161i\u0107)<\/figcaption><\/figure>\n<p><strong>Ranije ste spomenuli i Spektar, \u010dasopis Prirodoslovno-grafi\u010dke \u0161kole iz Zadra. Recite nam vi\u0161e o Spektru i va\u0161em pisanju u njemu tijekom srednje \u0161kole? Ba\u0161 te 2003. Spektar je bio i zabranjen?<\/strong><\/p>\n<p>Ulazak u tu pri\u010du se nekako poklopio s nastankom alterglobalisti\u010dkog pokreta. Sva\u0161ta se ne\u0161to \u017eivo doga\u0111alo oko nas, mi smo se kao srednjo\u0161kolci politizirali i imali smo super profesora <strong>Edu Kon\u010durata<\/strong> koji je organizirao redakciju. On je 1995. pokrenuo \u010dasopis i bio je glavni urednik. Bio je profesor kemije, nije imao veze s knji\u017eevno\u0161\u0107u, niti s novinarstvom, ali je vidio smisao u razvijanju srednjo\u0161kolskog lista. Kroz rad s njim sam prvi puta u praksi vidio kako funkcioniraju demokratske strukture. On nam tematski nikad ni\u0161ta nije nametao, pisali smo \u0161to smo htjeli. Logisti\u010dki nam je bio ogromna podr\u0161ka, trudio se da nas okupi, da pokrene razgovor, da zapi\u0161e \u0161to \u0107e tko raditi i onda nas jo\u0161 mjesecima nagovarao i podsje\u0107ao na rokove za pisanje, i brinuo se za tisak \u010dasopisa. A kad su nas 2003. zabranili, desni\u010dari su ga poku\u0161ali prikazati kao da je neki komunist koji nas je zarobio u redakciji.<\/p>\n<p><strong>Sporni broj \u010dasopisa bio je posve\u0107en nacionalizmu?<\/strong><\/p>\n<p>Da, zbog tog broja su nas napali najvi\u0161e, iako se hu\u0161kalo na nas i prije toga, kad smo objavljivali brojeve o anarhizmu i homoseksualnosti. Bilo je to vrijeme <em>revivala <\/em>nacionalizma kroz pop kulturu, a najvi\u0161e kroz <strong>Thompsonove <\/strong>koncerte i zato nam se to i nametnulo kao tema. Najve\u0107i su problem bili tekstovi koji su se kriti\u010dki odnosili prema idealiziranju nacionalnih simbola i koji su govorili o odnosu crkve i nacionalizma. Broj je bio iza\u0161ao iz tiska, i mi smo krenuli s distribucijom, ali brzo je urgirano prema \u0161koli da se distribucija obustavi, sve je do\u0161lo do gradskih vlasti i uzeli su nam sve preostale brojeve. Spasili smo malo komada, a kasnije su se zaredali razni desni\u010darski napadi, o nama je pisao Hrvatski tjednik, upregnula se cijela ta artiljerija.<\/p>\n<p>Va\u017eno se sjetiti da smo mi u tom trenu bili maloljetni, no to nije sprije\u010dilo desni\u010darske medije da pokrenu hajku na nas ili da se nekima od nas prijeti. Spektar je kasnije nastavio izlaziti, generacije su se mijenjale, dru\u0161tveni kontekst se mijenjao, i orijentirao se vi\u0161e u smjeru \u0161kolskog lista, usko gledano. Glavni prigovor nama je i bio taj da izlazimo iz domene jednog \u0161kolskog lista, da se bavimo temama koje nisu za srednjo\u0161kolske novine.<\/p>\n<p><strong>Nakon studija u Zadru oti\u0161li ste i na studij u Ljubljanu. Kakvo je bilo to iskustvo, \u0161to vam je dala Ljubljana?<\/strong><\/p>\n<p>Ljubljana je u puno pogleda bila pionirska, tamo se recimo ve\u0107 1984. odr\u017eao LGBT film festival, prvi u cijeloj isto\u010dnoj Europi. Bilo mi je novo i to da se mo\u017ee analizirati Jugoslaviju, socijalisti\u010dko samoupravljanje ili marksizam bez demoniziranja. Ljubljana je mali gradi\u0107, ali i na raskri\u017eju puteva, tranzitna, i to se vidi u \u017eivotu grada. Razvila se jaka autonomna scena, jako su va\u017ena i odr\u017eavaju se mjesta kao \u0161to je Metelkova, u Ljubljani se kroz drugarske mre\u017ee mo\u017ee ugostiti vi\u0161e stotina ljudi na anarho sajmovima i konferencijama, a to je zna\u010dajna infrastruktura, i bit \u0107e sve zna\u010dajnija kako bude rastao fa\u0161izam. Kako bude rastao broj desni\u010dara na \u010delu dr\u017eava, \u010dini mi se da \u0107e rasti i va\u017enost autonomnih prostora kao mo\u017eda zadnjih mjesta odakle mo\u017eemo planirati kontra djelovanje.<\/p>\n<p><strong>Nakon Ljubljane ste se preselili u Be\u010d, grad na\u0161iroko poznat i kao glavni grad Jugoslavije. U Be\u010du \u017eivite ve\u0107 12 godina \u2013 kako je izgledao va\u0161 proces adaptacije (u) tom gradu?<\/strong><\/p>\n<p>Trebalo mi je jedno pet godina da se prilagodim Be\u010du. Po\u010dev\u0161i od posla, tri godine sam \u010distio i u\u010dio njema\u010dki. Bio je to te\u017eak proces, ali sad smo Be\u010d i ja super. Ali moram re\u0107i i da sam ja imao privilegiju. U Be\u010d sam oti\u0161ao radi ljubavi, jer mi je partner iz Austrije, tako da sam odmah bio u povoljnijem okru\u017eenju od mnogih drugih migranata. Iako nije bilo lako, imao sam bolji pristup u informacijama od mnogih svojih kolega, recimo od brojnih bau\u0161telaca koji su u Be\u010d migrirali iz Vojvodine. Svjedo\u010dio sam tome kako su te ljude oderali, kako ih firme nisu pla\u0107ale ili su ih pla\u0107ale na ruke, kako su bili zakinuti za prava koja su trebali imati, itd. Puno sam i kasnije o tim druga\u010dijim realnostima u gradu u\u010dio kroz ljude koje susre\u0107em na poslu. Danas najvi\u0161e u\u010dim kroz rad u udruzi u kojoj radim.<\/p>\n<p><strong>Recite nam vi\u0161e o tom radu, o kakvoj se udruzi radi?<\/strong><\/p>\n<p>Radi se o domu za samohrane majke, \u017ertve obiteljskog nasilja. Dom funkcionira kao stepenica izme\u0111u sigurne ku\u0107e i vlastitog stana. Bez na\u0161eg doma ove bi samohrane majke bile besku\u0107nice jer \u010desto nakon izlaska iz sigurne ku\u0107e tj. iskustva obiteljskog nasilja \u017eene nemaju financijskih sredstava za pla\u0107anje najamnine. U domu \u017eene mogu ostati do dvije godine, s njima radimo na perspektivi, razra\u0111ujemo planove kako osigurati financijsku stabilnost, novu vizu, novi bra\u010dni status, te na kraju kako prona\u0107i vlastiti stan za sebe i djecu. U domu uglavnom \u017eive migrantkinje, jer zbog svojih prekarnih viza, ali i rasizma najmodavaca, te\u0161ko nalaze stanove u Be\u010du. Kroz posao sam upoznao migrantkinje iz cijelog svijeta, recimo iz raznih azijskih i afri\u010dkih zemalja, i stalno kroz to iskustvo dobivam nove spoznaje o patrijarhatu, kolonijalizmu i kapitalizmu, o sli\u010dnostima i razlikama me\u0111u pojedinim zemljama.<\/p>\n<figure id=\"attachment_6092\" aria-describedby=\"caption-attachment-6092\" style=\"width: 1980px\" class=\"wp-caption alignnone\"><img loading=\"lazy\" decoding=\"async\" class=\"wp-image-6092 size-full\" src=\"https:\/\/sdf.hr\/wp-content\/uploads\/2025\/04\/Cosic3_Davor-Konjikusic.jpg\" alt=\"\" width=\"1980\" height=\"1320\" srcset=\"https:\/\/sdf.hr\/wp-content\/uploads\/2025\/04\/Cosic3_Davor-Konjikusic.jpg 1980w, https:\/\/sdf.hr\/wp-content\/uploads\/2025\/04\/Cosic3_Davor-Konjikusic-300x200.jpg 300w, https:\/\/sdf.hr\/wp-content\/uploads\/2025\/04\/Cosic3_Davor-Konjikusic-1024x683.jpg 1024w, https:\/\/sdf.hr\/wp-content\/uploads\/2025\/04\/Cosic3_Davor-Konjikusic-768x512.jpg 768w, https:\/\/sdf.hr\/wp-content\/uploads\/2025\/04\/Cosic3_Davor-Konjikusic-1536x1024.jpg 1536w\" sizes=\"auto, (max-width: 1980px) 100vw, 1980px\" \/><figcaption id=\"caption-attachment-6092\" class=\"wp-caption-text\">Mate \u0106osi\u0107 (Foto: Davor Konjiku\u0161i\u0107)<\/figcaption><\/figure>\n<p><strong>Kako je krenula pri\u010da oko Mate Granate? Prije tri godine smo u Nadi intervjuirale jo\u0161 jednog jugo-be\u010dkog repera, Petra Rosandi\u0107a poznatijeg kao Kid Pex. Ako se ne varamo, on vam je predlo\u017eio da se nazovete Mata Granata?<\/strong><\/p>\n<p>Prvo se desilo to da sam se 2017. aktivirao u zboru 29. novembar. To je veliki zbor i ima zanimljivu povijest. Nastao je 2009. performansom od deset ljudi iz Jugoslavije, a obilje\u017eavao se 40. ro\u0111endan prvog gastarbajterskog kluba Mladi radnik iz Be\u010da. Iz performansa je nastao zbor koji \u017eivi do danas. U po\u010detku su na repertoaru bile partizanske i gastarbajterske pjesme, a sad se repertoar pro\u0161irio na vi\u0161e borbi i skoro petnaest jezika. Sve oko repertoara je lingvisti\u010dki i politi\u010dki dobro istra\u017eeno, a va\u017ean je i taj moment dana\u0161njeg politi\u010dkog postavljanja \u2013 pjevamo npr. o femicidu, borbi iranskih \u017eena, antimilitarizmu, a na na\u0161im nastupima mogu se vidjeti i kurdski \u0161alovi i palestinke.<\/p>\n<p><strong>Peru<\/strong> (<strong>Kida Pexa<\/strong>) poznajem dugo, preko zajedni\u010dkih projekata sa zborom, a u to neko vrijeme se i pokrenula pri\u010da s Matom Granatom. Poklopilo se da su u to vrijeme i dvije prijateljice, turska hip-hoperica <strong>Esra<\/strong> i dirigentica zbora <strong>Jana Dole\u010dki<\/strong>, radile hip-hop <em>workshopove<\/em>. Uklju\u010dio sam se u to, s njima smo svaki tjedan imali doma\u0107u zada\u0107u \u2013 baciti neki <em>flow<\/em> na zadani <em>beat<\/em>. Tako sam pomalo vje\u017ebao i u\u010dio kroz njihove savjete. Kad sam snimao prve stvari, Pero je bio me\u0111u prvima kome sam ih slao i pitao ga za mi\u0161ljenje. Jedne ve\u010deri sam razmi\u0161ljao o imenu, i on je samo ispalio &#8211; Mata Granata! Kasnije sam do\u0161ao doma, shvatio da mi se ba\u0161 svidjelo, da je vjerojatno to to. Ta granata, nekako mi je bilo \u2013 s jedne zvoni na te devedesete, a s druge strane na neko partizansko ime, \u0161to mi je isto jako bitno.<\/p>\n<p><strong>\u0160to vam je zanimljivo kod hip-hopa, \u0161to vas pogoni u stvaranju muzike?<\/strong><\/p>\n<p>Prije svega moram re\u0107i da slu\u0161am ba\u0161 puno \u017eanrova hip-hopa, \u010dak i onaj &#8220;najgori&#8221;, <em>gangsta<\/em>. Ba\u0161 i volim \u0161to ima tako puno \u017eanrova. Ipak mislim da u hip-hopu treba biti prije svega autenti\u010dan. Ja nisam <em>gangsta<\/em> pa zato niti nema smisla glumiti <em>gangstu<\/em>. U stvarala\u010dkom smislu me vi\u0161e privla\u010di taj socijalni tj. politi\u010dki hip-hop i mislim da tu mogu biti autenti\u010dan. Politika je dio moje svakodnevnice koju se trudim analizirati kroz svoju poziciju tj. kvir proleterske nao\u010dale. To se onda prelijeva u muziku. Kao i s punkom, dosta sam se naslu\u0161ao hip-hopa na \u0161panjolskom, pogotovo iz Latinske Amerike. Njima eksplicitno politi\u010dki hip-hop uop\u0107e nije ne\u0161to strano, to je muzika povezana s borbama seljaka, domorodaca, radnika, \u017eena, itd.<\/p>\n<p>Volim i suradnje koje se de\u0161avaju kroz muziku, u zboru sam upoznao i drugaricu <strong>An\u0111u Mitraljezu<\/strong> koju sam zvao da skupa snimimo ne\u0161to, da mi bude <em>back <\/em>vokal na nekim pjesmama jer ba\u0161 super pjeva i ina\u010de ima svoje solo projekte kao pjeva\u010dica. Tako da me sva\u0161ta zapravo veseli u tom procesu.<\/p>\n<p><strong>Uglavnom nastupate na jasno politi\u010dki postavljenim doga\u0111anjima. Najrecentnije ste u Zagrebu nastupali na No\u0107nom mar\u0161u za Osmi mart. Za\u0161to se odazivate na takve pozive, \u010dime se vodite u odlukama o nastupima?<\/strong><\/p>\n<p>I moj je prvi nastup ikad bio na jednom alternativnom doga\u0111aju u Ljubljani. Tada su me zvali iz benda Strategia Tenzie. Oni mi od po\u010detka daju podr\u0161ku kao i neke <em>beatove<\/em>. Meni to do\u0111e skroz prirodno, nastupati na nekom protestu. To je okru\u017eenje u kojem biram biti, kakvom \u017eelim pridonijeti. Feminizam je preko 20 godina dio moje politi\u010dke pri\u010de, dugo se kre\u0107em po lijevo-feministi\u010dkim krugovima, ti su krugovi bili i ostali va\u017eni za moje politi\u010dko obrazovanje. Kod fAKTIV-a koji organizira No\u0107ni mar\u0161 mi se svi\u0111a taj antikapitalisti\u010dki, radni\u010dki, intersekcionalni moment.<\/p>\n<p>Bilo mi je va\u017eno zbog toga do\u0107i u Zagreb, ali i zbog onoga \u0161to sam spomenuo na samom mar\u0161u. Nedavno sam sudjelovao na People&#8217;s Platform Europe, skupu od preko 800 delegata iz 160 organizacija iz cijele Europe, na kojem se puno pri\u010dalo o fa\u0161izmu danas. Tamo su bili izvje\u0161taji iz skoro svih zemalja Europe i vrlo se jasno vidi da su \u017eenska prava i LGBTIQ prava prva meta u tim zemljama, \u0161to jasno pokazuje da antifa\u0161izam i feministi\u010dka borba nisu odvojene borbe. Na\u017ealost, situacija \u0107e izgledno i\u0107i prema gorem, i zato se trebamo povezivati ja\u010de i vi\u0161e.<\/p>\n<p><strong>Na kraju razgovora ljude uvijek pitamo \u0161to im daje nadu. Odakle vi vu\u010dete nadu kad kapitalizam i fa\u0161izam prignje\u010de horizont?<\/strong><\/p>\n<p>Uvijek sam bio tip osobe koja je vidjela svjetlo na kraju tunela. Nekako uvijek mislim \u2013 sutra je barem novi dan. Dr\u017eim se naravno i svog skepticizma razuma, ali on postoji paralelno uz nadu. A i kad svijet tone, kako pjeva njema\u010dki bend K.I.Z., mo\u017eda ni nema\u0161 izbor nego se boriti i poku\u0161ati ne\u0161to napraviti protiv toga. Zato mi nadu stalno daju dobri ljudi koji se bore, i to malim i upornim djelima. To \u0161to Kid Pex uporno podr\u017eava izbjeglice na balkanskoj ruti, to kad vidi\u0161 800 ljudi iz cijele Europe koji razmi\u0161ljaju sli\u010dno i organiziraju se antifa\u0161isti\u010dki, to kad studenti u Srbiji ne odustaju od svoje borbe i kad solidarnost s njima postoji u cijeloj regiji.<\/p>\n<p><em>razgovor vodila Ivana Peri\u0107<\/em><\/p>\n","protected":false},"excerpt":{"rendered":"<p>Puno Zadrana \u0107e re\u0107i da Zadar vi\u0161e nije grad, nego turisti\u010dko naselje. Kroz gentrifikaciju i apartmanizaciju se stalno ne\u0161to mijenja i renovira, a kroz to se mijenja i izgled ulica Varo\u0161i, tako da nema\u0161 vi\u0161e niti referencu za sje\u0107anje<\/p>\n","protected":false},"featured_media":6089,"template":"","tags":[173],"atribut":[],"class_list":["post-6094","nada","type-nada","status-publish","has-post-thumbnail","hentry","tag-intervju-2-hr"],"acf":[],"yoast_head":"<!-- This site is optimized with the Yoast SEO plugin v27.4 - https:\/\/yoast.com\/product\/yoast-seo-wordpress\/ -->\n<title>Mata Granata: Danas Varo\u0161i nema - SDF - Srpski demokratski forum<\/title>\n<meta name=\"robots\" content=\"index, follow, max-snippet:-1, max-image-preview:large, max-video-preview:-1\" \/>\n<link rel=\"canonical\" href=\"https:\/\/sdf.hr\/hr\/nada\/mata-granata-danas-varosi-nema\/\" \/>\n<meta property=\"og:locale\" content=\"hr_HR\" \/>\n<meta property=\"og:type\" content=\"article\" \/>\n<meta property=\"og:title\" content=\"Mata Granata: Danas Varo\u0161i nema - SDF - Srpski demokratski forum\" \/>\n<meta property=\"og:description\" content=\"Puno Zadrana \u0107e re\u0107i da Zadar vi\u0161e nije grad, nego turisti\u010dko naselje. Kroz gentrifikaciju i apartmanizaciju se stalno ne\u0161to mijenja i renovira, a kroz to se mijenja i izgled ulica Varo\u0161i, tako da nema\u0161 vi\u0161e niti referencu za sje\u0107anje\" \/>\n<meta property=\"og:url\" content=\"https:\/\/sdf.hr\/hr\/nada\/mata-granata-danas-varosi-nema\/\" \/>\n<meta property=\"og:site_name\" content=\"SDF - Srpski demokratski forum\" \/>\n<meta property=\"article:modified_time\" content=\"2025-04-27T08:33:01+00:00\" \/>\n<meta property=\"og:image\" content=\"https:\/\/sdf.hr\/wp-content\/uploads\/2025\/04\/Cosic2_Davor-Konjikusic-scaled.jpg\" \/>\n\t<meta property=\"og:image:width\" content=\"2560\" \/>\n\t<meta property=\"og:image:height\" content=\"1707\" \/>\n\t<meta property=\"og:image:type\" content=\"image\/jpeg\" \/>\n<meta name=\"twitter:card\" content=\"summary_large_image\" \/>\n<meta name=\"twitter:label1\" content=\"Procijenjeno vrijeme \u010ditanja\" \/>\n\t<meta name=\"twitter:data1\" content=\"14 minuta\" \/>\n<script type=\"application\/ld+json\" class=\"yoast-schema-graph\">{\"@context\":\"https:\\\/\\\/schema.org\",\"@graph\":[{\"@type\":\"WebPage\",\"@id\":\"https:\\\/\\\/sdf.hr\\\/hr\\\/nada\\\/mata-granata-danas-varosi-nema\\\/\",\"url\":\"https:\\\/\\\/sdf.hr\\\/hr\\\/nada\\\/mata-granata-danas-varosi-nema\\\/\",\"name\":\"Mata Granata: Danas Varo\u0161i nema - SDF - Srpski demokratski forum\",\"isPartOf\":{\"@id\":\"https:\\\/\\\/sdf.hr\\\/#website\"},\"primaryImageOfPage\":{\"@id\":\"https:\\\/\\\/sdf.hr\\\/hr\\\/nada\\\/mata-granata-danas-varosi-nema\\\/#primaryimage\"},\"image\":{\"@id\":\"https:\\\/\\\/sdf.hr\\\/hr\\\/nada\\\/mata-granata-danas-varosi-nema\\\/#primaryimage\"},\"thumbnailUrl\":\"https:\\\/\\\/sdf.hr\\\/wp-content\\\/uploads\\\/2025\\\/04\\\/Cosic2_Davor-Konjikusic-scaled.jpg\",\"datePublished\":\"2025-04-13T06:17:16+00:00\",\"dateModified\":\"2025-04-27T08:33:01+00:00\",\"breadcrumb\":{\"@id\":\"https:\\\/\\\/sdf.hr\\\/hr\\\/nada\\\/mata-granata-danas-varosi-nema\\\/#breadcrumb\"},\"inLanguage\":\"hr\",\"potentialAction\":[{\"@type\":\"ReadAction\",\"target\":[\"https:\\\/\\\/sdf.hr\\\/hr\\\/nada\\\/mata-granata-danas-varosi-nema\\\/\"]}]},{\"@type\":\"ImageObject\",\"inLanguage\":\"hr\",\"@id\":\"https:\\\/\\\/sdf.hr\\\/hr\\\/nada\\\/mata-granata-danas-varosi-nema\\\/#primaryimage\",\"url\":\"https:\\\/\\\/sdf.hr\\\/wp-content\\\/uploads\\\/2025\\\/04\\\/Cosic2_Davor-Konjikusic-scaled.jpg\",\"contentUrl\":\"https:\\\/\\\/sdf.hr\\\/wp-content\\\/uploads\\\/2025\\\/04\\\/Cosic2_Davor-Konjikusic-scaled.jpg\",\"width\":2560,\"height\":1707,\"caption\":\"Mate \u0106osi\u0107 (Foto: Davor Konjiku\u0161i\u0107)\"},{\"@type\":\"BreadcrumbList\",\"@id\":\"https:\\\/\\\/sdf.hr\\\/hr\\\/nada\\\/mata-granata-danas-varosi-nema\\\/#breadcrumb\",\"itemListElement\":[{\"@type\":\"ListItem\",\"position\":1,\"name\":\"Po\u010detna stranica\",\"item\":\"https:\\\/\\\/sdf.hr\\\/hr\\\/\"},{\"@type\":\"ListItem\",\"position\":2,\"name\":\"Nada\",\"item\":\"https:\\\/\\\/sdf.hr\\\/nada\\\/\"},{\"@type\":\"ListItem\",\"position\":3,\"name\":\"Mata Granata: Danas Varo\u0161i nema\"}]},{\"@type\":\"WebSite\",\"@id\":\"https:\\\/\\\/sdf.hr\\\/#website\",\"url\":\"https:\\\/\\\/sdf.hr\\\/\",\"name\":\"SDF - Srpski demokratski forum\",\"description\":\"Srpski demokratski forum\",\"publisher\":{\"@id\":\"https:\\\/\\\/sdf.hr\\\/#organization\"},\"potentialAction\":[{\"@type\":\"SearchAction\",\"target\":{\"@type\":\"EntryPoint\",\"urlTemplate\":\"https:\\\/\\\/sdf.hr\\\/?s={search_term_string}\"},\"query-input\":{\"@type\":\"PropertyValueSpecification\",\"valueRequired\":true,\"valueName\":\"search_term_string\"}}],\"inLanguage\":\"hr\"},{\"@type\":\"Organization\",\"@id\":\"https:\\\/\\\/sdf.hr\\\/#organization\",\"name\":\"SDF - Srpski demokratski forum\",\"url\":\"https:\\\/\\\/sdf.hr\\\/\",\"logo\":{\"@type\":\"ImageObject\",\"inLanguage\":\"hr\",\"@id\":\"https:\\\/\\\/sdf.hr\\\/#\\\/schema\\\/logo\\\/image\\\/\",\"url\":\"https:\\\/\\\/sdf.hr\\\/wp-content\\\/uploads\\\/2021\\\/07\\\/logo-hr.svg\",\"contentUrl\":\"https:\\\/\\\/sdf.hr\\\/wp-content\\\/uploads\\\/2021\\\/07\\\/logo-hr.svg\",\"width\":271,\"height\":100,\"caption\":\"SDF - Srpski demokratski forum\"},\"image\":{\"@id\":\"https:\\\/\\\/sdf.hr\\\/#\\\/schema\\\/logo\\\/image\\\/\"}}]}<\/script>\n<!-- \/ Yoast SEO plugin. -->","yoast_head_json":{"title":"Mata Granata: Danas Varo\u0161i nema - SDF - Srpski demokratski forum","robots":{"index":"index","follow":"follow","max-snippet":"max-snippet:-1","max-image-preview":"max-image-preview:large","max-video-preview":"max-video-preview:-1"},"canonical":"https:\/\/sdf.hr\/hr\/nada\/mata-granata-danas-varosi-nema\/","og_locale":"hr_HR","og_type":"article","og_title":"Mata Granata: Danas Varo\u0161i nema - SDF - Srpski demokratski forum","og_description":"Puno Zadrana \u0107e re\u0107i da Zadar vi\u0161e nije grad, nego turisti\u010dko naselje. Kroz gentrifikaciju i apartmanizaciju se stalno ne\u0161to mijenja i renovira, a kroz to se mijenja i izgled ulica Varo\u0161i, tako da nema\u0161 vi\u0161e niti referencu za sje\u0107anje","og_url":"https:\/\/sdf.hr\/hr\/nada\/mata-granata-danas-varosi-nema\/","og_site_name":"SDF - Srpski demokratski forum","article_modified_time":"2025-04-27T08:33:01+00:00","og_image":[{"width":2560,"height":1707,"url":"https:\/\/sdf.hr\/wp-content\/uploads\/2025\/04\/Cosic2_Davor-Konjikusic-scaled.jpg","type":"image\/jpeg"}],"twitter_card":"summary_large_image","twitter_misc":{"Procijenjeno vrijeme \u010ditanja":"14 minuta"},"schema":{"@context":"https:\/\/schema.org","@graph":[{"@type":"WebPage","@id":"https:\/\/sdf.hr\/hr\/nada\/mata-granata-danas-varosi-nema\/","url":"https:\/\/sdf.hr\/hr\/nada\/mata-granata-danas-varosi-nema\/","name":"Mata Granata: Danas Varo\u0161i nema - SDF - Srpski demokratski forum","isPartOf":{"@id":"https:\/\/sdf.hr\/#website"},"primaryImageOfPage":{"@id":"https:\/\/sdf.hr\/hr\/nada\/mata-granata-danas-varosi-nema\/#primaryimage"},"image":{"@id":"https:\/\/sdf.hr\/hr\/nada\/mata-granata-danas-varosi-nema\/#primaryimage"},"thumbnailUrl":"https:\/\/sdf.hr\/wp-content\/uploads\/2025\/04\/Cosic2_Davor-Konjikusic-scaled.jpg","datePublished":"2025-04-13T06:17:16+00:00","dateModified":"2025-04-27T08:33:01+00:00","breadcrumb":{"@id":"https:\/\/sdf.hr\/hr\/nada\/mata-granata-danas-varosi-nema\/#breadcrumb"},"inLanguage":"hr","potentialAction":[{"@type":"ReadAction","target":["https:\/\/sdf.hr\/hr\/nada\/mata-granata-danas-varosi-nema\/"]}]},{"@type":"ImageObject","inLanguage":"hr","@id":"https:\/\/sdf.hr\/hr\/nada\/mata-granata-danas-varosi-nema\/#primaryimage","url":"https:\/\/sdf.hr\/wp-content\/uploads\/2025\/04\/Cosic2_Davor-Konjikusic-scaled.jpg","contentUrl":"https:\/\/sdf.hr\/wp-content\/uploads\/2025\/04\/Cosic2_Davor-Konjikusic-scaled.jpg","width":2560,"height":1707,"caption":"Mate \u0106osi\u0107 (Foto: Davor Konjiku\u0161i\u0107)"},{"@type":"BreadcrumbList","@id":"https:\/\/sdf.hr\/hr\/nada\/mata-granata-danas-varosi-nema\/#breadcrumb","itemListElement":[{"@type":"ListItem","position":1,"name":"Po\u010detna stranica","item":"https:\/\/sdf.hr\/hr\/"},{"@type":"ListItem","position":2,"name":"Nada","item":"https:\/\/sdf.hr\/nada\/"},{"@type":"ListItem","position":3,"name":"Mata Granata: Danas Varo\u0161i nema"}]},{"@type":"WebSite","@id":"https:\/\/sdf.hr\/#website","url":"https:\/\/sdf.hr\/","name":"SDF - Srpski demokratski forum","description":"Srpski demokratski forum","publisher":{"@id":"https:\/\/sdf.hr\/#organization"},"potentialAction":[{"@type":"SearchAction","target":{"@type":"EntryPoint","urlTemplate":"https:\/\/sdf.hr\/?s={search_term_string}"},"query-input":{"@type":"PropertyValueSpecification","valueRequired":true,"valueName":"search_term_string"}}],"inLanguage":"hr"},{"@type":"Organization","@id":"https:\/\/sdf.hr\/#organization","name":"SDF - Srpski demokratski forum","url":"https:\/\/sdf.hr\/","logo":{"@type":"ImageObject","inLanguage":"hr","@id":"https:\/\/sdf.hr\/#\/schema\/logo\/image\/","url":"https:\/\/sdf.hr\/wp-content\/uploads\/2021\/07\/logo-hr.svg","contentUrl":"https:\/\/sdf.hr\/wp-content\/uploads\/2021\/07\/logo-hr.svg","width":271,"height":100,"caption":"SDF - Srpski demokratski forum"},"image":{"@id":"https:\/\/sdf.hr\/#\/schema\/logo\/image\/"}}]}},"_links":{"self":[{"href":"https:\/\/sdf.hr\/hr\/wp-json\/wp\/v2\/nada\/6094","targetHints":{"allow":["GET"]}}],"collection":[{"href":"https:\/\/sdf.hr\/hr\/wp-json\/wp\/v2\/nada"}],"about":[{"href":"https:\/\/sdf.hr\/hr\/wp-json\/wp\/v2\/types\/nada"}],"wp:featuredmedia":[{"embeddable":true,"href":"https:\/\/sdf.hr\/hr\/wp-json\/wp\/v2\/media\/6089"}],"wp:attachment":[{"href":"https:\/\/sdf.hr\/hr\/wp-json\/wp\/v2\/media?parent=6094"}],"wp:term":[{"taxonomy":"post_tag","embeddable":true,"href":"https:\/\/sdf.hr\/hr\/wp-json\/wp\/v2\/tags?post=6094"},{"taxonomy":"atribut","embeddable":true,"href":"https:\/\/sdf.hr\/hr\/wp-json\/wp\/v2\/atribut?post=6094"}],"curies":[{"name":"wp","href":"https:\/\/api.w.org\/{rel}","templated":true}]}}