{"id":6106,"date":"2025-04-15T11:42:32","date_gmt":"2025-04-15T09:42:32","guid":{"rendered":"https:\/\/sdf.hr\/nada\/besplatni-ducan-svugdje\/"},"modified":"2025-04-15T11:44:38","modified_gmt":"2025-04-15T09:44:38","slug":"besplatni-ducan-svugdje","status":"publish","type":"nada","link":"https:\/\/sdf.hr\/hr\/nada\/besplatni-ducan-svugdje\/","title":{"rendered":"Besplatni du\u0107an svugdje!"},"content":{"rendered":"<p>Na Ad\u017eijinoj ulici pokraj kri\u017eanja sa \u017dajinom stoji nekoliko napu\u0161tenih prostora, uklju\u010duju\u0107i i zgradu biv\u0161eg Samobor\u010dekovog kolodvora. Na njezinom vanjskom zidu obje\u0161en je \u017euti transparent s natpisom &#8220;D\u017eabac: besplatna hrana, odje\u0107a, sva\u0161tarije&#8221;, a na tratini pokraj njega stoji mala paleta s nekoliko proizvoda i porukom da se oni mogu besplatno uzeti. Taj nas prizor dovodi u &#8220;besplatan du\u0107an&#8221; koji je sredinom velja\u010de pokrenuo neformalni kolektiv volontera i volonterki. Nude razne stvari, od povr\u0107a do informati\u010dke opreme, a otvoreni su svakog petka od 12 do 18 sati. Iako su radno vrijeme uskladili s bojkotom trgovina koji na kraju nije za\u017eivio, d\u017eabi\u0107i neumorno i samoorganizirano nastavljaju s radom. Stoga sam jednog petka oti\u0161la provjeriti kako izgleda njihova samoorganizacija i koliki potencijal takve akcije uop\u0107e nose u dr\u017eavi bezna\u0111a.<\/p>\n<p>Skretanjem od \u017eutog transparenta u zaraslo dvori\u0161te dolazim do skupine ljudi okupljenih oko stola ispred ulaza u (pro)davaonicu. Volonteri i posjetitelji ispred D\u017eapca sjede na improviziranim klupama i stolicama te objeduju; svatko je donio svoju posudu s hranom, ali je dijele me\u0111usobno pa ri\u017ea s gljivama, salata od povr\u0107a, tjestenine i tofua te curry od slanutka kru\u017ee oko stola. Do\u010dekuju me vedro i nasmijano, a kada saznaju da sam tamo na novinarskom zadatku, nude mi anoniman razgovor s troje od okupljenih sedmero ljudi. Odluku da se ne imenuju obja\u0161njava mi jedan od njih:<\/p>\n<p>&#8211; Ovo je sve neformalno, ne \u017eelimo da organizatori budu u prvom planu, ve\u0107 ideja. \u017delimo da se ljudi zaraze njome i da je krenu \u0161to vi\u0161e kopirati, da svaki kvart ima takvo mjesto i da to postane navika o kojoj vi\u0161e ni ne razmi\u0161ljamo.<\/p>\n<p>Pitam ga \u0161to to\u010dno \u017eeli da ljudi nau\u010de od D\u017eapca, a on energi\u010dno odgovara:<\/p>\n<p>&#8211; Ljudi se mogu organizirati i djelovati u skladu sa svojim mogu\u0107nostima i potrebama pripadnika njihove zajednice \u2013 ne moraju \u010dekati da netko drugi ne\u0161to napravi, jer imaju nekakvu agenciju nad svojim \u017eivotom, i mogu se voditi solidarno\u0161\u0107u, a ne natjecanjem, kako nam je to nametnuto u neoliberalnom kapitalizmu.<\/p>\n<p>Dok uz tu re\u010denicu kre\u0107em u antikapitalisti\u010dku (pro)davaonicu poslo\u017eiti stvari koje sam donijela, sugovornik me poti\u010de da uzmem \u0161to god mi treba.<\/p>\n<figure id=\"attachment_6098\" aria-describedby=\"caption-attachment-6098\" style=\"width: 2560px\" class=\"wp-caption alignnone\"><img loading=\"lazy\" decoding=\"async\" class=\"wp-image-6098 size-full\" src=\"https:\/\/sdf.hr\/wp-content\/uploads\/2025\/04\/Dzabac3-scaled.jpg\" alt=\"\" width=\"2560\" height=\"1920\" srcset=\"https:\/\/sdf.hr\/wp-content\/uploads\/2025\/04\/Dzabac3-scaled.jpg 2560w, https:\/\/sdf.hr\/wp-content\/uploads\/2025\/04\/Dzabac3-300x225.jpg 300w, https:\/\/sdf.hr\/wp-content\/uploads\/2025\/04\/Dzabac3-1024x768.jpg 1024w, https:\/\/sdf.hr\/wp-content\/uploads\/2025\/04\/Dzabac3-768x576.jpg 768w, https:\/\/sdf.hr\/wp-content\/uploads\/2025\/04\/Dzabac3-1536x1152.jpg 1536w, https:\/\/sdf.hr\/wp-content\/uploads\/2025\/04\/Dzabac3-2048x1536.jpg 2048w\" sizes=\"auto, (max-width: 2560px) 100vw, 2560px\" \/><figcaption id=\"caption-attachment-6098\" class=\"wp-caption-text\">Ljudi donose i povr\u0107e (Foto: Julija Savi\u0107)<\/figcaption><\/figure>\n<p>Unutra\u0161njost D\u017eapca zaista je puna &#8220;sva\u0161tarija&#8221;, kako pi\u0161e na \u017eutom transparentu, no pritom je i dobro organizirana. S lijeve strane vrata nalazi se ormar s odje\u0107om, a pokraj njega visi debela grana koja slu\u017ei kao vje\u0161alica. Do nje je sudoper na kojem je izlo\u017een nakit, ispod sudopera police s cipelama, a preko puta vrata mogu se prona\u0107i razni predmeti: dje\u010dje igra\u010dke, kozmetika, tamponi i sredstva za \u010di\u0161\u0107enje, poslo\u017eeni po kategorijama. Mo\u017eda i najbitniji asortiman, prehrambeni proizvodi, poslo\u017eeni su na polici pokraj prozora.<\/p>\n<p>Tu su biljna mlijeka, pekarski proizvodi u zatvorenom plasti\u010dnom pakiranju, razni namazi i konzerve, pa \u010dak i slatki\u0161i, a ispred police stoji ko\u0161ara s vo\u0107em i povr\u0107em. Nekim je proizvodima istekao rok, no jedan od sugovornika ka\u017ee da su &#8220;rokovi namjerno postavljeni kra\u0107e nego \u0161to bi trebali biti, nisu vjerni stvarnom stanju organske tvari i njenog propadanja&#8221;.<\/p>\n<p>&#8211; Treba koristiti njuh i vid te provjeriti kakvo je pravo stanje hrane. Postoje i razni na\u010dini na koje se hrana mo\u017ee skladi\u0161titi da traje dulje \u2013 dodaje on.<\/p>\n<p>Pitam ga kakva su ograni\u010denja spram vrsta stvari koje D\u017eabac prima.<\/p>\n<p>&#8211; Nema ograni\u010denja, bitno je da se donatori zapitaju \u0161to bi ljudima dobro do\u0161lo u ovom trenutku \u2013 odgovara.<\/p>\n<p>Nakon tjedana rada pretrpani su donacijama odje\u0107e pa njih vi\u0161e ne primaju, no, rije\u010dima sugovornika, hrana i higijenske potrep\u0161tine uvijek su potrebne.<\/p>\n<p>&#8211; Prostor je tako\u0111er ograni\u010den kapacitetima pa bi bilo dobro da nemamo naviku gomilanja.<\/p>\n<p>Zbog manjka struje tako\u0111er nemaju mogu\u0107nost primati proizvode koji zahtijevaju hla\u0111enje. Dodaje i da je bitno donositi postoje\u0107e vi\u0161kove, a ne kupovati nove stvari za donacije jer se time poti\u010de konzumerizam.<\/p>\n<p>Nakon \u0161to sam ispraznila vre\u0107u svojih vi\u0161kova i upikirala jednu sjajnu jaknu i zdravi gazirani napitak, izlazim na sunce pred D\u017eapcem. Sjedamo za stol, a sugovornici i sugovornice mi obja\u0161njavaju kako je i za\u0161to do\u0161lo do otvaranja (pro)davaonice. Svoju ideju su razvijali godinu dana, a \u010dim je period bojkota trgovina zapo\u010deo, zaklju\u010dili su da je pravo vrijeme da je sprovedu u praksu. Sve to s ciljem gra\u0111enja boljeg dru\u0161tva, ka\u017ee jedan od pokreta\u010da:<\/p>\n<p>&#8211; \u017delimo stvarati alternativni sustav u kojem svrha nije samo razmjena, jer ona zahtijeva da ve\u0107 ne\u0161to ima\u0161. \u017delimo potaknuti ljude koji nemaju ni\u0161ta da do\u0111u do osnovnih namirnica ili odje\u0107e. One koji imaju bilo kakav vi\u0161ak \u017eelimo pak potaknuti da do\u0111u i ostave za druge, a mogu uzeti i sebi. Op\u0107enito \u017eelimo stvoriti kulturu razmjene, ali i brige i uzajamne pomo\u0107i i solidarizacije.<\/p>\n<figure id=\"attachment_6100\" aria-describedby=\"caption-attachment-6100\" style=\"width: 2560px\" class=\"wp-caption alignnone\"><img loading=\"lazy\" decoding=\"async\" class=\"wp-image-6100 size-full\" src=\"https:\/\/sdf.hr\/wp-content\/uploads\/2025\/04\/Dzabac4-scaled.jpg\" alt=\"\" width=\"2560\" height=\"1920\" srcset=\"https:\/\/sdf.hr\/wp-content\/uploads\/2025\/04\/Dzabac4-scaled.jpg 2560w, https:\/\/sdf.hr\/wp-content\/uploads\/2025\/04\/Dzabac4-300x225.jpg 300w, https:\/\/sdf.hr\/wp-content\/uploads\/2025\/04\/Dzabac4-1024x768.jpg 1024w, https:\/\/sdf.hr\/wp-content\/uploads\/2025\/04\/Dzabac4-768x576.jpg 768w, https:\/\/sdf.hr\/wp-content\/uploads\/2025\/04\/Dzabac4-1536x1152.jpg 1536w, https:\/\/sdf.hr\/wp-content\/uploads\/2025\/04\/Dzabac4-2048x1536.jpg 2048w\" sizes=\"auto, (max-width: 2560px) 100vw, 2560px\" \/><figcaption id=\"caption-attachment-6100\" class=\"wp-caption-text\">Odje\u0107e je ve\u0107 previ\u0161e (Foto: Julija Savi\u0107)<\/figcaption><\/figure>\n<p>Razgovoru se u tom trenutku pridru\u017euje i drugi sugovornik.<\/p>\n<p>&#8211; D\u017eabac je mjesto na kojem mo\u017eemo pokazati kako bi bilo mogu\u0107e \u017eivjeti skupa druga\u010dije, s drugim vrijednostima \u2013 ka\u017ee on i zatim govori o svojoj viziji mjesta na kojem bi se uz besplatnu kupovinu moglo i besplatno popraviti bicikl ili ure\u0111aje, za\u0161iti rupe na odje\u0107i i pojesti topli obrok.<\/p>\n<p>Dok nastavljamo razgovor o izgradnji nove kulture, saznajem da se u D\u017eapcu ba\u0161 sve temelji na uzajamnoj pomo\u0107i, organizacijskom modelu dru\u0161tva koji vra\u0107a zajedni\u0161tvo u zajednice, i to upravo kroz akcije poput dijeljenja vi\u0161kova namirnica, pomaganja s gra\u0111evinskim radovima, pribavljanja lijekova i sli\u010dno. Iako je ime modela prvotno skovao anarhist <strong>Pjotr Kropotkin<\/strong>, praksa uzajamne pomo\u0107i podrazumijeva osnove osnova \u017eivota u bilo kojoj zajednici, pa je tako vidimo i u svojoj svakodnevici. Primjerice, neki od nas poma\u017eu starijoj susjedi nositi namirnice, drugi je po\u010daste vi\u0161kom povr\u0107a iz svojih vrtova, tre\u0107i joj poma\u017eu ispuniti obrasce na internetu. U \u0161irim primjerima, radi se o na\u010dinu \u017eivota koji adresira stvarne potrebe svih \u010dlanova zajednice.<\/p>\n<p>&#8211; Mi i me\u0111usobno gradimo takve mre\u017ee \u2013 ka\u017ee mi sugovornik.<\/p>\n<p>&#8211; Dosta nas \u017eivi jako prekarno i poku\u0161avamo se organizirati da oni koji imaju vi\u0161kove podijele s onima koji nemaju dovoljno, tako da nitko ne ispa\u0161ta. Sve se temelji na me\u0111uljudskim odnosima i prijateljstvu, a onda iz toga kre\u0107u i takve proaktivne radnje \u2013 dodaje.<\/p>\n<p>I sam je nedavno imao period financijskih pote\u0161ko\u0107a, ali bi se ljudi iz zajednice samoinicijativno pojavili kod njega i napunili mu fri\u017eider. Takav mu je pristup omogu\u0107io da se osje\u0107a zbrinuto unato\u010d nestabilnoj situaciji, a isti\u010de da je upravo u tome klju\u010d uzajamne pomo\u0107i:<\/p>\n<p>&#8211; Kad nas zajednica ljudi kojima se okru\u017eujemo zbrine, puno smo neovisniji i sna\u017eniji te otporniji na politi\u010dke i ekonomske promjene koje utje\u010du na na\u0161e \u017eivote.<\/p>\n<p>Snaga uzajamne pomo\u0107i, dakle, i kolektivno i individualno le\u017ei u brojevima. U Hrvatskoj \u0161ire primjere uzajamne pomo\u0107i obi\u010dno vidimo samo uslijed prirodnih katastrofa poput pandemijskih potresa, kada su gra\u0111ani samoinicijativno organizirali odlaske na Baniju te pomagali u izgradnji kontejnera, razvo\u017eenju hrane i sli\u010dno. No u &#8220;banalna&#8221; vremena ovakve su akcije rijetke, dok je \u017ealjenje da bi netko ne\u0161to trebao u\u010diniti naj\u010de\u0161\u0107a narodna razonoda.<\/p>\n<p>Dok uz cigaretu komentiramo takvu situaciju, sugovornik spominje da D\u017eabac upravo tome \u017eeli dosko\u010diti:<\/p>\n<p>&#8211; Vidimo u svim tim situacijama da dr\u017eava ne igra ulogu. \u017delimo se osloboditi nu\u017ede da dr\u017eava ne\u0161to napravi ili da korporacije prestanu misliti samo na svoj neprekidni rast profita, ili da poslodavci daju pla\u0107e od kojih se mo\u017ee \u017eivjeti. Mo\u017eda po prvi put u povijesti, \u017eivimo u materijalnim uvjetima koji nam omogu\u0107uju da svi imaju krov nad glavom, pristup hrani i dostojanstvenom \u017eivotu. Ovo je jedna od metoda kako se na najbanalniji na\u010din mo\u017eemo organizirati.<\/p>\n<p>Dok poma\u017ee oko vrata, sugovornica na to dobacuje da su dobrodo\u0161li svi koji bi mogli biti zainteresirani:<\/p>\n<p>&#8211; S obzirom na to da nema formalnih organizatora, zaista se svatko mo\u017ee uklju\u010diti i pomo\u0107i, a mo\u017eda se i sprijateljimo!<\/p>\n<p>Drugi sugovornik isti\u010de da upravo to \u0161to za volontiranje u D\u017eabcu nije potrebno \u010dlanstvo ili birokratizacija omogu\u0107uje njegovo direktno djelovanje. Sugra\u0111ani su to djelovanje ve\u0107 u samim po\u010decima po\u010deli prepoznavati, a i hvaliti. Uz internetsku popularnost ideje, ka\u017ee mi jedan od sugovornika, &#8220;prolaznici koji ni\u0161ta o tome ne znaju staju i pitaju nas \u0161to je to ovdje&#8221;.<\/p>\n<figure id=\"attachment_6104\" aria-describedby=\"caption-attachment-6104\" style=\"width: 2560px\" class=\"wp-caption alignnone\"><img loading=\"lazy\" decoding=\"async\" class=\"wp-image-6104 size-full\" src=\"https:\/\/sdf.hr\/wp-content\/uploads\/2025\/04\/Dzabac2-scaled.jpg\" alt=\"\" width=\"2560\" height=\"1920\" srcset=\"https:\/\/sdf.hr\/wp-content\/uploads\/2025\/04\/Dzabac2-scaled.jpg 2560w, https:\/\/sdf.hr\/wp-content\/uploads\/2025\/04\/Dzabac2-300x225.jpg 300w, https:\/\/sdf.hr\/wp-content\/uploads\/2025\/04\/Dzabac2-1024x768.jpg 1024w, https:\/\/sdf.hr\/wp-content\/uploads\/2025\/04\/Dzabac2-768x576.jpg 768w, https:\/\/sdf.hr\/wp-content\/uploads\/2025\/04\/Dzabac2-1536x1152.jpg 1536w, https:\/\/sdf.hr\/wp-content\/uploads\/2025\/04\/Dzabac2-2048x1536.jpg 2048w\" sizes=\"auto, (max-width: 2560px) 100vw, 2560px\" \/><figcaption id=\"caption-attachment-6104\" class=\"wp-caption-text\">Besplatna hrana, odje\u0107a, sva\u0161tarije (Foto: Julija Savi\u0107)<\/figcaption><\/figure>\n<p>&#8211; Na\u0161li smo ne\u0161to \u0161to Zagrebu treba, i trebamo toga jo\u0161 puno vi\u0161e. Ne mo\u017eemo vi\u0161e bacati i konzumirati, doslovno vi\u0161e ne mo\u017eemo, jer je preskupo \u2013 \u0161ali se.<\/p>\n<p>Takve dojmove dijele i dvije posjetiteljice s kojima \u010davrljam dok izlaze iz (pro)davaonice:<\/p>\n<p>&#8211; Jako mi se svi\u0111a ova inicijativa jer ve\u0107 dulje vrijeme vidim ovaj prostor i drago mi je da je napokon upogonjen u neke pozitivne svrhe. Nadam se da \u0107e samo rasti dalje i da \u0107e biti sve vi\u0161e i vi\u0161e sli\u010dnih \u2013 rekla je jedna od njih.<\/p>\n<p>Druga je primijetila da u takvim prostorima obi\u010dno ima samo odje\u0107e, ustvrdila da je odli\u010dno \u0161to ovdje imaju i hranu i uzviknula: &#8220;Besplatni du\u0107an svugdje!&#8221;<\/p>\n<p>U D\u017eapcu i ispred njega u nekoliko sati mog boravka tamo vladao je mir kakav se u bu\u010dnom Zagrebu i njegovim nezavisnim kolektivima rijetko pronalazi. Uz radi\u0161nost, atmosfera je odisala i potpunom opu\u0161teno\u0161\u0107u. Dok nije bilo korisnika i u pauzama od slaganja stvari, jedna je djevojka \u017eonglirala, druga svirala gitaru, a ostali su bez ikakve nervoze zbog manjka sredstava ili prijava na natje\u010daje raspravljali o sljede\u0107im organizacijskim koracima i promotivnim manevrima \u2013 dogovorili su da \u0107e anga\u017eirati nove volontere koji su im se javili i na koje \u0107e jo\u0161 punktove postavljati letke kako bi potrebiti znali kamo krenuti.<\/p>\n<p>Sun\u010danoj i povrtnoj ekipi D\u017eapca mo\u017eete se pridru\u017eiti i vi, do\u0107i u &#8220;kupovinu&#8221; i na dru\u017eenje ili donijeti svoje vi\u0161kove namirnica svakog petka. Mo\u017eete pomo\u0107i i volontiranjem, za \u0161to se mo\u017eete javiti na mejl adresu dzabac@systemli.org. U planu su i povremene akcije kuhanja besplatnih obroka pa \u0107e i posla i hrane biti za sve. Solidarnost koju D\u017eabac nudi nije ni\u010dim uvjetovana, a za u\u017eivanje u njoj ne trebaju vam ni \u010dlanska iskaznica ni novac. Samo mrva dobre volje, spremnost na rad i, mo\u017eda, pokoja zraka sunca.<\/p>\n<p><em>pi\u0161e Julija Savi\u0107<\/em><\/p>\n","protected":false},"excerpt":{"rendered":"<p>Na zagreba\u010dkoj Tre\u0161njevci sredinom velja\u010de otvoren je besplatni du\u0107an iza kojeg stoji neformalni kolektiv volontera i volonterki. Unutra\u0161njost D\u017eapca puna je svega. Tu su hrana, informati\u010dka oprema, dje\u010dje igra\u010dke, kozmetika, tamponi, sredstva za \u010di\u0161\u0107enje. Ljudi slobodno uzimaju \u0161to im treba<\/p>\n","protected":false},"featured_media":6097,"template":"","tags":[131],"atribut":[],"class_list":["post-6106","nada","type-nada","status-publish","has-post-thumbnail","hentry","tag-reportaza"],"acf":[],"yoast_head":"<!-- This site is optimized with the Yoast SEO plugin v27.4 - https:\/\/yoast.com\/product\/yoast-seo-wordpress\/ -->\n<title>Besplatni du\u0107an svugdje! - SDF - Srpski demokratski forum<\/title>\n<meta name=\"robots\" content=\"index, follow, max-snippet:-1, max-image-preview:large, max-video-preview:-1\" \/>\n<link rel=\"canonical\" href=\"https:\/\/sdf.hr\/hr\/nada\/besplatni-ducan-svugdje\/\" \/>\n<meta property=\"og:locale\" content=\"hr_HR\" \/>\n<meta property=\"og:type\" content=\"article\" \/>\n<meta property=\"og:title\" content=\"Besplatni du\u0107an svugdje! - SDF - Srpski demokratski forum\" \/>\n<meta property=\"og:description\" content=\"Na zagreba\u010dkoj Tre\u0161njevci sredinom velja\u010de otvoren je besplatni du\u0107an iza kojeg stoji neformalni kolektiv volontera i volonterki. Unutra\u0161njost D\u017eapca puna je svega. Tu su hrana, informati\u010dka oprema, dje\u010dje igra\u010dke, kozmetika, tamponi, sredstva za \u010di\u0161\u0107enje. Ljudi slobodno uzimaju \u0161to im treba\" \/>\n<meta property=\"og:url\" content=\"https:\/\/sdf.hr\/hr\/nada\/besplatni-ducan-svugdje\/\" \/>\n<meta property=\"og:site_name\" content=\"SDF - Srpski demokratski forum\" \/>\n<meta property=\"article:modified_time\" content=\"2025-04-15T09:44:38+00:00\" \/>\n<meta property=\"og:image\" content=\"https:\/\/sdf.hr\/wp-content\/uploads\/2025\/04\/Dzabac1-scaled.jpg\" \/>\n\t<meta property=\"og:image:width\" content=\"2560\" \/>\n\t<meta property=\"og:image:height\" content=\"1920\" \/>\n\t<meta property=\"og:image:type\" content=\"image\/jpeg\" \/>\n<meta name=\"twitter:card\" content=\"summary_large_image\" \/>\n<meta name=\"twitter:label1\" content=\"Procijenjeno vrijeme \u010ditanja\" \/>\n\t<meta name=\"twitter:data1\" content=\"9 minuta\" \/>\n<script type=\"application\/ld+json\" class=\"yoast-schema-graph\">{\"@context\":\"https:\\\/\\\/schema.org\",\"@graph\":[{\"@type\":\"WebPage\",\"@id\":\"https:\\\/\\\/sdf.hr\\\/hr\\\/nada\\\/besplatni-ducan-svugdje\\\/\",\"url\":\"https:\\\/\\\/sdf.hr\\\/hr\\\/nada\\\/besplatni-ducan-svugdje\\\/\",\"name\":\"Besplatni du\u0107an svugdje! - SDF - Srpski demokratski forum\",\"isPartOf\":{\"@id\":\"https:\\\/\\\/sdf.hr\\\/#website\"},\"primaryImageOfPage\":{\"@id\":\"https:\\\/\\\/sdf.hr\\\/hr\\\/nada\\\/besplatni-ducan-svugdje\\\/#primaryimage\"},\"image\":{\"@id\":\"https:\\\/\\\/sdf.hr\\\/hr\\\/nada\\\/besplatni-ducan-svugdje\\\/#primaryimage\"},\"thumbnailUrl\":\"https:\\\/\\\/sdf.hr\\\/wp-content\\\/uploads\\\/2025\\\/04\\\/Dzabac1-scaled.jpg\",\"datePublished\":\"2025-04-15T09:42:32+00:00\",\"dateModified\":\"2025-04-15T09:44:38+00:00\",\"breadcrumb\":{\"@id\":\"https:\\\/\\\/sdf.hr\\\/hr\\\/nada\\\/besplatni-ducan-svugdje\\\/#breadcrumb\"},\"inLanguage\":\"hr\",\"potentialAction\":[{\"@type\":\"ReadAction\",\"target\":[\"https:\\\/\\\/sdf.hr\\\/hr\\\/nada\\\/besplatni-ducan-svugdje\\\/\"]}]},{\"@type\":\"ImageObject\",\"inLanguage\":\"hr\",\"@id\":\"https:\\\/\\\/sdf.hr\\\/hr\\\/nada\\\/besplatni-ducan-svugdje\\\/#primaryimage\",\"url\":\"https:\\\/\\\/sdf.hr\\\/wp-content\\\/uploads\\\/2025\\\/04\\\/Dzabac1-scaled.jpg\",\"contentUrl\":\"https:\\\/\\\/sdf.hr\\\/wp-content\\\/uploads\\\/2025\\\/04\\\/Dzabac1-scaled.jpg\",\"width\":2560,\"height\":1920,\"caption\":\"D\u017eabac na Tre\u0161njevci (Foto: Julija Savi\u0107)\"},{\"@type\":\"BreadcrumbList\",\"@id\":\"https:\\\/\\\/sdf.hr\\\/hr\\\/nada\\\/besplatni-ducan-svugdje\\\/#breadcrumb\",\"itemListElement\":[{\"@type\":\"ListItem\",\"position\":1,\"name\":\"Po\u010detna stranica\",\"item\":\"https:\\\/\\\/sdf.hr\\\/hr\\\/\"},{\"@type\":\"ListItem\",\"position\":2,\"name\":\"Nada\",\"item\":\"https:\\\/\\\/sdf.hr\\\/nada\\\/\"},{\"@type\":\"ListItem\",\"position\":3,\"name\":\"Besplatni du\u0107an svugdje!\"}]},{\"@type\":\"WebSite\",\"@id\":\"https:\\\/\\\/sdf.hr\\\/#website\",\"url\":\"https:\\\/\\\/sdf.hr\\\/\",\"name\":\"SDF - Srpski demokratski forum\",\"description\":\"Srpski demokratski forum\",\"publisher\":{\"@id\":\"https:\\\/\\\/sdf.hr\\\/#organization\"},\"potentialAction\":[{\"@type\":\"SearchAction\",\"target\":{\"@type\":\"EntryPoint\",\"urlTemplate\":\"https:\\\/\\\/sdf.hr\\\/?s={search_term_string}\"},\"query-input\":{\"@type\":\"PropertyValueSpecification\",\"valueRequired\":true,\"valueName\":\"search_term_string\"}}],\"inLanguage\":\"hr\"},{\"@type\":\"Organization\",\"@id\":\"https:\\\/\\\/sdf.hr\\\/#organization\",\"name\":\"SDF - Srpski demokratski forum\",\"url\":\"https:\\\/\\\/sdf.hr\\\/\",\"logo\":{\"@type\":\"ImageObject\",\"inLanguage\":\"hr\",\"@id\":\"https:\\\/\\\/sdf.hr\\\/#\\\/schema\\\/logo\\\/image\\\/\",\"url\":\"https:\\\/\\\/sdf.hr\\\/wp-content\\\/uploads\\\/2021\\\/07\\\/logo-hr.svg\",\"contentUrl\":\"https:\\\/\\\/sdf.hr\\\/wp-content\\\/uploads\\\/2021\\\/07\\\/logo-hr.svg\",\"width\":271,\"height\":100,\"caption\":\"SDF - Srpski demokratski forum\"},\"image\":{\"@id\":\"https:\\\/\\\/sdf.hr\\\/#\\\/schema\\\/logo\\\/image\\\/\"}}]}<\/script>\n<!-- \/ Yoast SEO plugin. -->","yoast_head_json":{"title":"Besplatni du\u0107an svugdje! - SDF - Srpski demokratski forum","robots":{"index":"index","follow":"follow","max-snippet":"max-snippet:-1","max-image-preview":"max-image-preview:large","max-video-preview":"max-video-preview:-1"},"canonical":"https:\/\/sdf.hr\/hr\/nada\/besplatni-ducan-svugdje\/","og_locale":"hr_HR","og_type":"article","og_title":"Besplatni du\u0107an svugdje! - SDF - Srpski demokratski forum","og_description":"Na zagreba\u010dkoj Tre\u0161njevci sredinom velja\u010de otvoren je besplatni du\u0107an iza kojeg stoji neformalni kolektiv volontera i volonterki. Unutra\u0161njost D\u017eapca puna je svega. Tu su hrana, informati\u010dka oprema, dje\u010dje igra\u010dke, kozmetika, tamponi, sredstva za \u010di\u0161\u0107enje. Ljudi slobodno uzimaju \u0161to im treba","og_url":"https:\/\/sdf.hr\/hr\/nada\/besplatni-ducan-svugdje\/","og_site_name":"SDF - Srpski demokratski forum","article_modified_time":"2025-04-15T09:44:38+00:00","og_image":[{"width":2560,"height":1920,"url":"https:\/\/sdf.hr\/wp-content\/uploads\/2025\/04\/Dzabac1-scaled.jpg","type":"image\/jpeg"}],"twitter_card":"summary_large_image","twitter_misc":{"Procijenjeno vrijeme \u010ditanja":"9 minuta"},"schema":{"@context":"https:\/\/schema.org","@graph":[{"@type":"WebPage","@id":"https:\/\/sdf.hr\/hr\/nada\/besplatni-ducan-svugdje\/","url":"https:\/\/sdf.hr\/hr\/nada\/besplatni-ducan-svugdje\/","name":"Besplatni du\u0107an svugdje! - SDF - Srpski demokratski forum","isPartOf":{"@id":"https:\/\/sdf.hr\/#website"},"primaryImageOfPage":{"@id":"https:\/\/sdf.hr\/hr\/nada\/besplatni-ducan-svugdje\/#primaryimage"},"image":{"@id":"https:\/\/sdf.hr\/hr\/nada\/besplatni-ducan-svugdje\/#primaryimage"},"thumbnailUrl":"https:\/\/sdf.hr\/wp-content\/uploads\/2025\/04\/Dzabac1-scaled.jpg","datePublished":"2025-04-15T09:42:32+00:00","dateModified":"2025-04-15T09:44:38+00:00","breadcrumb":{"@id":"https:\/\/sdf.hr\/hr\/nada\/besplatni-ducan-svugdje\/#breadcrumb"},"inLanguage":"hr","potentialAction":[{"@type":"ReadAction","target":["https:\/\/sdf.hr\/hr\/nada\/besplatni-ducan-svugdje\/"]}]},{"@type":"ImageObject","inLanguage":"hr","@id":"https:\/\/sdf.hr\/hr\/nada\/besplatni-ducan-svugdje\/#primaryimage","url":"https:\/\/sdf.hr\/wp-content\/uploads\/2025\/04\/Dzabac1-scaled.jpg","contentUrl":"https:\/\/sdf.hr\/wp-content\/uploads\/2025\/04\/Dzabac1-scaled.jpg","width":2560,"height":1920,"caption":"D\u017eabac na Tre\u0161njevci (Foto: Julija Savi\u0107)"},{"@type":"BreadcrumbList","@id":"https:\/\/sdf.hr\/hr\/nada\/besplatni-ducan-svugdje\/#breadcrumb","itemListElement":[{"@type":"ListItem","position":1,"name":"Po\u010detna stranica","item":"https:\/\/sdf.hr\/hr\/"},{"@type":"ListItem","position":2,"name":"Nada","item":"https:\/\/sdf.hr\/nada\/"},{"@type":"ListItem","position":3,"name":"Besplatni du\u0107an svugdje!"}]},{"@type":"WebSite","@id":"https:\/\/sdf.hr\/#website","url":"https:\/\/sdf.hr\/","name":"SDF - Srpski demokratski forum","description":"Srpski demokratski forum","publisher":{"@id":"https:\/\/sdf.hr\/#organization"},"potentialAction":[{"@type":"SearchAction","target":{"@type":"EntryPoint","urlTemplate":"https:\/\/sdf.hr\/?s={search_term_string}"},"query-input":{"@type":"PropertyValueSpecification","valueRequired":true,"valueName":"search_term_string"}}],"inLanguage":"hr"},{"@type":"Organization","@id":"https:\/\/sdf.hr\/#organization","name":"SDF - Srpski demokratski forum","url":"https:\/\/sdf.hr\/","logo":{"@type":"ImageObject","inLanguage":"hr","@id":"https:\/\/sdf.hr\/#\/schema\/logo\/image\/","url":"https:\/\/sdf.hr\/wp-content\/uploads\/2021\/07\/logo-hr.svg","contentUrl":"https:\/\/sdf.hr\/wp-content\/uploads\/2021\/07\/logo-hr.svg","width":271,"height":100,"caption":"SDF - Srpski demokratski forum"},"image":{"@id":"https:\/\/sdf.hr\/#\/schema\/logo\/image\/"}}]}},"_links":{"self":[{"href":"https:\/\/sdf.hr\/hr\/wp-json\/wp\/v2\/nada\/6106","targetHints":{"allow":["GET"]}}],"collection":[{"href":"https:\/\/sdf.hr\/hr\/wp-json\/wp\/v2\/nada"}],"about":[{"href":"https:\/\/sdf.hr\/hr\/wp-json\/wp\/v2\/types\/nada"}],"wp:featuredmedia":[{"embeddable":true,"href":"https:\/\/sdf.hr\/hr\/wp-json\/wp\/v2\/media\/6097"}],"wp:attachment":[{"href":"https:\/\/sdf.hr\/hr\/wp-json\/wp\/v2\/media?parent=6106"}],"wp:term":[{"taxonomy":"post_tag","embeddable":true,"href":"https:\/\/sdf.hr\/hr\/wp-json\/wp\/v2\/tags?post=6106"},{"taxonomy":"atribut","embeddable":true,"href":"https:\/\/sdf.hr\/hr\/wp-json\/wp\/v2\/atribut?post=6106"}],"curies":[{"name":"wp","href":"https:\/\/api.w.org\/{rel}","templated":true}]}}