{"id":6177,"date":"2025-04-24T19:00:16","date_gmt":"2025-04-24T17:00:16","guid":{"rendered":"https:\/\/sdf.hr\/nada\/kamen-po-kamen-suhozid\/"},"modified":"2025-04-24T19:13:08","modified_gmt":"2025-04-24T17:13:08","slug":"kamen-po-kamen-suhozid","status":"publish","type":"nada","link":"https:\/\/sdf.hr\/hr\/nada\/kamen-po-kamen-suhozid\/","title":{"rendered":"Kamen po kamen \u2013 suhozid"},"content":{"rendered":"<p>Koliko je napora nepoznatih graditelja i me\u0161tara od kamena bilo potrebno da se izgradi beskrajna suhozidna mre\u017ea na na\u0161oj obali i u kr\u0161ovitom zale\u0111u? Vjekovima ukopani, poput neprimjetnih spomenika, suhozidi su harmoni\u010dno srasli s krajolikom. Nepravilnih oblika i varijacija u visini, \u0161irini i du\u017eini, te kamene \u010dipke, kako im se tepa, posa\u0111ene su svuda gdje je trebalo osigurati podr\u0161ku terenu, razgrani\u010diti poljoprivredne parcele i stabilizirati strme padine. Izuzetno koristan, s bezbroj funkcija, suhozid simbolizira otpornost i izdr\u017eljivost generacija ljudi na \u0161krtoj zemlji. U lokalnim govorima, ovisno o regiji, naj\u010de\u0161\u0107e se koriste nazivi suvozid ili suhozid, suvome\u0111a i groma\u010da te ka\u017eete i ka\u017euni, ako je rije\u010d o objektima. Kako mu i samo ime ka\u017ee, rije\u010d je o tehnici gra\u0111enja usuvo, bez vezivnog materijala.<\/p>\n<p><strong>Mario Zaccaria<\/strong>, arheolog, graditelj suhozida, turisti\u010dki vodi\u010d, poljoprivrednik i sto\u010dar, ve\u0107 13 godina spretno barata kamenjem. Suhozidanje je, ka\u017ee, neizostavna disciplina za svakog poljoprivrednika na primorju. Rije\u010d je planetarnoj vje\u0161tini koja je zastupljena na Mediteranu, u Engleskoj i Irskoj, gdje god ima kamena. Na\u0161 sugovornik obnavlja i gradi kamena zdanja i usput ne broji koliko je kilometara ostavio iza sebe. Svoje znanje prenosi na ljubitelje suhozida koji pohode njegove radionice na U\u010dki. Tre\u0107eg maja, na dan oslobo\u0111enja Rijeke, jo\u0161 jednom \u0107e podu\u010davati o vje\u0161tini suhozidanja u Svetoj Jeleni kod Mo\u0161\u0107enica. Temeljito nam obja\u0161njava da je suhozid i arheolo\u0161ki manufakt. To je prapovijesna tehnika koja se koristila prije nego \u0161to su Rimljani osvojili ova podru\u010dja. Preciznije, to je nekad bila jedina gra\u0111evinska tehnika.<\/p>\n<p>&#8211; Po\u0161to je 50 posto Hrvatske na kamenu, logi\u010dno je da je kamen najneposredniji materijal za kori\u0161tenje u gra\u0111evinske, pa i u svrhe \u017eivljenja. Najstariji suhozidi su na gradinama, na uzvisinama. Kamen je slu\u017eio za obranu, ali i za gra\u0111enje ku\u0107a u kojima su ljudi obitavali. Po\u010dinje se koristiti u bakreno doba. U svijetu ima suhozida koji su se gradili na ulazu \u0161pilja gdje su ljudi obitavali. Suhozid je prije imao obrambenu ulogu ustanovljenja vlasni\u0161tva individue ili zajednice. Ima poljoprivrednu svrhu za spre\u010davanje erozije zemlje, koristi se kao rub puteva pa \u010dak i rub kanala i rijeka. Imao je i pogrebne svrhe jer su se ljudi ukopavali u nekropolama. A u novije vrijeme je element zajedni\u010dke poljoprivredne politike EU, element krajolika, volonterstva i turisti\u010dko-ba\u0161tinski resurs. Suhozidi koje sada vidimo golim okom su izgra\u0111eni krajem 19. stolje\u0107a &#8211; govori Zaccaria.<\/p>\n<p>Postoje tri vrste suhozida, odnosno gradnje. Prvi je podzid koji se gradi skupa s ve\u0107im kamenjem i manjim kamen\u010di\u0107ima. On ne da zemlji da erodira, daje novu poljoprivrednu povr\u0161inu, kosinu na kojoj se ina\u010de ni\u0161ta ne bi moglo uzgajati. Vrsta unjulo zastupljena je u sto\u010darskim krajevima. Mario slikovito poja\u0161njava da je to zid s jednim licem koji izgleda kao da \u0107e se odmah uru\u0161iti. Njega se zato posebno klone koze i ovce. Unjulo je nestabilan, ali najlak\u0161e ga je popraviti. Suhozid duplica ima dva lica zida, a napunjen je manjim materijalom u sredini.<\/p>\n<p>&#8211; <strong>Tanja Kremeni\u0107<\/strong>, doktorica zemljopisa iz Cresa, izbrojala je na karti da samo Mali Lo\u0161inj ima 5000 kilometara suhozida, a Cres 8000 kilometara. Ako ta dva otoka imaju skupa 13 tisu\u0107a kilometara, onda je pitanje koliko suhozida imaju Istra, otoci, Dalmacija i njena Zagora. Mislim da suhozidi u Hrvatskoj mogu nekoliko puta opasati ekvator &#8211; ka\u017ee Zaccaria.<\/p>\n<figure id=\"attachment_6173\" aria-describedby=\"caption-attachment-6173\" style=\"width: 1280px\" class=\"wp-caption alignnone\"><img loading=\"lazy\" decoding=\"async\" class=\"wp-image-6173 size-full\" src=\"https:\/\/sdf.hr\/wp-content\/uploads\/2025\/04\/Suhozid2.png\" alt=\"\" width=\"1280\" height=\"720\" srcset=\"https:\/\/sdf.hr\/wp-content\/uploads\/2025\/04\/Suhozid2.png 1280w, https:\/\/sdf.hr\/wp-content\/uploads\/2025\/04\/Suhozid2-300x169.png 300w, https:\/\/sdf.hr\/wp-content\/uploads\/2025\/04\/Suhozid2-1024x576.png 1024w, https:\/\/sdf.hr\/wp-content\/uploads\/2025\/04\/Suhozid2-768x432.png 768w, https:\/\/sdf.hr\/wp-content\/uploads\/2025\/04\/Suhozid2-820x460.png 820w\" sizes=\"auto, (max-width: 1280px) 100vw, 1280px\" \/><figcaption id=\"caption-attachment-6173\" class=\"wp-caption-text\">Super je napraviti ne\u0161to zajedni\u010dki<\/figcaption><\/figure>\n<p>U doba masovnog turizma i sve \u010de\u0161\u0107e betonizacije obale, na suhozide se nasr\u0107e te\u0161kom ma\u0161inerijom. Zanemaruje se njegova vrijednost i, \u0161to je jo\u0161 va\u017enije, zaboravlja se razlog zbog \u010dega se nalazi ba\u0161 na mjestu ne\u010dije zamisli o vjetroelektrani ili vili s bazenom. Suhozid se, ka\u017ee Mario, razbija bagerima da se dobije ravna povr\u0161ina za izgradnju kocke s ravnim krovom.<\/p>\n<p>&#8211; Doga\u0111a se potpuna negativizacija i pretvaranje suhozida u pijesak. U novogradnji se kosina negira. Napravi se kocka, izbetonira se njena stranica, a sve \u0161to je unutra se izmelje da bi se dobio pijesak. To je devastacija koja iza sebe nosi potencijalnu tragediju jer samo suhozid tako dobro propu\u0161ta vodu, dok svi ti betonski zidovi imaju ispust malene cjev\u010dice, a voda gura. Voda je ogromna sila. To se pogotovo mijenja s klimatskim promjenama. U Hrvatskoj u\u010destalo imamo uzastopni broj dana ki\u0161e. I to je jedna ogromna masa koja se skuplja i otje\u010de. Tamo gdje nai\u0111e na otpor, odnijet \u0107e skupa s tim zidom i ku\u0107om u provaliju sve \u0161to se na\u0111e na putu. To se desilo 2022. na otoku Ischia koji se previ\u0161e apartmanizirao. Negirale su se suhozidne terase, stabla su se skinula i pokrenulo se klizi\u0161te. Poginulo je 13 osoba. Ne smije se raditi kontra zakona fizike. Problem je korupcija u cijelom lancu, od javne uprave do privatnog investitora. Svi pristaju na taj rizik jer cijena kvadrata &#8220;opravdava&#8221; tu tragediju. Odr\u017eavanje krajolika spre\u010dava i po\u017ear. Zamislite koliko bi bilo smislenije investirati u sto\u010darstvo nego u kupnju kanadera &#8211; govori Mario.<\/p>\n<p>Umije\u0107e suhozidne gradnje je nematerijalno dobro uvr\u0161teno na popis UNESCO-ove kulturne ba\u0161tine. <strong>Jadran Kale<\/strong>, kustos u Etnografskom odjelu Muzeja grada \u0160ibenika i profesor na Sveu\u010dili\u0161tu u Zadru, tvrdi da je za\u0161tita suhozidne gradnje u Hrvatskoj \u2013 proma\u0161ena. Autor &#8220;Vodi\u010da kroz suhozidnu ba\u0161tinu \u0160ibensko-kninske \u017eupanije&#8221; smatra da se nije smjelo pod isto svesti sva suhozidna umije\u0107a, zanemaruju\u0107i to da li je u pitanju objekt, kompleks, podru\u010dje ili krajolik. A upravo se to dogodilo. Kale tvrdi da je provedena svojevrsna nacionalizacija ba\u0161tine. Na primjeru sela Ramljane kod Knina objasnio je za\u0161to misli da je za\u0161tita oti\u0161la u pogre\u0161nom smjeru.<\/p>\n<p>Naime, da bi bilo nekog efekta od toga \u0161to je umije\u0107e gradnje za\u0161ti\u0107eno, ono mora biti lokalizirano. Jedino u Ramljanima u Hrvatskoj ima svo\u0111enih poljskih bunara, njih 14. Kale ih naziva pastirskim in\u017eenjerstvom. Da bi Ramljani mogli ubirati subvenciju Ministarstva poljoprivrede za svoje bunare, takvo nematerijalno kulturno dobro suhozidne gradnje trebalo bi biti uvedeno kao lokalizirano umije\u0107e samo za njihovo selo. Ali sada su u bilo kojem natje\u010daju u istom ko\u0161u sa svima drugima i zbog toga trpe \u0161tetu, tvrdi profesor.<\/p>\n<p>&#8211; Nematerijalno kulturno dobro umije\u0107a suhozidne gradnje je primjer manipulacije. \u010citava Hrvatska ispada kao jedno selo s jednim umije\u0107em za o\u010duvanje tim putem. UNESCO-va Konvencija i radne smjernice nagla\u0161avaju lokalne zajednice kao stvarateljska polazi\u0161ta, no to se shva\u0107a vrlo opu\u0161teno, sve do otvorenih manipulacija. Primjerice &#8220;mediteranska prehrana&#8221; je bila potaknuta od krupne industrije i u rje\u0161enju su &#8220;amblematske zajednice&#8221; kakvih nema u Konvenciji, jer ni na \u0161to ne obvezuju &#8211; obja\u0161njava Kale.<\/p>\n<p>Zakonski okviri mo\u017eda jesu manjkavi i nedore\u010deni, ali udruge i stru\u010dnjaci u datim okolnostima ustrajno rade na podizanju svijesti o va\u017enosti suhozida te na njegovoj popularizaciji. Udruga Dragodid jo\u0161 od 2002. radi na edukaciji i interpretaciji suhozidne ba\u0161tine putem prakti\u010dnih radionica obnove. Njihova udruga, kako ka\u017eu, povezuje ba\u0161tinske hobiste i profesionalce koji dijele interes za suhozidom, one koji \u017eele vikende provoditi \u017euljavih ruku, zemljanih i blatnjavih nogu, i one koji se, uz to, suhozidom bave i na druge stru\u010dne i znanstvene na\u010dine.<\/p>\n<figure id=\"attachment_6175\" aria-describedby=\"caption-attachment-6175\" style=\"width: 2560px\" class=\"wp-caption alignnone\"><img loading=\"lazy\" decoding=\"async\" class=\"wp-image-6175 size-full\" src=\"https:\/\/sdf.hr\/wp-content\/uploads\/2025\/04\/Zagvozd_Ivo-Cagalj-scaled.jpg\" alt=\"\" width=\"2560\" height=\"1920\" srcset=\"https:\/\/sdf.hr\/wp-content\/uploads\/2025\/04\/Zagvozd_Ivo-Cagalj-scaled.jpg 2560w, https:\/\/sdf.hr\/wp-content\/uploads\/2025\/04\/Zagvozd_Ivo-Cagalj-300x225.jpg 300w, https:\/\/sdf.hr\/wp-content\/uploads\/2025\/04\/Zagvozd_Ivo-Cagalj-1024x768.jpg 1024w, https:\/\/sdf.hr\/wp-content\/uploads\/2025\/04\/Zagvozd_Ivo-Cagalj-768x576.jpg 768w, https:\/\/sdf.hr\/wp-content\/uploads\/2025\/04\/Zagvozd_Ivo-Cagalj-1536x1152.jpg 1536w, https:\/\/sdf.hr\/wp-content\/uploads\/2025\/04\/Zagvozd_Ivo-Cagalj-2048x1536.jpg 2048w\" sizes=\"auto, (max-width: 2560px) 100vw, 2560px\" \/><figcaption id=\"caption-attachment-6175\" class=\"wp-caption-text\">Zagvozd \u2013 suhozidi pod snijegom (Foto: Ivo \u010cagalj\/PIXSELL)<\/figcaption><\/figure>\n<p>Dragodid i prijateljska udruga Pjover na Hvaru \u0107e od 25. do 27. aprila odr\u017eati druge Dane suhozida na Hvaru i Osmo prvenstvo Hrvatske u gradnji suhozida. O\u010dekuje se oko 200 sudionika i posjetitelja, uklju\u010duju\u0107i majstore suhozidne gradnje, entuzijaste, istra\u017eiva\u010de i predstavnike lokalnih organizacija.<\/p>\n<p>Kako nam govori <strong>Julia Bakota \u0160vencbir<\/strong> iz Dragodida, ove godine \u0107e se natjecati 12 ekipa u izgradnji suhozida. Timove \u010dine firme, obrti, pojedinci koji se bave kamenom ili gra\u0111evinom u \u0161irem smislu, ali i hobisti, obitelji i prijatelji koje se \u017eele zabaviti grade\u0107i suhozid. Natjecatelji im pristi\u017eu iz raznih krajeva: Istre, Sinja, Trilja, Raba, Hvara, Konavala, Splita i Zagreba.<\/p>\n<p>Svaka ekipa ima dva sata da obavi zadatak. Za ocjenjivanje najbolje gra\u0111evine bit \u0107e zadu\u017een tro\u010dlani \u017eiri koji je sastavljen od ljudi koji su poznavatelji tehnike gra\u0111enja i u svojoj zajednici su izuzetno anga\u017eirani po tom pitanju. Pratit \u0107e se cijeli proces gradnje: kako se oblikuje lice zida, kako se grade spojevi, da li je objekt stabilan i da li su \u010dlanovi tima kolegijalni. Kod gradnje suhozida je ovo posljednje podjednako va\u017eno jer on odvajkada nastaje zajedni\u010dkim trudom vi\u0161e ljudi. Julia obja\u0161njava da pobjedi doprinosi i faktor X koji donosi nekoliko bodova ekstra. Tu se misli na po\u0161tovanje lokalnih graditeljskih tradicija, jer svako podru\u010dje ima svoje specifi\u010dnosti.<\/p>\n<p>&#8211; Dosad nismo imali nikakvih ljutnji i velikih razo\u010darenja, uglavnom je svrha svega toga da se okupimo, da slavimo bogatstvo na\u0161e suhozidne ba\u0161tine &#8211; poru\u010duje Julia iz Dragodida.<\/p>\n<p>Isto raspolo\u017eenje vlada i u grupi koja se okuplja na radionicama kod Marija Zaccarije. Kako govori, dogodila se akceleracija zainteresiranosti za suhozid. Njegovoj udruzi Brse\u010dki \u010desan stalno sti\u017eu upiti od pojedinaca, \u0161kola, vrti\u0107a i drugih institucija. Njegove radionice poha\u0111aju i oni koji se planiraju vratiti svojoj djedovini, nekom zaraslom komadu zemlje s uru\u0161enim suhozidima. Ljudi ih \u017eele popraviti i pokrenuti poljoprivrednu proizvodnju.<\/p>\n<p>&#8211; Na radionici mi je bitno da ljudi znaju osnovu, da pravilno dr\u017ee ki\u010dmu dok podi\u017eu kamen i da ne rade gre\u0161ke koje \u0107e poslije dovesti do padanja tog istog zida. Najbitnije je da najve\u0107i kamen bude dole u prvim redovima i da jedan kamen uvijek razbija fugu na dva, da po\u010diva na dva kamena, a ne kamen na kamen. Ljudi vole i\u0107i na suhozidne radionice jer je super osje\u0107aj napraviti ne\u0161to zajedni\u010dki u jednom danu. To je terapeutska stvar. Dobro \u010dini duhu vidjeti rezultate posla. Primijetio sam da ima pozitivne u\u010dinke na ljude. Kad napravimo zid, svi se fotkamo kraj toga i osje\u0107amo kao dio ve\u0107e pri\u010de &#8211; otkriva Zaccaria.<\/p>\n<p>Na podru\u010dju Kvarnera postoji ideja i o prvoj suhozidnoj \u0161koli. Op\u0107ina Mo\u0161\u0107eni\u010dka Draga je zainteresirana da ustupi prostor za \u0161kolu u Brse\u010du. Ovo mjesto se, ka\u017ee Mario, pretvorilo u vikend naselje koje \u017eivi samo ljeti, dok zimi sve utihne. I ba\u0161 zato bi bilo korisno dovesti ne\u0161to \u017eivo u uspavano mjesta\u0161ce. Trenutno traju pregovori s Gra\u0111evinskim fakultetom u Rijeci, a u pri\u010du se mo\u017ee uklju\u010diti i Hrvatski zavod za zapo\u0161ljavanje za kvalifikacije, s obzirom na pove\u0107anu potra\u017enju suhozidara za poljoprivredne projekte preko mjera ruralnog razvoja.<\/p>\n<p>Uza sve to, ovaj kvarnerski me\u0161tar zajedno s <strong>Franjom<\/strong> i <strong>Sandrom Tomini\u0107<\/strong> obnavlja etnolo\u0161ki park &#8220;Anton Pla\u0161imuha&#8221; u Tuli\u0161evici kod Lovrana. Rije\u010d je o izvornom graditelju s kraja 19. stolje\u0107a koji je gradio impresivne podzide. Cilj je da se gra\u0111anima i onima koji vode prostorne politike poka\u017ee kako je nekad izgledao primorski krajobraz na suhozidnim terasama. U tom parku, osim \u0161to obnavljaju suhozide, oni odr\u017eavaju radionice, \u0161tite brse\u010dki \u010de\u0161njak, broskvu (ra\u0161tiku) i pasmine istarskog magarca i bo\u0161karina. Povratak zemlji, kamenu i osnovnom kulturnom naslje\u0111u ponekad doista zvu\u010di neodoljivo.<\/p>\n<p><em>pi\u0161e Anja Ko\u017eul<\/em><\/p>\n","protected":false},"excerpt":{"rendered":"<p>Ako samo Mali Lo\u0161inj i Cres imaju 13 tisu\u0107a kilometara suhozida, onda je pitanje koliko suhozida imaju Istra, otoci, Dalmacija i njena Zagora. Mislim da suhozidi u Hrvatskoj mogu nekoliko puta opasati ekvator, ka\u017ee Mario Zaccaria, arheolog i graditelj suhozida<\/p>\n","protected":false},"featured_media":6172,"template":"","tags":[130],"atribut":[],"class_list":["post-6177","nada","type-nada","status-publish","has-post-thumbnail","hentry","tag-tema"],"acf":[],"yoast_head":"<!-- This site is optimized with the Yoast SEO plugin v27.4 - https:\/\/yoast.com\/product\/yoast-seo-wordpress\/ -->\n<title>Kamen po kamen \u2013 suhozid - SDF - Srpski demokratski forum<\/title>\n<meta name=\"robots\" content=\"index, follow, max-snippet:-1, max-image-preview:large, max-video-preview:-1\" \/>\n<link rel=\"canonical\" href=\"https:\/\/sdf.hr\/hr\/nada\/kamen-po-kamen-suhozid\/\" \/>\n<meta property=\"og:locale\" content=\"hr_HR\" \/>\n<meta property=\"og:type\" content=\"article\" \/>\n<meta property=\"og:title\" content=\"Kamen po kamen \u2013 suhozid - SDF - Srpski demokratski forum\" \/>\n<meta property=\"og:description\" content=\"Ako samo Mali Lo\u0161inj i Cres imaju 13 tisu\u0107a kilometara suhozida, onda je pitanje koliko suhozida imaju Istra, otoci, Dalmacija i njena Zagora. Mislim da suhozidi u Hrvatskoj mogu nekoliko puta opasati ekvator, ka\u017ee Mario Zaccaria, arheolog i graditelj suhozida\" \/>\n<meta property=\"og:url\" content=\"https:\/\/sdf.hr\/hr\/nada\/kamen-po-kamen-suhozid\/\" \/>\n<meta property=\"og:site_name\" content=\"SDF - Srpski demokratski forum\" \/>\n<meta property=\"article:modified_time\" content=\"2025-04-24T17:13:08+00:00\" \/>\n<meta property=\"og:image\" content=\"https:\/\/sdf.hr\/wp-content\/uploads\/2025\/04\/Suhozid1-scaled.jpg\" \/>\n\t<meta property=\"og:image:width\" content=\"2560\" \/>\n\t<meta property=\"og:image:height\" content=\"1920\" \/>\n\t<meta property=\"og:image:type\" content=\"image\/jpeg\" \/>\n<meta name=\"twitter:card\" content=\"summary_large_image\" \/>\n<meta name=\"twitter:label1\" content=\"Procijenjeno vrijeme \u010ditanja\" \/>\n\t<meta name=\"twitter:data1\" content=\"10 minuta\" \/>\n<script type=\"application\/ld+json\" class=\"yoast-schema-graph\">{\"@context\":\"https:\\\/\\\/schema.org\",\"@graph\":[{\"@type\":\"WebPage\",\"@id\":\"https:\\\/\\\/sdf.hr\\\/hr\\\/nada\\\/kamen-po-kamen-suhozid\\\/\",\"url\":\"https:\\\/\\\/sdf.hr\\\/hr\\\/nada\\\/kamen-po-kamen-suhozid\\\/\",\"name\":\"Kamen po kamen \u2013 suhozid - SDF - Srpski demokratski forum\",\"isPartOf\":{\"@id\":\"https:\\\/\\\/sdf.hr\\\/#website\"},\"primaryImageOfPage\":{\"@id\":\"https:\\\/\\\/sdf.hr\\\/hr\\\/nada\\\/kamen-po-kamen-suhozid\\\/#primaryimage\"},\"image\":{\"@id\":\"https:\\\/\\\/sdf.hr\\\/hr\\\/nada\\\/kamen-po-kamen-suhozid\\\/#primaryimage\"},\"thumbnailUrl\":\"https:\\\/\\\/sdf.hr\\\/wp-content\\\/uploads\\\/2025\\\/04\\\/Suhozid1-scaled.jpg\",\"datePublished\":\"2025-04-24T17:00:16+00:00\",\"dateModified\":\"2025-04-24T17:13:08+00:00\",\"breadcrumb\":{\"@id\":\"https:\\\/\\\/sdf.hr\\\/hr\\\/nada\\\/kamen-po-kamen-suhozid\\\/#breadcrumb\"},\"inLanguage\":\"hr\",\"potentialAction\":[{\"@type\":\"ReadAction\",\"target\":[\"https:\\\/\\\/sdf.hr\\\/hr\\\/nada\\\/kamen-po-kamen-suhozid\\\/\"]}]},{\"@type\":\"ImageObject\",\"inLanguage\":\"hr\",\"@id\":\"https:\\\/\\\/sdf.hr\\\/hr\\\/nada\\\/kamen-po-kamen-suhozid\\\/#primaryimage\",\"url\":\"https:\\\/\\\/sdf.hr\\\/wp-content\\\/uploads\\\/2025\\\/04\\\/Suhozid1-scaled.jpg\",\"contentUrl\":\"https:\\\/\\\/sdf.hr\\\/wp-content\\\/uploads\\\/2025\\\/04\\\/Suhozid1-scaled.jpg\",\"width\":2560,\"height\":1920,\"caption\":\"Mario Zaccaria (drugi zdesna u donjem redu) s ekipom\"},{\"@type\":\"BreadcrumbList\",\"@id\":\"https:\\\/\\\/sdf.hr\\\/hr\\\/nada\\\/kamen-po-kamen-suhozid\\\/#breadcrumb\",\"itemListElement\":[{\"@type\":\"ListItem\",\"position\":1,\"name\":\"Po\u010detna stranica\",\"item\":\"https:\\\/\\\/sdf.hr\\\/hr\\\/\"},{\"@type\":\"ListItem\",\"position\":2,\"name\":\"Nada\",\"item\":\"https:\\\/\\\/sdf.hr\\\/nada\\\/\"},{\"@type\":\"ListItem\",\"position\":3,\"name\":\"Kamen po kamen \u2013 suhozid\"}]},{\"@type\":\"WebSite\",\"@id\":\"https:\\\/\\\/sdf.hr\\\/#website\",\"url\":\"https:\\\/\\\/sdf.hr\\\/\",\"name\":\"SDF - Srpski demokratski forum\",\"description\":\"Srpski demokratski forum\",\"publisher\":{\"@id\":\"https:\\\/\\\/sdf.hr\\\/#organization\"},\"potentialAction\":[{\"@type\":\"SearchAction\",\"target\":{\"@type\":\"EntryPoint\",\"urlTemplate\":\"https:\\\/\\\/sdf.hr\\\/?s={search_term_string}\"},\"query-input\":{\"@type\":\"PropertyValueSpecification\",\"valueRequired\":true,\"valueName\":\"search_term_string\"}}],\"inLanguage\":\"hr\"},{\"@type\":\"Organization\",\"@id\":\"https:\\\/\\\/sdf.hr\\\/#organization\",\"name\":\"SDF - Srpski demokratski forum\",\"url\":\"https:\\\/\\\/sdf.hr\\\/\",\"logo\":{\"@type\":\"ImageObject\",\"inLanguage\":\"hr\",\"@id\":\"https:\\\/\\\/sdf.hr\\\/#\\\/schema\\\/logo\\\/image\\\/\",\"url\":\"https:\\\/\\\/sdf.hr\\\/wp-content\\\/uploads\\\/2021\\\/07\\\/logo-hr.svg\",\"contentUrl\":\"https:\\\/\\\/sdf.hr\\\/wp-content\\\/uploads\\\/2021\\\/07\\\/logo-hr.svg\",\"width\":271,\"height\":100,\"caption\":\"SDF - Srpski demokratski forum\"},\"image\":{\"@id\":\"https:\\\/\\\/sdf.hr\\\/#\\\/schema\\\/logo\\\/image\\\/\"}}]}<\/script>\n<!-- \/ Yoast SEO plugin. -->","yoast_head_json":{"title":"Kamen po kamen \u2013 suhozid - SDF - Srpski demokratski forum","robots":{"index":"index","follow":"follow","max-snippet":"max-snippet:-1","max-image-preview":"max-image-preview:large","max-video-preview":"max-video-preview:-1"},"canonical":"https:\/\/sdf.hr\/hr\/nada\/kamen-po-kamen-suhozid\/","og_locale":"hr_HR","og_type":"article","og_title":"Kamen po kamen \u2013 suhozid - SDF - Srpski demokratski forum","og_description":"Ako samo Mali Lo\u0161inj i Cres imaju 13 tisu\u0107a kilometara suhozida, onda je pitanje koliko suhozida imaju Istra, otoci, Dalmacija i njena Zagora. Mislim da suhozidi u Hrvatskoj mogu nekoliko puta opasati ekvator, ka\u017ee Mario Zaccaria, arheolog i graditelj suhozida","og_url":"https:\/\/sdf.hr\/hr\/nada\/kamen-po-kamen-suhozid\/","og_site_name":"SDF - Srpski demokratski forum","article_modified_time":"2025-04-24T17:13:08+00:00","og_image":[{"width":2560,"height":1920,"url":"https:\/\/sdf.hr\/wp-content\/uploads\/2025\/04\/Suhozid1-scaled.jpg","type":"image\/jpeg"}],"twitter_card":"summary_large_image","twitter_misc":{"Procijenjeno vrijeme \u010ditanja":"10 minuta"},"schema":{"@context":"https:\/\/schema.org","@graph":[{"@type":"WebPage","@id":"https:\/\/sdf.hr\/hr\/nada\/kamen-po-kamen-suhozid\/","url":"https:\/\/sdf.hr\/hr\/nada\/kamen-po-kamen-suhozid\/","name":"Kamen po kamen \u2013 suhozid - SDF - Srpski demokratski forum","isPartOf":{"@id":"https:\/\/sdf.hr\/#website"},"primaryImageOfPage":{"@id":"https:\/\/sdf.hr\/hr\/nada\/kamen-po-kamen-suhozid\/#primaryimage"},"image":{"@id":"https:\/\/sdf.hr\/hr\/nada\/kamen-po-kamen-suhozid\/#primaryimage"},"thumbnailUrl":"https:\/\/sdf.hr\/wp-content\/uploads\/2025\/04\/Suhozid1-scaled.jpg","datePublished":"2025-04-24T17:00:16+00:00","dateModified":"2025-04-24T17:13:08+00:00","breadcrumb":{"@id":"https:\/\/sdf.hr\/hr\/nada\/kamen-po-kamen-suhozid\/#breadcrumb"},"inLanguage":"hr","potentialAction":[{"@type":"ReadAction","target":["https:\/\/sdf.hr\/hr\/nada\/kamen-po-kamen-suhozid\/"]}]},{"@type":"ImageObject","inLanguage":"hr","@id":"https:\/\/sdf.hr\/hr\/nada\/kamen-po-kamen-suhozid\/#primaryimage","url":"https:\/\/sdf.hr\/wp-content\/uploads\/2025\/04\/Suhozid1-scaled.jpg","contentUrl":"https:\/\/sdf.hr\/wp-content\/uploads\/2025\/04\/Suhozid1-scaled.jpg","width":2560,"height":1920,"caption":"Mario Zaccaria (drugi zdesna u donjem redu) s ekipom"},{"@type":"BreadcrumbList","@id":"https:\/\/sdf.hr\/hr\/nada\/kamen-po-kamen-suhozid\/#breadcrumb","itemListElement":[{"@type":"ListItem","position":1,"name":"Po\u010detna stranica","item":"https:\/\/sdf.hr\/hr\/"},{"@type":"ListItem","position":2,"name":"Nada","item":"https:\/\/sdf.hr\/nada\/"},{"@type":"ListItem","position":3,"name":"Kamen po kamen \u2013 suhozid"}]},{"@type":"WebSite","@id":"https:\/\/sdf.hr\/#website","url":"https:\/\/sdf.hr\/","name":"SDF - Srpski demokratski forum","description":"Srpski demokratski forum","publisher":{"@id":"https:\/\/sdf.hr\/#organization"},"potentialAction":[{"@type":"SearchAction","target":{"@type":"EntryPoint","urlTemplate":"https:\/\/sdf.hr\/?s={search_term_string}"},"query-input":{"@type":"PropertyValueSpecification","valueRequired":true,"valueName":"search_term_string"}}],"inLanguage":"hr"},{"@type":"Organization","@id":"https:\/\/sdf.hr\/#organization","name":"SDF - Srpski demokratski forum","url":"https:\/\/sdf.hr\/","logo":{"@type":"ImageObject","inLanguage":"hr","@id":"https:\/\/sdf.hr\/#\/schema\/logo\/image\/","url":"https:\/\/sdf.hr\/wp-content\/uploads\/2021\/07\/logo-hr.svg","contentUrl":"https:\/\/sdf.hr\/wp-content\/uploads\/2021\/07\/logo-hr.svg","width":271,"height":100,"caption":"SDF - Srpski demokratski forum"},"image":{"@id":"https:\/\/sdf.hr\/#\/schema\/logo\/image\/"}}]}},"_links":{"self":[{"href":"https:\/\/sdf.hr\/hr\/wp-json\/wp\/v2\/nada\/6177","targetHints":{"allow":["GET"]}}],"collection":[{"href":"https:\/\/sdf.hr\/hr\/wp-json\/wp\/v2\/nada"}],"about":[{"href":"https:\/\/sdf.hr\/hr\/wp-json\/wp\/v2\/types\/nada"}],"wp:featuredmedia":[{"embeddable":true,"href":"https:\/\/sdf.hr\/hr\/wp-json\/wp\/v2\/media\/6172"}],"wp:attachment":[{"href":"https:\/\/sdf.hr\/hr\/wp-json\/wp\/v2\/media?parent=6177"}],"wp:term":[{"taxonomy":"post_tag","embeddable":true,"href":"https:\/\/sdf.hr\/hr\/wp-json\/wp\/v2\/tags?post=6177"},{"taxonomy":"atribut","embeddable":true,"href":"https:\/\/sdf.hr\/hr\/wp-json\/wp\/v2\/atribut?post=6177"}],"curies":[{"name":"wp","href":"https:\/\/api.w.org\/{rel}","templated":true}]}}