{"id":6203,"date":"2025-04-27T10:31:55","date_gmt":"2025-04-27T08:31:55","guid":{"rendered":"https:\/\/sdf.hr\/nada\/ena-jurov-teme-nejednakosti-muce-me-cijeli-zivot\/"},"modified":"2025-04-27T10:36:29","modified_gmt":"2025-04-27T08:36:29","slug":"ena-jurov-teme-nejednakosti-muce-me-cijeli-zivot","status":"publish","type":"nada","link":"https:\/\/sdf.hr\/hr\/nada\/ena-jurov-teme-nejednakosti-muce-me-cijeli-zivot\/","title":{"rendered":"Ena Jurov: Teme nejednakosti mu\u010de me cijeli \u017eivot"},"content":{"rendered":"<p>Opisati i ome\u0111iti zagreba\u010dku (ili bilo koju drugu) alternativnu scenu nezgodna je rabota \u2013 uvijek se na\u0111e netko uvrije\u0111en i nezadovoljan ponu\u0111enom definicijom. Ipak, hrabro nudimo jednu: alternativnu i pank scenu u Zagrebu, Zadru i Benkovcu \u010dine prostori i kolektivi koji su sura\u0111ivali s <strong>Enom Jurov<\/strong>.<\/p>\n<p>A za ostale, par biografskih crtica: Ena Jurov ro\u0111ena je 1988. u Zadru. Studirala je dizajn vizualnih komunikacija u Zagrebu i Stockholmu. Bavi se stripom, ilustracijom i grafi\u010dkim dizajnom, crta murale, vodi radionice stripa, ponekad VJ-a. \u017divi u Zagrebu s ma\u010dkom <strong>Riki<\/strong>, a ljeti u Zadru. Uskoro joj u izdanju Sandorfa izlazi slikovnica &#8220;Djeca s igrali\u0161ta Madine Hussiny&#8221; za koju je tekst napisala <strong>Olja Savi\u010devi\u0107 Ivan\u010devi\u0107<\/strong>. S Enom smo razgovarali u njenom ateljeu \u2013 u zraku miris prolje\u0107a i duhana, na zidu plakati na kojima pi\u0161e &#8220;Te\u0161ko lito&#8221;.<\/p>\n<p><strong>U vi\u0161e intervjua ste spomenuli kako vam \u0161kolovanje u zadarskoj gimnaziji nije najbolje sjelo. U \u010demu je bio problem i jeste li se ve\u0107 tada bavili crtanjem?<\/strong><\/p>\n<p>Jednostavno mi je bilo bespotrebno, provla\u010dila sam se sa znanjem iz osnovne \u0161kole, a zbog bolesti sam propustila dva polugodi\u0161ta i nisam stvorila ekipu u razredu. Bilo bi bolje da sam jednostavno oti\u0161la u primijenjenu i tamo nau\u010dila crtati kako treba.<\/p>\n<p>Moj prvi strip objavljen je u Komikazama kada sam bila prvom ili drugom srednje. Nacrtala sam ga prema pomalo harmsovskoj pri\u010di moga oca \u2013 pisao je o sestri i bratu koji pre\u017eive potres. Njihov otac ga ne pre\u017eivi, a oni na kraju sami sebi kupe kruh. Tata je pri\u010du otkucao na pisa\u0107oj ma\u0161ini, ja sam je pretvorila u strip i poslala <strong>Ivani Armanini<\/strong>. Za Komikaze, koje su mi i danas va\u017ene, saznala sam jer je Ivana dr\u017eala radionicu stripa u Gradskoj knji\u017enici u Zadru.<\/p>\n<p><strong>Danas vi vodite radionice stripa za djecu. S kojim uzrastom volite raditi, \u0161to zajedno crtate?<\/strong><\/p>\n<p>Centar mladih Ribnjak u Zagrebu organizira radionice kratkih formi za srednjo\u0161kolce, ja sam mentorica za strip, program se zove &#8220;Prva stanica do Zvijezde&#8221;. Radionice su izazovne i za nas mentore, i za klince \u2013 zagreba\u010dki srednjo\u0161kolci imaju prezahtjevne rasporede pa uvijek do\u0111u umorni, a mi mentori po prvi put radimo ovakvu radionicu i jo\u0161 uvijek eksperimentiramo s formom. Dra\u017ee su mi opu\u0161tenije radionice van Zagreba, na primjer ljetne radionice stripa i fanzina u ku\u0107i Klajn u Klanjcu. Na Silbi sam prelamala &#8220;Crtice s otoka&#8221;, radove silbenske djece, a najdra\u017ea mi je bila radionica kada smo \u2013 par djece iz petog-\u0161estog osnovne i ja \u2013 skupili jako dobro kamenje na pla\u017ei na Silbi, vratili se na trgi\u0107 ispred \u0161kole i po njima crtali markerima. Inspiracija je bila sjajna slikovnica <strong>Bruna Munarija<\/strong> &#8220;Da lontano era un&#8217;isola&#8221; (&#8220;Izdaleka je bio otok&#8221;), koja je cijela napravljena od kamenja.<\/p>\n<p><strong>Ljeto i turizam su teme koje se \u010desto provla\u010de kroz va\u0161 rad \u2013 diplomski rad na stokholmskom Sveu\u010dili\u0161tu Konstfack bio je turisti\u010dki vodi\u010d izmi\u0161ljenog otoka &#8220;Porto Pomalo&#8221;?<\/strong><\/p>\n<p>Taj sam strip crtala jo\u0161 2013., kada je u Dalmaciji zbog rasta turizma postajalo stvarno lo\u0161e pa sam se odlu\u010dila pozabaviti tom temom. Zapravo, njome se danas vi\u0161e bavim privatno \u2013 kroz ilustracije koje radim za svoj gu\u0161t i objavljujem na Instagramu.<\/p>\n<p><strong>Odakle opsesija s pizzom koja je \u010dest motiv u va\u0161em radu?<\/strong><\/p>\n<p>U kratkom periodu studiranja vratila sam se u Zadar, taman u vrijeme kada su mladi protjerani s rive zbog turizma, a kulturna ponuda je nestala. Zadar je postao grad pizza cuta. Pa smo i mi stalno jeli pizze.<\/p>\n<p><strong>Pa i u drugim gradovima su se jele pizze\u2026<\/strong><\/p>\n<p>Nije to isto, Split recimo vi\u0161e simbolizira topli sendvi\u010d.<\/p>\n<figure id=\"attachment_6197\" aria-describedby=\"caption-attachment-6197\" style=\"width: 2560px\" class=\"wp-caption alignnone\"><img loading=\"lazy\" decoding=\"async\" class=\"wp-image-6197 size-full\" src=\"https:\/\/sdf.hr\/wp-content\/uploads\/2025\/04\/Jurov2_Sandro-Lendler-scaled.jpg\" alt=\"\" width=\"2560\" height=\"1707\" srcset=\"https:\/\/sdf.hr\/wp-content\/uploads\/2025\/04\/Jurov2_Sandro-Lendler-scaled.jpg 2560w, https:\/\/sdf.hr\/wp-content\/uploads\/2025\/04\/Jurov2_Sandro-Lendler-300x200.jpg 300w, https:\/\/sdf.hr\/wp-content\/uploads\/2025\/04\/Jurov2_Sandro-Lendler-1024x683.jpg 1024w, https:\/\/sdf.hr\/wp-content\/uploads\/2025\/04\/Jurov2_Sandro-Lendler-768x512.jpg 768w, https:\/\/sdf.hr\/wp-content\/uploads\/2025\/04\/Jurov2_Sandro-Lendler-1536x1024.jpg 1536w, https:\/\/sdf.hr\/wp-content\/uploads\/2025\/04\/Jurov2_Sandro-Lendler-2048x1365.jpg 2048w\" sizes=\"auto, (max-width: 2560px) 100vw, 2560px\" \/><figcaption id=\"caption-attachment-6197\" class=\"wp-caption-text\">Ena Jurov (Foto: Sandro Lendler)<\/figcaption><\/figure>\n<p><strong>Kad smo ve\u0107 kod ljeta i hrane \u2013 imate jednu ilustraciju, meni najdra\u017eu, na kojoj ste sestra i vi na pla\u017ei na otoku Molat i nabrajate \u0161to biste sve pojele, \u0161to vam sve nedostaje. Pro\u0161lo ljeto sam radi vas oti\u0161la kupiti Jadro kekse prije odlaska na more.<\/strong><\/p>\n<p>To je poznata ilustracija sestara Jurov, sestra je svojim rukopisom dopisivala koju smo hranu htjele jesti u tom trenu. A tata na brodu uvijek ima kutiju Jadra, nema ljeta bez njih.<\/p>\n<p><strong>Pro\u0161le ste godine na Molat oti\u0161li poslom. Radili ste ilustriranu reporta\u017eu o projektu Repair Shack Molat, koji je nastao u suradnji Kurziva sa slovenskim udrugama Maska i CONA te Sveu\u010dili\u0161tem u Zadru. Projekt je zapravo podrazumijevao odmor grupe kulturnih radnika i radnica u oto\u010dkom okru\u017eenju?<\/strong><\/p>\n<p>Da, do\u0161le su Slovenke i Zagrep\u010dani da odmore preko projekta. Moj djed, koji ima ku\u0107u na Molatu, nikako nije mogao razumjeti \u0161to ja tamo radim, tko odmara, za\u0161to je to pla\u0107eno. Pa sam na\u0161e razgovore preto\u010dila u crte\u017ee.<\/p>\n<p><strong>A djed ina\u010de razumije \u0161to radite?<\/strong><\/p>\n<p>Vi\u0161e me puta pitao tko me mijenja u ateljeu dok sam u Zadru.<\/p>\n<p><strong>Spomenuli ste ilustracije koje objavljujete na Instagramu za svoj gu\u0161t. Neke ste ukori\u010dili, plan je da izdate sedam fanzina, koliko ima knjiga o Harry Potteru. Koliko ih je dosad \u0161tampano i \u0161to mo\u017eemo u njima na\u0107i?<\/strong><\/p>\n<p>Zasad sam izdala dva broja, &#8220;Ena Jurov i obala tajni&#8221; i &#8220;Ena Jurov i zato\u010denik Raskantana&#8221;. U njima sakupljam ilustracije iz \u017eivota, pomalo dnevni\u010dke zapise vezane za dosadu, seksualne odnose, ekipu, spavanje. Mislim da \u0107e u tre\u0107em broju va\u017enu ulogu igrati moja ma\u010dka Riki, ali tek sam po\u010dela sakupljati materijal.<\/p>\n<p><strong>Moram primijetiti da u va\u0161im ilustracijama ljudi nerijetko povra\u0107aju tokom ili nakon izlaska.<\/strong><\/p>\n<p>Imam osjetljiv \u017eeludac.<\/p>\n<p><strong>Riki je u va\u0161 \u017eivot u\u0161etala dok ste radili mural u sklopu projekta &#8220;Nevidljive igra\u010dice: \u017eenski sport na Tre\u0161njevci&#8221;. O kakvom je projektu rije\u010d?<\/strong><\/p>\n<p>Riki je u\u0161la u Bazu, prostor BLOK-a, dok sam za njih crtala mural ispred stadiona u Kranj\u010devi\u0107evoj. Vratila sam se prljava s kistovima i bojama i dobila ma\u010dku. Projekt se sastoji od dva murala na kojima su sporta\u0161ice i sportske radnice, drugi je na Kutiji \u0161ibica. Radile smo i izlo\u017ebu, \u0161etnju, u pripremi je knjiga eseja <strong>Ivane Peri\u0107<\/strong> koje \u0107u ilustrirati, a imamo i navija\u010dki \u0161al. Nisam mogla zamisliti da \u0107u raditi \u0161al, stvarno me nije briga za sport.<\/p>\n<p><strong>Jeste li rade\u0107i na projektu zavoljeli sport?<\/strong><\/p>\n<p>Nisam (smijeh). Ali zanimljive su mi pri\u010de lokalnih sporta\u0161ica, bio je to dobar odmak od tema kojima se naj\u010de\u0161\u0107e bavim, a vezane su za migracije, Palestinu\u2026 Tako da do\u0111ite 28. aprila u mjesni odbor u Kranj\u010devi\u0107evoj po svoj primjerak \u0161ala, na njemu pi\u0161e &#8220;Nogomet narodu, nogomet \u017eenama!&#8221;. Bit \u0107e i projekcija iranskog filma &#8220;Zale\u0111e&#8221;.<\/p>\n<p><strong>Kako ste po\u010deli raditi murale i koje ste jo\u0161 izradili osim onih sportskih na Tre\u0161njevci?<\/strong><\/p>\n<p>Prvo sam iz zabave crtala s prijateljima po njihovim dvori\u0161tima i oko Nigdjezemske u Zadru. Godine 2018. nas je nekoliko oti\u0161lo u Dobanovce, gdje smo roditeljima prijatelja <strong>Stefana \u0106iri\u0107a<\/strong> oslikali cijelu fasadu ku\u0107e. Ubrzo su me zvali iz sisa\u010dkog festivala Re:Think da crtam na fasadi Dje\u010djeg vrti\u0107a Razli\u010dak, nacrtala sam slatku zmijicu. Nekoliko godina nakon toga sam opet u sklopu Re:Think festivala crtala mural na bazenu u sisa\u010dkoj \u017deljezari, a zadnje sam u Sisku s <strong>Ivonom Cvitkovi\u0107<\/strong> crtala Lubenicu za Palestinu.<\/p>\n<figure id=\"attachment_6199\" aria-describedby=\"caption-attachment-6199\" style=\"width: 2560px\" class=\"wp-caption alignnone\"><img loading=\"lazy\" decoding=\"async\" class=\"wp-image-6199 size-full\" src=\"https:\/\/sdf.hr\/wp-content\/uploads\/2025\/04\/Madina2-scaled.jpg\" alt=\"\" width=\"2560\" height=\"1124\" srcset=\"https:\/\/sdf.hr\/wp-content\/uploads\/2025\/04\/Madina2-scaled.jpg 2560w, https:\/\/sdf.hr\/wp-content\/uploads\/2025\/04\/Madina2-300x132.jpg 300w, https:\/\/sdf.hr\/wp-content\/uploads\/2025\/04\/Madina2-1024x450.jpg 1024w, https:\/\/sdf.hr\/wp-content\/uploads\/2025\/04\/Madina2-768x337.jpg 768w, https:\/\/sdf.hr\/wp-content\/uploads\/2025\/04\/Madina2-1536x674.jpg 1536w, https:\/\/sdf.hr\/wp-content\/uploads\/2025\/04\/Madina2-2048x899.jpg 2048w\" sizes=\"auto, (max-width: 2560px) 100vw, 2560px\" \/><figcaption id=\"caption-attachment-6199\" class=\"wp-caption-text\">Isje\u010dak iz slikovnice &#8220;Djeca s igrali\u0161ta Madine Hussiny&#8221;<\/figcaption><\/figure>\n<p><strong>Recite nam ne\u0161to vi\u0161e o va\u0161oj vezi s Benkovcem i Vlajternativom.<\/strong><\/p>\n<p>Vlajternativa je sjajan projekt, koji pokazuje da se ba\u0161 sve mo\u017ee kad se male ruke slo\u017ee. S ekipom koja organizira festival sprijateljila sam se crtaju\u0107i mural \u010dan\u010dare pa sam zadnje \u010detiri godine radila i vizualni identitet festivala. Ove godine grafi\u010dki dizajn radi <strong>Igor Atilija<\/strong>, koji ima te\u017eak zadatak da dizajnom izmetalizira moje pankerske ilustracije.<\/p>\n<p><strong>Da izmetalizira?<\/strong><\/p>\n<p>Moje ilustracije su malo dje\u010dje, a za Vlajternativu trebaju metalskije, mra\u010dnije, on im d\u00e2 tu teksturu.<\/p>\n<p><strong>Kako biste opisali svoj stil, \u0161to je to &#8220;Enino&#8221;, ono \u0161to svi koji poznajemo va\u0161 rad odmah prepoznamo?<\/strong><\/p>\n<p>To je najte\u017ee pitanje koje mi mo\u017eete postaviti. Pankerski stil. To je dovoljno jednostavno.<\/p>\n<p><strong>Kako izgleda va\u0161 izlet u VJ-ing?<\/strong><\/p>\n<p>VJ trio \u010dine moje prijateljice sa studija, <strong>Marina<\/strong>, <strong>Lejla<\/strong> i ja. Zajedno radimo kada uhvatimo vremena, \u0161to je rijetko, ali onda si damo odu\u0161ka. Krenule smo 2017., a ve\u0107 drugi anga\u017eman bio nam je otvorenje festivala &#8220;Organ vida&#8221; na krovu MSU-a. Najvi\u0161e volimo kada nas zovu na fe\u0161te, a najdra\u017ea fe\u0161ta na kojoj smo radile bila je &#8220;Ribarska&#8221; u Medici, kada sam usred <em>livea<\/em>, tokom pjesme &#8220;Na ba\u010dvama vina&#8221; <strong>Davora Radolfija<\/strong>, na internetu na\u0161la sjajnu ba\u010dvu. Ba\u010dva se vrtila. Scena ina\u010de \u010desto ne razumije taj na\u0161 projekt, ka\u017eu da smo \u0161lampave. A nismo. U petom mjesecu nastupamo na \u0160tampi\u0107u, festivalu \u0161tampe i samoizdava\u0161tva u zagreba\u010dkoj Kleti, a uz nas nastupa DJ Karton.<\/p>\n<p><strong>Nakon \u0161to &#8220;luna otple\u0161e cha-cha-cha&#8221;, odete u svoj atelje. Kako izgleda va\u0161 radni dan?<\/strong><\/p>\n<p>Ne ba\u0161 strukturirano, do\u0111em u atelje oko podne pa budem tu do \u0161est-sedam. U ateljeu crtam, ako taj dan prelamam, naj\u010de\u0161\u0107e ostanem ku\u0107i za laptopom. Sve projekte prvo osmislim u glavi, zatim krenem crtati na papiru, crte\u017e potom skeniram pa bojam i sla\u017eem u Photoshopu.<\/p>\n<p><strong>Zadarski kulturni centar Nigdjezemska va\u017ean je prostor na va\u0161oj osobnoj mapi?<\/strong><\/p>\n<p>S Nigdjezemskom sam sura\u0111ivala \u010dim sam se vratila sa studija u Zadar, ovih dana im radim plakat za desetu godi\u0161njicu. Autonomni dru\u0161tveni prostori su mi jako va\u017eni za rad i dru\u017eenje.<\/p>\n<p><strong>U kojem prostoru danas najradije boravite?<\/strong><\/p>\n<p>Tiskara Smak Press pokraj studio-galerije Klet, preko puta zagreba\u010dkog Britanca, mi je novo omiljeno mjesto. Imaju rizograf, stroj za male naklade na kojem mo\u017ee\u0161 raditi fora stvari, kod njih sam izdala Ena Jurov zinove o kojima smo pri\u010dale. Super su kolektiv od pet-\u0161est ljudi i nas nekoliko padobranaca.<\/p>\n<figure id=\"attachment_6201\" aria-describedby=\"caption-attachment-6201\" style=\"width: 2560px\" class=\"wp-caption alignnone\"><img loading=\"lazy\" decoding=\"async\" class=\"wp-image-6201 size-full\" src=\"https:\/\/sdf.hr\/wp-content\/uploads\/2025\/04\/Jurov3_Sandro-Lendler-scaled.jpg\" alt=\"\" width=\"2560\" height=\"1707\" srcset=\"https:\/\/sdf.hr\/wp-content\/uploads\/2025\/04\/Jurov3_Sandro-Lendler-scaled.jpg 2560w, https:\/\/sdf.hr\/wp-content\/uploads\/2025\/04\/Jurov3_Sandro-Lendler-300x200.jpg 300w, https:\/\/sdf.hr\/wp-content\/uploads\/2025\/04\/Jurov3_Sandro-Lendler-1024x683.jpg 1024w, https:\/\/sdf.hr\/wp-content\/uploads\/2025\/04\/Jurov3_Sandro-Lendler-768x512.jpg 768w, https:\/\/sdf.hr\/wp-content\/uploads\/2025\/04\/Jurov3_Sandro-Lendler-1536x1024.jpg 1536w, https:\/\/sdf.hr\/wp-content\/uploads\/2025\/04\/Jurov3_Sandro-Lendler-2048x1365.jpg 2048w\" sizes=\"auto, (max-width: 2560px) 100vw, 2560px\" \/><figcaption id=\"caption-attachment-6201\" class=\"wp-caption-text\">Ena Jurov (Foto: Sandro Lendler)<\/figcaption><\/figure>\n<p><strong>U sklopu kolektiva Good night, macho pride radili ste plakate, letke i fanzine koji su govorili o sigurnosti \u017eena i LGBT osoba u klubovima, odnosno davale konkretne upute organizatorima. &#8220;Osiguravanje sigurnog prostora po\u010dinje od principa povjerenja u perspektivu osobe koja je do\u017eivjela nasilje&#8221;, stoji na letku. Kako su reagirali klubovi kojima ste poslale materijale i koji je bio povod za njihovu izradu?<\/strong><\/p>\n<p>Ve\u0107ina klubova je reagirala OK, zalijepili su na\u0161e plakate. Povod je bio nastup benda Mortal kombat u Mo\u010dvari, a bend je imao neke seksisti\u010dke tekstove. Ponekad mi se \u010dini da je na\u0161a intervencija bila uzaludna jer svima se podrazumijeva da ne smije\u0161 smarati i maltretirati \u017eene, a opet, to se na sceni stalno iznova doga\u0111a. Ipak, stvari se jesu donekle promijenile, neki su klubovi, recimo, promijenili redare koje anga\u017eiraju.<\/p>\n<p><strong>U izdanju &#8220;Toplo pivo, hladne \u017eene&#8221; propitujete i primat romanti\u010dne ljubavi. Pitate se: &#8220;Za\u0161to ne bismo tu istu autonomiju koja se podrazumijeva u prijateljstvima, primjenjivale i s osobama s kojima smo u nekom emotivnom i seksualnom odnosu? Ili, za\u0161to nam svi bliski ljudi, neovisno o tome seksamo se s njima ili ne, naprosto ne bi bili prijatelji i drugarice?&#8221; Koji je bio odgovor scene?<\/strong><\/p>\n<p>Puno je ljudi lajkalo i \u0161eralo tu knji\u017eicu, \u0161to mi je bilo jako drago, ali i na momente smije\u0161no jer su ju \u0161erali i ljudi koji djeluju kao da \u017eive ba\u0161 u takvim odnosima. Ali opet, \u0161to ja znam kako ljudi \u017eive iza svoja \u010detiri zida. Trenutno me vi\u0161e od romanti\u010dnih diraju prijateljski odnosi, mo\u017eda bi trebalo i o njima napraviti knji\u017eicu.<\/p>\n<p><strong>Palestina je tema kojom ste se bavili ne samo kroz izradu murala u Sisku, ve\u0107 ste i koproducentica izlo\u017ebe &#8220;U\u010dinili smo \u0161to smo mogli, zapamtite nas&#8221;. Izlo\u017eba ilustracija ubijenih novinarki i novinara u Gazi zasad je bila postavljena u Zagrebu, \u0160ibeniku i Beogradu, a planirate posjet i drugim ex jugoslavenskim gradovima. Kako je izgledao va\u0161 prvi izlet u produkcijske vode?<\/strong><\/p>\n<p>Kao i kod projekta &#8220;Nevidljive igra\u010dice&#8221;, rije\u010d je o ideji novinarke i drugarice Ivane Peri\u0107, koja je sakupljala pri\u010de i u suradnji sa Sindikatom novinara Hrvatske kontaktirala 16 ilustratorica i ilustratora iz biv\u0161e Juge. U dnevnom su ritmu na dru\u0161tvenim mre\u017eama Sindikata objavljivali ilustracije \u2013 portrete i kratke biografije ubijenih novinara i novinarki. Meni se Ivana najprije obratila kao ilustratorici, pa sam napravila 12 ilustracija, a potom sam dobila zadatak osmisliti izlo\u017ebu koju \u0107e biti lako prenositi u razli\u010dite prostore. Mislim da smo uspjele u tome.<\/p>\n<p><strong>Kako razdvajate profesionalni rad i aktivizam, privatni i poslovni \u017eivot? Djelujete na sceni na kojoj i izlazite, dru\u017eite se, \u010desto sura\u0111ujete s prijateljima i bavite se temama koje su vam i osobno va\u017ene. Je li to lijepo ili naporno \u2013 nu\u017eno da biste bili sretni s poslom ili je ponekad ipak teret?<\/strong><\/p>\n<p>Sve nabrojeno. Zato sam i posva\u0111ana s pola scene (smijeh). Neki mi ka\u017eu da moram odrasti, ali te\u0161ko prihva\u0107am da ponekad jednostavno svi skupa ne radimo dovoljno, a mislim da bismo mogli posti\u0107i puno vi\u0161e. Teme nejednakosti i nepravde mu\u010de me cijeli \u017eivot \u2013 kao \u0161to je <strong>Mate \u0106osi\u0107<\/strong> aka <strong>Mata Granata<\/strong> rekao u intervju za pro\u0161li broj Nade, i mene je formirao zadarski \u010dasopis Spektar, koji sam krenula \u010ditati ve\u0107 u osnovnoj \u0161koli, a u srednjoj sam i pisala za njega.<\/p>\n<p><strong>U razli\u010ditim ste se projektima bavili migrantima i odnosom Hrvatske prema njima. Koliko vas je ta tema profesionalno oblikovala i s kim ste sve sura\u0111ivali?<\/strong><\/p>\n<p>Puno, najvi\u0161e sam sura\u0111ivala s umjetnicom <strong>selmom banich<\/strong>, na primjer na &#8220;Prijelazu&#8221;, komemorativnom platnu posve\u0107enom ubijenima na na\u0161im granicama, koje je \u0161ivao kolektiv \u017dene \u017eenama. Upravo dovr\u0161avam prijelom nove selmine knjige, i \u0161aljem podr\u0161ku njoj i ostalim aktivistkinjama i prijateljicama koje su nedavno zbog nenasilnog prosvjeda za prestanak genocida u Gazi uhi\u0107ene i zadr\u017eane preko no\u0107i u pritvoru. Ba\u0161 je jadno od dr\u017eave da tako postupa prema ljudima koji se bore za slobodu. Ali drugo od dr\u017eave ni ne o\u010dekujem.<\/p>\n<p><strong>Djevoj\u010dica Madina Hussiny postala je simbolom stradanja na na\u0161im granicama i nehumanog pona\u0161anja MUP-a prema ljudima u pokretu. Radili ste na dva projekta koji na razli\u010dite na\u010dine govore o afganistanskoj djevoj\u010dici koja je umrla nakon <em>pushbacka<\/em> u naletu vlaka?<\/strong><\/p>\n<p>Prvo sam radila kratki strip &#8220;Madina&#8221;, objavljen u sklopu &#8220;Izvje\u0161taja o nezakonitim protjerivanjima djece i djece bez pratnje u Hrvatskoj&#8221;. Kada sam tokom jedne tribine slu\u0161ala o prijedlogu inicijative Zagreb grad-uto\u010di\u0161te da se po Madini nazove jedno zagreba\u010dko igrali\u0161te, pomislila sam da bih o tome trebala napraviti slikovnicu. Zami\u0161ljala sam kako bih ovaj put mogla prikazati Madinin \u017eivot, njeno djetinjstvo, a ne smrt kao u stripu. Shvatila sam da ne mogu sama napisati tekst s kojim bih bila zadovoljna, a kako sam u me\u0111uvremenu na radionicama u Ribnjaku upoznala Olju Savi\u010devi\u0107 Ivan\u010devi\u0107 i po\u010dela sura\u0111ivati s njom, predlo\u017eila sam joj da ona napi\u0161e tekst, a ja napravim ilustracije. Olja je pristala i tako je nastala slikovnica &#8220;Djeca s igrali\u0161ta Madine Hussiny&#8221; koja izlazi ovih dana iz \u0161tampe.<\/p>\n<p><strong>Jeste li zadovoljni slikovnicom?<\/strong><\/p>\n<p>Jako. Mislim da je ovo projekt oko kojeg sam se najvi\u0161e potrudila, a imala sam i veliku podr\u0161ku dok sam radila na slikovnici. Posebno bih zahvalila <strong>Marijani Hamer\u0161ak<\/strong>, drugarici i istra\u017eiva\u010dici na Institutu za etnologiju i folkloristiku, koja je odgovarala na razna moja pitanja o Madini i tome kako je mogao izgledati njen \u017eivot. Dosta odraslih koji su pro\u010ditali slikovnicu rekli su da ih je dirnula i rasplakala, vidjet \u0107emo kako \u0107e reagirati djeca.<\/p>\n<p><strong>&#8220;Na put je krenula iz Afganistana, preko Turske, preko Irana. Kad ostane\u0161 bez zavi\u010daja, nada je tada i put i hrana&#8221;, ka\u017ee Olja u slikovnici. \u0160to je ovih dana va\u0161a nada?<\/strong><\/p>\n<p>Zajedni\u010dki rad mi budi nadu, rad s dragim ljudima, osje\u0107aj da svaku ludu i naizgled nemogu\u0107u ideju mo\u017eemo provesti u djelo. Moje ekipe mi daju nadu.<\/p>\n<p><em>razgovor vodila Vedrana Bibi\u0107<\/em><\/p>\n","protected":false},"excerpt":{"rendered":"<p>Slikovnica &#8220;Djeca s igrali\u0161ta Madine Hussiny&#8221; je projekt oko kojeg sam se najvi\u0161e potrudila. Dosta odraslih koji su pro\u010ditali slikovnicu rekli su da ih je dirnula i rasplakala, vidjet \u0107emo kako \u0107e reagirati djeca<\/p>\n","protected":false},"featured_media":6205,"template":"","tags":[29,173],"atribut":[],"class_list":["post-6203","nada","type-nada","status-publish","has-post-thumbnail","hentry","tag-intervju","tag-intervju-2-hr"],"acf":[],"yoast_head":"<!-- This site is optimized with the Yoast SEO plugin v27.4 - https:\/\/yoast.com\/product\/yoast-seo-wordpress\/ -->\n<title>Ena Jurov: Teme nejednakosti mu\u010de me cijeli \u017eivot - SDF - Srpski demokratski forum<\/title>\n<meta name=\"robots\" content=\"index, follow, max-snippet:-1, max-image-preview:large, max-video-preview:-1\" \/>\n<link rel=\"canonical\" href=\"https:\/\/sdf.hr\/hr\/nada\/ena-jurov-teme-nejednakosti-muce-me-cijeli-zivot\/\" \/>\n<meta property=\"og:locale\" content=\"hr_HR\" \/>\n<meta property=\"og:type\" content=\"article\" \/>\n<meta property=\"og:title\" content=\"Ena Jurov: Teme nejednakosti mu\u010de me cijeli \u017eivot - SDF - Srpski demokratski forum\" \/>\n<meta property=\"og:description\" content=\"Slikovnica &quot;Djeca s igrali\u0161ta Madine Hussiny&quot; je projekt oko kojeg sam se najvi\u0161e potrudila. Dosta odraslih koji su pro\u010ditali slikovnicu rekli su da ih je dirnula i rasplakala, vidjet \u0107emo kako \u0107e reagirati djeca\" \/>\n<meta property=\"og:url\" content=\"https:\/\/sdf.hr\/hr\/nada\/ena-jurov-teme-nejednakosti-muce-me-cijeli-zivot\/\" \/>\n<meta property=\"og:site_name\" content=\"SDF - Srpski demokratski forum\" \/>\n<meta property=\"article:modified_time\" content=\"2025-04-27T08:36:29+00:00\" \/>\n<meta property=\"og:image\" content=\"https:\/\/sdf.hr\/wp-content\/uploads\/2025\/04\/Jurov1_Sandro-Lendler-1-scaled.jpg\" \/>\n\t<meta property=\"og:image:width\" content=\"2560\" \/>\n\t<meta property=\"og:image:height\" content=\"1707\" \/>\n\t<meta property=\"og:image:type\" content=\"image\/jpeg\" \/>\n<meta name=\"twitter:card\" content=\"summary_large_image\" \/>\n<meta name=\"twitter:label1\" content=\"Procijenjeno vrijeme \u010ditanja\" \/>\n\t<meta name=\"twitter:data1\" content=\"14 minuta\" \/>\n<script type=\"application\/ld+json\" class=\"yoast-schema-graph\">{\"@context\":\"https:\\\/\\\/schema.org\",\"@graph\":[{\"@type\":\"WebPage\",\"@id\":\"https:\\\/\\\/sdf.hr\\\/hr\\\/nada\\\/ena-jurov-teme-nejednakosti-muce-me-cijeli-zivot\\\/\",\"url\":\"https:\\\/\\\/sdf.hr\\\/hr\\\/nada\\\/ena-jurov-teme-nejednakosti-muce-me-cijeli-zivot\\\/\",\"name\":\"Ena Jurov: Teme nejednakosti mu\u010de me cijeli \u017eivot - SDF - Srpski demokratski forum\",\"isPartOf\":{\"@id\":\"https:\\\/\\\/sdf.hr\\\/#website\"},\"primaryImageOfPage\":{\"@id\":\"https:\\\/\\\/sdf.hr\\\/hr\\\/nada\\\/ena-jurov-teme-nejednakosti-muce-me-cijeli-zivot\\\/#primaryimage\"},\"image\":{\"@id\":\"https:\\\/\\\/sdf.hr\\\/hr\\\/nada\\\/ena-jurov-teme-nejednakosti-muce-me-cijeli-zivot\\\/#primaryimage\"},\"thumbnailUrl\":\"https:\\\/\\\/sdf.hr\\\/wp-content\\\/uploads\\\/2025\\\/04\\\/Jurov1_Sandro-Lendler-1-scaled.jpg\",\"datePublished\":\"2025-04-27T08:31:55+00:00\",\"dateModified\":\"2025-04-27T08:36:29+00:00\",\"breadcrumb\":{\"@id\":\"https:\\\/\\\/sdf.hr\\\/hr\\\/nada\\\/ena-jurov-teme-nejednakosti-muce-me-cijeli-zivot\\\/#breadcrumb\"},\"inLanguage\":\"hr\",\"potentialAction\":[{\"@type\":\"ReadAction\",\"target\":[\"https:\\\/\\\/sdf.hr\\\/hr\\\/nada\\\/ena-jurov-teme-nejednakosti-muce-me-cijeli-zivot\\\/\"]}]},{\"@type\":\"ImageObject\",\"inLanguage\":\"hr\",\"@id\":\"https:\\\/\\\/sdf.hr\\\/hr\\\/nada\\\/ena-jurov-teme-nejednakosti-muce-me-cijeli-zivot\\\/#primaryimage\",\"url\":\"https:\\\/\\\/sdf.hr\\\/wp-content\\\/uploads\\\/2025\\\/04\\\/Jurov1_Sandro-Lendler-1-scaled.jpg\",\"contentUrl\":\"https:\\\/\\\/sdf.hr\\\/wp-content\\\/uploads\\\/2025\\\/04\\\/Jurov1_Sandro-Lendler-1-scaled.jpg\",\"width\":2560,\"height\":1707,\"caption\":\"Ena Jurov (Foto: Sandro Lendler)\"},{\"@type\":\"BreadcrumbList\",\"@id\":\"https:\\\/\\\/sdf.hr\\\/hr\\\/nada\\\/ena-jurov-teme-nejednakosti-muce-me-cijeli-zivot\\\/#breadcrumb\",\"itemListElement\":[{\"@type\":\"ListItem\",\"position\":1,\"name\":\"Po\u010detna stranica\",\"item\":\"https:\\\/\\\/sdf.hr\\\/hr\\\/\"},{\"@type\":\"ListItem\",\"position\":2,\"name\":\"Nada\",\"item\":\"https:\\\/\\\/sdf.hr\\\/nada\\\/\"},{\"@type\":\"ListItem\",\"position\":3,\"name\":\"Ena Jurov: Teme nejednakosti mu\u010de me cijeli \u017eivot\"}]},{\"@type\":\"WebSite\",\"@id\":\"https:\\\/\\\/sdf.hr\\\/#website\",\"url\":\"https:\\\/\\\/sdf.hr\\\/\",\"name\":\"SDF - Srpski demokratski forum\",\"description\":\"Srpski demokratski forum\",\"publisher\":{\"@id\":\"https:\\\/\\\/sdf.hr\\\/#organization\"},\"potentialAction\":[{\"@type\":\"SearchAction\",\"target\":{\"@type\":\"EntryPoint\",\"urlTemplate\":\"https:\\\/\\\/sdf.hr\\\/?s={search_term_string}\"},\"query-input\":{\"@type\":\"PropertyValueSpecification\",\"valueRequired\":true,\"valueName\":\"search_term_string\"}}],\"inLanguage\":\"hr\"},{\"@type\":\"Organization\",\"@id\":\"https:\\\/\\\/sdf.hr\\\/#organization\",\"name\":\"SDF - Srpski demokratski forum\",\"url\":\"https:\\\/\\\/sdf.hr\\\/\",\"logo\":{\"@type\":\"ImageObject\",\"inLanguage\":\"hr\",\"@id\":\"https:\\\/\\\/sdf.hr\\\/#\\\/schema\\\/logo\\\/image\\\/\",\"url\":\"https:\\\/\\\/sdf.hr\\\/wp-content\\\/uploads\\\/2021\\\/07\\\/logo-hr.svg\",\"contentUrl\":\"https:\\\/\\\/sdf.hr\\\/wp-content\\\/uploads\\\/2021\\\/07\\\/logo-hr.svg\",\"width\":271,\"height\":100,\"caption\":\"SDF - Srpski demokratski forum\"},\"image\":{\"@id\":\"https:\\\/\\\/sdf.hr\\\/#\\\/schema\\\/logo\\\/image\\\/\"}}]}<\/script>\n<!-- \/ Yoast SEO plugin. -->","yoast_head_json":{"title":"Ena Jurov: Teme nejednakosti mu\u010de me cijeli \u017eivot - SDF - Srpski demokratski forum","robots":{"index":"index","follow":"follow","max-snippet":"max-snippet:-1","max-image-preview":"max-image-preview:large","max-video-preview":"max-video-preview:-1"},"canonical":"https:\/\/sdf.hr\/hr\/nada\/ena-jurov-teme-nejednakosti-muce-me-cijeli-zivot\/","og_locale":"hr_HR","og_type":"article","og_title":"Ena Jurov: Teme nejednakosti mu\u010de me cijeli \u017eivot - SDF - Srpski demokratski forum","og_description":"Slikovnica \"Djeca s igrali\u0161ta Madine Hussiny\" je projekt oko kojeg sam se najvi\u0161e potrudila. Dosta odraslih koji su pro\u010ditali slikovnicu rekli su da ih je dirnula i rasplakala, vidjet \u0107emo kako \u0107e reagirati djeca","og_url":"https:\/\/sdf.hr\/hr\/nada\/ena-jurov-teme-nejednakosti-muce-me-cijeli-zivot\/","og_site_name":"SDF - Srpski demokratski forum","article_modified_time":"2025-04-27T08:36:29+00:00","og_image":[{"width":2560,"height":1707,"url":"https:\/\/sdf.hr\/wp-content\/uploads\/2025\/04\/Jurov1_Sandro-Lendler-1-scaled.jpg","type":"image\/jpeg"}],"twitter_card":"summary_large_image","twitter_misc":{"Procijenjeno vrijeme \u010ditanja":"14 minuta"},"schema":{"@context":"https:\/\/schema.org","@graph":[{"@type":"WebPage","@id":"https:\/\/sdf.hr\/hr\/nada\/ena-jurov-teme-nejednakosti-muce-me-cijeli-zivot\/","url":"https:\/\/sdf.hr\/hr\/nada\/ena-jurov-teme-nejednakosti-muce-me-cijeli-zivot\/","name":"Ena Jurov: Teme nejednakosti mu\u010de me cijeli \u017eivot - SDF - Srpski demokratski forum","isPartOf":{"@id":"https:\/\/sdf.hr\/#website"},"primaryImageOfPage":{"@id":"https:\/\/sdf.hr\/hr\/nada\/ena-jurov-teme-nejednakosti-muce-me-cijeli-zivot\/#primaryimage"},"image":{"@id":"https:\/\/sdf.hr\/hr\/nada\/ena-jurov-teme-nejednakosti-muce-me-cijeli-zivot\/#primaryimage"},"thumbnailUrl":"https:\/\/sdf.hr\/wp-content\/uploads\/2025\/04\/Jurov1_Sandro-Lendler-1-scaled.jpg","datePublished":"2025-04-27T08:31:55+00:00","dateModified":"2025-04-27T08:36:29+00:00","breadcrumb":{"@id":"https:\/\/sdf.hr\/hr\/nada\/ena-jurov-teme-nejednakosti-muce-me-cijeli-zivot\/#breadcrumb"},"inLanguage":"hr","potentialAction":[{"@type":"ReadAction","target":["https:\/\/sdf.hr\/hr\/nada\/ena-jurov-teme-nejednakosti-muce-me-cijeli-zivot\/"]}]},{"@type":"ImageObject","inLanguage":"hr","@id":"https:\/\/sdf.hr\/hr\/nada\/ena-jurov-teme-nejednakosti-muce-me-cijeli-zivot\/#primaryimage","url":"https:\/\/sdf.hr\/wp-content\/uploads\/2025\/04\/Jurov1_Sandro-Lendler-1-scaled.jpg","contentUrl":"https:\/\/sdf.hr\/wp-content\/uploads\/2025\/04\/Jurov1_Sandro-Lendler-1-scaled.jpg","width":2560,"height":1707,"caption":"Ena Jurov (Foto: Sandro Lendler)"},{"@type":"BreadcrumbList","@id":"https:\/\/sdf.hr\/hr\/nada\/ena-jurov-teme-nejednakosti-muce-me-cijeli-zivot\/#breadcrumb","itemListElement":[{"@type":"ListItem","position":1,"name":"Po\u010detna stranica","item":"https:\/\/sdf.hr\/hr\/"},{"@type":"ListItem","position":2,"name":"Nada","item":"https:\/\/sdf.hr\/nada\/"},{"@type":"ListItem","position":3,"name":"Ena Jurov: Teme nejednakosti mu\u010de me cijeli \u017eivot"}]},{"@type":"WebSite","@id":"https:\/\/sdf.hr\/#website","url":"https:\/\/sdf.hr\/","name":"SDF - Srpski demokratski forum","description":"Srpski demokratski forum","publisher":{"@id":"https:\/\/sdf.hr\/#organization"},"potentialAction":[{"@type":"SearchAction","target":{"@type":"EntryPoint","urlTemplate":"https:\/\/sdf.hr\/?s={search_term_string}"},"query-input":{"@type":"PropertyValueSpecification","valueRequired":true,"valueName":"search_term_string"}}],"inLanguage":"hr"},{"@type":"Organization","@id":"https:\/\/sdf.hr\/#organization","name":"SDF - Srpski demokratski forum","url":"https:\/\/sdf.hr\/","logo":{"@type":"ImageObject","inLanguage":"hr","@id":"https:\/\/sdf.hr\/#\/schema\/logo\/image\/","url":"https:\/\/sdf.hr\/wp-content\/uploads\/2021\/07\/logo-hr.svg","contentUrl":"https:\/\/sdf.hr\/wp-content\/uploads\/2021\/07\/logo-hr.svg","width":271,"height":100,"caption":"SDF - Srpski demokratski forum"},"image":{"@id":"https:\/\/sdf.hr\/#\/schema\/logo\/image\/"}}]}},"_links":{"self":[{"href":"https:\/\/sdf.hr\/hr\/wp-json\/wp\/v2\/nada\/6203","targetHints":{"allow":["GET"]}}],"collection":[{"href":"https:\/\/sdf.hr\/hr\/wp-json\/wp\/v2\/nada"}],"about":[{"href":"https:\/\/sdf.hr\/hr\/wp-json\/wp\/v2\/types\/nada"}],"wp:featuredmedia":[{"embeddable":true,"href":"https:\/\/sdf.hr\/hr\/wp-json\/wp\/v2\/media\/6205"}],"wp:attachment":[{"href":"https:\/\/sdf.hr\/hr\/wp-json\/wp\/v2\/media?parent=6203"}],"wp:term":[{"taxonomy":"post_tag","embeddable":true,"href":"https:\/\/sdf.hr\/hr\/wp-json\/wp\/v2\/tags?post=6203"},{"taxonomy":"atribut","embeddable":true,"href":"https:\/\/sdf.hr\/hr\/wp-json\/wp\/v2\/atribut?post=6203"}],"curies":[{"name":"wp","href":"https:\/\/api.w.org\/{rel}","templated":true}]}}