{"id":6212,"date":"2025-04-29T09:43:16","date_gmt":"2025-04-29T07:43:16","guid":{"rendered":"https:\/\/sdf.hr\/nada\/nema-skole-do-sume\/"},"modified":"2025-04-29T09:43:50","modified_gmt":"2025-04-29T07:43:50","slug":"nema-skole-do-sume","status":"publish","type":"nada","link":"https:\/\/sdf.hr\/hr\/nada\/nema-skole-do-sume\/","title":{"rendered":"Nema \u0161kole do \u0161ume"},"content":{"rendered":"<p>Prolje\u0107e prije pet godina pamti se po pandemiji koronavirusa i atmosferi straha, no ovaj je period mnogima donio i ne\u0161to \u010desto \u010dega nam \u010desto fali u u\u017eurbanoj svakodnevici \u2013 slobodno vrijeme. Na\u0161a sugovornica, likovna pedagoginja i multimedijalna umjetnica <strong>Ana Zubak<\/strong>, ovaj period pamti kao onaj u kojem se nakon dugo vremena moglo zastati i usporiti, a Zagreb je sre\u0107om tada imao \u0161to za ponuditi: \u0161ume su bile nadohvat ruke i bilo je lak\u0161e osamiti se u prirodi te \u017eivjeti sporijim ritmom.<\/p>\n<p>Ana Zubak je tada kroz svakodnevne \u0161etnje \u0161umom sa svojim djetetom postala svjesna koliko malo znamo o svijetu koji nas okru\u017euje i koliko smo se udaljili od prirode, kako nam govori, ne samo fizi\u010dki, ve\u0107 i emocionalno i spoznajno. Upravo ju je ta spoznaja inspirirala da po\u010dne u\u010diti istra\u017eivati i osmi\u0161ljavati aktivnosti koje bi pomogle djeci, ali i njoj samoj, da ponovno uspostave odnos s prirodom, ne kroz teoriju, ve\u0107 kroz sva osjetila, igru i istra\u017eivanje. Tako je nastalo Tajno \u0161umsko dru\u0161tvo \u2013 interdisciplinarne, kreativne radionice u prirodi za pred\u0161kolsku i ranu \u0161kolsku dob.<\/p>\n<p>&#8211; \u017deljela sam djecu izmaknuti iz sveprisutne kolektivne traume i pru\u017eiti im mjesto gdje \u0107e osje\u0107ati pripadnost i sigurnost. Tajno \u0161umsko dru\u0161tvo nastalo je upravo kao odgovor na taj osje\u0107aj otu\u0111enosti \u2013 ali i kao \u017eelja da djeci pru\u017eim ono \u0161to im tada nije bilo dostupno: sigurno mjesto, slobodu i autenti\u010dno iskustvo stvaranja duboke veze s prirodom \u2013 pri\u010da nam Zubak.<\/p>\n<p>U po\u010detku su na radionicama \u010desto sudjelovali i roditelji, no, kako se pri\u010da \u0161irila, Zubak je shvatila da prevelik broj ljudi u \u0161umi pobija samu su\u0161tinu onoga \u0161to je \u017eeljela posti\u0107i \u2013 mir, prisutnost i dublju povezanost s prirodom.<\/p>\n<p>&#8211; Osim toga, djeca puno slobodnije istra\u017euju i bolje reagiraju kada nad njima nije konstantno roditeljska sjena. Naravno, u po\u010detku je ta njihova prisutnost bila neizbje\u017ena jer je trebalo vremena da se izgradi me\u0111usobno povjerenje. No s godinama iskustva radionice su se razvijale i do\u0161le do to\u010dke gdje sam potpuno ukinula pristup roditeljima. Neki to mo\u017eda ne prihva\u0107aju lako, ali danas znam da bez povjerenja nema rasta \u2013 obja\u0161njava Zubak te dodaje kako su radionice popunjene mjesecima unaprijed, a novi \u010dlanovi dolaze isklju\u010divo preporukom.<\/p>\n<p>Premda se odvijaju u \u0161umama, radionice nikada nisu samo o prirodi \u2013 ona slu\u017ei kao polazi\u0161te za dublje razumijevanje nas samih i svijeta koji nas okru\u017euje. Radionice su temeljene na iskustvenom u\u010denju u prirodi, inspiriranom pedago\u0161kim pristupima poput Montessorija, Waldorfa, Reggio Emilije i metodologije \u0161umskih \u0161kola. Kako nam Zubak govori, ovaj pristup stavlja dijete u sredi\u0161te u\u010denja, poti\u010de samostalnost, istra\u017eiva\u010dki duh, kreativnost i povezanost s prirodom.<\/p>\n<p>&#8211; Djeca najbolje u\u010de kroz igru, slobodno istra\u017eivanje i autenti\u010dne do\u017eivljaje. Umjesto pasivnog primanja informacija, kroz direktni kontakt s prirodom razvijaju sva osjetila, motori\u010dke vje\u0161tine, kriti\u010dko razmi\u0161ljanje i emocionalnu povezanost sa svijetom oko sebe. Osim toga, \u010desto uvodimo vje\u017ebe samoregulacije jer djeca danas, u u\u017eurbanom svijetu i pod stalnim utjecajem tehnologije, itekako trebaju alate za no\u0161enje sa stresom i izazovima svakodnevice \u2013 ka\u017ee Zubak.<\/p>\n<figure id=\"attachment_6210\" aria-describedby=\"caption-attachment-6210\" style=\"width: 1667px\" class=\"wp-caption alignnone\"><img loading=\"lazy\" decoding=\"async\" class=\"wp-image-6210 size-full\" src=\"https:\/\/sdf.hr\/wp-content\/uploads\/2025\/04\/Zubak_-Martina-Movric.jpg\" alt=\"\" width=\"1667\" height=\"2086\" srcset=\"https:\/\/sdf.hr\/wp-content\/uploads\/2025\/04\/Zubak_-Martina-Movric.jpg 1667w, https:\/\/sdf.hr\/wp-content\/uploads\/2025\/04\/Zubak_-Martina-Movric-240x300.jpg 240w, https:\/\/sdf.hr\/wp-content\/uploads\/2025\/04\/Zubak_-Martina-Movric-818x1024.jpg 818w, https:\/\/sdf.hr\/wp-content\/uploads\/2025\/04\/Zubak_-Martina-Movric-768x961.jpg 768w, https:\/\/sdf.hr\/wp-content\/uploads\/2025\/04\/Zubak_-Martina-Movric-1227x1536.jpg 1227w, https:\/\/sdf.hr\/wp-content\/uploads\/2025\/04\/Zubak_-Martina-Movric-1637x2048.jpg 1637w\" sizes=\"auto, (max-width: 1667px) 100vw, 1667px\" \/><figcaption id=\"caption-attachment-6210\" class=\"wp-caption-text\">Ana Zubak (Foto: Martina Movri\u0107)<\/figcaption><\/figure>\n<p>U formalnom obrazovanju ovakvi pristupi jo\u0161 uvijek nisu sustavno integrirani &#8211; nastava se uglavnom odvija u zatvorenim prostorima, uz predava\u010dki pristup, s naglaskom na akademske vje\u0161tine i ocjenjivanje. Djecu se, kako Zubak isti\u010de, \u010desto stavlja u isti kalup \u2013 ako ne sjedi\u0161 mirno, ne \u0161uti\u0161 i ne izvr\u0161ava\u0161 zadatke po to\u010dno odre\u0111enom obrascu, postaje\u0161 &#8220;problem&#8221;. Upravo zbog toga Tajno \u0161umsko dru\u0161tvo nastoji popuniti prostor izme\u0111u formalnog obrazovanja i neformalnih programa, koji \u010desto prodaju ideju da \u0107e dijete iz njih iza\u0107i kao budu\u0107i genijalac, znanstvenik ili umjetnik.<\/p>\n<p>&#8211; Moja je \u017eelja stvoriti prostor u kojem \u0107e se djeci pristupati cjelovito \u2013 mjesto gdje mogu istra\u017eivati kroz igru i jednostavno biti \u2013 bez pritiska izvrsnosti. Cilj nije samo u\u010diti djecu o prirodi, ve\u0107 ih potaknuti da je osje\u0107aju, po\u0161tuju i do\u017eivljavaju kao neiscrpan izvor inspiracije, znanja i, na kraju krajeva, kao dio sebe \u2013 isti\u010de Zubak.<\/p>\n<p>Za svaku radionicu pa\u017eljivo je odabrana pri\u010da kroz koju se ma\u0161ta i zami\u0161lja, a koja uvodi u kreativni zadatak. U\u010di se o odr\u017eivosti kroz kori\u0161tenje prirodnih materijala koje pronalaze u prirodi ili koje sama Zubak priprema, od iskopane gline do boja na bazi zemlje. U zadnje vrijeme nastoje dio vremena ostaviti za slobodnu igru, pa se u okru\u017eenju koje djecu nao\u010digled umiruje, igra gradi u sekundi koriste\u0107i \u0161tapove, li\u0161\u0107e, rupe, stabla i sve \u0161to je pri ruci.<\/p>\n<p>&#8211; Aktivno radimo na solidarnosti, empatiji, po\u0161tovanju i uva\u017eavanju svih na\u0161ih razli\u010ditosti. Svako dijete ima prostor da izrazi svoje mi\u0161ljenje, ispri\u010da pri\u010du ili podjeli trenutni osje\u0107aj. \u017delim da imaju sigurno okru\u017eenje i odmak od kompetitivnosti koja im pro\u017edire samopouzdanje i samopo\u0161tovanje u svakodnevnom \u017eivotu \u2013 obja\u0161njava Zubak.<\/p>\n<p>Montessori je Ani Zubak za Tajno \u0161umsko dru\u0161tvo dodijelio globalnu edukacijsku nagradu za 2023. godinu, \u0161to ka\u017ee da joj je donijelo veliku vidljivost i dalo dodatni kredibilitet te otvorilo vrata za prve ve\u0107e suradnje. Nagrada joj govori i da rade ne\u0161to doista zna\u010dajno te da se metoda temeljena na povezanosti s prirodom i emocionalnom ravnote\u017eom \u0161iri.<\/p>\n<p>&#8211; To je potvrda da, unato\u010d izazovima, ono \u0161to radim ima stvaran utjecaj na djecu, a time direktno na bolje dru\u0161tvo u budu\u0107nosti. Neka djeca dolaze ve\u0107 petu godinu zaredom, biti dio njihovog rasta u klju\u010dnoj formativnoj fazi je za mene velika privilegija, ali i odgovornost. Dugoro\u010dne promjene zahtijevaju sustavan rad kroz nekoliko generacija, i u to doista vjerujem. Ako \u017eelimo bolje dru\u0161tvo, moramo po\u010deti od samih temelja \u2013 od rane edukacije \u2013 smatra Zubak.<\/p>\n<p>U \u010detiri godine rada Tajno \u0161umsko dru\u0161tvo razvilo je suradnje s mnogim organizacijama i \u010desto gostuje u drugim gradovima, no Ana Zubak trenutno ne planira \u0161iriti radionice izvan Zagreba osim u smislu ideje koju promi\u010de. Umjesto toga, fokusira se na razvoj novih ideja koje \u0107e pro\u0161iriti ponudu Tajnog \u0161umskog dru\u0161tva.<\/p>\n<p>&#8211; Volim slobodu koju sam stekla izgradnjom ovog posla i ne \u017eelim postati njegov rob. Ne \u017eelim u\u010diti druge kako usporiti, a pritom nemati vremena za svoju obitelj. Za mene je odmor oblik otpora \u2013 uvijek se trudim \u017eivjeti svjesno, u\u017eivaju\u0107i u svakom trenutku, kako u privatnom \u017eivotu, tako i u onome \u0161to radim \u2013 zaklju\u010duje Zubak.<\/p>\n<p><em>pi\u0161e Katarina Bo\u0161njak<\/em><\/p>\n","protected":false},"excerpt":{"rendered":"<p>Tajno \u0161umsko dru\u0161tvo pru\u017ea djeci sigurno mjesto, slobodu i autenti\u010dno iskustvo duboke veze s prirodom, ka\u017ee Ana Zubak \u010dije su \u0161umske radionice dobile i Montessorijevu globalnu edukacijsku nagradu<\/p>\n","protected":false},"featured_media":6209,"template":"","tags":[136],"atribut":[],"class_list":["post-6212","nada","type-nada","status-publish","has-post-thumbnail","hentry","tag-portret"],"acf":[],"yoast_head":"<!-- This site is optimized with the Yoast SEO plugin v27.4 - https:\/\/yoast.com\/product\/yoast-seo-wordpress\/ -->\n<title>Nema \u0161kole do \u0161ume - SDF - Srpski demokratski forum<\/title>\n<meta name=\"robots\" content=\"index, follow, max-snippet:-1, max-image-preview:large, max-video-preview:-1\" \/>\n<link rel=\"canonical\" href=\"https:\/\/sdf.hr\/hr\/nada\/nema-skole-do-sume\/\" \/>\n<meta property=\"og:locale\" content=\"hr_HR\" \/>\n<meta property=\"og:type\" content=\"article\" \/>\n<meta property=\"og:title\" content=\"Nema \u0161kole do \u0161ume - SDF - Srpski demokratski forum\" \/>\n<meta property=\"og:description\" content=\"Tajno \u0161umsko dru\u0161tvo pru\u017ea djeci sigurno mjesto, slobodu i autenti\u010dno iskustvo duboke veze s prirodom, ka\u017ee Ana Zubak \u010dije su \u0161umske radionice dobile i Montessorijevu globalnu edukacijsku nagradu\" \/>\n<meta property=\"og:url\" content=\"https:\/\/sdf.hr\/hr\/nada\/nema-skole-do-sume\/\" \/>\n<meta property=\"og:site_name\" content=\"SDF - Srpski demokratski forum\" \/>\n<meta property=\"article:modified_time\" content=\"2025-04-29T07:43:50+00:00\" \/>\n<meta property=\"og:image\" content=\"https:\/\/sdf.hr\/wp-content\/uploads\/2025\/04\/Tajno-sumsko-drustvo_Darko-Mares.jpg\" \/>\n\t<meta property=\"og:image:width\" content=\"2048\" \/>\n\t<meta property=\"og:image:height\" content=\"1463\" \/>\n\t<meta property=\"og:image:type\" content=\"image\/jpeg\" \/>\n<meta name=\"twitter:card\" content=\"summary_large_image\" \/>\n<meta name=\"twitter:label1\" content=\"Procijenjeno vrijeme \u010ditanja\" \/>\n\t<meta name=\"twitter:data1\" content=\"6 minuta\" \/>\n<script type=\"application\/ld+json\" class=\"yoast-schema-graph\">{\"@context\":\"https:\\\/\\\/schema.org\",\"@graph\":[{\"@type\":\"WebPage\",\"@id\":\"https:\\\/\\\/sdf.hr\\\/hr\\\/nada\\\/nema-skole-do-sume\\\/\",\"url\":\"https:\\\/\\\/sdf.hr\\\/hr\\\/nada\\\/nema-skole-do-sume\\\/\",\"name\":\"Nema \u0161kole do \u0161ume - SDF - Srpski demokratski forum\",\"isPartOf\":{\"@id\":\"https:\\\/\\\/sdf.hr\\\/#website\"},\"primaryImageOfPage\":{\"@id\":\"https:\\\/\\\/sdf.hr\\\/hr\\\/nada\\\/nema-skole-do-sume\\\/#primaryimage\"},\"image\":{\"@id\":\"https:\\\/\\\/sdf.hr\\\/hr\\\/nada\\\/nema-skole-do-sume\\\/#primaryimage\"},\"thumbnailUrl\":\"https:\\\/\\\/sdf.hr\\\/wp-content\\\/uploads\\\/2025\\\/04\\\/Tajno-sumsko-drustvo_Darko-Mares.jpg\",\"datePublished\":\"2025-04-29T07:43:16+00:00\",\"dateModified\":\"2025-04-29T07:43:50+00:00\",\"breadcrumb\":{\"@id\":\"https:\\\/\\\/sdf.hr\\\/hr\\\/nada\\\/nema-skole-do-sume\\\/#breadcrumb\"},\"inLanguage\":\"hr\",\"potentialAction\":[{\"@type\":\"ReadAction\",\"target\":[\"https:\\\/\\\/sdf.hr\\\/hr\\\/nada\\\/nema-skole-do-sume\\\/\"]}]},{\"@type\":\"ImageObject\",\"inLanguage\":\"hr\",\"@id\":\"https:\\\/\\\/sdf.hr\\\/hr\\\/nada\\\/nema-skole-do-sume\\\/#primaryimage\",\"url\":\"https:\\\/\\\/sdf.hr\\\/wp-content\\\/uploads\\\/2025\\\/04\\\/Tajno-sumsko-drustvo_Darko-Mares.jpg\",\"contentUrl\":\"https:\\\/\\\/sdf.hr\\\/wp-content\\\/uploads\\\/2025\\\/04\\\/Tajno-sumsko-drustvo_Darko-Mares.jpg\",\"width\":2048,\"height\":1463,\"caption\":\"Ana s djecom u prirodi (Foto: Darko Mare\u0161)\"},{\"@type\":\"BreadcrumbList\",\"@id\":\"https:\\\/\\\/sdf.hr\\\/hr\\\/nada\\\/nema-skole-do-sume\\\/#breadcrumb\",\"itemListElement\":[{\"@type\":\"ListItem\",\"position\":1,\"name\":\"Po\u010detna stranica\",\"item\":\"https:\\\/\\\/sdf.hr\\\/hr\\\/\"},{\"@type\":\"ListItem\",\"position\":2,\"name\":\"Nada\",\"item\":\"https:\\\/\\\/sdf.hr\\\/nada\\\/\"},{\"@type\":\"ListItem\",\"position\":3,\"name\":\"Nema \u0161kole do \u0161ume\"}]},{\"@type\":\"WebSite\",\"@id\":\"https:\\\/\\\/sdf.hr\\\/#website\",\"url\":\"https:\\\/\\\/sdf.hr\\\/\",\"name\":\"SDF - Srpski demokratski forum\",\"description\":\"Srpski demokratski forum\",\"publisher\":{\"@id\":\"https:\\\/\\\/sdf.hr\\\/#organization\"},\"potentialAction\":[{\"@type\":\"SearchAction\",\"target\":{\"@type\":\"EntryPoint\",\"urlTemplate\":\"https:\\\/\\\/sdf.hr\\\/?s={search_term_string}\"},\"query-input\":{\"@type\":\"PropertyValueSpecification\",\"valueRequired\":true,\"valueName\":\"search_term_string\"}}],\"inLanguage\":\"hr\"},{\"@type\":\"Organization\",\"@id\":\"https:\\\/\\\/sdf.hr\\\/#organization\",\"name\":\"SDF - Srpski demokratski forum\",\"url\":\"https:\\\/\\\/sdf.hr\\\/\",\"logo\":{\"@type\":\"ImageObject\",\"inLanguage\":\"hr\",\"@id\":\"https:\\\/\\\/sdf.hr\\\/#\\\/schema\\\/logo\\\/image\\\/\",\"url\":\"https:\\\/\\\/sdf.hr\\\/wp-content\\\/uploads\\\/2021\\\/07\\\/logo-hr.svg\",\"contentUrl\":\"https:\\\/\\\/sdf.hr\\\/wp-content\\\/uploads\\\/2021\\\/07\\\/logo-hr.svg\",\"width\":271,\"height\":100,\"caption\":\"SDF - Srpski demokratski forum\"},\"image\":{\"@id\":\"https:\\\/\\\/sdf.hr\\\/#\\\/schema\\\/logo\\\/image\\\/\"}}]}<\/script>\n<!-- \/ Yoast SEO plugin. -->","yoast_head_json":{"title":"Nema \u0161kole do \u0161ume - SDF - Srpski demokratski forum","robots":{"index":"index","follow":"follow","max-snippet":"max-snippet:-1","max-image-preview":"max-image-preview:large","max-video-preview":"max-video-preview:-1"},"canonical":"https:\/\/sdf.hr\/hr\/nada\/nema-skole-do-sume\/","og_locale":"hr_HR","og_type":"article","og_title":"Nema \u0161kole do \u0161ume - SDF - Srpski demokratski forum","og_description":"Tajno \u0161umsko dru\u0161tvo pru\u017ea djeci sigurno mjesto, slobodu i autenti\u010dno iskustvo duboke veze s prirodom, ka\u017ee Ana Zubak \u010dije su \u0161umske radionice dobile i Montessorijevu globalnu edukacijsku nagradu","og_url":"https:\/\/sdf.hr\/hr\/nada\/nema-skole-do-sume\/","og_site_name":"SDF - Srpski demokratski forum","article_modified_time":"2025-04-29T07:43:50+00:00","og_image":[{"width":2048,"height":1463,"url":"https:\/\/sdf.hr\/wp-content\/uploads\/2025\/04\/Tajno-sumsko-drustvo_Darko-Mares.jpg","type":"image\/jpeg"}],"twitter_card":"summary_large_image","twitter_misc":{"Procijenjeno vrijeme \u010ditanja":"6 minuta"},"schema":{"@context":"https:\/\/schema.org","@graph":[{"@type":"WebPage","@id":"https:\/\/sdf.hr\/hr\/nada\/nema-skole-do-sume\/","url":"https:\/\/sdf.hr\/hr\/nada\/nema-skole-do-sume\/","name":"Nema \u0161kole do \u0161ume - SDF - Srpski demokratski forum","isPartOf":{"@id":"https:\/\/sdf.hr\/#website"},"primaryImageOfPage":{"@id":"https:\/\/sdf.hr\/hr\/nada\/nema-skole-do-sume\/#primaryimage"},"image":{"@id":"https:\/\/sdf.hr\/hr\/nada\/nema-skole-do-sume\/#primaryimage"},"thumbnailUrl":"https:\/\/sdf.hr\/wp-content\/uploads\/2025\/04\/Tajno-sumsko-drustvo_Darko-Mares.jpg","datePublished":"2025-04-29T07:43:16+00:00","dateModified":"2025-04-29T07:43:50+00:00","breadcrumb":{"@id":"https:\/\/sdf.hr\/hr\/nada\/nema-skole-do-sume\/#breadcrumb"},"inLanguage":"hr","potentialAction":[{"@type":"ReadAction","target":["https:\/\/sdf.hr\/hr\/nada\/nema-skole-do-sume\/"]}]},{"@type":"ImageObject","inLanguage":"hr","@id":"https:\/\/sdf.hr\/hr\/nada\/nema-skole-do-sume\/#primaryimage","url":"https:\/\/sdf.hr\/wp-content\/uploads\/2025\/04\/Tajno-sumsko-drustvo_Darko-Mares.jpg","contentUrl":"https:\/\/sdf.hr\/wp-content\/uploads\/2025\/04\/Tajno-sumsko-drustvo_Darko-Mares.jpg","width":2048,"height":1463,"caption":"Ana s djecom u prirodi (Foto: Darko Mare\u0161)"},{"@type":"BreadcrumbList","@id":"https:\/\/sdf.hr\/hr\/nada\/nema-skole-do-sume\/#breadcrumb","itemListElement":[{"@type":"ListItem","position":1,"name":"Po\u010detna stranica","item":"https:\/\/sdf.hr\/hr\/"},{"@type":"ListItem","position":2,"name":"Nada","item":"https:\/\/sdf.hr\/nada\/"},{"@type":"ListItem","position":3,"name":"Nema \u0161kole do \u0161ume"}]},{"@type":"WebSite","@id":"https:\/\/sdf.hr\/#website","url":"https:\/\/sdf.hr\/","name":"SDF - Srpski demokratski forum","description":"Srpski demokratski forum","publisher":{"@id":"https:\/\/sdf.hr\/#organization"},"potentialAction":[{"@type":"SearchAction","target":{"@type":"EntryPoint","urlTemplate":"https:\/\/sdf.hr\/?s={search_term_string}"},"query-input":{"@type":"PropertyValueSpecification","valueRequired":true,"valueName":"search_term_string"}}],"inLanguage":"hr"},{"@type":"Organization","@id":"https:\/\/sdf.hr\/#organization","name":"SDF - Srpski demokratski forum","url":"https:\/\/sdf.hr\/","logo":{"@type":"ImageObject","inLanguage":"hr","@id":"https:\/\/sdf.hr\/#\/schema\/logo\/image\/","url":"https:\/\/sdf.hr\/wp-content\/uploads\/2021\/07\/logo-hr.svg","contentUrl":"https:\/\/sdf.hr\/wp-content\/uploads\/2021\/07\/logo-hr.svg","width":271,"height":100,"caption":"SDF - Srpski demokratski forum"},"image":{"@id":"https:\/\/sdf.hr\/#\/schema\/logo\/image\/"}}]}},"_links":{"self":[{"href":"https:\/\/sdf.hr\/hr\/wp-json\/wp\/v2\/nada\/6212","targetHints":{"allow":["GET"]}}],"collection":[{"href":"https:\/\/sdf.hr\/hr\/wp-json\/wp\/v2\/nada"}],"about":[{"href":"https:\/\/sdf.hr\/hr\/wp-json\/wp\/v2\/types\/nada"}],"wp:featuredmedia":[{"embeddable":true,"href":"https:\/\/sdf.hr\/hr\/wp-json\/wp\/v2\/media\/6209"}],"wp:attachment":[{"href":"https:\/\/sdf.hr\/hr\/wp-json\/wp\/v2\/media?parent=6212"}],"wp:term":[{"taxonomy":"post_tag","embeddable":true,"href":"https:\/\/sdf.hr\/hr\/wp-json\/wp\/v2\/tags?post=6212"},{"taxonomy":"atribut","embeddable":true,"href":"https:\/\/sdf.hr\/hr\/wp-json\/wp\/v2\/atribut?post=6212"}],"curies":[{"name":"wp","href":"https:\/\/api.w.org\/{rel}","templated":true}]}}