{"id":6217,"date":"2025-04-30T11:06:17","date_gmt":"2025-04-30T09:06:17","guid":{"rendered":"https:\/\/sdf.hr\/nada\/gaza-uzvraca-udarac\/"},"modified":"2025-04-30T11:06:32","modified_gmt":"2025-04-30T09:06:32","slug":"gaza-uzvraca-udarac","status":"publish","type":"nada","link":"https:\/\/sdf.hr\/hr\/nada\/gaza-uzvraca-udarac\/","title":{"rendered":"Gaza uzvra\u0107a udarac"},"content":{"rendered":"<p>Jedno nasmijano sme\u0111e oko gleda u kameru, drugo je prekriveno nesta\u0161nim pramenom sme\u0111e kose. Podignute pred licem djevoj\u010dica dr\u017ei dvije stisnute \u0161ake. Boksa\u010dica je, \u010dlanica prvog i jedinog \u017eenskog boksa\u010dkog kluba u Gazi. Fotografiju je prije tri godine snimio talijanski fotograf <strong>Daniele Napolitano<\/strong>. Od serije fotografija nastao je paketi\u0107 razglednica nazvan Razglednice iz Palestine, koji se posljednjih godina prodaje po razli\u010ditim alternativnim prostorima u Italiji, a novac od prodaje ide za podr\u0161ku palestinskim inicijativama. Razglednicu sam prona\u0161la u kulturnom centru Handala Ali u Napulju, nazvanom po palestinskom aktivistu <strong>Aliju Oraneyju<\/strong> koji je desetlje\u0107ima \u017eivio u tom talijanskom gradu.<\/p>\n<p>Po izlasku iz centra, odmah istra\u017eujem boksa\u010dki klub \u010dije su \u010dlanice postale lica s razglednica. Doznajem da su po\u010dele trenirati u maloj gara\u017ei u gradu Gazi 2018., a po\u010detkom 2023. dobile su prvi slu\u017ebeni prostor za trening i registrirale klub. U snimkama kojima su lokalni mediji popratili osnivanje kluba, djevojke, uglavnom tinejd\u017eerice, opisuju kako u boksu pronalaze odmak od svakodnevnog stresa \u017eivota u Gazi, kako imaju vi\u0161e samopouzdanja, kako su se nau\u010dile fokusirati na disanje i spoznale da je tijelo sposobno za mini, a ne samo makro kretnje. Klub je okupio 40-ak \u010dlanica, a vodio ih je trener <strong>Osama Ajub<\/strong>. U po\u010detku je bilo nemalo kritika na ra\u010dun djevojaka koje boksaju, nisu svi lokalci bili odu\u0161evljeni tim prizorom, ali upornim dolascima na treninge boksa\u010dice su ih prisilile da se naprosto naviknu.<\/p>\n<p>Osim njegovanja zdravog tijela i duha, boksa\u010dice su kao posebnu \u010dar bivanja u klubu isticale prijateljstva koja razvijaju, to da nakon treninga skupa odlaze na pla\u017eu ili pojesti sladoled. U jednom videu prijateljice <strong>Farah<\/strong>, <strong>Rahaf<\/strong> i <strong>Hala <\/strong>uzbu\u0111eno uglas konstatiraju: &#8220;Uvijek svugdje idemo zajedno.&#8221; Za mnoge su resurse bile zakinute jo\u0161 od prvih treninga u gara\u017ei, a izgradnja nove teretane i osnivanje kluba omogu\u0107eno je podr\u0161kom iz Italije, sredstvima koje je prikupljao rimski kolektiv Boxe Contro l\u2019Assedio (Boksom protiv okupacije). Donacije su prikupljane i u Palermu i Napulju, a grupa boksa\u010da iz Italije vi\u0161e je puta od 2018. odlazila u Gazu i pomagala pri izgradnji kluba. Tada je u Gazi bio i fotograf Napolitano, koji je Gazu opisao kao mjesto koje mu je okrenulo naopa\u010dke \u010ditav svijet i sve \u0161to je mislio da zna. Jedan od trenera Boksa protiv okupacije <strong>Fabrizio Troya<\/strong> u Gazi je bio 2022. i od tada koristi svaku priliku da ponovi da je Gaza rak-rana svijeta.<\/p>\n<p>U jednom od izraelskih napada nakon oktobra 2023. prvi i jedini \u017eenski boksa\u010dki klub u Gazi, pionirski i internacionalno gra\u0111en godinama i otvoren u osvit te godine, pretvoren je u ru\u0161evine. Sve \u010dlanice kluba u trenutku pisanja ovog teksta jo\u0161 uvijek su raseljene i ne mogu se vratiti svojim domovima. Dvije su \u010dlanice, zajedno sa \u010dlanovima svojih obitelji, ubijene. Trener Ajub posljednjih je godinu i pol selio od jednog do drugog izbjegli\u010dkog kampa, a ljetos su ga u kampu u Han Junisu kamere uhvatile kako na u\u017earenom pijesku izme\u0111u improviziranih \u0161atora s djevojkama trenira boks.<\/p>\n<p>&#8220;Od po\u010detka rata nisu uni\u0161teni samo na\u0161i domovi i na\u0161 boksa\u010dki klub, ve\u0107 i na\u0161a sje\u0107anja i snovi&#8221;, kazao je novinarima. Dodao je zatim da ih genocid ne\u0107e zaustaviti, i da \u0107e dokle god budu mogli uzvra\u0107ati udarac. Drito uz napuljsku razglednicu, mozak mi memorira tu sliku iz Han Junisa. Kako na pijesku, bez rukavica i vre\u0107a, drugarice golim \u0161akama udaraju u jastuke, koji \u0107e nekad opet biti samo za sanjanje.<\/p>\n<p><em>pi\u0161e Ivana Peri\u0107<\/em><\/p>\n","protected":false},"excerpt":{"rendered":"<p>Jedno nasmijano sme\u0111e oko gleda u kameru, drugo je prekriveno nesta\u0161nim pramenom sme\u0111e kose. Podignute pred licem djevoj\u010dica dr\u017ei dvije stisnute \u0161ake. Boksa\u010dica je, \u010dlanica prvog i jedinog \u017eenskog boksa\u010dkog kluba u Gazi<\/p>\n","protected":false},"featured_media":6216,"template":"","tags":[40],"atribut":[],"class_list":["post-6217","nada","type-nada","status-publish","has-post-thumbnail","hentry","tag-dvokorak-naprijed"],"acf":[],"yoast_head":"<!-- This site is optimized with the Yoast SEO plugin v27.4 - https:\/\/yoast.com\/product\/yoast-seo-wordpress\/ -->\n<title>Gaza uzvra\u0107a udarac - SDF - Srpski demokratski forum<\/title>\n<meta name=\"robots\" content=\"index, follow, max-snippet:-1, max-image-preview:large, max-video-preview:-1\" \/>\n<link rel=\"canonical\" href=\"https:\/\/sdf.hr\/hr\/nada\/gaza-uzvraca-udarac\/\" \/>\n<meta property=\"og:locale\" content=\"hr_HR\" \/>\n<meta property=\"og:type\" content=\"article\" \/>\n<meta property=\"og:title\" content=\"Gaza uzvra\u0107a udarac - SDF - Srpski demokratski forum\" \/>\n<meta property=\"og:description\" content=\"Jedno nasmijano sme\u0111e oko gleda u kameru, drugo je prekriveno nesta\u0161nim pramenom sme\u0111e kose. Podignute pred licem djevoj\u010dica dr\u017ei dvije stisnute \u0161ake. Boksa\u010dica je, \u010dlanica prvog i jedinog \u017eenskog boksa\u010dkog kluba u Gazi\" \/>\n<meta property=\"og:url\" content=\"https:\/\/sdf.hr\/hr\/nada\/gaza-uzvraca-udarac\/\" \/>\n<meta property=\"og:site_name\" content=\"SDF - Srpski demokratski forum\" \/>\n<meta property=\"article:modified_time\" content=\"2025-04-30T09:06:32+00:00\" \/>\n<meta property=\"og:image\" content=\"https:\/\/sdf.hr\/wp-content\/uploads\/2025\/04\/Boks-Gaza-scaled.jpg\" \/>\n\t<meta property=\"og:image:width\" content=\"2560\" \/>\n\t<meta property=\"og:image:height\" content=\"1922\" \/>\n\t<meta property=\"og:image:type\" content=\"image\/jpeg\" \/>\n<meta name=\"twitter:card\" content=\"summary_large_image\" \/>\n<meta name=\"twitter:label1\" content=\"Procijenjeno vrijeme \u010ditanja\" \/>\n\t<meta name=\"twitter:data1\" content=\"3 minute\" \/>\n<script type=\"application\/ld+json\" class=\"yoast-schema-graph\">{\"@context\":\"https:\\\/\\\/schema.org\",\"@graph\":[{\"@type\":\"WebPage\",\"@id\":\"https:\\\/\\\/sdf.hr\\\/hr\\\/nada\\\/gaza-uzvraca-udarac\\\/\",\"url\":\"https:\\\/\\\/sdf.hr\\\/hr\\\/nada\\\/gaza-uzvraca-udarac\\\/\",\"name\":\"Gaza uzvra\u0107a udarac - SDF - Srpski demokratski forum\",\"isPartOf\":{\"@id\":\"https:\\\/\\\/sdf.hr\\\/#website\"},\"primaryImageOfPage\":{\"@id\":\"https:\\\/\\\/sdf.hr\\\/hr\\\/nada\\\/gaza-uzvraca-udarac\\\/#primaryimage\"},\"image\":{\"@id\":\"https:\\\/\\\/sdf.hr\\\/hr\\\/nada\\\/gaza-uzvraca-udarac\\\/#primaryimage\"},\"thumbnailUrl\":\"https:\\\/\\\/sdf.hr\\\/wp-content\\\/uploads\\\/2025\\\/04\\\/Boks-Gaza-scaled.jpg\",\"datePublished\":\"2025-04-30T09:06:17+00:00\",\"dateModified\":\"2025-04-30T09:06:32+00:00\",\"breadcrumb\":{\"@id\":\"https:\\\/\\\/sdf.hr\\\/hr\\\/nada\\\/gaza-uzvraca-udarac\\\/#breadcrumb\"},\"inLanguage\":\"hr\",\"potentialAction\":[{\"@type\":\"ReadAction\",\"target\":[\"https:\\\/\\\/sdf.hr\\\/hr\\\/nada\\\/gaza-uzvraca-udarac\\\/\"]}]},{\"@type\":\"ImageObject\",\"inLanguage\":\"hr\",\"@id\":\"https:\\\/\\\/sdf.hr\\\/hr\\\/nada\\\/gaza-uzvraca-udarac\\\/#primaryimage\",\"url\":\"https:\\\/\\\/sdf.hr\\\/wp-content\\\/uploads\\\/2025\\\/04\\\/Boks-Gaza-scaled.jpg\",\"contentUrl\":\"https:\\\/\\\/sdf.hr\\\/wp-content\\\/uploads\\\/2025\\\/04\\\/Boks-Gaza-scaled.jpg\",\"width\":2560,\"height\":1922,\"caption\":\"Razglednica iz Palestine\"},{\"@type\":\"BreadcrumbList\",\"@id\":\"https:\\\/\\\/sdf.hr\\\/hr\\\/nada\\\/gaza-uzvraca-udarac\\\/#breadcrumb\",\"itemListElement\":[{\"@type\":\"ListItem\",\"position\":1,\"name\":\"Po\u010detna stranica\",\"item\":\"https:\\\/\\\/sdf.hr\\\/hr\\\/\"},{\"@type\":\"ListItem\",\"position\":2,\"name\":\"Nada\",\"item\":\"https:\\\/\\\/sdf.hr\\\/nada\\\/\"},{\"@type\":\"ListItem\",\"position\":3,\"name\":\"Gaza uzvra\u0107a udarac\"}]},{\"@type\":\"WebSite\",\"@id\":\"https:\\\/\\\/sdf.hr\\\/#website\",\"url\":\"https:\\\/\\\/sdf.hr\\\/\",\"name\":\"SDF - Srpski demokratski forum\",\"description\":\"Srpski demokratski forum\",\"publisher\":{\"@id\":\"https:\\\/\\\/sdf.hr\\\/#organization\"},\"potentialAction\":[{\"@type\":\"SearchAction\",\"target\":{\"@type\":\"EntryPoint\",\"urlTemplate\":\"https:\\\/\\\/sdf.hr\\\/?s={search_term_string}\"},\"query-input\":{\"@type\":\"PropertyValueSpecification\",\"valueRequired\":true,\"valueName\":\"search_term_string\"}}],\"inLanguage\":\"hr\"},{\"@type\":\"Organization\",\"@id\":\"https:\\\/\\\/sdf.hr\\\/#organization\",\"name\":\"SDF - Srpski demokratski forum\",\"url\":\"https:\\\/\\\/sdf.hr\\\/\",\"logo\":{\"@type\":\"ImageObject\",\"inLanguage\":\"hr\",\"@id\":\"https:\\\/\\\/sdf.hr\\\/#\\\/schema\\\/logo\\\/image\\\/\",\"url\":\"https:\\\/\\\/sdf.hr\\\/wp-content\\\/uploads\\\/2021\\\/07\\\/logo-hr.svg\",\"contentUrl\":\"https:\\\/\\\/sdf.hr\\\/wp-content\\\/uploads\\\/2021\\\/07\\\/logo-hr.svg\",\"width\":271,\"height\":100,\"caption\":\"SDF - Srpski demokratski forum\"},\"image\":{\"@id\":\"https:\\\/\\\/sdf.hr\\\/#\\\/schema\\\/logo\\\/image\\\/\"}}]}<\/script>\n<!-- \/ Yoast SEO plugin. -->","yoast_head_json":{"title":"Gaza uzvra\u0107a udarac - SDF - Srpski demokratski forum","robots":{"index":"index","follow":"follow","max-snippet":"max-snippet:-1","max-image-preview":"max-image-preview:large","max-video-preview":"max-video-preview:-1"},"canonical":"https:\/\/sdf.hr\/hr\/nada\/gaza-uzvraca-udarac\/","og_locale":"hr_HR","og_type":"article","og_title":"Gaza uzvra\u0107a udarac - SDF - Srpski demokratski forum","og_description":"Jedno nasmijano sme\u0111e oko gleda u kameru, drugo je prekriveno nesta\u0161nim pramenom sme\u0111e kose. Podignute pred licem djevoj\u010dica dr\u017ei dvije stisnute \u0161ake. Boksa\u010dica je, \u010dlanica prvog i jedinog \u017eenskog boksa\u010dkog kluba u Gazi","og_url":"https:\/\/sdf.hr\/hr\/nada\/gaza-uzvraca-udarac\/","og_site_name":"SDF - Srpski demokratski forum","article_modified_time":"2025-04-30T09:06:32+00:00","og_image":[{"width":2560,"height":1922,"url":"https:\/\/sdf.hr\/wp-content\/uploads\/2025\/04\/Boks-Gaza-scaled.jpg","type":"image\/jpeg"}],"twitter_card":"summary_large_image","twitter_misc":{"Procijenjeno vrijeme \u010ditanja":"3 minute"},"schema":{"@context":"https:\/\/schema.org","@graph":[{"@type":"WebPage","@id":"https:\/\/sdf.hr\/hr\/nada\/gaza-uzvraca-udarac\/","url":"https:\/\/sdf.hr\/hr\/nada\/gaza-uzvraca-udarac\/","name":"Gaza uzvra\u0107a udarac - SDF - Srpski demokratski forum","isPartOf":{"@id":"https:\/\/sdf.hr\/#website"},"primaryImageOfPage":{"@id":"https:\/\/sdf.hr\/hr\/nada\/gaza-uzvraca-udarac\/#primaryimage"},"image":{"@id":"https:\/\/sdf.hr\/hr\/nada\/gaza-uzvraca-udarac\/#primaryimage"},"thumbnailUrl":"https:\/\/sdf.hr\/wp-content\/uploads\/2025\/04\/Boks-Gaza-scaled.jpg","datePublished":"2025-04-30T09:06:17+00:00","dateModified":"2025-04-30T09:06:32+00:00","breadcrumb":{"@id":"https:\/\/sdf.hr\/hr\/nada\/gaza-uzvraca-udarac\/#breadcrumb"},"inLanguage":"hr","potentialAction":[{"@type":"ReadAction","target":["https:\/\/sdf.hr\/hr\/nada\/gaza-uzvraca-udarac\/"]}]},{"@type":"ImageObject","inLanguage":"hr","@id":"https:\/\/sdf.hr\/hr\/nada\/gaza-uzvraca-udarac\/#primaryimage","url":"https:\/\/sdf.hr\/wp-content\/uploads\/2025\/04\/Boks-Gaza-scaled.jpg","contentUrl":"https:\/\/sdf.hr\/wp-content\/uploads\/2025\/04\/Boks-Gaza-scaled.jpg","width":2560,"height":1922,"caption":"Razglednica iz Palestine"},{"@type":"BreadcrumbList","@id":"https:\/\/sdf.hr\/hr\/nada\/gaza-uzvraca-udarac\/#breadcrumb","itemListElement":[{"@type":"ListItem","position":1,"name":"Po\u010detna stranica","item":"https:\/\/sdf.hr\/hr\/"},{"@type":"ListItem","position":2,"name":"Nada","item":"https:\/\/sdf.hr\/nada\/"},{"@type":"ListItem","position":3,"name":"Gaza uzvra\u0107a udarac"}]},{"@type":"WebSite","@id":"https:\/\/sdf.hr\/#website","url":"https:\/\/sdf.hr\/","name":"SDF - Srpski demokratski forum","description":"Srpski demokratski forum","publisher":{"@id":"https:\/\/sdf.hr\/#organization"},"potentialAction":[{"@type":"SearchAction","target":{"@type":"EntryPoint","urlTemplate":"https:\/\/sdf.hr\/?s={search_term_string}"},"query-input":{"@type":"PropertyValueSpecification","valueRequired":true,"valueName":"search_term_string"}}],"inLanguage":"hr"},{"@type":"Organization","@id":"https:\/\/sdf.hr\/#organization","name":"SDF - Srpski demokratski forum","url":"https:\/\/sdf.hr\/","logo":{"@type":"ImageObject","inLanguage":"hr","@id":"https:\/\/sdf.hr\/#\/schema\/logo\/image\/","url":"https:\/\/sdf.hr\/wp-content\/uploads\/2021\/07\/logo-hr.svg","contentUrl":"https:\/\/sdf.hr\/wp-content\/uploads\/2021\/07\/logo-hr.svg","width":271,"height":100,"caption":"SDF - Srpski demokratski forum"},"image":{"@id":"https:\/\/sdf.hr\/#\/schema\/logo\/image\/"}}]}},"_links":{"self":[{"href":"https:\/\/sdf.hr\/hr\/wp-json\/wp\/v2\/nada\/6217","targetHints":{"allow":["GET"]}}],"collection":[{"href":"https:\/\/sdf.hr\/hr\/wp-json\/wp\/v2\/nada"}],"about":[{"href":"https:\/\/sdf.hr\/hr\/wp-json\/wp\/v2\/types\/nada"}],"wp:featuredmedia":[{"embeddable":true,"href":"https:\/\/sdf.hr\/hr\/wp-json\/wp\/v2\/media\/6216"}],"wp:attachment":[{"href":"https:\/\/sdf.hr\/hr\/wp-json\/wp\/v2\/media?parent=6217"}],"wp:term":[{"taxonomy":"post_tag","embeddable":true,"href":"https:\/\/sdf.hr\/hr\/wp-json\/wp\/v2\/tags?post=6217"},{"taxonomy":"atribut","embeddable":true,"href":"https:\/\/sdf.hr\/hr\/wp-json\/wp\/v2\/atribut?post=6217"}],"curies":[{"name":"wp","href":"https:\/\/api.w.org\/{rel}","templated":true}]}}