{"id":6248,"date":"2025-05-02T16:04:21","date_gmt":"2025-05-02T14:04:21","guid":{"rendered":"https:\/\/sdf.hr\/nada\/aktivizam-se-zivi-svakoga-dana\/"},"modified":"2025-05-02T16:04:41","modified_gmt":"2025-05-02T14:04:41","slug":"aktivizam-se-zivi-svakoga-dana","status":"publish","type":"nada","link":"https:\/\/sdf.hr\/hr\/nada\/aktivizam-se-zivi-svakoga-dana\/","title":{"rendered":"Aktivizam se \u017eivi svakoga dana"},"content":{"rendered":"<p>U vremenu sve ve\u0107eg broja povr\u0161nih narativa, <strong>Azra Ayyash<\/strong> iz Zadra predstavlja primjer osobe koja dosljedno ustraje nad kompleksnosti, integritetu i principima. Javnosti poznata kao novinarka i aktivistkinja za ljudska prava, Azra svoj rad ne do\u017eivljava kao titulu, ve\u0107 kao svakodnevnu praksu.<\/p>\n<p>&#8211; Nastojim svjesno i savjesno \u017eivjeti i djelovati unutar zajednica kojih sam dio \u2013 ka\u017ee Azra, svode\u0107i svoj pristup na ono najbitnije: odgovornost prema drugima i sebi.<\/p>\n<p>U profesionalnom putu, naro\u010dito isti\u010de godine provedene u Zakladi Solidarna, koje opisuje kao iznimno formativne. Tamo je sudjelovala u nizu programa \u2013 od pru\u017eanja pomo\u0107i nakon potresa na Baniji i podr\u0161ke \u017eenama \u017ertvama nasilja, podr\u0161ke \u0161kolarcima slabijeg imovinskog statusa do edukacije mladih o medijskoj pismenosti i digitalnom aktivizmu kroz Erasmus+ programe. Kao najvrjednije iskustvo izdvaja upravo suradnje s ljudima koji su je, ka\u017ee, u\u010dili o dru\u0161tvu, ali i o vlastitim granicama, snazi i otpornosti.<\/p>\n<p>&#8211; Uvijek govorim kako ne postoji radno mjesto na kojem bih vi\u0161e nau\u010dila o dru\u0161tvu u kojem \u017eivimo, ali i o samoj sebi i vlastitim kapacitetima. Na tome sam najzahvalnija ljudima s kojima sam tamo imala priliku sura\u0111ivati. Poseban utisak na mene su ostavile <strong>Sanja Sarnavka<\/strong> i <strong>Marina \u0160krabalo<\/strong>, kao aktivistkinje, feministkinje, a pogotovo kao \u017eene \u2013 govori Azra.<\/p>\n<p>Iako danas djeluje kroz vlastite poduzetni\u010dke projekte, Ayyash nije napustila aktivizam. Suradnju ostvaruje s organizacijama poput Crvenih nosova i udruge Krijesnica, razvijaju\u0107i kampanje koje donose vidljivost najranjivijima, posebice djeci i njihovim obiteljima. Uz gore navedeno trenutno je polaznica ovogodi\u0161nje Politi\u010dke akademije SNV-a i vodi radionice medijske pismenosti za osnovno\u0161kolce u novootvorenom Srpskom kulturnom centru (SKC) u Zadru, gdje spaja obrazovanje s izgradnjom prostora povjerenja i dijaloga.<\/p>\n<p>Iako voli dobre knjige i filmove, ka\u017ee da je najvi\u0161e inspiriraju svakodnevne situacije \u2013 ljudi oko nje, njihove potrebe, borbe i na\u010dini na koje se snalaze. Za nju je aktivizam ne\u0161to \u0161to se \u017eivi svakoga dana, potaknut konkretnim razgovorima, prazninama koje osjeti i boli koju prepoznaje, uz stalnu \u017eelju da doprinese promjeni. Isti\u010de kako bez obzira koliko to zvu\u010dalo kao kli\u0161ej, najve\u0107u inspiraciju crpi iz svoje majke \u2013 \u017eene koja ju je vlastitim primjerom nau\u010dila \u0161to zna\u010de ljubav, odgovornost i integritet. U kontekstu grada koji se \u010desto percipira kao zatvoren, SKC Zadar svakako vidi kao korak u pravom smjeru, kao prostor u kojem pripadnici zajednice mogu slobodno \u017eivjeti svoj identitet, bez skrivanja, straha ili obja\u0161njavanja. Za nju su prostori kao \u0161to je SKC va\u017eni da poka\u017eu kako su stvari promjenjive. To je princip \u2013 kad postoji volja, postoji i prostor za dijalog, kulturu i zajedni\u0161tvo.<\/p>\n<p>&#8211; \u0160to se ti\u010de povezivanja srpske zajednice sa zadarskim mentalitetom, rekla bih da smo mi koji ovdje \u017eivimo, koji smo ovdje ro\u0111eni i odrasli, koliko Srbi, toliko i Zadrani. Zadarski mentalitet nije nam ne\u0161to strano \u2013 to je i na\u0161a svakodnevica, na\u0161i kvartovi, more i na\u010din komunikacije \u2013 govori Azra.<\/p>\n<p>&#8211; Dok ve\u0107ina pola\u017ee pravo na bijes i frustraciju, manjine se gura u ulogu edukatora koji se u svakoj prilici mora &#8220;lijepo izra\u017eavati&#8221; da bi ga se uop\u0107e saslu\u0161alo. Istina ne mora biti ugodna da bi bila nu\u017ena. To je forma cenzure upakirana u komunikacijske norme. Kao aktivistkinja koja je medije \u010desto koristila kao alat, ali i kao netko tko je medijski pogre\u0161no interpretiran, smatram da je promjena mogu\u0107a samo ako se promijeni struktura te pristup samih medija \u2013 govori ona.<\/p>\n<p>Mediji imaju ogromnu mo\u0107 u oblikovanju dru\u0161tvenih percepcija, pogotovo kad je rije\u010d o manjinskim i marginaliziranim zajednicama. Na\u017ealost, \u010desto vidimo da se o manjinama govori, ali se s njima rijetko razgovara. Senzacionalizam je prvi filter kroz koji nas se prikazuje.<\/p>\n<p>&#8211; Trauma, sukob, bilo \u0161to izvan norme i &#8220;druga\u010dije&#8221; prodaju klikove, ali i pojednostavljuju. Takvi narativi ne doprinose razumijevanju ve\u0107 odr\u017eavaju stereotipe i \u010ditateljima nude emociju bez konteksta, klik bez odgovornosti, nakon \u010dega su manjinske zajednice i pojedinci koji javno istupaju prepu\u0161teni posljedicama, a to su nerijetko valovi mr\u017enje, makar bili reducirani na online prostor \u2013 govori Azra te dodaje da poseban problem vidi u tome \u0161to se od manjinskih glasova tra\u017ei da uvijek budu pristojni, zbog \u010dega je potrebno vi\u0161e novinarki i novinara koji dolaze iz zajednica o kojima se pi\u0161e.<\/p>\n<p>Identitet je za Azru kako osobna, tako i politi\u010dka tema. Ne bje\u017ei od svojih vi\u0161eslojnosti \u2013 istovremeno je, kako ka\u017ee, lezbijka, Srpkinja, Palestinka, aktivistkinja, koja njeguje porodi\u010dne vrijednosti. Protivi se reduktivnom pristupu identitetima i upozorava na potrebu da osobe ne budu svedene na jednu oznaku koju dru\u0161tvo lak\u0161e konzumira. &#8220;Moji identiteti \u017eive zajedno, bez hijerarhije&#8221;, isti\u010de.<\/p>\n<p>&#8211; Balans nije harmonija u svakom trenutku. Ponekad je to i konflikt, i pitanje pripadanja, i zamor od konstantnog obja\u0161njavanja. S godinama sam nau\u010dila da balans za mene zna\u010di svakodnevno raditi na tome da ne reduciram sebe na dijelove kako bi me okolina lak\u0161e probavila. To zna\u010di postojati u svojoj cijelosti \u2013 i kad je nelagodno i kad izaziva otpor \u2013 ka\u017ee ona.<\/p>\n<p>\u017divimo u dru\u0161tvu u kojem su seksualna orijentacija i rodni identitet temelji na kojima se donose i provode diskriminatorni zakoni. Kada dru\u0161tvo i institucije prestanu tretirati seksualnu orijentaciju kao presudan faktor u pristupu Ustavom zajam\u010denim pravima, ona \u0107e se prestati &#8220;isticati&#8221;. Iznimno je poga\u0111a kada se rasprava o obiteljskim pravima svede na biolo\u0161ki argument &#8220;LGBT+ osobe se ne mogu prirodno razmno\u017eavati, pa ne bi trebale odgajati djecu&#8221;. Po toj logici, kako ka\u017ee, ni parovi koji imaju problema s plodno\u0161\u0107u ne bi trebali imati obitelj jer &#8220;priroda nije htjela&#8221;. A znamo da tako ne gledamo svijet.<\/p>\n<p>&#8211; Najva\u017enije mi je istaknuti da cilj borbe LGBT+ osoba nije da se bilo koja seksualna orijentacija ili rodni identitet &#8220;prihvate kao normalni&#8221;, ve\u0107 da prestanu biti tema. Da ne budu temelj zakona, prava ili ograni\u010denja. Da budemo ljudi koji se gledaju kao ljudi, bez fusnota \u2013ka\u017ee Azra te dodaje kako pojednostavljivanje identiteta \u010desto proizlazi iz potrebe da ljude stavimo u uredne ladice te da lak\u0161e \u010ditamo tko je tko i \u0161to s kim smijemo ili ne smijemo.<\/p>\n<p>U kontekstu borbe za prava LGBT+ osoba isti\u010de kako prava nisu samo zakoni, ve\u0107 i praksa, kultura te ono kako se odnosimo jedni prema drugima. U Hrvatskoj smo izborili neka pravna rje\u0161enja kao \u0161to su \u017eivotno partnerstvo i mogu\u0107nost udomljavanja, ali su\u0161tinski od nas se o\u010dekuje da &#8220;ne talasa\u0161 previ\u0161e&#8221;. Globalno gledano, negdje se ostvaruju ogromni pomaci, dok se u drugim dijelovima svijeta vra\u0107a desetlje\u0107ima unatrag. Taj paradoks pokazuje da borba nikad nije linearna niti zavr\u0161ena, zaklju\u010duje Azra Ayyash.<\/p>\n<p><em>pi\u0161e Jelena Miri\u0107<\/em><\/p>\n","protected":false},"excerpt":{"rendered":"<p>Za Azru Ayyash identitet je i osobna i politi\u010dka tema. Ona ne bje\u017ei od svojih vi\u0161eslojnosti i upozorava na potrebu da osobe ne budu svedene na jednu oznaku koju dru\u0161tvo lak\u0161e konzumira. &#8220;Moji identiteti \u017eive zajedno, bez hijerarhije&#8221;, isti\u010de Azra<\/p>\n","protected":false},"featured_media":6247,"template":"","tags":[136],"atribut":[],"class_list":["post-6248","nada","type-nada","status-publish","has-post-thumbnail","hentry","tag-portret"],"acf":[],"yoast_head":"<!-- This site is optimized with the Yoast SEO plugin v27.4 - https:\/\/yoast.com\/product\/yoast-seo-wordpress\/ -->\n<title>Aktivizam se \u017eivi svakoga dana - SDF - Srpski demokratski forum<\/title>\n<meta name=\"robots\" content=\"index, follow, max-snippet:-1, max-image-preview:large, max-video-preview:-1\" \/>\n<link rel=\"canonical\" href=\"https:\/\/sdf.hr\/hr\/nada\/aktivizam-se-zivi-svakoga-dana\/\" \/>\n<meta property=\"og:locale\" content=\"hr_HR\" \/>\n<meta property=\"og:type\" content=\"article\" \/>\n<meta property=\"og:title\" content=\"Aktivizam se \u017eivi svakoga dana - SDF - Srpski demokratski forum\" \/>\n<meta property=\"og:description\" content=\"Za Azru Ayyash identitet je i osobna i politi\u010dka tema. Ona ne bje\u017ei od svojih vi\u0161eslojnosti i upozorava na potrebu da osobe ne budu svedene na jednu oznaku koju dru\u0161tvo lak\u0161e konzumira. &quot;Moji identiteti \u017eive zajedno, bez hijerarhije&quot;, isti\u010de Azra\" \/>\n<meta property=\"og:url\" content=\"https:\/\/sdf.hr\/hr\/nada\/aktivizam-se-zivi-svakoga-dana\/\" \/>\n<meta property=\"og:site_name\" content=\"SDF - Srpski demokratski forum\" \/>\n<meta property=\"article:modified_time\" content=\"2025-05-02T14:04:41+00:00\" \/>\n<meta property=\"og:image\" content=\"https:\/\/sdf.hr\/wp-content\/uploads\/2025\/05\/Ayyash_Lara-Varat.jpg\" \/>\n\t<meta property=\"og:image:width\" content=\"1724\" \/>\n\t<meta property=\"og:image:height\" content=\"1294\" \/>\n\t<meta property=\"og:image:type\" content=\"image\/jpeg\" \/>\n<meta name=\"twitter:card\" content=\"summary_large_image\" \/>\n<meta name=\"twitter:label1\" content=\"Procijenjeno vrijeme \u010ditanja\" \/>\n\t<meta name=\"twitter:data1\" content=\"6 minuta\" \/>\n<script type=\"application\/ld+json\" class=\"yoast-schema-graph\">{\"@context\":\"https:\\\/\\\/schema.org\",\"@graph\":[{\"@type\":\"WebPage\",\"@id\":\"https:\\\/\\\/sdf.hr\\\/hr\\\/nada\\\/aktivizam-se-zivi-svakoga-dana\\\/\",\"url\":\"https:\\\/\\\/sdf.hr\\\/hr\\\/nada\\\/aktivizam-se-zivi-svakoga-dana\\\/\",\"name\":\"Aktivizam se \u017eivi svakoga dana - SDF - Srpski demokratski forum\",\"isPartOf\":{\"@id\":\"https:\\\/\\\/sdf.hr\\\/#website\"},\"primaryImageOfPage\":{\"@id\":\"https:\\\/\\\/sdf.hr\\\/hr\\\/nada\\\/aktivizam-se-zivi-svakoga-dana\\\/#primaryimage\"},\"image\":{\"@id\":\"https:\\\/\\\/sdf.hr\\\/hr\\\/nada\\\/aktivizam-se-zivi-svakoga-dana\\\/#primaryimage\"},\"thumbnailUrl\":\"https:\\\/\\\/sdf.hr\\\/wp-content\\\/uploads\\\/2025\\\/05\\\/Ayyash_Lara-Varat.jpg\",\"datePublished\":\"2025-05-02T14:04:21+00:00\",\"dateModified\":\"2025-05-02T14:04:41+00:00\",\"breadcrumb\":{\"@id\":\"https:\\\/\\\/sdf.hr\\\/hr\\\/nada\\\/aktivizam-se-zivi-svakoga-dana\\\/#breadcrumb\"},\"inLanguage\":\"hr\",\"potentialAction\":[{\"@type\":\"ReadAction\",\"target\":[\"https:\\\/\\\/sdf.hr\\\/hr\\\/nada\\\/aktivizam-se-zivi-svakoga-dana\\\/\"]}]},{\"@type\":\"ImageObject\",\"inLanguage\":\"hr\",\"@id\":\"https:\\\/\\\/sdf.hr\\\/hr\\\/nada\\\/aktivizam-se-zivi-svakoga-dana\\\/#primaryimage\",\"url\":\"https:\\\/\\\/sdf.hr\\\/wp-content\\\/uploads\\\/2025\\\/05\\\/Ayyash_Lara-Varat.jpg\",\"contentUrl\":\"https:\\\/\\\/sdf.hr\\\/wp-content\\\/uploads\\\/2025\\\/05\\\/Ayyash_Lara-Varat.jpg\",\"width\":1724,\"height\":1294,\"caption\":\"Azra Ayyash (Foto: Lara Varat)\"},{\"@type\":\"BreadcrumbList\",\"@id\":\"https:\\\/\\\/sdf.hr\\\/hr\\\/nada\\\/aktivizam-se-zivi-svakoga-dana\\\/#breadcrumb\",\"itemListElement\":[{\"@type\":\"ListItem\",\"position\":1,\"name\":\"Po\u010detna stranica\",\"item\":\"https:\\\/\\\/sdf.hr\\\/hr\\\/\"},{\"@type\":\"ListItem\",\"position\":2,\"name\":\"Nada\",\"item\":\"https:\\\/\\\/sdf.hr\\\/nada\\\/\"},{\"@type\":\"ListItem\",\"position\":3,\"name\":\"Aktivizam se \u017eivi svakoga dana\"}]},{\"@type\":\"WebSite\",\"@id\":\"https:\\\/\\\/sdf.hr\\\/#website\",\"url\":\"https:\\\/\\\/sdf.hr\\\/\",\"name\":\"SDF - Srpski demokratski forum\",\"description\":\"Srpski demokratski forum\",\"publisher\":{\"@id\":\"https:\\\/\\\/sdf.hr\\\/#organization\"},\"potentialAction\":[{\"@type\":\"SearchAction\",\"target\":{\"@type\":\"EntryPoint\",\"urlTemplate\":\"https:\\\/\\\/sdf.hr\\\/?s={search_term_string}\"},\"query-input\":{\"@type\":\"PropertyValueSpecification\",\"valueRequired\":true,\"valueName\":\"search_term_string\"}}],\"inLanguage\":\"hr\"},{\"@type\":\"Organization\",\"@id\":\"https:\\\/\\\/sdf.hr\\\/#organization\",\"name\":\"SDF - Srpski demokratski forum\",\"url\":\"https:\\\/\\\/sdf.hr\\\/\",\"logo\":{\"@type\":\"ImageObject\",\"inLanguage\":\"hr\",\"@id\":\"https:\\\/\\\/sdf.hr\\\/#\\\/schema\\\/logo\\\/image\\\/\",\"url\":\"https:\\\/\\\/sdf.hr\\\/wp-content\\\/uploads\\\/2021\\\/07\\\/logo-hr.svg\",\"contentUrl\":\"https:\\\/\\\/sdf.hr\\\/wp-content\\\/uploads\\\/2021\\\/07\\\/logo-hr.svg\",\"width\":271,\"height\":100,\"caption\":\"SDF - Srpski demokratski forum\"},\"image\":{\"@id\":\"https:\\\/\\\/sdf.hr\\\/#\\\/schema\\\/logo\\\/image\\\/\"}}]}<\/script>\n<!-- \/ Yoast SEO plugin. -->","yoast_head_json":{"title":"Aktivizam se \u017eivi svakoga dana - SDF - Srpski demokratski forum","robots":{"index":"index","follow":"follow","max-snippet":"max-snippet:-1","max-image-preview":"max-image-preview:large","max-video-preview":"max-video-preview:-1"},"canonical":"https:\/\/sdf.hr\/hr\/nada\/aktivizam-se-zivi-svakoga-dana\/","og_locale":"hr_HR","og_type":"article","og_title":"Aktivizam se \u017eivi svakoga dana - SDF - Srpski demokratski forum","og_description":"Za Azru Ayyash identitet je i osobna i politi\u010dka tema. Ona ne bje\u017ei od svojih vi\u0161eslojnosti i upozorava na potrebu da osobe ne budu svedene na jednu oznaku koju dru\u0161tvo lak\u0161e konzumira. \"Moji identiteti \u017eive zajedno, bez hijerarhije\", isti\u010de Azra","og_url":"https:\/\/sdf.hr\/hr\/nada\/aktivizam-se-zivi-svakoga-dana\/","og_site_name":"SDF - Srpski demokratski forum","article_modified_time":"2025-05-02T14:04:41+00:00","og_image":[{"width":1724,"height":1294,"url":"https:\/\/sdf.hr\/wp-content\/uploads\/2025\/05\/Ayyash_Lara-Varat.jpg","type":"image\/jpeg"}],"twitter_card":"summary_large_image","twitter_misc":{"Procijenjeno vrijeme \u010ditanja":"6 minuta"},"schema":{"@context":"https:\/\/schema.org","@graph":[{"@type":"WebPage","@id":"https:\/\/sdf.hr\/hr\/nada\/aktivizam-se-zivi-svakoga-dana\/","url":"https:\/\/sdf.hr\/hr\/nada\/aktivizam-se-zivi-svakoga-dana\/","name":"Aktivizam se \u017eivi svakoga dana - SDF - Srpski demokratski forum","isPartOf":{"@id":"https:\/\/sdf.hr\/#website"},"primaryImageOfPage":{"@id":"https:\/\/sdf.hr\/hr\/nada\/aktivizam-se-zivi-svakoga-dana\/#primaryimage"},"image":{"@id":"https:\/\/sdf.hr\/hr\/nada\/aktivizam-se-zivi-svakoga-dana\/#primaryimage"},"thumbnailUrl":"https:\/\/sdf.hr\/wp-content\/uploads\/2025\/05\/Ayyash_Lara-Varat.jpg","datePublished":"2025-05-02T14:04:21+00:00","dateModified":"2025-05-02T14:04:41+00:00","breadcrumb":{"@id":"https:\/\/sdf.hr\/hr\/nada\/aktivizam-se-zivi-svakoga-dana\/#breadcrumb"},"inLanguage":"hr","potentialAction":[{"@type":"ReadAction","target":["https:\/\/sdf.hr\/hr\/nada\/aktivizam-se-zivi-svakoga-dana\/"]}]},{"@type":"ImageObject","inLanguage":"hr","@id":"https:\/\/sdf.hr\/hr\/nada\/aktivizam-se-zivi-svakoga-dana\/#primaryimage","url":"https:\/\/sdf.hr\/wp-content\/uploads\/2025\/05\/Ayyash_Lara-Varat.jpg","contentUrl":"https:\/\/sdf.hr\/wp-content\/uploads\/2025\/05\/Ayyash_Lara-Varat.jpg","width":1724,"height":1294,"caption":"Azra Ayyash (Foto: Lara Varat)"},{"@type":"BreadcrumbList","@id":"https:\/\/sdf.hr\/hr\/nada\/aktivizam-se-zivi-svakoga-dana\/#breadcrumb","itemListElement":[{"@type":"ListItem","position":1,"name":"Po\u010detna stranica","item":"https:\/\/sdf.hr\/hr\/"},{"@type":"ListItem","position":2,"name":"Nada","item":"https:\/\/sdf.hr\/nada\/"},{"@type":"ListItem","position":3,"name":"Aktivizam se \u017eivi svakoga dana"}]},{"@type":"WebSite","@id":"https:\/\/sdf.hr\/#website","url":"https:\/\/sdf.hr\/","name":"SDF - Srpski demokratski forum","description":"Srpski demokratski forum","publisher":{"@id":"https:\/\/sdf.hr\/#organization"},"potentialAction":[{"@type":"SearchAction","target":{"@type":"EntryPoint","urlTemplate":"https:\/\/sdf.hr\/?s={search_term_string}"},"query-input":{"@type":"PropertyValueSpecification","valueRequired":true,"valueName":"search_term_string"}}],"inLanguage":"hr"},{"@type":"Organization","@id":"https:\/\/sdf.hr\/#organization","name":"SDF - Srpski demokratski forum","url":"https:\/\/sdf.hr\/","logo":{"@type":"ImageObject","inLanguage":"hr","@id":"https:\/\/sdf.hr\/#\/schema\/logo\/image\/","url":"https:\/\/sdf.hr\/wp-content\/uploads\/2021\/07\/logo-hr.svg","contentUrl":"https:\/\/sdf.hr\/wp-content\/uploads\/2021\/07\/logo-hr.svg","width":271,"height":100,"caption":"SDF - Srpski demokratski forum"},"image":{"@id":"https:\/\/sdf.hr\/#\/schema\/logo\/image\/"}}]}},"_links":{"self":[{"href":"https:\/\/sdf.hr\/hr\/wp-json\/wp\/v2\/nada\/6248","targetHints":{"allow":["GET"]}}],"collection":[{"href":"https:\/\/sdf.hr\/hr\/wp-json\/wp\/v2\/nada"}],"about":[{"href":"https:\/\/sdf.hr\/hr\/wp-json\/wp\/v2\/types\/nada"}],"wp:featuredmedia":[{"embeddable":true,"href":"https:\/\/sdf.hr\/hr\/wp-json\/wp\/v2\/media\/6247"}],"wp:attachment":[{"href":"https:\/\/sdf.hr\/hr\/wp-json\/wp\/v2\/media?parent=6248"}],"wp:term":[{"taxonomy":"post_tag","embeddable":true,"href":"https:\/\/sdf.hr\/hr\/wp-json\/wp\/v2\/tags?post=6248"},{"taxonomy":"atribut","embeddable":true,"href":"https:\/\/sdf.hr\/hr\/wp-json\/wp\/v2\/atribut?post=6248"}],"curies":[{"name":"wp","href":"https:\/\/api.w.org\/{rel}","templated":true}]}}