{"id":6287,"date":"2025-05-09T15:36:03","date_gmt":"2025-05-09T13:36:03","guid":{"rendered":"https:\/\/sdf.hr\/nada\/rapsodija-mladosti\/"},"modified":"2025-05-09T15:37:10","modified_gmt":"2025-05-09T13:37:10","slug":"rapsodija-mladosti","status":"publish","type":"nada","link":"https:\/\/sdf.hr\/hr\/nada\/rapsodija-mladosti\/","title":{"rendered":"Rapsodija mladosti"},"content":{"rendered":"<p>Zadnjih sam dana neujedna\u010dene volje i neka sunce \u0161iba na sve strane, ja sti\u0161\u0107em usta, ruke zapetljane na guzici i grabim kroz \u0161umu. Za mnom obi\u010dno idu i moji psi, koji nisu misle\u0107a bi\u0107a i ne dodaju te\u017einu raspravi koju razla\u017eem u sebi, pa se pouzdam u to da \u0107e pratiti moj miris, ako ne i tijek misli, kad se toliko udubim u korak po korak pred osobom da zaboravim na njih. Tako obi\u010dno i bude. Nisam pisala kolumnu sad ve\u0107 punih mjesec dana, i to je za mene uvijek zabrinjavaju\u0107e, jer za stol ne sjednem lagana od misli, nego van forme. Ne pisati zna\u010di ne misliti, a ne misliti zna\u010di ne biti u nekom svom unutarnjem skladu sa svijetom i u svijetu, a ne biti u svijetu nije neka fantazija. Izostanak sposobnosti da artikulira svoj svijet najve\u0107a je prijetnja svakom tko ima ikakve ambicije s olovkom. Slobodno me probajte demantirati, jer ne mo\u017eete. He-he. Ho\u0107u re\u0107i, sve je poreme\u0107eno, ali ne na onaj psihijatrijski na\u010din, nego prirodni, kao da se krug ne zatvara kako treba, nego na silu, a to iznutra nikad nije dobar osje\u0107aj. A kako sve svoje kolumne gledam kao jedan neprekidan razgovor sa svijetom i sa sobom, va\u017eno je re\u0107i da sam bila svjesna svoje ti\u0161ine i da mi nije bila ugodna. U svakom slu\u010daju, zdravo. Drago mi je da sam se vratila. I isprike jer \u0107ete osjetiti tu i tamo promjene brzine. Vra\u0107am se u trening.<\/p>\n<p>***<\/p>\n<p>U me\u0111uvremenu, sve me je zaobi\u0161lo. Nisam posebno ni mislila, a pogotovo pisala ni o jednoj temi koja mi je na neki na\u010din va\u017ena, ali kontam, ve\u0107 sam o njima pisala jednom, a kad se previ\u0161e zadr\u017eavam oko jedne teme, ne zna\u010di nu\u017eno da \u0107u je spoznati do kraja ili imat \u0161to va\u017eno o njoj re\u0107i u vi\u0161e iteracija. Mene to ipak malo isprepada i umiri, jer mozak ne vje\u017eba vlastitu elasti\u010dnost, a kod pisaca i spisateljica koji me privla\u010de, ispalo je tako, uvijek je bilo neke nedosljednosti i oko motiva i teme, i nikad jedno nije krilo ono drugo, nego su se ba\u0161 trudili da prestanu na vrijeme govoriti o onome o \u010demu mogu govoriti samo jednom na pravi na\u010din, onaj koji temu ne eksploatira i banalizira, nego je rastrese tako da je u startu bilo napravljeno kako treba. Pa se i sami od vlastite spoznaje malo umire i \u010da\u010dkaju i po sebi i po svijetu da opredmete neku i novu temu i novi svijet. Od njih nekako i u\u010dim da nije stvar \u017eurbe, nego slu\u017ebe. I tekstu i svijetu. I da opus nije iteracija, nego ipak neka varijacija, ali ona dovu\u010dena s margine. Valjda. \u017delim re\u0107i, pisala sam ve\u0107 i o Osmom martu i Prvom maju, pisala sam o onome \u0161to mi je va\u017eno i to je u Nadinom arhivu, pa \u0107u nj pridodati i par zapisa o mladim pjesnikinjama i amaterima koje sam \u010ditala dok nisam ni mislila ni pisala, jer je va\u017eno. Da, tu smo, o tome je ovaj razgovor.<\/p>\n<p>***<\/p>\n<p>Dok sam le\u017eala u svojoj postelji i antibioticima lije\u010dila celulitis (a to nije ona kapitalisti\u010dka \u201enaran\u010dina kora\u201c, nego svevjekovna ozbiljna reakcija na bakteriju koju vam je prenio neki napenaljeni kukac, kod mene krpelj, to\u010dnije njih \u0161est, i to iz vrta mi privremeno moje prelijepe ku\u0107ice u \u0161umi), \u010desto sam zapadala u frustraciju i bjelilo, i uop\u0107e nisam mogla misliti ni o \u010demu lijepom. Meni se tad ni ne postoji, kamoli \u010dita, ispadne se iz mnogih formi, ne samo onih pisala\u010dkih. No kako sam \u017eirirala ove godine uz kolege <strong>Poga\u010dara<\/strong> i <strong>Lokotara<\/strong> nagradu \u201eNa vrh jezika\u201c, a i <em>morala<\/em> sam pripremati knji\u017eevnu ve\u010der s troje mladih pjesnika i pjesnikinja u Dubravi, jer mi je bilo nezamislivo odustati iako nisam mogla stati na noge, njihove su me knjige vra\u0107ale u ovaj svijet. Konkretno, u moj krevet i u moju ku\u0107u. Lezi, Marija. Sljede\u0107a mijena \u0107e biti ljep\u0161a, pomislila sam to\u010dno kako je pomislila i lirska subjektica kod <strong>Silbe Ljutak<\/strong>, kad bih u tom svom krevetu zaspala s knjigom, realnije tabletom, na prsima. Ta knjiga \u201eKu\u0107a na otoku\u201c ima neku svoju hermeti\u010dnu proto\u010dnost, ako to ima smisla. U njezinoj sam ku\u0107i, u svojoj sam ku\u0107i, u unutarnjem sam svijetu te neke mame, mo\u017eda stvarne, ali kako idem dalje, sve vi\u0161e slutim one mame koja je tek jedna od va\u017enih uloga koje mi \u017eene preuzimamo na sebe kad je situacija stani-pani i moramo se nekako pobrinuti za sebe. Kad pokraj nas nema ni prave mame, ni sestre, ni prijateljice pokraj kojih bismo mogli doznati tko smo mi. Biti sebi majka, zvu\u010di kao jedna od onih <em>new age<\/em> pi*darija, ali stvarno! I kako ludo! Ra\u0161\u010di\u0161\u0107avanje terena, unutarnje pospremanje, uvijek dolazi uz repetitivnost i koncept, pa je tako i ku\u0107a na otoku i repetitivna i konceptualna. Ali meni, koja \u010ciovo (otok\u2013inspiracija) vidi kao poluotok, kao neka \u010dudno od\u0161krinuta vrata na kraju Ka\u0161telanskog zaljeva, je i novi pogled na taj premo\u0161\u0107eni otok iz kojeg puca pogled na Veliki grad \u2013 veliku prijetnju.<\/p>\n<p>***<\/p>\n<p>Generacijski je i tematski u sponi s <strong>Josipom \u010cekoljem<\/strong> i <strong>Vidom Sever<\/strong>, pa i s <strong>Katarinom Bo\u0161njak<\/strong>, gdje-gdje i s <strong>Marijom Sko\u010dibu\u0161i\u0107<\/strong>, s tim da je, iznimno, Josip jedini prolifi\u010dni autor tu, s nekoliko objavljenih knjiga. Ali, ono pitanje koje mi se otvorilo nakon \u010ditanja njihovih knjiga, a da ovdje ne iznesem komparativnu analizu, jer nije ni mjesto ni vrijeme, generacijsko je pitanje i pitanje druge knjige, jer su svi u svijet objavljivane poezije <em>u\u0161li<\/em> putem nagrade. Misle li, i kako, o svojim drugim knjigama? Zapravo, ne to. Misli li, i tko misli, o njihovim drugim knjigama? I \u010duvaju li se i \u0161tite u me\u0111uvremenu, poput pjesnika amatera, ovih koji se kre\u0107u u sivim zonama, tamo dokle pisac s <em>varijacijom<\/em> odlazi po novu temu i motiv, ali nikad do kraja ne prelazi granicu, jer ipak pi\u0161e da to sve jednom i ugleda svjetlo dana, pi\u0161e sa spoznajom da je pjesma okrenuta na unutra, za neku vlastitu svrhu, ako ne i u\u017eitak? Pjesni\u010dki amaterizam nekad sam gledala kao nedostatak profesionalne usmjerenosti, ali sad, s \u010ditavom ovo dehijerarhizacijom znanja, gledam ga kao potpuni ili relativni nedostatak ambicije da se u\u0111e u <em>mainstream<\/em>, ili odolijevanje ambiciji da se u\u0111e u amenovano knji\u017eevno polje, <em>na\u0161u<\/em> ku\u0107u na otoku, izgra\u0111enu od institucija za teoriju, povijest, kritiku, tra\u010d i ostale egzibicije kad se knjige pretresa kao vlastite d\u017eepove ispred aparata za kavu. I tamo mi stvari, kao i <em>novim generacijama<\/em>, izgledaju \u010di\u0161\u0107e, kao da je stvar sklonija iznena\u0111enju, pogotovo kad se poku\u0161avam i sama pomiriti sa svojim mjestom u knji\u017eevnom polju koje \u010desto ima ucrtan put.<\/p>\n<p>***<\/p>\n<p>\u017delim re\u0107i, \u017eelim nekako zapisati, treba sve to zaje*ati, presko\u010diti ko kozli\u0107 u osnovnoj, s tim istim elanom, pa ako guzica ne ide preko, \u010dasno otresti i po dobro pofutranom tlu. I \u017eelim se zahvaliti svojim mladim kolegama \u0161to me u\u010de stvari, \u0161to me tjeraju da ne zaboravljam i ipak ne izlazim iz forme, i \u0161to mogu, dok \u010ditam Silbu, pomisliti: Da, to je to, ovako \u0107u se pobrinuti sad za sebe, a sutra i za svoj rukopis. Ili \u0107u se, dok \u010ditam Josipa, prevrnuti na njegovu povijesno revizionisti\u010dku, puno inspirativniju poeziju od ove koju nam servira uskrsli ratnik i novi val nacionalizma, kad <strong>Fran Krsto<\/strong> profesira svoju ljubav <strong>Petru<\/strong> u mra\u010dnoj tamnici. O Vidi, Mariji i Katarini nemam \u0161to posebno dodati. Prva me u\u010di kako raditi u ti\u0161ini, kako se \u0161uljati kroz metaforu, plesti tekst tako da se u njega mo\u017ee uhvatiti i skrajnuta svakodnevnica koja \u0107e nam \u0161to\u0161ta otkriti i o nama i o svijetu. A za Mariju i Katarinu? A je l&#8217; ima bolje lekcije od dr\u010dnosti hrabrosti? \u017divile i pisale!<\/p>\n<p><em>pi\u0161e Marija Andrija\u0161evi\u0107<\/em><\/p>\n","protected":false},"excerpt":{"rendered":"<p>\u017delim se zahvaliti svojim mladim kolegama \u0161to me u\u010de stvari, \u0161to me tjeraju da ne zaboravljam i ipak ne izlazim iz forme, i \u0161to mogu, dok \u010ditam Silbu, pomisliti: Da, to je to<\/p>\n","protected":false},"featured_media":6286,"template":"","tags":[177],"atribut":[],"class_list":["post-6287","nada","type-nada","status-publish","has-post-thumbnail","hentry","tag-vrzino-kolo-hr"],"acf":[],"yoast_head":"<!-- This site is optimized with the Yoast SEO plugin v27.4 - https:\/\/yoast.com\/product\/yoast-seo-wordpress\/ -->\n<title>Rapsodija mladosti - SDF - Srpski demokratski forum<\/title>\n<meta name=\"robots\" content=\"index, follow, max-snippet:-1, max-image-preview:large, max-video-preview:-1\" \/>\n<link rel=\"canonical\" href=\"https:\/\/sdf.hr\/hr\/nada\/rapsodija-mladosti\/\" \/>\n<meta property=\"og:locale\" content=\"hr_HR\" \/>\n<meta property=\"og:type\" content=\"article\" \/>\n<meta property=\"og:title\" content=\"Rapsodija mladosti - SDF - Srpski demokratski forum\" \/>\n<meta property=\"og:description\" content=\"\u017delim se zahvaliti svojim mladim kolegama \u0161to me u\u010de stvari, \u0161to me tjeraju da ne zaboravljam i ipak ne izlazim iz forme, i \u0161to mogu, dok \u010ditam Silbu, pomisliti: Da, to je to\" \/>\n<meta property=\"og:url\" content=\"https:\/\/sdf.hr\/hr\/nada\/rapsodija-mladosti\/\" \/>\n<meta property=\"og:site_name\" content=\"SDF - Srpski demokratski forum\" \/>\n<meta property=\"article:modified_time\" content=\"2025-05-09T13:37:10+00:00\" \/>\n<meta property=\"og:image\" content=\"https:\/\/sdf.hr\/wp-content\/uploads\/2025\/05\/Andrijasevic_Duska-Boban-scaled.jpg\" \/>\n\t<meta property=\"og:image:width\" content=\"2560\" \/>\n\t<meta property=\"og:image:height\" content=\"1685\" \/>\n\t<meta property=\"og:image:type\" content=\"image\/jpeg\" \/>\n<meta name=\"twitter:card\" content=\"summary_large_image\" \/>\n<meta name=\"twitter:label1\" content=\"Procijenjeno vrijeme \u010ditanja\" \/>\n\t<meta name=\"twitter:data1\" content=\"7 minuta\" \/>\n<script type=\"application\/ld+json\" class=\"yoast-schema-graph\">{\"@context\":\"https:\\\/\\\/schema.org\",\"@graph\":[{\"@type\":\"WebPage\",\"@id\":\"https:\\\/\\\/sdf.hr\\\/hr\\\/nada\\\/rapsodija-mladosti\\\/\",\"url\":\"https:\\\/\\\/sdf.hr\\\/hr\\\/nada\\\/rapsodija-mladosti\\\/\",\"name\":\"Rapsodija mladosti - SDF - Srpski demokratski forum\",\"isPartOf\":{\"@id\":\"https:\\\/\\\/sdf.hr\\\/#website\"},\"primaryImageOfPage\":{\"@id\":\"https:\\\/\\\/sdf.hr\\\/hr\\\/nada\\\/rapsodija-mladosti\\\/#primaryimage\"},\"image\":{\"@id\":\"https:\\\/\\\/sdf.hr\\\/hr\\\/nada\\\/rapsodija-mladosti\\\/#primaryimage\"},\"thumbnailUrl\":\"https:\\\/\\\/sdf.hr\\\/wp-content\\\/uploads\\\/2025\\\/05\\\/Andrijasevic_Duska-Boban-scaled.jpg\",\"datePublished\":\"2025-05-09T13:36:03+00:00\",\"dateModified\":\"2025-05-09T13:37:10+00:00\",\"breadcrumb\":{\"@id\":\"https:\\\/\\\/sdf.hr\\\/hr\\\/nada\\\/rapsodija-mladosti\\\/#breadcrumb\"},\"inLanguage\":\"hr\",\"potentialAction\":[{\"@type\":\"ReadAction\",\"target\":[\"https:\\\/\\\/sdf.hr\\\/hr\\\/nada\\\/rapsodija-mladosti\\\/\"]}]},{\"@type\":\"ImageObject\",\"inLanguage\":\"hr\",\"@id\":\"https:\\\/\\\/sdf.hr\\\/hr\\\/nada\\\/rapsodija-mladosti\\\/#primaryimage\",\"url\":\"https:\\\/\\\/sdf.hr\\\/wp-content\\\/uploads\\\/2025\\\/05\\\/Andrijasevic_Duska-Boban-scaled.jpg\",\"contentUrl\":\"https:\\\/\\\/sdf.hr\\\/wp-content\\\/uploads\\\/2025\\\/05\\\/Andrijasevic_Duska-Boban-scaled.jpg\",\"width\":2560,\"height\":1685,\"caption\":\"Marija Andrija\u0161evi\u0107 (Foto: Du\u0161ka Boban)\"},{\"@type\":\"BreadcrumbList\",\"@id\":\"https:\\\/\\\/sdf.hr\\\/hr\\\/nada\\\/rapsodija-mladosti\\\/#breadcrumb\",\"itemListElement\":[{\"@type\":\"ListItem\",\"position\":1,\"name\":\"Po\u010detna stranica\",\"item\":\"https:\\\/\\\/sdf.hr\\\/hr\\\/\"},{\"@type\":\"ListItem\",\"position\":2,\"name\":\"Nada\",\"item\":\"https:\\\/\\\/sdf.hr\\\/nada\\\/\"},{\"@type\":\"ListItem\",\"position\":3,\"name\":\"Rapsodija mladosti\"}]},{\"@type\":\"WebSite\",\"@id\":\"https:\\\/\\\/sdf.hr\\\/#website\",\"url\":\"https:\\\/\\\/sdf.hr\\\/\",\"name\":\"SDF - Srpski demokratski forum\",\"description\":\"Srpski demokratski forum\",\"publisher\":{\"@id\":\"https:\\\/\\\/sdf.hr\\\/#organization\"},\"potentialAction\":[{\"@type\":\"SearchAction\",\"target\":{\"@type\":\"EntryPoint\",\"urlTemplate\":\"https:\\\/\\\/sdf.hr\\\/?s={search_term_string}\"},\"query-input\":{\"@type\":\"PropertyValueSpecification\",\"valueRequired\":true,\"valueName\":\"search_term_string\"}}],\"inLanguage\":\"hr\"},{\"@type\":\"Organization\",\"@id\":\"https:\\\/\\\/sdf.hr\\\/#organization\",\"name\":\"SDF - Srpski demokratski forum\",\"url\":\"https:\\\/\\\/sdf.hr\\\/\",\"logo\":{\"@type\":\"ImageObject\",\"inLanguage\":\"hr\",\"@id\":\"https:\\\/\\\/sdf.hr\\\/#\\\/schema\\\/logo\\\/image\\\/\",\"url\":\"https:\\\/\\\/sdf.hr\\\/wp-content\\\/uploads\\\/2021\\\/07\\\/logo-hr.svg\",\"contentUrl\":\"https:\\\/\\\/sdf.hr\\\/wp-content\\\/uploads\\\/2021\\\/07\\\/logo-hr.svg\",\"width\":271,\"height\":100,\"caption\":\"SDF - Srpski demokratski forum\"},\"image\":{\"@id\":\"https:\\\/\\\/sdf.hr\\\/#\\\/schema\\\/logo\\\/image\\\/\"}}]}<\/script>\n<!-- \/ Yoast SEO plugin. -->","yoast_head_json":{"title":"Rapsodija mladosti - SDF - Srpski demokratski forum","robots":{"index":"index","follow":"follow","max-snippet":"max-snippet:-1","max-image-preview":"max-image-preview:large","max-video-preview":"max-video-preview:-1"},"canonical":"https:\/\/sdf.hr\/hr\/nada\/rapsodija-mladosti\/","og_locale":"hr_HR","og_type":"article","og_title":"Rapsodija mladosti - SDF - Srpski demokratski forum","og_description":"\u017delim se zahvaliti svojim mladim kolegama \u0161to me u\u010de stvari, \u0161to me tjeraju da ne zaboravljam i ipak ne izlazim iz forme, i \u0161to mogu, dok \u010ditam Silbu, pomisliti: Da, to je to","og_url":"https:\/\/sdf.hr\/hr\/nada\/rapsodija-mladosti\/","og_site_name":"SDF - Srpski demokratski forum","article_modified_time":"2025-05-09T13:37:10+00:00","og_image":[{"width":2560,"height":1685,"url":"https:\/\/sdf.hr\/wp-content\/uploads\/2025\/05\/Andrijasevic_Duska-Boban-scaled.jpg","type":"image\/jpeg"}],"twitter_card":"summary_large_image","twitter_misc":{"Procijenjeno vrijeme \u010ditanja":"7 minuta"},"schema":{"@context":"https:\/\/schema.org","@graph":[{"@type":"WebPage","@id":"https:\/\/sdf.hr\/hr\/nada\/rapsodija-mladosti\/","url":"https:\/\/sdf.hr\/hr\/nada\/rapsodija-mladosti\/","name":"Rapsodija mladosti - SDF - Srpski demokratski forum","isPartOf":{"@id":"https:\/\/sdf.hr\/#website"},"primaryImageOfPage":{"@id":"https:\/\/sdf.hr\/hr\/nada\/rapsodija-mladosti\/#primaryimage"},"image":{"@id":"https:\/\/sdf.hr\/hr\/nada\/rapsodija-mladosti\/#primaryimage"},"thumbnailUrl":"https:\/\/sdf.hr\/wp-content\/uploads\/2025\/05\/Andrijasevic_Duska-Boban-scaled.jpg","datePublished":"2025-05-09T13:36:03+00:00","dateModified":"2025-05-09T13:37:10+00:00","breadcrumb":{"@id":"https:\/\/sdf.hr\/hr\/nada\/rapsodija-mladosti\/#breadcrumb"},"inLanguage":"hr","potentialAction":[{"@type":"ReadAction","target":["https:\/\/sdf.hr\/hr\/nada\/rapsodija-mladosti\/"]}]},{"@type":"ImageObject","inLanguage":"hr","@id":"https:\/\/sdf.hr\/hr\/nada\/rapsodija-mladosti\/#primaryimage","url":"https:\/\/sdf.hr\/wp-content\/uploads\/2025\/05\/Andrijasevic_Duska-Boban-scaled.jpg","contentUrl":"https:\/\/sdf.hr\/wp-content\/uploads\/2025\/05\/Andrijasevic_Duska-Boban-scaled.jpg","width":2560,"height":1685,"caption":"Marija Andrija\u0161evi\u0107 (Foto: Du\u0161ka Boban)"},{"@type":"BreadcrumbList","@id":"https:\/\/sdf.hr\/hr\/nada\/rapsodija-mladosti\/#breadcrumb","itemListElement":[{"@type":"ListItem","position":1,"name":"Po\u010detna stranica","item":"https:\/\/sdf.hr\/hr\/"},{"@type":"ListItem","position":2,"name":"Nada","item":"https:\/\/sdf.hr\/nada\/"},{"@type":"ListItem","position":3,"name":"Rapsodija mladosti"}]},{"@type":"WebSite","@id":"https:\/\/sdf.hr\/#website","url":"https:\/\/sdf.hr\/","name":"SDF - Srpski demokratski forum","description":"Srpski demokratski forum","publisher":{"@id":"https:\/\/sdf.hr\/#organization"},"potentialAction":[{"@type":"SearchAction","target":{"@type":"EntryPoint","urlTemplate":"https:\/\/sdf.hr\/?s={search_term_string}"},"query-input":{"@type":"PropertyValueSpecification","valueRequired":true,"valueName":"search_term_string"}}],"inLanguage":"hr"},{"@type":"Organization","@id":"https:\/\/sdf.hr\/#organization","name":"SDF - Srpski demokratski forum","url":"https:\/\/sdf.hr\/","logo":{"@type":"ImageObject","inLanguage":"hr","@id":"https:\/\/sdf.hr\/#\/schema\/logo\/image\/","url":"https:\/\/sdf.hr\/wp-content\/uploads\/2021\/07\/logo-hr.svg","contentUrl":"https:\/\/sdf.hr\/wp-content\/uploads\/2021\/07\/logo-hr.svg","width":271,"height":100,"caption":"SDF - Srpski demokratski forum"},"image":{"@id":"https:\/\/sdf.hr\/#\/schema\/logo\/image\/"}}]}},"_links":{"self":[{"href":"https:\/\/sdf.hr\/hr\/wp-json\/wp\/v2\/nada\/6287","targetHints":{"allow":["GET"]}}],"collection":[{"href":"https:\/\/sdf.hr\/hr\/wp-json\/wp\/v2\/nada"}],"about":[{"href":"https:\/\/sdf.hr\/hr\/wp-json\/wp\/v2\/types\/nada"}],"wp:featuredmedia":[{"embeddable":true,"href":"https:\/\/sdf.hr\/hr\/wp-json\/wp\/v2\/media\/6286"}],"wp:attachment":[{"href":"https:\/\/sdf.hr\/hr\/wp-json\/wp\/v2\/media?parent=6287"}],"wp:term":[{"taxonomy":"post_tag","embeddable":true,"href":"https:\/\/sdf.hr\/hr\/wp-json\/wp\/v2\/tags?post=6287"},{"taxonomy":"atribut","embeddable":true,"href":"https:\/\/sdf.hr\/hr\/wp-json\/wp\/v2\/atribut?post=6287"}],"curies":[{"name":"wp","href":"https:\/\/api.w.org\/{rel}","templated":true}]}}