{"id":6397,"date":"2025-05-23T08:46:47","date_gmt":"2025-05-23T06:46:47","guid":{"rendered":"https:\/\/sdf.hr\/nada\/kratki-putopis-s-juga\/"},"modified":"2025-05-23T08:47:33","modified_gmt":"2025-05-23T06:47:33","slug":"kratki-putopis-s-juga","status":"publish","type":"nada","link":"https:\/\/sdf.hr\/hr\/nada\/kratki-putopis-s-juga\/","title":{"rendered":"Kratki putopis s juga"},"content":{"rendered":"<p>Dva dana prije odlaska u Napulj, na stranicama talijanskih lokalnih medija osvanula je vijest da Flegrejska polja, veliku vulkansku kalderu zapadno od grada, trese ozbiljan seizmi\u010dki val, s najja\u010dim potresom od 4,4 po Richteru. Na stranicama na\u0161ih medija, vijest je brzo potonula iz \u201eudarne\u201c na drugu ili tre\u0107u stranicu od objave, ali to me nije obeshrabrilo od otkazivanja smje\u0161taja. Ne idem, eto tako sam to poslo\u017eila, iako se potresa ne bojim, onaj prvi zagreba\u010dki me do\u010dekao u Splitu, a drugi sam do\u017eivjela na ulici u trenutku neke slabosti, pa sam podrhtavanje zemlje shvatila kao solidaran \u010din ove planete u nevolji mi. Nije me prepao potres, prodiskutirala sam to naknadno sama sa sobom, prepala me ideja o kraju moje pri\u010de, o smrtnosti. Ako i proradi Kampanijski vulkanski luk, pomislila sam, ti ko <strong>Plinije Mla\u0111i<\/strong> na neki bre\u017euljak s olovkom i papirom, i stru\u017ei.<\/p>\n<p>Valjalo je rezervirati drugi smje\u0161taj, koji sat prije polaska, i to se slo\u017eilo na rubovima Rione Sanita, mentalitetni pandan, recimo, radni\u010dkoj Dubravi ili Su\u0107idru, ali s dosta druga\u010dijom arhitekturom, i opet blizu Centre Storica, samog povijesnog sredi\u0161ta Napulja odakle dolazi ve\u0107inski nam poznat turisti\u010dki imaginarij grada. Via dei Tribunali pravi je <em>tourist trap<\/em>, tamo \u0107ete platiti kanoli i po 5 eura, a poslije i zubara ako na vrijeme ne odustanete od njega. Malo obilazimo reda radi, i dalje se \u0161uljamo prema na\u0161im uli\u010dicama. \u201eI love Rione Sanita\u201c, pi\u0161e na majicama konobara koji nam serviraju prvi ru\u010dak i pizzu u gradu, u razvikanoj (doslovno) piceriji Concettina ai Tre Santi, gdje se dvije minute od na\u0161eg dolaska \u010ditavo osoblje na sastanku tako zaka\u010dilo da su nas premjestili na ki\u0161u i raspalili neku glasnu muziku samo da ih ne \u010dujemo dok se dretaju vafankulima. Tamo je mojoj suputnici i supatnici <strong>R.<\/strong> i meni palo na pamet da napravimo karijerni zaokret i postanemo <em>food blogerice<\/em>. Mi to mo\u017eemo, mi znamo kako u\u017eivati u \u017eivotu, samo neka nam se da prilika! I eto prilike. Potrajbane! Shvatile smo ve\u0107 po sredini puta da sva spiza \u0161to nam do\u0111e na stol nestane kao da su je potamanila dva gladna gu\u0161tera. Pijate vra\u0107amo prazne i \u010diste, kave posrkane, a komentari\u0107 na gu\u0161t obi\u010dno se svede na neku uspomenu iz djetinjstva. Mene u Napulju, naime, nije razvalila ta pizza s tankim tijestom, nego ona iz \u0161krovade. Pokucam konobaru na vitrinu i na hrvatskom pitam: \u0160ta je ovo? Ha, pogleda me i ka\u017ee intuitivno, pi-zza. Podignem ka\u017eiprst i naru\u010dim: Jednu, jedan komad. Ta pizza iz \u0161krovade je okus djetinjstva svih nas koji smo s Ba\u010da i\u0161li doma sa \u0161ugamanom preko ramena, i po vru\u0107em asfaltu vukli borolete do pothodnika, di bi ti gospoja u bilome na vitrinu u razini \u010dela stavila tvoj komad i ti bi ga do Pazara, prve stanice za do doma, pokusa&#8230; Pa ko gu\u0161ter, ako ba\u0161 o\u0107e\u0161, govorim R. Materine se spize, iz tog vrimena, ni ne sje\u0107am. Samo ovog nauljenog tijesta, kon\u010de od kon\u0161erve, ma kakva poma iz va\u017ea, u\u017eivim se, i onda taj najtopljiviji mogu\u0107i sir, ko \u017evaka.<\/p>\n<p>Da sam u sustavu neke ozbiljne paranostalgije, shvatila sam na putu prema Rione Luzzatiju, gdje smo R. i ja odlu\u010dile kratko skoknuti i ispo\u0161tovati <strong>Elenu Ferrante<\/strong>. R. se osje\u0107a malo bolje jer se makla iz \u0161porkice, i zapravo joj je prvi dojam grada bio \u0161ok. Ulice mazut crne, a balkoni stalno puni tek razastrte robe, primje\u0107uje i dodaje, ljudi iz Zagreba su kroni\u010dno nenaputovani. Kako to misli\u0161, pitam. Pa to, \u017eale se kako je grad \u0161porak, infrastruktura u kolapsu, ubija ih imigracija, strani radnici, ovo-ono, odgovara. A misli\u0161 li, pitam je oprezno da izbjegnem generaliziranje, misli\u0161 li da samo ne \u017eele preispitivat svoju ksenofobiju i rasizam iz pozicije historijskih \u017ertava? To je dosta defanzivna pozicija, ne mora\u0161 ni\u0161ta raditi dok te se ne\u0161to ne takne. A \u0161to te taklo, to sam odlu\u010di\u0161. Bijes je onda disproporcionalan, kao i sve druge emocije. Samo stavljam na stol, za budu\u0107u raspravu, ka\u017eem joj, i eto nas na stanici Gianturco, kojih pedesetak metara od tunela kroz koji su Lila i Lenu prvi put iz svog siroma\u0161nog naselja probile u svijet. Tunel je zatrpan besku\u0107nicima, i Napulj ih je generalno pun. Ne i ovi bogatiji, zapadniji predjeli grada poput Vomera, Posillipa ili Chaiaije di sam prije koju godinu, prvi put u Napulju, kupila ne\u0161to skuplje \u010dizme od prvog velikog knji\u017eevnog honorara. Da Ferrante <em>ne\u0161to zna\u010di<\/em> tom rajonu govore grafiti i <em>street-art<\/em> od stanice do srca kvarta. Putem nas prati jedan mladi par i zastaje na svim mjestima kao i nas dvije. Ferrante, pita ih R., Ferrante, odgovaraju. Pod jednim od prozora s kojih nas gleda Lila, jedan se japanski turist naslikava s ameri\u010dkim izdanjem &#8220;Genijalne prijateljice&#8221;. Zamisli ti matere, odakle nas sve skuplja, pomislim. Je l&#8217; ti \u010dudno da kod Ferrante u toj knjizi gotovo uop\u0107e nema Vezuva, pita R., vidi se iz \u010ditavog rajona. Za\u0161to misli\u0161 da je tako, pitam. Pa ne znam, ne \u017eeli od grada raditi razglednicu, ali i ti likovi su stalno u sebi, oko sebe. Misli\u0161 li ti o Mosoru svaki dan, pita me, ili o Medvednici. Pa mislim, jer sam geografski, ova moja podijeljena li\u010dnost, pod obe planine. Ali ba\u0161 tako eksplicitno, pita me. Pa tako eksplicitno ba\u0161 i ne, ka\u017eem. Zna\u0161 \u0161ta meni fali u tim knjigama, ka\u017eem joj, bar jedan dobar nogometni navija\u010d, ili neki mu\u0161karac s nekim hobijem, neka \u017eena s nekim interesom, da je malo ubacila radni\u010dke kulture unutra, mu\u0161karci su ve\u0107inom funkcionalni, ili arhetipovi, da podebljaju nasilje, \u017eene su stalno u nekim \u010darkama i spletkama. \u0160ta, pa moga je Pasquale tu i tamo oti\u0107 na neku utakmicu, nije samo mora \u010ditat Gramscija i podebljavat antifa\u0161isti\u010dku crtu.<\/p>\n<p>Lunjanje gradom vodi nas i na izlo\u017ebu <strong>Artemisie Gentileschi<\/strong>, najpoznatije ovda\u0161nje barokne slikarice, karava\u0111istice. Izlo\u017eba je centrirana oko jedne jedine slike: &#8220;Maddalena&#8221; je otkrivena, zajedno s jo\u0161 jednom slikom pripisanoj Artemisiji, nakon eksplozije plina u Beirutu 2020., i par sitnih umjetni\u010dkih diskusija oko autenti\u010dnosti poslije, dovedena u Napulj, 400 godina od njezine smrti. Na putu do izlo\u017ebe, u uli\u010dicama oko Piazze del Ges\u00fa Nuovo, pa sve do njezina srca, autenti\u010dna je i napuljska solidarnost s Gazom. Palestinske zastave vijore se u ve\u0107em broju od talijanskih, a ne treba podsje\u0107ati i da je <strong>Maradona<\/strong>, (polu)bog ovog ludog grada, bio zakleti antiimperijalist i ljevi\u010dar, \u201ePalestinac u srcu\u201c, kako je sam svojedobno izjavio. Grafit \u201eRapino il turista\u201c pokraj \u201eFree Gaza\u201c vi\u0161e na nas ostavlja dojam, kao, ajde, kompromisa mora biti.<\/p>\n<p>Na raskri\u017eju gdje se Sanita i Centre Storico spajaju, nalazimo kafi\u0107 koji obilazimo svako jutro. Pogled s na\u0161e po\u0161te pru\u017ea se na osmrtnice velike koliko i naslovnice dnevnih novina. R. tamo <em>time-lapsea<\/em> raskri\u017eje jer joj je nevjerojatno da takav prometni nered funkcionira gotovo intuitivno. Ubila bi se da ode moram vozit, ka\u017eem joj. To ti je zbog polupanih auta, ka\u017ee R., znam ja \u0161ta tebe mu\u010di. Ali zamisli \u017eivit u strahu od toga da te neko ne zbomba, ka\u017eem joj i dodajem, ma ja bi se odma prvi dan zabila u neku banderu i oslobodila se sve muke! U Il Mattinu koji \u010ditam otkako smo do\u0161le, vijesti o potresima smjenjuju one o festivalu u Cannesu i nogometu. Zna\u0161 li ti da je <strong>Gattuso<\/strong>, trener Hajduka u odlasku, bija trener Napolija, ka\u017eem R. I s njima je osvojia neki kup. R. to ne zanima, pa nastavljam pri\u010dati sama sa sobom. E je*i ga, dodam, s nama ne\u0107e. Ali mene nije briga, ka\u017eem joj u kratkom blicu dok nam sla\u017ee itinerer prema Herkulaneumu i Ischiji, vi\u0161e ni\u010deg u \u017eivotu nisam \u017eeljna, sve imam.<\/p>\n<p><em>pi\u0161e Marija Andrija\u0161evi\u0107<\/em><\/p>\n","protected":false},"excerpt":{"rendered":"<p>R. se osje\u0107a malo bolje jer se makla iz \u0161porkice, i zapravo joj je prvi dojam grada bio \u0161ok. Ulice mazut crne, a balkoni stalno puni tek razastrte robe, primje\u0107uje i dodaje, ljudi iz Zagreba su kroni\u010dno nenaputovani<\/p>\n","protected":false},"featured_media":6286,"template":"","tags":[177],"atribut":[],"class_list":["post-6397","nada","type-nada","status-publish","has-post-thumbnail","hentry","tag-vrzino-kolo-hr"],"acf":[],"yoast_head":"<!-- This site is optimized with the Yoast SEO plugin v27.4 - https:\/\/yoast.com\/product\/yoast-seo-wordpress\/ -->\n<title>Kratki putopis s juga - SDF - Srpski demokratski forum<\/title>\n<meta name=\"robots\" content=\"index, follow, max-snippet:-1, max-image-preview:large, max-video-preview:-1\" \/>\n<link rel=\"canonical\" href=\"https:\/\/sdf.hr\/hr\/nada\/kratki-putopis-s-juga\/\" \/>\n<meta property=\"og:locale\" content=\"hr_HR\" \/>\n<meta property=\"og:type\" content=\"article\" \/>\n<meta property=\"og:title\" content=\"Kratki putopis s juga - SDF - Srpski demokratski forum\" \/>\n<meta property=\"og:description\" content=\"R. se osje\u0107a malo bolje jer se makla iz \u0161porkice, i zapravo joj je prvi dojam grada bio \u0161ok. Ulice mazut crne, a balkoni stalno puni tek razastrte robe, primje\u0107uje i dodaje, ljudi iz Zagreba su kroni\u010dno nenaputovani\" \/>\n<meta property=\"og:url\" content=\"https:\/\/sdf.hr\/hr\/nada\/kratki-putopis-s-juga\/\" \/>\n<meta property=\"og:site_name\" content=\"SDF - Srpski demokratski forum\" \/>\n<meta property=\"article:modified_time\" content=\"2025-05-23T06:47:33+00:00\" \/>\n<meta property=\"og:image\" content=\"https:\/\/sdf.hr\/wp-content\/uploads\/2025\/05\/Andrijasevic_Duska-Boban-scaled.jpg\" \/>\n\t<meta property=\"og:image:width\" content=\"2560\" \/>\n\t<meta property=\"og:image:height\" content=\"1685\" \/>\n\t<meta property=\"og:image:type\" content=\"image\/jpeg\" \/>\n<meta name=\"twitter:card\" content=\"summary_large_image\" \/>\n<meta name=\"twitter:label1\" content=\"Procijenjeno vrijeme \u010ditanja\" \/>\n\t<meta name=\"twitter:data1\" content=\"7 minuta\" \/>\n<script type=\"application\/ld+json\" class=\"yoast-schema-graph\">{\"@context\":\"https:\\\/\\\/schema.org\",\"@graph\":[{\"@type\":\"WebPage\",\"@id\":\"https:\\\/\\\/sdf.hr\\\/hr\\\/nada\\\/kratki-putopis-s-juga\\\/\",\"url\":\"https:\\\/\\\/sdf.hr\\\/hr\\\/nada\\\/kratki-putopis-s-juga\\\/\",\"name\":\"Kratki putopis s juga - SDF - Srpski demokratski forum\",\"isPartOf\":{\"@id\":\"https:\\\/\\\/sdf.hr\\\/#website\"},\"primaryImageOfPage\":{\"@id\":\"https:\\\/\\\/sdf.hr\\\/hr\\\/nada\\\/kratki-putopis-s-juga\\\/#primaryimage\"},\"image\":{\"@id\":\"https:\\\/\\\/sdf.hr\\\/hr\\\/nada\\\/kratki-putopis-s-juga\\\/#primaryimage\"},\"thumbnailUrl\":\"https:\\\/\\\/sdf.hr\\\/wp-content\\\/uploads\\\/2025\\\/05\\\/Andrijasevic_Duska-Boban-scaled.jpg\",\"datePublished\":\"2025-05-23T06:46:47+00:00\",\"dateModified\":\"2025-05-23T06:47:33+00:00\",\"breadcrumb\":{\"@id\":\"https:\\\/\\\/sdf.hr\\\/hr\\\/nada\\\/kratki-putopis-s-juga\\\/#breadcrumb\"},\"inLanguage\":\"hr\",\"potentialAction\":[{\"@type\":\"ReadAction\",\"target\":[\"https:\\\/\\\/sdf.hr\\\/hr\\\/nada\\\/kratki-putopis-s-juga\\\/\"]}]},{\"@type\":\"ImageObject\",\"inLanguage\":\"hr\",\"@id\":\"https:\\\/\\\/sdf.hr\\\/hr\\\/nada\\\/kratki-putopis-s-juga\\\/#primaryimage\",\"url\":\"https:\\\/\\\/sdf.hr\\\/wp-content\\\/uploads\\\/2025\\\/05\\\/Andrijasevic_Duska-Boban-scaled.jpg\",\"contentUrl\":\"https:\\\/\\\/sdf.hr\\\/wp-content\\\/uploads\\\/2025\\\/05\\\/Andrijasevic_Duska-Boban-scaled.jpg\",\"width\":2560,\"height\":1685,\"caption\":\"Marija Andrija\u0161evi\u0107 (Foto: Du\u0161ka Boban)\"},{\"@type\":\"BreadcrumbList\",\"@id\":\"https:\\\/\\\/sdf.hr\\\/hr\\\/nada\\\/kratki-putopis-s-juga\\\/#breadcrumb\",\"itemListElement\":[{\"@type\":\"ListItem\",\"position\":1,\"name\":\"Po\u010detna stranica\",\"item\":\"https:\\\/\\\/sdf.hr\\\/hr\\\/\"},{\"@type\":\"ListItem\",\"position\":2,\"name\":\"Nada\",\"item\":\"https:\\\/\\\/sdf.hr\\\/nada\\\/\"},{\"@type\":\"ListItem\",\"position\":3,\"name\":\"Kratki putopis s juga\"}]},{\"@type\":\"WebSite\",\"@id\":\"https:\\\/\\\/sdf.hr\\\/#website\",\"url\":\"https:\\\/\\\/sdf.hr\\\/\",\"name\":\"SDF - Srpski demokratski forum\",\"description\":\"Srpski demokratski forum\",\"publisher\":{\"@id\":\"https:\\\/\\\/sdf.hr\\\/#organization\"},\"potentialAction\":[{\"@type\":\"SearchAction\",\"target\":{\"@type\":\"EntryPoint\",\"urlTemplate\":\"https:\\\/\\\/sdf.hr\\\/?s={search_term_string}\"},\"query-input\":{\"@type\":\"PropertyValueSpecification\",\"valueRequired\":true,\"valueName\":\"search_term_string\"}}],\"inLanguage\":\"hr\"},{\"@type\":\"Organization\",\"@id\":\"https:\\\/\\\/sdf.hr\\\/#organization\",\"name\":\"SDF - Srpski demokratski forum\",\"url\":\"https:\\\/\\\/sdf.hr\\\/\",\"logo\":{\"@type\":\"ImageObject\",\"inLanguage\":\"hr\",\"@id\":\"https:\\\/\\\/sdf.hr\\\/#\\\/schema\\\/logo\\\/image\\\/\",\"url\":\"https:\\\/\\\/sdf.hr\\\/wp-content\\\/uploads\\\/2021\\\/07\\\/logo-hr.svg\",\"contentUrl\":\"https:\\\/\\\/sdf.hr\\\/wp-content\\\/uploads\\\/2021\\\/07\\\/logo-hr.svg\",\"width\":271,\"height\":100,\"caption\":\"SDF - Srpski demokratski forum\"},\"image\":{\"@id\":\"https:\\\/\\\/sdf.hr\\\/#\\\/schema\\\/logo\\\/image\\\/\"}}]}<\/script>\n<!-- \/ Yoast SEO plugin. -->","yoast_head_json":{"title":"Kratki putopis s juga - SDF - Srpski demokratski forum","robots":{"index":"index","follow":"follow","max-snippet":"max-snippet:-1","max-image-preview":"max-image-preview:large","max-video-preview":"max-video-preview:-1"},"canonical":"https:\/\/sdf.hr\/hr\/nada\/kratki-putopis-s-juga\/","og_locale":"hr_HR","og_type":"article","og_title":"Kratki putopis s juga - SDF - Srpski demokratski forum","og_description":"R. se osje\u0107a malo bolje jer se makla iz \u0161porkice, i zapravo joj je prvi dojam grada bio \u0161ok. Ulice mazut crne, a balkoni stalno puni tek razastrte robe, primje\u0107uje i dodaje, ljudi iz Zagreba su kroni\u010dno nenaputovani","og_url":"https:\/\/sdf.hr\/hr\/nada\/kratki-putopis-s-juga\/","og_site_name":"SDF - Srpski demokratski forum","article_modified_time":"2025-05-23T06:47:33+00:00","og_image":[{"width":2560,"height":1685,"url":"https:\/\/sdf.hr\/wp-content\/uploads\/2025\/05\/Andrijasevic_Duska-Boban-scaled.jpg","type":"image\/jpeg"}],"twitter_card":"summary_large_image","twitter_misc":{"Procijenjeno vrijeme \u010ditanja":"7 minuta"},"schema":{"@context":"https:\/\/schema.org","@graph":[{"@type":"WebPage","@id":"https:\/\/sdf.hr\/hr\/nada\/kratki-putopis-s-juga\/","url":"https:\/\/sdf.hr\/hr\/nada\/kratki-putopis-s-juga\/","name":"Kratki putopis s juga - SDF - Srpski demokratski forum","isPartOf":{"@id":"https:\/\/sdf.hr\/#website"},"primaryImageOfPage":{"@id":"https:\/\/sdf.hr\/hr\/nada\/kratki-putopis-s-juga\/#primaryimage"},"image":{"@id":"https:\/\/sdf.hr\/hr\/nada\/kratki-putopis-s-juga\/#primaryimage"},"thumbnailUrl":"https:\/\/sdf.hr\/wp-content\/uploads\/2025\/05\/Andrijasevic_Duska-Boban-scaled.jpg","datePublished":"2025-05-23T06:46:47+00:00","dateModified":"2025-05-23T06:47:33+00:00","breadcrumb":{"@id":"https:\/\/sdf.hr\/hr\/nada\/kratki-putopis-s-juga\/#breadcrumb"},"inLanguage":"hr","potentialAction":[{"@type":"ReadAction","target":["https:\/\/sdf.hr\/hr\/nada\/kratki-putopis-s-juga\/"]}]},{"@type":"ImageObject","inLanguage":"hr","@id":"https:\/\/sdf.hr\/hr\/nada\/kratki-putopis-s-juga\/#primaryimage","url":"https:\/\/sdf.hr\/wp-content\/uploads\/2025\/05\/Andrijasevic_Duska-Boban-scaled.jpg","contentUrl":"https:\/\/sdf.hr\/wp-content\/uploads\/2025\/05\/Andrijasevic_Duska-Boban-scaled.jpg","width":2560,"height":1685,"caption":"Marija Andrija\u0161evi\u0107 (Foto: Du\u0161ka Boban)"},{"@type":"BreadcrumbList","@id":"https:\/\/sdf.hr\/hr\/nada\/kratki-putopis-s-juga\/#breadcrumb","itemListElement":[{"@type":"ListItem","position":1,"name":"Po\u010detna stranica","item":"https:\/\/sdf.hr\/hr\/"},{"@type":"ListItem","position":2,"name":"Nada","item":"https:\/\/sdf.hr\/nada\/"},{"@type":"ListItem","position":3,"name":"Kratki putopis s juga"}]},{"@type":"WebSite","@id":"https:\/\/sdf.hr\/#website","url":"https:\/\/sdf.hr\/","name":"SDF - Srpski demokratski forum","description":"Srpski demokratski forum","publisher":{"@id":"https:\/\/sdf.hr\/#organization"},"potentialAction":[{"@type":"SearchAction","target":{"@type":"EntryPoint","urlTemplate":"https:\/\/sdf.hr\/?s={search_term_string}"},"query-input":{"@type":"PropertyValueSpecification","valueRequired":true,"valueName":"search_term_string"}}],"inLanguage":"hr"},{"@type":"Organization","@id":"https:\/\/sdf.hr\/#organization","name":"SDF - Srpski demokratski forum","url":"https:\/\/sdf.hr\/","logo":{"@type":"ImageObject","inLanguage":"hr","@id":"https:\/\/sdf.hr\/#\/schema\/logo\/image\/","url":"https:\/\/sdf.hr\/wp-content\/uploads\/2021\/07\/logo-hr.svg","contentUrl":"https:\/\/sdf.hr\/wp-content\/uploads\/2021\/07\/logo-hr.svg","width":271,"height":100,"caption":"SDF - Srpski demokratski forum"},"image":{"@id":"https:\/\/sdf.hr\/#\/schema\/logo\/image\/"}}]}},"_links":{"self":[{"href":"https:\/\/sdf.hr\/hr\/wp-json\/wp\/v2\/nada\/6397","targetHints":{"allow":["GET"]}}],"collection":[{"href":"https:\/\/sdf.hr\/hr\/wp-json\/wp\/v2\/nada"}],"about":[{"href":"https:\/\/sdf.hr\/hr\/wp-json\/wp\/v2\/types\/nada"}],"wp:featuredmedia":[{"embeddable":true,"href":"https:\/\/sdf.hr\/hr\/wp-json\/wp\/v2\/media\/6286"}],"wp:attachment":[{"href":"https:\/\/sdf.hr\/hr\/wp-json\/wp\/v2\/media?parent=6397"}],"wp:term":[{"taxonomy":"post_tag","embeddable":true,"href":"https:\/\/sdf.hr\/hr\/wp-json\/wp\/v2\/tags?post=6397"},{"taxonomy":"atribut","embeddable":true,"href":"https:\/\/sdf.hr\/hr\/wp-json\/wp\/v2\/atribut?post=6397"}],"curies":[{"name":"wp","href":"https:\/\/api.w.org\/{rel}","templated":true}]}}