{"id":6413,"date":"2025-05-25T08:49:19","date_gmt":"2025-05-25T06:49:19","guid":{"rendered":"https:\/\/sdf.hr\/nada\/vanja-jambrovic-trudim-se-ne-raditi-prevelike-kompromise\/"},"modified":"2025-06-16T10:57:23","modified_gmt":"2025-06-16T08:57:23","slug":"vanja-jambrovic-trudim-se-ne-raditi-prevelike-kompromise","status":"publish","type":"nada","link":"https:\/\/sdf.hr\/hr\/nada\/vanja-jambrovic-trudim-se-ne-raditi-prevelike-kompromise\/","title":{"rendered":"Vanja Jambrovi\u0107: Trudim se ne raditi prevelike kompromise"},"content":{"rendered":"<p>Hrvatski dokumentarni film puni kino dvorane diljem zemlje, regije i Europe \u2013 neko\u0107 je to zvu\u010dalo gotovo nemogu\u0107e, a onda je <strong>Vanja Jambrovi\u0107<\/strong> krenula producirati. S Vanjom smo razgovarali jednog popodneva, izme\u0111u dva dedlajna, u ambijentu sasvim suprotnom od onog u kojem je u posljednje vrijeme susre\u0107emo u medijima: crveni tepih zamijenili smo kvartovskom kavom, reflektore proljetnim svjetlom.<\/p>\n<p>Vanja Jambrovi\u0107 je producentica dokumentarnih, hibridnih i kratkih igranih filmova. Diplomirala je komparativnu knji\u017eevnost i filozofiju, a potom i produkciju. Filmovi koje je producirala osvojili su vi\u0161e od 150 nagrada. Producentica je, me\u0111u ostalim, dokumentarnih filmova &#8220;Gangster te voli&#8221;, &#8220;Srbenka&#8221;, &#8220;Muzej revolucije&#8221; i &#8220;Fiume o morte!&#8221;. Aktivna je i kao predava\u010dica i mentorica na doma\u0107im i me\u0111unarodnim filmskim radionicama. Jedna je od suosniva\u010dica Restarta, organizacije koja se bavi produkcijom, edukacijom, distribucijom i prikazivanjem dokumentarnih filmova. Danas predaje na Akademiji dramske umjetnosti u Zagrebu, na odsjecima produkcije i dokumentarne re\u017eije.<\/p>\n<p><strong>Krenimo od osnova, jer nisam sigurna koliko je ljudima zapravo jasno \u0161to sve posao producentice podrazumijeva. Kad sam u dvadesetima producirala jedan knji\u017eevni festival, taj mi je naziv zvu\u010dao tako gordo \u2013 da bi na kraju ispalo da pod njega upada gotovo sve.<\/strong><\/p>\n<p>Posao producentice nije jedan jedinstveni posao. To je veliki \u0161ator pod kojim je utrpano jako puno razli\u010ditih stvari i zanimanja. Unutar onoga \u0161to zovemo produkcijom postoji \u010ditav niz uloga, ali sve imaju jednu zajedni\u010dku svrhu: realizaciju projekta. Najkreativniji dio producentskog posla je upravo to \u0161to si u poziciji da bira\u0161 s kim \u0107e\u0161 i na \u010demu \u0107e\u0161 raditi. Zato je va\u017eno da producenti i producentice imaju \u0161irok spektar znanja.<\/p>\n<p>Dio posla uistinu jest kreativan jer redatelji imaju puno ideja, ali ti si ta koja ka\u017ee: &#8220;Ovo \u0107u raditi, ovo ne\u0107u.&#8221; Nakon toga dolazi prikupljanje sredstava, odnosno <em>fundraising<\/em>. Ispod se nalazi \u010ditava paleta zadataka: od kreativno-operativnih do tehni\u010dkih. Na jednom projektu jedna osoba mo\u017ee raditi sve to, a mo\u017eete imati i ve\u0107i tim ljudi. Recimo, na filmu &#8220;Fiume o morte!&#8221; redatelja <strong>Igora Bezinovi\u0107a<\/strong> kao producentica najskupljeg doma\u0107eg dokumentarca dogovarala sam me\u0111unarodnu koprodukcijsku strukturu, kontrolirala bud\u017eet, pregovarala honorare i anga\u017eirala suradnike, a u isto vrijeme sam kupovala 200 jogurta, stavljala ih u gepek i vozila na set statistima. Naravno, kad ima\u0161 dovoljno novca, netko drugi kupuje jogurte (smijeh), ali u na\u0161em poslu gotovo uvijek kuburi\u0161 s bud\u017eetom i ni\u0161ta nije do kraja isfinancirano.<\/p>\n<p><strong>Mo\u017eete li nam opisati svoj radni dan?<\/strong><\/p>\n<p>On uvelike ovisi o fazi projekta \u2013 u predprodukciji sam doma za ra\u010dunalom, pi\u0161em projekte, ispunjavam prijavnice, tokom snimanja sam na setu, a poslovna putovanja su konstanta, dok se tra\u017ei novac, i nakon, kad film \u017eivi svoj festivalski \u017eivot, pogotovo ako se radi o me\u0111unarodnim koprodukcijama.<\/p>\n<p><strong>Koji je prvi film koji ste producirali?<\/strong><\/p>\n<p>Jo\u0161 na Akademiji producirala sam film &#8220;Sretna zemlja&#8221; redatelja <strong>Gorana Devi\u0107a<\/strong>. Paralelno smo se bavili obilje\u017eavanjem Dana mladosti u Kumrovcu i ljudima koji odlaze na komemoraciju u Bleiburg. Otpo\u010detka sam znala da \u017eelim raditi na filmovima koji imaju jak stvarnosni moment pa su takvi i hibridni projekti koje radim, ne isklju\u010divo dokumentarni. Prvi projekt nakon faksa bio je &#8220;Gangster te voli&#8221; s <strong>Neboj\u0161om Slijep\u010devi\u0107em<\/strong> \u2013 moj dugometra\u017eni debi na kojem smo radili godinama.<\/p>\n<p><strong>&#8220;Gangster te voli&#8221; bio je izrazito gledan, hvaljen i uspje\u0161an film. Jeste li zbog toga osje\u0107ali pritisak kod sljede\u0107ih projekata? Muzi\u010dari \u010desto ka\u017eu da im prvi uspje\u0161an album postavi ljestvicu previsoko. Je li kod vas bilo sli\u010dno?<\/strong><\/p>\n<p>Zapravo ne jer rad na jednom dugometra\u017enom projektu traje stvarno dugo i tokom njega pro\u0111e\u0161 razli\u010dite faze. Na &#8220;Gangsteru&#8221; smo radili \u010detiri godine i bila sam svjesna da je glavni lik <strong>Nediljko Babi\u0107<\/strong> izrazito \u0161armantan i filmi\u010dan, a unutar komi\u010dnog okvira otvarali smo ozbiljne teme: od patrijarhata do ksenofobije. Shvatila sam da imamo idealan balans i spoj koji mo\u017ee privu\u0107i razli\u010ditu publiku.<\/p>\n<p><strong>Kako je do\u0161lo do pokretanja Restarta?<\/strong><\/p>\n<p>Godinu prije nego \u0161to smo <strong>Oliver Serti\u0107<\/strong> i ja iznajmili prvi ured Restarta i krenuli raditi, osnovan je HAVC, to je bilo 2008. Dotad je bilo gotovo nemogu\u0107e da mla\u0111i filmski profesionalci osnuju vlastite produkcijske ku\u0107e. Produkcija je bila izrazito elitisti\u010dka i rezervirana za nekolicinu pojedinaca. S HAVC-om se sve to po\u010delo demokratizirati, filmska zajednica je krenula prema tome da postane raznovrsnija i otvorenija.<\/p>\n<p>Restart smo pokrenuli s idejom da se specijaliziramo za dokumentarni film \u2013 ne samo kao produkcijska ku\u0107a, nego i kroz prikazivanje filmova, edukaciju publike i osna\u017eivanje ljudi da sami naprave svoj kratki dokumentarac, \u010dak i ako nisu akademski obrazovani. Tako\u0111er, \u017eeljeli smo distribuirati kvalitetne svjetske dokumentarce na podru\u010dju biv\u0161e Jugoslavije. Tako je sve krenulo.<\/p>\n<figure id=\"attachment_6409\" aria-describedby=\"caption-attachment-6409\" style=\"width: 1980px\" class=\"wp-caption alignnone\"><img loading=\"lazy\" decoding=\"async\" class=\"wp-image-6409 size-full\" src=\"https:\/\/sdf.hr\/wp-content\/uploads\/2025\/05\/Jambrovic2_Davor-Konjikusic.jpg\" alt=\"\" width=\"1980\" height=\"1320\" srcset=\"https:\/\/sdf.hr\/wp-content\/uploads\/2025\/05\/Jambrovic2_Davor-Konjikusic.jpg 1980w, https:\/\/sdf.hr\/wp-content\/uploads\/2025\/05\/Jambrovic2_Davor-Konjikusic-300x200.jpg 300w, https:\/\/sdf.hr\/wp-content\/uploads\/2025\/05\/Jambrovic2_Davor-Konjikusic-1024x683.jpg 1024w, https:\/\/sdf.hr\/wp-content\/uploads\/2025\/05\/Jambrovic2_Davor-Konjikusic-768x512.jpg 768w, https:\/\/sdf.hr\/wp-content\/uploads\/2025\/05\/Jambrovic2_Davor-Konjikusic-1536x1024.jpg 1536w\" sizes=\"auto, (max-width: 1980px) 100vw, 1980px\" \/><figcaption id=\"caption-attachment-6409\" class=\"wp-caption-text\">Vanja Jambrovi\u0107 (Foto: Davor Konjiku\u0161i\u0107)<\/figcaption><\/figure>\n<p><strong>Kao komparatistkinju, nije vas zaobi\u0161lo pisanje. U scenaristi\u010dke vode ulazite u &#8220;Gangsteru&#8221; i serijalu &#8220;Pijaca, pazar, plac&#8221;.<\/strong><\/p>\n<p>Tako je, s Neboj\u0161om sam radila na scenariju za &#8220;Gangstera&#8221;, zapravo sam ga ja nagovorila da snimamo film. Njemu se \u010dinilo da kao Purger nema &#8220;pravo&#8221; oslikati Imotsku krajinu, da nema neki legitimitet da o tome pri\u010da. Ali upoznao je Nediljka i ostalo je povijest. Bilo nam je va\u017eno da, unato\u010d humoristi\u010dnim momentima, lik tragi\u010dnih patrijarhalnih mu\u0161karaca kakvi su mnogi klijenti Nediljka Babi\u0107a Gangstera film ne osu\u0111uje, nego da ih razumije. I mislim da smo u tome uspjeli.<\/p>\n<p>U serijalu &#8220;Pijaca, pazar, plac&#8221; potpisujem scenarij za dvije epizode. Djed iz Me\u0111imurja mi je bio prekupac oraha na Tre\u0161njeva\u010dkom placu na kojem smo tako\u0111er snimali, ba\u0161 sam radila scenarij za tu epizodu koja mi je jako bliska.<\/p>\n<p><strong>Manje je poznato da ste i pjesnikinja. Jo\u0161 2009. rukopis &#8220;Gledati odozdo kako rastu rotkvice&#8221; pohvaljen je na Goranovom prolje\u0107u, a dvije godine kasnije izdajete zbirku &#8220;Pjesme za vunene no\u0107i&#8221;. Ta zbirka je 2012. dobila nagradu &#8220;Kvirinovih poetskih susreta&#8221; koju dodjeljuje Matica hrvatska Sisak za najbolju knjigu poezije autora do 35 godina. Pi\u0161ete li i dalje poeziju?<\/strong><\/p>\n<p>Ne, \u017eeljela bih se vratiti poeziji, ali mislim da nema dvaju razli\u010ditijih zanimanja i na\u010dina provo\u0111enja vremena od produkcije filmova i pisanja poezije. Produkcija je posao u kojem si stalno izlo\u017een, u nekoj vrsti vrtloga \u2013 neprestano komunicira\u0161 s gomilom ljudi, i <em>online<\/em> i u\u017eivo. A meni je za pisanje potrebna izolacija koju si trenutno ne mogu priu\u0161titi. Ali planiram.<\/p>\n<p><strong>Jedan stih u zbirci ka\u017ee: &#8220;Da se osje\u0107am dobro, potreban je kaos.&#8221;<\/strong><\/p>\n<p>Tako nekako danas funkcioniram. Najve\u0107i mi je problem \u0161to sam kontinuirano preplavljena, previ\u0161e je kolosijeka na kojima istovremeno funkcioniram. Jedino mjesto na kojem ne radim kompromise je vrijeme s djetetom.<\/p>\n<p><strong>U kojoj mjeri morate, mo\u017eete i \u017eelite pristajati na kompromise u odabiru tema svojih projekata?<\/strong><\/p>\n<p>Trudim se ne raditi prevelike kompromise. Va\u017eno mi je vjerovati u autorsku snagu redatelja \u2013 od gotovo bilo koje teme mo\u017ee nastati izvrstan film, ali ako ne vjerujem sna\u017eno u autorsku perspektivu, onda mi cijeli proces nema smisla. Paralelno, HRT-u sam, primjerice, predlagala feministi\u010dku dokumentarnu seriju koja bi kroz prikaz \u017eenskih skulptura u javnom prostoru govorila o povijesti umjetnosti. Projekt nije pro\u0161ao jer im je zvu\u010dao elitisti\u010dki, njihova programska politika ide za time da se obra\u0107aju \u0161to \u0161iroj publici. Htjela sam ipak raditi s njima, pa sam razmi\u0161ljala \u0161to mi je i dalje zanimljivo, a mo\u017ee biti dovoljno \u0161iroko. Tako su nastali portreti tr\u017enica. To mo\u017eemo donekle nazvati kompromisom jer sam imala u vidu ne samo svoje \u017eelje, nego i njihov pristup. Ali kad radimo autorski film, tada ne pristajem ni na kakve tematske kompromise.<\/p>\n<p><strong>Jeste li u radu osjetili cenzuru ili politi\u010dke pritiske s obzirom na to da su filmovi na kojima radite, kako se to po na\u0161ki ka\u017ee, dru\u0161tveno anga\u017eirani?<\/strong><\/p>\n<p>Stvarno nisam, na europskoj razini nimalo, a HAVC je politi\u010dki neovisno tijelo i u velikoj ve\u0107ini slu\u010dajeva tako funkcionira. Znam da je kolega <strong>Sini\u0161a Juri\u010di\u0107<\/strong> imao neke prepreke zbog politi\u010dke dimenzije svojih projekata, ali ja nisam. \u0160to se HRT-a ti\u010de, iako su i dalje dosta zihera\u0161ki kad je rije\u010d o doma\u0107em filmu \u2013 pogotovo ako smatraju da bi ne\u0161to moglo biti kontroverzno \u2013 situacija se zadnjih desetak godina popravlja, mislim da su postali otvoreniji. Recimo, &#8220;Srbenku&#8221; su otkupili, ali su je emitirali kasno nave\u010der, iza jedanaest, \u0161to je o\u010dito tako\u0111er dio njihove programske politike. \u010cini mi se da je njima najva\u017enije da ih nitko ne vu\u010de za rukav nakon prikazivanja bilo kakvog sadr\u017eaja i zato politi\u010dka satira te\u0161ko prolazi.<\/p>\n<p><strong>Mogu li se producenti i producentice uop\u0107e sindikalno organizirati i rade li to u Hrvatskoj?<\/strong><\/p>\n<p>Nedavno je osnovana sindikalna podru\u017enica za sve radnike u audiovizualnoj industriji u sklopu SOMK-a, \u010dlanovi mogu biti i producenti. Producenti su, me\u0111utim, u pomalo \u0161izofrenoj poziciji \u2013 formalno smo poslodavci, ali zapravo nismo, jer sredstva za filmove prikupljamo kroz <em>fundraising<\/em>. Poslodavac su, u praksi, dr\u017eava i HAVC, s obzirom na to da je film podru\u010dje od javnog interesa u koje ula\u017eu i dr\u017eava i EU, u Europi to nije komercijalna djelatnost. Producent je tu neka vrsta <em>middle managementa<\/em>. Jo\u0161 se nisam u\u010dlanila jer ne mogu sama sa sobom dogovoriti bih li trebala ili ne upravo zbog te pozicije.<\/p>\n<figure id=\"attachment_6411\" aria-describedby=\"caption-attachment-6411\" style=\"width: 1320px\" class=\"wp-caption alignnone\"><img loading=\"lazy\" decoding=\"async\" class=\"wp-image-6411 size-full\" src=\"https:\/\/sdf.hr\/wp-content\/uploads\/2025\/05\/Jambrovic3_Davor-Konjikusic.jpg\" alt=\"\" width=\"1320\" height=\"1980\" srcset=\"https:\/\/sdf.hr\/wp-content\/uploads\/2025\/05\/Jambrovic3_Davor-Konjikusic.jpg 1320w, https:\/\/sdf.hr\/wp-content\/uploads\/2025\/05\/Jambrovic3_Davor-Konjikusic-200x300.jpg 200w, https:\/\/sdf.hr\/wp-content\/uploads\/2025\/05\/Jambrovic3_Davor-Konjikusic-683x1024.jpg 683w, https:\/\/sdf.hr\/wp-content\/uploads\/2025\/05\/Jambrovic3_Davor-Konjikusic-768x1152.jpg 768w, https:\/\/sdf.hr\/wp-content\/uploads\/2025\/05\/Jambrovic3_Davor-Konjikusic-1024x1536.jpg 1024w\" sizes=\"auto, (max-width: 1320px) 100vw, 1320px\" \/><figcaption id=\"caption-attachment-6411\" class=\"wp-caption-text\">Vanja Jambrovi\u0107 (Foto: Davor Konjiku\u0161i\u0107)<\/figcaption><\/figure>\n<p><strong>Ulaznice za film &#8220;Fiume o morte!&#8221; u Zagrebu je bilo gotovo nemogu\u0107e nabaviti, prikazivao se samo u Dokukinu KIC i Kinoteci. Za\u0161to?<\/strong><\/p>\n<p>S &#8220;Fiume o morte!&#8221; nismo uspjeli u\u0107i u Cinestar, i to je ogroman problem. Imali smo samo jednu projekciju u Branimir centru, i nakon toga su rekli da vi\u0161e ne \u017eele. Cinestar je privatna firma i vodi se isklju\u010divo prometom i zaradom, a njihova je generalna politika da ne prikazuju dokumentarce, osim ako nisu portreti svjetski poznatih osoba, recimo film o <strong>Amy Winehouse<\/strong>. Imam dojam da im je i igrani hrvatski film samo uteg, ne\u0161to \u0161to moraju odraditi.<\/p>\n<p>Da, film se u Zagrebu prikazivao u KIC-u i Kinoteci, \u0161to samo po sebi govori mnogo. Kinoteka je u vlasni\u0161tvu Crkve i izgleda kao vremenska kapsula, ne odr\u017eava se, a nedjeljom ne mo\u017eemo gledati filmove jer se u tom prostoru odr\u017eavaju predbra\u010dni te\u010dajevi. Stra\u0161na je ta pozicija hrvatske kinematografije u kojoj glavni grad nema jedno suvremeno, gradsko <em>art-house<\/em> kino. Takvo mjesto u Zagrebu ne postoji otkako su zatvoreni Kino Europa i Tu\u0161kanac. Mnogi drugi gradovi stoje puno bolje \u2013 u Karlovcu je pro\u0161le godine otvoreno sjajno obnovljeno kino. \u0160ibenik, Zadar, Pula, Rijeka, Zabok imaju ozbiljne prostore. Zagreb ne.<\/p>\n<p><strong>Ne mo\u017eemo se ne dotaknuti va\u0161eg nedavnog posjeta Cannesu i Parizu. Na filmu &#8220;\u010covjek koji nije mogao \u0161utjeti&#8221; niste radili, ali va\u0161 suprug, Neboj\u0161a Slijep\u010devi\u0107, re\u017eirao je film. Ne\u0107u ulaziti u to kako je trebao dobiti Oscara jer bih kao navija\u010dica Hajduka zapela u &#8220;pokradeni smo&#8221; sentimentu, pa se vratimo na va\u0161e iskustvo najve\u0107ih europskih crvenih tepiha.<\/strong><\/p>\n<p>Kao podr\u017eavateljica projekta i Neboj\u0161ina supruga, morala sam odraditi taj folklor, ali iskreno, bilo mi je naporno i samo jo\u0161 jedna ekstra obaveza u ve\u0107 sumanutom ritmu. Puno mi je pomogla prijateljica, glumica <strong>Marta Cerove\u010dki<\/strong>, koja je iskusna u takvim situacijama. Bez nje ne bih uspjela \u2013 na\u0161la mi je dizajnera, <strong>Borisa Pavlinu<\/strong>, koji mi je besplatno napravio divnu haljinu. Naravno, bilo je i zanimljivo na festivalima, pogotovo na dodjeli francuskih nagrada C\u00e9sar, ali sve te ceremonije nemaju ba\u0161 prevelike veze sa stvarnim \u017eivotom, to je sve poza i ritual, veliki performans. I cijelo vrijeme si na adrenalinu.<\/p>\n<p>Na Oscare nisam i\u0161la. Vratila sam se ku\u0107i kako bih ih gledala s na\u0161im sinom <strong>Mikom<\/strong>. On je, kao sedmogodi\u0161njak, osjetio da se doga\u0111a ne\u0161to jako va\u017eno, a kako nije mogao i\u0107i, osje\u0107ao se izostavljenim. Neboj\u0161a i ja smo odlu\u010dili da je bolje da ih gledam s njim nego da ostane s bakom i djedom. A i meni se iskreno nije dalo i\u0107i u SAD na samo 48 sati. Isti vikend bila je dodjela C\u00e9sara i Oscara pa sam se nakon C\u00e9sara vratila ku\u0107i.<\/p>\n<p><strong>Stignete li pratiti suvremenu filmsku produkciju?<\/strong><\/p>\n<p>Pratim, ali po meni nedovoljno, prije djeteta i\u0161la sam u kino par puta tjedno, sada to ne stignem. Trudim se koliko-toliko pratiti \u0161to izlazi prvenstveno radi studenata kojima predajem jer ih moram pratiti, oni sve gledaju.<\/p>\n<p><strong>Gledate li serije? Sigurna sam da bi obi\u010dnim smrtnicima puno zna\u010dilo, meni zasigurno bi, da megauspje\u0161ni redatelj i producentica nave\u010der upale neki <em>streaming<\/em> servis kao i svi mi, a ne gledaju stare, kvalitetne filmove.<\/strong><\/p>\n<p>Naravno da gledamo, kasno nave\u010der kada Mika zaspe znamo pogledati seriju, nema\u0161 tada koncentracije za neki dobar art film, a i serije su kra\u0107e. Jako volim &#8220;Succession&#8221;. \u0160to se vremena za gledanje filmova ti\u010de, sjajan mi je filmski festival Karlovy Vary jer glavne projekcije pu\u0161taju u devet ujutro \u2013 probudi\u0161 se, doru\u010dkuje\u0161 i ode\u0161 na film, bude po tisu\u0107u ljudi na projekciji.<\/p>\n<p><strong>Na \u010demu radite ostatak ove poprili\u010dno burne godine?<\/strong><\/p>\n<p>Ove godine sam imala dvije premijere. Uz &#8220;Fiume o morte!&#8221;, radila sam na manjinskoj koprodukciji filma <strong>Stefana \u0110or\u0111evi\u0107a<\/strong> &#8220;Vetre, pri\u010daj sa mnom&#8221;. Film je divan i stvarno sam ponosna na njega. Imam jo\u0161 nekoliko projekata u zavr\u0161noj fazi postprodukcije. Jedan od njih zvat \u0107e se &#8220;Sjeti se moje pjesme&#8221;. Napravljen je od VHS arhive i prati pri\u010du o gostioni Jablan, koja je nekada bila jedna od najpopularnijih kafana u Jugoslaviji. Nalazila se u polju pokraj Virovitice, u jednom selu uz prometnu cestu, a ljudi su u nju dolazili iz Zagreba, Beograda, Ljubljane \u2013 bilo je to mjesto narodnih veselja uz narodne pjeva\u010dice, hranu, pi\u0107e. Prema nekim pri\u010dama, to je bilo i jedno od prvih mjesta na kojem je do\u0161lo do pucnjave izme\u0111u Hrvata i Srba, neposredno prije po\u010detka rata. Na po\u010detku rata zgrada gostione je minirana, a danas je tamo ostatak ru\u0161evine. Film re\u017eiraju dvije redateljice, <strong>Jelena Bosanac<\/strong> iz Virovitice i <strong>Tanja Brzakovi\u0107<\/strong> iz Beograda. Kroz taj mikroprimjer poku\u0161avaju tematizirati \u0161iru pri\u010du o raspadu dr\u017eave. Radim i na novom filmu <strong>Katerine Dude<\/strong>, koja se bavi pitanjem ilegalne gradnje i apartmanizacije na podru\u010dju Istre kroz eksperimentalno-dokumentarnu formu.<\/p>\n<p><strong>\u0160to vam na kraju hekti\u010dnog dana daje nadu?<\/strong><\/p>\n<p>Pomisao da koliko god konflikata, agresije i zlobe postoji na ovom svijetu, usprkos tome, svi smo jako povezani i to je znanstvena \u010dinjenica. Jer svatko ima dva roditelja i broj predaka svakog pojedinca se udvostru\u010duje svake generacije. Koriste\u0107i se osnovnom matematikom, mo\u017eemo izra\u010dunati da je prije deset generacija svaki pojedinac imao tisu\u0107u predaka, a prije 20 generacija milijun i tako dalje. I onda, kada do\u0111emo do prije 40 generacija, u vrijeme <strong>Karla Velikog<\/strong>, dolazimo do trilijun predaka i to je problem jer imamo vi\u0161e predaka nego \u0161to je bilo ljudi. Stoga je znanstveni zaklju\u010dak da je puno tih predaka moralo biti ista osoba i da su apsolutno svi ljudi koji \u017eive na svijetu danas, ustvari ro\u0111aci.<\/p>\n<p><em>razgovor vodila Vedrana Bibi\u0107<\/em><\/p>\n","protected":false},"excerpt":{"rendered":"<p>Va\u017eno mi je vjerovati u autorsku snagu redatelja \u2013 od gotovo bilo koje teme mo\u017ee nastati izvrstan film, ali ako ne vjerujem sna\u017eno u autorsku perspektivu, onda mi cijeli proces nema smisla. A kad radimo autorski film, tada ne pristajem ni na kakve tematske kompromise<\/p>\n","protected":false},"featured_media":6408,"template":"","tags":[173],"atribut":[],"class_list":["post-6413","nada","type-nada","status-publish","has-post-thumbnail","hentry","tag-intervju-2-hr"],"acf":[],"yoast_head":"<!-- This site is optimized with the Yoast SEO plugin v27.4 - https:\/\/yoast.com\/product\/yoast-seo-wordpress\/ -->\n<title>Vanja Jambrovi\u0107: Trudim se ne raditi prevelike kompromise - SDF - Srpski demokratski forum<\/title>\n<meta name=\"robots\" content=\"index, follow, max-snippet:-1, max-image-preview:large, max-video-preview:-1\" \/>\n<link rel=\"canonical\" href=\"https:\/\/sdf.hr\/hr\/nada\/vanja-jambrovic-trudim-se-ne-raditi-prevelike-kompromise\/\" \/>\n<meta property=\"og:locale\" content=\"hr_HR\" \/>\n<meta property=\"og:type\" content=\"article\" \/>\n<meta property=\"og:title\" content=\"Vanja Jambrovi\u0107: Trudim se ne raditi prevelike kompromise - SDF - Srpski demokratski forum\" \/>\n<meta property=\"og:description\" content=\"Va\u017eno mi je vjerovati u autorsku snagu redatelja \u2013 od gotovo bilo koje teme mo\u017ee nastati izvrstan film, ali ako ne vjerujem sna\u017eno u autorsku perspektivu, onda mi cijeli proces nema smisla. A kad radimo autorski film, tada ne pristajem ni na kakve tematske kompromise\" \/>\n<meta property=\"og:url\" content=\"https:\/\/sdf.hr\/hr\/nada\/vanja-jambrovic-trudim-se-ne-raditi-prevelike-kompromise\/\" \/>\n<meta property=\"og:site_name\" content=\"SDF - Srpski demokratski forum\" \/>\n<meta property=\"article:modified_time\" content=\"2025-06-16T08:57:23+00:00\" \/>\n<meta property=\"og:image\" content=\"https:\/\/sdf.hr\/wp-content\/uploads\/2025\/05\/Jambrovic1_Davor-Konjikusic.jpg\" \/>\n\t<meta property=\"og:image:width\" content=\"1980\" \/>\n\t<meta property=\"og:image:height\" content=\"1320\" \/>\n\t<meta property=\"og:image:type\" content=\"image\/jpeg\" \/>\n<meta name=\"twitter:card\" content=\"summary_large_image\" \/>\n<meta name=\"twitter:label1\" content=\"Procijenjeno vrijeme \u010ditanja\" \/>\n\t<meta name=\"twitter:data1\" content=\"13 minuta\" \/>\n<script type=\"application\/ld+json\" class=\"yoast-schema-graph\">{\"@context\":\"https:\\\/\\\/schema.org\",\"@graph\":[{\"@type\":\"WebPage\",\"@id\":\"https:\\\/\\\/sdf.hr\\\/hr\\\/nada\\\/vanja-jambrovic-trudim-se-ne-raditi-prevelike-kompromise\\\/\",\"url\":\"https:\\\/\\\/sdf.hr\\\/hr\\\/nada\\\/vanja-jambrovic-trudim-se-ne-raditi-prevelike-kompromise\\\/\",\"name\":\"Vanja Jambrovi\u0107: Trudim se ne raditi prevelike kompromise - SDF - Srpski demokratski forum\",\"isPartOf\":{\"@id\":\"https:\\\/\\\/sdf.hr\\\/#website\"},\"primaryImageOfPage\":{\"@id\":\"https:\\\/\\\/sdf.hr\\\/hr\\\/nada\\\/vanja-jambrovic-trudim-se-ne-raditi-prevelike-kompromise\\\/#primaryimage\"},\"image\":{\"@id\":\"https:\\\/\\\/sdf.hr\\\/hr\\\/nada\\\/vanja-jambrovic-trudim-se-ne-raditi-prevelike-kompromise\\\/#primaryimage\"},\"thumbnailUrl\":\"https:\\\/\\\/sdf.hr\\\/wp-content\\\/uploads\\\/2025\\\/05\\\/Jambrovic1_Davor-Konjikusic.jpg\",\"datePublished\":\"2025-05-25T06:49:19+00:00\",\"dateModified\":\"2025-06-16T08:57:23+00:00\",\"breadcrumb\":{\"@id\":\"https:\\\/\\\/sdf.hr\\\/hr\\\/nada\\\/vanja-jambrovic-trudim-se-ne-raditi-prevelike-kompromise\\\/#breadcrumb\"},\"inLanguage\":\"hr\",\"potentialAction\":[{\"@type\":\"ReadAction\",\"target\":[\"https:\\\/\\\/sdf.hr\\\/hr\\\/nada\\\/vanja-jambrovic-trudim-se-ne-raditi-prevelike-kompromise\\\/\"]}]},{\"@type\":\"ImageObject\",\"inLanguage\":\"hr\",\"@id\":\"https:\\\/\\\/sdf.hr\\\/hr\\\/nada\\\/vanja-jambrovic-trudim-se-ne-raditi-prevelike-kompromise\\\/#primaryimage\",\"url\":\"https:\\\/\\\/sdf.hr\\\/wp-content\\\/uploads\\\/2025\\\/05\\\/Jambrovic1_Davor-Konjikusic.jpg\",\"contentUrl\":\"https:\\\/\\\/sdf.hr\\\/wp-content\\\/uploads\\\/2025\\\/05\\\/Jambrovic1_Davor-Konjikusic.jpg\",\"width\":1980,\"height\":1320,\"caption\":\"Vanja Jambrovi\u0107 (Foto: Davor Konjiku\u0161i\u0107)\"},{\"@type\":\"BreadcrumbList\",\"@id\":\"https:\\\/\\\/sdf.hr\\\/hr\\\/nada\\\/vanja-jambrovic-trudim-se-ne-raditi-prevelike-kompromise\\\/#breadcrumb\",\"itemListElement\":[{\"@type\":\"ListItem\",\"position\":1,\"name\":\"Po\u010detna stranica\",\"item\":\"https:\\\/\\\/sdf.hr\\\/hr\\\/\"},{\"@type\":\"ListItem\",\"position\":2,\"name\":\"Nada\",\"item\":\"https:\\\/\\\/sdf.hr\\\/nada\\\/\"},{\"@type\":\"ListItem\",\"position\":3,\"name\":\"Vanja Jambrovi\u0107: Trudim se ne raditi prevelike kompromise\"}]},{\"@type\":\"WebSite\",\"@id\":\"https:\\\/\\\/sdf.hr\\\/#website\",\"url\":\"https:\\\/\\\/sdf.hr\\\/\",\"name\":\"SDF - Srpski demokratski forum\",\"description\":\"Srpski demokratski forum\",\"publisher\":{\"@id\":\"https:\\\/\\\/sdf.hr\\\/#organization\"},\"potentialAction\":[{\"@type\":\"SearchAction\",\"target\":{\"@type\":\"EntryPoint\",\"urlTemplate\":\"https:\\\/\\\/sdf.hr\\\/?s={search_term_string}\"},\"query-input\":{\"@type\":\"PropertyValueSpecification\",\"valueRequired\":true,\"valueName\":\"search_term_string\"}}],\"inLanguage\":\"hr\"},{\"@type\":\"Organization\",\"@id\":\"https:\\\/\\\/sdf.hr\\\/#organization\",\"name\":\"SDF - Srpski demokratski forum\",\"url\":\"https:\\\/\\\/sdf.hr\\\/\",\"logo\":{\"@type\":\"ImageObject\",\"inLanguage\":\"hr\",\"@id\":\"https:\\\/\\\/sdf.hr\\\/#\\\/schema\\\/logo\\\/image\\\/\",\"url\":\"https:\\\/\\\/sdf.hr\\\/wp-content\\\/uploads\\\/2021\\\/07\\\/logo-hr.svg\",\"contentUrl\":\"https:\\\/\\\/sdf.hr\\\/wp-content\\\/uploads\\\/2021\\\/07\\\/logo-hr.svg\",\"width\":271,\"height\":100,\"caption\":\"SDF - Srpski demokratski forum\"},\"image\":{\"@id\":\"https:\\\/\\\/sdf.hr\\\/#\\\/schema\\\/logo\\\/image\\\/\"}}]}<\/script>\n<!-- \/ Yoast SEO plugin. -->","yoast_head_json":{"title":"Vanja Jambrovi\u0107: Trudim se ne raditi prevelike kompromise - SDF - Srpski demokratski forum","robots":{"index":"index","follow":"follow","max-snippet":"max-snippet:-1","max-image-preview":"max-image-preview:large","max-video-preview":"max-video-preview:-1"},"canonical":"https:\/\/sdf.hr\/hr\/nada\/vanja-jambrovic-trudim-se-ne-raditi-prevelike-kompromise\/","og_locale":"hr_HR","og_type":"article","og_title":"Vanja Jambrovi\u0107: Trudim se ne raditi prevelike kompromise - SDF - Srpski demokratski forum","og_description":"Va\u017eno mi je vjerovati u autorsku snagu redatelja \u2013 od gotovo bilo koje teme mo\u017ee nastati izvrstan film, ali ako ne vjerujem sna\u017eno u autorsku perspektivu, onda mi cijeli proces nema smisla. A kad radimo autorski film, tada ne pristajem ni na kakve tematske kompromise","og_url":"https:\/\/sdf.hr\/hr\/nada\/vanja-jambrovic-trudim-se-ne-raditi-prevelike-kompromise\/","og_site_name":"SDF - Srpski demokratski forum","article_modified_time":"2025-06-16T08:57:23+00:00","og_image":[{"width":1980,"height":1320,"url":"https:\/\/sdf.hr\/wp-content\/uploads\/2025\/05\/Jambrovic1_Davor-Konjikusic.jpg","type":"image\/jpeg"}],"twitter_card":"summary_large_image","twitter_misc":{"Procijenjeno vrijeme \u010ditanja":"13 minuta"},"schema":{"@context":"https:\/\/schema.org","@graph":[{"@type":"WebPage","@id":"https:\/\/sdf.hr\/hr\/nada\/vanja-jambrovic-trudim-se-ne-raditi-prevelike-kompromise\/","url":"https:\/\/sdf.hr\/hr\/nada\/vanja-jambrovic-trudim-se-ne-raditi-prevelike-kompromise\/","name":"Vanja Jambrovi\u0107: Trudim se ne raditi prevelike kompromise - SDF - Srpski demokratski forum","isPartOf":{"@id":"https:\/\/sdf.hr\/#website"},"primaryImageOfPage":{"@id":"https:\/\/sdf.hr\/hr\/nada\/vanja-jambrovic-trudim-se-ne-raditi-prevelike-kompromise\/#primaryimage"},"image":{"@id":"https:\/\/sdf.hr\/hr\/nada\/vanja-jambrovic-trudim-se-ne-raditi-prevelike-kompromise\/#primaryimage"},"thumbnailUrl":"https:\/\/sdf.hr\/wp-content\/uploads\/2025\/05\/Jambrovic1_Davor-Konjikusic.jpg","datePublished":"2025-05-25T06:49:19+00:00","dateModified":"2025-06-16T08:57:23+00:00","breadcrumb":{"@id":"https:\/\/sdf.hr\/hr\/nada\/vanja-jambrovic-trudim-se-ne-raditi-prevelike-kompromise\/#breadcrumb"},"inLanguage":"hr","potentialAction":[{"@type":"ReadAction","target":["https:\/\/sdf.hr\/hr\/nada\/vanja-jambrovic-trudim-se-ne-raditi-prevelike-kompromise\/"]}]},{"@type":"ImageObject","inLanguage":"hr","@id":"https:\/\/sdf.hr\/hr\/nada\/vanja-jambrovic-trudim-se-ne-raditi-prevelike-kompromise\/#primaryimage","url":"https:\/\/sdf.hr\/wp-content\/uploads\/2025\/05\/Jambrovic1_Davor-Konjikusic.jpg","contentUrl":"https:\/\/sdf.hr\/wp-content\/uploads\/2025\/05\/Jambrovic1_Davor-Konjikusic.jpg","width":1980,"height":1320,"caption":"Vanja Jambrovi\u0107 (Foto: Davor Konjiku\u0161i\u0107)"},{"@type":"BreadcrumbList","@id":"https:\/\/sdf.hr\/hr\/nada\/vanja-jambrovic-trudim-se-ne-raditi-prevelike-kompromise\/#breadcrumb","itemListElement":[{"@type":"ListItem","position":1,"name":"Po\u010detna stranica","item":"https:\/\/sdf.hr\/hr\/"},{"@type":"ListItem","position":2,"name":"Nada","item":"https:\/\/sdf.hr\/nada\/"},{"@type":"ListItem","position":3,"name":"Vanja Jambrovi\u0107: Trudim se ne raditi prevelike kompromise"}]},{"@type":"WebSite","@id":"https:\/\/sdf.hr\/#website","url":"https:\/\/sdf.hr\/","name":"SDF - Srpski demokratski forum","description":"Srpski demokratski forum","publisher":{"@id":"https:\/\/sdf.hr\/#organization"},"potentialAction":[{"@type":"SearchAction","target":{"@type":"EntryPoint","urlTemplate":"https:\/\/sdf.hr\/?s={search_term_string}"},"query-input":{"@type":"PropertyValueSpecification","valueRequired":true,"valueName":"search_term_string"}}],"inLanguage":"hr"},{"@type":"Organization","@id":"https:\/\/sdf.hr\/#organization","name":"SDF - Srpski demokratski forum","url":"https:\/\/sdf.hr\/","logo":{"@type":"ImageObject","inLanguage":"hr","@id":"https:\/\/sdf.hr\/#\/schema\/logo\/image\/","url":"https:\/\/sdf.hr\/wp-content\/uploads\/2021\/07\/logo-hr.svg","contentUrl":"https:\/\/sdf.hr\/wp-content\/uploads\/2021\/07\/logo-hr.svg","width":271,"height":100,"caption":"SDF - Srpski demokratski forum"},"image":{"@id":"https:\/\/sdf.hr\/#\/schema\/logo\/image\/"}}]}},"_links":{"self":[{"href":"https:\/\/sdf.hr\/hr\/wp-json\/wp\/v2\/nada\/6413","targetHints":{"allow":["GET"]}}],"collection":[{"href":"https:\/\/sdf.hr\/hr\/wp-json\/wp\/v2\/nada"}],"about":[{"href":"https:\/\/sdf.hr\/hr\/wp-json\/wp\/v2\/types\/nada"}],"wp:featuredmedia":[{"embeddable":true,"href":"https:\/\/sdf.hr\/hr\/wp-json\/wp\/v2\/media\/6408"}],"wp:attachment":[{"href":"https:\/\/sdf.hr\/hr\/wp-json\/wp\/v2\/media?parent=6413"}],"wp:term":[{"taxonomy":"post_tag","embeddable":true,"href":"https:\/\/sdf.hr\/hr\/wp-json\/wp\/v2\/tags?post=6413"},{"taxonomy":"atribut","embeddable":true,"href":"https:\/\/sdf.hr\/hr\/wp-json\/wp\/v2\/atribut?post=6413"}],"curies":[{"name":"wp","href":"https:\/\/api.w.org\/{rel}","templated":true}]}}