{"id":6430,"date":"2025-05-31T11:47:38","date_gmt":"2025-05-31T09:47:38","guid":{"rendered":"https:\/\/sdf.hr\/nada\/svaka-se-bori-za-sve-nas\/"},"modified":"2025-05-31T11:47:38","modified_gmt":"2025-05-31T09:47:38","slug":"svaka-se-bori-za-sve-nas","status":"publish","type":"nada","link":"https:\/\/sdf.hr\/hr\/nada\/svaka-se-bori-za-sve-nas\/","title":{"rendered":"Svaka se bori za sve nas"},"content":{"rendered":"<p><strong>Tanja Grgi\u0107<\/strong> bi sebe javnosti predstavila kao Romkinju, feministkinju i aktivistkinju posve\u0107enu borbi protiv nasilja nad \u017eenama i devoj\u010dicama. Kao \u017eena koja je li\u010dno pre\u017eivela nasilje, danas sna\u017eno podi\u017ee glas za one koje jo\u0161 uvek \u0107ute \u2013 bore\u0107i se za pravdu, osna\u017eivanje i vidljivost svih \u017eena. Ne predaje se, ve\u0107 svakodnevno dokazuje da promene jesu mogu\u0107e i neophodne.<\/p>\n<p>Predvodi udru\u017eenje Uspe\u0161ne \u017eene Kostolca, fokusirano na borbu protiv nasilja, obrazovanje i stvaranje sigurnog prostora za \u017eene i devoj\u010dice. Od 2022. udru\u017eenje je koordiniraju\u0107a organizacija Romske \u017eenske mre\u017ee Srbije (R\u017dM), koja okuplja preko 30 organizacija \u0161irom zemlje. Kroz saradnju sa institucijama i civilnim sektorom realizuju projekte koji osna\u017euju Romkinje i unapre\u0111uju njihov polo\u017eaj. Kao \u010dlanice Romske \u017eenske mre\u017ee Srbije dale su va\u017ean doprinos kroz prvo istra\u017eivanje o de\u010djim brakovima sprovedeno 2022. u Kostolcu koji je na drugom mestu u Srbiji po broju maloletni\u010dkih brakova. Na osnovu rezultata, pokrenuta je inicijativa za zakonske izmene \u2013 da centri za socijalni rad i sudovi vi\u0161e ne mogu davati saglasnost za de\u010dje brakove. Inicijativa je predstavljena i u Narodnoj skup\u0161tini.<\/p>\n<p>Tako\u0111e, 2024. organizovan je prvi feministi\u010dki festival u Kostolcu u saradnji sa Arheolo\u0161kim parkom Viminacijum. Festival je okupio preko 30 organizacija te bio posve\u0107en Romkinjama. Kao mala organizacija, Uspe\u0161ne \u017eene Kostolca danas je prepoznata i u feministi\u010dkom pokretu, uz podr\u0161ku mre\u017ea kao \u0161to su BeFem, udru\u017eenje Bibija i Osvit iz Ni\u0161a.<\/p>\n<p>&#8211; Udru\u017eenje aktivno sprovodi edukativne radionice, javne kampanje i istra\u017eivanja, sa posebnim akcentom na prevenciju ranih brakova, porodi\u010dnog nasilja i diskriminacije. Tako\u0111e, podsti\u010de \u017eene na uklju\u010divanje u javni \u017eivot i procese dono\u0161enja odluka u lokalnoj zajednici \u2013 govori nam Tanja Grgi\u0107.<\/p>\n<p>Romkinje su \u010desto suo\u010dene sa predrasudama da su neobrazovane, siroma\u0161ne, neodgovorne majke ili sklone kriminalu. U stvarnosti, mnoge nemaju pravo da odlu\u010duju o svom telu, obrazovanju, braku ili radu. Unutar zajednice, nasilje se \u010desto smatra &#8220;porodi\u010dnom stvari&#8221;, dok ve\u0107insko dru\u0161tvo ostaje slepo na njihovu svakodnevicu. Dodatni izazovi sa kojima se Romi u Srbiji susre\u0107u je zatvorenost same zajednice, duboko ukorenjeni stereotipi \u2013 poput pogre\u0161nog uverenja da su de\u010dji brakovi deo romske tradicije \u2013 te visoka stopa napu\u0161tanja obrazovnog sistema. Ovi izazovi prema njenim re\u010dima dodatno ote\u017eavaju polo\u017eaj romske zajednice i spre\u010davaju decu i mlade da ostvare svoje potencijale.<\/p>\n<p>&#8211; Re\u0161enja vidimo u sistemskom i koordinisanom delovanju svih relevantnih institucija \u2013 od centara za socijalni rad, \u0161kola, policije i tu\u017eila\u0161tva, do gradske uprave. Posebno je va\u017eno da Gradska op\u0161tina omogu\u0107i romskoj deci pristup dvogodi\u0161njem pred\u0161kolskom obrazovanju, \u010dime bi im se olak\u0161alo uklju\u010divanje u redovno \u0161kolovanje, smanjio rizik od ranog napu\u0161tanja \u0161kole i pru\u017eila \u0161ansa za ravnopravan po\u010detak \u2013 govori Tanja.<\/p>\n<p>Brojna istra\u017eivanja pokazuju da Romi u Evropi, a posebno na Balkanu, imaju ograni\u010dena ili neispunjena prava, a njihova iskustva potvr\u0111uju da u praksi institucije \u010desto ne rade dovoljno na primeni zakona. Poverenik za za\u0161titu ravnopravnosti i lokalne samouprave imaju va\u017enu ulogu u prepoznavanju potreba romske zajednice i u inkluzivnim politikama.<\/p>\n<p>&#8211; Umesto da osna\u017euju gra\u0111ane, njihova uloga se \u010desto svodi na puko ispunjavanje socijalnih davanja, bez su\u0161tinskog rada na uklju\u010divanju Roma u dru\u0161tvo \u2013 govori Tanja.<\/p>\n<p>U Srbiji postoje akademski programi koji se bave romologijom, naukom o romskom jeziku, kulturi i istoriji. Univerzitet u Novom Sadu nudi \u0160kolu romologije, dok se na \u017eenskim studijama u Beogradu obra\u0111uju teme polo\u017eaja Romkinja i diskriminacije. Ipak, obrazovanje Roma i dalje prati siroma\u0161tvo, diskriminacija i ote\u017ean pristup tom sektoru. Mnogi romski u\u010denici ne poha\u0111aju pred\u0161kolske programe, \u0161to doprinosi neravnopravnom startu u \u0161kolovanju. Strategija za socijalno uklju\u010divanje Roma 2016 &#8211; 2025. predvi\u0111a punu uklju\u010denost romske dece i mehanizme protiv diskriminacije.<\/p>\n<p>Feministi\u010dki kulturni centar BeFem snimio je nedavno film &#8220;Uspeh je spasiti jednu \u017eenu&#8221; u kojoj koriste Tanjinu li\u010dnu pri\u010du kao centralni element, ali i pri\u010de mladih aktivistkinja koje su, kao tinejd\u017eerke, krenule putem kojim je ona hodala. Glavna tema filma je borba protiv nasilja nad \u017eenama i snaga \u017eenske solidarnosti. Proces samospoznaje je klju\u010dan za prevazila\u017eenje nasilja i diskriminacije, a svaka \u017eena koja prona\u0111e svoju unutra\u0161nju snagu \u010dini va\u017ean korak ka boljoj budu\u0107nosti svih \u017eena u dru\u0161tvu.<\/p>\n<p>&#8211; Prikazuje se kako smo, suo\u010dene sa siroma\u0161tvom i nasiljem, koristile obrazovanje i aktivizam kao oru\u017eje za promene. Moj lik je centar ovog procesa, ali film se \u0161iri na volonterski rad i aktivizam, daje primer \u017eena koje su odlu\u010dile da progovore i prekinu ciklus nasilja. Kroz intimne scene koje prate moje emocije i borbe, kao i snimke zajedni\u010dke akcije, film simbolizuje osloba\u0111anje i borbu za pravdu \u2013 govori Tanja.<\/p>\n<p>&#8211; Trenutno ne sara\u0111ujemo sa organizacijama iz Hrvatske, ali bih volela da u budu\u0107nosti ostvarimo partnerstva, posebno sa onima koje se bave pravima \u017eena i romske zajednice \u2013 govori Tanja te dodaje da zajedno mo\u017eemo biti ja\u010de u borbi za prava svih \u017eena, a posebno Romkinja koje su vi\u0161estruko diskriminisane, kako unutar svojih porodica, tako i od strane \u0161ireg dru\u0161tva.<\/p>\n<p>&#8211; Njihov put pokazuje da i male organizacije, uz upornost, saradnju i veru u promenu, mogu napraviti velike korake. Obrazovanje daje glas, mogu\u0107nost izbora, nezavisnost i snagu da menjamo stvari \u2013 najpre za sebe, a onda i za druge. Svaka Romkinja koja se \u0161koluje, koja se bori i ostaje dosledna sebi \u2013 menja sliku o nama. Neka znaju da imaju pravo da sanjaju, da biraju i da budu ono \u0161to \u017eele, bez straha i stida \u2013 zaklju\u010duje Tanja Grgi\u0107.<\/p>\n<p><em>pi\u0161e Jelena Miri\u0107<\/em><\/p>\n","protected":false},"excerpt":{"rendered":"<p>Svaka Romkinja koja se \u0161koluje, koja se bori i ostaje dosledna sebi \u2013 menja sliku o nama. Neka znaju da imaju pravo da sanjaju, poru\u010duje Tanja Grgi\u0107, aktivistkinja posve\u0107ena borbi protiv nasilja<\/p>\n","protected":false},"featured_media":6429,"template":"","tags":[136],"atribut":[],"class_list":["post-6430","nada","type-nada","status-publish","has-post-thumbnail","hentry","tag-portret"],"acf":[],"yoast_head":"<!-- This site is optimized with the Yoast SEO plugin v27.4 - https:\/\/yoast.com\/product\/yoast-seo-wordpress\/ -->\n<title>Svaka se bori za sve nas - SDF - Srpski demokratski forum<\/title>\n<meta name=\"robots\" content=\"index, follow, max-snippet:-1, max-image-preview:large, max-video-preview:-1\" \/>\n<link rel=\"canonical\" href=\"https:\/\/sdf.hr\/hr\/nada\/svaka-se-bori-za-sve-nas\/\" \/>\n<meta property=\"og:locale\" content=\"hr_HR\" \/>\n<meta property=\"og:type\" content=\"article\" \/>\n<meta property=\"og:title\" content=\"Svaka se bori za sve nas - SDF - Srpski demokratski forum\" \/>\n<meta property=\"og:description\" content=\"Svaka Romkinja koja se \u0161koluje, koja se bori i ostaje dosledna sebi \u2013 menja sliku o nama. Neka znaju da imaju pravo da sanjaju, poru\u010duje Tanja Grgi\u0107, aktivistkinja posve\u0107ena borbi protiv nasilja\" \/>\n<meta property=\"og:url\" content=\"https:\/\/sdf.hr\/hr\/nada\/svaka-se-bori-za-sve-nas\/\" \/>\n<meta property=\"og:site_name\" content=\"SDF - Srpski demokratski forum\" \/>\n<meta name=\"twitter:card\" content=\"summary_large_image\" \/>\n<meta name=\"twitter:label1\" content=\"Procijenjeno vrijeme \u010ditanja\" \/>\n\t<meta name=\"twitter:data1\" content=\"5 minuta\" \/>\n<script type=\"application\/ld+json\" class=\"yoast-schema-graph\">{\"@context\":\"https:\\\/\\\/schema.org\",\"@graph\":[{\"@type\":\"WebPage\",\"@id\":\"https:\\\/\\\/sdf.hr\\\/hr\\\/nada\\\/svaka-se-bori-za-sve-nas\\\/\",\"url\":\"https:\\\/\\\/sdf.hr\\\/hr\\\/nada\\\/svaka-se-bori-za-sve-nas\\\/\",\"name\":\"Svaka se bori za sve nas - SDF - Srpski demokratski forum\",\"isPartOf\":{\"@id\":\"https:\\\/\\\/sdf.hr\\\/#website\"},\"primaryImageOfPage\":{\"@id\":\"https:\\\/\\\/sdf.hr\\\/hr\\\/nada\\\/svaka-se-bori-za-sve-nas\\\/#primaryimage\"},\"image\":{\"@id\":\"https:\\\/\\\/sdf.hr\\\/hr\\\/nada\\\/svaka-se-bori-za-sve-nas\\\/#primaryimage\"},\"thumbnailUrl\":\"https:\\\/\\\/sdf.hr\\\/wp-content\\\/uploads\\\/2025\\\/05\\\/Tanja-Grgic_privatna-arhiva.jpg\",\"datePublished\":\"2025-05-31T09:47:38+00:00\",\"breadcrumb\":{\"@id\":\"https:\\\/\\\/sdf.hr\\\/hr\\\/nada\\\/svaka-se-bori-za-sve-nas\\\/#breadcrumb\"},\"inLanguage\":\"hr\",\"potentialAction\":[{\"@type\":\"ReadAction\",\"target\":[\"https:\\\/\\\/sdf.hr\\\/hr\\\/nada\\\/svaka-se-bori-za-sve-nas\\\/\"]}]},{\"@type\":\"ImageObject\",\"inLanguage\":\"hr\",\"@id\":\"https:\\\/\\\/sdf.hr\\\/hr\\\/nada\\\/svaka-se-bori-za-sve-nas\\\/#primaryimage\",\"url\":\"https:\\\/\\\/sdf.hr\\\/wp-content\\\/uploads\\\/2025\\\/05\\\/Tanja-Grgic_privatna-arhiva.jpg\",\"contentUrl\":\"https:\\\/\\\/sdf.hr\\\/wp-content\\\/uploads\\\/2025\\\/05\\\/Tanja-Grgic_privatna-arhiva.jpg\",\"width\":898,\"height\":738,\"caption\":\"Tanja Grgi\u0107\"},{\"@type\":\"BreadcrumbList\",\"@id\":\"https:\\\/\\\/sdf.hr\\\/hr\\\/nada\\\/svaka-se-bori-za-sve-nas\\\/#breadcrumb\",\"itemListElement\":[{\"@type\":\"ListItem\",\"position\":1,\"name\":\"Po\u010detna stranica\",\"item\":\"https:\\\/\\\/sdf.hr\\\/hr\\\/\"},{\"@type\":\"ListItem\",\"position\":2,\"name\":\"Nada\",\"item\":\"https:\\\/\\\/sdf.hr\\\/nada\\\/\"},{\"@type\":\"ListItem\",\"position\":3,\"name\":\"Svaka se bori za sve nas\"}]},{\"@type\":\"WebSite\",\"@id\":\"https:\\\/\\\/sdf.hr\\\/#website\",\"url\":\"https:\\\/\\\/sdf.hr\\\/\",\"name\":\"SDF - Srpski demokratski forum\",\"description\":\"Srpski demokratski forum\",\"publisher\":{\"@id\":\"https:\\\/\\\/sdf.hr\\\/#organization\"},\"potentialAction\":[{\"@type\":\"SearchAction\",\"target\":{\"@type\":\"EntryPoint\",\"urlTemplate\":\"https:\\\/\\\/sdf.hr\\\/?s={search_term_string}\"},\"query-input\":{\"@type\":\"PropertyValueSpecification\",\"valueRequired\":true,\"valueName\":\"search_term_string\"}}],\"inLanguage\":\"hr\"},{\"@type\":\"Organization\",\"@id\":\"https:\\\/\\\/sdf.hr\\\/#organization\",\"name\":\"SDF - Srpski demokratski forum\",\"url\":\"https:\\\/\\\/sdf.hr\\\/\",\"logo\":{\"@type\":\"ImageObject\",\"inLanguage\":\"hr\",\"@id\":\"https:\\\/\\\/sdf.hr\\\/#\\\/schema\\\/logo\\\/image\\\/\",\"url\":\"https:\\\/\\\/sdf.hr\\\/wp-content\\\/uploads\\\/2021\\\/07\\\/logo-hr.svg\",\"contentUrl\":\"https:\\\/\\\/sdf.hr\\\/wp-content\\\/uploads\\\/2021\\\/07\\\/logo-hr.svg\",\"width\":271,\"height\":100,\"caption\":\"SDF - Srpski demokratski forum\"},\"image\":{\"@id\":\"https:\\\/\\\/sdf.hr\\\/#\\\/schema\\\/logo\\\/image\\\/\"}}]}<\/script>\n<!-- \/ Yoast SEO plugin. -->","yoast_head_json":{"title":"Svaka se bori za sve nas - SDF - Srpski demokratski forum","robots":{"index":"index","follow":"follow","max-snippet":"max-snippet:-1","max-image-preview":"max-image-preview:large","max-video-preview":"max-video-preview:-1"},"canonical":"https:\/\/sdf.hr\/hr\/nada\/svaka-se-bori-za-sve-nas\/","og_locale":"hr_HR","og_type":"article","og_title":"Svaka se bori za sve nas - SDF - Srpski demokratski forum","og_description":"Svaka Romkinja koja se \u0161koluje, koja se bori i ostaje dosledna sebi \u2013 menja sliku o nama. Neka znaju da imaju pravo da sanjaju, poru\u010duje Tanja Grgi\u0107, aktivistkinja posve\u0107ena borbi protiv nasilja","og_url":"https:\/\/sdf.hr\/hr\/nada\/svaka-se-bori-za-sve-nas\/","og_site_name":"SDF - Srpski demokratski forum","twitter_card":"summary_large_image","twitter_misc":{"Procijenjeno vrijeme \u010ditanja":"5 minuta"},"schema":{"@context":"https:\/\/schema.org","@graph":[{"@type":"WebPage","@id":"https:\/\/sdf.hr\/hr\/nada\/svaka-se-bori-za-sve-nas\/","url":"https:\/\/sdf.hr\/hr\/nada\/svaka-se-bori-za-sve-nas\/","name":"Svaka se bori za sve nas - SDF - Srpski demokratski forum","isPartOf":{"@id":"https:\/\/sdf.hr\/#website"},"primaryImageOfPage":{"@id":"https:\/\/sdf.hr\/hr\/nada\/svaka-se-bori-za-sve-nas\/#primaryimage"},"image":{"@id":"https:\/\/sdf.hr\/hr\/nada\/svaka-se-bori-za-sve-nas\/#primaryimage"},"thumbnailUrl":"https:\/\/sdf.hr\/wp-content\/uploads\/2025\/05\/Tanja-Grgic_privatna-arhiva.jpg","datePublished":"2025-05-31T09:47:38+00:00","breadcrumb":{"@id":"https:\/\/sdf.hr\/hr\/nada\/svaka-se-bori-za-sve-nas\/#breadcrumb"},"inLanguage":"hr","potentialAction":[{"@type":"ReadAction","target":["https:\/\/sdf.hr\/hr\/nada\/svaka-se-bori-za-sve-nas\/"]}]},{"@type":"ImageObject","inLanguage":"hr","@id":"https:\/\/sdf.hr\/hr\/nada\/svaka-se-bori-za-sve-nas\/#primaryimage","url":"https:\/\/sdf.hr\/wp-content\/uploads\/2025\/05\/Tanja-Grgic_privatna-arhiva.jpg","contentUrl":"https:\/\/sdf.hr\/wp-content\/uploads\/2025\/05\/Tanja-Grgic_privatna-arhiva.jpg","width":898,"height":738,"caption":"Tanja Grgi\u0107"},{"@type":"BreadcrumbList","@id":"https:\/\/sdf.hr\/hr\/nada\/svaka-se-bori-za-sve-nas\/#breadcrumb","itemListElement":[{"@type":"ListItem","position":1,"name":"Po\u010detna stranica","item":"https:\/\/sdf.hr\/hr\/"},{"@type":"ListItem","position":2,"name":"Nada","item":"https:\/\/sdf.hr\/nada\/"},{"@type":"ListItem","position":3,"name":"Svaka se bori za sve nas"}]},{"@type":"WebSite","@id":"https:\/\/sdf.hr\/#website","url":"https:\/\/sdf.hr\/","name":"SDF - Srpski demokratski forum","description":"Srpski demokratski forum","publisher":{"@id":"https:\/\/sdf.hr\/#organization"},"potentialAction":[{"@type":"SearchAction","target":{"@type":"EntryPoint","urlTemplate":"https:\/\/sdf.hr\/?s={search_term_string}"},"query-input":{"@type":"PropertyValueSpecification","valueRequired":true,"valueName":"search_term_string"}}],"inLanguage":"hr"},{"@type":"Organization","@id":"https:\/\/sdf.hr\/#organization","name":"SDF - Srpski demokratski forum","url":"https:\/\/sdf.hr\/","logo":{"@type":"ImageObject","inLanguage":"hr","@id":"https:\/\/sdf.hr\/#\/schema\/logo\/image\/","url":"https:\/\/sdf.hr\/wp-content\/uploads\/2021\/07\/logo-hr.svg","contentUrl":"https:\/\/sdf.hr\/wp-content\/uploads\/2021\/07\/logo-hr.svg","width":271,"height":100,"caption":"SDF - Srpski demokratski forum"},"image":{"@id":"https:\/\/sdf.hr\/#\/schema\/logo\/image\/"}}]}},"_links":{"self":[{"href":"https:\/\/sdf.hr\/hr\/wp-json\/wp\/v2\/nada\/6430","targetHints":{"allow":["GET"]}}],"collection":[{"href":"https:\/\/sdf.hr\/hr\/wp-json\/wp\/v2\/nada"}],"about":[{"href":"https:\/\/sdf.hr\/hr\/wp-json\/wp\/v2\/types\/nada"}],"wp:featuredmedia":[{"embeddable":true,"href":"https:\/\/sdf.hr\/hr\/wp-json\/wp\/v2\/media\/6429"}],"wp:attachment":[{"href":"https:\/\/sdf.hr\/hr\/wp-json\/wp\/v2\/media?parent=6430"}],"wp:term":[{"taxonomy":"post_tag","embeddable":true,"href":"https:\/\/sdf.hr\/hr\/wp-json\/wp\/v2\/tags?post=6430"},{"taxonomy":"atribut","embeddable":true,"href":"https:\/\/sdf.hr\/hr\/wp-json\/wp\/v2\/atribut?post=6430"}],"curies":[{"name":"wp","href":"https:\/\/api.w.org\/{rel}","templated":true}]}}