{"id":6456,"date":"2025-06-15T08:10:20","date_gmt":"2025-06-15T06:10:20","guid":{"rendered":"https:\/\/sdf.hr\/nada\/jelena-pudjak-nijedan-konzumerizam-nije-zelen\/"},"modified":"2025-07-27T11:16:26","modified_gmt":"2025-07-27T09:16:26","slug":"jelena-pudjak-nijedan-konzumerizam-nije-zelen","status":"publish","type":"nada","link":"https:\/\/sdf.hr\/hr\/nada\/jelena-pudjak-nijedan-konzumerizam-nije-zelen\/","title":{"rendered":"Jelena Pu\u0111ak: Nijedan konzumerizam nije zelen"},"content":{"rendered":"<p><strong>Jelena Pu\u0111ak<\/strong> ro\u0111ena je 1984. godine u Zagrebu. Doktorica je sociologije i kao znanstvenica je zaposlena na Institutu &#8220;Ivo Pilar&#8221;. Njen istra\u017eiva\u010dki interes usmjeren je na odr\u017eivost, klimatske promjene, zelenu ekonomiju i odrast. Glavna je urednica \u010dasopisa &#8220;Socijalna ekologija&#8221; i \u010dlanica inicijative Znanstvenici za klimu. S Jelenom smo razgovarali u njenom kabinetu na Trgu Marka Maruli\u0107a, a u intervjuu za Nadu govori o svom doktorskom istra\u017eivanju, preto\u010denom u knjigu &#8220;Koga briga za klimu? K sociologiji klimatskih promjena&#8221;, nepostojanju klimatskih politika, projekcijama za budu\u0107nost te mogu\u0107nostima za izgradnju pravednijeg dru\u0161tva.<\/p>\n<p><strong>Pro\u0161lo je vi\u0161e od desetlje\u0107a od izlaska va\u0161e knjige &#8220;Koga briga za klimu? K sociologiji klimatskih promjena&#8221;. Kakvo je stanje u Hrvatskoj danas, odnosno koga je briga za klimu?<\/strong><\/p>\n<p>Porast zabrinutosti za klimu ve\u0107 godinama pratimo kroz razna me\u0111unarodna istra\u017eivanja, poput International Social Survey Programmea (ISSP). Prilikom zadnjeg istra\u017eivanja, provedenog 2021. godine, oko 90 posto ljudi je reklo da su zabrinuti zbog klimatskih promjena. Naravno, kada ih pitate da rangiraju koji su najva\u017eniji problemi u Hrvatskoj, pa im navedete gospodarstvo, siroma\u0161tvo, zdravstvo, okoli\u0161, onda okoli\u0161 ne stavljaju na prvo mjesto. Pogotovo se to doga\u0111a u periodima kada ja\u010da nestabilnost geopoliti\u010dke situacije, inflacija, kada traje rat na europskom kontinentu. Tada su egzistencijalno-sigurnosna pitanja mo\u017eda va\u017enija, ali to ne zna\u010di da ljudi nisu zabrinuti za stanje okoli\u0161a ili da ne vide \u0161to se doga\u0111a. \u010cak imaju i motivaciju za djelovanje, \u0161to je tako\u0111er zanimljivo.<\/p>\n<p><strong>Razumiju li gra\u0111ani i gra\u0111anke Hrvatske \u0161to su to klimatske promjene i \u0161to one donose?<\/strong><\/p>\n<p>Uz zabrinutost, svjetonazore i pro-okoli\u0161na pona\u0161anja, u takvim istra\u017eivanjima mjerimo i razinu skepticizma. Uvijek postoji dio skeptika, ali njihov broj se smanjuje. Sada velika ve\u0107ina gra\u0111ana razumije da su klimatske promjene u potpunosti ili djelomi\u010dno uzrokovane ljudskom aktivno\u0161\u0107u.<\/p>\n<p><strong>Dojam je da se zna\u010denje odre\u0111enih termina &#8220;izli\u017ee&#8221; kada se po\u010dnu pojavljivati u svakodnevnoj upotrebi?<\/strong><\/p>\n<p>To se \u010desto doga\u0111a i s drugim terminima, ali mislim da u pitanju \u010dak nije ni samo zna\u010denje, nego moment djelovanja. Ameri\u010dki sociolozi to obja\u0161njavaju modelom javnih arena, pri \u010demu se neki urgentan problem prvo treba probiti u javnu sferu i zadobiti pa\u017enju javnosti koja je vrlo ograni\u010dena, pogotovo danas kada smo bombardirani s informacijama i u\u017easnim vijestima sa svih strana. Nakon po\u010detnog buma, u kojem su svi zainteresirani, prate problem i u kojem se poziva na hitno djelovanje i poku\u0161avaju uvesti nekakve prakse, euforija splasne. Pogotovo kada gra\u0111ani uvide da rje\u0161enje problema nije lagano, da nema politi\u010dke volje i da se, uvjetno re\u010deno, ni\u0161ta ne\u0107e promijeniti. Ali, kroz spomenuto istra\u017eivanje ISSP-a smo saznali da je svaki tre\u0107i stanovnik Hrvatske bio pogo\u0111en nekom ekstremnom vremenskom nepogodom. Tako da ljudi u tom kontekstu, na kraju krajeva, imaju i vlastito iskustvo. Posljedice klimatskih promjena su tu i konstantno nas podsje\u0107aju da \u0107e nam biti sve gore.<\/p>\n<p><strong>Kako su znanstvene projekcije vezane za u\u010dinke klimatskih promjena na na\u0161em podneblju?<\/strong><\/p>\n<p>Hrvatska se nalazi u mediteranskom bazenu. Projekcije za jugoisto\u010dnu Evropu uglavnom predvi\u0111aju nastavak ve\u0107 primije\u0107enih trendova. Ako drasti\u010dno ne smanjimo postoje\u0107e emisije stakleni\u010dkih plinova, do kraja stolje\u0107a se za ovaj dio kontinenta predvi\u0111a porast temperature izme\u0111u dva i \u010detiri stupnja Celzija. Ve\u0107 porast od preko dva stupnja se mo\u017ee smatrati katastrofom. Pove\u0107at \u0107e se broj vrelih ljetnih dana, \u0161to ve\u0107 i bilje\u017eimo, dvostruko ih je vi\u0161e. To su dani u kojima temperatura prelazi 35 stupnjeva. Isto vrijedi za vru\u0107e ljetne no\u0107i. Posljedi\u010dno svjedo\u010dimo i pove\u0107anju su\u0161a i smanjenju oborina, posebice u ljetnim mjesecima. Do kraja stolje\u0107a se predvi\u0111a i porast razine mora u priobalnom podru\u010dju, i to zna\u010dajno \u2013 od 40 do 80 centimetara. Tu su i ekstremne vremenske nepogode koje su svake godine sve u\u010destalije, sve su intenzivnije, a tako\u0111er ih ve\u0107 osje\u0107amo na svojoj ko\u017ei.<\/p>\n<p>Takvi klimatolo\u0161ki faktori imaju i jasne dru\u0161tvene posljedice: smanjenje prinosa u poljoprivredi, u nekim podru\u010djima problem s dostupno\u0161\u0107u pitke vode, probleme u opskrbi elektri\u010dne energije i utjecaj na turisti\u010dku sezonu. Tu je i pritisak na zdravlje, a ve\u0107 sada svjedo\u010dimo pove\u0107anju smrtnosti u cijeloj Evropi, ne samo u Hrvatskoj. U riziku su posebno starije osobe i one s kroni\u010dnim bolestima. Takvim uvjetima se mo\u017eemo prilago\u0111avati do neke mjere, ali nakon odre\u0111ene to\u010dke vi\u0161e nismo u mogu\u0107nosti prona\u0107i brza rje\u0161enja.<\/p>\n<figure id=\"attachment_6452\" aria-describedby=\"caption-attachment-6452\" style=\"width: 1320px\" class=\"wp-caption alignnone\"><img loading=\"lazy\" decoding=\"async\" class=\"wp-image-6452 size-full\" src=\"https:\/\/sdf.hr\/wp-content\/uploads\/2025\/06\/Pudak2_Davor-Konjikusic.jpg\" alt=\"\" width=\"1320\" height=\"1980\" srcset=\"https:\/\/sdf.hr\/wp-content\/uploads\/2025\/06\/Pudak2_Davor-Konjikusic.jpg 1320w, https:\/\/sdf.hr\/wp-content\/uploads\/2025\/06\/Pudak2_Davor-Konjikusic-200x300.jpg 200w, https:\/\/sdf.hr\/wp-content\/uploads\/2025\/06\/Pudak2_Davor-Konjikusic-683x1024.jpg 683w, https:\/\/sdf.hr\/wp-content\/uploads\/2025\/06\/Pudak2_Davor-Konjikusic-768x1152.jpg 768w, https:\/\/sdf.hr\/wp-content\/uploads\/2025\/06\/Pudak2_Davor-Konjikusic-1024x1536.jpg 1024w\" sizes=\"auto, (max-width: 1320px) 100vw, 1320px\" \/><figcaption id=\"caption-attachment-6452\" class=\"wp-caption-text\">Jelena Pu\u0111ak (Foto: Davor Konjiku\u0161i\u0107)<\/figcaption><\/figure>\n<p><strong>U sklopu inicijative Znanstvenici za klimu ste uo\u010di pro\u0161lih parlamentarnih izbora uputili apel politi\u010dkim strankama, tra\u017ee\u0107i da klimatsku politiku uvrste u svoje programe. Postoji li uop\u0107e takva politika kod nas?<\/strong><\/p>\n<p>Nominalno, na formalnoj razini postoje razni akti, strategije i akcijski planovi, a imamo i Zakon o klimatskim promjenama i za\u0161titi ozonskog sloja. Me\u0111utim, nemamo provedbenu politiku ili potrebni financijski okvir da bismo mogli re\u0107i kako imamo i klimatsku politiku koja bi nam omogu\u0107ila da znamo \u0161to radimo i djelujemo s odre\u0111enim ciljem. Tako\u0111er, u Nacionalnoj razvojnoj strategiji RH do 2030. godine se klima spominje u dvije re\u010denice, tako na\u010delne da se svode na razinu imamo klimatske promjene, trebamo ih ubla\u017eiti kroz smanjenje emisija i razviti strategiju&#8221;. I tu sve staje. Osim \u0161to navedeni akti postoje, oni su vrlo niske kvalitete. Dijelom su preuzeti iz difoltnih dokumenata EU-a ili odnekud prepisani, a sve to nije uvijek primjenjivo na specifi\u010dne hrvatske uvjete. Ili su pak nalik na Strategiju prilagodbe klimatskim promjenama koja se svodi na puko nabrajanje mjera prilagodbe kroz sve sektore, poljoprivredu, energetiku, urbanizam\u2026. Doslovno izgleda kao da ste u tra\u017eilicu ukucali &#8220;koje su strategije prilagodbe&#8221;, odande prepisali sve \u0161to vam se pojavilo i to je to. Ne postoje ni financijski planovi koji bi pratili takve dokumente, \u0161to u startu ko\u010di njihovu provedbu. A ako nemate financijski plan, tj. to\u010dno odre\u0111eno odakle \u0107e se i s kojim novcem provoditi pojedina aktivnost, to zna\u010di da se ona ne\u0107e ni realizirati.<\/p>\n<p>Imamo i Ministarstvo za\u0161tite okoli\u0161a i zelene tranzicije u kojem je za klimatske promjene zadu\u017eeno nekoliko osoba. One se jako trude i zdu\u0161no rade svoj posao, me\u0111utim njihovi kapaciteti su vrlo ograni\u010deni. Klimatska politika nije horizontalno integrirana, ona nije dio poljoprivredne, zdravstvene ni turisti\u010dke strategije, uglavnom nije ni dio urbanih planova\u2026 Sve u svemu, ne postoji specijalizirano tijelo s dovoljnim brojem zaposlenih koji bi radili na tome. \u010cak nemamo osigurano sustavno pra\u0107enje ni za emisije stakleni\u010dkih plinova. Tako\u0111er, ne postoji \u010ditav niz podzakonskih akata, pravilnika, kroz koje bi se uskoro moralo definirati na\u010dine na koje se provode odre\u0111eni planovi. Iako, eto, imamo neke formalne dokumente, Hrvatska zapravo nema sustavnu klimatsku politiku.<\/p>\n<p><strong>Sve to ukazuje da se znanstvenike ba\u0161 i ne slu\u0161a. Oni se sve vi\u0161e okre\u0107u gra\u0111anskom neposluhu, a istodobno se aktivizam kriminalizira u Evropi i SAD-u. Sve su glasniji i pobornici alternativnih \u010dinjenica, poricatelji klimatskih promjena?<\/strong><\/p>\n<p>Dru\u0161tvene mre\u017ee omogu\u0107uju poricateljima da budu sve glasniji. Paralelno svjedo\u010dimo rastu dru\u0161tvene polarizacije i konzervativnih pokreta, da ne ka\u017eem desnog ekstremizma, kako u Evropi, tako i Americi. Svi oni su kroz dru\u0161tvene mre\u017ee dobili &#8220;mikrofon&#8221;. Problem je \u0161to se sve to \u0161iri kao zarazna bolest. Svi ve\u0107 znamo kako funkcioniraju algoritmi na dru\u0161tvenim mre\u017eama, da su u tom procesu pojedinci izlo\u017eeni upravo onim informacijama koje potvr\u0111uju njihovo postoje\u0107e mi\u0161ljenje, \u010dak i ako su krive. Ipak, treba naglasiti da u Hrvatskoj i generalno Evropi, skepticizam, barem \u0161to se ti\u010de klimatskih promjena, opada.<\/p>\n<p><strong>\u0160to vam u oblasti klimatskih promjena osobno predstavlja vid aktivizma?<\/strong><\/p>\n<p>Svima nama koji smo u toj temi to nije posao koji traje od devet do pet. Zaista nam je jako stalo do okoli\u0161a, a vrlo \u010desto i do percipiranih nejednakosti, koncepta okoli\u0161ne pravde, gdje vidimo uzorke problema u sustavu i da su dru\u0161tvene nejednakosti samo druga strana nov\u010di\u0107a ekolo\u0161ke devastacije. Oduvijek sam imala senzibilitet za okoli\u0161. To nije samo posao, to je dio mojeg identiteta, ne\u0161to \u0161to mi je profesionalno i osobno va\u017eno.<\/p>\n<p><strong>Prije deset godina potpisan je Pari\u0161ki sporazum kojim su se dr\u017eave obvezale dr\u017eati razinu zagrijavanja do 1,5 stupnja Celzijevih. Taj cilj je ve\u0107 sad prema\u0161en?<\/strong><\/p>\n<p>Prvi ikad me\u0111unarodni sporazum o klimi postignut je 1997. u Kyotu. On je u startu i\u0161ao zna\u010dajno ispod razine smanjenja emisije. Ciljevi tog sporazuma podrazumijevali su da se emisije u prosjeku smanjuju za pet posto. Ali pregovore ne vode znanstvenici, nego politi\u010dari koji su pod utjecajem raznoraznih lobija, industrijskih, naftnih interesa. Unato\u010d svemu, taj je sporazum bio percipiran kao pozitivan moment jer je njime napravljen prvi iskorak. Postojala je nada da \u0107e sljede\u0107i sporazum biti konkretniji, da \u0107e podrazumijevati razra\u0111enije mjere i da \u0107e, za razliku od protokola iz Kyota, biti obvezuju\u0107i. Godine 2009. bila sam u Kopenhagenu, gdje je odr\u017eana UN-ova konferencija o klimatskim promjenama, a unato\u010d pompoznoj najavi dono\u0161enja novog sporazuma, to se na kraju nije dogodilo. Tako je bilo sve do kraja 2015. godine, kada je u Parizu, i to u zadnji \u010das, donesen sporazum. No on, kao ni oni koji su mu prethodili, tako\u0111er nije pravno obvezuju\u0107i. Nema mehanizma koji bi natjerao i propisao sankcije dr\u017eavama ako ne ostvare ciljeve, a na koje su se, pod navodnicima, obvezale. Deset godina nakon dono\u0161enja Pari\u0161kog sporazuma mi nismo na tragu da smanjimo ili ubla\u017eimo klimatske promjene, ve\u0107 upravo suprotno \u2013 emisije prakti\u010dki rastu vi\u0161e nego ikad. Ve\u0107 2023. prosje\u010dna globalna temperatura podigla se za 1,48 stupnjeva, \u0161to zna\u010di da je prag od 1,5 stupnja Celzijevih privremeno ve\u0107 prije\u0111en. Na sigurnom putu smo da postoje\u0107u granicu zagrijavanja i trajno prije\u0111emo.<\/p>\n<p>Ina\u010de uglavnom razgovaramo samo o klimatskim promjenama ili o smanjenju emisija stakleni\u010dkih plinova, a o tim temama ne mo\u017eemo pri\u010dati bez spominjanja gubitka bioraznolikosti i devastacije ekosustava, \u0161to su problemi usko povezani s klimatskim promjenama. Tako\u0111er, to \u0161to smo dosegnuli zagrijavanje od 1,5 stupnjeva Celzijevih ne zna\u010di da sada prestaje biti va\u017eno pri\u010dati o ubla\u017eavanju klimatskih promjena i o prilagodbi jer razlika izme\u0111u 1,5 i 2,5 sljede\u0107a: na donjoj granici \u0107e biti jako te\u0161ko, milijuni ljudi \u0107e ostati bez domova, bit \u0107e potrebno restrukturirati ekonomiju. Na drugom kraju \u2013 a radi se o samo jednom stupnju razlike \u2013 \u010deka nas prakti\u010dki potpuna katastrofa. Nije svejedno. Me\u0111utim, \u0161to u\u010diniti dok <strong>Jeff Bezos<\/strong> leti u svemir iz zabave, a dio ljudi je zbog klimatskih promjena ve\u0107 ostao bez doma ili nemaju pristup pitkoj vodi. Pritom se radi o ljudima koji su za cijelog svog \u017eivota emitirali uglji\u010dni otisak kakav Bezos napravi u svega par minuta. Ne pretjerujem kada to ka\u017eem.<\/p>\n<figure id=\"attachment_6454\" aria-describedby=\"caption-attachment-6454\" style=\"width: 1980px\" class=\"wp-caption alignnone\"><img loading=\"lazy\" decoding=\"async\" class=\"wp-image-6454 size-full\" src=\"https:\/\/sdf.hr\/wp-content\/uploads\/2025\/06\/Pudak3_Davor-Konjikusic.jpg\" alt=\"\" width=\"1980\" height=\"1320\" srcset=\"https:\/\/sdf.hr\/wp-content\/uploads\/2025\/06\/Pudak3_Davor-Konjikusic.jpg 1980w, https:\/\/sdf.hr\/wp-content\/uploads\/2025\/06\/Pudak3_Davor-Konjikusic-300x200.jpg 300w, https:\/\/sdf.hr\/wp-content\/uploads\/2025\/06\/Pudak3_Davor-Konjikusic-1024x683.jpg 1024w, https:\/\/sdf.hr\/wp-content\/uploads\/2025\/06\/Pudak3_Davor-Konjikusic-768x512.jpg 768w, https:\/\/sdf.hr\/wp-content\/uploads\/2025\/06\/Pudak3_Davor-Konjikusic-1536x1024.jpg 1536w\" sizes=\"auto, (max-width: 1980px) 100vw, 1980px\" \/><figcaption id=\"caption-attachment-6454\" class=\"wp-caption-text\">Jelena Pu\u0111ak (Foto: Davor Konjiku\u0161i\u0107)<\/figcaption><\/figure>\n<p><strong>Gdje uop\u0107e mo\u017eemo prona\u0107i nadu u svijetu u kojem mi recikliramo dok spomenuti Bezos turisti\u010dki leti u svemir, a ostali multimilijarderi se okolo voze privatnim avionima?<\/strong><\/p>\n<p>Individualna akcija je va\u017ena i uvijek \u0107e biti va\u017eno reciklirati, biti \u0161to energetski efikasniji. Ali individualna akcija nije dovoljna \u2013 kako je problem u sustavu, tako i individualna akcija predstavlja grebanje po njegovoj povr\u0161ini. Problem treba rje\u0161avati kolektivno i kroz vrlo jasne politi\u010dke strategije upravljanja dru\u0161tvima i dr\u017eavama na na\u010din da i svaka pojedina\u010dna akcija s ciljem za\u0161tite okoli\u0161a bude ohrabrena. Generalno ne mo\u017eemo svaliti odgovornost na pojedince, a raspravu o zatvaranju vode dok peremo zube ili ga\u0161enju svjetla dok nismo u prostoriji smo napustili ili smo trebali napustiti jo\u0161 1990-ih. To naprosto nije dovoljno i nikada nije ni bilo dovoljno.<\/p>\n<p>Odvajati otpad je nu\u017eno za \u017eivot u civiliziranom dru\u0161tvu, ali nije dovoljno za rje\u0161avanje kompleksnih okoli\u0161nih problema. Pogotovo dok istovremeno imate politi\u010dko-ekonomski sustav, tj. neoliberalni kapitalizam, koji je kulturolo\u0161ki i vrijednosno poduprt konzumerizmom. Takav sustav ne samo da nagra\u0111uje pojedince koji devastiraju okoli\u0161 i poti\u010de dru\u0161tvene nejednakosti, nego istovremeno onemogu\u0107uje ili ote\u017eava onima koji \u017eele djelovati s jasnim ciljem, \u017ertvovati svoje slobodno vrijeme, komfor ili novac kako bi utjecali na smanjenje osobnog ekolo\u0161kog otiska. Kad govorimo o individualnoj akciji, ona se danas uglavnom svodi na tzv. zeleni konzumerizam, ali zapravo nijedan konzumerizam nije zelen. Bilo kakav konzumerizam naprosto po\u010diva na pretpostavci da je okej beskona\u010dno tro\u0161iti na planeti koja ima ograni\u010dene resurse. A to je nemogu\u0107e.<\/p>\n<p><strong>Koji je onda pravi odgovor?<\/strong><\/p>\n<p>Odgovor nije da pojedinci budu potro\u0161a\u010di, da kupe novu sjajnu tehnologiju. Ona \u0107e sigurno s jedne strane smanjiti emisije, ali \u0107e s druge raseliti tko zna koliko zajednica jer proizvodnja takvih tehnologija podrazumijeva iskopavanje rudnika i devastiranje eko-sustava. Odgovor mora biti sustavan, a to podrazumijeva ono \u010dime se mi dru\u0161tvenjaci \u010desto bavimo: istra\u017eivanja i imaginaciju, raspravu kako organizirati dru\u0161tvo kako bi ono postalo pravednije, kako organizirati ekonomsku i svaku drugu aktivnost da bi \u017eivjeli bolje, a tro\u0161ili manje. To je odrast \u2013 svjesno usporavanje ili smanjenje ekonomske aktivnosti, ali ne zato da bi svi bili siroma\u0161niji, nego ba\u0161 suprotno, da bi nam kvaliteta \u017eivota bila ve\u0107a, a da pritom ona ne ovisi o tome koliko imamo resursa da s njima kupujemo. To je moja nada. To zna\u010di manje rada, ali vi\u0161e slobodnog vremena, to zna\u010di manje kupovine i manje tro\u0161enja. Vi\u0161e dru\u017eenja i vi\u0161e razmjene, vi\u0161e solidarnosti. To zna\u010di lokaliziranu ekonomsku proizvodnju i potro\u0161nju, pravednije dru\u0161tvo, manje vozikanja naokolo u automobilu i stajanja u gu\u017evama. Zna\u010di bolje javne usluge i kvalitetni \u017eivot.<\/p>\n<p>Tako\u0111er, Easterlinov paradoks nam pokazuje da rast BDP-a samo do odre\u0111ene to\u010dke utje\u010de na rast sre\u0107e. Ljudima je bitno da imaju dom, siguran posao i da mogu platiti struju, ali u jednom trenutku rast osobnog zadovoljstva prestaje pratiti rast BDP-a. U nekim bogatijim dr\u017eavama razina osobnog zadovoljstva po\u010dinje \u010dak i padati. To da stalno imamo vi\u0161e nije toliko va\u017eno za sre\u0107u. Va\u017eni su nam me\u0111uljudski odnosi, da nam roditelj ne mora \u010dekati dvije godine na zdravstveni pregled od \u017eivotne va\u017enosti. I istra\u017eivanja provedena u Hrvatskoj pokazuju da ljudima nije najva\u017enija ekonomska probita\u010dnost ili bogatstvo, ve\u0107 da bi u odre\u0111enim ili pak svim situacijama dali prednost kvaliteti \u017eivota. Tu je nada, u borbi za bolje dru\u0161tvo koje jo\u0161 uvijek mo\u017eemo posti\u0107i i za koje ima potencijala.<\/p>\n<p><em>razgovor vodio Emil \u010can\u010dar<\/em><\/p>\n","protected":false},"excerpt":{"rendered":"<p>Odvajati otpad je nu\u017eno u civiliziranom dru\u0161tvu, ali nije dovoljno za rje\u0161avanje kompleksnih okoli\u0161nih problema. Pogotovo dok na snazi imamo neoliberalni kapitalizam, koji je kulturolo\u0161ki i vrijednosno poduprt konzumerizmom<\/p>\n","protected":false},"featured_media":6451,"template":"","tags":[173],"atribut":[],"class_list":["post-6456","nada","type-nada","status-publish","has-post-thumbnail","hentry","tag-intervju-2-hr"],"acf":[],"yoast_head":"<!-- This site is optimized with the Yoast SEO plugin v27.4 - https:\/\/yoast.com\/product\/yoast-seo-wordpress\/ -->\n<title>Jelena Pu\u0111ak: Nijedan konzumerizam nije zelen - SDF - Srpski demokratski forum<\/title>\n<meta name=\"robots\" content=\"index, follow, max-snippet:-1, max-image-preview:large, max-video-preview:-1\" \/>\n<link rel=\"canonical\" href=\"https:\/\/sdf.hr\/hr\/nada\/jelena-pudjak-nijedan-konzumerizam-nije-zelen\/\" \/>\n<meta property=\"og:locale\" content=\"hr_HR\" \/>\n<meta property=\"og:type\" content=\"article\" \/>\n<meta property=\"og:title\" content=\"Jelena Pu\u0111ak: Nijedan konzumerizam nije zelen - SDF - Srpski demokratski forum\" \/>\n<meta property=\"og:description\" content=\"Odvajati otpad je nu\u017eno u civiliziranom dru\u0161tvu, ali nije dovoljno za rje\u0161avanje kompleksnih okoli\u0161nih problema. Pogotovo dok na snazi imamo neoliberalni kapitalizam, koji je kulturolo\u0161ki i vrijednosno poduprt konzumerizmom\" \/>\n<meta property=\"og:url\" content=\"https:\/\/sdf.hr\/hr\/nada\/jelena-pudjak-nijedan-konzumerizam-nije-zelen\/\" \/>\n<meta property=\"og:site_name\" content=\"SDF - Srpski demokratski forum\" \/>\n<meta property=\"article:modified_time\" content=\"2025-07-27T09:16:26+00:00\" \/>\n<meta property=\"og:image\" content=\"https:\/\/sdf.hr\/wp-content\/uploads\/2025\/06\/Pudak1_Davor-Konjikusic.jpg\" \/>\n\t<meta property=\"og:image:width\" content=\"1980\" \/>\n\t<meta property=\"og:image:height\" content=\"1320\" \/>\n\t<meta property=\"og:image:type\" content=\"image\/jpeg\" \/>\n<meta name=\"twitter:card\" content=\"summary_large_image\" \/>\n<meta name=\"twitter:label1\" content=\"Procijenjeno vrijeme \u010ditanja\" \/>\n\t<meta name=\"twitter:data1\" content=\"12 minuta\" \/>\n<script type=\"application\/ld+json\" class=\"yoast-schema-graph\">{\"@context\":\"https:\\\/\\\/schema.org\",\"@graph\":[{\"@type\":\"WebPage\",\"@id\":\"https:\\\/\\\/sdf.hr\\\/hr\\\/nada\\\/jelena-pudjak-nijedan-konzumerizam-nije-zelen\\\/\",\"url\":\"https:\\\/\\\/sdf.hr\\\/hr\\\/nada\\\/jelena-pudjak-nijedan-konzumerizam-nije-zelen\\\/\",\"name\":\"Jelena Pu\u0111ak: Nijedan konzumerizam nije zelen - SDF - Srpski demokratski forum\",\"isPartOf\":{\"@id\":\"https:\\\/\\\/sdf.hr\\\/#website\"},\"primaryImageOfPage\":{\"@id\":\"https:\\\/\\\/sdf.hr\\\/hr\\\/nada\\\/jelena-pudjak-nijedan-konzumerizam-nije-zelen\\\/#primaryimage\"},\"image\":{\"@id\":\"https:\\\/\\\/sdf.hr\\\/hr\\\/nada\\\/jelena-pudjak-nijedan-konzumerizam-nije-zelen\\\/#primaryimage\"},\"thumbnailUrl\":\"https:\\\/\\\/sdf.hr\\\/wp-content\\\/uploads\\\/2025\\\/06\\\/Pudak1_Davor-Konjikusic.jpg\",\"datePublished\":\"2025-06-15T06:10:20+00:00\",\"dateModified\":\"2025-07-27T09:16:26+00:00\",\"breadcrumb\":{\"@id\":\"https:\\\/\\\/sdf.hr\\\/hr\\\/nada\\\/jelena-pudjak-nijedan-konzumerizam-nije-zelen\\\/#breadcrumb\"},\"inLanguage\":\"hr\",\"potentialAction\":[{\"@type\":\"ReadAction\",\"target\":[\"https:\\\/\\\/sdf.hr\\\/hr\\\/nada\\\/jelena-pudjak-nijedan-konzumerizam-nije-zelen\\\/\"]}]},{\"@type\":\"ImageObject\",\"inLanguage\":\"hr\",\"@id\":\"https:\\\/\\\/sdf.hr\\\/hr\\\/nada\\\/jelena-pudjak-nijedan-konzumerizam-nije-zelen\\\/#primaryimage\",\"url\":\"https:\\\/\\\/sdf.hr\\\/wp-content\\\/uploads\\\/2025\\\/06\\\/Pudak1_Davor-Konjikusic.jpg\",\"contentUrl\":\"https:\\\/\\\/sdf.hr\\\/wp-content\\\/uploads\\\/2025\\\/06\\\/Pudak1_Davor-Konjikusic.jpg\",\"width\":1980,\"height\":1320,\"caption\":\"Jelena Pu\u0111ak (Foto: Davor Konjiku\u0161i\u0107)\"},{\"@type\":\"BreadcrumbList\",\"@id\":\"https:\\\/\\\/sdf.hr\\\/hr\\\/nada\\\/jelena-pudjak-nijedan-konzumerizam-nije-zelen\\\/#breadcrumb\",\"itemListElement\":[{\"@type\":\"ListItem\",\"position\":1,\"name\":\"Po\u010detna stranica\",\"item\":\"https:\\\/\\\/sdf.hr\\\/hr\\\/\"},{\"@type\":\"ListItem\",\"position\":2,\"name\":\"Nada\",\"item\":\"https:\\\/\\\/sdf.hr\\\/nada\\\/\"},{\"@type\":\"ListItem\",\"position\":3,\"name\":\"Jelena Pu\u0111ak: Nijedan konzumerizam nije zelen\"}]},{\"@type\":\"WebSite\",\"@id\":\"https:\\\/\\\/sdf.hr\\\/#website\",\"url\":\"https:\\\/\\\/sdf.hr\\\/\",\"name\":\"SDF - Srpski demokratski forum\",\"description\":\"Srpski demokratski forum\",\"publisher\":{\"@id\":\"https:\\\/\\\/sdf.hr\\\/#organization\"},\"potentialAction\":[{\"@type\":\"SearchAction\",\"target\":{\"@type\":\"EntryPoint\",\"urlTemplate\":\"https:\\\/\\\/sdf.hr\\\/?s={search_term_string}\"},\"query-input\":{\"@type\":\"PropertyValueSpecification\",\"valueRequired\":true,\"valueName\":\"search_term_string\"}}],\"inLanguage\":\"hr\"},{\"@type\":\"Organization\",\"@id\":\"https:\\\/\\\/sdf.hr\\\/#organization\",\"name\":\"SDF - Srpski demokratski forum\",\"url\":\"https:\\\/\\\/sdf.hr\\\/\",\"logo\":{\"@type\":\"ImageObject\",\"inLanguage\":\"hr\",\"@id\":\"https:\\\/\\\/sdf.hr\\\/#\\\/schema\\\/logo\\\/image\\\/\",\"url\":\"https:\\\/\\\/sdf.hr\\\/wp-content\\\/uploads\\\/2021\\\/07\\\/logo-hr.svg\",\"contentUrl\":\"https:\\\/\\\/sdf.hr\\\/wp-content\\\/uploads\\\/2021\\\/07\\\/logo-hr.svg\",\"width\":271,\"height\":100,\"caption\":\"SDF - Srpski demokratski forum\"},\"image\":{\"@id\":\"https:\\\/\\\/sdf.hr\\\/#\\\/schema\\\/logo\\\/image\\\/\"}}]}<\/script>\n<!-- \/ Yoast SEO plugin. -->","yoast_head_json":{"title":"Jelena Pu\u0111ak: Nijedan konzumerizam nije zelen - SDF - Srpski demokratski forum","robots":{"index":"index","follow":"follow","max-snippet":"max-snippet:-1","max-image-preview":"max-image-preview:large","max-video-preview":"max-video-preview:-1"},"canonical":"https:\/\/sdf.hr\/hr\/nada\/jelena-pudjak-nijedan-konzumerizam-nije-zelen\/","og_locale":"hr_HR","og_type":"article","og_title":"Jelena Pu\u0111ak: Nijedan konzumerizam nije zelen - SDF - Srpski demokratski forum","og_description":"Odvajati otpad je nu\u017eno u civiliziranom dru\u0161tvu, ali nije dovoljno za rje\u0161avanje kompleksnih okoli\u0161nih problema. Pogotovo dok na snazi imamo neoliberalni kapitalizam, koji je kulturolo\u0161ki i vrijednosno poduprt konzumerizmom","og_url":"https:\/\/sdf.hr\/hr\/nada\/jelena-pudjak-nijedan-konzumerizam-nije-zelen\/","og_site_name":"SDF - Srpski demokratski forum","article_modified_time":"2025-07-27T09:16:26+00:00","og_image":[{"width":1980,"height":1320,"url":"https:\/\/sdf.hr\/wp-content\/uploads\/2025\/06\/Pudak1_Davor-Konjikusic.jpg","type":"image\/jpeg"}],"twitter_card":"summary_large_image","twitter_misc":{"Procijenjeno vrijeme \u010ditanja":"12 minuta"},"schema":{"@context":"https:\/\/schema.org","@graph":[{"@type":"WebPage","@id":"https:\/\/sdf.hr\/hr\/nada\/jelena-pudjak-nijedan-konzumerizam-nije-zelen\/","url":"https:\/\/sdf.hr\/hr\/nada\/jelena-pudjak-nijedan-konzumerizam-nije-zelen\/","name":"Jelena Pu\u0111ak: Nijedan konzumerizam nije zelen - SDF - Srpski demokratski forum","isPartOf":{"@id":"https:\/\/sdf.hr\/#website"},"primaryImageOfPage":{"@id":"https:\/\/sdf.hr\/hr\/nada\/jelena-pudjak-nijedan-konzumerizam-nije-zelen\/#primaryimage"},"image":{"@id":"https:\/\/sdf.hr\/hr\/nada\/jelena-pudjak-nijedan-konzumerizam-nije-zelen\/#primaryimage"},"thumbnailUrl":"https:\/\/sdf.hr\/wp-content\/uploads\/2025\/06\/Pudak1_Davor-Konjikusic.jpg","datePublished":"2025-06-15T06:10:20+00:00","dateModified":"2025-07-27T09:16:26+00:00","breadcrumb":{"@id":"https:\/\/sdf.hr\/hr\/nada\/jelena-pudjak-nijedan-konzumerizam-nije-zelen\/#breadcrumb"},"inLanguage":"hr","potentialAction":[{"@type":"ReadAction","target":["https:\/\/sdf.hr\/hr\/nada\/jelena-pudjak-nijedan-konzumerizam-nije-zelen\/"]}]},{"@type":"ImageObject","inLanguage":"hr","@id":"https:\/\/sdf.hr\/hr\/nada\/jelena-pudjak-nijedan-konzumerizam-nije-zelen\/#primaryimage","url":"https:\/\/sdf.hr\/wp-content\/uploads\/2025\/06\/Pudak1_Davor-Konjikusic.jpg","contentUrl":"https:\/\/sdf.hr\/wp-content\/uploads\/2025\/06\/Pudak1_Davor-Konjikusic.jpg","width":1980,"height":1320,"caption":"Jelena Pu\u0111ak (Foto: Davor Konjiku\u0161i\u0107)"},{"@type":"BreadcrumbList","@id":"https:\/\/sdf.hr\/hr\/nada\/jelena-pudjak-nijedan-konzumerizam-nije-zelen\/#breadcrumb","itemListElement":[{"@type":"ListItem","position":1,"name":"Po\u010detna stranica","item":"https:\/\/sdf.hr\/hr\/"},{"@type":"ListItem","position":2,"name":"Nada","item":"https:\/\/sdf.hr\/nada\/"},{"@type":"ListItem","position":3,"name":"Jelena Pu\u0111ak: Nijedan konzumerizam nije zelen"}]},{"@type":"WebSite","@id":"https:\/\/sdf.hr\/#website","url":"https:\/\/sdf.hr\/","name":"SDF - Srpski demokratski forum","description":"Srpski demokratski forum","publisher":{"@id":"https:\/\/sdf.hr\/#organization"},"potentialAction":[{"@type":"SearchAction","target":{"@type":"EntryPoint","urlTemplate":"https:\/\/sdf.hr\/?s={search_term_string}"},"query-input":{"@type":"PropertyValueSpecification","valueRequired":true,"valueName":"search_term_string"}}],"inLanguage":"hr"},{"@type":"Organization","@id":"https:\/\/sdf.hr\/#organization","name":"SDF - Srpski demokratski forum","url":"https:\/\/sdf.hr\/","logo":{"@type":"ImageObject","inLanguage":"hr","@id":"https:\/\/sdf.hr\/#\/schema\/logo\/image\/","url":"https:\/\/sdf.hr\/wp-content\/uploads\/2021\/07\/logo-hr.svg","contentUrl":"https:\/\/sdf.hr\/wp-content\/uploads\/2021\/07\/logo-hr.svg","width":271,"height":100,"caption":"SDF - Srpski demokratski forum"},"image":{"@id":"https:\/\/sdf.hr\/#\/schema\/logo\/image\/"}}]}},"_links":{"self":[{"href":"https:\/\/sdf.hr\/hr\/wp-json\/wp\/v2\/nada\/6456","targetHints":{"allow":["GET"]}}],"collection":[{"href":"https:\/\/sdf.hr\/hr\/wp-json\/wp\/v2\/nada"}],"about":[{"href":"https:\/\/sdf.hr\/hr\/wp-json\/wp\/v2\/types\/nada"}],"wp:featuredmedia":[{"embeddable":true,"href":"https:\/\/sdf.hr\/hr\/wp-json\/wp\/v2\/media\/6451"}],"wp:attachment":[{"href":"https:\/\/sdf.hr\/hr\/wp-json\/wp\/v2\/media?parent=6456"}],"wp:term":[{"taxonomy":"post_tag","embeddable":true,"href":"https:\/\/sdf.hr\/hr\/wp-json\/wp\/v2\/tags?post=6456"},{"taxonomy":"atribut","embeddable":true,"href":"https:\/\/sdf.hr\/hr\/wp-json\/wp\/v2\/atribut?post=6456"}],"curies":[{"name":"wp","href":"https:\/\/api.w.org\/{rel}","templated":true}]}}