{"id":6475,"date":"2025-06-20T08:35:41","date_gmt":"2025-06-20T06:35:41","guid":{"rendered":"https:\/\/sdf.hr\/nada\/bit-cu-milijuni\/"},"modified":"2025-06-20T08:36:24","modified_gmt":"2025-06-20T06:36:24","slug":"bit-cu-milijuni","status":"publish","type":"nada","link":"https:\/\/sdf.hr\/hr\/nada\/bit-cu-milijuni\/","title":{"rendered":"Bit \u0107u milijuni"},"content":{"rendered":"<p>No\u0107 je bila crna i gusta kao nafta. Cestu kojom smo se truckali rasklimanim kombijem osvjetljavali su tek bljeskovi automobilskih farova i vatra koju su lo\u017eili Aymare. &#8220;Jallalla Pachamama!&#8221; vikali su okupljeni ra\u0161irenih ruku, pa je zbog \u0161arenih pon\u010da koje nose sve skupa izgledalo kao dru\u017eenje vje\u0161tica nad kotlom. Vatru su polijevali pivom iz boce, a podivljale iskrice letjele su poput leptiri\u0107a i nestajale u mraku. Psi su prekidali igru u sme\u0107u da potr\u010de za nama, laju\u0107i iz sve snage. <em>San Roque bendito<\/em>\u2026 &#8211; tako ovdje treba zazivati sveca za\u0161titnika pasa da te po\u0161tedi ugriza. U retrovizoru sam vidjela da su ostali iza nas, re\u017ee\u0107i u pra\u0161noj zavjesi makadama, poput \u010duvara naselja i njegovih ciglenih zgrada bez fasade. Na jednoj od njih stajao je grafit: &#8220;Evo vive!&#8221;<\/p>\n<p>Ti\u0161inu u kombiju prekinuo je glas voza\u010da kad se javio na mobitel: &#8220;<em>Qu\u00e9 tal, cholo<\/em>?&#8221; S prijateljem je razmijenio nekoliko re\u010denica \u2013 objasnio mu je da smo prije dva sata pre\u0161li granicu i u\u0161li u Boliviju, i da smo upravo na ulazu u La Paz. Sad \u0107e nam trebati jo\u0161 isto toliko da se provu\u010demo kroz gradsku gu\u017evu, iako je ve\u0107 debela no\u0107. Cesta kojom smo dolazili bila je zakr\u010dena kamionima, pa smo poku\u0161ali izbje\u0107i kolonu sporednim ulicama. No svako malo nailazili smo na blokirane puteve \u2013 brda \u0161ljunka nabacana usred ceste prisiljavala su nas da skrenemo u mra\u010dne post-apokalipti\u010dne ulice koje nisu ulijevale povjerenje. &#8220;Ima li ovdje prepada na cesti?&#8221; pitala me tiho jedna gospo\u0111a koja se upravo probudila i, vidjev\u0161i kroz prozor gdje smo, problijedjela. &#8220;Ma jok, ne brinite&#8221;, slagala sam. Nije vidjela da smo maloprije pro\u0161li kraj bandere s koje je visjela obje\u0161ena lutka u ljudskoj veli\u010dini \u2013 znak upozorenja za razbojnike na uli\u010dnim tr\u017enicama. Sirotinja ne ra\u010duna na pomo\u0107 policije, pa preuzima pravdu u svoje ruke.<\/p>\n<p>&#8220;Nije valjda cijeli La Paz ovakav?&#8221; upitala je. &#8220;Nije, ne brinite&#8221;, tvrdim, ovaj put iskreno. &#8220;Ovo nije La Paz. Jo\u0161 smo u gradu koji se zove El Alto. Ta dva grada, tj. dva razli\u010dita svijeta, koja stoje jedan uz drugoga, ali na dva nivoa: dijeli ih provalija visoka 450 metara. Zamislite lavabo u kupaoni: ravan povi\u0161eni dio na kojem dr\u017eite sapun i \u010detkicu za zube je El Alto, a zdjela koju \u010dini lavabo je La Paz. Trenutno smo na rubu zdjele i spu\u0161tamo se dolje. El Alto je grad siroma\u0161nih. Njegovi stanovnici (tzv. Alte\u00f1osi) su pripadnici naroda Aymara, doseljenici iz ruralnih dijelova u potrazi za poslom. Najvi\u0161e ih je do\u0161lo 1950-ih i 1960-ih, kada ovdje nije bilo ni\u010dega \u2013 ni ljudi, ni asfalta, ni vode. Pri\u010da se kako su bili toliko siroma\u0161ni da su jeli travu. La Paz je ne\u0161to bogatiji, mek\u0161i i kozmopolitskiji. Tu ve\u0107 ima i stanovnika europskog podrijetla, bogata\u0161a \u010dije vile \u010duva privatno osiguranje, kolonijalne arhitekture\u2026 Iako se fizi\u010dki nalaze ispod njih, na Alte\u00f1ose su uvijek gledali s visoka. Govorili su: &#8216;Samo psi i Indijanci mogu \u017eivjeti gore&#8217; \u2013 jer su tu bili samo zemlja i vjetar.&#8221;<\/p>\n<figure id=\"attachment_6469\" aria-describedby=\"caption-attachment-6469\" style=\"width: 2560px\" class=\"wp-caption alignnone\"><img loading=\"lazy\" decoding=\"async\" class=\"wp-image-6469 size-full\" src=\"https:\/\/sdf.hr\/wp-content\/uploads\/2025\/06\/zicara-Mi-Teleferico-scaled.jpg\" alt=\"\" width=\"2560\" height=\"1919\" srcset=\"https:\/\/sdf.hr\/wp-content\/uploads\/2025\/06\/zicara-Mi-Teleferico-scaled.jpg 2560w, https:\/\/sdf.hr\/wp-content\/uploads\/2025\/06\/zicara-Mi-Teleferico-300x225.jpg 300w, https:\/\/sdf.hr\/wp-content\/uploads\/2025\/06\/zicara-Mi-Teleferico-1024x768.jpg 1024w, https:\/\/sdf.hr\/wp-content\/uploads\/2025\/06\/zicara-Mi-Teleferico-768x576.jpg 768w, https:\/\/sdf.hr\/wp-content\/uploads\/2025\/06\/zicara-Mi-Teleferico-1536x1151.jpg 1536w, https:\/\/sdf.hr\/wp-content\/uploads\/2025\/06\/zicara-Mi-Teleferico-2048x1535.jpg 2048w\" sizes=\"auto, (max-width: 2560px) 100vw, 2560px\" \/><figcaption id=\"caption-attachment-6469\" class=\"wp-caption-text\">\u017di\u010dara Mi Telef\u00e9rico (Foto: Lidija \u010culo)<\/figcaption><\/figure>\n<p>Cesta je tada krenula nizbrdo, zavoj po zavoj. Pojavio se asfalt, upalila uli\u010dna rasvjeta. Dva sata kasnije sjedili smo na terasi hotela u La Pazu. Konobari u bijelim ko\u0161uljama donosili su nam pi\u0107a, a pred nama se otvorila panorama staklenih nebodera \u2013 prizor koji vra\u0107a osje\u0107aj da smo ponovno &#8220;u\u0161tekani&#8221; u svijet.<\/p>\n<p>Idu\u0107eg jutra po\u0161li smo u razgled grada. &#8220;\u010cujem da vam je sino\u0107 trebalo dva sata da pre\u0111ete 20 kilometara od El Alta do La Paza&#8221;, smijala se mlada lokalka <strong>Lenny<\/strong>. &#8220;Dobrodo\u0161li u na\u0161u svakodnevicu. Danas se ponovno penjemo u El Alto, ali bez brige &#8211; ovaj put idemo \u017ei\u010darama. Imamo ogroman urbani sustav \u017ei\u010dara, mo\u017eda i najve\u0107i na svijetu, zvanih <em>Mi Telef\u00e9rico<\/em>. Mnogima su spas u prometnom paklu, naro\u010dito siroma\u0161nim Alte\u00f1osima koji su se pomo\u0107u njih kona\u010dno uklju\u010dili u \u017eivot i poslovne prilike La Paza. Otvorene su 2014. godine, za vrijeme mandata predsjednika <strong>Moralesa<\/strong>, i danas prevoze izme\u0111u 200 i 300 tisu\u0107a ljudi dnevno.&#8221; Prije \u017ei\u010dara, La Paz i El Alto bili su spojeni samo uskom vijugavom cestom, paraliziranom mini busevima, autima i taksijima. Neki su koristili okolne blatne ceste, gdje su odroni tla bili \u010desti. Za Alte\u00f1ose koji su radili u dolini, to je zna\u010dilo i do \u010detiri sata putovanja svaki dan. Danas putuju izme\u0111u 15 i 30 minuta.<\/p>\n<p>U\u0161li smo u stanicu \u017ei\u010dare \u2013 sve je podsje\u0107alo na aerodrom: kolone ljudi koje teku na pokretnim stepenicama, \u0161tandovi s kavom i salte\u00f1ama, prostrani sterilni hodnici\u2026 \u017di\u010dara je na kvart do\u0161la kao voda na ispucalu zemlju, oko nje je po\u010deo pulsirati \u017eivot. Bolivijci otvaraju kafi\u0107e, restoran\u010di\u0107e i du\u0107ane, a zbog prakti\u010dnog prijevoza i dobivenog vremena sada \u010de\u0161\u0107e odlaze u knji\u017enice, na koncerte, u trgovinu i na obiteljska okupljanja.<\/p>\n<p>Lete\u0107e kabine dolaze svakih 12 sekundi tako da \u010dekanja i gu\u017evi prakti\u010dki nema. Zakora\u010dili smo u jednu od njih i uzletjeli. Kao kondori \u2013 cijeli grad je bio na dlanu. U daljini su, izme\u0111u zagasite cigle, zelene visoravni i tmurnog neba, blje\u0161tali bijeli vrhovi planine Huayna Potos\u00ed. S urednim i \u010distim \u017ei\u010darama svatko je dobio priliku putovati dostojanstveno i barem nakratko pobje\u0107i od gradskog kaosa u visine i blagu ti\u0161inu, s pogledom na snje\u017ene vrhove Andi.<\/p>\n<p>&#8220;Nikad nismo mislili da \u0107e se projekt \u017ei\u010dara ostvariti&#8221;, pri\u010da Lenny po izlasku iz \u017ei\u010dare na ulice El Alta. &#8220;Ideja je postojala ve\u0107 50 godina, no na\u0161i politi\u010dari su bili korumpirani i znali smo da nam la\u017eu. \u0160alili smo se da \u0107emo prije mi sagraditi tobogan kojim \u0107emo se spu\u0161tati u La Paz. Pa zamislite, mi smo jednom imali predsjednika koji je Brazilu poklonio komad zemlje u zamjenu za bijelog konja. Kome da vjerujemo?&#8221; Bolivija je desetlje\u0107ima slovila za najsiroma\u0161niju zemlju Ju\u017ene Amerike &#8211; zemlju u kojoj 60 posto stanovnika \u017eivi s manje od dolara dnevno, a politi\u010dari kupuju glasove sirotinje tako \u0161to joj daju komad vune ili bo\u010dicu za djecu.<\/p>\n<figure id=\"attachment_6471\" aria-describedby=\"caption-attachment-6471\" style=\"width: 1920px\" class=\"wp-caption alignnone\"><img loading=\"lazy\" decoding=\"async\" class=\"wp-image-6471 size-full\" src=\"https:\/\/sdf.hr\/wp-content\/uploads\/2025\/06\/ulicna-umjetnost-u-Boliviji-scaled.jpg\" alt=\"\" width=\"1920\" height=\"2560\" srcset=\"https:\/\/sdf.hr\/wp-content\/uploads\/2025\/06\/ulicna-umjetnost-u-Boliviji-scaled.jpg 1920w, https:\/\/sdf.hr\/wp-content\/uploads\/2025\/06\/ulicna-umjetnost-u-Boliviji-225x300.jpg 225w, https:\/\/sdf.hr\/wp-content\/uploads\/2025\/06\/ulicna-umjetnost-u-Boliviji-768x1024.jpg 768w, https:\/\/sdf.hr\/wp-content\/uploads\/2025\/06\/ulicna-umjetnost-u-Boliviji-1152x1536.jpg 1152w, https:\/\/sdf.hr\/wp-content\/uploads\/2025\/06\/ulicna-umjetnost-u-Boliviji-1536x2048.jpg 1536w\" sizes=\"auto, (max-width: 1920px) 100vw, 1920px\" \/><figcaption id=\"caption-attachment-6471\" class=\"wp-caption-text\">Uli\u010dna umjetnost (Foto: Lidija \u010culo)<\/figcaption><\/figure>\n<p>No marginalizirana domoroda\u010dka populacija El Alta vi\u0161e nije htjela \u010dekati bolja vremena. Kako je grad rastao, rasla je i potreba za vodom, strujom, asfaltom. Sedamdesetih su se samoorganizirali u stotine FEJUVE-a \u2013 saveza mjesnih udruga koje igraju va\u017enu ulogu u lokalnoj vlasti iako slu\u017ebeno nisu dio nje. Sami su izborili \u0161kole, parkove i infrastrukturu. &#8220;El Alto je borben grad, mi smo vi\u0161e puta pokazali da s nama ne mogu kako im se prohtije&#8221;, govori nam 30-godi\u0161nji <strong>Mallku<\/strong>, lokalni voza\u010d i \u010dlan Federacije andskih voza\u010da 1. maj, jednog od ja\u010dih gradskih sindikata. &#8220;Ako ne udovolje na\u0161im zahtjevima &#8211; mi blokiramo cijeli grad. Ne borimo se samo za sebe, nego i za cijelu zemlju.&#8221;<\/p>\n<p>To potvr\u0111uje najve\u0107a serija prosvjeda i blokada koju su ikad organizirali, u tzv. Ratu za plin koji je trajao od 2003. do 2006. godine. Kad je bolivijska vlada poku\u0161ala privatizirati industriju plina, Alte\u00f1osi su blokirali prometnice i prilaz La Pazu (sjetimo se da je aerodrom tako\u0111er u El Altu), mar\u0161iraju\u0107i u desecima tisu\u0107a do sjedi\u0161ta vlasti u La Pazu i vi\u010du\u0107i &#8220;Plin pripada nama!&#8221;. Policija i vojska su u odmazdi ubile oko 60 prosvjednika. Situacija je bila paklena, pogotovo jer je jo\u0161 bilo svje\u017ee sje\u0107anje na &#8220;ratove za vodu&#8221; u Cochabambi. Vlada je htjela privatizirati izvore vode, \u0161to je dovelo do velikog poskupljenja. Kad su shvatili da sirotinja po\u010dinje skupljati ki\u0161nicu, iz ameri\u010dke korporacije Bechtel su lobirali za zabranu te prakse. Ratovi za plin i vodu, predvo\u0111eni Aymara narodom, utabali su put budu\u0107em predsjedniku Evu Moralesu i stranci MAS.<\/p>\n<p>Mra\u010dno lice koje je El Alto imao one no\u0107i, pod dnevnom je svijetlo\u0161\u0107u poprimilo druge obrise. Postalo je jasnije i mek\u0161e. Na ulicama i dalje gori vatra oko koje se okupljaju stanovnici i polijevaju je alkoholom. No ta vatra vi\u0161e ne djeluje zlokobno. Ona je \u017eivu\u0107i duh predaka koji su kroz rituale pridono\u0161enja darova iskazivali po\u0161tovanje <em>Pachamami<\/em> (Majci Zemlji), ponos i sveta povezanost s prirodom. \u010cak i psi spu\u0161taju &#8220;guard&#8221; tijekom dana, iako i dalje oprezno mjerkaju rijetke gringose u prolazu. &#8220;To su na\u0161i mali \u010duvari&#8221;, smije se Lenny dok mazi jednog po glavi, &#8220;a najhrabriji me\u0111u njima je postao maskota prosvjeda i lice s BBC-a. Hrabro je kora\u010dao naprijed ne obaziru\u0107i se na buku i petarde. Zato smo ga i nazvali &#8211; Petardo.&#8221;<\/p>\n<figure id=\"attachment_6473\" aria-describedby=\"caption-attachment-6473\" style=\"width: 1980px\" class=\"wp-caption alignnone\"><img loading=\"lazy\" decoding=\"async\" class=\"wp-image-6473 size-full\" src=\"https:\/\/sdf.hr\/wp-content\/uploads\/2025\/06\/upozorenje-za-lopove-scaled.jpg\" alt=\"\" width=\"1980\" height=\"2560\" srcset=\"https:\/\/sdf.hr\/wp-content\/uploads\/2025\/06\/upozorenje-za-lopove-scaled.jpg 1980w, https:\/\/sdf.hr\/wp-content\/uploads\/2025\/06\/upozorenje-za-lopove-232x300.jpg 232w, https:\/\/sdf.hr\/wp-content\/uploads\/2025\/06\/upozorenje-za-lopove-792x1024.jpg 792w, https:\/\/sdf.hr\/wp-content\/uploads\/2025\/06\/upozorenje-za-lopove-768x993.jpg 768w, https:\/\/sdf.hr\/wp-content\/uploads\/2025\/06\/upozorenje-za-lopove-1188x1536.jpg 1188w, https:\/\/sdf.hr\/wp-content\/uploads\/2025\/06\/upozorenje-za-lopove-1584x2048.jpg 1584w\" sizes=\"auto, (max-width: 1980px) 100vw, 1980px\" \/><figcaption id=\"caption-attachment-6473\" class=\"wp-caption-text\">Upozorenje na lopove (Foto: Lidija \u010culo)<\/figcaption><\/figure>\n<p>&#8220;Prije nekoliko godina smo blokirali prometnice zbog op\u0107eg poskupljenja svega&#8221;, obja\u0161njava Mallku. &#8220;Ja kao voza\u010d najbolje shva\u0107am koliko nas je prometna infrastruktura ko\u010dila, ali i osna\u017eivala. Uspjeh na\u0161e revolucije se mjeri prometom. Sada kona\u010dno imamo \u017ei\u010dare, hvala Bogu, da obi\u010dni ljudi mogu na posao, u \u0161kolu, biti dio svijeta. No kamioni za dostavu robe i dalje koriste ceste da bi u\u0161li u La Paz. Kada ih blokiramo, o\u017eivi duh <strong>Tupaca Katarija<\/strong> i <strong>Bartoline Sise<\/strong>&#8220;, nasmijao se od srca, s dozom ponosa. Zaista, blokade evociraju duh slavne pro\u0161losti, kada je 1781. aymarski vo\u0111a Tupac Katari pokrenuo ustanak 40 tisu\u0107a domorodaca protiv kolonijalnih \u0161panjolskih vlasti. Njegova supruga Bartolina Sisa bila je zapovjednica obrane koja je organizirala totalnu blokadu La Paza \u2013 grad je bio opkoljen i okupiran pola godine. Hrana nije pristizala, a svaka komunikacija je bila onemogu\u0107ena.<\/p>\n<p>Na kraju su \u0160panjolci ipak slomili otpor. Katarija i Sisu su javno mu\u010dili i ubili u La Pazu kao upozorenje drugima, da im vi\u0161e nikad tako ne\u0161to ne padne na pamet. No neslomljivi duh Aymara i dalje \u017eivi u El Altu. Njegova populacija nedavno je pre\u0161la brojku od milijun i sad je brojnija od one La Paza \u2013 nove generacije inzistiraju da se njihove potrebe \u010duju. Sada je bilo jasno da kamenje koje nam je one no\u0107i zaprije\u010dilo put nije kaos, ve\u0107 kontinuitet. Stara taktika jo\u0161 iz doba kada su se domoroci prvi put suprotstavili kolonizatorima. U El Altu je prije par godina preminuo biv\u0161i lider gerilske vojske nazvane Tupac Katari koji je \u201990-ih uhi\u0107en i osu\u0111en na zatvorsku kaznu. Na pitanje novinara za\u0161to je uzeo kamenje i oru\u017eje u ruke, odgovorio je: &#8220;Zato da moja k\u0107er jednog dana ne postane va\u0161a slu\u0161kinja.&#8221; Danas se na dan smaknu\u0107a Bartoline Sise, 5. rujna, obilje\u017eava Me\u0111unarodni dan autohtonih \u017eena. Njene o\u010di, kao i Katarijeve, prate nas po ulicama. \u0160arene zastave <em>Wiphala<\/em>, simbol andskih naroda, vijore se sa prozora i stupova. &#8220;Wiphala se po\u0161tuje, kvragu!&#8221; i &#8220;Mi smo narod koji kora\u010da prema Suncu&#8221;, poru\u010duju zidovi.<\/p>\n<p>Krenuli smo natrag u La Paz, ponovno starim cestama, sada zamrznutima u kolonama kombija i automobila. Iznad nas, \u017ei\u010dare su s lako\u0107om premo\u0161\u0107ivale ponor od 450 metara izme\u0111u dva grada. Ali izme\u0111u njih jo\u0161 uvijek zjape brojni drugi i ve\u0107i ponori, koje ne premo\u0161\u0107uju ni \u010delik ni kablovi. U zastoju, promatram lica koja \u0161ute i zami\u0161ljene poglede: voza\u010de naslonjene na volane, putnike kojima glava pada pred umorom, i one koji psuju druge aute sebi u bradu. Svi kao da govore isto \u2013 da ovi &#8220;psi i Indijanci&#8221;, kako su ih nekad zvali, jo\u0161 uvijek imaju mo\u0107 u rukama. El Alto, grad koji nas je isprva do\u010dekao stisnutih o\u010diju i obrva, a potom ugostio s osmijehom, ponosom i pri\u010dama koje bude nadu, sada nas je ispratio uz podsjetnik na proro\u010danstvo Tupaca Katarija, \u010dije su posljednje rije\u010di prije pogubljenja bile: &#8220;Vratit \u0107u se, i bit \u0107u milijuni.&#8221;<\/p>\n<p><em>pi\u0161e Lidija \u010culo<\/em><\/p>\n","protected":false},"excerpt":{"rendered":"<p>Neslomljivi duh Aymara i dalje \u017eivi u El Altu, gradu koji je prerastao susjednu bolivijsku prijestolnicu La Paz. Ratovi za plin i vodu izme\u0111u 2003. i 2006., predvo\u0111eni Aymara narodom, utabali su put budu\u0107em bolivijskom predsjedniku Evu Moralesu i stranci MAS<\/p>\n","protected":false},"featured_media":6468,"template":"","tags":[131],"atribut":[],"class_list":["post-6475","nada","type-nada","status-publish","has-post-thumbnail","hentry","tag-reportaza"],"acf":[],"yoast_head":"<!-- This site is optimized with the Yoast SEO plugin v27.4 - https:\/\/yoast.com\/product\/yoast-seo-wordpress\/ -->\n<title>Bit \u0107u milijuni - SDF - Srpski demokratski forum<\/title>\n<meta name=\"robots\" content=\"index, follow, max-snippet:-1, max-image-preview:large, max-video-preview:-1\" \/>\n<link rel=\"canonical\" href=\"https:\/\/sdf.hr\/hr\/nada\/bit-cu-milijuni\/\" \/>\n<meta property=\"og:locale\" content=\"hr_HR\" \/>\n<meta property=\"og:type\" content=\"article\" \/>\n<meta property=\"og:title\" content=\"Bit \u0107u milijuni - SDF - Srpski demokratski forum\" \/>\n<meta property=\"og:description\" content=\"Neslomljivi duh Aymara i dalje \u017eivi u El Altu, gradu koji je prerastao susjednu bolivijsku prijestolnicu La Paz. Ratovi za plin i vodu izme\u0111u 2003. i 2006., predvo\u0111eni Aymara narodom, utabali su put budu\u0107em bolivijskom predsjedniku Evu Moralesu i stranci MAS\" \/>\n<meta property=\"og:url\" content=\"https:\/\/sdf.hr\/hr\/nada\/bit-cu-milijuni\/\" \/>\n<meta property=\"og:site_name\" content=\"SDF - Srpski demokratski forum\" \/>\n<meta property=\"article:modified_time\" content=\"2025-06-20T06:36:24+00:00\" \/>\n<meta property=\"og:image\" content=\"https:\/\/sdf.hr\/wp-content\/uploads\/2025\/06\/El-Alto-scaled.jpg\" \/>\n\t<meta property=\"og:image:width\" content=\"2560\" \/>\n\t<meta property=\"og:image:height\" content=\"1920\" \/>\n\t<meta property=\"og:image:type\" content=\"image\/jpeg\" \/>\n<meta name=\"twitter:card\" content=\"summary_large_image\" \/>\n<meta name=\"twitter:label1\" content=\"Procijenjeno vrijeme \u010ditanja\" \/>\n\t<meta name=\"twitter:data1\" content=\"10 minuta\" \/>\n<script type=\"application\/ld+json\" class=\"yoast-schema-graph\">{\"@context\":\"https:\\\/\\\/schema.org\",\"@graph\":[{\"@type\":\"WebPage\",\"@id\":\"https:\\\/\\\/sdf.hr\\\/hr\\\/nada\\\/bit-cu-milijuni\\\/\",\"url\":\"https:\\\/\\\/sdf.hr\\\/hr\\\/nada\\\/bit-cu-milijuni\\\/\",\"name\":\"Bit \u0107u milijuni - SDF - Srpski demokratski forum\",\"isPartOf\":{\"@id\":\"https:\\\/\\\/sdf.hr\\\/#website\"},\"primaryImageOfPage\":{\"@id\":\"https:\\\/\\\/sdf.hr\\\/hr\\\/nada\\\/bit-cu-milijuni\\\/#primaryimage\"},\"image\":{\"@id\":\"https:\\\/\\\/sdf.hr\\\/hr\\\/nada\\\/bit-cu-milijuni\\\/#primaryimage\"},\"thumbnailUrl\":\"https:\\\/\\\/sdf.hr\\\/wp-content\\\/uploads\\\/2025\\\/06\\\/El-Alto-scaled.jpg\",\"datePublished\":\"2025-06-20T06:35:41+00:00\",\"dateModified\":\"2025-06-20T06:36:24+00:00\",\"breadcrumb\":{\"@id\":\"https:\\\/\\\/sdf.hr\\\/hr\\\/nada\\\/bit-cu-milijuni\\\/#breadcrumb\"},\"inLanguage\":\"hr\",\"potentialAction\":[{\"@type\":\"ReadAction\",\"target\":[\"https:\\\/\\\/sdf.hr\\\/hr\\\/nada\\\/bit-cu-milijuni\\\/\"]}]},{\"@type\":\"ImageObject\",\"inLanguage\":\"hr\",\"@id\":\"https:\\\/\\\/sdf.hr\\\/hr\\\/nada\\\/bit-cu-milijuni\\\/#primaryimage\",\"url\":\"https:\\\/\\\/sdf.hr\\\/wp-content\\\/uploads\\\/2025\\\/06\\\/El-Alto-scaled.jpg\",\"contentUrl\":\"https:\\\/\\\/sdf.hr\\\/wp-content\\\/uploads\\\/2025\\\/06\\\/El-Alto-scaled.jpg\",\"width\":2560,\"height\":1920,\"caption\":\"El Alto (Foto: Lidija \u010culo)\"},{\"@type\":\"BreadcrumbList\",\"@id\":\"https:\\\/\\\/sdf.hr\\\/hr\\\/nada\\\/bit-cu-milijuni\\\/#breadcrumb\",\"itemListElement\":[{\"@type\":\"ListItem\",\"position\":1,\"name\":\"Po\u010detna stranica\",\"item\":\"https:\\\/\\\/sdf.hr\\\/hr\\\/\"},{\"@type\":\"ListItem\",\"position\":2,\"name\":\"Nada\",\"item\":\"https:\\\/\\\/sdf.hr\\\/nada\\\/\"},{\"@type\":\"ListItem\",\"position\":3,\"name\":\"Bit \u0107u milijuni\"}]},{\"@type\":\"WebSite\",\"@id\":\"https:\\\/\\\/sdf.hr\\\/#website\",\"url\":\"https:\\\/\\\/sdf.hr\\\/\",\"name\":\"SDF - Srpski demokratski forum\",\"description\":\"Srpski demokratski forum\",\"publisher\":{\"@id\":\"https:\\\/\\\/sdf.hr\\\/#organization\"},\"potentialAction\":[{\"@type\":\"SearchAction\",\"target\":{\"@type\":\"EntryPoint\",\"urlTemplate\":\"https:\\\/\\\/sdf.hr\\\/?s={search_term_string}\"},\"query-input\":{\"@type\":\"PropertyValueSpecification\",\"valueRequired\":true,\"valueName\":\"search_term_string\"}}],\"inLanguage\":\"hr\"},{\"@type\":\"Organization\",\"@id\":\"https:\\\/\\\/sdf.hr\\\/#organization\",\"name\":\"SDF - Srpski demokratski forum\",\"url\":\"https:\\\/\\\/sdf.hr\\\/\",\"logo\":{\"@type\":\"ImageObject\",\"inLanguage\":\"hr\",\"@id\":\"https:\\\/\\\/sdf.hr\\\/#\\\/schema\\\/logo\\\/image\\\/\",\"url\":\"https:\\\/\\\/sdf.hr\\\/wp-content\\\/uploads\\\/2021\\\/07\\\/logo-hr.svg\",\"contentUrl\":\"https:\\\/\\\/sdf.hr\\\/wp-content\\\/uploads\\\/2021\\\/07\\\/logo-hr.svg\",\"width\":271,\"height\":100,\"caption\":\"SDF - Srpski demokratski forum\"},\"image\":{\"@id\":\"https:\\\/\\\/sdf.hr\\\/#\\\/schema\\\/logo\\\/image\\\/\"}}]}<\/script>\n<!-- \/ Yoast SEO plugin. -->","yoast_head_json":{"title":"Bit \u0107u milijuni - SDF - Srpski demokratski forum","robots":{"index":"index","follow":"follow","max-snippet":"max-snippet:-1","max-image-preview":"max-image-preview:large","max-video-preview":"max-video-preview:-1"},"canonical":"https:\/\/sdf.hr\/hr\/nada\/bit-cu-milijuni\/","og_locale":"hr_HR","og_type":"article","og_title":"Bit \u0107u milijuni - SDF - Srpski demokratski forum","og_description":"Neslomljivi duh Aymara i dalje \u017eivi u El Altu, gradu koji je prerastao susjednu bolivijsku prijestolnicu La Paz. Ratovi za plin i vodu izme\u0111u 2003. i 2006., predvo\u0111eni Aymara narodom, utabali su put budu\u0107em bolivijskom predsjedniku Evu Moralesu i stranci MAS","og_url":"https:\/\/sdf.hr\/hr\/nada\/bit-cu-milijuni\/","og_site_name":"SDF - Srpski demokratski forum","article_modified_time":"2025-06-20T06:36:24+00:00","og_image":[{"width":2560,"height":1920,"url":"https:\/\/sdf.hr\/wp-content\/uploads\/2025\/06\/El-Alto-scaled.jpg","type":"image\/jpeg"}],"twitter_card":"summary_large_image","twitter_misc":{"Procijenjeno vrijeme \u010ditanja":"10 minuta"},"schema":{"@context":"https:\/\/schema.org","@graph":[{"@type":"WebPage","@id":"https:\/\/sdf.hr\/hr\/nada\/bit-cu-milijuni\/","url":"https:\/\/sdf.hr\/hr\/nada\/bit-cu-milijuni\/","name":"Bit \u0107u milijuni - SDF - Srpski demokratski forum","isPartOf":{"@id":"https:\/\/sdf.hr\/#website"},"primaryImageOfPage":{"@id":"https:\/\/sdf.hr\/hr\/nada\/bit-cu-milijuni\/#primaryimage"},"image":{"@id":"https:\/\/sdf.hr\/hr\/nada\/bit-cu-milijuni\/#primaryimage"},"thumbnailUrl":"https:\/\/sdf.hr\/wp-content\/uploads\/2025\/06\/El-Alto-scaled.jpg","datePublished":"2025-06-20T06:35:41+00:00","dateModified":"2025-06-20T06:36:24+00:00","breadcrumb":{"@id":"https:\/\/sdf.hr\/hr\/nada\/bit-cu-milijuni\/#breadcrumb"},"inLanguage":"hr","potentialAction":[{"@type":"ReadAction","target":["https:\/\/sdf.hr\/hr\/nada\/bit-cu-milijuni\/"]}]},{"@type":"ImageObject","inLanguage":"hr","@id":"https:\/\/sdf.hr\/hr\/nada\/bit-cu-milijuni\/#primaryimage","url":"https:\/\/sdf.hr\/wp-content\/uploads\/2025\/06\/El-Alto-scaled.jpg","contentUrl":"https:\/\/sdf.hr\/wp-content\/uploads\/2025\/06\/El-Alto-scaled.jpg","width":2560,"height":1920,"caption":"El Alto (Foto: Lidija \u010culo)"},{"@type":"BreadcrumbList","@id":"https:\/\/sdf.hr\/hr\/nada\/bit-cu-milijuni\/#breadcrumb","itemListElement":[{"@type":"ListItem","position":1,"name":"Po\u010detna stranica","item":"https:\/\/sdf.hr\/hr\/"},{"@type":"ListItem","position":2,"name":"Nada","item":"https:\/\/sdf.hr\/nada\/"},{"@type":"ListItem","position":3,"name":"Bit \u0107u milijuni"}]},{"@type":"WebSite","@id":"https:\/\/sdf.hr\/#website","url":"https:\/\/sdf.hr\/","name":"SDF - Srpski demokratski forum","description":"Srpski demokratski forum","publisher":{"@id":"https:\/\/sdf.hr\/#organization"},"potentialAction":[{"@type":"SearchAction","target":{"@type":"EntryPoint","urlTemplate":"https:\/\/sdf.hr\/?s={search_term_string}"},"query-input":{"@type":"PropertyValueSpecification","valueRequired":true,"valueName":"search_term_string"}}],"inLanguage":"hr"},{"@type":"Organization","@id":"https:\/\/sdf.hr\/#organization","name":"SDF - Srpski demokratski forum","url":"https:\/\/sdf.hr\/","logo":{"@type":"ImageObject","inLanguage":"hr","@id":"https:\/\/sdf.hr\/#\/schema\/logo\/image\/","url":"https:\/\/sdf.hr\/wp-content\/uploads\/2021\/07\/logo-hr.svg","contentUrl":"https:\/\/sdf.hr\/wp-content\/uploads\/2021\/07\/logo-hr.svg","width":271,"height":100,"caption":"SDF - Srpski demokratski forum"},"image":{"@id":"https:\/\/sdf.hr\/#\/schema\/logo\/image\/"}}]}},"_links":{"self":[{"href":"https:\/\/sdf.hr\/hr\/wp-json\/wp\/v2\/nada\/6475","targetHints":{"allow":["GET"]}}],"collection":[{"href":"https:\/\/sdf.hr\/hr\/wp-json\/wp\/v2\/nada"}],"about":[{"href":"https:\/\/sdf.hr\/hr\/wp-json\/wp\/v2\/types\/nada"}],"wp:featuredmedia":[{"embeddable":true,"href":"https:\/\/sdf.hr\/hr\/wp-json\/wp\/v2\/media\/6468"}],"wp:attachment":[{"href":"https:\/\/sdf.hr\/hr\/wp-json\/wp\/v2\/media?parent=6475"}],"wp:term":[{"taxonomy":"post_tag","embeddable":true,"href":"https:\/\/sdf.hr\/hr\/wp-json\/wp\/v2\/tags?post=6475"},{"taxonomy":"atribut","embeddable":true,"href":"https:\/\/sdf.hr\/hr\/wp-json\/wp\/v2\/atribut?post=6475"}],"curies":[{"name":"wp","href":"https:\/\/api.w.org\/{rel}","templated":true}]}}