{"id":6479,"date":"2025-06-21T10:38:08","date_gmt":"2025-06-21T08:38:08","guid":{"rendered":"https:\/\/sdf.hr\/nada\/desert-u-casi\/"},"modified":"2025-06-21T10:39:08","modified_gmt":"2025-06-21T08:39:08","slug":"desert-u-casi","status":"publish","type":"nada","link":"https:\/\/sdf.hr\/hr\/nada\/desert-u-casi\/","title":{"rendered":"Desert u \u010da\u0161i"},"content":{"rendered":"<p>S dolaskom ljeta i vru\u0107ih dana nastojim sve manje paliti pe\u0107nicu. Jo\u0161 uvijek pe\u010dem kruh, ali odabirem deserte koje mogu pripremiti bez pe\u010denja. Jedan takav osvje\u017eavaju\u0107i i brzo gotov je desert u \u010da\u0161i u kojem kombinirate podlogu od keksa, sir, slatko vrhnje i omiljeno vo\u0107e. U ovakvom tipu deserta mo\u017eete koristiti jagode, maline, kupine, borovnice, a ako imate priliku, dodajte one \u0161umske.<\/p>\n<p>Ovaj desert podsje\u0107a na slavni <em>cheesecake<\/em> pa ako ste ljubitelji takvih kola\u010da, svakako probajte pripremiti ovu poslasticu koju servirate u \u010da\u0161ama. Osim podloge od keksa, kreme sa sirom i vo\u0107a, dodala sam preljev od bijele \u010dokolade i slatkog vrhnja, a izvrsno \u0107e i\u0107i i mlije\u010dna ili tamna \u010dokolada.<\/p>\n<p><em>\u00a0<\/em><\/p>\n<p><strong><em>Sastojci za podlogu (za 4 do 6 \u010da\u0161a):<\/em><\/strong><\/p>\n<p>60 g integralnog keksa po \u017eelji (mo\u017eete koristiti i \u010dokoladni)<\/p>\n<p>1 do 2 \u017elice sjeckanih badema ili lje\u0161njaka<\/p>\n<p>25 g maslaca<\/p>\n<p>1 do 2 \u017elice mlijeka<\/p>\n<p>&nbsp;<\/p>\n<p><strong><em>Za kremu: <\/em><\/strong><\/p>\n<p>100 g gr\u010dkog jogurta ili kiselog vrhnja<\/p>\n<p>100 g krem sira<\/p>\n<p>100 g slatkog vrhnja (za \u0161lag)<\/p>\n<p>1 do 2 \u017elice \u0161e\u0107era u prahu ili meda za zasla\u0111ivanje (mo\u017eete dodati i neki drugi zasla\u0111iva\u010d po \u017eelji)<\/p>\n<p>limunova korica<\/p>\n<p>mahuna ili ekstrakt vanilije<\/p>\n<p><em>\u00a0<\/em><\/p>\n<p><strong><em>Za preljev:<\/em><\/strong><\/p>\n<p>100 g bijele ili tamne \u010dokolade<\/p>\n<p>100 g slatkog vrhnja (za \u0161lag)<\/p>\n<p>&nbsp;<\/p>\n<p><strong><em>Za vo\u0107ni dio:<\/em><\/strong><\/p>\n<p>jagode, borovnice, maline, kupine\u2026<\/p>\n<p>limunov sok<\/p>\n<p>\u0161e\u0107er u prahu<\/p>\n<p>&nbsp;<\/p>\n<p><strong><em>Priprema:<\/em><\/strong><\/p>\n<p>Kekse usitnite u blenderu ili ih jednostavno stavite u vre\u0107icu pa povaljajte valjkom (tako \u0107e ostati krupniji komadi\u0107i). Pomije\u0161ajte ih sa sjeckanim bademima ili lje\u0161njacima (za dodatnu aromu ih mo\u017eete popr\u017eiti na suhoj tavi). Dodajte mlijeko. Rastopite maslac i pomije\u0161ajte s keksima u mrvi\u010dastu smjesu. Ja nisam dodavala dodatni \u0161e\u0107er jer su keksi ve\u0107 slatki. Smjesu rasporedite u zdjelice, \u010da\u0161e ili obi\u010dne staklenke, malo stisnite pomo\u0107u obloga dijela \u017elice, te ostavite u hladnjaku dok pripremate ostatak kola\u010da.<\/p>\n<p>Za kremu istucite slatko vrhnje sa \u0161e\u0107erom u prahu dok ne postane \u010dvrsto, ali nemojte ga previ\u0161e izraditi da se ne zgruda. Jogurt ili kiselo vrhnje izmije\u0161ajte sa svje\u017eim sirom i dodajte u tu\u010deno vrhnje. Sve sastojke nje\u017eno mije\u0161ajte dok se ne sjedine. Mo\u017eete dodati svje\u017ee ribane korice limuna ili malo vanilije.<\/p>\n<p>Vo\u0107e operite i osu\u0161ite, krupnije komade nasjeckajte. Pokapajte limunovim sokom pa dodajte pola \u017elice \u0161e\u0107era u prahu i izmije\u0161ajte. Na pripremljenu podlogu od keksa redajte kremu i vo\u0107e dok ne utro\u0161ite sve.<\/p>\n<p>Za preljev na pari zagrijte slatko vrhnje pa dodajte nasjeckanu \u010dokoladu i mije\u0161ajte dok se ne otopi. Malo ohladite i dok je jo\u0161 uvijek teku\u0107a prelijte preko deserta. Za dekoraciju slo\u017eite jo\u0161 vo\u0107a na vrh te dodajte listi\u0107 mente ili mati\u010dnjaka. Ponovno sve vratite u hladnjak na najmanje sat vremena. Prije poslu\u017eivanja ostavite da odstoji 30 minuta na sobnoj temperaturi.<\/p>\n<p>Dobar tek!<\/p>\n<p><em>pi\u0161e Valentina Vukadinovi\u0107<\/em><\/p>\n","protected":false},"excerpt":{"rendered":"<p>Ovaj desert podsje\u0107a na slavni cheesecake pa ako ste ljubitelji takvih kola\u010da, svakako probajte pripremiti ovu poslasticu<\/p>\n","protected":false},"featured_media":6478,"template":"","tags":[42],"atribut":[],"class_list":["post-6479","nada","type-nada","status-publish","has-post-thumbnail","hentry","tag-gorski-kotao"],"acf":[],"yoast_head":"<!-- This site is optimized with the Yoast SEO plugin v27.4 - https:\/\/yoast.com\/product\/yoast-seo-wordpress\/ -->\n<title>Desert u \u010da\u0161i - SDF - Srpski demokratski forum<\/title>\n<meta name=\"robots\" content=\"index, follow, max-snippet:-1, max-image-preview:large, max-video-preview:-1\" \/>\n<link rel=\"canonical\" href=\"https:\/\/sdf.hr\/hr\/nada\/desert-u-casi\/\" \/>\n<meta property=\"og:locale\" content=\"hr_HR\" \/>\n<meta property=\"og:type\" content=\"article\" \/>\n<meta property=\"og:title\" content=\"Desert u \u010da\u0161i - SDF - Srpski demokratski forum\" \/>\n<meta property=\"og:description\" content=\"Ovaj desert podsje\u0107a na slavni cheesecake pa ako ste ljubitelji takvih kola\u010da, svakako probajte pripremiti ovu poslasticu\" \/>\n<meta property=\"og:url\" content=\"https:\/\/sdf.hr\/hr\/nada\/desert-u-casi\/\" \/>\n<meta property=\"og:site_name\" content=\"SDF - Srpski demokratski forum\" \/>\n<meta property=\"article:modified_time\" content=\"2025-06-21T08:39:08+00:00\" \/>\n<meta property=\"og:image\" content=\"https:\/\/sdf.hr\/wp-content\/uploads\/2025\/06\/Desert-scaled.jpg\" \/>\n\t<meta property=\"og:image:width\" content=\"2560\" \/>\n\t<meta property=\"og:image:height\" content=\"1244\" \/>\n\t<meta property=\"og:image:type\" content=\"image\/jpeg\" \/>\n<meta name=\"twitter:card\" content=\"summary_large_image\" \/>\n<meta name=\"twitter:label1\" content=\"Procijenjeno vrijeme \u010ditanja\" \/>\n\t<meta name=\"twitter:data1\" content=\"2 minute\" \/>\n<script type=\"application\/ld+json\" class=\"yoast-schema-graph\">{\"@context\":\"https:\\\/\\\/schema.org\",\"@graph\":[{\"@type\":\"WebPage\",\"@id\":\"https:\\\/\\\/sdf.hr\\\/hr\\\/nada\\\/desert-u-casi\\\/\",\"url\":\"https:\\\/\\\/sdf.hr\\\/hr\\\/nada\\\/desert-u-casi\\\/\",\"name\":\"Desert u \u010da\u0161i - SDF - Srpski demokratski forum\",\"isPartOf\":{\"@id\":\"https:\\\/\\\/sdf.hr\\\/#website\"},\"primaryImageOfPage\":{\"@id\":\"https:\\\/\\\/sdf.hr\\\/hr\\\/nada\\\/desert-u-casi\\\/#primaryimage\"},\"image\":{\"@id\":\"https:\\\/\\\/sdf.hr\\\/hr\\\/nada\\\/desert-u-casi\\\/#primaryimage\"},\"thumbnailUrl\":\"https:\\\/\\\/sdf.hr\\\/wp-content\\\/uploads\\\/2025\\\/06\\\/Desert-scaled.jpg\",\"datePublished\":\"2025-06-21T08:38:08+00:00\",\"dateModified\":\"2025-06-21T08:39:08+00:00\",\"breadcrumb\":{\"@id\":\"https:\\\/\\\/sdf.hr\\\/hr\\\/nada\\\/desert-u-casi\\\/#breadcrumb\"},\"inLanguage\":\"hr\",\"potentialAction\":[{\"@type\":\"ReadAction\",\"target\":[\"https:\\\/\\\/sdf.hr\\\/hr\\\/nada\\\/desert-u-casi\\\/\"]}]},{\"@type\":\"ImageObject\",\"inLanguage\":\"hr\",\"@id\":\"https:\\\/\\\/sdf.hr\\\/hr\\\/nada\\\/desert-u-casi\\\/#primaryimage\",\"url\":\"https:\\\/\\\/sdf.hr\\\/wp-content\\\/uploads\\\/2025\\\/06\\\/Desert-scaled.jpg\",\"contentUrl\":\"https:\\\/\\\/sdf.hr\\\/wp-content\\\/uploads\\\/2025\\\/06\\\/Desert-scaled.jpg\",\"width\":2560,\"height\":1244},{\"@type\":\"BreadcrumbList\",\"@id\":\"https:\\\/\\\/sdf.hr\\\/hr\\\/nada\\\/desert-u-casi\\\/#breadcrumb\",\"itemListElement\":[{\"@type\":\"ListItem\",\"position\":1,\"name\":\"Po\u010detna stranica\",\"item\":\"https:\\\/\\\/sdf.hr\\\/hr\\\/\"},{\"@type\":\"ListItem\",\"position\":2,\"name\":\"Nada\",\"item\":\"https:\\\/\\\/sdf.hr\\\/nada\\\/\"},{\"@type\":\"ListItem\",\"position\":3,\"name\":\"Desert u \u010da\u0161i\"}]},{\"@type\":\"WebSite\",\"@id\":\"https:\\\/\\\/sdf.hr\\\/#website\",\"url\":\"https:\\\/\\\/sdf.hr\\\/\",\"name\":\"SDF - Srpski demokratski forum\",\"description\":\"Srpski demokratski forum\",\"publisher\":{\"@id\":\"https:\\\/\\\/sdf.hr\\\/#organization\"},\"potentialAction\":[{\"@type\":\"SearchAction\",\"target\":{\"@type\":\"EntryPoint\",\"urlTemplate\":\"https:\\\/\\\/sdf.hr\\\/?s={search_term_string}\"},\"query-input\":{\"@type\":\"PropertyValueSpecification\",\"valueRequired\":true,\"valueName\":\"search_term_string\"}}],\"inLanguage\":\"hr\"},{\"@type\":\"Organization\",\"@id\":\"https:\\\/\\\/sdf.hr\\\/#organization\",\"name\":\"SDF - Srpski demokratski forum\",\"url\":\"https:\\\/\\\/sdf.hr\\\/\",\"logo\":{\"@type\":\"ImageObject\",\"inLanguage\":\"hr\",\"@id\":\"https:\\\/\\\/sdf.hr\\\/#\\\/schema\\\/logo\\\/image\\\/\",\"url\":\"https:\\\/\\\/sdf.hr\\\/wp-content\\\/uploads\\\/2021\\\/07\\\/logo-hr.svg\",\"contentUrl\":\"https:\\\/\\\/sdf.hr\\\/wp-content\\\/uploads\\\/2021\\\/07\\\/logo-hr.svg\",\"width\":271,\"height\":100,\"caption\":\"SDF - Srpski demokratski forum\"},\"image\":{\"@id\":\"https:\\\/\\\/sdf.hr\\\/#\\\/schema\\\/logo\\\/image\\\/\"}}]}<\/script>\n<!-- \/ Yoast SEO plugin. -->","yoast_head_json":{"title":"Desert u \u010da\u0161i - SDF - Srpski demokratski forum","robots":{"index":"index","follow":"follow","max-snippet":"max-snippet:-1","max-image-preview":"max-image-preview:large","max-video-preview":"max-video-preview:-1"},"canonical":"https:\/\/sdf.hr\/hr\/nada\/desert-u-casi\/","og_locale":"hr_HR","og_type":"article","og_title":"Desert u \u010da\u0161i - SDF - Srpski demokratski forum","og_description":"Ovaj desert podsje\u0107a na slavni cheesecake pa ako ste ljubitelji takvih kola\u010da, svakako probajte pripremiti ovu poslasticu","og_url":"https:\/\/sdf.hr\/hr\/nada\/desert-u-casi\/","og_site_name":"SDF - Srpski demokratski forum","article_modified_time":"2025-06-21T08:39:08+00:00","og_image":[{"width":2560,"height":1244,"url":"https:\/\/sdf.hr\/wp-content\/uploads\/2025\/06\/Desert-scaled.jpg","type":"image\/jpeg"}],"twitter_card":"summary_large_image","twitter_misc":{"Procijenjeno vrijeme \u010ditanja":"2 minute"},"schema":{"@context":"https:\/\/schema.org","@graph":[{"@type":"WebPage","@id":"https:\/\/sdf.hr\/hr\/nada\/desert-u-casi\/","url":"https:\/\/sdf.hr\/hr\/nada\/desert-u-casi\/","name":"Desert u \u010da\u0161i - SDF - Srpski demokratski forum","isPartOf":{"@id":"https:\/\/sdf.hr\/#website"},"primaryImageOfPage":{"@id":"https:\/\/sdf.hr\/hr\/nada\/desert-u-casi\/#primaryimage"},"image":{"@id":"https:\/\/sdf.hr\/hr\/nada\/desert-u-casi\/#primaryimage"},"thumbnailUrl":"https:\/\/sdf.hr\/wp-content\/uploads\/2025\/06\/Desert-scaled.jpg","datePublished":"2025-06-21T08:38:08+00:00","dateModified":"2025-06-21T08:39:08+00:00","breadcrumb":{"@id":"https:\/\/sdf.hr\/hr\/nada\/desert-u-casi\/#breadcrumb"},"inLanguage":"hr","potentialAction":[{"@type":"ReadAction","target":["https:\/\/sdf.hr\/hr\/nada\/desert-u-casi\/"]}]},{"@type":"ImageObject","inLanguage":"hr","@id":"https:\/\/sdf.hr\/hr\/nada\/desert-u-casi\/#primaryimage","url":"https:\/\/sdf.hr\/wp-content\/uploads\/2025\/06\/Desert-scaled.jpg","contentUrl":"https:\/\/sdf.hr\/wp-content\/uploads\/2025\/06\/Desert-scaled.jpg","width":2560,"height":1244},{"@type":"BreadcrumbList","@id":"https:\/\/sdf.hr\/hr\/nada\/desert-u-casi\/#breadcrumb","itemListElement":[{"@type":"ListItem","position":1,"name":"Po\u010detna stranica","item":"https:\/\/sdf.hr\/hr\/"},{"@type":"ListItem","position":2,"name":"Nada","item":"https:\/\/sdf.hr\/nada\/"},{"@type":"ListItem","position":3,"name":"Desert u \u010da\u0161i"}]},{"@type":"WebSite","@id":"https:\/\/sdf.hr\/#website","url":"https:\/\/sdf.hr\/","name":"SDF - Srpski demokratski forum","description":"Srpski demokratski forum","publisher":{"@id":"https:\/\/sdf.hr\/#organization"},"potentialAction":[{"@type":"SearchAction","target":{"@type":"EntryPoint","urlTemplate":"https:\/\/sdf.hr\/?s={search_term_string}"},"query-input":{"@type":"PropertyValueSpecification","valueRequired":true,"valueName":"search_term_string"}}],"inLanguage":"hr"},{"@type":"Organization","@id":"https:\/\/sdf.hr\/#organization","name":"SDF - Srpski demokratski forum","url":"https:\/\/sdf.hr\/","logo":{"@type":"ImageObject","inLanguage":"hr","@id":"https:\/\/sdf.hr\/#\/schema\/logo\/image\/","url":"https:\/\/sdf.hr\/wp-content\/uploads\/2021\/07\/logo-hr.svg","contentUrl":"https:\/\/sdf.hr\/wp-content\/uploads\/2021\/07\/logo-hr.svg","width":271,"height":100,"caption":"SDF - Srpski demokratski forum"},"image":{"@id":"https:\/\/sdf.hr\/#\/schema\/logo\/image\/"}}]}},"_links":{"self":[{"href":"https:\/\/sdf.hr\/hr\/wp-json\/wp\/v2\/nada\/6479","targetHints":{"allow":["GET"]}}],"collection":[{"href":"https:\/\/sdf.hr\/hr\/wp-json\/wp\/v2\/nada"}],"about":[{"href":"https:\/\/sdf.hr\/hr\/wp-json\/wp\/v2\/types\/nada"}],"wp:featuredmedia":[{"embeddable":true,"href":"https:\/\/sdf.hr\/hr\/wp-json\/wp\/v2\/media\/6478"}],"wp:attachment":[{"href":"https:\/\/sdf.hr\/hr\/wp-json\/wp\/v2\/media?parent=6479"}],"wp:term":[{"taxonomy":"post_tag","embeddable":true,"href":"https:\/\/sdf.hr\/hr\/wp-json\/wp\/v2\/tags?post=6479"},{"taxonomy":"atribut","embeddable":true,"href":"https:\/\/sdf.hr\/hr\/wp-json\/wp\/v2\/atribut?post=6479"}],"curies":[{"name":"wp","href":"https:\/\/api.w.org\/{rel}","templated":true}]}}