{"id":6722,"date":"2025-06-29T09:04:35","date_gmt":"2025-06-29T07:04:35","guid":{"rendered":"https:\/\/sdf.hr\/nada\/ivana-bodrozic-shvatila-sam-da-ne-mozes-voditi-sve-bitke\/"},"modified":"2025-07-13T12:34:33","modified_gmt":"2025-07-13T10:34:33","slug":"ivana-bodrozic-shvatila-sam-da-ne-mozes-voditi-sve-bitke","status":"publish","type":"nada","link":"https:\/\/sdf.hr\/hr\/nada\/ivana-bodrozic-shvatila-sam-da-ne-mozes-voditi-sve-bitke\/","title":{"rendered":"Ivana Bodro\u017ei\u0107: Shvatila sam da ne mo\u017ee\u0161 voditi sve bitke"},"content":{"rendered":"<p>Ima tih \u017eena za koje godinama navija\u0161 sa strane, koje su poznanice, prijateljice prijateljica, biv\u0161e supruge biv\u0161ih suradnika. Podr\u017eava\u0161 ih najprije lajkom na Facebook statusu (jer ste ipak bumerice), pa srcem na Instagram storiju (jer se jo\u0161 trudite biti mlade). Za mene, jedna takva \u017eena je spisateljica <strong>Ivana Bodro\u017ei\u0107<\/strong>. Nada nam je ipak dala priliku da na dva sata sjednemo jedna nasuprot druge i pretresemo djeli\u0107 zajedni\u010dkih tema i dilema, narugamo se tu i tamo kao stare prijateljice i zagrebemo po vlastitim kontradikcijama.<\/p>\n<p>Ivana Bodro\u017ei\u0107 ro\u0111ena je 1982. u Vukovaru. Magistrirala je filozofiju i kroatistiku na Filozofskom fakultetu u Zagrebu. Njezina prva zbirka poezije &#8220;Prvi korak u tamu&#8221; 2005. godine nagra\u0111ena je Goranom za mlade pjesnike i nagradom Kvirin Matice hrvatske. Godine 2010. objavljuje roman &#8220;Hotel Zagorje&#8221;, koji ju je usmjerio na profesionalno bavljenje knji\u017eevno\u0161\u0107u. Djela su joj prevedena na vi\u0161e od deset jezika, a za svoj rad nagra\u0111ena je brojnim knji\u017eevnim nagradama \u2013 od Kiklopa preko Me\u0161e Selimovi\u0107a, Ede Budi\u0161e do Prix Ulysse. Nedavno je osvojila me\u0111unarodnu nagradu Europske banke za obnovu i razvoj za roman &#8220;Sinovi, k\u0107eri&#8221; (u prijevodu <strong>Ellen Elias-Bursa\u0107<\/strong>). Ove godine izdala je knjigu pri\u010da &#8220;Fikcija&#8221;, koja je bila jedan od povoda na\u0161eg ljetnog razgovora. Ivana je samostalna umjetnica koja \u017eivi i stvara u Dugom Selu.<\/p>\n<p><strong>U posljednjoj zbirci poezije &#8220;Usijavanje&#8221; &#8220;Mu\u0161ki ciklus&#8221; posve\u0107ujete majstorima, a u knjizi &#8220;Fikcija&#8221;, u pri\u010di &#8220;Vikendica&#8221;, va\u0161a je pripovjeda\u010dica zato\u010dila majstora u podrumu. Pribli\u017eite nam va\u017enost majstora u va\u0161em privatnom i profesionalnom \u017eivotu.<\/strong><\/p>\n<p>Pitanje za\u0161to sam toliko opsjednuta majstorima zapravo je kompleksno. S jedne strane, to ima veze s ravnopravno\u0161\u0107u koju smo, barem deklarativno, postigle. No znamo da to nije stvarno tako \u2013 postoje sfere obiteljskog, dru\u0161tvenog i profesionalnog \u017eivota gdje ta jednakost puca po \u0161avovima. To su trenuci kad mu\u0161karci osjete da im ulazimo u &#8220;njihov teritorij&#8221;, i te\u0161ko se mire s tim. Rad majstora je, rekla bih, jedno od tih podru\u010dja. To su poslovi koji se i dalje smatraju &#8220;mu\u0161kima&#8221; i taj prostor zaposjedaju s lako\u0107om koju drugdje vi\u0161e nemaju. \u017dene, s druge strane, u odnosu s majstorima \u010desto osjete neku vrstu poni\u017eenja koja jasno pokazuje puku formalnost na\u0161e ravnopravnosti.<\/p>\n<p>Uz to, postoji i vrlo konkretan problem: ka\u0161njenja, neefikasnost, na\u0161e oslanjanje na njih, a ja volim da se stvari rije\u0161e brzo. Imala sam jednog jedinog majstora koji je radio odli\u010dno \u2013 i jo\u0161 je dobro mirisao (smijeh). U knji\u017eevnom smislu, majstori za mene simboliziraju borbu protiv specifi\u010dne nemo\u0107i \u2013 onaj osje\u0107aj da, iako ima\u0161 prava, zapravo nisi ravnopravna. Fikcija je uvijek dijelom stvarna, a dijelom ne. U stvarnom \u017eivotu zaista nemam podrum.<\/p>\n<p><strong> \u010citaju\u0107i knji\u017eevne kritike &#8220;Fikcije&#8221; nailazila sam na tvrdnju da se kroz svih 16 pri\u010da provla\u010di ista pripovjeda\u010dica. Meni to nije tako zazvu\u010dalo \u2013 vi\u0161e sam prepoznala neko univerzalno \u017eensko iskustvo, iako je jasno da pripovjeda\u010dica \u017eivi ovdje, u Hrvatskoj. Pi\u0161u\u0107i zbirku, jeste li pred sobom vidjeli istu pripovjeda\u010dicu?<\/strong><\/p>\n<p>Ja se, dok sam pisala, uop\u0107e nisam optere\u0107ivala time da to bude jedna pripovjeda\u010dica. Kad sam shvatila da mi okvir fikcije odgovara \u2013 u smislu da mogu pisati pri\u010de u kojima se potpuno oslobodim \u2013 onda mi je postalo jasno da je ovo knjiga koju sam najvi\u0161e pisala za sebe. Da se zabavim, rasteretim. Kod dulje, discipliniranije proze pristup je druga\u010diji, a ovdje sam htjela dati najbolje od sebe, ali ne nu\u017eno tako da pazim na konzistentnost jedne pripovjeda\u010dice. Na\u0161e \u017eensko iskustvo je u\u017easno sli\u010dno i lako prepoznatljivo, i vjerujem da se tu negdje pripovjeda\u010dice me\u0111usobno susre\u0107u.<\/p>\n<p><strong>Mnoge su pri\u010de u zbirci duhovite, \u0161to me podsjetilo na razgovor s knji\u017eevnicom Rumenom Bu\u017earovskom, koja je rekla da su knji\u017eevnice s na\u0161ih prostora kona\u010dno prestale bje\u017eati od humora. Za\u0161to su bje\u017eale i koliko vam je humor va\u017ean u pisanju, ali i \u010ditanju?<\/strong><\/p>\n<p>Humor jako relaksira stvari. Ponekad, \u017eele\u0107i naglasiti te\u0161ke i va\u017ene teme, bje\u017eimo od humora jer te kroz \u017eivot dovoljno puta upozore da si neozbiljna \u2013 a tvoje se &#8220;\u017eenske&#8221; teme i ovako nerijetko smatraju manje relevantnima. Onda se javi bojazan da bi ih humor mogao dodatno devalvirati. Ali mislim da je sve stvar izvedbe. Mo\u017ee\u0161 biti jako duhovita, a da tekstu ne oduzme\u0161 ni trunku va\u017enosti. To sam htjela posti\u0107i. Paralelno, kao \u010ditateljici, najdra\u017ee su mi one knjige uz koje se u isto vrijeme smijem i imam knedlu u grlu. A to je najte\u017ee posti\u0107i.<\/p>\n<figure id=\"attachment_6718\" aria-describedby=\"caption-attachment-6718\" style=\"width: 1320px\" class=\"wp-caption alignnone\"><img loading=\"lazy\" decoding=\"async\" class=\"wp-image-6718 size-full\" src=\"https:\/\/sdf.hr\/wp-content\/uploads\/2025\/06\/Bodrozic2_Davor-Konjikusic.jpg\" alt=\"\" width=\"1320\" height=\"1980\" srcset=\"https:\/\/sdf.hr\/wp-content\/uploads\/2025\/06\/Bodrozic2_Davor-Konjikusic.jpg 1320w, https:\/\/sdf.hr\/wp-content\/uploads\/2025\/06\/Bodrozic2_Davor-Konjikusic-200x300.jpg 200w, https:\/\/sdf.hr\/wp-content\/uploads\/2025\/06\/Bodrozic2_Davor-Konjikusic-683x1024.jpg 683w, https:\/\/sdf.hr\/wp-content\/uploads\/2025\/06\/Bodrozic2_Davor-Konjikusic-768x1152.jpg 768w, https:\/\/sdf.hr\/wp-content\/uploads\/2025\/06\/Bodrozic2_Davor-Konjikusic-1024x1536.jpg 1024w\" sizes=\"auto, (max-width: 1320px) 100vw, 1320px\" \/><figcaption id=\"caption-attachment-6718\" class=\"wp-caption-text\">Ivana Bodro\u017ei\u0107 (Foto: Davor Konjiku\u0161i\u0107)<\/figcaption><\/figure>\n<p><strong>Nakon uspjeha romana &#8220;Hotel Zagorje&#8221;, \u010dini mi se da se u va\u0161 rad nastavio upisivati moment autofikcije: sve \u0161to Ivana napi\u0161e, mora da ima upori\u0161te u stvarnosti. Zato mi je zanimljiv izbor naslova zbirke \u2013 obra\u010dunavate li se &#8220;Fikcijom&#8221; s tom predrasudom?<\/strong><\/p>\n<p>Naslov sam uzela iz prve pri\u010de u zbirci, u kojoj sam se svjesno poigrala s tim o\u010dekivanjem. Kad napi\u0161e\u0161 roman koji je djelomi\u010dno autobiografski, kao \u0161to je bio &#8220;Hotel Zagorje&#8221;, poslije mo\u017ee\u0161 napisati da ide\u0161 na Mars i ljudi \u0107e i dalje misliti \u2013 aha, to se stvarno dogodilo. Meni je to, tada kao relativno mladoj autorici, bilo optere\u0107enje. \u017deli\u0161 se dokazati svojim pisanjem, a ne da te stalno odre\u0111uje to \u0161to ti se dogodilo. Nisam htjela da me se svodi na: &#8220;ona je spisateljica iz Vukovara, otac joj je ubijen na Ov\u010dari, mladost je provela u Kumrovcu.&#8221;<\/p>\n<p>S vremenom, kako sam sazrijevala i stjecala samopouzdanje kroz druge knjige, sve mi je to postalo zabavno. Autofikcijski element se i dalje provla\u010di, ali na druga\u010diji, autoironi\u010dan na\u010din. Po\u010dela sam se igrati s tim. Pojam <em>fikcija<\/em> dao mi je poticaj da se razularim i slobodu da budem potpuno iskrena. Uostalom, ponekad se, kao i svi, ulovim kako imam predrasude \u2013 i onda u\u017eivam izazvati samu sebe kroz pri\u010de.<\/p>\n<p><strong>U pri\u010di &#8220;Outdoor fitness&#8221; bavite se predrasudama prema stranim radnicima, ali ne na prvolopta\u0161ki, banalan na\u010din. \u010cini mi se da paralelno ironizirate i pokazujete razumijevanje prema \u017eeni kojoj strani radnik smeta tokom tjelovje\u017ebe.<\/strong><\/p>\n<p>Mislim da je u redu priznati da smo svi samo ljudi i da je ponekad strah od &#8220;drugih&#8221; i &#8220;druga\u010dijih&#8221; dublji nego \u0161to bismo to voljeli priznati. S tim se strahom moramo razra\u010dunati, jasno i otvoreno. Paralelno, kao dru\u0161tvo imamo stra\u0161no spore i trome mehanizme za inkluziju. Ova je pri\u010da proiza\u0161la iz mog iskrenog, imanentnog osje\u0107aja da se ni sama ne znam uvijek postaviti. Zato o tome pi\u0161em.<\/p>\n<p><strong>Pri\u010da &#8220;Kad \u010dujem Vukovar&#8221; zavr\u0161ava rije\u010dima: &#8220;Ja biram \u017eivot, jednostavno felicit\u00e0.&#8221; Ro\u0111eni ste u Vukovaru, o tom ste gradu pisali i dru\u0161tveno se anga\u017eirali oko njegove budu\u0107nosti. \u010cesto ste nailazili na neslaganja, pa i prijetnje. \u0160to Vukovar danas zna\u010di vama, a \u0161to va\u0161oj djeci, ro\u0111enoj u vremenu dalekom od devedesetih?<\/strong><\/p>\n<p>Moja su djeca ro\u0111ena u Zagrebu i nemaju neki poseban odnos s Vukovarom, on je mogu\u0107 samo kroz mene i njihovu baku. Odemo jednom godi\u0161nje na groblje. Uvijek sam se trudila da znaju \u0161to se dogodilo, ali da ih ne opteretim jer to nije dio njihove osobne pri\u010de.<\/p>\n<p>\u0160to se mene ti\u010de \u2013 jasno mi je da je to danas potpuno drugi grad, koji vi\u0161e nema nikakve veze sa mnom. Vukovar u meni je toponim mog djetinjstva \u2013 i to je ne\u0161to najdivnije, ono \u0161to svatko nosi iz svog zavi\u010daja: slike obitelji, ulice u kojoj si se igrala.<\/p>\n<p>Kao autorica, i kao osoba koja se poku\u0161ala aktivirati u pomirenju, pro\u0161la sam kroz puno toga. I shvatila da ne mo\u017ee\u0161 voditi sve bitke. Danas je moja osnovna emocija prema Vukovaru tuga. Ne iz prepotencije ili sa\u017ealjenja, nego iz suosje\u0107anja. Jer nije normalno da netko ulo\u017ei 46 milijuna kuna samo zato da bi toranj ostao razru\u0161en. Tko bi htio \u017eivjeti negdje gdje svakog jutra otvori prozor i vidi takav toranj? Po meni, ljudi koji tamo \u017eive moraju biti ti koji \u0107e se boriti. Razumijem osje\u0107aj zarobljenosti, ali dok se oni sami ne odupru, ni\u0161ta se ne\u0107e promijeniti.<\/p>\n<p><strong>U pismima koje ste na portalu Booksa izmjenjivali s Oljom Savi\u010devi\u0107 Ivan\u010devi\u0107 jo\u0161 2019. pi\u0161ete: &#8220;Mladi ljudi poput Grete Thunberg mene hrabre, a ne pla\u0161e, oni \u0161ire dobru vijest punu optimizma, a ne besmislenu paniku kako im zlonamjerno pri\u0161ivaju.&#8221; O klimatskim promjenama pi\u0161ete i u &#8220;Fikciji&#8221;. Koliko za tu temu ima mjesta u doma\u0107oj knji\u017eevnoj produkciji?<\/strong><\/p>\n<p>Pri\u010da &#8220;Na balkonu&#8221; poku\u0161ava artikulirati ono \u0161to vidim kao jedan od najve\u0107ih problema vezanih za klimatske promjene, a to je neka vrsta klimatske demencije. Ako klimatska kriza nije u svakom trenu vidljivo prisutna u na\u0161em svakodnevnom \u017eivotu (iako zapravo jest), kao da je zaboravimo. A 97 posto znanstvenika koji se bave time sla\u017eu se da nije pet do dvanaest, nego da je ve\u0107 dvanaest i petnaest za na\u0161 planet. U knji\u017eevnosti se bavim klimatskim promjenama jer iskreno ne vidim va\u017eniju temu. Feminizam, mentalno zdravlje, pitanje etniciteta \u2013 sve ovisi o tome ho\u0107emo li imati gdje \u017eivjeti, \u0161to piti i disati.<\/p>\n<p>Problem je \u0161to je jezik kojim se govori o klimatskim promjenama \u010desto suh, tehni\u010dki, odvojen od na\u0161eg emocionalnog registra. Kao da slu\u0161amo bijelu buku. Ali postoje sjajni autori koji uspijevaju to probiti \u2013 meni je primjer za to <strong>Richard Powers<\/strong>, njegov roman &#8220;Iznad svega&#8221; (The Overstory) me duboko dirnuo. Paralelno, knji\u017eevnost je spora \u2013 mora\u0161 ne\u0161to procesuirati, smjestiti u sebe, dati tome simboli\u010dko mjesto da bi o tome mogao pisati. Tako\u0111er, &#8220;Brod za Issu&#8221; <strong>Roberta Peri\u0161i\u0107a<\/strong> jedan je od meni najdra\u017eih suvremenih romana, s vrlo sna\u017enom ekolo\u0161kom osvije\u0161teno\u0161\u0107u.<\/p>\n<p><strong>Na kraju romana &#8220;Sinovi, k\u0107eri&#8221; umjesto zahvale pi\u0161ete &#8220;ispriku svima koji su prisiljeni \u017eivjeti u Hrvatskoj u vrijeme dono\u0161enja Istanbulske konvencije, a posebno onima nad kojima se sustavno vr\u0161ilo nasilje&#8221;. Za\u0161to ste se imali potrebu ispri\u010dati, i u \u010dije se ime ispri\u010davate?<\/strong><\/p>\n<p>Nisam napisala tu ispriku da bih sebe stavila u prvi plan, nego zato \u0161to me pisanje romana promijenilo. Istra\u017euju\u0107i za roman shvatila sam koliko sam puta, iz neznanja, pogrije\u0161ila, nisam bila svjesna svih slojeva \u010desto nevidljivih ljudskih patnji. \u017dao mi je ako sam nekim postupcima povrijedila ljude, jednostavno zato \u0161to nisam znala bolje. Iako sam i sama u nekim aspektima \u017eivota bila neprivilegirana, kada pri\u010damo o, primjerice, iskustvima trans osoba \u2013 pripadam privilegiranoj ve\u0107ini. Nitko me nikad nije \u010dudno gledao zbog mog izgleda. I najmanje \u0161to mogu napraviti, dok pi\u0161em roman o tim temama, jest priznati to. Tijekom rada na knjizi, mnogi su sa mnom podijelili svoje osobne pri\u010de. A kad ti netko tako pomogne da napi\u0161e\u0161 roman, \u010dinilo mi se nedostatnim napisati samo zahvalu. Isprika mi je djelovala iskrenije i to\u010dnije \u2013 u svoje ime, ali i u ime onog dijela dru\u0161tva koji \u017eeli stati iza te isprike. Jer nikada nije lo\u0161 trenutak da se ispri\u010da\u0161.<\/p>\n<figure id=\"attachment_6720\" aria-describedby=\"caption-attachment-6720\" style=\"width: 1980px\" class=\"wp-caption alignnone\"><img loading=\"lazy\" decoding=\"async\" class=\"wp-image-6720 size-full\" src=\"https:\/\/sdf.hr\/wp-content\/uploads\/2025\/06\/Bodrozic3_Davor-Konjikusic.jpg\" alt=\"\" width=\"1980\" height=\"1320\" srcset=\"https:\/\/sdf.hr\/wp-content\/uploads\/2025\/06\/Bodrozic3_Davor-Konjikusic.jpg 1980w, https:\/\/sdf.hr\/wp-content\/uploads\/2025\/06\/Bodrozic3_Davor-Konjikusic-300x200.jpg 300w, https:\/\/sdf.hr\/wp-content\/uploads\/2025\/06\/Bodrozic3_Davor-Konjikusic-1024x683.jpg 1024w, https:\/\/sdf.hr\/wp-content\/uploads\/2025\/06\/Bodrozic3_Davor-Konjikusic-768x512.jpg 768w, https:\/\/sdf.hr\/wp-content\/uploads\/2025\/06\/Bodrozic3_Davor-Konjikusic-1536x1024.jpg 1536w\" sizes=\"auto, (max-width: 1980px) 100vw, 1980px\" \/><figcaption id=\"caption-attachment-6720\" class=\"wp-caption-text\">Ivana Bodro\u017ei\u0107 (Foto: Davor Konjiku\u0161i\u0107)<\/figcaption><\/figure>\n<p><strong>Drugi dio romana nosi Dorian, trans mu\u0161karac koji \u017eivi u Zagrebu. Pi\u0161ete i o tranziciji i svakodnevnim predrasudama s kojima se trans osobe suo\u010davaju. Jesu li stizale povratne informacije na roman iz same trans zajednice? Jovan D\u017eoli Uli\u0107evi\u0107 iz Trans mre\u017ee Balkan \u010desto govori da marginaliziranim i manjinskim zajednicama ne treba samo empatija i solidarnost, nego aktivno suu\u010desni\u0161tvo.<\/strong><\/p>\n<p>U toj pri\u010di i\u0161la sam samo do mjesta do kojeg sam osje\u0107ala da mogu. Vjerujem da smo u stanju puno bolje razumjeti jedni druge nego \u0161to mislimo, i kada nije rije\u010d o na\u0161em direktnom iskustvu. Primjerice, kad govorimo o trans iskustvu, mo\u017eemo se sjetiti trenutaka s po\u010detka puberteta \u2013 kada smo gledale svoje tijelo u ogledalu i osje\u0107ale da nam ne pripada. Pomno\u017eite to sje\u0107anje sa sto i mo\u017eete donekle shvatiti osje\u0107aj. Naravno, netko mo\u017ee re\u0107i: to nije tvoja pri\u010da. Ali kad bi to vrijedilo, svatko bi imao pravo pisati samo o sebi i u svom knji\u017eevnom radu razviti samo jedan lik. Za mene je klju\u010dna namjera pisanja \u2013 da li je to iz potrebe za poni\u017eavanjem ili iz \u017eelje za razumijevanjem?<\/p>\n<p>Ve\u0107ina reakcija bila je jako lijepa. Naravno, bilo je i onih koji smatraju da tu pri\u010du ne mogu ispri\u010dati. Meni to pomalo sli\u010di na Hvidru \u2013 zatvorenu zajednicu ljudi koji vjeruju da jedini imaju pravo na istinu i sve drugo mjere zlatarskom vagom. To nije rijetkost u zajednicama koje su same pro\u0161le traumu. Va\u017eno mi je bilo otvoriti prostor za razmjenu i razgovor. Ako se pitam za koga sam pisala \u2013 osim za nekog mog idealnog \u010ditatelja \u2013 onda vi\u0161e za ve\u0107insku zajednicu. Bilo mi je va\u017eno da oni razumiju. A najvi\u0161e su mi zna\u010dile poruke tipa: &#8220;Nisam znala da je to tako.&#8221; Paralelno, kroz lik Majke htjela sam poku\u0161ati razumjeti i one koji ne razumiju \u2013 jer svi nosimo nekakvu bol. A mjerenje \u010dija je bol ve\u0107a nikoga ne vodi naprijed. Nitko nema monopol nad istinom.<\/p>\n<p><strong>Va\u0161 dru\u0161tveni anga\u017eman ne staje na koricama knjiga \u2013 govorili ste na pro\u0161logodi\u0161njem protestu oporbe povodom imenovanja Ivana Turudi\u0107a za glavnog dr\u017eavnog odvjetnika, prije par godine bili ste go\u0161\u0107a i na vladinoj konferenciji o nasilju nad \u017eenama. Za\u0161to ste se odlu\u010dili aktivirati na taj na\u010din?<\/strong><\/p>\n<p>Naj\u010de\u0161\u0107e to krene iz lakta ili \u017eeluca, jednostavno ne mo\u017ee\u0161 vi\u0161e, mora\u0161 reagirati. Netko me nazove i pita bih li govorila na prosvjedu \u2013 <strong>Turudi\u0107<\/strong>, korupcija \u2013 i ja ka\u017eem: idem. Odr\u017eim govor, a onda me zove mama: &#8220;Gledala sam te, bila si na televiziji.&#8221; A ja njoj: &#8220;Ma, samo sam bila malo u gradu.&#8221; Nisam ja toliko hrabra. Nekad mi bude \u017eao te moje mame. Najradije bih samo pisala. Onda me opet pita: &#8220;Mora\u0161 li ba\u0161 uvijek ti?&#8221; A ja mislim da, kad ve\u0107 osvoji\u0161 neki medijski prostor, dolazi i odgovornost. Gledam, recimo, sporta\u0161e \u2013 imaju toliko medijskog prostora, a satima mogu pri\u010dati o svom gle\u017enju ili stopalu. A toliko je va\u017enih tema: nasilje, klimatske promjene\u2026 Meni je to ne\u010duveno.<\/p>\n<p><strong>Kako je izgledalo va\u0161e prvo knji\u017eevno iskustvo i osvajanje Gorana za mlade?<\/strong><\/p>\n<p>Gorana sam dobila s 21 godinom, bila sam na tre\u0107oj godini faksa. Pisala sam pjesme, rukopis poslala po\u0161tom i pomalo zaboravila na sve to. Dva mjeseca kasnije stiglo je pismo \u2013 dobila sam nagradu. Na dodjeli u Rijeci prvi put sam po\u010dela sebe do\u017eivljavati donekle ozbiljno, iako tada jo\u0161 nisam mislila da \u0107u napisati i drugu knjigu. Ubrzo sam zatrudnjela, a prvi roman napisala tek pet godina kasnije.<\/p>\n<p><strong>Koliko sudjelujete u knji\u017eevnom \u017eivotu, rezidencijama, festivalima?<\/strong><\/p>\n<p>Na rezidenciji sam bila samo dvaput, jednom s djecom, drugi put s <strong>Oljom<\/strong> u Alicanteu na tri tjedna. S njom mi je bilo bolje (smijeh), vi\u0161e sam pisala \u2013 gotovo cijeli tre\u0107i dio &#8220;Sinova, k\u0107eri&#8221;. Nisam imala pravi profesionalni dru\u0161tveni \u017eivot zbog male djece pa sada, kada su odrasla, mogla bih se po\u010deti prijavljivati na ozbiljnije i du\u017ee stipendije.<\/p>\n<p><strong>Na \u010demu sada radite?<\/strong><\/p>\n<p>Ovog ljeta kre\u0107em pisati novi roman, ali kod mene to uvijek ide sporo, kod &#8220;Sinova, k\u0107eri&#8221; samo na istra\u017eivanje mi je oti\u0161lo barem \u0161est mjeseci. Onda me uhvati panika, pa radim sinopsis, i tek kad sve to imam, po\u010dnem pisati. U\u017easno vjerujem u sinopsis \u2013 nemam kapacitet dr\u017eati cijelu pri\u010du u glavi. Nacrtam <em>timeline<\/em>, sve ozna\u010dim svojom bojom.<\/p>\n<p><strong>Nismo se stigle dotaknuti brojnih tema koje mi se \u010dine va\u017enima \u2013 od tribina koje dr\u017eite preko izvrsne recepcije va\u0161ih knjiga van Hrvatske, ali \u0161tampa je neumoljiva i do\u0161le smo do kraja intervjua. Pa za kraj, na\u0161 klasik: \u0161to vam svakog jutra daje nadu?<\/strong><\/p>\n<p>Mo\u017eda zvu\u010di pesimisti\u010dno, ali meni zapravo daje nadu to \u0161to sve prolazi. I te\u0161ki, zajebani trenuci, oni kad smo beznadni, i oni pro\u0111u. Ta svijest o promjeni daje mi mir. Ni\u0161ta nije tako dramati\u010dno ni uklesano u kamen kako nam se ponekad \u010dini. Bit \u0107e to okej. Pro\u0107i \u0107e i 5. srpnja, moj ro\u0111endan koji je, \u010dini se, hakiran.<\/p>\n<p><em>razgovor vodila Vedrana Bibi\u0107<\/em><\/p>\n","protected":false},"excerpt":{"rendered":"<p>Danas je moja osnovna emocija prema Vukovaru tuga. Ne iz prepotencije ili sa\u017ealjenja, nego iz suosje\u0107anja. Po meni, ljudi koji tamo \u017eive moraju biti ti koji \u0107e se boriti. Dok se oni sami ne odupru, ni\u0161ta se ne\u0107e promijeniti<\/p>\n","protected":false},"featured_media":6717,"template":"","tags":[173],"atribut":[],"class_list":["post-6722","nada","type-nada","status-publish","has-post-thumbnail","hentry","tag-intervju-2-hr"],"acf":[],"yoast_head":"<!-- This site is optimized with the Yoast SEO plugin v27.4 - https:\/\/yoast.com\/product\/yoast-seo-wordpress\/ -->\n<title>Ivana Bodro\u017ei\u0107: Shvatila sam da ne mo\u017ee\u0161 voditi sve bitke - SDF - Srpski demokratski forum<\/title>\n<meta name=\"robots\" content=\"index, follow, max-snippet:-1, max-image-preview:large, max-video-preview:-1\" \/>\n<link rel=\"canonical\" href=\"https:\/\/sdf.hr\/hr\/nada\/ivana-bodrozic-shvatila-sam-da-ne-mozes-voditi-sve-bitke\/\" \/>\n<meta property=\"og:locale\" content=\"hr_HR\" \/>\n<meta property=\"og:type\" content=\"article\" \/>\n<meta property=\"og:title\" content=\"Ivana Bodro\u017ei\u0107: Shvatila sam da ne mo\u017ee\u0161 voditi sve bitke - SDF - Srpski demokratski forum\" \/>\n<meta property=\"og:description\" content=\"Danas je moja osnovna emocija prema Vukovaru tuga. Ne iz prepotencije ili sa\u017ealjenja, nego iz suosje\u0107anja. Po meni, ljudi koji tamo \u017eive moraju biti ti koji \u0107e se boriti. Dok se oni sami ne odupru, ni\u0161ta se ne\u0107e promijeniti\" \/>\n<meta property=\"og:url\" content=\"https:\/\/sdf.hr\/hr\/nada\/ivana-bodrozic-shvatila-sam-da-ne-mozes-voditi-sve-bitke\/\" \/>\n<meta property=\"og:site_name\" content=\"SDF - Srpski demokratski forum\" \/>\n<meta property=\"article:modified_time\" content=\"2025-07-13T10:34:33+00:00\" \/>\n<meta property=\"og:image\" content=\"https:\/\/sdf.hr\/wp-content\/uploads\/2025\/06\/Bodrozic1_Davor-Konjikusic.jpg\" \/>\n\t<meta property=\"og:image:width\" content=\"1980\" \/>\n\t<meta property=\"og:image:height\" content=\"1320\" \/>\n\t<meta property=\"og:image:type\" content=\"image\/jpeg\" \/>\n<meta name=\"twitter:card\" content=\"summary_large_image\" \/>\n<meta name=\"twitter:label1\" content=\"Procijenjeno vrijeme \u010ditanja\" \/>\n\t<meta name=\"twitter:data1\" content=\"14 minuta\" \/>\n<script type=\"application\/ld+json\" class=\"yoast-schema-graph\">{\"@context\":\"https:\\\/\\\/schema.org\",\"@graph\":[{\"@type\":\"WebPage\",\"@id\":\"https:\\\/\\\/sdf.hr\\\/hr\\\/nada\\\/ivana-bodrozic-shvatila-sam-da-ne-mozes-voditi-sve-bitke\\\/\",\"url\":\"https:\\\/\\\/sdf.hr\\\/hr\\\/nada\\\/ivana-bodrozic-shvatila-sam-da-ne-mozes-voditi-sve-bitke\\\/\",\"name\":\"Ivana Bodro\u017ei\u0107: Shvatila sam da ne mo\u017ee\u0161 voditi sve bitke - SDF - Srpski demokratski forum\",\"isPartOf\":{\"@id\":\"https:\\\/\\\/sdf.hr\\\/#website\"},\"primaryImageOfPage\":{\"@id\":\"https:\\\/\\\/sdf.hr\\\/hr\\\/nada\\\/ivana-bodrozic-shvatila-sam-da-ne-mozes-voditi-sve-bitke\\\/#primaryimage\"},\"image\":{\"@id\":\"https:\\\/\\\/sdf.hr\\\/hr\\\/nada\\\/ivana-bodrozic-shvatila-sam-da-ne-mozes-voditi-sve-bitke\\\/#primaryimage\"},\"thumbnailUrl\":\"https:\\\/\\\/sdf.hr\\\/wp-content\\\/uploads\\\/2025\\\/06\\\/Bodrozic1_Davor-Konjikusic.jpg\",\"datePublished\":\"2025-06-29T07:04:35+00:00\",\"dateModified\":\"2025-07-13T10:34:33+00:00\",\"breadcrumb\":{\"@id\":\"https:\\\/\\\/sdf.hr\\\/hr\\\/nada\\\/ivana-bodrozic-shvatila-sam-da-ne-mozes-voditi-sve-bitke\\\/#breadcrumb\"},\"inLanguage\":\"hr\",\"potentialAction\":[{\"@type\":\"ReadAction\",\"target\":[\"https:\\\/\\\/sdf.hr\\\/hr\\\/nada\\\/ivana-bodrozic-shvatila-sam-da-ne-mozes-voditi-sve-bitke\\\/\"]}]},{\"@type\":\"ImageObject\",\"inLanguage\":\"hr\",\"@id\":\"https:\\\/\\\/sdf.hr\\\/hr\\\/nada\\\/ivana-bodrozic-shvatila-sam-da-ne-mozes-voditi-sve-bitke\\\/#primaryimage\",\"url\":\"https:\\\/\\\/sdf.hr\\\/wp-content\\\/uploads\\\/2025\\\/06\\\/Bodrozic1_Davor-Konjikusic.jpg\",\"contentUrl\":\"https:\\\/\\\/sdf.hr\\\/wp-content\\\/uploads\\\/2025\\\/06\\\/Bodrozic1_Davor-Konjikusic.jpg\",\"width\":1980,\"height\":1320,\"caption\":\"Ivana Bodro\u017ei\u0107 (Foto: Davor Konjiku\u0161i\u0107)\"},{\"@type\":\"BreadcrumbList\",\"@id\":\"https:\\\/\\\/sdf.hr\\\/hr\\\/nada\\\/ivana-bodrozic-shvatila-sam-da-ne-mozes-voditi-sve-bitke\\\/#breadcrumb\",\"itemListElement\":[{\"@type\":\"ListItem\",\"position\":1,\"name\":\"Po\u010detna stranica\",\"item\":\"https:\\\/\\\/sdf.hr\\\/hr\\\/\"},{\"@type\":\"ListItem\",\"position\":2,\"name\":\"Nada\",\"item\":\"https:\\\/\\\/sdf.hr\\\/nada\\\/\"},{\"@type\":\"ListItem\",\"position\":3,\"name\":\"Ivana Bodro\u017ei\u0107: Shvatila sam da ne mo\u017ee\u0161 voditi sve bitke\"}]},{\"@type\":\"WebSite\",\"@id\":\"https:\\\/\\\/sdf.hr\\\/#website\",\"url\":\"https:\\\/\\\/sdf.hr\\\/\",\"name\":\"SDF - Srpski demokratski forum\",\"description\":\"Srpski demokratski forum\",\"publisher\":{\"@id\":\"https:\\\/\\\/sdf.hr\\\/#organization\"},\"potentialAction\":[{\"@type\":\"SearchAction\",\"target\":{\"@type\":\"EntryPoint\",\"urlTemplate\":\"https:\\\/\\\/sdf.hr\\\/?s={search_term_string}\"},\"query-input\":{\"@type\":\"PropertyValueSpecification\",\"valueRequired\":true,\"valueName\":\"search_term_string\"}}],\"inLanguage\":\"hr\"},{\"@type\":\"Organization\",\"@id\":\"https:\\\/\\\/sdf.hr\\\/#organization\",\"name\":\"SDF - Srpski demokratski forum\",\"url\":\"https:\\\/\\\/sdf.hr\\\/\",\"logo\":{\"@type\":\"ImageObject\",\"inLanguage\":\"hr\",\"@id\":\"https:\\\/\\\/sdf.hr\\\/#\\\/schema\\\/logo\\\/image\\\/\",\"url\":\"https:\\\/\\\/sdf.hr\\\/wp-content\\\/uploads\\\/2021\\\/07\\\/logo-hr.svg\",\"contentUrl\":\"https:\\\/\\\/sdf.hr\\\/wp-content\\\/uploads\\\/2021\\\/07\\\/logo-hr.svg\",\"width\":271,\"height\":100,\"caption\":\"SDF - Srpski demokratski forum\"},\"image\":{\"@id\":\"https:\\\/\\\/sdf.hr\\\/#\\\/schema\\\/logo\\\/image\\\/\"}}]}<\/script>\n<!-- \/ Yoast SEO plugin. -->","yoast_head_json":{"title":"Ivana Bodro\u017ei\u0107: Shvatila sam da ne mo\u017ee\u0161 voditi sve bitke - SDF - Srpski demokratski forum","robots":{"index":"index","follow":"follow","max-snippet":"max-snippet:-1","max-image-preview":"max-image-preview:large","max-video-preview":"max-video-preview:-1"},"canonical":"https:\/\/sdf.hr\/hr\/nada\/ivana-bodrozic-shvatila-sam-da-ne-mozes-voditi-sve-bitke\/","og_locale":"hr_HR","og_type":"article","og_title":"Ivana Bodro\u017ei\u0107: Shvatila sam da ne mo\u017ee\u0161 voditi sve bitke - SDF - Srpski demokratski forum","og_description":"Danas je moja osnovna emocija prema Vukovaru tuga. Ne iz prepotencije ili sa\u017ealjenja, nego iz suosje\u0107anja. Po meni, ljudi koji tamo \u017eive moraju biti ti koji \u0107e se boriti. Dok se oni sami ne odupru, ni\u0161ta se ne\u0107e promijeniti","og_url":"https:\/\/sdf.hr\/hr\/nada\/ivana-bodrozic-shvatila-sam-da-ne-mozes-voditi-sve-bitke\/","og_site_name":"SDF - Srpski demokratski forum","article_modified_time":"2025-07-13T10:34:33+00:00","og_image":[{"width":1980,"height":1320,"url":"https:\/\/sdf.hr\/wp-content\/uploads\/2025\/06\/Bodrozic1_Davor-Konjikusic.jpg","type":"image\/jpeg"}],"twitter_card":"summary_large_image","twitter_misc":{"Procijenjeno vrijeme \u010ditanja":"14 minuta"},"schema":{"@context":"https:\/\/schema.org","@graph":[{"@type":"WebPage","@id":"https:\/\/sdf.hr\/hr\/nada\/ivana-bodrozic-shvatila-sam-da-ne-mozes-voditi-sve-bitke\/","url":"https:\/\/sdf.hr\/hr\/nada\/ivana-bodrozic-shvatila-sam-da-ne-mozes-voditi-sve-bitke\/","name":"Ivana Bodro\u017ei\u0107: Shvatila sam da ne mo\u017ee\u0161 voditi sve bitke - SDF - Srpski demokratski forum","isPartOf":{"@id":"https:\/\/sdf.hr\/#website"},"primaryImageOfPage":{"@id":"https:\/\/sdf.hr\/hr\/nada\/ivana-bodrozic-shvatila-sam-da-ne-mozes-voditi-sve-bitke\/#primaryimage"},"image":{"@id":"https:\/\/sdf.hr\/hr\/nada\/ivana-bodrozic-shvatila-sam-da-ne-mozes-voditi-sve-bitke\/#primaryimage"},"thumbnailUrl":"https:\/\/sdf.hr\/wp-content\/uploads\/2025\/06\/Bodrozic1_Davor-Konjikusic.jpg","datePublished":"2025-06-29T07:04:35+00:00","dateModified":"2025-07-13T10:34:33+00:00","breadcrumb":{"@id":"https:\/\/sdf.hr\/hr\/nada\/ivana-bodrozic-shvatila-sam-da-ne-mozes-voditi-sve-bitke\/#breadcrumb"},"inLanguage":"hr","potentialAction":[{"@type":"ReadAction","target":["https:\/\/sdf.hr\/hr\/nada\/ivana-bodrozic-shvatila-sam-da-ne-mozes-voditi-sve-bitke\/"]}]},{"@type":"ImageObject","inLanguage":"hr","@id":"https:\/\/sdf.hr\/hr\/nada\/ivana-bodrozic-shvatila-sam-da-ne-mozes-voditi-sve-bitke\/#primaryimage","url":"https:\/\/sdf.hr\/wp-content\/uploads\/2025\/06\/Bodrozic1_Davor-Konjikusic.jpg","contentUrl":"https:\/\/sdf.hr\/wp-content\/uploads\/2025\/06\/Bodrozic1_Davor-Konjikusic.jpg","width":1980,"height":1320,"caption":"Ivana Bodro\u017ei\u0107 (Foto: Davor Konjiku\u0161i\u0107)"},{"@type":"BreadcrumbList","@id":"https:\/\/sdf.hr\/hr\/nada\/ivana-bodrozic-shvatila-sam-da-ne-mozes-voditi-sve-bitke\/#breadcrumb","itemListElement":[{"@type":"ListItem","position":1,"name":"Po\u010detna stranica","item":"https:\/\/sdf.hr\/hr\/"},{"@type":"ListItem","position":2,"name":"Nada","item":"https:\/\/sdf.hr\/nada\/"},{"@type":"ListItem","position":3,"name":"Ivana Bodro\u017ei\u0107: Shvatila sam da ne mo\u017ee\u0161 voditi sve bitke"}]},{"@type":"WebSite","@id":"https:\/\/sdf.hr\/#website","url":"https:\/\/sdf.hr\/","name":"SDF - Srpski demokratski forum","description":"Srpski demokratski forum","publisher":{"@id":"https:\/\/sdf.hr\/#organization"},"potentialAction":[{"@type":"SearchAction","target":{"@type":"EntryPoint","urlTemplate":"https:\/\/sdf.hr\/?s={search_term_string}"},"query-input":{"@type":"PropertyValueSpecification","valueRequired":true,"valueName":"search_term_string"}}],"inLanguage":"hr"},{"@type":"Organization","@id":"https:\/\/sdf.hr\/#organization","name":"SDF - Srpski demokratski forum","url":"https:\/\/sdf.hr\/","logo":{"@type":"ImageObject","inLanguage":"hr","@id":"https:\/\/sdf.hr\/#\/schema\/logo\/image\/","url":"https:\/\/sdf.hr\/wp-content\/uploads\/2021\/07\/logo-hr.svg","contentUrl":"https:\/\/sdf.hr\/wp-content\/uploads\/2021\/07\/logo-hr.svg","width":271,"height":100,"caption":"SDF - Srpski demokratski forum"},"image":{"@id":"https:\/\/sdf.hr\/#\/schema\/logo\/image\/"}}]}},"_links":{"self":[{"href":"https:\/\/sdf.hr\/hr\/wp-json\/wp\/v2\/nada\/6722","targetHints":{"allow":["GET"]}}],"collection":[{"href":"https:\/\/sdf.hr\/hr\/wp-json\/wp\/v2\/nada"}],"about":[{"href":"https:\/\/sdf.hr\/hr\/wp-json\/wp\/v2\/types\/nada"}],"wp:featuredmedia":[{"embeddable":true,"href":"https:\/\/sdf.hr\/hr\/wp-json\/wp\/v2\/media\/6717"}],"wp:attachment":[{"href":"https:\/\/sdf.hr\/hr\/wp-json\/wp\/v2\/media?parent=6722"}],"wp:term":[{"taxonomy":"post_tag","embeddable":true,"href":"https:\/\/sdf.hr\/hr\/wp-json\/wp\/v2\/tags?post=6722"},{"taxonomy":"atribut","embeddable":true,"href":"https:\/\/sdf.hr\/hr\/wp-json\/wp\/v2\/atribut?post=6722"}],"curies":[{"name":"wp","href":"https:\/\/api.w.org\/{rel}","templated":true}]}}