{"id":6736,"date":"2025-07-02T08:44:44","date_gmt":"2025-07-02T06:44:44","guid":{"rendered":"https:\/\/sdf.hr\/nada\/klubovi-a-ne-kompanije\/"},"modified":"2025-07-01T11:45:16","modified_gmt":"2025-07-01T09:45:16","slug":"klubovi-a-ne-kompanije","status":"publish","type":"nada","link":"https:\/\/sdf.hr\/hr\/nada\/klubovi-a-ne-kompanije\/","title":{"rendered":"Klubovi, a ne kompanije"},"content":{"rendered":"<p>Ve\u0107ina nogometnih klubova u Argentini neprofitne su gra\u0111anske udruge kojima upravljaju njihovi \u010dlanovi. Otkako je krajem 2023. godine postao predsjednik Argentine,<strong> Javier Milei<\/strong> iskazao je jarku \u017eelju da klubove podjarmi privatnom kapitalu. Mileijeva vlada lani je dvjema uredbama poku\u0161ala prisiliti Argentinski nogometni savez (AFA) da izmijeni model funkcioniranja i organiziranja nogometnih klubova. Te je prijedloge nogometna zajednica zasad ve\u0107inski odbacila, a argentinski sudovi privremeno zaustavili.<\/p>\n<p>Da su nogometni klubovi i dalje u opasnosti od privatizacije koja bi \u0161tetila \u0161irim dru\u0161tvenim zajednicama kojima oni pripadaju, upozorio je ovoga prolje\u0107a argentinski pisac <strong>Emiliano Gullo<\/strong> u \u010dlanku koji je objavio Jacobin. Ljeto nam kuca pred vratima, a upozorenja isparavaju zajedno s vru\u0107inom, pa \u0107emo na tu argentinsku pri\u010du ovdje jo\u0161 jednom podsjetiti.<\/p>\n<p>&#8220;U Argentini je nogomet odavno prestao biti sport da bi postao organizacijski princip dru\u0161tva. Ovdje je nogomet ni\u0161ta drugo nego polje borbe. Zato nije slu\u010dajnost da je jedna od prvih meta anarhokapitalisti\u010dke administracije Javiera Mileija bio nogomet \u2013 ili bolje re\u010deno, civilne organizacije koje vode argentinske nogometne klubove. Namjera je zamijeniti ih korporacijama tako da klubovi vi\u0161e ne pripadaju svojim \u010dlanovima, koji se samoorganiziraju i samoupravljaju, ve\u0107 sportskim korporacijama, profitnim tvrtkama kojima upravljaju upravni odbori&#8221;, pi\u0161e Gullo.<\/p>\n<p>Nijedan drugi grad na svijetu nema toliko nogometnih stadiona i igrali\u0161ta kao glavni grad Argentine Buenos Aires. Samo sredi\u0161nje gradsko podru\u010dje dom je osamnaest stadiona koji mogu primiti vi\u0161e od deset tisu\u0107a gledatelja. Ako pak ra\u010dunate \u0161ire gradsko podru\u010dje, brojka je zna\u010dajno ve\u0107a \u2013 na podru\u010dju grada na kojem \u017eivi oko tri milijuna ljudi, postoje pedeset i \u010detiri javna igrali\u0161ta na kojima se besplatno mo\u017ee igrati nogomet.<\/p>\n<p>Prije nego \u0161to nogometa\u0161i i nogometa\u0161ice krenu igrati nogomet profesionalno (ako \u017eele), ve\u0107ina ih prolazi kroz javni sustav lokalnih sportskih ili dru\u0161tvenih klubova, tzv. <em>clubes de barrio<\/em>, kojih u Buenos Airesu ima \u010dak 215. Igra se amaterski, i u svakom kvartu postoji mogu\u0107nost besplatnih nogometnih treninga za djecu mla\u0111u od \u010detrnaest godina.<\/p>\n<p>Nogometni klub Estudiantes de la Plata otvorio je put privatnom preuzimanju klubova kada je po\u010detkom ove godine potpisao preliminarni ugovor o prihva\u0107anju ulaganja od 150 milijuna ameri\u010dkih dolara od ameri\u010dkog biznismena <strong>Fostera Gilletta<\/strong>. Mnogi su to shvatili kao prvi konkretni korak prema privatizaciji najpopularnijeg sporta u zemlji.<\/p>\n<p>Biv\u0161i argentinski reprezentativac i predsjednik kluba Estudiantes de la Plata <strong>Juan Sebasti\u00e1n Ver\u00f3n<\/strong> negirao je takvu karakterizaciju, tvrde\u0107i da \u0107e bilo kakve odluke o privatizaciji pro\u0107i samo uz odobrenje \u010dlanova na nadolaze\u0107im skup\u0161tinama kluba. Ver\u00f3n je po\u010detkom ove godine pozirao s Gillettom i \u010dlanicom Mileijeve stranke <strong>Julianom Santill\u00e1n<\/strong>, a Santill\u00e1n je fotografiju objavila na Instagramu uz opis: &#8220;Nastavljamo s kulturolo\u0161kom bitkom! Argentina postavlja jasna pravila igre za ulaganja.&#8221;<\/p>\n<p>Zasad su ka\u0161njenja u obe\u0107anim pla\u0107anjima dovela do napetosti u suradnji uprave kluba s biznismenom Gillettom, i nastavak partnerstva je neizvjestan. Me\u0111utim, \u010dak i da to partnerstvo neslavno propadne, i dalje se svakako mo\u017ee ra\u010dunati na Mileijeve poku\u0161aje da nogomet od \u017eivota u zajednici pretvori u ma\u0161inu za profit za odabrane.<\/p>\n<p><em>pi\u0161e Ivana Peri\u0107<\/em><\/p>\n","protected":false},"excerpt":{"rendered":"<p>Otkako je krajem 2023. godine postao predsjednik Argentine, Javier Milei iskazao je jarku \u017eelju da nogometne klubove podjarmi privatnom kapitalu. Namjera je zamijeniti ih korporacijama tako da vi\u0161e ne pripadaju svojim \u010dlanovima<\/p>\n","protected":false},"featured_media":6735,"template":"","tags":[40],"atribut":[],"class_list":["post-6736","nada","type-nada","status-publish","has-post-thumbnail","hentry","tag-dvokorak-naprijed"],"acf":[],"yoast_head":"<!-- This site is optimized with the Yoast SEO plugin v27.4 - https:\/\/yoast.com\/product\/yoast-seo-wordpress\/ -->\n<title>Klubovi, a ne kompanije - SDF - Srpski demokratski forum<\/title>\n<meta name=\"robots\" content=\"index, follow, max-snippet:-1, max-image-preview:large, max-video-preview:-1\" \/>\n<link rel=\"canonical\" href=\"https:\/\/sdf.hr\/nada\/klubovi-a-ne-kompanije\/\" \/>\n<meta property=\"og:locale\" content=\"hr_HR\" \/>\n<meta property=\"og:type\" content=\"article\" \/>\n<meta property=\"og:title\" content=\"Klubovi, a ne kompanije - SDF - Srpski demokratski forum\" \/>\n<meta property=\"og:description\" content=\"Otkako je krajem 2023. godine postao predsjednik Argentine, Javier Milei iskazao je jarku \u017eelju da nogometne klubove podjarmi privatnom kapitalu. Namjera je zamijeniti ih korporacijama tako da vi\u0161e ne pripadaju svojim \u010dlanovima\" \/>\n<meta property=\"og:url\" content=\"https:\/\/sdf.hr\/nada\/klubovi-a-ne-kompanije\/\" \/>\n<meta property=\"og:site_name\" content=\"SDF - Srpski demokratski forum\" \/>\n<meta property=\"og:image\" content=\"https:\/\/sdf.hr\/wp-content\/uploads\/2025\/07\/Argentina-nogomet_Ignacio-Amiconi-IMAGO-scaled.jpg\" \/>\n\t<meta property=\"og:image:width\" content=\"2560\" \/>\n\t<meta property=\"og:image:height\" content=\"1757\" \/>\n\t<meta property=\"og:image:type\" content=\"image\/jpeg\" \/>\n<meta name=\"twitter:card\" content=\"summary_large_image\" \/>\n<meta name=\"twitter:label1\" content=\"Procijenjeno vrijeme \u010ditanja\" \/>\n\t<meta name=\"twitter:data1\" content=\"3 minute\" \/>\n<script type=\"application\/ld+json\" class=\"yoast-schema-graph\">{\"@context\":\"https:\\\/\\\/schema.org\",\"@graph\":[{\"@type\":\"WebPage\",\"@id\":\"https:\\\/\\\/sdf.hr\\\/nada\\\/klubovi-a-ne-kompanije\\\/\",\"url\":\"https:\\\/\\\/sdf.hr\\\/nada\\\/klubovi-a-ne-kompanije\\\/\",\"name\":\"Klubovi, a ne kompanije - SDF - Srpski demokratski forum\",\"isPartOf\":{\"@id\":\"https:\\\/\\\/sdf.hr\\\/#website\"},\"primaryImageOfPage\":{\"@id\":\"https:\\\/\\\/sdf.hr\\\/nada\\\/klubovi-a-ne-kompanije\\\/#primaryimage\"},\"image\":{\"@id\":\"https:\\\/\\\/sdf.hr\\\/nada\\\/klubovi-a-ne-kompanije\\\/#primaryimage\"},\"thumbnailUrl\":\"https:\\\/\\\/sdf.hr\\\/wp-content\\\/uploads\\\/2025\\\/07\\\/Argentina-nogomet_Ignacio-Amiconi-IMAGO-scaled.jpg\",\"datePublished\":\"2025-07-02T06:44:44+00:00\",\"breadcrumb\":{\"@id\":\"https:\\\/\\\/sdf.hr\\\/nada\\\/klubovi-a-ne-kompanije\\\/#breadcrumb\"},\"inLanguage\":\"hr\",\"potentialAction\":[{\"@type\":\"ReadAction\",\"target\":[\"https:\\\/\\\/sdf.hr\\\/nada\\\/klubovi-a-ne-kompanije\\\/\"]}]},{\"@type\":\"ImageObject\",\"inLanguage\":\"hr\",\"@id\":\"https:\\\/\\\/sdf.hr\\\/nada\\\/klubovi-a-ne-kompanije\\\/#primaryimage\",\"url\":\"https:\\\/\\\/sdf.hr\\\/wp-content\\\/uploads\\\/2025\\\/07\\\/Argentina-nogomet_Ignacio-Amiconi-IMAGO-scaled.jpg\",\"contentUrl\":\"https:\\\/\\\/sdf.hr\\\/wp-content\\\/uploads\\\/2025\\\/07\\\/Argentina-nogomet_Ignacio-Amiconi-IMAGO-scaled.jpg\",\"width\":2560,\"height\":1757,\"caption\":\"Estudiantes de la Plata otvorio je put privatnom preuzimanju klubova (Foto: Ignacio Amiconi\\\/IMAGO\\\/PIXSELL)\"},{\"@type\":\"BreadcrumbList\",\"@id\":\"https:\\\/\\\/sdf.hr\\\/nada\\\/klubovi-a-ne-kompanije\\\/#breadcrumb\",\"itemListElement\":[{\"@type\":\"ListItem\",\"position\":1,\"name\":\"Po\u010detna stranica\",\"item\":\"https:\\\/\\\/sdf.hr\\\/hr\\\/\"},{\"@type\":\"ListItem\",\"position\":2,\"name\":\"Nada\",\"item\":\"https:\\\/\\\/sdf.hr\\\/nada\\\/\"},{\"@type\":\"ListItem\",\"position\":3,\"name\":\"Klubovi, a ne kompanije\"}]},{\"@type\":\"WebSite\",\"@id\":\"https:\\\/\\\/sdf.hr\\\/#website\",\"url\":\"https:\\\/\\\/sdf.hr\\\/\",\"name\":\"SDF - Srpski demokratski forum\",\"description\":\"Srpski demokratski forum\",\"publisher\":{\"@id\":\"https:\\\/\\\/sdf.hr\\\/#organization\"},\"potentialAction\":[{\"@type\":\"SearchAction\",\"target\":{\"@type\":\"EntryPoint\",\"urlTemplate\":\"https:\\\/\\\/sdf.hr\\\/?s={search_term_string}\"},\"query-input\":{\"@type\":\"PropertyValueSpecification\",\"valueRequired\":true,\"valueName\":\"search_term_string\"}}],\"inLanguage\":\"hr\"},{\"@type\":\"Organization\",\"@id\":\"https:\\\/\\\/sdf.hr\\\/#organization\",\"name\":\"SDF - Srpski demokratski forum\",\"url\":\"https:\\\/\\\/sdf.hr\\\/\",\"logo\":{\"@type\":\"ImageObject\",\"inLanguage\":\"hr\",\"@id\":\"https:\\\/\\\/sdf.hr\\\/#\\\/schema\\\/logo\\\/image\\\/\",\"url\":\"https:\\\/\\\/sdf.hr\\\/wp-content\\\/uploads\\\/2021\\\/07\\\/logo-hr.svg\",\"contentUrl\":\"https:\\\/\\\/sdf.hr\\\/wp-content\\\/uploads\\\/2021\\\/07\\\/logo-hr.svg\",\"width\":271,\"height\":100,\"caption\":\"SDF - Srpski demokratski forum\"},\"image\":{\"@id\":\"https:\\\/\\\/sdf.hr\\\/#\\\/schema\\\/logo\\\/image\\\/\"}}]}<\/script>\n<!-- \/ Yoast SEO plugin. -->","yoast_head_json":{"title":"Klubovi, a ne kompanije - SDF - Srpski demokratski forum","robots":{"index":"index","follow":"follow","max-snippet":"max-snippet:-1","max-image-preview":"max-image-preview:large","max-video-preview":"max-video-preview:-1"},"canonical":"https:\/\/sdf.hr\/nada\/klubovi-a-ne-kompanije\/","og_locale":"hr_HR","og_type":"article","og_title":"Klubovi, a ne kompanije - SDF - Srpski demokratski forum","og_description":"Otkako je krajem 2023. godine postao predsjednik Argentine, Javier Milei iskazao je jarku \u017eelju da nogometne klubove podjarmi privatnom kapitalu. Namjera je zamijeniti ih korporacijama tako da vi\u0161e ne pripadaju svojim \u010dlanovima","og_url":"https:\/\/sdf.hr\/nada\/klubovi-a-ne-kompanije\/","og_site_name":"SDF - Srpski demokratski forum","og_image":[{"width":2560,"height":1757,"url":"https:\/\/sdf.hr\/wp-content\/uploads\/2025\/07\/Argentina-nogomet_Ignacio-Amiconi-IMAGO-scaled.jpg","type":"image\/jpeg"}],"twitter_card":"summary_large_image","twitter_misc":{"Procijenjeno vrijeme \u010ditanja":"3 minute"},"schema":{"@context":"https:\/\/schema.org","@graph":[{"@type":"WebPage","@id":"https:\/\/sdf.hr\/nada\/klubovi-a-ne-kompanije\/","url":"https:\/\/sdf.hr\/nada\/klubovi-a-ne-kompanije\/","name":"Klubovi, a ne kompanije - SDF - Srpski demokratski forum","isPartOf":{"@id":"https:\/\/sdf.hr\/#website"},"primaryImageOfPage":{"@id":"https:\/\/sdf.hr\/nada\/klubovi-a-ne-kompanije\/#primaryimage"},"image":{"@id":"https:\/\/sdf.hr\/nada\/klubovi-a-ne-kompanije\/#primaryimage"},"thumbnailUrl":"https:\/\/sdf.hr\/wp-content\/uploads\/2025\/07\/Argentina-nogomet_Ignacio-Amiconi-IMAGO-scaled.jpg","datePublished":"2025-07-02T06:44:44+00:00","breadcrumb":{"@id":"https:\/\/sdf.hr\/nada\/klubovi-a-ne-kompanije\/#breadcrumb"},"inLanguage":"hr","potentialAction":[{"@type":"ReadAction","target":["https:\/\/sdf.hr\/nada\/klubovi-a-ne-kompanije\/"]}]},{"@type":"ImageObject","inLanguage":"hr","@id":"https:\/\/sdf.hr\/nada\/klubovi-a-ne-kompanije\/#primaryimage","url":"https:\/\/sdf.hr\/wp-content\/uploads\/2025\/07\/Argentina-nogomet_Ignacio-Amiconi-IMAGO-scaled.jpg","contentUrl":"https:\/\/sdf.hr\/wp-content\/uploads\/2025\/07\/Argentina-nogomet_Ignacio-Amiconi-IMAGO-scaled.jpg","width":2560,"height":1757,"caption":"Estudiantes de la Plata otvorio je put privatnom preuzimanju klubova (Foto: Ignacio Amiconi\/IMAGO\/PIXSELL)"},{"@type":"BreadcrumbList","@id":"https:\/\/sdf.hr\/nada\/klubovi-a-ne-kompanije\/#breadcrumb","itemListElement":[{"@type":"ListItem","position":1,"name":"Po\u010detna stranica","item":"https:\/\/sdf.hr\/hr\/"},{"@type":"ListItem","position":2,"name":"Nada","item":"https:\/\/sdf.hr\/nada\/"},{"@type":"ListItem","position":3,"name":"Klubovi, a ne kompanije"}]},{"@type":"WebSite","@id":"https:\/\/sdf.hr\/#website","url":"https:\/\/sdf.hr\/","name":"SDF - Srpski demokratski forum","description":"Srpski demokratski forum","publisher":{"@id":"https:\/\/sdf.hr\/#organization"},"potentialAction":[{"@type":"SearchAction","target":{"@type":"EntryPoint","urlTemplate":"https:\/\/sdf.hr\/?s={search_term_string}"},"query-input":{"@type":"PropertyValueSpecification","valueRequired":true,"valueName":"search_term_string"}}],"inLanguage":"hr"},{"@type":"Organization","@id":"https:\/\/sdf.hr\/#organization","name":"SDF - Srpski demokratski forum","url":"https:\/\/sdf.hr\/","logo":{"@type":"ImageObject","inLanguage":"hr","@id":"https:\/\/sdf.hr\/#\/schema\/logo\/image\/","url":"https:\/\/sdf.hr\/wp-content\/uploads\/2021\/07\/logo-hr.svg","contentUrl":"https:\/\/sdf.hr\/wp-content\/uploads\/2021\/07\/logo-hr.svg","width":271,"height":100,"caption":"SDF - Srpski demokratski forum"},"image":{"@id":"https:\/\/sdf.hr\/#\/schema\/logo\/image\/"}}]}},"_links":{"self":[{"href":"https:\/\/sdf.hr\/hr\/wp-json\/wp\/v2\/nada\/6736","targetHints":{"allow":["GET"]}}],"collection":[{"href":"https:\/\/sdf.hr\/hr\/wp-json\/wp\/v2\/nada"}],"about":[{"href":"https:\/\/sdf.hr\/hr\/wp-json\/wp\/v2\/types\/nada"}],"wp:featuredmedia":[{"embeddable":true,"href":"https:\/\/sdf.hr\/hr\/wp-json\/wp\/v2\/media\/6735"}],"wp:attachment":[{"href":"https:\/\/sdf.hr\/hr\/wp-json\/wp\/v2\/media?parent=6736"}],"wp:term":[{"taxonomy":"post_tag","embeddable":true,"href":"https:\/\/sdf.hr\/hr\/wp-json\/wp\/v2\/tags?post=6736"},{"taxonomy":"atribut","embeddable":true,"href":"https:\/\/sdf.hr\/hr\/wp-json\/wp\/v2\/atribut?post=6736"}],"curies":[{"name":"wp","href":"https:\/\/api.w.org\/{rel}","templated":true}]}}