{"id":6744,"date":"2025-07-04T11:25:01","date_gmt":"2025-07-04T09:25:01","guid":{"rendered":"https:\/\/sdf.hr\/nada\/sloboda-nema-cenu\/"},"modified":"2025-07-04T11:25:01","modified_gmt":"2025-07-04T09:25:01","slug":"sloboda-nema-cenu","status":"publish","type":"nada","link":"https:\/\/sdf.hr\/hr\/nada\/sloboda-nema-cenu\/","title":{"rendered":"Sloboda nema cenu"},"content":{"rendered":"<p>Radna eksploatacija, koja je \u010desto povezana sa migracijama, sve se vi\u0161e ispoljava kao dominantan oblik trgovine ljudima. Drugi ogroman izazov je digitalizacija. Internet i dru\u0161tvene mre\u017ee su postale plodno tlo za vrbovanje \u017ertava \u2013 govori <strong>Dobrila Markovi\u0107<\/strong>, izvr\u0161na direktorica udru\u017eenja Sloboda nema cenu iz Srbije.<\/p>\n<p>Vi\u0161e od 15 godina posve\u0107ena je borbi za dru\u0161tvo bez nasilja, za prava mladih i rodnu ravnopravnost. Danas, osim \u0161to je aktivistkinja i liderka u civilnom sektoru, ona je i mama jednogodi\u0161njeg <strong>Nemanje<\/strong> \u2013 a ba\u0161 maj\u010dinstvo joj je donelo novu perspektivu, jo\u0161 sna\u017eniju motivaciju, ali i izazov: kako ostati dosledan sebi, dok menja\u0161 svet i brine\u0161 o porodici.<\/p>\n<p>Duboka svest o jednom od najgrubljih kr\u0161enja ljudskih prava, trgovini ljudima, ali i o svim drugim oblicima nasilja nad \u017eenama motivisala je Dobrilu da okupi tim i oformi udru\u017eenje Sloboda nema cenu.<\/p>\n<p>&#8211; Kada do\u0111emo u situaciju da saniramo posledice, ve\u0107 je kasno. Zato smo \u017eeleli da delujemo pre nego \u0161to se \u0161teta nanese, podi\u017eu\u0107i svest i edukuju\u0107i, pre svega mlade ljude. Krenuli smo polako, a vizija nam je bila da stvorimo organizaciju koja \u0107e kroz sistemske, sveobuhvatne i koordinisane aktivnosti pru\u017eiti odgovor na izazove trgovine ljudima \u2013 govori Dobrila te dodaje kako svako od nas, u skladu sa svojim mogu\u0107nostima, znanjem i iskustvom, mo\u017ee da doprinese zajednici.<\/p>\n<p>Kao malo udru\u017eenje, \u010desto se susre\u0107u sa pote\u0161ko\u0107ama i u pristupu i dobijanju ve\u0107ih projekata, \u0161to zahteva stalnu posve\u0107enost i tra\u017eenje novih mogu\u0107nosti, gde je volontiranje svih \u010dlanova neophodno. Nije dovoljna samo dobra namera. Od samog po\u010detka postavili su profesionalnost i stru\u010dnost kao temeljne principe rada. Njihove klju\u010dne aktivnosti su usmerene na preventivno-edukativni rad sa gra\u0111anima. Jedna od najva\u017enijih aktivnosti je konferencija &#8220;Sloboda nema cenu&#8221; koju tradicionalno organizuju od 2013. godine povodom Evropskog dana borbe protiv trgovine ljudima.<\/p>\n<p>Proces trgovine ljudima postaje sve kompleksniji, sa manje vidljivim metodama vrbovanja i eksploatacije, \u010desto prikrivenim iza legalnih aktivnosti ili onlajn interakcija.<\/p>\n<p>&#8211; Trgovina ljudima je izuzetno dinami\u010dan zlo\u010din, i da, svedoci smo zna\u010dajnih promena u poslednjim godinama. Srbija, zbog svog geografskog polo\u017eaja, oduvek je bila zemlja tranzita, porekla i destinacije za \u017ertve trgovine ljudima. \u0160to se ti\u010de migracija, prime\u0107ujemo da se pove\u0107ava ranjivost odre\u0111enih grupa. Migranti, posebno oni bez dokumenata ili oni koji se kre\u0107u bez pratnje, izuzetno su podlo\u017eni eksploataciji &#8211; govori Dobrila i dodaje kako trgovci ljudima \u010desto koriste njihovu te\u0161ku situaciju, nedostatak informacija, jezi\u010dke barijere i \u017eelju za boljim \u017eivotom kako bi ih vrbovali u razli\u010dite oblike eksploatacije, uklju\u010duju\u0107i prinudni rad, seksualnu eksploataciju, pa \u010dak i prinudno prosja\u010denje.<\/p>\n<p>Radna eksploatacija sve se vi\u0161e ispoljava kao dominantan oblik trgovine ljudima. Internet i dru\u0161tvene mre\u017ee su postali plodno tlo za vrbovanje \u017ertava. Trgovci ljudima koriste napredne tehnike onlajn predatora, la\u017ene profile, la\u017ene oglase za posao, pa \u010dak i romanti\u010dne prevare, kako bi uspostavili kontakt sa potencijalnim \u017ertvama. Mladi su posebno ugro\u017eeni, jer su aktivni na dru\u0161tvenim mre\u017eama i \u010desto nedovoljno svesni opasnosti koje vrebaju u virtuelnom svetu. Trgovci ljudima su, prema njenim re\u010dima, sve kreativniji u manipulaciji i kontroli \u017ertava, \u010desto ih dr\u017ee\u0107i u izolaciji i putem digitalnih platformi.<\/p>\n<figure id=\"attachment_6742\" aria-describedby=\"caption-attachment-6742\" style=\"width: 2560px\" class=\"wp-caption alignnone\"><img loading=\"lazy\" decoding=\"async\" class=\"wp-image-6742 size-full\" src=\"https:\/\/sdf.hr\/wp-content\/uploads\/2025\/07\/Sloboda-nema-cenu_Andjelko-Trninic-scaled.jpg\" alt=\"\" width=\"2560\" height=\"1707\" srcset=\"https:\/\/sdf.hr\/wp-content\/uploads\/2025\/07\/Sloboda-nema-cenu_Andjelko-Trninic-scaled.jpg 2560w, https:\/\/sdf.hr\/wp-content\/uploads\/2025\/07\/Sloboda-nema-cenu_Andjelko-Trninic-300x200.jpg 300w, https:\/\/sdf.hr\/wp-content\/uploads\/2025\/07\/Sloboda-nema-cenu_Andjelko-Trninic-1024x683.jpg 1024w, https:\/\/sdf.hr\/wp-content\/uploads\/2025\/07\/Sloboda-nema-cenu_Andjelko-Trninic-768x512.jpg 768w, https:\/\/sdf.hr\/wp-content\/uploads\/2025\/07\/Sloboda-nema-cenu_Andjelko-Trninic-1536x1024.jpg 1536w, https:\/\/sdf.hr\/wp-content\/uploads\/2025\/07\/Sloboda-nema-cenu_Andjelko-Trninic-2048x1365.jpg 2048w\" sizes=\"auto, (max-width: 2560px) 100vw, 2560px\" \/><figcaption id=\"caption-attachment-6742\" class=\"wp-caption-text\">Foto: An\u0111elko Trnini\u0107<\/figcaption><\/figure>\n<p>Postoje Centar za za\u0161titu \u017ertava trgovine ljudima, policija, udru\u017eenje Astra, poznato po svojoj SOS liniji i sveobuhvatnoj podr\u0161ci \u017ertvama, kao i udru\u017eenje Atina koje pru\u017ea direktnu pomo\u0107 i podr\u0161ku \u017ertvama.<\/p>\n<p>&#8211; Mnoge institucije, poput Centra za za\u0161titu \u017ertava trgovine ljudima, policije, tu\u017eila\u0161tva, pa i socijalnih slu\u017ebi, ula\u017eu napore u edukaciju svojih kadrova. Postoje specijalizovane obuke, protokoli i smernice za postupanje sa decom \u017ertvama \u2013 govori Dobrila te dodaje kako u Srbiji ima napretka, ali da statistike jo\u0161 uvek nisu na zadovoljavaju\u0107em nivou. Tako\u0111er upozorava kako je klju\u010dna prepreka i dalje slaba me\u0111usektorska saradnja.<\/p>\n<p>Postavlja se i pitanje koliko je obu\u010denih kadrova zaista dostupno posebno u rad sa decom uzimaju\u0107i u obzir da rad sa maloletnim \u017ertvama zahteva izuzetno senzibilan i multidisciplinarni pristup. Kako Markovi\u0107 navodi, nije dovoljna samo obuka pravnika ili samo socijalnih radnika. Potrebna je koordinacija, razumevanje uloga svakog aktera i obuka koja podsti\u010de timski rad svih relevantnih slu\u017ebi \u2013 od policije, preko socijalne za\u0161tite, zdravstva, prosvete pa sve do pravosu\u0111a i nevladinih organizacija. I tu \u010desto dolazi do izazova u komunikaciji i koordinaciji. \u017drtve, a posebno deca, \u010desto imaju strah od sistema i nepoverenje.<\/p>\n<p>&#8211; U slu\u010daju deteta \u017ertve, klju\u010dno je da socijalni radnik, policajac, tu\u017eilac, sudija, zdravstveni radnik i nevladina organizacija rade kao jedan tim, sa jasno definisanim ulogama i brzim protokom informacija \u2013 govori Markovi\u0107, dodaju\u0107i da kada izostanu informacije mo\u017ee do\u0107i do propusta i ponovne traumatizacije \u017ertve.<\/p>\n<p>Pravni sistem Srbije prepoznaje specifi\u010dnu ranjivost maloletnih \u017ertava i ima usvojene zakonske mehanizme \u010diji je cilj da tu viktimizaciju spre\u010de ili svedu na minimum. Pravni proces je samo jedan deo oporavka. Paralelno sa njim, a i nakon njegovog zavr\u0161etka, klju\u010dna je dugoro\u010dna podr\u0161ka i reintegracija deteta. To uklju\u010duje psiholo\u0161ku podr\u0161ku i terapiju, socijalnu i obrazovnu reintegraciju, pravnu pomo\u0107, kao i podr\u0161ku u ostvarivanju prava, uklju\u010duju\u0107i od\u0161tetu.<\/p>\n<p>U Srbiji je ratifikovan najva\u017eniji me\u0111unarodni instrument koji se ti\u010de borbe protiv trgovine ljudima. Tu se prvenstveno misli na Palermo protokol gde se Srbija obavezala da kriminalizuje trgovinu ljudima, uspostavi mere za\u0161tite \u017ertava i promovi\u0161e me\u0111unarodnu saradnju.<\/p>\n<p>&#8211; U zemlji su u poslednjim godinama uspostavljene i slu\u017ebe za podr\u0161ku \u017ertvama i svedocima. One funkcioni\u0161u u okviru tu\u017eila\u0161tva i sudova, sa ciljem da pru\u017ee psiholo\u0161ku, informativnu i logisti\u010dku podr\u0161ku \u017ertvama i svedocima tokom celog krivi\u010dnog postupka. Njihova uloga je da objasne proces, prate \u017ertvu kroz sve faze, obezbede da se ose\u0107a sigurno i da se njena prava po\u0161tuju, \u010dime se zna\u010dajno smanjuje rizik od ponovne traumatizacije u sudskom procesu. Iako je ovo relativno noviji mehanizam, predstavlja veliki korak napred u sistemskoj za\u0161titi o\u0161te\u0107enih, posebno dece \u2013 govori Markovi\u0107 te zaklju\u010duje kako u tom kontekstu njihov volonterski rad nema cenu, odnosno zato sloboda \u2013 nema cenu.<\/p>\n<p><em>pi\u0161e Jelena Miri\u0107<\/em><\/p>\n","protected":false},"excerpt":{"rendered":"<p>Trgovci ljudima su sve kreativniji u manipulaciji i kontroli \u017ertava, \u010desto ih dr\u017ee\u0107i u izolaciji i putem digitalnih platformi. Trgovina ljudima je izuzetno dinami\u010dan zlo\u010din, a Srbija je oduvek bila zemlja tranzita, porekla i destinacije za \u017ertve<\/p>\n","protected":false},"featured_media":6741,"template":"","tags":[130],"atribut":[],"class_list":["post-6744","nada","type-nada","status-publish","has-post-thumbnail","hentry","tag-tema"],"acf":[],"yoast_head":"<!-- This site is optimized with the Yoast SEO plugin v27.4 - https:\/\/yoast.com\/product\/yoast-seo-wordpress\/ -->\n<title>Sloboda nema cenu - SDF - Srpski demokratski forum<\/title>\n<meta name=\"robots\" content=\"index, follow, max-snippet:-1, max-image-preview:large, max-video-preview:-1\" \/>\n<link rel=\"canonical\" href=\"https:\/\/sdf.hr\/hr\/nada\/sloboda-nema-cenu\/\" \/>\n<meta property=\"og:locale\" content=\"hr_HR\" \/>\n<meta property=\"og:type\" content=\"article\" \/>\n<meta property=\"og:title\" content=\"Sloboda nema cenu - SDF - Srpski demokratski forum\" \/>\n<meta property=\"og:description\" content=\"Trgovci ljudima su sve kreativniji u manipulaciji i kontroli \u017ertava, \u010desto ih dr\u017ee\u0107i u izolaciji i putem digitalnih platformi. Trgovina ljudima je izuzetno dinami\u010dan zlo\u010din, a Srbija je oduvek bila zemlja tranzita, porekla i destinacije za \u017ertve\" \/>\n<meta property=\"og:url\" content=\"https:\/\/sdf.hr\/hr\/nada\/sloboda-nema-cenu\/\" \/>\n<meta property=\"og:site_name\" content=\"SDF - Srpski demokratski forum\" \/>\n<meta property=\"og:image\" content=\"https:\/\/sdf.hr\/wp-content\/uploads\/2025\/07\/Sloboda-nema-cenu_Andjelko-Trninic-scaled.jpg\" \/>\n\t<meta property=\"og:image:width\" content=\"2560\" \/>\n\t<meta property=\"og:image:height\" content=\"1707\" \/>\n\t<meta property=\"og:image:type\" content=\"image\/jpeg\" \/>\n<meta name=\"twitter:card\" content=\"summary_large_image\" \/>\n<meta name=\"twitter:label1\" content=\"Procijenjeno vrijeme \u010ditanja\" \/>\n\t<meta name=\"twitter:data1\" content=\"5 minuta\" \/>\n<script type=\"application\/ld+json\" class=\"yoast-schema-graph\">{\"@context\":\"https:\\\/\\\/schema.org\",\"@graph\":[{\"@type\":\"WebPage\",\"@id\":\"https:\\\/\\\/sdf.hr\\\/hr\\\/nada\\\/sloboda-nema-cenu\\\/\",\"url\":\"https:\\\/\\\/sdf.hr\\\/hr\\\/nada\\\/sloboda-nema-cenu\\\/\",\"name\":\"Sloboda nema cenu - SDF - Srpski demokratski forum\",\"isPartOf\":{\"@id\":\"https:\\\/\\\/sdf.hr\\\/#website\"},\"primaryImageOfPage\":{\"@id\":\"https:\\\/\\\/sdf.hr\\\/hr\\\/nada\\\/sloboda-nema-cenu\\\/#primaryimage\"},\"image\":{\"@id\":\"https:\\\/\\\/sdf.hr\\\/hr\\\/nada\\\/sloboda-nema-cenu\\\/#primaryimage\"},\"thumbnailUrl\":\"https:\\\/\\\/sdf.hr\\\/wp-content\\\/uploads\\\/2025\\\/07\\\/Dobrila-konferencija-scaled.jpg\",\"datePublished\":\"2025-07-04T09:25:01+00:00\",\"breadcrumb\":{\"@id\":\"https:\\\/\\\/sdf.hr\\\/hr\\\/nada\\\/sloboda-nema-cenu\\\/#breadcrumb\"},\"inLanguage\":\"hr\",\"potentialAction\":[{\"@type\":\"ReadAction\",\"target\":[\"https:\\\/\\\/sdf.hr\\\/hr\\\/nada\\\/sloboda-nema-cenu\\\/\"]}]},{\"@type\":\"ImageObject\",\"inLanguage\":\"hr\",\"@id\":\"https:\\\/\\\/sdf.hr\\\/hr\\\/nada\\\/sloboda-nema-cenu\\\/#primaryimage\",\"url\":\"https:\\\/\\\/sdf.hr\\\/wp-content\\\/uploads\\\/2025\\\/07\\\/Dobrila-konferencija-scaled.jpg\",\"contentUrl\":\"https:\\\/\\\/sdf.hr\\\/wp-content\\\/uploads\\\/2025\\\/07\\\/Dobrila-konferencija-scaled.jpg\",\"width\":2560,\"height\":1706,\"caption\":\"Dobrila Markovi\u0107 (druga levo) na konferenciji (Foto: Mihajlo Sr\u0111evi\u0107)\"},{\"@type\":\"BreadcrumbList\",\"@id\":\"https:\\\/\\\/sdf.hr\\\/hr\\\/nada\\\/sloboda-nema-cenu\\\/#breadcrumb\",\"itemListElement\":[{\"@type\":\"ListItem\",\"position\":1,\"name\":\"Po\u010detna stranica\",\"item\":\"https:\\\/\\\/sdf.hr\\\/hr\\\/\"},{\"@type\":\"ListItem\",\"position\":2,\"name\":\"Nada\",\"item\":\"https:\\\/\\\/sdf.hr\\\/nada\\\/\"},{\"@type\":\"ListItem\",\"position\":3,\"name\":\"Sloboda nema cenu\"}]},{\"@type\":\"WebSite\",\"@id\":\"https:\\\/\\\/sdf.hr\\\/#website\",\"url\":\"https:\\\/\\\/sdf.hr\\\/\",\"name\":\"SDF - Srpski demokratski forum\",\"description\":\"Srpski demokratski forum\",\"publisher\":{\"@id\":\"https:\\\/\\\/sdf.hr\\\/#organization\"},\"potentialAction\":[{\"@type\":\"SearchAction\",\"target\":{\"@type\":\"EntryPoint\",\"urlTemplate\":\"https:\\\/\\\/sdf.hr\\\/?s={search_term_string}\"},\"query-input\":{\"@type\":\"PropertyValueSpecification\",\"valueRequired\":true,\"valueName\":\"search_term_string\"}}],\"inLanguage\":\"hr\"},{\"@type\":\"Organization\",\"@id\":\"https:\\\/\\\/sdf.hr\\\/#organization\",\"name\":\"SDF - Srpski demokratski forum\",\"url\":\"https:\\\/\\\/sdf.hr\\\/\",\"logo\":{\"@type\":\"ImageObject\",\"inLanguage\":\"hr\",\"@id\":\"https:\\\/\\\/sdf.hr\\\/#\\\/schema\\\/logo\\\/image\\\/\",\"url\":\"https:\\\/\\\/sdf.hr\\\/wp-content\\\/uploads\\\/2021\\\/07\\\/logo-hr.svg\",\"contentUrl\":\"https:\\\/\\\/sdf.hr\\\/wp-content\\\/uploads\\\/2021\\\/07\\\/logo-hr.svg\",\"width\":271,\"height\":100,\"caption\":\"SDF - Srpski demokratski forum\"},\"image\":{\"@id\":\"https:\\\/\\\/sdf.hr\\\/#\\\/schema\\\/logo\\\/image\\\/\"}}]}<\/script>\n<!-- \/ Yoast SEO plugin. -->","yoast_head_json":{"title":"Sloboda nema cenu - SDF - Srpski demokratski forum","robots":{"index":"index","follow":"follow","max-snippet":"max-snippet:-1","max-image-preview":"max-image-preview:large","max-video-preview":"max-video-preview:-1"},"canonical":"https:\/\/sdf.hr\/hr\/nada\/sloboda-nema-cenu\/","og_locale":"hr_HR","og_type":"article","og_title":"Sloboda nema cenu - SDF - Srpski demokratski forum","og_description":"Trgovci ljudima su sve kreativniji u manipulaciji i kontroli \u017ertava, \u010desto ih dr\u017ee\u0107i u izolaciji i putem digitalnih platformi. Trgovina ljudima je izuzetno dinami\u010dan zlo\u010din, a Srbija je oduvek bila zemlja tranzita, porekla i destinacije za \u017ertve","og_url":"https:\/\/sdf.hr\/hr\/nada\/sloboda-nema-cenu\/","og_site_name":"SDF - Srpski demokratski forum","og_image":[{"width":2560,"height":1707,"url":"https:\/\/sdf.hr\/wp-content\/uploads\/2025\/07\/Sloboda-nema-cenu_Andjelko-Trninic-scaled.jpg","type":"image\/jpeg"}],"twitter_card":"summary_large_image","twitter_misc":{"Procijenjeno vrijeme \u010ditanja":"5 minuta"},"schema":{"@context":"https:\/\/schema.org","@graph":[{"@type":"WebPage","@id":"https:\/\/sdf.hr\/hr\/nada\/sloboda-nema-cenu\/","url":"https:\/\/sdf.hr\/hr\/nada\/sloboda-nema-cenu\/","name":"Sloboda nema cenu - SDF - Srpski demokratski forum","isPartOf":{"@id":"https:\/\/sdf.hr\/#website"},"primaryImageOfPage":{"@id":"https:\/\/sdf.hr\/hr\/nada\/sloboda-nema-cenu\/#primaryimage"},"image":{"@id":"https:\/\/sdf.hr\/hr\/nada\/sloboda-nema-cenu\/#primaryimage"},"thumbnailUrl":"https:\/\/sdf.hr\/wp-content\/uploads\/2025\/07\/Dobrila-konferencija-scaled.jpg","datePublished":"2025-07-04T09:25:01+00:00","breadcrumb":{"@id":"https:\/\/sdf.hr\/hr\/nada\/sloboda-nema-cenu\/#breadcrumb"},"inLanguage":"hr","potentialAction":[{"@type":"ReadAction","target":["https:\/\/sdf.hr\/hr\/nada\/sloboda-nema-cenu\/"]}]},{"@type":"ImageObject","inLanguage":"hr","@id":"https:\/\/sdf.hr\/hr\/nada\/sloboda-nema-cenu\/#primaryimage","url":"https:\/\/sdf.hr\/wp-content\/uploads\/2025\/07\/Dobrila-konferencija-scaled.jpg","contentUrl":"https:\/\/sdf.hr\/wp-content\/uploads\/2025\/07\/Dobrila-konferencija-scaled.jpg","width":2560,"height":1706,"caption":"Dobrila Markovi\u0107 (druga levo) na konferenciji (Foto: Mihajlo Sr\u0111evi\u0107)"},{"@type":"BreadcrumbList","@id":"https:\/\/sdf.hr\/hr\/nada\/sloboda-nema-cenu\/#breadcrumb","itemListElement":[{"@type":"ListItem","position":1,"name":"Po\u010detna stranica","item":"https:\/\/sdf.hr\/hr\/"},{"@type":"ListItem","position":2,"name":"Nada","item":"https:\/\/sdf.hr\/nada\/"},{"@type":"ListItem","position":3,"name":"Sloboda nema cenu"}]},{"@type":"WebSite","@id":"https:\/\/sdf.hr\/#website","url":"https:\/\/sdf.hr\/","name":"SDF - Srpski demokratski forum","description":"Srpski demokratski forum","publisher":{"@id":"https:\/\/sdf.hr\/#organization"},"potentialAction":[{"@type":"SearchAction","target":{"@type":"EntryPoint","urlTemplate":"https:\/\/sdf.hr\/?s={search_term_string}"},"query-input":{"@type":"PropertyValueSpecification","valueRequired":true,"valueName":"search_term_string"}}],"inLanguage":"hr"},{"@type":"Organization","@id":"https:\/\/sdf.hr\/#organization","name":"SDF - Srpski demokratski forum","url":"https:\/\/sdf.hr\/","logo":{"@type":"ImageObject","inLanguage":"hr","@id":"https:\/\/sdf.hr\/#\/schema\/logo\/image\/","url":"https:\/\/sdf.hr\/wp-content\/uploads\/2021\/07\/logo-hr.svg","contentUrl":"https:\/\/sdf.hr\/wp-content\/uploads\/2021\/07\/logo-hr.svg","width":271,"height":100,"caption":"SDF - Srpski demokratski forum"},"image":{"@id":"https:\/\/sdf.hr\/#\/schema\/logo\/image\/"}}]}},"_links":{"self":[{"href":"https:\/\/sdf.hr\/hr\/wp-json\/wp\/v2\/nada\/6744","targetHints":{"allow":["GET"]}}],"collection":[{"href":"https:\/\/sdf.hr\/hr\/wp-json\/wp\/v2\/nada"}],"about":[{"href":"https:\/\/sdf.hr\/hr\/wp-json\/wp\/v2\/types\/nada"}],"wp:featuredmedia":[{"embeddable":true,"href":"https:\/\/sdf.hr\/hr\/wp-json\/wp\/v2\/media\/6741"}],"wp:attachment":[{"href":"https:\/\/sdf.hr\/hr\/wp-json\/wp\/v2\/media?parent=6744"}],"wp:term":[{"taxonomy":"post_tag","embeddable":true,"href":"https:\/\/sdf.hr\/hr\/wp-json\/wp\/v2\/tags?post=6744"},{"taxonomy":"atribut","embeddable":true,"href":"https:\/\/sdf.hr\/hr\/wp-json\/wp\/v2\/atribut?post=6744"}],"curies":[{"name":"wp","href":"https:\/\/api.w.org\/{rel}","templated":true}]}}