{"id":6748,"date":"2025-07-05T08:29:42","date_gmt":"2025-07-05T06:29:42","guid":{"rendered":"https:\/\/sdf.hr\/nada\/kolac-s-vrhnjem-i-kupinama\/"},"modified":"2025-07-05T08:29:48","modified_gmt":"2025-07-05T06:29:48","slug":"kolac-s-vrhnjem-i-kupinama","status":"publish","type":"nada","link":"https:\/\/sdf.hr\/hr\/nada\/kolac-s-vrhnjem-i-kupinama\/","title":{"rendered":"Kola\u010d s vrhnjem i kupinama"},"content":{"rendered":"<p>U Gorskom kotaru na svakom koraku mo\u017eete prona\u0107i divlju kupinu. Biljka je to koje se te\u0161ko rije\u0161iti jednom kada oplete neki predio koji se ne odr\u017eava. I sami vodimo borbu s njom nedaleko od ku\u0107e. Vrlo je izdr\u017eljiva i te\u0161ko ju je uni\u0161titi, ali istovremeno daje predivne, slatke, tamne plodove od kojih \u010desto pripremam pekmez, liker ili kola\u010de. Po\u0161to sam sladokusac, zanemarim trnje i ogrebotine ili susret s nekom zmijom da bih do\u0161la do slasnih plodova. Plodove berem kada su sasvim zreli jer su tada najsla\u0111i pa ih \u010desto spremim i u zamrziva\u010d.<\/p>\n<p>Kod drage prijateljice, na njenom blogu &#8220;Vilicom kroz Hrvatsku&#8221;, prona\u0161la sam divan recept za kola\u010d s kiselim vrhnjem i \u0161umskim vo\u0107em i odlu\u010dila isprobati svoju verziju u koju sam odlu\u010dila dodati divlje kupine. U kremu s vrhnjem sam dodala mascarpone sir, a od vo\u0107a sam stavila samo zale\u0111ene kupine. Kola\u010d je divan, ukusan spoj kremastog vrhnja, vo\u0107a i prhkog tijesta s maslacem. Kupine mu daju dozu svje\u017eine i slatko\u0107e, a mo\u017eete koristiti i neko drugo bobi\u010dasto vo\u0107e. Vjerujem da bi fino i\u0161lo i neko vo\u0107e iz kompota ili mo\u017eda zrele i mirisne kru\u0161ke. Kola\u010d je najbolje ispe\u0107i dan ranije jer se krema stegne preko no\u0107i. Pekla sam ga u kalupu za torte promjera 20 centimetara.<\/p>\n<p>&nbsp;<\/p>\n<p><strong>Sastojci za tijesto:<\/strong><\/p>\n<p>120 g omek\u0161alog maslaca<\/p>\n<p>50 g \u0161e\u0107era<\/p>\n<p>1 vanilin \u0161e\u0107er<\/p>\n<p>1 jaje<\/p>\n<p>200 g glatkog bra\u0161na<\/p>\n<p>9 g pra\u0161ka za pecivo<\/p>\n<p>prstohvat soli<\/p>\n<p>&nbsp;<\/p>\n<p><strong>Za nadjev:<\/strong><\/p>\n<p>300 g kupina ili nekog drugog bobi\u010dastog vo\u0107a (koristila sam zale\u0111ene kupine)<\/p>\n<p>400 ml kiselog vrhnja<\/p>\n<p>3 \u017elice mascarpone sira<\/p>\n<p>2 \u017eumanjka<\/p>\n<p>80 g \u0161e\u0107era<\/p>\n<p>1 vanilin \u0161e\u0107er<\/p>\n<p>malo ribane limunove korice<\/p>\n<p>&nbsp;<\/p>\n<p><strong>Priprema:<\/strong><\/p>\n<p>Pomije\u0161ajte bra\u0161no s pra\u0161kom za pecivo i malo soli. U drugu zdjelu za miksanje stavite omek\u0161ali maslac i obje vrste \u0161e\u0107era te miksajte dok smjesa ne postane glatka poput kreme. Dodajte jedno jaje i sjedinite smjesu. Postepeno dodajte bra\u0161no pomije\u0161ano s pra\u0161kom za pecivo i malo soli i miksajte. Tijesto \u0107e biti poput tijesta za kore, samo mek\u0161e. Pe\u0107nicu ugrijte na 175 stupnjeva. U kalup stavite papir za pe\u010denje. Tijesto rasporedite u kalupu i poravnajte povr\u0161inu pa ga stavite pe\u0107i na pet minuta.<\/p>\n<p>Za kremu pomije\u0161ajte kiselo vrhnje, mascarpone sir, \u017eumanjke, obje vrste \u0161e\u0107era i malo limunove korice u glatku smjesu. Ukoliko volite sla\u0111e, mo\u017eete pove\u0107ati koli\u010dinu \u0161e\u0107era.<\/p>\n<p>Tijesto izvadite iz pe\u0107nice i po njemu rasporedite kupine. Prelijte kremom i dodajte po vrhu jo\u0161 kupina te stavite natrag u pe\u0107nicu. Kola\u010d pecite jo\u0161 35 do 40 minuta. Pazite da se ne prepe\u010de. Ne brinite ako vam se \u010dini teku\u0107e, krema se preko no\u0107i stegne i tada kola\u010d mo\u017eete skupa s papirom izvaditi iz kalupa i rezati na kri\u0161ke.<\/p>\n<p>Dobar tek!<\/p>\n<p><em>pi\u0161e Valentina Vukadinovi\u0107<\/em><\/p>\n","protected":false},"excerpt":{"rendered":"<p>Kola\u010d je ukusan spoj kremastog vrhnja, vo\u0107a i prhkog tijesta s maslacem. Kupine mu daju dozu svje\u017eine i slatko\u0107e, a mo\u017eete koristiti i neko drugo bobi\u010dasto vo\u0107e<\/p>\n","protected":false},"featured_media":6747,"template":"","tags":[42],"atribut":[],"class_list":["post-6748","nada","type-nada","status-publish","has-post-thumbnail","hentry","tag-gorski-kotao"],"acf":[],"yoast_head":"<!-- This site is optimized with the Yoast SEO plugin v27.4 - https:\/\/yoast.com\/product\/yoast-seo-wordpress\/ -->\n<title>Kola\u010d s vrhnjem i kupinama - SDF - Srpski demokratski forum<\/title>\n<meta name=\"robots\" content=\"index, follow, max-snippet:-1, max-image-preview:large, max-video-preview:-1\" \/>\n<link rel=\"canonical\" href=\"https:\/\/sdf.hr\/hr\/nada\/kolac-s-vrhnjem-i-kupinama\/\" \/>\n<meta property=\"og:locale\" content=\"hr_HR\" \/>\n<meta property=\"og:type\" content=\"article\" \/>\n<meta property=\"og:title\" content=\"Kola\u010d s vrhnjem i kupinama - SDF - Srpski demokratski forum\" \/>\n<meta property=\"og:description\" content=\"Kola\u010d je ukusan spoj kremastog vrhnja, vo\u0107a i prhkog tijesta s maslacem. Kupine mu daju dozu svje\u017eine i slatko\u0107e, a mo\u017eete koristiti i neko drugo bobi\u010dasto vo\u0107e\" \/>\n<meta property=\"og:url\" content=\"https:\/\/sdf.hr\/hr\/nada\/kolac-s-vrhnjem-i-kupinama\/\" \/>\n<meta property=\"og:site_name\" content=\"SDF - Srpski demokratski forum\" \/>\n<meta property=\"article:modified_time\" content=\"2025-07-05T06:29:48+00:00\" \/>\n<meta property=\"og:image\" content=\"https:\/\/sdf.hr\/wp-content\/uploads\/2025\/07\/Kolac-s-vrhnjem-scaled.jpg\" \/>\n\t<meta property=\"og:image:width\" content=\"2560\" \/>\n\t<meta property=\"og:image:height\" content=\"1244\" \/>\n\t<meta property=\"og:image:type\" content=\"image\/jpeg\" \/>\n<meta name=\"twitter:card\" content=\"summary_large_image\" \/>\n<meta name=\"twitter:label1\" content=\"Procijenjeno vrijeme \u010ditanja\" \/>\n\t<meta name=\"twitter:data1\" content=\"2 minute\" \/>\n<script type=\"application\/ld+json\" class=\"yoast-schema-graph\">{\"@context\":\"https:\\\/\\\/schema.org\",\"@graph\":[{\"@type\":\"WebPage\",\"@id\":\"https:\\\/\\\/sdf.hr\\\/hr\\\/nada\\\/kolac-s-vrhnjem-i-kupinama\\\/\",\"url\":\"https:\\\/\\\/sdf.hr\\\/hr\\\/nada\\\/kolac-s-vrhnjem-i-kupinama\\\/\",\"name\":\"Kola\u010d s vrhnjem i kupinama - SDF - Srpski demokratski forum\",\"isPartOf\":{\"@id\":\"https:\\\/\\\/sdf.hr\\\/#website\"},\"primaryImageOfPage\":{\"@id\":\"https:\\\/\\\/sdf.hr\\\/hr\\\/nada\\\/kolac-s-vrhnjem-i-kupinama\\\/#primaryimage\"},\"image\":{\"@id\":\"https:\\\/\\\/sdf.hr\\\/hr\\\/nada\\\/kolac-s-vrhnjem-i-kupinama\\\/#primaryimage\"},\"thumbnailUrl\":\"https:\\\/\\\/sdf.hr\\\/wp-content\\\/uploads\\\/2025\\\/07\\\/Kolac-s-vrhnjem-scaled.jpg\",\"datePublished\":\"2025-07-05T06:29:42+00:00\",\"dateModified\":\"2025-07-05T06:29:48+00:00\",\"breadcrumb\":{\"@id\":\"https:\\\/\\\/sdf.hr\\\/hr\\\/nada\\\/kolac-s-vrhnjem-i-kupinama\\\/#breadcrumb\"},\"inLanguage\":\"hr\",\"potentialAction\":[{\"@type\":\"ReadAction\",\"target\":[\"https:\\\/\\\/sdf.hr\\\/hr\\\/nada\\\/kolac-s-vrhnjem-i-kupinama\\\/\"]}]},{\"@type\":\"ImageObject\",\"inLanguage\":\"hr\",\"@id\":\"https:\\\/\\\/sdf.hr\\\/hr\\\/nada\\\/kolac-s-vrhnjem-i-kupinama\\\/#primaryimage\",\"url\":\"https:\\\/\\\/sdf.hr\\\/wp-content\\\/uploads\\\/2025\\\/07\\\/Kolac-s-vrhnjem-scaled.jpg\",\"contentUrl\":\"https:\\\/\\\/sdf.hr\\\/wp-content\\\/uploads\\\/2025\\\/07\\\/Kolac-s-vrhnjem-scaled.jpg\",\"width\":2560,\"height\":1244},{\"@type\":\"BreadcrumbList\",\"@id\":\"https:\\\/\\\/sdf.hr\\\/hr\\\/nada\\\/kolac-s-vrhnjem-i-kupinama\\\/#breadcrumb\",\"itemListElement\":[{\"@type\":\"ListItem\",\"position\":1,\"name\":\"Po\u010detna stranica\",\"item\":\"https:\\\/\\\/sdf.hr\\\/hr\\\/\"},{\"@type\":\"ListItem\",\"position\":2,\"name\":\"Nada\",\"item\":\"https:\\\/\\\/sdf.hr\\\/nada\\\/\"},{\"@type\":\"ListItem\",\"position\":3,\"name\":\"Kola\u010d s vrhnjem i kupinama\"}]},{\"@type\":\"WebSite\",\"@id\":\"https:\\\/\\\/sdf.hr\\\/#website\",\"url\":\"https:\\\/\\\/sdf.hr\\\/\",\"name\":\"SDF - Srpski demokratski forum\",\"description\":\"Srpski demokratski forum\",\"publisher\":{\"@id\":\"https:\\\/\\\/sdf.hr\\\/#organization\"},\"potentialAction\":[{\"@type\":\"SearchAction\",\"target\":{\"@type\":\"EntryPoint\",\"urlTemplate\":\"https:\\\/\\\/sdf.hr\\\/?s={search_term_string}\"},\"query-input\":{\"@type\":\"PropertyValueSpecification\",\"valueRequired\":true,\"valueName\":\"search_term_string\"}}],\"inLanguage\":\"hr\"},{\"@type\":\"Organization\",\"@id\":\"https:\\\/\\\/sdf.hr\\\/#organization\",\"name\":\"SDF - Srpski demokratski forum\",\"url\":\"https:\\\/\\\/sdf.hr\\\/\",\"logo\":{\"@type\":\"ImageObject\",\"inLanguage\":\"hr\",\"@id\":\"https:\\\/\\\/sdf.hr\\\/#\\\/schema\\\/logo\\\/image\\\/\",\"url\":\"https:\\\/\\\/sdf.hr\\\/wp-content\\\/uploads\\\/2021\\\/07\\\/logo-hr.svg\",\"contentUrl\":\"https:\\\/\\\/sdf.hr\\\/wp-content\\\/uploads\\\/2021\\\/07\\\/logo-hr.svg\",\"width\":271,\"height\":100,\"caption\":\"SDF - Srpski demokratski forum\"},\"image\":{\"@id\":\"https:\\\/\\\/sdf.hr\\\/#\\\/schema\\\/logo\\\/image\\\/\"}}]}<\/script>\n<!-- \/ Yoast SEO plugin. -->","yoast_head_json":{"title":"Kola\u010d s vrhnjem i kupinama - SDF - Srpski demokratski forum","robots":{"index":"index","follow":"follow","max-snippet":"max-snippet:-1","max-image-preview":"max-image-preview:large","max-video-preview":"max-video-preview:-1"},"canonical":"https:\/\/sdf.hr\/hr\/nada\/kolac-s-vrhnjem-i-kupinama\/","og_locale":"hr_HR","og_type":"article","og_title":"Kola\u010d s vrhnjem i kupinama - SDF - Srpski demokratski forum","og_description":"Kola\u010d je ukusan spoj kremastog vrhnja, vo\u0107a i prhkog tijesta s maslacem. Kupine mu daju dozu svje\u017eine i slatko\u0107e, a mo\u017eete koristiti i neko drugo bobi\u010dasto vo\u0107e","og_url":"https:\/\/sdf.hr\/hr\/nada\/kolac-s-vrhnjem-i-kupinama\/","og_site_name":"SDF - Srpski demokratski forum","article_modified_time":"2025-07-05T06:29:48+00:00","og_image":[{"width":2560,"height":1244,"url":"https:\/\/sdf.hr\/wp-content\/uploads\/2025\/07\/Kolac-s-vrhnjem-scaled.jpg","type":"image\/jpeg"}],"twitter_card":"summary_large_image","twitter_misc":{"Procijenjeno vrijeme \u010ditanja":"2 minute"},"schema":{"@context":"https:\/\/schema.org","@graph":[{"@type":"WebPage","@id":"https:\/\/sdf.hr\/hr\/nada\/kolac-s-vrhnjem-i-kupinama\/","url":"https:\/\/sdf.hr\/hr\/nada\/kolac-s-vrhnjem-i-kupinama\/","name":"Kola\u010d s vrhnjem i kupinama - SDF - Srpski demokratski forum","isPartOf":{"@id":"https:\/\/sdf.hr\/#website"},"primaryImageOfPage":{"@id":"https:\/\/sdf.hr\/hr\/nada\/kolac-s-vrhnjem-i-kupinama\/#primaryimage"},"image":{"@id":"https:\/\/sdf.hr\/hr\/nada\/kolac-s-vrhnjem-i-kupinama\/#primaryimage"},"thumbnailUrl":"https:\/\/sdf.hr\/wp-content\/uploads\/2025\/07\/Kolac-s-vrhnjem-scaled.jpg","datePublished":"2025-07-05T06:29:42+00:00","dateModified":"2025-07-05T06:29:48+00:00","breadcrumb":{"@id":"https:\/\/sdf.hr\/hr\/nada\/kolac-s-vrhnjem-i-kupinama\/#breadcrumb"},"inLanguage":"hr","potentialAction":[{"@type":"ReadAction","target":["https:\/\/sdf.hr\/hr\/nada\/kolac-s-vrhnjem-i-kupinama\/"]}]},{"@type":"ImageObject","inLanguage":"hr","@id":"https:\/\/sdf.hr\/hr\/nada\/kolac-s-vrhnjem-i-kupinama\/#primaryimage","url":"https:\/\/sdf.hr\/wp-content\/uploads\/2025\/07\/Kolac-s-vrhnjem-scaled.jpg","contentUrl":"https:\/\/sdf.hr\/wp-content\/uploads\/2025\/07\/Kolac-s-vrhnjem-scaled.jpg","width":2560,"height":1244},{"@type":"BreadcrumbList","@id":"https:\/\/sdf.hr\/hr\/nada\/kolac-s-vrhnjem-i-kupinama\/#breadcrumb","itemListElement":[{"@type":"ListItem","position":1,"name":"Po\u010detna stranica","item":"https:\/\/sdf.hr\/hr\/"},{"@type":"ListItem","position":2,"name":"Nada","item":"https:\/\/sdf.hr\/nada\/"},{"@type":"ListItem","position":3,"name":"Kola\u010d s vrhnjem i kupinama"}]},{"@type":"WebSite","@id":"https:\/\/sdf.hr\/#website","url":"https:\/\/sdf.hr\/","name":"SDF - Srpski demokratski forum","description":"Srpski demokratski forum","publisher":{"@id":"https:\/\/sdf.hr\/#organization"},"potentialAction":[{"@type":"SearchAction","target":{"@type":"EntryPoint","urlTemplate":"https:\/\/sdf.hr\/?s={search_term_string}"},"query-input":{"@type":"PropertyValueSpecification","valueRequired":true,"valueName":"search_term_string"}}],"inLanguage":"hr"},{"@type":"Organization","@id":"https:\/\/sdf.hr\/#organization","name":"SDF - Srpski demokratski forum","url":"https:\/\/sdf.hr\/","logo":{"@type":"ImageObject","inLanguage":"hr","@id":"https:\/\/sdf.hr\/#\/schema\/logo\/image\/","url":"https:\/\/sdf.hr\/wp-content\/uploads\/2021\/07\/logo-hr.svg","contentUrl":"https:\/\/sdf.hr\/wp-content\/uploads\/2021\/07\/logo-hr.svg","width":271,"height":100,"caption":"SDF - Srpski demokratski forum"},"image":{"@id":"https:\/\/sdf.hr\/#\/schema\/logo\/image\/"}}]}},"_links":{"self":[{"href":"https:\/\/sdf.hr\/hr\/wp-json\/wp\/v2\/nada\/6748","targetHints":{"allow":["GET"]}}],"collection":[{"href":"https:\/\/sdf.hr\/hr\/wp-json\/wp\/v2\/nada"}],"about":[{"href":"https:\/\/sdf.hr\/hr\/wp-json\/wp\/v2\/types\/nada"}],"wp:featuredmedia":[{"embeddable":true,"href":"https:\/\/sdf.hr\/hr\/wp-json\/wp\/v2\/media\/6747"}],"wp:attachment":[{"href":"https:\/\/sdf.hr\/hr\/wp-json\/wp\/v2\/media?parent=6748"}],"wp:term":[{"taxonomy":"post_tag","embeddable":true,"href":"https:\/\/sdf.hr\/hr\/wp-json\/wp\/v2\/tags?post=6748"},{"taxonomy":"atribut","embeddable":true,"href":"https:\/\/sdf.hr\/hr\/wp-json\/wp\/v2\/atribut?post=6748"}],"curies":[{"name":"wp","href":"https:\/\/api.w.org\/{rel}","templated":true}]}}