{"id":6804,"date":"2025-07-15T11:26:23","date_gmt":"2025-07-15T09:26:23","guid":{"rendered":"https:\/\/sdf.hr\/nada\/param-pa-sivam\/"},"modified":"2025-07-15T11:26:23","modified_gmt":"2025-07-15T09:26:23","slug":"param-pa-sivam","status":"publish","type":"nada","link":"https:\/\/sdf.hr\/hr\/nada\/param-pa-sivam\/","title":{"rendered":"Param, pa \u0161ivam!"},"content":{"rendered":"<p>Stanje u tekstilnoj industriji danas je sve samo ne odr\u017eivo. Radnice i radnici koji \u0161ivaju za velike brandove nerijetko rade u neljudskim uvjetima, a njihovo radno vrijeme i pla\u0107e ne omogu\u0107uju im humani \u017eivot. Osim samih radnika, tekstilne prakse poput inzistiranja na poliesteru ugro\u017eavaju i okoli\u0161. No sve je vi\u0161e inicijativa koje promoviraju odr\u017eive prakse i doprinose smanjenju \u0161tetnog utjecaja modne industrije. Jedna od njih je obrt ParamParam <strong>Snje\u017eane Horvati\u0107 Popovi\u0107<\/strong>, koji je specijaliziran za <em>upcycling<\/em>, tj. prenamjenu no\u0161enog tekstila u nove svrhe.<\/p>\n<p>Uz obrt, Snje\u017eana i podu\u010dava. Kako bih je upoznala, prijavila sam se na njezinu radionicu \u0160ivPop u Zelenoj akciji na kojoj sudionice i sudionici u\u010de \u0161ivati, raditi popravke i izra\u0111ivati nove komade od tekstila \u010diji je prvotni kroj dosegao svoj rok trajanja. Dok me podu\u010davala paranju i \u0161ivanju, ispitivala sam je o svemu \u0161to njezin rad \u010dini posebnim.<\/p>\n<p>Po struci tekstilna dizajnerica, Snje\u017eana se prenamjenom tekstila po\u010dela baviti ve\u0107 u mladima danima, koliko iz potrebe, toliko i iz kreativnih pobuda.<\/p>\n<p>\u2013 Kasnih 90-tih si nisam mogla priu\u0161titi neke <em>cool<\/em> ili otka\u010dene odjevne predmete pa sam ih izra\u0111ivala sama. Jedna od prvih stvari bila je pretvorba starih traperica u unikatni \u0161os i ukra\u0161avanje ru\u010dno u\u0161ivenim perlicama. Kasnije se to pretvorilo u <em>upcycling<\/em> stvari za obitelj i frendice, pa onda popravke i krpanje odje\u0107e vlastitoj djeci. Svemu poku\u0161avam produ\u017eiti vijek trajanja, a s odje\u0107om to stvarno i mo\u017eemo.<\/p>\n<p>Usluge prenamjene odje\u0107e danas nudi klijentima u radioni u kojoj glavnu ulogu igraju digitalni \u0161iva\u0107i stroj s dodatkom za ma\u0161inski vez, prostorija prepuna doniranog tekstila te Snje\u017eanin individualni pristup.<\/p>\n<p>\u2013 Uvijek uva\u017eavam potrebe, \u017eelje i stil klijenata. Na\u0161a suradnja nije samo narud\u017eba proizvoda, ve\u0107 upoznavanje i zajedni\u010dko stvaranje ne\u010deg osobnog, unikatnog i odr\u017eivog. Stare uspomene iz ormara \u2013 prve traperice, djedova ko\u0161ulja, bebina haljinica \u2013 mogu postati skroz novi tekstilni proizvod s novom funkcijom, npr. od ko\u0161ulje nastane jastuk-uspomena, a od traperica torba. Ovakav pristup i na\u010din smanjuje potrebu za kupovinom novog i bacanjem starog \u2013 rekla je.<\/p>\n<p>Kako biste o\u017eivjeli one komade od kojih vam se najte\u017ee rastati, mo\u017eete joj se javiti putem e-mail adrese kontakt@paramparam.eu ili Instagram profila @param_param_upcycle. Pritom \u0107ete znati da radite sa stru\u010dnjakinjom iza \u010dijih aktivnosti stoji velika predanost umanjenju ekolo\u0161ke \u0161tete.<\/p>\n<p>\u2013 Modna industrija danas proizvodi vi\u0161e od sto milijardi odjevnih predmeta godi\u0161nje koji se prodaju po principu \u201ckupi jeftino i baci brzo\u201d. Rezultat su milijuni tona tekstilnog otpada godi\u0161nje, dok se svega jedan posto reciklira. Vjerujem da bismo, da se danas zaustavi sva proizvodnja odje\u0107e na svijetu, imali dovoljno odje\u0107e za sljede\u0107e tri generacije \u2013 pri\u010dala mi je Snje\u017eana, u\u010de\u0107i me kako navesti konac na iglu.<\/p>\n<p>Na \u0160ivPopu sam nau\u010dila jo\u0161 mnogo toga: kako zakrpati rupe na odje\u0107i, kako izraditi trajnu blazinicu za \u010di\u0161\u0107enje ko\u017ee i kako raditi na \u0161iva\u0107oj ma\u0161ini \u2013 za potonje, upozorila me Snje\u017eana, bitno je odvojiti vremena i biti spremna na poku\u0161aje i pogre\u0161ke. Po vje\u0161tini ostalih sudionica i sudionika bilo je o\u010dito da ve\u0107 dugo dolaze na njezine radionice.<\/p>\n<p>\u2013 \u0160ivPop je zapravo kolektiv koji se unazad godinu dana osposobio za rad i kreativno razmi\u0161ljanje kod prenamjene tekstila. Uz njega, suradnje su vrlo \u010deste i samo se nadogra\u0111uju. Tu je i mala \u0161kola \u0161ivanja u udruzi Vestigium, gdje se mo\u017ee donijeti i vlastita \u0161iva\u0107a ma\u0161ina te u\u010diti na njoj \u2013 ka\u017ee Snje\u017eana.<\/p>\n<figure id=\"attachment_6802\" aria-describedby=\"caption-attachment-6802\" style=\"width: 2560px\" class=\"wp-caption alignnone\"><img loading=\"lazy\" decoding=\"async\" class=\"wp-image-6802 size-full\" src=\"https:\/\/sdf.hr\/wp-content\/uploads\/2025\/07\/Roba_Julija-Savic-scaled.jpg\" alt=\"\" width=\"2560\" height=\"1920\" srcset=\"https:\/\/sdf.hr\/wp-content\/uploads\/2025\/07\/Roba_Julija-Savic-scaled.jpg 2560w, https:\/\/sdf.hr\/wp-content\/uploads\/2025\/07\/Roba_Julija-Savic-300x225.jpg 300w, https:\/\/sdf.hr\/wp-content\/uploads\/2025\/07\/Roba_Julija-Savic-1024x768.jpg 1024w, https:\/\/sdf.hr\/wp-content\/uploads\/2025\/07\/Roba_Julija-Savic-768x576.jpg 768w, https:\/\/sdf.hr\/wp-content\/uploads\/2025\/07\/Roba_Julija-Savic-1536x1152.jpg 1536w, https:\/\/sdf.hr\/wp-content\/uploads\/2025\/07\/Roba_Julija-Savic-2048x1536.jpg 2048w\" sizes=\"auto, (max-width: 2560px) 100vw, 2560px\" \/><figcaption id=\"caption-attachment-6802\" class=\"wp-caption-text\">Swap partyjem protiv gomilanja odje\u0107e (Foto: Julija Savi\u0107)<\/figcaption><\/figure>\n<p>Tu je jo\u0161 i mnogo vi\u0161e. Uz Vestigium i Zelenu akciju, Snje\u017eana je sura\u0111ivala i s Udrugom za nezavisnu medijsku kulturu na radionicama <em>upcyclinga<\/em> u srednjim \u0161kolama u Zagrebu, Osijeku i Rijeci. S udrugom Zeleni Klik provodila je radionice popravaka i \u0161ivanja zavjesa sa \u0161ti\u0107enicima Prihvatili\u0161ta za besku\u0107nike u Velikoj Kosnici. Odaziv na takve programe, ka\u017ee, sve je bolji.<\/p>\n<p>\u2013 Za radionice \u0161ivanja ima sve vi\u0161e interesa. Radionice prenamjene tekstila bile su nekako apstraktne na po\u010detku i prijavile bi se jedna ili dvije osobe. Danas je to bolje, no jo\u0161 uvijek ima puno prostora za rast.<\/p>\n<p>No \u010dak ni to nije sve u Snje\u017eaninom svijetu odr\u017eive mode. Sljede\u0107e doga\u0111anje na kojem smo se susrele bio je buvljak razmjene u Vestigiumu, jo\u0161 jedna od inicijativa kojima poku\u0161ava donijeti pozitivnu promjenu. Te sun\u010dane subote, svi su mogli donirati do pet komada vlastite odje\u0107e. Iskoristila sam priliku da doniram svoje i opskrbim se tu\u0111im komadima, od kojih su neki bili iznimno kvalitetni i dobro o\u010duvani. Ne \u010dudi \u0161to su upravo takva doga\u0111anja sjajno posje\u0107ena.<\/p>\n<p>\u2013 Praksu razmjene odje\u0107e pokrenuli smo prije tri godine i tada je do\u0161lo nekih \u0161est-sedam posjetioca, a zadnju razmjenu posjetilo je vi\u0161e od 65 ljudi. Doga\u0111aj razmjene odje\u0107e, tzv. <em>swap party<\/em>, odli\u010dan je model kojim mo\u017eemo dosko\u010diti modnoj industriji. Besplatna razmjena rijetko koga ne razveseli, a takve doga\u0111aje radimo svake zadnje srijede u mjesecu u Zelenoj akciji i zadnju subotu u mjesecu u Vestigiumu \u2013 ispri\u010dala mi je Snje\u017eana.<\/p>\n<p>Zapisav\u0161i termine, odlu\u010dila sam iskoristiti priliku kako bih \u0161to vi\u0161e nau\u010dila o na\u010dinima na koje mogu doprinijeti odr\u017eivoj modi te sam je zasula pitanjima. Prvenstveno me zanimalo \u0161to misli o <em>second hand<\/em> trgovinama koje su danas sve popularnije.<\/p>\n<p>\u2013 Kada kupujemo rabljenu odje\u0107u, ne poti\u010demo novu proizvodnju, nego produ\u017eujemo \u017eivot postoje\u0107em proizvodu, \u0161to je dobro. Oni su dio rje\u0161enja, ali ne i zamjena za dublju promjenu u na\u010dinu na koji razmi\u0161ljamo \u2013 ili ne razmi\u0161ljamo \u2013 i trezveniji, odgovorniji stil \u017eivota \u2013 rekla je.<\/p>\n<p>Klju\u010d je, dakle, u promjeni na\u010dina na koji razmi\u0161ljamo o odje\u0107i. Upravo zato, Snje\u017eana me potaknula da dodatno razmislim o vlastitim navikama kupovine i odnosu prema onom \u0161to stavljam na sebe.<\/p>\n<p>\u2013 Prije kupovine, postavi si pitanja \u2013 trebam li ovo stvarno? Koliko sli\u010dnih stvari ve\u0107 imam? Istra\u017ei ponudu malih i lokalnih proizvo\u0111a\u010da, a sve megabrendove poku\u0161aj izbjegavati. Ve\u0107inom su oni krivci za masovnu proizvodnju, lo\u0161e radne uvjete i ogromnu koli\u010dinu otpada, a ve\u0107inski udio njihovog materijala je poliester, tj. plastika. On nije dobar ni za ko\u017eu ni za okoli\u0161. Uvijek pa\u017eljivo prou\u010di sastav materijala prije kupovine, to je klju\u010dni korak u osvje\u0161tavanju o kvaliteti i odr\u017eivosti odje\u0107e koju nosimo.<\/p>\n<p>Prije no \u0161to sam odjurila dalje, zahvalila sam Snje\u017eani na savjetima i odlu\u010dila nastaviti u\u010diti i mijenjati svoje prakse uz inicijative poput njezinih. Kao i meni i polaznicima njezinih radionica, Vrata ParamParama, kao i vrata odr\u017eive mode, otvorena su i vama \u2013 potrebno je samo zakora\u010diti.<\/p>\n<p><em>pi\u0161e Julija Savi\u0107<\/em><\/p>\n","protected":false},"excerpt":{"rendered":"<p>Obrt Snje\u017eane Horvati\u0107 Popovi\u0107 specijaliziran je za prenamjenu tekstila. Prijavila sam se na njezinu radionicu \u0160ivPop u Zelenoj akciji, a dok me podu\u010davala paranju i \u0161ivanju, ispitivala sam je o svemu<\/p>\n","protected":false},"featured_media":6801,"template":"","tags":[136],"atribut":[],"class_list":["post-6804","nada","type-nada","status-publish","has-post-thumbnail","hentry","tag-portret"],"acf":[],"yoast_head":"<!-- This site is optimized with the Yoast SEO plugin v27.4 - https:\/\/yoast.com\/product\/yoast-seo-wordpress\/ -->\n<title>Param, pa \u0161ivam! - SDF - Srpski demokratski forum<\/title>\n<meta name=\"robots\" content=\"index, follow, max-snippet:-1, max-image-preview:large, max-video-preview:-1\" \/>\n<link rel=\"canonical\" href=\"https:\/\/sdf.hr\/hr\/nada\/param-pa-sivam\/\" \/>\n<meta property=\"og:locale\" content=\"hr_HR\" \/>\n<meta property=\"og:type\" content=\"article\" \/>\n<meta property=\"og:title\" content=\"Param, pa \u0161ivam! - SDF - Srpski demokratski forum\" \/>\n<meta property=\"og:description\" content=\"Obrt Snje\u017eane Horvati\u0107 Popovi\u0107 specijaliziran je za prenamjenu tekstila. Prijavila sam se na njezinu radionicu \u0160ivPop u Zelenoj akciji, a dok me podu\u010davala paranju i \u0161ivanju, ispitivala sam je o svemu\" \/>\n<meta property=\"og:url\" content=\"https:\/\/sdf.hr\/hr\/nada\/param-pa-sivam\/\" \/>\n<meta property=\"og:site_name\" content=\"SDF - Srpski demokratski forum\" \/>\n<meta property=\"og:image\" content=\"https:\/\/sdf.hr\/wp-content\/uploads\/2025\/07\/Roba_Julija-Savic-scaled.jpg\" \/>\n\t<meta property=\"og:image:width\" content=\"2560\" \/>\n\t<meta property=\"og:image:height\" content=\"1920\" \/>\n\t<meta property=\"og:image:type\" content=\"image\/jpeg\" \/>\n<meta name=\"twitter:card\" content=\"summary_large_image\" \/>\n<meta name=\"twitter:label1\" content=\"Procijenjeno vrijeme \u010ditanja\" \/>\n\t<meta name=\"twitter:data1\" content=\"6 minuta\" \/>\n<script type=\"application\/ld+json\" class=\"yoast-schema-graph\">{\"@context\":\"https:\\\/\\\/schema.org\",\"@graph\":[{\"@type\":\"WebPage\",\"@id\":\"https:\\\/\\\/sdf.hr\\\/hr\\\/nada\\\/param-pa-sivam\\\/\",\"url\":\"https:\\\/\\\/sdf.hr\\\/hr\\\/nada\\\/param-pa-sivam\\\/\",\"name\":\"Param, pa \u0161ivam! - SDF - Srpski demokratski forum\",\"isPartOf\":{\"@id\":\"https:\\\/\\\/sdf.hr\\\/#website\"},\"primaryImageOfPage\":{\"@id\":\"https:\\\/\\\/sdf.hr\\\/hr\\\/nada\\\/param-pa-sivam\\\/#primaryimage\"},\"image\":{\"@id\":\"https:\\\/\\\/sdf.hr\\\/hr\\\/nada\\\/param-pa-sivam\\\/#primaryimage\"},\"thumbnailUrl\":\"https:\\\/\\\/sdf.hr\\\/wp-content\\\/uploads\\\/2025\\\/07\\\/Snjezana_Julija-Savic-scaled.jpg\",\"datePublished\":\"2025-07-15T09:26:23+00:00\",\"breadcrumb\":{\"@id\":\"https:\\\/\\\/sdf.hr\\\/hr\\\/nada\\\/param-pa-sivam\\\/#breadcrumb\"},\"inLanguage\":\"hr\",\"potentialAction\":[{\"@type\":\"ReadAction\",\"target\":[\"https:\\\/\\\/sdf.hr\\\/hr\\\/nada\\\/param-pa-sivam\\\/\"]}]},{\"@type\":\"ImageObject\",\"inLanguage\":\"hr\",\"@id\":\"https:\\\/\\\/sdf.hr\\\/hr\\\/nada\\\/param-pa-sivam\\\/#primaryimage\",\"url\":\"https:\\\/\\\/sdf.hr\\\/wp-content\\\/uploads\\\/2025\\\/07\\\/Snjezana_Julija-Savic-scaled.jpg\",\"contentUrl\":\"https:\\\/\\\/sdf.hr\\\/wp-content\\\/uploads\\\/2025\\\/07\\\/Snjezana_Julija-Savic-scaled.jpg\",\"width\":2560,\"height\":1920,\"caption\":\"Snje\u017eana Horvati\u0107 Popovi\u0107 (Foto: Julija Savi\u0107)\"},{\"@type\":\"BreadcrumbList\",\"@id\":\"https:\\\/\\\/sdf.hr\\\/hr\\\/nada\\\/param-pa-sivam\\\/#breadcrumb\",\"itemListElement\":[{\"@type\":\"ListItem\",\"position\":1,\"name\":\"Po\u010detna stranica\",\"item\":\"https:\\\/\\\/sdf.hr\\\/hr\\\/\"},{\"@type\":\"ListItem\",\"position\":2,\"name\":\"Nada\",\"item\":\"https:\\\/\\\/sdf.hr\\\/nada\\\/\"},{\"@type\":\"ListItem\",\"position\":3,\"name\":\"Param, pa \u0161ivam!\"}]},{\"@type\":\"WebSite\",\"@id\":\"https:\\\/\\\/sdf.hr\\\/#website\",\"url\":\"https:\\\/\\\/sdf.hr\\\/\",\"name\":\"SDF - Srpski demokratski forum\",\"description\":\"Srpski demokratski forum\",\"publisher\":{\"@id\":\"https:\\\/\\\/sdf.hr\\\/#organization\"},\"potentialAction\":[{\"@type\":\"SearchAction\",\"target\":{\"@type\":\"EntryPoint\",\"urlTemplate\":\"https:\\\/\\\/sdf.hr\\\/?s={search_term_string}\"},\"query-input\":{\"@type\":\"PropertyValueSpecification\",\"valueRequired\":true,\"valueName\":\"search_term_string\"}}],\"inLanguage\":\"hr\"},{\"@type\":\"Organization\",\"@id\":\"https:\\\/\\\/sdf.hr\\\/#organization\",\"name\":\"SDF - Srpski demokratski forum\",\"url\":\"https:\\\/\\\/sdf.hr\\\/\",\"logo\":{\"@type\":\"ImageObject\",\"inLanguage\":\"hr\",\"@id\":\"https:\\\/\\\/sdf.hr\\\/#\\\/schema\\\/logo\\\/image\\\/\",\"url\":\"https:\\\/\\\/sdf.hr\\\/wp-content\\\/uploads\\\/2021\\\/07\\\/logo-hr.svg\",\"contentUrl\":\"https:\\\/\\\/sdf.hr\\\/wp-content\\\/uploads\\\/2021\\\/07\\\/logo-hr.svg\",\"width\":271,\"height\":100,\"caption\":\"SDF - Srpski demokratski forum\"},\"image\":{\"@id\":\"https:\\\/\\\/sdf.hr\\\/#\\\/schema\\\/logo\\\/image\\\/\"}}]}<\/script>\n<!-- \/ Yoast SEO plugin. -->","yoast_head_json":{"title":"Param, pa \u0161ivam! - SDF - Srpski demokratski forum","robots":{"index":"index","follow":"follow","max-snippet":"max-snippet:-1","max-image-preview":"max-image-preview:large","max-video-preview":"max-video-preview:-1"},"canonical":"https:\/\/sdf.hr\/hr\/nada\/param-pa-sivam\/","og_locale":"hr_HR","og_type":"article","og_title":"Param, pa \u0161ivam! - SDF - Srpski demokratski forum","og_description":"Obrt Snje\u017eane Horvati\u0107 Popovi\u0107 specijaliziran je za prenamjenu tekstila. Prijavila sam se na njezinu radionicu \u0160ivPop u Zelenoj akciji, a dok me podu\u010davala paranju i \u0161ivanju, ispitivala sam je o svemu","og_url":"https:\/\/sdf.hr\/hr\/nada\/param-pa-sivam\/","og_site_name":"SDF - Srpski demokratski forum","og_image":[{"width":2560,"height":1920,"url":"https:\/\/sdf.hr\/wp-content\/uploads\/2025\/07\/Roba_Julija-Savic-scaled.jpg","type":"image\/jpeg"}],"twitter_card":"summary_large_image","twitter_misc":{"Procijenjeno vrijeme \u010ditanja":"6 minuta"},"schema":{"@context":"https:\/\/schema.org","@graph":[{"@type":"WebPage","@id":"https:\/\/sdf.hr\/hr\/nada\/param-pa-sivam\/","url":"https:\/\/sdf.hr\/hr\/nada\/param-pa-sivam\/","name":"Param, pa \u0161ivam! - SDF - Srpski demokratski forum","isPartOf":{"@id":"https:\/\/sdf.hr\/#website"},"primaryImageOfPage":{"@id":"https:\/\/sdf.hr\/hr\/nada\/param-pa-sivam\/#primaryimage"},"image":{"@id":"https:\/\/sdf.hr\/hr\/nada\/param-pa-sivam\/#primaryimage"},"thumbnailUrl":"https:\/\/sdf.hr\/wp-content\/uploads\/2025\/07\/Snjezana_Julija-Savic-scaled.jpg","datePublished":"2025-07-15T09:26:23+00:00","breadcrumb":{"@id":"https:\/\/sdf.hr\/hr\/nada\/param-pa-sivam\/#breadcrumb"},"inLanguage":"hr","potentialAction":[{"@type":"ReadAction","target":["https:\/\/sdf.hr\/hr\/nada\/param-pa-sivam\/"]}]},{"@type":"ImageObject","inLanguage":"hr","@id":"https:\/\/sdf.hr\/hr\/nada\/param-pa-sivam\/#primaryimage","url":"https:\/\/sdf.hr\/wp-content\/uploads\/2025\/07\/Snjezana_Julija-Savic-scaled.jpg","contentUrl":"https:\/\/sdf.hr\/wp-content\/uploads\/2025\/07\/Snjezana_Julija-Savic-scaled.jpg","width":2560,"height":1920,"caption":"Snje\u017eana Horvati\u0107 Popovi\u0107 (Foto: Julija Savi\u0107)"},{"@type":"BreadcrumbList","@id":"https:\/\/sdf.hr\/hr\/nada\/param-pa-sivam\/#breadcrumb","itemListElement":[{"@type":"ListItem","position":1,"name":"Po\u010detna stranica","item":"https:\/\/sdf.hr\/hr\/"},{"@type":"ListItem","position":2,"name":"Nada","item":"https:\/\/sdf.hr\/nada\/"},{"@type":"ListItem","position":3,"name":"Param, pa \u0161ivam!"}]},{"@type":"WebSite","@id":"https:\/\/sdf.hr\/#website","url":"https:\/\/sdf.hr\/","name":"SDF - Srpski demokratski forum","description":"Srpski demokratski forum","publisher":{"@id":"https:\/\/sdf.hr\/#organization"},"potentialAction":[{"@type":"SearchAction","target":{"@type":"EntryPoint","urlTemplate":"https:\/\/sdf.hr\/?s={search_term_string}"},"query-input":{"@type":"PropertyValueSpecification","valueRequired":true,"valueName":"search_term_string"}}],"inLanguage":"hr"},{"@type":"Organization","@id":"https:\/\/sdf.hr\/#organization","name":"SDF - Srpski demokratski forum","url":"https:\/\/sdf.hr\/","logo":{"@type":"ImageObject","inLanguage":"hr","@id":"https:\/\/sdf.hr\/#\/schema\/logo\/image\/","url":"https:\/\/sdf.hr\/wp-content\/uploads\/2021\/07\/logo-hr.svg","contentUrl":"https:\/\/sdf.hr\/wp-content\/uploads\/2021\/07\/logo-hr.svg","width":271,"height":100,"caption":"SDF - Srpski demokratski forum"},"image":{"@id":"https:\/\/sdf.hr\/#\/schema\/logo\/image\/"}}]}},"_links":{"self":[{"href":"https:\/\/sdf.hr\/hr\/wp-json\/wp\/v2\/nada\/6804","targetHints":{"allow":["GET"]}}],"collection":[{"href":"https:\/\/sdf.hr\/hr\/wp-json\/wp\/v2\/nada"}],"about":[{"href":"https:\/\/sdf.hr\/hr\/wp-json\/wp\/v2\/types\/nada"}],"wp:featuredmedia":[{"embeddable":true,"href":"https:\/\/sdf.hr\/hr\/wp-json\/wp\/v2\/media\/6801"}],"wp:attachment":[{"href":"https:\/\/sdf.hr\/hr\/wp-json\/wp\/v2\/media?parent=6804"}],"wp:term":[{"taxonomy":"post_tag","embeddable":true,"href":"https:\/\/sdf.hr\/hr\/wp-json\/wp\/v2\/tags?post=6804"},{"taxonomy":"atribut","embeddable":true,"href":"https:\/\/sdf.hr\/hr\/wp-json\/wp\/v2\/atribut?post=6804"}],"curies":[{"name":"wp","href":"https:\/\/api.w.org\/{rel}","templated":true}]}}